{"id":3487,"date":"2021-05-07T12:30:12","date_gmt":"2021-05-07T12:30:12","guid":{"rendered":"https:\/\/webshop.annemiekoenen.com\/filzbedarf-shirdak\/"},"modified":"2021-05-07T12:30:12","modified_gmt":"2021-05-07T12:30:12","slug":"filzbedarf-shirdak","status":"publish","type":"page","link":"https:\/\/webshop.annemiekoenen.com\/de\/filzbedarf-shirdak\/","title":{"rendered":"Filzbedarf: Shirdak"},"content":{"rendered":"\n<div class=\"wp-block-group\"><div class=\"wp-block-group__inner-container is-layout-flow wp-block-group-is-layout-flow\">\n<div class=\"wp-block-group has-luminous-vivid-amber-background-color has-background\"><div class=\"wp-block-group__inner-container is-layout-flow wp-block-group-is-layout-flow\">\n<p class=\"wp-block-paragraph\"><strong>F\u00fcr diesen Kurs ben\u00f6tigte Materialien<\/strong><\/p>\n\n\n\n<p class=\"wp-block-paragraph\">Die folgende Liste enth\u00e4lt alle Materialien, die Sie zur Teilnahme am Kurs ben\u00f6tigen.<br\/>Einige Materialien werden Sie schon zu Hause haben, einige m\u00fcssen Sie kaufen.<br\/>Sie k\u00f6nnen die <strong>fett gedruckten<\/strong> Materialien in meinem Webshop erhalten und sie \u00fcber den unten stehenden Link zu Ihrer Bestellung hinzuf\u00fcgen.<\/p>\n\n\n\n<p class=\"wp-block-paragraph\">Wenn Sie bestimmte Materialien nicht finden k\u00f6nnen oder weitere Fragen und\/oder Kommentare zur Materialliste haben, kontaktieren Sie mich bitte und wir werden es gemeinsam ausarbeiten!<\/p>\n\n\n\n<ul class=\"wp-block-list\"><li><strong>Filzbedarf: Lauwarmes Seifenwasser, Sch\u00fcssel, Balldusche oder \u00e4hnliches, Olivenseife oder was auch immer du gewohnt bist, Rollenmaterial, Netzvorh\u00e4nge oder Anti-Schlamm, um die Luft herauszudr\u00fccken, und ein Kern wie eine Poolnudel.<\/strong><\/li><li>Zeichenpapier, Buntstifte und Schere<\/li><li>Nadeln, Heftfaden, N\u00e4hnadeln<\/li><li>Ein scharfes Messer mit einer geraden Schneide<\/li><li>Schneiderkreide<\/li><li><strong>Vingerhoed<\/strong><\/li><\/ul>\n\n\n\n<p class=\"wp-block-paragraph\"><strong>F\u00fcr ein Kissen:<\/strong><\/p>\n\n\n\n<ul class=\"wp-block-list\"><li><strong>Ober Ffarben 2 x 60 Gramm Tiroler Bergschaf in 2 verschiedenen Farben.<\/strong><\/li><li><strong>Unter Farbe 150 Gramm Tiroler Bergschaf<\/strong><\/li><li>50 Gramm Wollgarn in passenden Farben &#8211; Sockengarn<\/li><\/ul>\n\n\n\n<p class=\"wp-block-paragraph\"><strong>Nach deinem Geschmack: zwei Kissen<\/strong><\/p>\n\n\n\n<div class=\"wp-block-group\"><div class=\"wp-block-group__inner-container is-layout-flow wp-block-group-is-layout-flow\">\n<ul class=\"wp-block-list\"><li><strong>Unter Farbe 300 Gramm Tiroler Bergschaf<\/strong><\/li><li><strong>Ober Farben 2 x 120 Gramm in 2 verschiedenen Farben<\/strong><\/li><li>100 Gramm Wollgarn in passenden Farben &#8211; Sockengarn<br\/><br\/>Nach dem Hinzuf\u00fcgen eines Produkts wird die Seite aktualisiert. Keine Sorge, du kannst das n\u00e4chste Produkt anschlie\u00dfend hinzuf\u00fcgen! Lese sorgf\u00e4ltig, wie viel du von jedem Produkt ben\u00f6tigst, und mache deine Bestellung komplett!<\/li><\/ul>\n<\/div><\/div>\n<\/div><\/div>\n<\/div><\/div>\n\n<p class=\"has-text-align-center has-vivid-green-cyan-background-color has-background wp-block-paragraph\"><strong>Tiroler Bergschaf im Vlies<\/strong><\/p>\n\n<p class=\"wp-block-paragraph\"><div class=\"woocommerce\">\t\t\t<div class=\"single-product\" data-product-page-preselected-id=\"0\">\n\t\t\t\t<div class=\"woocommerce-notices-wrapper\"><\/div><div id=\"product-2994\" class=\"product type-product post-2994 status-publish first outofstock product_cat-online-ausserhalb-webshop has-post-thumbnail taxable shipping-taxable purchasable product-type-variable\">\n\n\t<div class=\"woocommerce-product-gallery woocommerce-product-gallery--with-images woocommerce-product-gallery--columns-5 images\" data-columns=\"5\" style=\"opacity: 0; transition: opacity .25s ease-in-out;\">\n\t<div class=\"woocommerce-product-gallery__wrapper\">\n\t\t<div data-thumb=\"https:\/\/webshop.annemiekoenen.com\/wp-content\/uploads\/sites\/2\/2021\/03\/Vlies-tiroler-bergschaap-Kleurenspectrum-scaled-e1615585592917-100x100.jpg\" data-thumb-alt=\"Tiroler Bergschaf\" data-thumb-srcset=\"https:\/\/webshop.annemiekoenen.com\/wp-content\/uploads\/sites\/2\/2021\/03\/Vlies-tiroler-bergschaap-Kleurenspectrum-scaled-e1615585592917-100x100.jpg 100w, https:\/\/webshop.annemiekoenen.com\/wp-content\/uploads\/sites\/2\/2021\/03\/Vlies-tiroler-bergschaap-Kleurenspectrum-scaled-e1615585592917-150x150.jpg 150w, https:\/\/webshop.annemiekoenen.com\/wp-content\/uploads\/sites\/2\/2021\/03\/Vlies-tiroler-bergschaap-Kleurenspectrum-scaled-e1615585592917-324x324.jpg 324w, https:\/\/webshop.annemiekoenen.com\/wp-content\/uploads\/sites\/2\/2021\/03\/Vlies-tiroler-bergschaap-Kleurenspectrum-scaled-e1615585592917-300x300.jpg 300w\"  data-thumb-sizes=\"(max-width: 100px) 100vw, 100px\" class=\"woocommerce-product-gallery__image\"><a href=\"https:\/\/webshop.annemiekoenen.com\/wp-content\/uploads\/sites\/2\/2021\/03\/Vlies-tiroler-bergschaap-Kleurenspectrum-scaled-e1615585592917.jpg\"><img fetchpriority=\"high\" decoding=\"async\" width=\"416\" height=\"554\" src=\"https:\/\/webshop.annemiekoenen.com\/wp-content\/uploads\/sites\/2\/2021\/03\/Vlies-tiroler-bergschaap-Kleurenspectrum-scaled-e1615585592917-600x799.jpg\" class=\"wp-post-image\" alt=\"Tiroler Bergschaf\" data-caption=\"\" data-src=\"https:\/\/webshop.annemiekoenen.com\/wp-content\/uploads\/sites\/2\/2021\/03\/Vlies-tiroler-bergschaap-Kleurenspectrum-scaled-e1615585592917.jpg\" data-large_image=\"https:\/\/webshop.annemiekoenen.com\/wp-content\/uploads\/sites\/2\/2021\/03\/Vlies-tiroler-bergschaap-Kleurenspectrum-scaled-e1615585592917.jpg\" data-large_image_width=\"1715\" data-large_image_height=\"2284\" srcset=\"https:\/\/webshop.annemiekoenen.com\/wp-content\/uploads\/sites\/2\/2021\/03\/Vlies-tiroler-bergschaap-Kleurenspectrum-scaled-e1615585592917-600x799.jpg 600w, https:\/\/webshop.annemiekoenen.com\/wp-content\/uploads\/sites\/2\/2021\/03\/Vlies-tiroler-bergschaap-Kleurenspectrum-scaled-e1615585592917-225x300.jpg 225w, https:\/\/webshop.annemiekoenen.com\/wp-content\/uploads\/sites\/2\/2021\/03\/Vlies-tiroler-bergschaap-Kleurenspectrum-scaled-e1615585592917-769x1024.jpg 769w, https:\/\/webshop.annemiekoenen.com\/wp-content\/uploads\/sites\/2\/2021\/03\/Vlies-tiroler-bergschaap-Kleurenspectrum-scaled-e1615585592917-768x1023.jpg 768w, https:\/\/webshop.annemiekoenen.com\/wp-content\/uploads\/sites\/2\/2021\/03\/Vlies-tiroler-bergschaap-Kleurenspectrum-scaled-e1615585592917-1153x1536.jpg 1153w, https:\/\/webshop.annemiekoenen.com\/wp-content\/uploads\/sites\/2\/2021\/03\/Vlies-tiroler-bergschaap-Kleurenspectrum-scaled-e1615585592917-1538x2048.jpg 1538w, https:\/\/webshop.annemiekoenen.com\/wp-content\/uploads\/sites\/2\/2021\/03\/Vlies-tiroler-bergschaap-Kleurenspectrum-scaled-e1615585592917.jpg 1715w\" sizes=\"(max-width: 416px) 100vw, 416px\" \/><\/a><\/div>\t<\/div>\n<\/div>\n\n\t<div class=\"summary entry-summary\">\n\t\t<h1 class=\"product_title entry-title\">Tiroler Bergschaf<\/h1><p class=\"price\"><span class=\"woocommerce-Price-amount amount\"><bdi><span class=\"woocommerce-Price-currencySymbol\" translate=\"no\">&euro;<\/span>5.00<\/bdi><\/span><\/p>\n<div class=\"woocommerce-product-details__short-description\">\n\t<p>50 Gramm<\/p>\n<\/div>\n\n<form class=\"variations_form cart\" action=\"\" method=\"post\" enctype='multipart\/form-data' data-product_id=\"2994\" data-product_variations=\"[{&quot;attributes&quot;:{&quot;attribute_tiroler&quot;:&quot;Wei\\u00df&quot;},&quot;availability_html&quot;:&quot;&lt;p class=\\&quot;stock in-stock\\&quot;&gt;999 vorr\\u00e4tig&lt;\\\/p&gt;\\n&quot;,&quot;backorders_allowed&quot;:false,&quot;dimensions&quot;:{&quot;length&quot;:&quot;&quot;,&quot;width&quot;:&quot;&quot;,&quot;height&quot;:&quot;&quot;},&quot;dimensions_html&quot;:&quot;n.\\u00a0v.&quot;,&quot;display_price&quot;:5,&quot;display_regular_price&quot;:5,&quot;gallery_image_ids&quot;:[],&quot;gallery_images_html&quot;:&quot;&quot;,&quot;image&quot;:{&quot;title&quot;:&quot;Vlies Tiroler Bergschaf - Farbspektrum&quot;,&quot;caption&quot;:&quot;&quot;,&quot;url&quot;:&quot;https:\\\/\\\/webshop.annemiekoenen.com\\\/wp-content\\\/uploads\\\/sites\\\/2\\\/2021\\\/03\\\/Vlies-tiroler-bergschaap-Kleurenspectrum-scaled-e1615585592917.jpg&quot;,&quot;alt&quot;:&quot;Vlies Tiroler Bergschaf - Farbspektrum&quot;,&quot;src&quot;:&quot;https:\\\/\\\/webshop.annemiekoenen.com\\\/wp-content\\\/uploads\\\/sites\\\/2\\\/2021\\\/03\\\/Vlies-tiroler-bergschaap-Kleurenspectrum-scaled-e1615585592917-600x799.jpg&quot;,&quot;srcset&quot;:&quot;https:\\\/\\\/webshop.annemiekoenen.com\\\/wp-content\\\/uploads\\\/sites\\\/2\\\/2021\\\/03\\\/Vlies-tiroler-bergschaap-Kleurenspectrum-scaled-e1615585592917-600x799.jpg 600w, https:\\\/\\\/webshop.annemiekoenen.com\\\/wp-content\\\/uploads\\\/sites\\\/2\\\/2021\\\/03\\\/Vlies-tiroler-bergschaap-Kleurenspectrum-scaled-e1615585592917-225x300.jpg 225w, https:\\\/\\\/webshop.annemiekoenen.com\\\/wp-content\\\/uploads\\\/sites\\\/2\\\/2021\\\/03\\\/Vlies-tiroler-bergschaap-Kleurenspectrum-scaled-e1615585592917-769x1024.jpg 769w, https:\\\/\\\/webshop.annemiekoenen.com\\\/wp-content\\\/uploads\\\/sites\\\/2\\\/2021\\\/03\\\/Vlies-tiroler-bergschaap-Kleurenspectrum-scaled-e1615585592917-768x1023.jpg 768w, https:\\\/\\\/webshop.annemiekoenen.com\\\/wp-content\\\/uploads\\\/sites\\\/2\\\/2021\\\/03\\\/Vlies-tiroler-bergschaap-Kleurenspectrum-scaled-e1615585592917-1153x1536.jpg 1153w, https:\\\/\\\/webshop.annemiekoenen.com\\\/wp-content\\\/uploads\\\/sites\\\/2\\\/2021\\\/03\\\/Vlies-tiroler-bergschaap-Kleurenspectrum-scaled-e1615585592917-1538x2048.jpg 1538w, https:\\\/\\\/webshop.annemiekoenen.com\\\/wp-content\\\/uploads\\\/sites\\\/2\\\/2021\\\/03\\\/Vlies-tiroler-bergschaap-Kleurenspectrum-scaled-e1615585592917.jpg 1715w&quot;,&quot;sizes&quot;:&quot;(max-width: 416px) 100vw, 416px&quot;,&quot;full_src&quot;:&quot;https:\\\/\\\/webshop.annemiekoenen.com\\\/wp-content\\\/uploads\\\/sites\\\/2\\\/2021\\\/03\\\/Vlies-tiroler-bergschaap-Kleurenspectrum-scaled-e1615585592917.jpg&quot;,&quot;full_src_w&quot;:1715,&quot;full_src_h&quot;:2284,&quot;gallery_thumbnail_src&quot;:&quot;https:\\\/\\\/webshop.annemiekoenen.com\\\/wp-content\\\/uploads\\\/sites\\\/2\\\/2021\\\/03\\\/Vlies-tiroler-bergschaap-Kleurenspectrum-scaled-e1615585592917-100x100.jpg&quot;,&quot;gallery_thumbnail_src_w&quot;:100,&quot;gallery_thumbnail_src_h&quot;:100,&quot;thumb_src&quot;:&quot;https:\\\/\\\/webshop.annemiekoenen.com\\\/wp-content\\\/uploads\\\/sites\\\/2\\\/2021\\\/03\\\/Vlies-tiroler-bergschaap-Kleurenspectrum-scaled-e1615585592917-324x324.jpg&quot;,&quot;thumb_src_w&quot;:324,&quot;thumb_src_h&quot;:324,&quot;src_w&quot;:416,&quot;src_h&quot;:554},&quot;image_id&quot;:1760,&quot;is_downloadable&quot;:false,&quot;is_in_stock&quot;:true,&quot;is_purchasable&quot;:true,&quot;is_sold_individually&quot;:&quot;no&quot;,&quot;is_virtual&quot;:false,&quot;max_qty&quot;:999,&quot;min_qty&quot;:1,&quot;price_html&quot;:&quot;&quot;,&quot;sku&quot;:&quot;&quot;,&quot;variation_description&quot;:&quot;&quot;,&quot;variation_id&quot;:2995,&quot;variation_is_active&quot;:true,&quot;variation_is_visible&quot;:true,&quot;weight&quot;:&quot;51&quot;,&quot;weight_html&quot;:&quot;51 g&quot;},{&quot;attributes&quot;:{&quot;attribute_tiroler&quot;:&quot;Leicht grau&quot;},&quot;availability_html&quot;:&quot;&lt;p class=\\&quot;stock in-stock\\&quot;&gt;999 vorr\\u00e4tig&lt;\\\/p&gt;\\n&quot;,&quot;backorders_allowed&quot;:false,&quot;dimensions&quot;:{&quot;length&quot;:&quot;&quot;,&quot;width&quot;:&quot;&quot;,&quot;height&quot;:&quot;&quot;},&quot;dimensions_html&quot;:&quot;n.\\u00a0v.&quot;,&quot;display_price&quot;:5,&quot;display_regular_price&quot;:5,&quot;gallery_image_ids&quot;:[],&quot;gallery_images_html&quot;:&quot;&quot;,&quot;image&quot;:{&quot;title&quot;:&quot;Vlies Tiroler Bergschaf - Farbspektrum&quot;,&quot;caption&quot;:&quot;&quot;,&quot;url&quot;:&quot;https:\\\/\\\/webshop.annemiekoenen.com\\\/wp-content\\\/uploads\\\/sites\\\/2\\\/2021\\\/03\\\/Vlies-tiroler-bergschaap-Kleurenspectrum-scaled-e1615585592917.jpg&quot;,&quot;alt&quot;:&quot;Vlies Tiroler Bergschaf - Farbspektrum&quot;,&quot;src&quot;:&quot;https:\\\/\\\/webshop.annemiekoenen.com\\\/wp-content\\\/uploads\\\/sites\\\/2\\\/2021\\\/03\\\/Vlies-tiroler-bergschaap-Kleurenspectrum-scaled-e1615585592917-600x799.jpg&quot;,&quot;srcset&quot;:&quot;https:\\\/\\\/webshop.annemiekoenen.com\\\/wp-content\\\/uploads\\\/sites\\\/2\\\/2021\\\/03\\\/Vlies-tiroler-bergschaap-Kleurenspectrum-scaled-e1615585592917-600x799.jpg 600w, https:\\\/\\\/webshop.annemiekoenen.com\\\/wp-content\\\/uploads\\\/sites\\\/2\\\/2021\\\/03\\\/Vlies-tiroler-bergschaap-Kleurenspectrum-scaled-e1615585592917-225x300.jpg 225w, https:\\\/\\\/webshop.annemiekoenen.com\\\/wp-content\\\/uploads\\\/sites\\\/2\\\/2021\\\/03\\\/Vlies-tiroler-bergschaap-Kleurenspectrum-scaled-e1615585592917-769x1024.jpg 769w, https:\\\/\\\/webshop.annemiekoenen.com\\\/wp-content\\\/uploads\\\/sites\\\/2\\\/2021\\\/03\\\/Vlies-tiroler-bergschaap-Kleurenspectrum-scaled-e1615585592917-768x1023.jpg 768w, https:\\\/\\\/webshop.annemiekoenen.com\\\/wp-content\\\/uploads\\\/sites\\\/2\\\/2021\\\/03\\\/Vlies-tiroler-bergschaap-Kleurenspectrum-scaled-e1615585592917-1153x1536.jpg 1153w, https:\\\/\\\/webshop.annemiekoenen.com\\\/wp-content\\\/uploads\\\/sites\\\/2\\\/2021\\\/03\\\/Vlies-tiroler-bergschaap-Kleurenspectrum-scaled-e1615585592917-1538x2048.jpg 1538w, https:\\\/\\\/webshop.annemiekoenen.com\\\/wp-content\\\/uploads\\\/sites\\\/2\\\/2021\\\/03\\\/Vlies-tiroler-bergschaap-Kleurenspectrum-scaled-e1615585592917.jpg 1715w&quot;,&quot;sizes&quot;:&quot;(max-width: 416px) 100vw, 416px&quot;,&quot;full_src&quot;:&quot;https:\\\/\\\/webshop.annemiekoenen.com\\\/wp-content\\\/uploads\\\/sites\\\/2\\\/2021\\\/03\\\/Vlies-tiroler-bergschaap-Kleurenspectrum-scaled-e1615585592917.jpg&quot;,&quot;full_src_w&quot;:1715,&quot;full_src_h&quot;:2284,&quot;gallery_thumbnail_src&quot;:&quot;https:\\\/\\\/webshop.annemiekoenen.com\\\/wp-content\\\/uploads\\\/sites\\\/2\\\/2021\\\/03\\\/Vlies-tiroler-bergschaap-Kleurenspectrum-scaled-e1615585592917-100x100.jpg&quot;,&quot;gallery_thumbnail_src_w&quot;:100,&quot;gallery_thumbnail_src_h&quot;:100,&quot;thumb_src&quot;:&quot;https:\\\/\\\/webshop.annemiekoenen.com\\\/wp-content\\\/uploads\\\/sites\\\/2\\\/2021\\\/03\\\/Vlies-tiroler-bergschaap-Kleurenspectrum-scaled-e1615585592917-324x324.jpg&quot;,&quot;thumb_src_w&quot;:324,&quot;thumb_src_h&quot;:324,&quot;src_w&quot;:416,&quot;src_h&quot;:554},&quot;image_id&quot;:1760,&quot;is_downloadable&quot;:false,&quot;is_in_stock&quot;:true,&quot;is_purchasable&quot;:true,&quot;is_sold_individually&quot;:&quot;no&quot;,&quot;is_virtual&quot;:false,&quot;max_qty&quot;:999,&quot;min_qty&quot;:1,&quot;price_html&quot;:&quot;&quot;,&quot;sku&quot;:&quot;&quot;,&quot;variation_description&quot;:&quot;&quot;,&quot;variation_id&quot;:2996,&quot;variation_is_active&quot;:true,&quot;variation_is_visible&quot;:true,&quot;weight&quot;:&quot;51&quot;,&quot;weight_html&quot;:&quot;51 g&quot;},{&quot;attributes&quot;:{&quot;attribute_tiroler&quot;:&quot;Braun&quot;},&quot;availability_html&quot;:&quot;&lt;p class=\\&quot;stock in-stock\\&quot;&gt;999 vorr\\u00e4tig&lt;\\\/p&gt;\\n&quot;,&quot;backorders_allowed&quot;:false,&quot;dimensions&quot;:{&quot;length&quot;:&quot;&quot;,&quot;width&quot;:&quot;&quot;,&quot;height&quot;:&quot;&quot;},&quot;dimensions_html&quot;:&quot;n.\\u00a0v.&quot;,&quot;display_price&quot;:5,&quot;display_regular_price&quot;:5,&quot;gallery_image_ids&quot;:[],&quot;gallery_images_html&quot;:&quot;&quot;,&quot;image&quot;:{&quot;title&quot;:&quot;Vlies Tiroler Bergschaf - Farbspektrum&quot;,&quot;caption&quot;:&quot;&quot;,&quot;url&quot;:&quot;https:\\\/\\\/webshop.annemiekoenen.com\\\/wp-content\\\/uploads\\\/sites\\\/2\\\/2021\\\/03\\\/Vlies-tiroler-bergschaap-Kleurenspectrum-scaled-e1615585592917.jpg&quot;,&quot;alt&quot;:&quot;Vlies Tiroler Bergschaf - Farbspektrum&quot;,&quot;src&quot;:&quot;https:\\\/\\\/webshop.annemiekoenen.com\\\/wp-content\\\/uploads\\\/sites\\\/2\\\/2021\\\/03\\\/Vlies-tiroler-bergschaap-Kleurenspectrum-scaled-e1615585592917-600x799.jpg&quot;,&quot;srcset&quot;:&quot;https:\\\/\\\/webshop.annemiekoenen.com\\\/wp-content\\\/uploads\\\/sites\\\/2\\\/2021\\\/03\\\/Vlies-tiroler-bergschaap-Kleurenspectrum-scaled-e1615585592917-600x799.jpg 600w, https:\\\/\\\/webshop.annemiekoenen.com\\\/wp-content\\\/uploads\\\/sites\\\/2\\\/2021\\\/03\\\/Vlies-tiroler-bergschaap-Kleurenspectrum-scaled-e1615585592917-225x300.jpg 225w, https:\\\/\\\/webshop.annemiekoenen.com\\\/wp-content\\\/uploads\\\/sites\\\/2\\\/2021\\\/03\\\/Vlies-tiroler-bergschaap-Kleurenspectrum-scaled-e1615585592917-769x1024.jpg 769w, https:\\\/\\\/webshop.annemiekoenen.com\\\/wp-content\\\/uploads\\\/sites\\\/2\\\/2021\\\/03\\\/Vlies-tiroler-bergschaap-Kleurenspectrum-scaled-e1615585592917-768x1023.jpg 768w, https:\\\/\\\/webshop.annemiekoenen.com\\\/wp-content\\\/uploads\\\/sites\\\/2\\\/2021\\\/03\\\/Vlies-tiroler-bergschaap-Kleurenspectrum-scaled-e1615585592917-1153x1536.jpg 1153w, https:\\\/\\\/webshop.annemiekoenen.com\\\/wp-content\\\/uploads\\\/sites\\\/2\\\/2021\\\/03\\\/Vlies-tiroler-bergschaap-Kleurenspectrum-scaled-e1615585592917-1538x2048.jpg 1538w, https:\\\/\\\/webshop.annemiekoenen.com\\\/wp-content\\\/uploads\\\/sites\\\/2\\\/2021\\\/03\\\/Vlies-tiroler-bergschaap-Kleurenspectrum-scaled-e1615585592917.jpg 1715w&quot;,&quot;sizes&quot;:&quot;(max-width: 416px) 100vw, 416px&quot;,&quot;full_src&quot;:&quot;https:\\\/\\\/webshop.annemiekoenen.com\\\/wp-content\\\/uploads\\\/sites\\\/2\\\/2021\\\/03\\\/Vlies-tiroler-bergschaap-Kleurenspectrum-scaled-e1615585592917.jpg&quot;,&quot;full_src_w&quot;:1715,&quot;full_src_h&quot;:2284,&quot;gallery_thumbnail_src&quot;:&quot;https:\\\/\\\/webshop.annemiekoenen.com\\\/wp-content\\\/uploads\\\/sites\\\/2\\\/2021\\\/03\\\/Vlies-tiroler-bergschaap-Kleurenspectrum-scaled-e1615585592917-100x100.jpg&quot;,&quot;gallery_thumbnail_src_w&quot;:100,&quot;gallery_thumbnail_src_h&quot;:100,&quot;thumb_src&quot;:&quot;https:\\\/\\\/webshop.annemiekoenen.com\\\/wp-content\\\/uploads\\\/sites\\\/2\\\/2021\\\/03\\\/Vlies-tiroler-bergschaap-Kleurenspectrum-scaled-e1615585592917-324x324.jpg&quot;,&quot;thumb_src_w&quot;:324,&quot;thumb_src_h&quot;:324,&quot;src_w&quot;:416,&quot;src_h&quot;:554},&quot;image_id&quot;:1760,&quot;is_downloadable&quot;:false,&quot;is_in_stock&quot;:true,&quot;is_purchasable&quot;:true,&quot;is_sold_individually&quot;:&quot;no&quot;,&quot;is_virtual&quot;:false,&quot;max_qty&quot;:999,&quot;min_qty&quot;:1,&quot;price_html&quot;:&quot;&quot;,&quot;sku&quot;:&quot;&quot;,&quot;variation_description&quot;:&quot;&quot;,&quot;variation_id&quot;:2997,&quot;variation_is_active&quot;:true,&quot;variation_is_visible&quot;:true,&quot;weight&quot;:&quot;51&quot;,&quot;weight_html&quot;:&quot;51 g&quot;},{&quot;attributes&quot;:{&quot;attribute_tiroler&quot;:&quot;Gelb&quot;},&quot;availability_html&quot;:&quot;&lt;p class=\\&quot;stock in-stock\\&quot;&gt;999 vorr\\u00e4tig&lt;\\\/p&gt;\\n&quot;,&quot;backorders_allowed&quot;:false,&quot;dimensions&quot;:{&quot;length&quot;:&quot;&quot;,&quot;width&quot;:&quot;&quot;,&quot;height&quot;:&quot;&quot;},&quot;dimensions_html&quot;:&quot;n.\\u00a0v.&quot;,&quot;display_price&quot;:5,&quot;display_regular_price&quot;:5,&quot;gallery_image_ids&quot;:[],&quot;gallery_images_html&quot;:&quot;&quot;,&quot;image&quot;:{&quot;title&quot;:&quot;Vlies Tiroler Bergschaf - Farbspektrum&quot;,&quot;caption&quot;:&quot;&quot;,&quot;url&quot;:&quot;https:\\\/\\\/webshop.annemiekoenen.com\\\/wp-content\\\/uploads\\\/sites\\\/2\\\/2021\\\/03\\\/Vlies-tiroler-bergschaap-Kleurenspectrum-scaled-e1615585592917.jpg&quot;,&quot;alt&quot;:&quot;Vlies Tiroler Bergschaf - Farbspektrum&quot;,&quot;src&quot;:&quot;https:\\\/\\\/webshop.annemiekoenen.com\\\/wp-content\\\/uploads\\\/sites\\\/2\\\/2021\\\/03\\\/Vlies-tiroler-bergschaap-Kleurenspectrum-scaled-e1615585592917-600x799.jpg&quot;,&quot;srcset&quot;:&quot;https:\\\/\\\/webshop.annemiekoenen.com\\\/wp-content\\\/uploads\\\/sites\\\/2\\\/2021\\\/03\\\/Vlies-tiroler-bergschaap-Kleurenspectrum-scaled-e1615585592917-600x799.jpg 600w, https:\\\/\\\/webshop.annemiekoenen.com\\\/wp-content\\\/uploads\\\/sites\\\/2\\\/2021\\\/03\\\/Vlies-tiroler-bergschaap-Kleurenspectrum-scaled-e1615585592917-225x300.jpg 225w, https:\\\/\\\/webshop.annemiekoenen.com\\\/wp-content\\\/uploads\\\/sites\\\/2\\\/2021\\\/03\\\/Vlies-tiroler-bergschaap-Kleurenspectrum-scaled-e1615585592917-769x1024.jpg 769w, https:\\\/\\\/webshop.annemiekoenen.com\\\/wp-content\\\/uploads\\\/sites\\\/2\\\/2021\\\/03\\\/Vlies-tiroler-bergschaap-Kleurenspectrum-scaled-e1615585592917-768x1023.jpg 768w, https:\\\/\\\/webshop.annemiekoenen.com\\\/wp-content\\\/uploads\\\/sites\\\/2\\\/2021\\\/03\\\/Vlies-tiroler-bergschaap-Kleurenspectrum-scaled-e1615585592917-1153x1536.jpg 1153w, https:\\\/\\\/webshop.annemiekoenen.com\\\/wp-content\\\/uploads\\\/sites\\\/2\\\/2021\\\/03\\\/Vlies-tiroler-bergschaap-Kleurenspectrum-scaled-e1615585592917-1538x2048.jpg 1538w, https:\\\/\\\/webshop.annemiekoenen.com\\\/wp-content\\\/uploads\\\/sites\\\/2\\\/2021\\\/03\\\/Vlies-tiroler-bergschaap-Kleurenspectrum-scaled-e1615585592917.jpg 1715w&quot;,&quot;sizes&quot;:&quot;(max-width: 416px) 100vw, 416px&quot;,&quot;full_src&quot;:&quot;https:\\\/\\\/webshop.annemiekoenen.com\\\/wp-content\\\/uploads\\\/sites\\\/2\\\/2021\\\/03\\\/Vlies-tiroler-bergschaap-Kleurenspectrum-scaled-e1615585592917.jpg&quot;,&quot;full_src_w&quot;:1715,&quot;full_src_h&quot;:2284,&quot;gallery_thumbnail_src&quot;:&quot;https:\\\/\\\/webshop.annemiekoenen.com\\\/wp-content\\\/uploads\\\/sites\\\/2\\\/2021\\\/03\\\/Vlies-tiroler-bergschaap-Kleurenspectrum-scaled-e1615585592917-100x100.jpg&quot;,&quot;gallery_thumbnail_src_w&quot;:100,&quot;gallery_thumbnail_src_h&quot;:100,&quot;thumb_src&quot;:&quot;https:\\\/\\\/webshop.annemiekoenen.com\\\/wp-content\\\/uploads\\\/sites\\\/2\\\/2021\\\/03\\\/Vlies-tiroler-bergschaap-Kleurenspectrum-scaled-e1615585592917-324x324.jpg&quot;,&quot;thumb_src_w&quot;:324,&quot;thumb_src_h&quot;:324,&quot;src_w&quot;:416,&quot;src_h&quot;:554},&quot;image_id&quot;:1760,&quot;is_downloadable&quot;:false,&quot;is_in_stock&quot;:true,&quot;is_purchasable&quot;:true,&quot;is_sold_individually&quot;:&quot;no&quot;,&quot;is_virtual&quot;:false,&quot;max_qty&quot;:999,&quot;min_qty&quot;:1,&quot;price_html&quot;:&quot;&quot;,&quot;sku&quot;:&quot;&quot;,&quot;variation_description&quot;:&quot;&quot;,&quot;variation_id&quot;:2998,&quot;variation_is_active&quot;:true,&quot;variation_is_visible&quot;:true,&quot;weight&quot;:&quot;51&quot;,&quot;weight_html&quot;:&quot;51 g&quot;},{&quot;attributes&quot;:{&quot;attribute_tiroler&quot;:&quot;Orange&quot;},&quot;availability_html&quot;:&quot;&lt;p class=\\&quot;stock in-stock\\&quot;&gt;999 vorr\\u00e4tig&lt;\\\/p&gt;\\n&quot;,&quot;backorders_allowed&quot;:false,&quot;dimensions&quot;:{&quot;length&quot;:&quot;&quot;,&quot;width&quot;:&quot;&quot;,&quot;height&quot;:&quot;&quot;},&quot;dimensions_html&quot;:&quot;n.\\u00a0v.&quot;,&quot;display_price&quot;:5,&quot;display_regular_price&quot;:5,&quot;gallery_image_ids&quot;:[],&quot;gallery_images_html&quot;:&quot;&quot;,&quot;image&quot;:{&quot;title&quot;:&quot;Vlies Tiroler Bergschaf - Farbspektrum&quot;,&quot;caption&quot;:&quot;&quot;,&quot;url&quot;:&quot;https:\\\/\\\/webshop.annemiekoenen.com\\\/wp-content\\\/uploads\\\/sites\\\/2\\\/2021\\\/03\\\/Vlies-tiroler-bergschaap-Kleurenspectrum-scaled-e1615585592917.jpg&quot;,&quot;alt&quot;:&quot;Vlies Tiroler Bergschaf - Farbspektrum&quot;,&quot;src&quot;:&quot;https:\\\/\\\/webshop.annemiekoenen.com\\\/wp-content\\\/uploads\\\/sites\\\/2\\\/2021\\\/03\\\/Vlies-tiroler-bergschaap-Kleurenspectrum-scaled-e1615585592917-600x799.jpg&quot;,&quot;srcset&quot;:&quot;https:\\\/\\\/webshop.annemiekoenen.com\\\/wp-content\\\/uploads\\\/sites\\\/2\\\/2021\\\/03\\\/Vlies-tiroler-bergschaap-Kleurenspectrum-scaled-e1615585592917-600x799.jpg 600w, https:\\\/\\\/webshop.annemiekoenen.com\\\/wp-content\\\/uploads\\\/sites\\\/2\\\/2021\\\/03\\\/Vlies-tiroler-bergschaap-Kleurenspectrum-scaled-e1615585592917-225x300.jpg 225w, https:\\\/\\\/webshop.annemiekoenen.com\\\/wp-content\\\/uploads\\\/sites\\\/2\\\/2021\\\/03\\\/Vlies-tiroler-bergschaap-Kleurenspectrum-scaled-e1615585592917-769x1024.jpg 769w, https:\\\/\\\/webshop.annemiekoenen.com\\\/wp-content\\\/uploads\\\/sites\\\/2\\\/2021\\\/03\\\/Vlies-tiroler-bergschaap-Kleurenspectrum-scaled-e1615585592917-768x1023.jpg 768w, https:\\\/\\\/webshop.annemiekoenen.com\\\/wp-content\\\/uploads\\\/sites\\\/2\\\/2021\\\/03\\\/Vlies-tiroler-bergschaap-Kleurenspectrum-scaled-e1615585592917-1153x1536.jpg 1153w, https:\\\/\\\/webshop.annemiekoenen.com\\\/wp-content\\\/uploads\\\/sites\\\/2\\\/2021\\\/03\\\/Vlies-tiroler-bergschaap-Kleurenspectrum-scaled-e1615585592917-1538x2048.jpg 1538w, https:\\\/\\\/webshop.annemiekoenen.com\\\/wp-content\\\/uploads\\\/sites\\\/2\\\/2021\\\/03\\\/Vlies-tiroler-bergschaap-Kleurenspectrum-scaled-e1615585592917.jpg 1715w&quot;,&quot;sizes&quot;:&quot;(max-width: 416px) 100vw, 416px&quot;,&quot;full_src&quot;:&quot;https:\\\/\\\/webshop.annemiekoenen.com\\\/wp-content\\\/uploads\\\/sites\\\/2\\\/2021\\\/03\\\/Vlies-tiroler-bergschaap-Kleurenspectrum-scaled-e1615585592917.jpg&quot;,&quot;full_src_w&quot;:1715,&quot;full_src_h&quot;:2284,&quot;gallery_thumbnail_src&quot;:&quot;https:\\\/\\\/webshop.annemiekoenen.com\\\/wp-content\\\/uploads\\\/sites\\\/2\\\/2021\\\/03\\\/Vlies-tiroler-bergschaap-Kleurenspectrum-scaled-e1615585592917-100x100.jpg&quot;,&quot;gallery_thumbnail_src_w&quot;:100,&quot;gallery_thumbnail_src_h&quot;:100,&quot;thumb_src&quot;:&quot;https:\\\/\\\/webshop.annemiekoenen.com\\\/wp-content\\\/uploads\\\/sites\\\/2\\\/2021\\\/03\\\/Vlies-tiroler-bergschaap-Kleurenspectrum-scaled-e1615585592917-324x324.jpg&quot;,&quot;thumb_src_w&quot;:324,&quot;thumb_src_h&quot;:324,&quot;src_w&quot;:416,&quot;src_h&quot;:554},&quot;image_id&quot;:1760,&quot;is_downloadable&quot;:false,&quot;is_in_stock&quot;:true,&quot;is_purchasable&quot;:true,&quot;is_sold_individually&quot;:&quot;no&quot;,&quot;is_virtual&quot;:false,&quot;max_qty&quot;:999,&quot;min_qty&quot;:1,&quot;price_html&quot;:&quot;&quot;,&quot;sku&quot;:&quot;&quot;,&quot;variation_description&quot;:&quot;&quot;,&quot;variation_id&quot;:2999,&quot;variation_is_active&quot;:true,&quot;variation_is_visible&quot;:true,&quot;weight&quot;:&quot;51&quot;,&quot;weight_html&quot;:&quot;51 g&quot;},{&quot;attributes&quot;:{&quot;attribute_tiroler&quot;:&quot;Rot&quot;},&quot;availability_html&quot;:&quot;&lt;p class=\\&quot;stock in-stock\\&quot;&gt;999 vorr\\u00e4tig&lt;\\\/p&gt;\\n&quot;,&quot;backorders_allowed&quot;:false,&quot;dimensions&quot;:{&quot;length&quot;:&quot;&quot;,&quot;width&quot;:&quot;&quot;,&quot;height&quot;:&quot;&quot;},&quot;dimensions_html&quot;:&quot;n.\\u00a0v.&quot;,&quot;display_price&quot;:5,&quot;display_regular_price&quot;:5,&quot;gallery_image_ids&quot;:[],&quot;gallery_images_html&quot;:&quot;&quot;,&quot;image&quot;:{&quot;title&quot;:&quot;Vlies Tiroler Bergschaf - Farbspektrum&quot;,&quot;caption&quot;:&quot;&quot;,&quot;url&quot;:&quot;https:\\\/\\\/webshop.annemiekoenen.com\\\/wp-content\\\/uploads\\\/sites\\\/2\\\/2021\\\/03\\\/Vlies-tiroler-bergschaap-Kleurenspectrum-scaled-e1615585592917.jpg&quot;,&quot;alt&quot;:&quot;Vlies Tiroler Bergschaf - Farbspektrum&quot;,&quot;src&quot;:&quot;https:\\\/\\\/webshop.annemiekoenen.com\\\/wp-content\\\/uploads\\\/sites\\\/2\\\/2021\\\/03\\\/Vlies-tiroler-bergschaap-Kleurenspectrum-scaled-e1615585592917-600x799.jpg&quot;,&quot;srcset&quot;:&quot;https:\\\/\\\/webshop.annemiekoenen.com\\\/wp-content\\\/uploads\\\/sites\\\/2\\\/2021\\\/03\\\/Vlies-tiroler-bergschaap-Kleurenspectrum-scaled-e1615585592917-600x799.jpg 600w, https:\\\/\\\/webshop.annemiekoenen.com\\\/wp-content\\\/uploads\\\/sites\\\/2\\\/2021\\\/03\\\/Vlies-tiroler-bergschaap-Kleurenspectrum-scaled-e1615585592917-225x300.jpg 225w, https:\\\/\\\/webshop.annemiekoenen.com\\\/wp-content\\\/uploads\\\/sites\\\/2\\\/2021\\\/03\\\/Vlies-tiroler-bergschaap-Kleurenspectrum-scaled-e1615585592917-769x1024.jpg 769w, https:\\\/\\\/webshop.annemiekoenen.com\\\/wp-content\\\/uploads\\\/sites\\\/2\\\/2021\\\/03\\\/Vlies-tiroler-bergschaap-Kleurenspectrum-scaled-e1615585592917-768x1023.jpg 768w, https:\\\/\\\/webshop.annemiekoenen.com\\\/wp-content\\\/uploads\\\/sites\\\/2\\\/2021\\\/03\\\/Vlies-tiroler-bergschaap-Kleurenspectrum-scaled-e1615585592917-1153x1536.jpg 1153w, https:\\\/\\\/webshop.annemiekoenen.com\\\/wp-content\\\/uploads\\\/sites\\\/2\\\/2021\\\/03\\\/Vlies-tiroler-bergschaap-Kleurenspectrum-scaled-e1615585592917-1538x2048.jpg 1538w, https:\\\/\\\/webshop.annemiekoenen.com\\\/wp-content\\\/uploads\\\/sites\\\/2\\\/2021\\\/03\\\/Vlies-tiroler-bergschaap-Kleurenspectrum-scaled-e1615585592917.jpg 1715w&quot;,&quot;sizes&quot;:&quot;(max-width: 416px) 100vw, 416px&quot;,&quot;full_src&quot;:&quot;https:\\\/\\\/webshop.annemiekoenen.com\\\/wp-content\\\/uploads\\\/sites\\\/2\\\/2021\\\/03\\\/Vlies-tiroler-bergschaap-Kleurenspectrum-scaled-e1615585592917.jpg&quot;,&quot;full_src_w&quot;:1715,&quot;full_src_h&quot;:2284,&quot;gallery_thumbnail_src&quot;:&quot;https:\\\/\\\/webshop.annemiekoenen.com\\\/wp-content\\\/uploads\\\/sites\\\/2\\\/2021\\\/03\\\/Vlies-tiroler-bergschaap-Kleurenspectrum-scaled-e1615585592917-100x100.jpg&quot;,&quot;gallery_thumbnail_src_w&quot;:100,&quot;gallery_thumbnail_src_h&quot;:100,&quot;thumb_src&quot;:&quot;https:\\\/\\\/webshop.annemiekoenen.com\\\/wp-content\\\/uploads\\\/sites\\\/2\\\/2021\\\/03\\\/Vlies-tiroler-bergschaap-Kleurenspectrum-scaled-e1615585592917-324x324.jpg&quot;,&quot;thumb_src_w&quot;:324,&quot;thumb_src_h&quot;:324,&quot;src_w&quot;:416,&quot;src_h&quot;:554},&quot;image_id&quot;:1760,&quot;is_downloadable&quot;:false,&quot;is_in_stock&quot;:true,&quot;is_purchasable&quot;:true,&quot;is_sold_individually&quot;:&quot;no&quot;,&quot;is_virtual&quot;:false,&quot;max_qty&quot;:999,&quot;min_qty&quot;:1,&quot;price_html&quot;:&quot;&quot;,&quot;sku&quot;:&quot;&quot;,&quot;variation_description&quot;:&quot;&quot;,&quot;variation_id&quot;:3000,&quot;variation_is_active&quot;:true,&quot;variation_is_visible&quot;:true,&quot;weight&quot;:&quot;51&quot;,&quot;weight_html&quot;:&quot;51 g&quot;},{&quot;attributes&quot;:{&quot;attribute_tiroler&quot;:&quot;Blau&quot;},&quot;availability_html&quot;:&quot;&lt;p class=\\&quot;stock in-stock\\&quot;&gt;998 vorr\\u00e4tig&lt;\\\/p&gt;\\n&quot;,&quot;backorders_allowed&quot;:false,&quot;dimensions&quot;:{&quot;length&quot;:&quot;&quot;,&quot;width&quot;:&quot;&quot;,&quot;height&quot;:&quot;&quot;},&quot;dimensions_html&quot;:&quot;n.\\u00a0v.&quot;,&quot;display_price&quot;:5,&quot;display_regular_price&quot;:5,&quot;gallery_image_ids&quot;:[],&quot;gallery_images_html&quot;:&quot;&quot;,&quot;image&quot;:{&quot;title&quot;:&quot;Vlies Tiroler Bergschaf - Farbspektrum&quot;,&quot;caption&quot;:&quot;&quot;,&quot;url&quot;:&quot;https:\\\/\\\/webshop.annemiekoenen.com\\\/wp-content\\\/uploads\\\/sites\\\/2\\\/2021\\\/03\\\/Vlies-tiroler-bergschaap-Kleurenspectrum-scaled-e1615585592917.jpg&quot;,&quot;alt&quot;:&quot;Vlies Tiroler Bergschaf - Farbspektrum&quot;,&quot;src&quot;:&quot;https:\\\/\\\/webshop.annemiekoenen.com\\\/wp-content\\\/uploads\\\/sites\\\/2\\\/2021\\\/03\\\/Vlies-tiroler-bergschaap-Kleurenspectrum-scaled-e1615585592917-600x799.jpg&quot;,&quot;srcset&quot;:&quot;https:\\\/\\\/webshop.annemiekoenen.com\\\/wp-content\\\/uploads\\\/sites\\\/2\\\/2021\\\/03\\\/Vlies-tiroler-bergschaap-Kleurenspectrum-scaled-e1615585592917-600x799.jpg 600w, https:\\\/\\\/webshop.annemiekoenen.com\\\/wp-content\\\/uploads\\\/sites\\\/2\\\/2021\\\/03\\\/Vlies-tiroler-bergschaap-Kleurenspectrum-scaled-e1615585592917-225x300.jpg 225w, https:\\\/\\\/webshop.annemiekoenen.com\\\/wp-content\\\/uploads\\\/sites\\\/2\\\/2021\\\/03\\\/Vlies-tiroler-bergschaap-Kleurenspectrum-scaled-e1615585592917-769x1024.jpg 769w, https:\\\/\\\/webshop.annemiekoenen.com\\\/wp-content\\\/uploads\\\/sites\\\/2\\\/2021\\\/03\\\/Vlies-tiroler-bergschaap-Kleurenspectrum-scaled-e1615585592917-768x1023.jpg 768w, https:\\\/\\\/webshop.annemiekoenen.com\\\/wp-content\\\/uploads\\\/sites\\\/2\\\/2021\\\/03\\\/Vlies-tiroler-bergschaap-Kleurenspectrum-scaled-e1615585592917-1153x1536.jpg 1153w, https:\\\/\\\/webshop.annemiekoenen.com\\\/wp-content\\\/uploads\\\/sites\\\/2\\\/2021\\\/03\\\/Vlies-tiroler-bergschaap-Kleurenspectrum-scaled-e1615585592917-1538x2048.jpg 1538w, https:\\\/\\\/webshop.annemiekoenen.com\\\/wp-content\\\/uploads\\\/sites\\\/2\\\/2021\\\/03\\\/Vlies-tiroler-bergschaap-Kleurenspectrum-scaled-e1615585592917.jpg 1715w&quot;,&quot;sizes&quot;:&quot;(max-width: 416px) 100vw, 416px&quot;,&quot;full_src&quot;:&quot;https:\\\/\\\/webshop.annemiekoenen.com\\\/wp-content\\\/uploads\\\/sites\\\/2\\\/2021\\\/03\\\/Vlies-tiroler-bergschaap-Kleurenspectrum-scaled-e1615585592917.jpg&quot;,&quot;full_src_w&quot;:1715,&quot;full_src_h&quot;:2284,&quot;gallery_thumbnail_src&quot;:&quot;https:\\\/\\\/webshop.annemiekoenen.com\\\/wp-content\\\/uploads\\\/sites\\\/2\\\/2021\\\/03\\\/Vlies-tiroler-bergschaap-Kleurenspectrum-scaled-e1615585592917-100x100.jpg&quot;,&quot;gallery_thumbnail_src_w&quot;:100,&quot;gallery_thumbnail_src_h&quot;:100,&quot;thumb_src&quot;:&quot;https:\\\/\\\/webshop.annemiekoenen.com\\\/wp-content\\\/uploads\\\/sites\\\/2\\\/2021\\\/03\\\/Vlies-tiroler-bergschaap-Kleurenspectrum-scaled-e1615585592917-324x324.jpg&quot;,&quot;thumb_src_w&quot;:324,&quot;thumb_src_h&quot;:324,&quot;src_w&quot;:416,&quot;src_h&quot;:554},&quot;image_id&quot;:1760,&quot;is_downloadable&quot;:false,&quot;is_in_stock&quot;:true,&quot;is_purchasable&quot;:true,&quot;is_sold_individually&quot;:&quot;no&quot;,&quot;is_virtual&quot;:false,&quot;max_qty&quot;:998,&quot;min_qty&quot;:1,&quot;price_html&quot;:&quot;&quot;,&quot;sku&quot;:&quot;&quot;,&quot;variation_description&quot;:&quot;&quot;,&quot;variation_id&quot;:3001,&quot;variation_is_active&quot;:true,&quot;variation_is_visible&quot;:true,&quot;weight&quot;:&quot;51&quot;,&quot;weight_html&quot;:&quot;51 g&quot;},{&quot;attributes&quot;:{&quot;attribute_tiroler&quot;:&quot;Violett&quot;},&quot;availability_html&quot;:&quot;&lt;p class=\\&quot;stock in-stock\\&quot;&gt;999 vorr\\u00e4tig&lt;\\\/p&gt;\\n&quot;,&quot;backorders_allowed&quot;:false,&quot;dimensions&quot;:{&quot;length&quot;:&quot;&quot;,&quot;width&quot;:&quot;&quot;,&quot;height&quot;:&quot;&quot;},&quot;dimensions_html&quot;:&quot;n.\\u00a0v.&quot;,&quot;display_price&quot;:5,&quot;display_regular_price&quot;:5,&quot;gallery_image_ids&quot;:[],&quot;gallery_images_html&quot;:&quot;&quot;,&quot;image&quot;:{&quot;title&quot;:&quot;Vlies Tiroler Bergschaf - Farbspektrum&quot;,&quot;caption&quot;:&quot;&quot;,&quot;url&quot;:&quot;https:\\\/\\\/webshop.annemiekoenen.com\\\/wp-content\\\/uploads\\\/sites\\\/2\\\/2021\\\/03\\\/Vlies-tiroler-bergschaap-Kleurenspectrum-scaled-e1615585592917.jpg&quot;,&quot;alt&quot;:&quot;Vlies Tiroler Bergschaf - Farbspektrum&quot;,&quot;src&quot;:&quot;https:\\\/\\\/webshop.annemiekoenen.com\\\/wp-content\\\/uploads\\\/sites\\\/2\\\/2021\\\/03\\\/Vlies-tiroler-bergschaap-Kleurenspectrum-scaled-e1615585592917-600x799.jpg&quot;,&quot;srcset&quot;:&quot;https:\\\/\\\/webshop.annemiekoenen.com\\\/wp-content\\\/uploads\\\/sites\\\/2\\\/2021\\\/03\\\/Vlies-tiroler-bergschaap-Kleurenspectrum-scaled-e1615585592917-600x799.jpg 600w, https:\\\/\\\/webshop.annemiekoenen.com\\\/wp-content\\\/uploads\\\/sites\\\/2\\\/2021\\\/03\\\/Vlies-tiroler-bergschaap-Kleurenspectrum-scaled-e1615585592917-225x300.jpg 225w, https:\\\/\\\/webshop.annemiekoenen.com\\\/wp-content\\\/uploads\\\/sites\\\/2\\\/2021\\\/03\\\/Vlies-tiroler-bergschaap-Kleurenspectrum-scaled-e1615585592917-769x1024.jpg 769w, https:\\\/\\\/webshop.annemiekoenen.com\\\/wp-content\\\/uploads\\\/sites\\\/2\\\/2021\\\/03\\\/Vlies-tiroler-bergschaap-Kleurenspectrum-scaled-e1615585592917-768x1023.jpg 768w, https:\\\/\\\/webshop.annemiekoenen.com\\\/wp-content\\\/uploads\\\/sites\\\/2\\\/2021\\\/03\\\/Vlies-tiroler-bergschaap-Kleurenspectrum-scaled-e1615585592917-1153x1536.jpg 1153w, https:\\\/\\\/webshop.annemiekoenen.com\\\/wp-content\\\/uploads\\\/sites\\\/2\\\/2021\\\/03\\\/Vlies-tiroler-bergschaap-Kleurenspectrum-scaled-e1615585592917-1538x2048.jpg 1538w, https:\\\/\\\/webshop.annemiekoenen.com\\\/wp-content\\\/uploads\\\/sites\\\/2\\\/2021\\\/03\\\/Vlies-tiroler-bergschaap-Kleurenspectrum-scaled-e1615585592917.jpg 1715w&quot;,&quot;sizes&quot;:&quot;(max-width: 416px) 100vw, 416px&quot;,&quot;full_src&quot;:&quot;https:\\\/\\\/webshop.annemiekoenen.com\\\/wp-content\\\/uploads\\\/sites\\\/2\\\/2021\\\/03\\\/Vlies-tiroler-bergschaap-Kleurenspectrum-scaled-e1615585592917.jpg&quot;,&quot;full_src_w&quot;:1715,&quot;full_src_h&quot;:2284,&quot;gallery_thumbnail_src&quot;:&quot;https:\\\/\\\/webshop.annemiekoenen.com\\\/wp-content\\\/uploads\\\/sites\\\/2\\\/2021\\\/03\\\/Vlies-tiroler-bergschaap-Kleurenspectrum-scaled-e1615585592917-100x100.jpg&quot;,&quot;gallery_thumbnail_src_w&quot;:100,&quot;gallery_thumbnail_src_h&quot;:100,&quot;thumb_src&quot;:&quot;https:\\\/\\\/webshop.annemiekoenen.com\\\/wp-content\\\/uploads\\\/sites\\\/2\\\/2021\\\/03\\\/Vlies-tiroler-bergschaap-Kleurenspectrum-scaled-e1615585592917-324x324.jpg&quot;,&quot;thumb_src_w&quot;:324,&quot;thumb_src_h&quot;:324,&quot;src_w&quot;:416,&quot;src_h&quot;:554},&quot;image_id&quot;:1760,&quot;is_downloadable&quot;:false,&quot;is_in_stock&quot;:true,&quot;is_purchasable&quot;:true,&quot;is_sold_individually&quot;:&quot;no&quot;,&quot;is_virtual&quot;:false,&quot;max_qty&quot;:999,&quot;min_qty&quot;:1,&quot;price_html&quot;:&quot;&quot;,&quot;sku&quot;:&quot;&quot;,&quot;variation_description&quot;:&quot;&quot;,&quot;variation_id&quot;:3002,&quot;variation_is_active&quot;:true,&quot;variation_is_visible&quot;:true,&quot;weight&quot;:&quot;51&quot;,&quot;weight_html&quot;:&quot;51 g&quot;},{&quot;attributes&quot;:{&quot;attribute_tiroler&quot;:&quot;Leichtblau&quot;},&quot;availability_html&quot;:&quot;&lt;p class=\\&quot;stock in-stock\\&quot;&gt;999 vorr\\u00e4tig&lt;\\\/p&gt;\\n&quot;,&quot;backorders_allowed&quot;:false,&quot;dimensions&quot;:{&quot;length&quot;:&quot;&quot;,&quot;width&quot;:&quot;&quot;,&quot;height&quot;:&quot;&quot;},&quot;dimensions_html&quot;:&quot;n.\\u00a0v.&quot;,&quot;display_price&quot;:5,&quot;display_regular_price&quot;:5,&quot;gallery_image_ids&quot;:[],&quot;gallery_images_html&quot;:&quot;&quot;,&quot;image&quot;:{&quot;title&quot;:&quot;Vlies Tiroler Bergschaf - Farbspektrum&quot;,&quot;caption&quot;:&quot;&quot;,&quot;url&quot;:&quot;https:\\\/\\\/webshop.annemiekoenen.com\\\/wp-content\\\/uploads\\\/sites\\\/2\\\/2021\\\/03\\\/Vlies-tiroler-bergschaap-Kleurenspectrum-scaled-e1615585592917.jpg&quot;,&quot;alt&quot;:&quot;Vlies Tiroler Bergschaf - Farbspektrum&quot;,&quot;src&quot;:&quot;https:\\\/\\\/webshop.annemiekoenen.com\\\/wp-content\\\/uploads\\\/sites\\\/2\\\/2021\\\/03\\\/Vlies-tiroler-bergschaap-Kleurenspectrum-scaled-e1615585592917-600x799.jpg&quot;,&quot;srcset&quot;:&quot;https:\\\/\\\/webshop.annemiekoenen.com\\\/wp-content\\\/uploads\\\/sites\\\/2\\\/2021\\\/03\\\/Vlies-tiroler-bergschaap-Kleurenspectrum-scaled-e1615585592917-600x799.jpg 600w, https:\\\/\\\/webshop.annemiekoenen.com\\\/wp-content\\\/uploads\\\/sites\\\/2\\\/2021\\\/03\\\/Vlies-tiroler-bergschaap-Kleurenspectrum-scaled-e1615585592917-225x300.jpg 225w, https:\\\/\\\/webshop.annemiekoenen.com\\\/wp-content\\\/uploads\\\/sites\\\/2\\\/2021\\\/03\\\/Vlies-tiroler-bergschaap-Kleurenspectrum-scaled-e1615585592917-769x1024.jpg 769w, https:\\\/\\\/webshop.annemiekoenen.com\\\/wp-content\\\/uploads\\\/sites\\\/2\\\/2021\\\/03\\\/Vlies-tiroler-bergschaap-Kleurenspectrum-scaled-e1615585592917-768x1023.jpg 768w, https:\\\/\\\/webshop.annemiekoenen.com\\\/wp-content\\\/uploads\\\/sites\\\/2\\\/2021\\\/03\\\/Vlies-tiroler-bergschaap-Kleurenspectrum-scaled-e1615585592917-1153x1536.jpg 1153w, https:\\\/\\\/webshop.annemiekoenen.com\\\/wp-content\\\/uploads\\\/sites\\\/2\\\/2021\\\/03\\\/Vlies-tiroler-bergschaap-Kleurenspectrum-scaled-e1615585592917-1538x2048.jpg 1538w, https:\\\/\\\/webshop.annemiekoenen.com\\\/wp-content\\\/uploads\\\/sites\\\/2\\\/2021\\\/03\\\/Vlies-tiroler-bergschaap-Kleurenspectrum-scaled-e1615585592917.jpg 1715w&quot;,&quot;sizes&quot;:&quot;(max-width: 416px) 100vw, 416px&quot;,&quot;full_src&quot;:&quot;https:\\\/\\\/webshop.annemiekoenen.com\\\/wp-content\\\/uploads\\\/sites\\\/2\\\/2021\\\/03\\\/Vlies-tiroler-bergschaap-Kleurenspectrum-scaled-e1615585592917.jpg&quot;,&quot;full_src_w&quot;:1715,&quot;full_src_h&quot;:2284,&quot;gallery_thumbnail_src&quot;:&quot;https:\\\/\\\/webshop.annemiekoenen.com\\\/wp-content\\\/uploads\\\/sites\\\/2\\\/2021\\\/03\\\/Vlies-tiroler-bergschaap-Kleurenspectrum-scaled-e1615585592917-100x100.jpg&quot;,&quot;gallery_thumbnail_src_w&quot;:100,&quot;gallery_thumbnail_src_h&quot;:100,&quot;thumb_src&quot;:&quot;https:\\\/\\\/webshop.annemiekoenen.com\\\/wp-content\\\/uploads\\\/sites\\\/2\\\/2021\\\/03\\\/Vlies-tiroler-bergschaap-Kleurenspectrum-scaled-e1615585592917-324x324.jpg&quot;,&quot;thumb_src_w&quot;:324,&quot;thumb_src_h&quot;:324,&quot;src_w&quot;:416,&quot;src_h&quot;:554},&quot;image_id&quot;:1760,&quot;is_downloadable&quot;:false,&quot;is_in_stock&quot;:true,&quot;is_purchasable&quot;:true,&quot;is_sold_individually&quot;:&quot;no&quot;,&quot;is_virtual&quot;:false,&quot;max_qty&quot;:999,&quot;min_qty&quot;:1,&quot;price_html&quot;:&quot;&quot;,&quot;sku&quot;:&quot;&quot;,&quot;variation_description&quot;:&quot;&quot;,&quot;variation_id&quot;:3003,&quot;variation_is_active&quot;:true,&quot;variation_is_visible&quot;:true,&quot;weight&quot;:&quot;51&quot;,&quot;weight_html&quot;:&quot;51 g&quot;},{&quot;attributes&quot;:{&quot;attribute_tiroler&quot;:&quot;Dunkel rot&quot;},&quot;availability_html&quot;:&quot;&lt;p class=\\&quot;stock in-stock\\&quot;&gt;997 vorr\\u00e4tig&lt;\\\/p&gt;\\n&quot;,&quot;backorders_allowed&quot;:false,&quot;dimensions&quot;:{&quot;length&quot;:&quot;&quot;,&quot;width&quot;:&quot;&quot;,&quot;height&quot;:&quot;&quot;},&quot;dimensions_html&quot;:&quot;n.\\u00a0v.&quot;,&quot;display_price&quot;:5,&quot;display_regular_price&quot;:5,&quot;gallery_image_ids&quot;:[],&quot;gallery_images_html&quot;:&quot;&quot;,&quot;image&quot;:{&quot;title&quot;:&quot;Vlies Tiroler Bergschaf - Farbspektrum&quot;,&quot;caption&quot;:&quot;&quot;,&quot;url&quot;:&quot;https:\\\/\\\/webshop.annemiekoenen.com\\\/wp-content\\\/uploads\\\/sites\\\/2\\\/2021\\\/03\\\/Vlies-tiroler-bergschaap-Kleurenspectrum-scaled-e1615585592917.jpg&quot;,&quot;alt&quot;:&quot;Vlies Tiroler Bergschaf - Farbspektrum&quot;,&quot;src&quot;:&quot;https:\\\/\\\/webshop.annemiekoenen.com\\\/wp-content\\\/uploads\\\/sites\\\/2\\\/2021\\\/03\\\/Vlies-tiroler-bergschaap-Kleurenspectrum-scaled-e1615585592917-600x799.jpg&quot;,&quot;srcset&quot;:&quot;https:\\\/\\\/webshop.annemiekoenen.com\\\/wp-content\\\/uploads\\\/sites\\\/2\\\/2021\\\/03\\\/Vlies-tiroler-bergschaap-Kleurenspectrum-scaled-e1615585592917-600x799.jpg 600w, https:\\\/\\\/webshop.annemiekoenen.com\\\/wp-content\\\/uploads\\\/sites\\\/2\\\/2021\\\/03\\\/Vlies-tiroler-bergschaap-Kleurenspectrum-scaled-e1615585592917-225x300.jpg 225w, https:\\\/\\\/webshop.annemiekoenen.com\\\/wp-content\\\/uploads\\\/sites\\\/2\\\/2021\\\/03\\\/Vlies-tiroler-bergschaap-Kleurenspectrum-scaled-e1615585592917-769x1024.jpg 769w, https:\\\/\\\/webshop.annemiekoenen.com\\\/wp-content\\\/uploads\\\/sites\\\/2\\\/2021\\\/03\\\/Vlies-tiroler-bergschaap-Kleurenspectrum-scaled-e1615585592917-768x1023.jpg 768w, https:\\\/\\\/webshop.annemiekoenen.com\\\/wp-content\\\/uploads\\\/sites\\\/2\\\/2021\\\/03\\\/Vlies-tiroler-bergschaap-Kleurenspectrum-scaled-e1615585592917-1153x1536.jpg 1153w, https:\\\/\\\/webshop.annemiekoenen.com\\\/wp-content\\\/uploads\\\/sites\\\/2\\\/2021\\\/03\\\/Vlies-tiroler-bergschaap-Kleurenspectrum-scaled-e1615585592917-1538x2048.jpg 1538w, https:\\\/\\\/webshop.annemiekoenen.com\\\/wp-content\\\/uploads\\\/sites\\\/2\\\/2021\\\/03\\\/Vlies-tiroler-bergschaap-Kleurenspectrum-scaled-e1615585592917.jpg 1715w&quot;,&quot;sizes&quot;:&quot;(max-width: 416px) 100vw, 416px&quot;,&quot;full_src&quot;:&quot;https:\\\/\\\/webshop.annemiekoenen.com\\\/wp-content\\\/uploads\\\/sites\\\/2\\\/2021\\\/03\\\/Vlies-tiroler-bergschaap-Kleurenspectrum-scaled-e1615585592917.jpg&quot;,&quot;full_src_w&quot;:1715,&quot;full_src_h&quot;:2284,&quot;gallery_thumbnail_src&quot;:&quot;https:\\\/\\\/webshop.annemiekoenen.com\\\/wp-content\\\/uploads\\\/sites\\\/2\\\/2021\\\/03\\\/Vlies-tiroler-bergschaap-Kleurenspectrum-scaled-e1615585592917-100x100.jpg&quot;,&quot;gallery_thumbnail_src_w&quot;:100,&quot;gallery_thumbnail_src_h&quot;:100,&quot;thumb_src&quot;:&quot;https:\\\/\\\/webshop.annemiekoenen.com\\\/wp-content\\\/uploads\\\/sites\\\/2\\\/2021\\\/03\\\/Vlies-tiroler-bergschaap-Kleurenspectrum-scaled-e1615585592917-324x324.jpg&quot;,&quot;thumb_src_w&quot;:324,&quot;thumb_src_h&quot;:324,&quot;src_w&quot;:416,&quot;src_h&quot;:554},&quot;image_id&quot;:1760,&quot;is_downloadable&quot;:false,&quot;is_in_stock&quot;:true,&quot;is_purchasable&quot;:true,&quot;is_sold_individually&quot;:&quot;no&quot;,&quot;is_virtual&quot;:false,&quot;max_qty&quot;:997,&quot;min_qty&quot;:1,&quot;price_html&quot;:&quot;&quot;,&quot;sku&quot;:&quot;&quot;,&quot;variation_description&quot;:&quot;&quot;,&quot;variation_id&quot;:3004,&quot;variation_is_active&quot;:true,&quot;variation_is_visible&quot;:true,&quot;weight&quot;:&quot;51&quot;,&quot;weight_html&quot;:&quot;51 g&quot;}]\">\n\t<div data-product_id=\"2994\" data-threshold_min=\"30\" data-threshold_max=\"100\" data-total=\"10\">\n\t\t\t<table class=\"variations\" cellspacing=\"0\" role=\"presentation\">\n\t\t\t<tbody>\n\t\t\t\t\t\t\t\t\t<tr>\n\t\t\t\t\t\t<th class=\"label\"><label for=\"tiroler\">Tiroler<\/label><\/th>\n\t\t\t\t\t\t<td class=\"value\">\n\t\t\t\t\t\t\t<select style=\"display:none\" id=\"tiroler\" class=\" woo-variation-raw-select\" name=\"attribute_tiroler\" data-attribute_name=\"attribute_tiroler\" data-show_option_none=\"yes\"><option value=\"\">Option ausw\u00e4hlen<\/option><option value=\"Wei\u00df\" >Wei\u00df<\/option><option value=\"Leicht grau\" >Leicht grau<\/option><option value=\"Braun\" >Braun<\/option><option value=\"Gelb\" >Gelb<\/option><option value=\"Orange\" >Orange<\/option><option value=\"Rot\" >Rot<\/option><option value=\"Blau\" >Blau<\/option><option value=\"Violett\" >Violett<\/option><option value=\"Leichtblau\" >Leichtblau<\/option><option value=\"Dunkel rot\" >Dunkel rot<\/option><\/select><ul role=\"radiogroup\" aria-label=\"Tiroler\" class=\"variable-items-wrapper button-variable-items-wrapper wvs-style-squared\" data-attribute_name=\"attribute_tiroler\" data-attribute_values=\"[&quot;Wei\\u00df&quot;,&quot;Leicht grau&quot;,&quot;Braun&quot;,&quot;Gelb&quot;,&quot;Orange&quot;,&quot;Rot&quot;,&quot;Blau&quot;,&quot;Violett&quot;,&quot;Leichtblau&quot;,&quot;Dunkel rot&quot;]\"><li aria-checked=\"false\" tabindex=\"0\" data-attribute_name=\"attribute_tiroler\" data-wvstooltip=\"Wei\u00df\" class=\"variable-item button-variable-item button-variable-item-weiss \" title=\"Wei\u00df\" data-title=\"Wei\u00df\" data-value=\"Wei\u00df\" role=\"radio\" tabindex=\"0\"><div class=\"variable-item-contents\"><span class=\"variable-item-span variable-item-span-button\">Wei\u00df<\/span><\/div><\/li><li aria-checked=\"false\" tabindex=\"0\" data-attribute_name=\"attribute_tiroler\" data-wvstooltip=\"Leicht grau\" class=\"variable-item button-variable-item button-variable-item-leicht-grau \" title=\"Leicht grau\" data-title=\"Leicht grau\" data-value=\"Leicht grau\" role=\"radio\" tabindex=\"0\"><div class=\"variable-item-contents\"><span class=\"variable-item-span variable-item-span-button\">Leicht grau<\/span><\/div><\/li><li aria-checked=\"false\" tabindex=\"0\" data-attribute_name=\"attribute_tiroler\" data-wvstooltip=\"Braun\" class=\"variable-item button-variable-item button-variable-item-braun \" title=\"Braun\" data-title=\"Braun\" data-value=\"Braun\" role=\"radio\" tabindex=\"0\"><div class=\"variable-item-contents\"><span class=\"variable-item-span variable-item-span-button\">Braun<\/span><\/div><\/li><li aria-checked=\"false\" tabindex=\"0\" data-attribute_name=\"attribute_tiroler\" data-wvstooltip=\"Gelb\" class=\"variable-item button-variable-item button-variable-item-gelb \" title=\"Gelb\" data-title=\"Gelb\" data-value=\"Gelb\" role=\"radio\" tabindex=\"0\"><div class=\"variable-item-contents\"><span class=\"variable-item-span variable-item-span-button\">Gelb<\/span><\/div><\/li><li aria-checked=\"false\" tabindex=\"0\" data-attribute_name=\"attribute_tiroler\" data-wvstooltip=\"Orange\" class=\"variable-item button-variable-item button-variable-item-orange \" title=\"Orange\" data-title=\"Orange\" data-value=\"Orange\" role=\"radio\" tabindex=\"0\"><div class=\"variable-item-contents\"><span class=\"variable-item-span variable-item-span-button\">Orange<\/span><\/div><\/li><li aria-checked=\"false\" tabindex=\"0\" data-attribute_name=\"attribute_tiroler\" data-wvstooltip=\"Rot\" class=\"variable-item button-variable-item button-variable-item-rot \" title=\"Rot\" data-title=\"Rot\" data-value=\"Rot\" role=\"radio\" tabindex=\"0\"><div class=\"variable-item-contents\"><span class=\"variable-item-span variable-item-span-button\">Rot<\/span><\/div><\/li><li aria-checked=\"false\" tabindex=\"0\" data-attribute_name=\"attribute_tiroler\" data-wvstooltip=\"Blau\" class=\"variable-item button-variable-item button-variable-item-blau \" title=\"Blau\" data-title=\"Blau\" data-value=\"Blau\" role=\"radio\" tabindex=\"0\"><div class=\"variable-item-contents\"><span class=\"variable-item-span variable-item-span-button\">Blau<\/span><\/div><\/li><li aria-checked=\"false\" tabindex=\"0\" data-attribute_name=\"attribute_tiroler\" data-wvstooltip=\"Violett\" class=\"variable-item button-variable-item button-variable-item-violett \" title=\"Violett\" data-title=\"Violett\" data-value=\"Violett\" role=\"radio\" tabindex=\"0\"><div class=\"variable-item-contents\"><span class=\"variable-item-span variable-item-span-button\">Violett<\/span><\/div><\/li><li aria-checked=\"false\" tabindex=\"0\" data-attribute_name=\"attribute_tiroler\" data-wvstooltip=\"Leichtblau\" class=\"variable-item button-variable-item button-variable-item-leichtblau \" title=\"Leichtblau\" data-title=\"Leichtblau\" data-value=\"Leichtblau\" role=\"radio\" tabindex=\"0\"><div class=\"variable-item-contents\"><span class=\"variable-item-span variable-item-span-button\">Leichtblau<\/span><\/div><\/li><li aria-checked=\"false\" tabindex=\"0\" data-attribute_name=\"attribute_tiroler\" data-wvstooltip=\"Dunkel rot\" class=\"variable-item button-variable-item button-variable-item-dunkel-rot \" title=\"Dunkel rot\" data-title=\"Dunkel rot\" data-value=\"Dunkel rot\" role=\"radio\" tabindex=\"0\"><div class=\"variable-item-contents\"><span class=\"variable-item-span variable-item-span-button\">Dunkel rot<\/span><\/div><\/li><\/ul><a class=\"reset_variations\" href=\"#\" aria-label=\"Optionen l\u00f6schen\">Zur\u00fccksetzen<\/a>\t\t\t\t\t\t<\/td>\n\t\t\t\t\t<\/tr>\n\t\t\t\t\t\t\t<\/tbody>\n\t\t<\/table>\n\t\t<div class=\"reset_variations_alert screen-reader-text\" role=\"alert\" aria-live=\"polite\" aria-relevant=\"all\"><\/div>\n\t\t\t\t\n\t\t<div class=\"single_variation_wrap\">\n\t\t\t<div class=\"woocommerce-variation single_variation\" role=\"alert\" aria-relevant=\"additions\"><\/div><div class=\"woocommerce-variation-add-to-cart variations_button\">\n\t\n\t<div class=\"quantity\">\n\t\t<label class=\"screen-reader-text\" for=\"quantity_6a96d8216abed\">Tiroler Bergschaf Menge<\/label>\n\t<input\n\t\ttype=\"number\"\n\t\t\t\tid=\"quantity_6a96d8216abed\"\n\t\tclass=\"input-text qty text\"\n\t\tname=\"quantity\"\n\t\tvalue=\"1\"\n\t\taria-label=\"Produktmenge\"\n\t\t\t\tmin=\"1\"\n\t\t\t\t\t\t\tstep=\"1\"\n\t\t\tplaceholder=\"\"\n\t\t\tinputmode=\"numeric\"\n\t\t\tautocomplete=\"off\"\n\t\t\t\/>\n\t<\/div>\n\n\t<button type=\"submit\" class=\"single_add_to_cart_button button alt\">In den Warenkorb<\/button>\n\n\t\n\t<input type=\"hidden\" name=\"add-to-cart\" value=\"2994\" \/>\n\t<input type=\"hidden\" name=\"product_id\" value=\"2994\" \/>\n\t<input type=\"hidden\" name=\"variation_id\" class=\"variation_id\" value=\"0\" \/>\n<\/div>\n\t\t<\/div>\n\t\n\t<\/div><\/form>\n\n<div class=\"product_meta\">\n\n\t\n\t\n\t\t<span class=\"sku_wrapper\">Artikelnummer: <span class=\"sku\">n.\u00a0v.<\/span><\/span>\n\n\t\n\t<span class=\"posted_in\">Kategorie: <a href=\"https:\/\/webshop.annemiekoenen.com\/de\/produkt-kategorie\/online-ausserhalb-webshop\/\" rel=\"tag\">Online au\u00dferhalb Webshop<\/a><\/span>\n\t\n\t\n<\/div>\n\t<\/div>\n\n\t\n\t<div class=\"woocommerce-tabs wc-tabs-wrapper\">\n\t\t<ul class=\"tabs wc-tabs\" role=\"tablist\">\n\t\t\t\t\t\t\t<li role=\"presentation\" class=\"description_tab\" id=\"tab-title-description\">\n\t\t\t\t\t<a href=\"#tab-description\" role=\"tab\" aria-controls=\"tab-description\">\n\t\t\t\t\t\tBeschreibung\t\t\t\t\t<\/a>\n\t\t\t\t<\/li>\n\t\t\t\t\t\t\t<li role=\"presentation\" class=\"additional_information_tab\" id=\"tab-title-additional_information\">\n\t\t\t\t\t<a href=\"#tab-additional_information\" role=\"tab\" aria-controls=\"tab-additional_information\">\n\t\t\t\t\t\tZus\u00e4tzliche Informationen\t\t\t\t\t<\/a>\n\t\t\t\t<\/li>\n\t\t\t\t\t<\/ul>\n\t\t\t\t\t<div class=\"woocommerce-Tabs-panel woocommerce-Tabs-panel--description panel entry-content wc-tab\" id=\"tab-description\" role=\"tabpanel\" aria-labelledby=\"tab-title-description\">\n\t\t\t\t\n\t<h2>Beschreibung<\/h2>\n\n50 Gramm Tiroler Bergschaf\t\t\t<\/div>\n\t\t\t\t\t<div class=\"woocommerce-Tabs-panel woocommerce-Tabs-panel--additional_information panel entry-content wc-tab\" id=\"tab-additional_information\" role=\"tabpanel\" aria-labelledby=\"tab-title-additional_information\">\n\t\t\t\t\n\t<h2>Zus\u00e4tzliche Informationen<\/h2>\n\n<table class=\"woocommerce-product-attributes shop_attributes\" aria-label=\"Produktdetails\">\n\t\t\t<tr class=\"woocommerce-product-attributes-item woocommerce-product-attributes-item--weight\">\n\t\t\t<th class=\"woocommerce-product-attributes-item__label\" scope=\"row\">Gewicht<\/th>\n\t\t\t<td class=\"woocommerce-product-attributes-item__value\">51 g<\/td>\n\t\t<\/tr>\n\t\t\t<tr class=\"woocommerce-product-attributes-item woocommerce-product-attributes-item--attribute_tiroler\">\n\t\t\t<th class=\"woocommerce-product-attributes-item__label\" scope=\"row\">Tiroler<\/th>\n\t\t\t<td class=\"woocommerce-product-attributes-item__value\"><p>Wei\u00df, Leicht grau, Braun, Gelb, Orange, Rot, Blau, Violett, Leichtblau, Dunkel rot<\/p>\n<\/td>\n\t\t<\/tr>\n\t<\/table>\n\t\t\t<\/div>\n\t\t\n\t\t\t<\/div>\n\n\t\t<nav class=\"storefront-product-pagination\" aria-label=\"Mehr Produkte\">\n\t\t\t\t\t\t\t<a href=\"https:\/\/webshop.annemiekoenen.com\/de\/laden\/online-ausserhalb-webshop\/dick-leder-fur-sohlen-hausschuhe\/\" rel=\"prev\">\n\t\t\t\t\t<img decoding=\"async\" width=\"324\" height=\"324\" src=\"https:\/\/webshop.annemiekoenen.com\/wp-content\/uploads\/sites\/2\/2021\/03\/Sloffen-leer-zool-scaled-e1617111965916-324x324.jpg\" class=\"attachment-woocommerce_thumbnail size-woocommerce_thumbnail\" alt=\"Dickes Leder f\u00fcr Sohlen (Hausschuhe)\" \/>\t\t\t\t\t<span class=\"storefront-product-pagination__title\">Dickes Leder f\u00fcr Sohlen (Hausschuhe)<\/span>\n\t\t\t\t<\/a>\n\t\t\t\n\t\t\t\t\t\t\t<a href=\"https:\/\/webshop.annemiekoenen.com\/de\/laden\/online-ausserhalb-webshop\/griffe\/\" rel=\"next\">\n\t\t\t\t\t<img decoding=\"async\" width=\"324\" height=\"324\" src=\"https:\/\/webshop.annemiekoenen.com\/wp-content\/uploads\/sites\/2\/2021\/03\/tas-annemie-koenen-2-scaled-324x324.jpg\" class=\"attachment-woocommerce_thumbnail size-woocommerce_thumbnail\" alt=\"Griffe\" \/>\t\t\t\t\t<span class=\"storefront-product-pagination__title\">Griffe<\/span>\n\t\t\t\t<\/a>\n\t\t\t\t\t<\/nav><!-- .storefront-product-pagination -->\n\t\t<\/div>\n\n\t\t\t<\/div>\n\t\t\t<\/div><\/p>\n\n<p class=\"has-text-align-center has-vivid-green-cyan-background-color has-background wp-block-paragraph\"><strong>Nassfilzwerkzeuge<\/strong><br\/>Filzbedarf<\/p>\n\n<p class=\"wp-block-paragraph\"><div class=\"woocommerce\">\t\t\t<div class=\"single-product\" data-product-page-preselected-id=\"0\">\n\t\t\t\t<div class=\"woocommerce-notices-wrapper\"><\/div><div id=\"product-4222\" class=\"product type-product post-4222 status-publish instock product_cat-andere-produkte product_cat-werkzeuge has-post-thumbnail taxable shipping-taxable purchasable product-type-variable\">\n\n\t<div class=\"woocommerce-product-gallery woocommerce-product-gallery--with-images woocommerce-product-gallery--columns-5 images\" data-columns=\"5\" style=\"opacity: 0; transition: opacity .25s ease-in-out;\">\n\t<div class=\"woocommerce-product-gallery__wrapper\">\n\t\t<div data-thumb=\"https:\/\/webshop.annemiekoenen.com\/wp-content\/uploads\/sites\/2\/2021\/03\/Spectrum-gereedschap-natvilt-scaled-e1615466547183-100x100.jpg\" data-thumb-alt=\"Nassfilzwerkzeuge\" data-thumb-srcset=\"https:\/\/webshop.annemiekoenen.com\/wp-content\/uploads\/sites\/2\/2021\/03\/Spectrum-gereedschap-natvilt-scaled-e1615466547183-100x100.jpg 100w, https:\/\/webshop.annemiekoenen.com\/wp-content\/uploads\/sites\/2\/2021\/03\/Spectrum-gereedschap-natvilt-scaled-e1615466547183-150x150.jpg 150w, https:\/\/webshop.annemiekoenen.com\/wp-content\/uploads\/sites\/2\/2021\/03\/Spectrum-gereedschap-natvilt-scaled-e1615466547183-324x324.jpg 324w, https:\/\/webshop.annemiekoenen.com\/wp-content\/uploads\/sites\/2\/2021\/03\/Spectrum-gereedschap-natvilt-scaled-e1615466547183-300x300.jpg 300w\"  data-thumb-sizes=\"(max-width: 100px) 100vw, 100px\" class=\"woocommerce-product-gallery__image\"><a href=\"https:\/\/webshop.annemiekoenen.com\/wp-content\/uploads\/sites\/2\/2021\/03\/Spectrum-gereedschap-natvilt-scaled-e1615466547183.jpg\"><img loading=\"lazy\" decoding=\"async\" width=\"416\" height=\"312\" src=\"https:\/\/webshop.annemiekoenen.com\/wp-content\/uploads\/sites\/2\/2021\/03\/Spectrum-gereedschap-natvilt-scaled-e1615466547183-600x450.jpg\" class=\"wp-post-image\" alt=\"Nassfilzwerkzeuge\" data-caption=\"\" data-src=\"https:\/\/webshop.annemiekoenen.com\/wp-content\/uploads\/sites\/2\/2021\/03\/Spectrum-gereedschap-natvilt-scaled-e1615466547183.jpg\" data-large_image=\"https:\/\/webshop.annemiekoenen.com\/wp-content\/uploads\/sites\/2\/2021\/03\/Spectrum-gereedschap-natvilt-scaled-e1615466547183.jpg\" data-large_image_width=\"2560\" data-large_image_height=\"1922\" srcset=\"https:\/\/webshop.annemiekoenen.com\/wp-content\/uploads\/sites\/2\/2021\/03\/Spectrum-gereedschap-natvilt-scaled-e1615466547183-600x450.jpg 600w, https:\/\/webshop.annemiekoenen.com\/wp-content\/uploads\/sites\/2\/2021\/03\/Spectrum-gereedschap-natvilt-scaled-e1615466547183-300x225.jpg 300w, https:\/\/webshop.annemiekoenen.com\/wp-content\/uploads\/sites\/2\/2021\/03\/Spectrum-gereedschap-natvilt-scaled-e1615466547183-1024x769.jpg 1024w, https:\/\/webshop.annemiekoenen.com\/wp-content\/uploads\/sites\/2\/2021\/03\/Spectrum-gereedschap-natvilt-scaled-e1615466547183-768x577.jpg 768w, https:\/\/webshop.annemiekoenen.com\/wp-content\/uploads\/sites\/2\/2021\/03\/Spectrum-gereedschap-natvilt-scaled-e1615466547183-1536x1153.jpg 1536w, https:\/\/webshop.annemiekoenen.com\/wp-content\/uploads\/sites\/2\/2021\/03\/Spectrum-gereedschap-natvilt-scaled-e1615466547183-2048x1538.jpg 2048w\" sizes=\"(max-width: 416px) 100vw, 416px\" \/><\/a><\/div>\t<\/div>\n<\/div>\n\n\t<div class=\"summary entry-summary\">\n\t\t<h1 class=\"product_title entry-title\">Nassfilzwerkzeuge<\/h1><p class=\"price\"><span class=\"woocommerce-Price-amount amount\" aria-hidden=\"true\"><bdi><span class=\"woocommerce-Price-currencySymbol\" translate=\"no\">&euro;<\/span>2.50<\/bdi><\/span> <span aria-hidden=\"true\"> \u2013 <\/span> <span class=\"woocommerce-Price-amount amount\" aria-hidden=\"true\"><bdi><span class=\"woocommerce-Price-currencySymbol\" translate=\"no\">&euro;<\/span>25.00<\/bdi><\/span><span class=\"screen-reader-text\">Preisspanne: &euro;2.50 bis &euro;25.00<\/span><\/p>\n\n<form class=\"variations_form cart\" action=\"\" method=\"post\" enctype='multipart\/form-data' data-product_id=\"4222\" data-product_variations=\"[{&quot;attributes&quot;:{&quot;attribute_pa_gereedschap-nat-vilten&quot;:&quot;clips-xl-de&quot;},&quot;availability_html&quot;:&quot;&lt;p class=\\&quot;stock in-stock\\&quot;&gt;16 vorr\\u00e4tig&lt;\\\/p&gt;\\n&quot;,&quot;backorders_allowed&quot;:false,&quot;dimensions&quot;:{&quot;length&quot;:&quot;&quot;,&quot;width&quot;:&quot;&quot;,&quot;height&quot;:&quot;&quot;},&quot;dimensions_html&quot;:&quot;n.\\u00a0v.&quot;,&quot;display_price&quot;:5.95,&quot;display_regular_price&quot;:5.95,&quot;gallery_image_ids&quot;:[],&quot;gallery_images_html&quot;:&quot;&quot;,&quot;image&quot;:{&quot;title&quot;:&quot;20221130_194456_copy_722x722&quot;,&quot;caption&quot;:&quot;&quot;,&quot;url&quot;:&quot;https:\\\/\\\/webshop.annemiekoenen.com\\\/wp-content\\\/uploads\\\/sites\\\/2\\\/2022\\\/12\\\/20221130_194456_copy_722x722.jpg&quot;,&quot;alt&quot;:&quot;20221130_194456_copy_722x722&quot;,&quot;src&quot;:&quot;https:\\\/\\\/webshop.annemiekoenen.com\\\/wp-content\\\/uploads\\\/sites\\\/2\\\/2022\\\/12\\\/20221130_194456_copy_722x722-416x416.jpg&quot;,&quot;srcset&quot;:&quot;https:\\\/\\\/webshop.annemiekoenen.com\\\/wp-content\\\/uploads\\\/sites\\\/2\\\/2022\\\/12\\\/20221130_194456_copy_722x722-416x416.jpg 416w, https:\\\/\\\/webshop.annemiekoenen.com\\\/wp-content\\\/uploads\\\/sites\\\/2\\\/2022\\\/12\\\/20221130_194456_copy_722x722-300x300.jpg 300w, https:\\\/\\\/webshop.annemiekoenen.com\\\/wp-content\\\/uploads\\\/sites\\\/2\\\/2022\\\/12\\\/20221130_194456_copy_722x722-150x150.jpg 150w, https:\\\/\\\/webshop.annemiekoenen.com\\\/wp-content\\\/uploads\\\/sites\\\/2\\\/2022\\\/12\\\/20221130_194456_copy_722x722-324x324.jpg 324w, https:\\\/\\\/webshop.annemiekoenen.com\\\/wp-content\\\/uploads\\\/sites\\\/2\\\/2022\\\/12\\\/20221130_194456_copy_722x722-100x100.jpg 100w, https:\\\/\\\/webshop.annemiekoenen.com\\\/wp-content\\\/uploads\\\/sites\\\/2\\\/2022\\\/12\\\/20221130_194456_copy_722x722-50x50.jpg 50w, https:\\\/\\\/webshop.annemiekoenen.com\\\/wp-content\\\/uploads\\\/sites\\\/2\\\/2022\\\/12\\\/20221130_194456_copy_722x722.jpg 722w&quot;,&quot;sizes&quot;:&quot;(max-width: 416px) 100vw, 416px&quot;,&quot;full_src&quot;:&quot;https:\\\/\\\/webshop.annemiekoenen.com\\\/wp-content\\\/uploads\\\/sites\\\/2\\\/2022\\\/12\\\/20221130_194456_copy_722x722.jpg&quot;,&quot;full_src_w&quot;:722,&quot;full_src_h&quot;:722,&quot;gallery_thumbnail_src&quot;:&quot;https:\\\/\\\/webshop.annemiekoenen.com\\\/wp-content\\\/uploads\\\/sites\\\/2\\\/2022\\\/12\\\/20221130_194456_copy_722x722-100x100.jpg&quot;,&quot;gallery_thumbnail_src_w&quot;:100,&quot;gallery_thumbnail_src_h&quot;:100,&quot;thumb_src&quot;:&quot;https:\\\/\\\/webshop.annemiekoenen.com\\\/wp-content\\\/uploads\\\/sites\\\/2\\\/2022\\\/12\\\/20221130_194456_copy_722x722-324x324.jpg&quot;,&quot;thumb_src_w&quot;:324,&quot;thumb_src_h&quot;:324,&quot;src_w&quot;:416,&quot;src_h&quot;:416},&quot;image_id&quot;:8788,&quot;is_downloadable&quot;:false,&quot;is_in_stock&quot;:true,&quot;is_purchasable&quot;:true,&quot;is_sold_individually&quot;:&quot;no&quot;,&quot;is_virtual&quot;:false,&quot;max_qty&quot;:16,&quot;min_qty&quot;:1,&quot;price_html&quot;:&quot;&lt;span class=\\&quot;price\\&quot;&gt;&lt;span class=\\&quot;woocommerce-Price-amount amount\\&quot;&gt;&lt;bdi&gt;&lt;span class=\\&quot;woocommerce-Price-currencySymbol\\&quot; translate=\\&quot;no\\&quot;&gt;&amp;euro;&lt;\\\/span&gt;5.95&lt;\\\/bdi&gt;&lt;\\\/span&gt;&lt;\\\/span&gt;&quot;,&quot;sku&quot;:&quot;&quot;,&quot;variation_description&quot;:&quot;&lt;p&gt;10 clips pro packung&lt;\\\/p&gt;\\n&quot;,&quot;variation_id&quot;:8936,&quot;variation_is_active&quot;:true,&quot;variation_is_visible&quot;:true,&quot;weight&quot;:&quot;&quot;,&quot;weight_html&quot;:&quot;n.\\u00a0v.&quot;},{&quot;attributes&quot;:{&quot;attribute_pa_gereedschap-nat-vilten&quot;:&quot;clips-de&quot;},&quot;availability_html&quot;:&quot;&lt;p class=\\&quot;stock in-stock\\&quot;&gt;7 vorr\\u00e4tig&lt;\\\/p&gt;\\n&quot;,&quot;backorders_allowed&quot;:false,&quot;dimensions&quot;:{&quot;length&quot;:&quot;&quot;,&quot;width&quot;:&quot;&quot;,&quot;height&quot;:&quot;&quot;},&quot;dimensions_html&quot;:&quot;n.\\u00a0v.&quot;,&quot;display_price&quot;:4.95,&quot;display_regular_price&quot;:4.95,&quot;gallery_image_ids&quot;:[],&quot;gallery_images_html&quot;:&quot;&quot;,&quot;image&quot;:{&quot;title&quot;:&quot;20221105_133446_copy_1222x1222&quot;,&quot;caption&quot;:&quot;&quot;,&quot;url&quot;:&quot;https:\\\/\\\/webshop.annemiekoenen.com\\\/wp-content\\\/uploads\\\/sites\\\/2\\\/2022\\\/11\\\/20221105_133446_copy_1222x1222.jpg&quot;,&quot;alt&quot;:&quot;20221105_133446_copy_1222x1222&quot;,&quot;src&quot;:&quot;https:\\\/\\\/webshop.annemiekoenen.com\\\/wp-content\\\/uploads\\\/sites\\\/2\\\/2022\\\/11\\\/20221105_133446_copy_1222x1222-416x416.jpg&quot;,&quot;srcset&quot;:&quot;https:\\\/\\\/webshop.annemiekoenen.com\\\/wp-content\\\/uploads\\\/sites\\\/2\\\/2022\\\/11\\\/20221105_133446_copy_1222x1222-416x416.jpg 416w, https:\\\/\\\/webshop.annemiekoenen.com\\\/wp-content\\\/uploads\\\/sites\\\/2\\\/2022\\\/11\\\/20221105_133446_copy_1222x1222-300x300.jpg 300w, https:\\\/\\\/webshop.annemiekoenen.com\\\/wp-content\\\/uploads\\\/sites\\\/2\\\/2022\\\/11\\\/20221105_133446_copy_1222x1222-1024x1024.jpg 1024w, https:\\\/\\\/webshop.annemiekoenen.com\\\/wp-content\\\/uploads\\\/sites\\\/2\\\/2022\\\/11\\\/20221105_133446_copy_1222x1222-150x150.jpg 150w, https:\\\/\\\/webshop.annemiekoenen.com\\\/wp-content\\\/uploads\\\/sites\\\/2\\\/2022\\\/11\\\/20221105_133446_copy_1222x1222-768x768.jpg 768w, https:\\\/\\\/webshop.annemiekoenen.com\\\/wp-content\\\/uploads\\\/sites\\\/2\\\/2022\\\/11\\\/20221105_133446_copy_1222x1222-324x324.jpg 324w, https:\\\/\\\/webshop.annemiekoenen.com\\\/wp-content\\\/uploads\\\/sites\\\/2\\\/2022\\\/11\\\/20221105_133446_copy_1222x1222-100x100.jpg 100w, https:\\\/\\\/webshop.annemiekoenen.com\\\/wp-content\\\/uploads\\\/sites\\\/2\\\/2022\\\/11\\\/20221105_133446_copy_1222x1222-50x50.jpg 50w, https:\\\/\\\/webshop.annemiekoenen.com\\\/wp-content\\\/uploads\\\/sites\\\/2\\\/2022\\\/11\\\/20221105_133446_copy_1222x1222.jpg 1222w&quot;,&quot;sizes&quot;:&quot;(max-width: 416px) 100vw, 416px&quot;,&quot;full_src&quot;:&quot;https:\\\/\\\/webshop.annemiekoenen.com\\\/wp-content\\\/uploads\\\/sites\\\/2\\\/2022\\\/11\\\/20221105_133446_copy_1222x1222.jpg&quot;,&quot;full_src_w&quot;:1222,&quot;full_src_h&quot;:1222,&quot;gallery_thumbnail_src&quot;:&quot;https:\\\/\\\/webshop.annemiekoenen.com\\\/wp-content\\\/uploads\\\/sites\\\/2\\\/2022\\\/11\\\/20221105_133446_copy_1222x1222-100x100.jpg&quot;,&quot;gallery_thumbnail_src_w&quot;:100,&quot;gallery_thumbnail_src_h&quot;:100,&quot;thumb_src&quot;:&quot;https:\\\/\\\/webshop.annemiekoenen.com\\\/wp-content\\\/uploads\\\/sites\\\/2\\\/2022\\\/11\\\/20221105_133446_copy_1222x1222-324x324.jpg&quot;,&quot;thumb_src_w&quot;:324,&quot;thumb_src_h&quot;:324,&quot;src_w&quot;:416,&quot;src_h&quot;:416},&quot;image_id&quot;:8602,&quot;is_downloadable&quot;:false,&quot;is_in_stock&quot;:true,&quot;is_purchasable&quot;:true,&quot;is_sold_individually&quot;:&quot;no&quot;,&quot;is_virtual&quot;:false,&quot;max_qty&quot;:7,&quot;min_qty&quot;:1,&quot;price_html&quot;:&quot;&lt;span class=\\&quot;price\\&quot;&gt;&lt;span class=\\&quot;woocommerce-Price-amount amount\\&quot;&gt;&lt;bdi&gt;&lt;span class=\\&quot;woocommerce-Price-currencySymbol\\&quot; translate=\\&quot;no\\&quot;&gt;&amp;euro;&lt;\\\/span&gt;4.95&lt;\\\/bdi&gt;&lt;\\\/span&gt;&lt;\\\/span&gt;&quot;,&quot;sku&quot;:&quot;&quot;,&quot;variation_description&quot;:&quot;&lt;p&gt;20 clips pro packung &lt;\\\/p&gt;\\n&quot;,&quot;variation_id&quot;:8639,&quot;variation_is_active&quot;:true,&quot;variation_is_visible&quot;:true,&quot;weight&quot;:&quot;&quot;,&quot;weight_html&quot;:&quot;n.\\u00a0v.&quot;},{&quot;attributes&quot;:{&quot;attribute_pa_gereedschap-nat-vilten&quot;:&quot;pinch-schere-gold-klein-11cm&quot;},&quot;availability_html&quot;:&quot;&lt;p class=\\&quot;stock in-stock\\&quot;&gt;9 vorr\\u00e4tig&lt;\\\/p&gt;\\n&quot;,&quot;backorders_allowed&quot;:false,&quot;dimensions&quot;:{&quot;length&quot;:&quot;11&quot;,&quot;width&quot;:&quot;&quot;,&quot;height&quot;:&quot;&quot;},&quot;dimensions_html&quot;:&quot;11 cm&quot;,&quot;display_price&quot;:2.5,&quot;display_regular_price&quot;:2.5,&quot;gallery_image_ids&quot;:[],&quot;gallery_images_html&quot;:&quot;&quot;,&quot;image&quot;:{&quot;title&quot;:&quot;Knijpschaar 11 cm goud&quot;,&quot;caption&quot;:&quot;&quot;,&quot;url&quot;:&quot;https:\\\/\\\/webshop.annemiekoenen.com\\\/wp-content\\\/uploads\\\/sites\\\/2\\\/2021\\\/06\\\/Knijpschaar-11-cm-goud-scaled-e1623587559530.jpg&quot;,&quot;alt&quot;:&quot;Knijpschaar 11 cm goud&quot;,&quot;src&quot;:&quot;https:\\\/\\\/webshop.annemiekoenen.com\\\/wp-content\\\/uploads\\\/sites\\\/2\\\/2021\\\/06\\\/Knijpschaar-11-cm-goud-600x451.jpg&quot;,&quot;srcset&quot;:&quot;https:\\\/\\\/webshop.annemiekoenen.com\\\/wp-content\\\/uploads\\\/sites\\\/2\\\/2021\\\/06\\\/Knijpschaar-11-cm-goud-600x451.jpg 600w, https:\\\/\\\/webshop.annemiekoenen.com\\\/wp-content\\\/uploads\\\/sites\\\/2\\\/2021\\\/06\\\/Knijpschaar-11-cm-goud-300x225.jpg 300w, https:\\\/\\\/webshop.annemiekoenen.com\\\/wp-content\\\/uploads\\\/sites\\\/2\\\/2021\\\/06\\\/Knijpschaar-11-cm-goud-1024x769.jpg 1024w, https:\\\/\\\/webshop.annemiekoenen.com\\\/wp-content\\\/uploads\\\/sites\\\/2\\\/2021\\\/06\\\/Knijpschaar-11-cm-goud-768x577.jpg 768w, https:\\\/\\\/webshop.annemiekoenen.com\\\/wp-content\\\/uploads\\\/sites\\\/2\\\/2021\\\/06\\\/Knijpschaar-11-cm-goud-1536x1153.jpg 1536w, https:\\\/\\\/webshop.annemiekoenen.com\\\/wp-content\\\/uploads\\\/sites\\\/2\\\/2021\\\/06\\\/Knijpschaar-11-cm-goud-2048x1538.jpg 2048w&quot;,&quot;sizes&quot;:&quot;(max-width: 416px) 100vw, 416px&quot;,&quot;full_src&quot;:&quot;https:\\\/\\\/webshop.annemiekoenen.com\\\/wp-content\\\/uploads\\\/sites\\\/2\\\/2021\\\/06\\\/Knijpschaar-11-cm-goud-scaled-e1623587559530.jpg&quot;,&quot;full_src_w&quot;:2560,&quot;full_src_h&quot;:1922,&quot;gallery_thumbnail_src&quot;:&quot;https:\\\/\\\/webshop.annemiekoenen.com\\\/wp-content\\\/uploads\\\/sites\\\/2\\\/2021\\\/06\\\/Knijpschaar-11-cm-goud-100x100.jpg&quot;,&quot;gallery_thumbnail_src_w&quot;:100,&quot;gallery_thumbnail_src_h&quot;:100,&quot;thumb_src&quot;:&quot;https:\\\/\\\/webshop.annemiekoenen.com\\\/wp-content\\\/uploads\\\/sites\\\/2\\\/2021\\\/06\\\/Knijpschaar-11-cm-goud-scaled-e1623587559530-324x324.jpg&quot;,&quot;thumb_src_w&quot;:324,&quot;thumb_src_h&quot;:324,&quot;src_w&quot;:416,&quot;src_h&quot;:313},&quot;image_id&quot;:5298,&quot;is_downloadable&quot;:false,&quot;is_in_stock&quot;:true,&quot;is_purchasable&quot;:true,&quot;is_sold_individually&quot;:&quot;no&quot;,&quot;is_virtual&quot;:false,&quot;max_qty&quot;:9,&quot;min_qty&quot;:1,&quot;price_html&quot;:&quot;&lt;span class=\\&quot;price\\&quot;&gt;&lt;span class=\\&quot;woocommerce-Price-amount amount\\&quot;&gt;&lt;bdi&gt;&lt;span class=\\&quot;woocommerce-Price-currencySymbol\\&quot; translate=\\&quot;no\\&quot;&gt;&amp;euro;&lt;\\\/span&gt;2.50&lt;\\\/bdi&gt;&lt;\\\/span&gt;&lt;\\\/span&gt;&quot;,&quot;sku&quot;:&quot;20GN14&quot;,&quot;variation_description&quot;:&quot;&quot;,&quot;variation_id&quot;:5304,&quot;variation_is_active&quot;:true,&quot;variation_is_visible&quot;:true,&quot;weight&quot;:&quot;13&quot;,&quot;weight_html&quot;:&quot;13 g&quot;},{&quot;attributes&quot;:{&quot;attribute_pa_gereedschap-nat-vilten&quot;:&quot;vidaramamat&quot;},&quot;availability_html&quot;:&quot;&lt;p class=\\&quot;stock in-stock\\&quot;&gt;21 vorr\\u00e4tig&lt;\\\/p&gt;\\n&quot;,&quot;backorders_allowed&quot;:false,&quot;dimensions&quot;:{&quot;length&quot;:&quot;&quot;,&quot;width&quot;:&quot;&quot;,&quot;height&quot;:&quot;&quot;},&quot;dimensions_html&quot;:&quot;n.\\u00a0v.&quot;,&quot;display_price&quot;:16.5,&quot;display_regular_price&quot;:16.5,&quot;gallery_image_ids&quot;:[],&quot;gallery_images_html&quot;:&quot;&quot;,&quot;image&quot;:{&quot;title&quot;:&quot;20230420_172354&quot;,&quot;caption&quot;:&quot;&quot;,&quot;url&quot;:&quot;https:\\\/\\\/webshop.annemiekoenen.com\\\/wp-content\\\/uploads\\\/sites\\\/2\\\/2023\\\/05\\\/20230420_172354.jpg&quot;,&quot;alt&quot;:&quot;20230420_172354&quot;,&quot;src&quot;:&quot;https:\\\/\\\/webshop.annemiekoenen.com\\\/wp-content\\\/uploads\\\/sites\\\/2\\\/2023\\\/05\\\/20230420_172354-416x416.jpg&quot;,&quot;srcset&quot;:&quot;https:\\\/\\\/webshop.annemiekoenen.com\\\/wp-content\\\/uploads\\\/sites\\\/2\\\/2023\\\/05\\\/20230420_172354-416x416.jpg 416w, https:\\\/\\\/webshop.annemiekoenen.com\\\/wp-content\\\/uploads\\\/sites\\\/2\\\/2023\\\/05\\\/20230420_172354-300x300.jpg 300w, https:\\\/\\\/webshop.annemiekoenen.com\\\/wp-content\\\/uploads\\\/sites\\\/2\\\/2023\\\/05\\\/20230420_172354-1024x1024.jpg 1024w, https:\\\/\\\/webshop.annemiekoenen.com\\\/wp-content\\\/uploads\\\/sites\\\/2\\\/2023\\\/05\\\/20230420_172354-150x150.jpg 150w, https:\\\/\\\/webshop.annemiekoenen.com\\\/wp-content\\\/uploads\\\/sites\\\/2\\\/2023\\\/05\\\/20230420_172354-768x768.jpg 768w, https:\\\/\\\/webshop.annemiekoenen.com\\\/wp-content\\\/uploads\\\/sites\\\/2\\\/2023\\\/05\\\/20230420_172354-1536x1536.jpg 1536w, https:\\\/\\\/webshop.annemiekoenen.com\\\/wp-content\\\/uploads\\\/sites\\\/2\\\/2023\\\/05\\\/20230420_172354-324x324.jpg 324w, https:\\\/\\\/webshop.annemiekoenen.com\\\/wp-content\\\/uploads\\\/sites\\\/2\\\/2023\\\/05\\\/20230420_172354-100x100.jpg 100w, https:\\\/\\\/webshop.annemiekoenen.com\\\/wp-content\\\/uploads\\\/sites\\\/2\\\/2023\\\/05\\\/20230420_172354-50x50.jpg 50w, https:\\\/\\\/webshop.annemiekoenen.com\\\/wp-content\\\/uploads\\\/sites\\\/2\\\/2023\\\/05\\\/20230420_172354.jpg 1920w&quot;,&quot;sizes&quot;:&quot;(max-width: 416px) 100vw, 416px&quot;,&quot;full_src&quot;:&quot;https:\\\/\\\/webshop.annemiekoenen.com\\\/wp-content\\\/uploads\\\/sites\\\/2\\\/2023\\\/05\\\/20230420_172354.jpg&quot;,&quot;full_src_w&quot;:1920,&quot;full_src_h&quot;:1920,&quot;gallery_thumbnail_src&quot;:&quot;https:\\\/\\\/webshop.annemiekoenen.com\\\/wp-content\\\/uploads\\\/sites\\\/2\\\/2023\\\/05\\\/20230420_172354-100x100.jpg&quot;,&quot;gallery_thumbnail_src_w&quot;:100,&quot;gallery_thumbnail_src_h&quot;:100,&quot;thumb_src&quot;:&quot;https:\\\/\\\/webshop.annemiekoenen.com\\\/wp-content\\\/uploads\\\/sites\\\/2\\\/2023\\\/05\\\/20230420_172354-324x324.jpg&quot;,&quot;thumb_src_w&quot;:324,&quot;thumb_src_h&quot;:324,&quot;src_w&quot;:416,&quot;src_h&quot;:416},&quot;image_id&quot;:9580,&quot;is_downloadable&quot;:false,&quot;is_in_stock&quot;:true,&quot;is_purchasable&quot;:true,&quot;is_sold_individually&quot;:&quot;no&quot;,&quot;is_virtual&quot;:false,&quot;max_qty&quot;:21,&quot;min_qty&quot;:1,&quot;price_html&quot;:&quot;&lt;span class=\\&quot;price\\&quot;&gt;&lt;span class=\\&quot;woocommerce-Price-amount amount\\&quot;&gt;&lt;bdi&gt;&lt;span class=\\&quot;woocommerce-Price-currencySymbol\\&quot; translate=\\&quot;no\\&quot;&gt;&amp;euro;&lt;\\\/span&gt;16.50&lt;\\\/bdi&gt;&lt;\\\/span&gt;&lt;\\\/span&gt;&quot;,&quot;sku&quot;:&quot;&quot;,&quot;variation_description&quot;:&quot;&quot;,&quot;variation_id&quot;:9585,&quot;variation_is_active&quot;:true,&quot;variation_is_visible&quot;:true,&quot;weight&quot;:&quot;&quot;,&quot;weight_html&quot;:&quot;n.\\u00a0v.&quot;},{&quot;attributes&quot;:{&quot;attribute_pa_gereedschap-nat-vilten&quot;:&quot;balldusche-blau&quot;},&quot;availability_html&quot;:&quot;&lt;p class=\\&quot;stock in-stock\\&quot;&gt;4 vorr\\u00e4tig&lt;\\\/p&gt;\\n&quot;,&quot;backorders_allowed&quot;:false,&quot;dimensions&quot;:{&quot;length&quot;:&quot;&quot;,&quot;width&quot;:&quot;&quot;,&quot;height&quot;:&quot;&quot;},&quot;dimensions_html&quot;:&quot;n.\\u00a0v.&quot;,&quot;display_price&quot;:15,&quot;display_regular_price&quot;:15,&quot;gallery_image_ids&quot;:[],&quot;gallery_images_html&quot;:&quot;&quot;,&quot;image&quot;:{&quot;title&quot;:&quot;Baldouches&quot;,&quot;caption&quot;:&quot;&quot;,&quot;url&quot;:&quot;https:\\\/\\\/webshop.annemiekoenen.com\\\/wp-content\\\/uploads\\\/sites\\\/2\\\/2021\\\/03\\\/Baldouches-scaled-e1615464589144.jpg&quot;,&quot;alt&quot;:&quot;Baldouches&quot;,&quot;src&quot;:&quot;https:\\\/\\\/webshop.annemiekoenen.com\\\/wp-content\\\/uploads\\\/sites\\\/2\\\/2021\\\/03\\\/Baldouches-scaled-e1615464589144-600x450.jpg&quot;,&quot;srcset&quot;:&quot;https:\\\/\\\/webshop.annemiekoenen.com\\\/wp-content\\\/uploads\\\/sites\\\/2\\\/2021\\\/03\\\/Baldouches-scaled-e1615464589144-600x450.jpg 600w, https:\\\/\\\/webshop.annemiekoenen.com\\\/wp-content\\\/uploads\\\/sites\\\/2\\\/2021\\\/03\\\/Baldouches-scaled-e1615464589144-300x225.jpg 300w, https:\\\/\\\/webshop.annemiekoenen.com\\\/wp-content\\\/uploads\\\/sites\\\/2\\\/2021\\\/03\\\/Baldouches-scaled-e1615464589144-1024x768.jpg 1024w, https:\\\/\\\/webshop.annemiekoenen.com\\\/wp-content\\\/uploads\\\/sites\\\/2\\\/2021\\\/03\\\/Baldouches-scaled-e1615464589144-768x576.jpg 768w, https:\\\/\\\/webshop.annemiekoenen.com\\\/wp-content\\\/uploads\\\/sites\\\/2\\\/2021\\\/03\\\/Baldouches-scaled-e1615464589144-1536x1152.jpg 1536w, https:\\\/\\\/webshop.annemiekoenen.com\\\/wp-content\\\/uploads\\\/sites\\\/2\\\/2021\\\/03\\\/Baldouches-scaled-e1615464589144.jpg 1971w&quot;,&quot;sizes&quot;:&quot;(max-width: 416px) 100vw, 416px&quot;,&quot;full_src&quot;:&quot;https:\\\/\\\/webshop.annemiekoenen.com\\\/wp-content\\\/uploads\\\/sites\\\/2\\\/2021\\\/03\\\/Baldouches-scaled-e1615464589144.jpg&quot;,&quot;full_src_w&quot;:1971,&quot;full_src_h&quot;:1478,&quot;gallery_thumbnail_src&quot;:&quot;https:\\\/\\\/webshop.annemiekoenen.com\\\/wp-content\\\/uploads\\\/sites\\\/2\\\/2021\\\/03\\\/Baldouches-scaled-e1615464589144-100x100.jpg&quot;,&quot;gallery_thumbnail_src_w&quot;:100,&quot;gallery_thumbnail_src_h&quot;:100,&quot;thumb_src&quot;:&quot;https:\\\/\\\/webshop.annemiekoenen.com\\\/wp-content\\\/uploads\\\/sites\\\/2\\\/2021\\\/03\\\/Baldouches-scaled-e1615464589144-324x324.jpg&quot;,&quot;thumb_src_w&quot;:324,&quot;thumb_src_h&quot;:324,&quot;src_w&quot;:416,&quot;src_h&quot;:312},&quot;image_id&quot;:1352,&quot;is_downloadable&quot;:false,&quot;is_in_stock&quot;:true,&quot;is_purchasable&quot;:true,&quot;is_sold_individually&quot;:&quot;no&quot;,&quot;is_virtual&quot;:false,&quot;max_qty&quot;:4,&quot;min_qty&quot;:1,&quot;price_html&quot;:&quot;&lt;span class=\\&quot;price\\&quot;&gt;&lt;span class=\\&quot;woocommerce-Price-amount amount\\&quot;&gt;&lt;bdi&gt;&lt;span class=\\&quot;woocommerce-Price-currencySymbol\\&quot; translate=\\&quot;no\\&quot;&gt;&amp;euro;&lt;\\\/span&gt;15.00&lt;\\\/bdi&gt;&lt;\\\/span&gt;&lt;\\\/span&gt;&quot;,&quot;sku&quot;:&quot;20GN01&quot;,&quot;variation_description&quot;:&quot;&quot;,&quot;variation_id&quot;:4223,&quot;variation_is_active&quot;:true,&quot;variation_is_visible&quot;:true,&quot;weight&quot;:&quot;115&quot;,&quot;weight_html&quot;:&quot;115 g&quot;},{&quot;attributes&quot;:{&quot;attribute_pa_gereedschap-nat-vilten&quot;:&quot;pinch-schere-lila-klein-11cm&quot;},&quot;availability_html&quot;:&quot;&lt;p class=\\&quot;stock in-stock\\&quot;&gt;5 vorr\\u00e4tig&lt;\\\/p&gt;\\n&quot;,&quot;backorders_allowed&quot;:false,&quot;dimensions&quot;:{&quot;length&quot;:&quot;11&quot;,&quot;width&quot;:&quot;&quot;,&quot;height&quot;:&quot;&quot;},&quot;dimensions_html&quot;:&quot;11 cm&quot;,&quot;display_price&quot;:3.5,&quot;display_regular_price&quot;:3.5,&quot;gallery_image_ids&quot;:[],&quot;gallery_images_html&quot;:&quot;&quot;,&quot;image&quot;:{&quot;title&quot;:&quot;Knijpschaar 11 cm paars&quot;,&quot;caption&quot;:&quot;&quot;,&quot;url&quot;:&quot;https:\\\/\\\/webshop.annemiekoenen.com\\\/wp-content\\\/uploads\\\/sites\\\/2\\\/2021\\\/06\\\/Knijpschaar-11-cm-paars-scaled-e1623587457549.jpg&quot;,&quot;alt&quot;:&quot;Knijpschaar 11 cm paars&quot;,&quot;src&quot;:&quot;https:\\\/\\\/webshop.annemiekoenen.com\\\/wp-content\\\/uploads\\\/sites\\\/2\\\/2021\\\/06\\\/Knijpschaar-11-cm-paars-600x451.jpg&quot;,&quot;srcset&quot;:&quot;https:\\\/\\\/webshop.annemiekoenen.com\\\/wp-content\\\/uploads\\\/sites\\\/2\\\/2021\\\/06\\\/Knijpschaar-11-cm-paars-600x451.jpg 600w, https:\\\/\\\/webshop.annemiekoenen.com\\\/wp-content\\\/uploads\\\/sites\\\/2\\\/2021\\\/06\\\/Knijpschaar-11-cm-paars-300x225.jpg 300w, https:\\\/\\\/webshop.annemiekoenen.com\\\/wp-content\\\/uploads\\\/sites\\\/2\\\/2021\\\/06\\\/Knijpschaar-11-cm-paars-1024x769.jpg 1024w, https:\\\/\\\/webshop.annemiekoenen.com\\\/wp-content\\\/uploads\\\/sites\\\/2\\\/2021\\\/06\\\/Knijpschaar-11-cm-paars-768x577.jpg 768w, https:\\\/\\\/webshop.annemiekoenen.com\\\/wp-content\\\/uploads\\\/sites\\\/2\\\/2021\\\/06\\\/Knijpschaar-11-cm-paars-1536x1153.jpg 1536w, https:\\\/\\\/webshop.annemiekoenen.com\\\/wp-content\\\/uploads\\\/sites\\\/2\\\/2021\\\/06\\\/Knijpschaar-11-cm-paars-2048x1538.jpg 2048w&quot;,&quot;sizes&quot;:&quot;(max-width: 416px) 100vw, 416px&quot;,&quot;full_src&quot;:&quot;https:\\\/\\\/webshop.annemiekoenen.com\\\/wp-content\\\/uploads\\\/sites\\\/2\\\/2021\\\/06\\\/Knijpschaar-11-cm-paars-scaled-e1623587457549.jpg&quot;,&quot;full_src_w&quot;:2560,&quot;full_src_h&quot;:1922,&quot;gallery_thumbnail_src&quot;:&quot;https:\\\/\\\/webshop.annemiekoenen.com\\\/wp-content\\\/uploads\\\/sites\\\/2\\\/2021\\\/06\\\/Knijpschaar-11-cm-paars-100x100.jpg&quot;,&quot;gallery_thumbnail_src_w&quot;:100,&quot;gallery_thumbnail_src_h&quot;:100,&quot;thumb_src&quot;:&quot;https:\\\/\\\/webshop.annemiekoenen.com\\\/wp-content\\\/uploads\\\/sites\\\/2\\\/2021\\\/06\\\/Knijpschaar-11-cm-paars-scaled-e1623587457549-324x324.jpg&quot;,&quot;thumb_src_w&quot;:324,&quot;thumb_src_h&quot;:324,&quot;src_w&quot;:416,&quot;src_h&quot;:313},&quot;image_id&quot;:5295,&quot;is_downloadable&quot;:false,&quot;is_in_stock&quot;:true,&quot;is_purchasable&quot;:true,&quot;is_sold_individually&quot;:&quot;no&quot;,&quot;is_virtual&quot;:false,&quot;max_qty&quot;:5,&quot;min_qty&quot;:1,&quot;price_html&quot;:&quot;&lt;span class=\\&quot;price\\&quot;&gt;&lt;span class=\\&quot;woocommerce-Price-amount amount\\&quot;&gt;&lt;bdi&gt;&lt;span class=\\&quot;woocommerce-Price-currencySymbol\\&quot; translate=\\&quot;no\\&quot;&gt;&amp;euro;&lt;\\\/span&gt;3.50&lt;\\\/bdi&gt;&lt;\\\/span&gt;&lt;\\\/span&gt;&quot;,&quot;sku&quot;:&quot;20GN15&quot;,&quot;variation_description&quot;:&quot;&quot;,&quot;variation_id&quot;:5305,&quot;variation_is_active&quot;:true,&quot;variation_is_visible&quot;:true,&quot;weight&quot;:&quot;16&quot;,&quot;weight_html&quot;:&quot;16 g&quot;},{&quot;attributes&quot;:{&quot;attribute_pa_gereedschap-nat-vilten&quot;:&quot;balldusche-grun&quot;},&quot;availability_html&quot;:&quot;&lt;p class=\\&quot;stock in-stock\\&quot;&gt;5 vorr\\u00e4tig&lt;\\\/p&gt;\\n&quot;,&quot;backorders_allowed&quot;:false,&quot;dimensions&quot;:{&quot;length&quot;:&quot;&quot;,&quot;width&quot;:&quot;&quot;,&quot;height&quot;:&quot;&quot;},&quot;dimensions_html&quot;:&quot;n.\\u00a0v.&quot;,&quot;display_price&quot;:15,&quot;display_regular_price&quot;:15,&quot;gallery_image_ids&quot;:[],&quot;gallery_images_html&quot;:&quot;&quot;,&quot;image&quot;:{&quot;title&quot;:&quot;Baldouches&quot;,&quot;caption&quot;:&quot;&quot;,&quot;url&quot;:&quot;https:\\\/\\\/webshop.annemiekoenen.com\\\/wp-content\\\/uploads\\\/sites\\\/2\\\/2021\\\/03\\\/Baldouches-scaled-e1615464589144.jpg&quot;,&quot;alt&quot;:&quot;Baldouches&quot;,&quot;src&quot;:&quot;https:\\\/\\\/webshop.annemiekoenen.com\\\/wp-content\\\/uploads\\\/sites\\\/2\\\/2021\\\/03\\\/Baldouches-scaled-e1615464589144-600x450.jpg&quot;,&quot;srcset&quot;:&quot;https:\\\/\\\/webshop.annemiekoenen.com\\\/wp-content\\\/uploads\\\/sites\\\/2\\\/2021\\\/03\\\/Baldouches-scaled-e1615464589144-600x450.jpg 600w, https:\\\/\\\/webshop.annemiekoenen.com\\\/wp-content\\\/uploads\\\/sites\\\/2\\\/2021\\\/03\\\/Baldouches-scaled-e1615464589144-300x225.jpg 300w, https:\\\/\\\/webshop.annemiekoenen.com\\\/wp-content\\\/uploads\\\/sites\\\/2\\\/2021\\\/03\\\/Baldouches-scaled-e1615464589144-1024x768.jpg 1024w, https:\\\/\\\/webshop.annemiekoenen.com\\\/wp-content\\\/uploads\\\/sites\\\/2\\\/2021\\\/03\\\/Baldouches-scaled-e1615464589144-768x576.jpg 768w, https:\\\/\\\/webshop.annemiekoenen.com\\\/wp-content\\\/uploads\\\/sites\\\/2\\\/2021\\\/03\\\/Baldouches-scaled-e1615464589144-1536x1152.jpg 1536w, https:\\\/\\\/webshop.annemiekoenen.com\\\/wp-content\\\/uploads\\\/sites\\\/2\\\/2021\\\/03\\\/Baldouches-scaled-e1615464589144.jpg 1971w&quot;,&quot;sizes&quot;:&quot;(max-width: 416px) 100vw, 416px&quot;,&quot;full_src&quot;:&quot;https:\\\/\\\/webshop.annemiekoenen.com\\\/wp-content\\\/uploads\\\/sites\\\/2\\\/2021\\\/03\\\/Baldouches-scaled-e1615464589144.jpg&quot;,&quot;full_src_w&quot;:1971,&quot;full_src_h&quot;:1478,&quot;gallery_thumbnail_src&quot;:&quot;https:\\\/\\\/webshop.annemiekoenen.com\\\/wp-content\\\/uploads\\\/sites\\\/2\\\/2021\\\/03\\\/Baldouches-scaled-e1615464589144-100x100.jpg&quot;,&quot;gallery_thumbnail_src_w&quot;:100,&quot;gallery_thumbnail_src_h&quot;:100,&quot;thumb_src&quot;:&quot;https:\\\/\\\/webshop.annemiekoenen.com\\\/wp-content\\\/uploads\\\/sites\\\/2\\\/2021\\\/03\\\/Baldouches-scaled-e1615464589144-324x324.jpg&quot;,&quot;thumb_src_w&quot;:324,&quot;thumb_src_h&quot;:324,&quot;src_w&quot;:416,&quot;src_h&quot;:312},&quot;image_id&quot;:1352,&quot;is_downloadable&quot;:false,&quot;is_in_stock&quot;:true,&quot;is_purchasable&quot;:true,&quot;is_sold_individually&quot;:&quot;no&quot;,&quot;is_virtual&quot;:false,&quot;max_qty&quot;:5,&quot;min_qty&quot;:1,&quot;price_html&quot;:&quot;&lt;span class=\\&quot;price\\&quot;&gt;&lt;span class=\\&quot;woocommerce-Price-amount amount\\&quot;&gt;&lt;bdi&gt;&lt;span class=\\&quot;woocommerce-Price-currencySymbol\\&quot; translate=\\&quot;no\\&quot;&gt;&amp;euro;&lt;\\\/span&gt;15.00&lt;\\\/bdi&gt;&lt;\\\/span&gt;&lt;\\\/span&gt;&quot;,&quot;sku&quot;:&quot;20GN02&quot;,&quot;variation_description&quot;:&quot;&quot;,&quot;variation_id&quot;:4224,&quot;variation_is_active&quot;:true,&quot;variation_is_visible&quot;:true,&quot;weight&quot;:&quot;116&quot;,&quot;weight_html&quot;:&quot;116 g&quot;},{&quot;attributes&quot;:{&quot;attribute_pa_gereedschap-nat-vilten&quot;:&quot;olivenseife&quot;},&quot;availability_html&quot;:&quot;&lt;p class=\\&quot;stock in-stock\\&quot;&gt;16 vorr\\u00e4tig&lt;\\\/p&gt;\\n&quot;,&quot;backorders_allowed&quot;:false,&quot;dimensions&quot;:{&quot;length&quot;:&quot;&quot;,&quot;width&quot;:&quot;&quot;,&quot;height&quot;:&quot;&quot;},&quot;dimensions_html&quot;:&quot;n.\\u00a0v.&quot;,&quot;display_price&quot;:3.95,&quot;display_regular_price&quot;:3.95,&quot;gallery_image_ids&quot;:[],&quot;gallery_images_html&quot;:&quot;&quot;,&quot;image&quot;:{&quot;title&quot;:&quot;Olijfzeep&quot;,&quot;caption&quot;:&quot;&quot;,&quot;url&quot;:&quot;https:\\\/\\\/webshop.annemiekoenen.com\\\/wp-content\\\/uploads\\\/sites\\\/2\\\/2021\\\/03\\\/Olijfzeep-scaled-e1615464730556.jpg&quot;,&quot;alt&quot;:&quot;Olijfzeep&quot;,&quot;src&quot;:&quot;https:\\\/\\\/webshop.annemiekoenen.com\\\/wp-content\\\/uploads\\\/sites\\\/2\\\/2021\\\/03\\\/Olijfzeep-scaled-e1615464730556-600x450.jpg&quot;,&quot;srcset&quot;:&quot;https:\\\/\\\/webshop.annemiekoenen.com\\\/wp-content\\\/uploads\\\/sites\\\/2\\\/2021\\\/03\\\/Olijfzeep-scaled-e1615464730556-600x450.jpg 600w, https:\\\/\\\/webshop.annemiekoenen.com\\\/wp-content\\\/uploads\\\/sites\\\/2\\\/2021\\\/03\\\/Olijfzeep-scaled-e1615464730556-300x225.jpg 300w, https:\\\/\\\/webshop.annemiekoenen.com\\\/wp-content\\\/uploads\\\/sites\\\/2\\\/2021\\\/03\\\/Olijfzeep-scaled-e1615464730556-1024x769.jpg 1024w, https:\\\/\\\/webshop.annemiekoenen.com\\\/wp-content\\\/uploads\\\/sites\\\/2\\\/2021\\\/03\\\/Olijfzeep-scaled-e1615464730556-768x577.jpg 768w, https:\\\/\\\/webshop.annemiekoenen.com\\\/wp-content\\\/uploads\\\/sites\\\/2\\\/2021\\\/03\\\/Olijfzeep-scaled-e1615464730556-1536x1153.jpg 1536w, https:\\\/\\\/webshop.annemiekoenen.com\\\/wp-content\\\/uploads\\\/sites\\\/2\\\/2021\\\/03\\\/Olijfzeep-scaled-e1615464730556.jpg 1849w&quot;,&quot;sizes&quot;:&quot;(max-width: 416px) 100vw, 416px&quot;,&quot;full_src&quot;:&quot;https:\\\/\\\/webshop.annemiekoenen.com\\\/wp-content\\\/uploads\\\/sites\\\/2\\\/2021\\\/03\\\/Olijfzeep-scaled-e1615464730556.jpg&quot;,&quot;full_src_w&quot;:1849,&quot;full_src_h&quot;:1388,&quot;gallery_thumbnail_src&quot;:&quot;https:\\\/\\\/webshop.annemiekoenen.com\\\/wp-content\\\/uploads\\\/sites\\\/2\\\/2021\\\/03\\\/Olijfzeep-scaled-e1615464730556-100x100.jpg&quot;,&quot;gallery_thumbnail_src_w&quot;:100,&quot;gallery_thumbnail_src_h&quot;:100,&quot;thumb_src&quot;:&quot;https:\\\/\\\/webshop.annemiekoenen.com\\\/wp-content\\\/uploads\\\/sites\\\/2\\\/2021\\\/03\\\/Olijfzeep-scaled-e1615464730556-324x324.jpg&quot;,&quot;thumb_src_w&quot;:324,&quot;thumb_src_h&quot;:324,&quot;src_w&quot;:416,&quot;src_h&quot;:312},&quot;image_id&quot;:1355,&quot;is_downloadable&quot;:false,&quot;is_in_stock&quot;:true,&quot;is_purchasable&quot;:true,&quot;is_sold_individually&quot;:&quot;no&quot;,&quot;is_virtual&quot;:false,&quot;max_qty&quot;:16,&quot;min_qty&quot;:1,&quot;price_html&quot;:&quot;&lt;span class=\\&quot;price\\&quot;&gt;&lt;span class=\\&quot;woocommerce-Price-amount amount\\&quot;&gt;&lt;bdi&gt;&lt;span class=\\&quot;woocommerce-Price-currencySymbol\\&quot; translate=\\&quot;no\\&quot;&gt;&amp;euro;&lt;\\\/span&gt;3.95&lt;\\\/bdi&gt;&lt;\\\/span&gt;&lt;\\\/span&gt;&quot;,&quot;sku&quot;:&quot;20GN04&quot;,&quot;variation_description&quot;:&quot;&quot;,&quot;variation_id&quot;:4226,&quot;variation_is_active&quot;:true,&quot;variation_is_visible&quot;:true,&quot;weight&quot;:&quot;144&quot;,&quot;weight_html&quot;:&quot;144 g&quot;},{&quot;attributes&quot;:{&quot;attribute_pa_gereedschap-nat-vilten&quot;:&quot;prickelfilz&quot;},&quot;availability_html&quot;:&quot;&lt;p class=\\&quot;stock in-stock\\&quot;&gt;2 vorr\\u00e4tig&lt;\\\/p&gt;\\n&quot;,&quot;backorders_allowed&quot;:false,&quot;dimensions&quot;:{&quot;length&quot;:&quot;80&quot;,&quot;width&quot;:&quot;50&quot;,&quot;height&quot;:&quot;&quot;},&quot;dimensions_html&quot;:&quot;80 &amp;times; 50 cm&quot;,&quot;display_price&quot;:25,&quot;display_regular_price&quot;:25,&quot;gallery_image_ids&quot;:[],&quot;gallery_images_html&quot;:&quot;&quot;,&quot;image&quot;:{&quot;title&quot;:&quot;Viltmat 2&quot;,&quot;caption&quot;:&quot;&quot;,&quot;url&quot;:&quot;https:\\\/\\\/webshop.annemiekoenen.com\\\/wp-content\\\/uploads\\\/sites\\\/2\\\/2021\\\/03\\\/Viltmat-2-scaled-e1615464881943.jpg&quot;,&quot;alt&quot;:&quot;Viltmat 2&quot;,&quot;src&quot;:&quot;https:\\\/\\\/webshop.annemiekoenen.com\\\/wp-content\\\/uploads\\\/sites\\\/2\\\/2021\\\/03\\\/Viltmat-2-scaled-e1615464881943-600x346.jpg&quot;,&quot;srcset&quot;:&quot;https:\\\/\\\/webshop.annemiekoenen.com\\\/wp-content\\\/uploads\\\/sites\\\/2\\\/2021\\\/03\\\/Viltmat-2-scaled-e1615464881943-600x346.jpg 600w, https:\\\/\\\/webshop.annemiekoenen.com\\\/wp-content\\\/uploads\\\/sites\\\/2\\\/2021\\\/03\\\/Viltmat-2-scaled-e1615464881943-300x173.jpg 300w, https:\\\/\\\/webshop.annemiekoenen.com\\\/wp-content\\\/uploads\\\/sites\\\/2\\\/2021\\\/03\\\/Viltmat-2-scaled-e1615464881943-1024x591.jpg 1024w, https:\\\/\\\/webshop.annemiekoenen.com\\\/wp-content\\\/uploads\\\/sites\\\/2\\\/2021\\\/03\\\/Viltmat-2-scaled-e1615464881943-768x443.jpg 768w, https:\\\/\\\/webshop.annemiekoenen.com\\\/wp-content\\\/uploads\\\/sites\\\/2\\\/2021\\\/03\\\/Viltmat-2-scaled-e1615464881943-1536x887.jpg 1536w, https:\\\/\\\/webshop.annemiekoenen.com\\\/wp-content\\\/uploads\\\/sites\\\/2\\\/2021\\\/03\\\/Viltmat-2-scaled-e1615464881943-2048x1182.jpg 2048w&quot;,&quot;sizes&quot;:&quot;(max-width: 416px) 100vw, 416px&quot;,&quot;full_src&quot;:&quot;https:\\\/\\\/webshop.annemiekoenen.com\\\/wp-content\\\/uploads\\\/sites\\\/2\\\/2021\\\/03\\\/Viltmat-2-scaled-e1615464881943.jpg&quot;,&quot;full_src_w&quot;:2150,&quot;full_src_h&quot;:1241,&quot;gallery_thumbnail_src&quot;:&quot;https:\\\/\\\/webshop.annemiekoenen.com\\\/wp-content\\\/uploads\\\/sites\\\/2\\\/2021\\\/03\\\/Viltmat-2-scaled-e1615464881943-100x100.jpg&quot;,&quot;gallery_thumbnail_src_w&quot;:100,&quot;gallery_thumbnail_src_h&quot;:100,&quot;thumb_src&quot;:&quot;https:\\\/\\\/webshop.annemiekoenen.com\\\/wp-content\\\/uploads\\\/sites\\\/2\\\/2021\\\/03\\\/Viltmat-2-scaled-e1615464881943-324x324.jpg&quot;,&quot;thumb_src_w&quot;:324,&quot;thumb_src_h&quot;:324,&quot;src_w&quot;:416,&quot;src_h&quot;:240},&quot;image_id&quot;:1358,&quot;is_downloadable&quot;:false,&quot;is_in_stock&quot;:true,&quot;is_purchasable&quot;:true,&quot;is_sold_individually&quot;:&quot;no&quot;,&quot;is_virtual&quot;:false,&quot;max_qty&quot;:2,&quot;min_qty&quot;:1,&quot;price_html&quot;:&quot;&lt;span class=\\&quot;price\\&quot;&gt;&lt;span class=\\&quot;woocommerce-Price-amount amount\\&quot;&gt;&lt;bdi&gt;&lt;span class=\\&quot;woocommerce-Price-currencySymbol\\&quot; translate=\\&quot;no\\&quot;&gt;&amp;euro;&lt;\\\/span&gt;25.00&lt;\\\/bdi&gt;&lt;\\\/span&gt;&lt;\\\/span&gt;&quot;,&quot;sku&quot;:&quot;20GN05&quot;,&quot;variation_description&quot;:&quot;&lt;p&gt;50 x 80 cm&lt;\\\/p&gt;\\n&quot;,&quot;variation_id&quot;:4227,&quot;variation_is_active&quot;:true,&quot;variation_is_visible&quot;:true,&quot;weight&quot;:&quot;1216&quot;,&quot;weight_html&quot;:&quot;1216 g&quot;},{&quot;attributes&quot;:{&quot;attribute_pa_gereedschap-nat-vilten&quot;:&quot;anti-rutsch-matte&quot;},&quot;availability_html&quot;:&quot;&lt;p class=\\&quot;stock in-stock\\&quot;&gt;16 vorr\\u00e4tig&lt;\\\/p&gt;\\n&quot;,&quot;backorders_allowed&quot;:false,&quot;dimensions&quot;:{&quot;length&quot;:&quot;125&quot;,&quot;width&quot;:&quot;45&quot;,&quot;height&quot;:&quot;&quot;},&quot;dimensions_html&quot;:&quot;125 &amp;times; 45 cm&quot;,&quot;display_price&quot;:3.3,&quot;display_regular_price&quot;:3.3,&quot;gallery_image_ids&quot;:[],&quot;gallery_images_html&quot;:&quot;&quot;,&quot;image&quot;:{&quot;title&quot;:&quot;Anti-slip mat&quot;,&quot;caption&quot;:&quot;&quot;,&quot;url&quot;:&quot;https:\\\/\\\/webshop.annemiekoenen.com\\\/wp-content\\\/uploads\\\/sites\\\/2\\\/2021\\\/03\\\/Anti-slip-mat-scaled-e1615464992335.jpg&quot;,&quot;alt&quot;:&quot;Anti-slip mat&quot;,&quot;src&quot;:&quot;https:\\\/\\\/webshop.annemiekoenen.com\\\/wp-content\\\/uploads\\\/sites\\\/2\\\/2021\\\/03\\\/Anti-slip-mat-scaled-e1615464992335-600x450.jpg&quot;,&quot;srcset&quot;:&quot;https:\\\/\\\/webshop.annemiekoenen.com\\\/wp-content\\\/uploads\\\/sites\\\/2\\\/2021\\\/03\\\/Anti-slip-mat-scaled-e1615464992335-600x450.jpg 600w, https:\\\/\\\/webshop.annemiekoenen.com\\\/wp-content\\\/uploads\\\/sites\\\/2\\\/2021\\\/03\\\/Anti-slip-mat-scaled-e1615464992335-300x225.jpg 300w, https:\\\/\\\/webshop.annemiekoenen.com\\\/wp-content\\\/uploads\\\/sites\\\/2\\\/2021\\\/03\\\/Anti-slip-mat-scaled-e1615464992335-1024x769.jpg 1024w, https:\\\/\\\/webshop.annemiekoenen.com\\\/wp-content\\\/uploads\\\/sites\\\/2\\\/2021\\\/03\\\/Anti-slip-mat-scaled-e1615464992335-768x577.jpg 768w, https:\\\/\\\/webshop.annemiekoenen.com\\\/wp-content\\\/uploads\\\/sites\\\/2\\\/2021\\\/03\\\/Anti-slip-mat-scaled-e1615464992335-1536x1153.jpg 1536w, https:\\\/\\\/webshop.annemiekoenen.com\\\/wp-content\\\/uploads\\\/sites\\\/2\\\/2021\\\/03\\\/Anti-slip-mat-scaled-e1615464992335-2048x1538.jpg 2048w&quot;,&quot;sizes&quot;:&quot;(max-width: 416px) 100vw, 416px&quot;,&quot;full_src&quot;:&quot;https:\\\/\\\/webshop.annemiekoenen.com\\\/wp-content\\\/uploads\\\/sites\\\/2\\\/2021\\\/03\\\/Anti-slip-mat-scaled-e1615464992335.jpg&quot;,&quot;full_src_w&quot;:2560,&quot;full_src_h&quot;:1922,&quot;gallery_thumbnail_src&quot;:&quot;https:\\\/\\\/webshop.annemiekoenen.com\\\/wp-content\\\/uploads\\\/sites\\\/2\\\/2021\\\/03\\\/Anti-slip-mat-scaled-e1615464992335-100x100.jpg&quot;,&quot;gallery_thumbnail_src_w&quot;:100,&quot;gallery_thumbnail_src_h&quot;:100,&quot;thumb_src&quot;:&quot;https:\\\/\\\/webshop.annemiekoenen.com\\\/wp-content\\\/uploads\\\/sites\\\/2\\\/2021\\\/03\\\/Anti-slip-mat-scaled-e1615464992335-324x324.jpg&quot;,&quot;thumb_src_w&quot;:324,&quot;thumb_src_h&quot;:324,&quot;src_w&quot;:416,&quot;src_h&quot;:312},&quot;image_id&quot;:1361,&quot;is_downloadable&quot;:false,&quot;is_in_stock&quot;:true,&quot;is_purchasable&quot;:true,&quot;is_sold_individually&quot;:&quot;no&quot;,&quot;is_virtual&quot;:false,&quot;max_qty&quot;:16,&quot;min_qty&quot;:1,&quot;price_html&quot;:&quot;&lt;span class=\\&quot;price\\&quot;&gt;&lt;span class=\\&quot;woocommerce-Price-amount amount\\&quot;&gt;&lt;bdi&gt;&lt;span class=\\&quot;woocommerce-Price-currencySymbol\\&quot; translate=\\&quot;no\\&quot;&gt;&amp;euro;&lt;\\\/span&gt;3.30&lt;\\\/bdi&gt;&lt;\\\/span&gt;&lt;\\\/span&gt;&quot;,&quot;sku&quot;:&quot;20GN06&quot;,&quot;variation_description&quot;:&quot;&lt;p&gt;125&amp;#215;45 cm&lt;br \\\/&gt;\\nVerschiedene Farben 180&amp;#215;60&lt;\\\/p&gt;\\n&quot;,&quot;variation_id&quot;:4230,&quot;variation_is_active&quot;:true,&quot;variation_is_visible&quot;:true,&quot;weight&quot;:&quot;234&quot;,&quot;weight_html&quot;:&quot;234 g&quot;},{&quot;attributes&quot;:{&quot;attribute_pa_gereedschap-nat-vilten&quot;:&quot;grose-anti-rutsch-matte-ohne-aufdruck&quot;},&quot;availability_html&quot;:&quot;&lt;p class=\\&quot;stock in-stock\\&quot;&gt;4 vorr\\u00e4tig&lt;\\\/p&gt;\\n&quot;,&quot;backorders_allowed&quot;:false,&quot;dimensions&quot;:{&quot;length&quot;:&quot;180&quot;,&quot;width&quot;:&quot;65&quot;,&quot;height&quot;:&quot;&quot;},&quot;dimensions_html&quot;:&quot;180 &amp;times; 65 cm&quot;,&quot;display_price&quot;:10.95,&quot;display_regular_price&quot;:10.95,&quot;gallery_image_ids&quot;:[],&quot;gallery_images_html&quot;:&quot;&quot;,&quot;image&quot;:{&quot;title&quot;:&quot;Anti-slip mat (groot) 1&quot;,&quot;caption&quot;:&quot;&quot;,&quot;url&quot;:&quot;https:\\\/\\\/webshop.annemiekoenen.com\\\/wp-content\\\/uploads\\\/sites\\\/2\\\/2021\\\/03\\\/Anti-slip-mat-groot-1-scaled-e1615465128426.jpg&quot;,&quot;alt&quot;:&quot;Anti-slip mat (groot) 1&quot;,&quot;src&quot;:&quot;https:\\\/\\\/webshop.annemiekoenen.com\\\/wp-content\\\/uploads\\\/sites\\\/2\\\/2021\\\/03\\\/Anti-slip-mat-groot-1-scaled-e1615465128426-600x450.jpg&quot;,&quot;srcset&quot;:&quot;https:\\\/\\\/webshop.annemiekoenen.com\\\/wp-content\\\/uploads\\\/sites\\\/2\\\/2021\\\/03\\\/Anti-slip-mat-groot-1-scaled-e1615465128426-600x450.jpg 600w, https:\\\/\\\/webshop.annemiekoenen.com\\\/wp-content\\\/uploads\\\/sites\\\/2\\\/2021\\\/03\\\/Anti-slip-mat-groot-1-scaled-e1615465128426-300x225.jpg 300w, https:\\\/\\\/webshop.annemiekoenen.com\\\/wp-content\\\/uploads\\\/sites\\\/2\\\/2021\\\/03\\\/Anti-slip-mat-groot-1-scaled-e1615465128426-768x576.jpg 768w, https:\\\/\\\/webshop.annemiekoenen.com\\\/wp-content\\\/uploads\\\/sites\\\/2\\\/2021\\\/03\\\/Anti-slip-mat-groot-1-scaled-e1615465128426.jpg 947w&quot;,&quot;sizes&quot;:&quot;(max-width: 416px) 100vw, 416px&quot;,&quot;full_src&quot;:&quot;https:\\\/\\\/webshop.annemiekoenen.com\\\/wp-content\\\/uploads\\\/sites\\\/2\\\/2021\\\/03\\\/Anti-slip-mat-groot-1-scaled-e1615465128426.jpg&quot;,&quot;full_src_w&quot;:947,&quot;full_src_h&quot;:710,&quot;gallery_thumbnail_src&quot;:&quot;https:\\\/\\\/webshop.annemiekoenen.com\\\/wp-content\\\/uploads\\\/sites\\\/2\\\/2021\\\/03\\\/Anti-slip-mat-groot-1-scaled-e1615465128426-100x100.jpg&quot;,&quot;gallery_thumbnail_src_w&quot;:100,&quot;gallery_thumbnail_src_h&quot;:100,&quot;thumb_src&quot;:&quot;https:\\\/\\\/webshop.annemiekoenen.com\\\/wp-content\\\/uploads\\\/sites\\\/2\\\/2021\\\/03\\\/Anti-slip-mat-groot-1-scaled-e1615465128426-324x324.jpg&quot;,&quot;thumb_src_w&quot;:324,&quot;thumb_src_h&quot;:324,&quot;src_w&quot;:416,&quot;src_h&quot;:312},&quot;image_id&quot;:1364,&quot;is_downloadable&quot;:false,&quot;is_in_stock&quot;:true,&quot;is_purchasable&quot;:true,&quot;is_sold_individually&quot;:&quot;no&quot;,&quot;is_virtual&quot;:false,&quot;max_qty&quot;:4,&quot;min_qty&quot;:1,&quot;price_html&quot;:&quot;&lt;span class=\\&quot;price\\&quot;&gt;&lt;span class=\\&quot;woocommerce-Price-amount amount\\&quot;&gt;&lt;bdi&gt;&lt;span class=\\&quot;woocommerce-Price-currencySymbol\\&quot; translate=\\&quot;no\\&quot;&gt;&amp;euro;&lt;\\\/span&gt;10.95&lt;\\\/bdi&gt;&lt;\\\/span&gt;&lt;\\\/span&gt;&quot;,&quot;sku&quot;:&quot;20GN07&quot;,&quot;variation_description&quot;:&quot;&lt;p&gt;&amp;#8211; Verschiedene Farben&lt;br \\\/&gt;\\n&amp;#8211; 180&amp;#215;65 cm&lt;\\\/p&gt;\\n&quot;,&quot;variation_id&quot;:4228,&quot;variation_is_active&quot;:true,&quot;variation_is_visible&quot;:true,&quot;weight&quot;:&quot;748&quot;,&quot;weight_html&quot;:&quot;748 g&quot;},{&quot;attributes&quot;:{&quot;attribute_pa_gereedschap-nat-vilten&quot;:&quot;grose-anti-rutsch-matte-mit-aufdruck&quot;},&quot;availability_html&quot;:&quot;&lt;p class=\\&quot;stock in-stock\\&quot;&gt;10 vorr\\u00e4tig&lt;\\\/p&gt;\\n&quot;,&quot;backorders_allowed&quot;:false,&quot;dimensions&quot;:{&quot;length&quot;:&quot;180&quot;,&quot;width&quot;:&quot;65&quot;,&quot;height&quot;:&quot;&quot;},&quot;dimensions_html&quot;:&quot;180 &amp;times; 65 cm&quot;,&quot;display_price&quot;:10.95,&quot;display_regular_price&quot;:10.95,&quot;gallery_image_ids&quot;:[],&quot;gallery_images_html&quot;:&quot;&quot;,&quot;image&quot;:{&quot;title&quot;:&quot;Anti-slip mat (groot) 2&quot;,&quot;caption&quot;:&quot;&quot;,&quot;url&quot;:&quot;https:\\\/\\\/webshop.annemiekoenen.com\\\/wp-content\\\/uploads\\\/sites\\\/2\\\/2021\\\/03\\\/Anti-slip-mat-groot-2-scaled-e1615465207799.jpg&quot;,&quot;alt&quot;:&quot;Anti-slip mat (groot) 2&quot;,&quot;src&quot;:&quot;https:\\\/\\\/webshop.annemiekoenen.com\\\/wp-content\\\/uploads\\\/sites\\\/2\\\/2021\\\/03\\\/Anti-slip-mat-groot-2-scaled-e1615465207799-600x449.jpg&quot;,&quot;srcset&quot;:&quot;https:\\\/\\\/webshop.annemiekoenen.com\\\/wp-content\\\/uploads\\\/sites\\\/2\\\/2021\\\/03\\\/Anti-slip-mat-groot-2-scaled-e1615465207799-600x449.jpg 600w, https:\\\/\\\/webshop.annemiekoenen.com\\\/wp-content\\\/uploads\\\/sites\\\/2\\\/2021\\\/03\\\/Anti-slip-mat-groot-2-scaled-e1615465207799-300x224.jpg 300w, https:\\\/\\\/webshop.annemiekoenen.com\\\/wp-content\\\/uploads\\\/sites\\\/2\\\/2021\\\/03\\\/Anti-slip-mat-groot-2-scaled-e1615465207799-768x575.jpg 768w, https:\\\/\\\/webshop.annemiekoenen.com\\\/wp-content\\\/uploads\\\/sites\\\/2\\\/2021\\\/03\\\/Anti-slip-mat-groot-2-scaled-e1615465207799.jpg 838w&quot;,&quot;sizes&quot;:&quot;(max-width: 416px) 100vw, 416px&quot;,&quot;full_src&quot;:&quot;https:\\\/\\\/webshop.annemiekoenen.com\\\/wp-content\\\/uploads\\\/sites\\\/2\\\/2021\\\/03\\\/Anti-slip-mat-groot-2-scaled-e1615465207799.jpg&quot;,&quot;full_src_w&quot;:838,&quot;full_src_h&quot;:627,&quot;gallery_thumbnail_src&quot;:&quot;https:\\\/\\\/webshop.annemiekoenen.com\\\/wp-content\\\/uploads\\\/sites\\\/2\\\/2021\\\/03\\\/Anti-slip-mat-groot-2-scaled-e1615465207799-100x100.jpg&quot;,&quot;gallery_thumbnail_src_w&quot;:100,&quot;gallery_thumbnail_src_h&quot;:100,&quot;thumb_src&quot;:&quot;https:\\\/\\\/webshop.annemiekoenen.com\\\/wp-content\\\/uploads\\\/sites\\\/2\\\/2021\\\/03\\\/Anti-slip-mat-groot-2-scaled-e1615465207799-324x324.jpg&quot;,&quot;thumb_src_w&quot;:324,&quot;thumb_src_h&quot;:324,&quot;src_w&quot;:416,&quot;src_h&quot;:311},&quot;image_id&quot;:1367,&quot;is_downloadable&quot;:false,&quot;is_in_stock&quot;:true,&quot;is_purchasable&quot;:true,&quot;is_sold_individually&quot;:&quot;no&quot;,&quot;is_virtual&quot;:false,&quot;max_qty&quot;:10,&quot;min_qty&quot;:1,&quot;price_html&quot;:&quot;&lt;span class=\\&quot;price\\&quot;&gt;&lt;span class=\\&quot;woocommerce-Price-amount amount\\&quot;&gt;&lt;bdi&gt;&lt;span class=\\&quot;woocommerce-Price-currencySymbol\\&quot; translate=\\&quot;no\\&quot;&gt;&amp;euro;&lt;\\\/span&gt;10.95&lt;\\\/bdi&gt;&lt;\\\/span&gt;&lt;\\\/span&gt;&quot;,&quot;sku&quot;:&quot;20GN08&quot;,&quot;variation_description&quot;:&quot;&lt;p&gt;180&amp;#215;65 cm&lt;\\\/p&gt;\\n&quot;,&quot;variation_id&quot;:4229,&quot;variation_is_active&quot;:true,&quot;variation_is_visible&quot;:true,&quot;weight&quot;:&quot;748&quot;,&quot;weight_html&quot;:&quot;748 g&quot;},{&quot;attributes&quot;:{&quot;attribute_pa_gereedschap-nat-vilten&quot;:&quot;druckschere-rot&quot;},&quot;availability_html&quot;:&quot;&lt;p class=\\&quot;stock in-stock\\&quot;&gt;4 vorr\\u00e4tig&lt;\\\/p&gt;\\n&quot;,&quot;backorders_allowed&quot;:false,&quot;dimensions&quot;:{&quot;length&quot;:&quot;&quot;,&quot;width&quot;:&quot;&quot;,&quot;height&quot;:&quot;&quot;},&quot;dimensions_html&quot;:&quot;n.\\u00a0v.&quot;,&quot;display_price&quot;:4.5,&quot;display_regular_price&quot;:4.5,&quot;gallery_image_ids&quot;:[],&quot;gallery_images_html&quot;:&quot;&quot;,&quot;image&quot;:{&quot;title&quot;:&quot;Knijpschaar rood&quot;,&quot;caption&quot;:&quot;&quot;,&quot;url&quot;:&quot;https:\\\/\\\/webshop.annemiekoenen.com\\\/wp-content\\\/uploads\\\/sites\\\/2\\\/2021\\\/03\\\/Knijpschaar-rood-scaled-e1615466051329.jpg&quot;,&quot;alt&quot;:&quot;Knijpschaar rood&quot;,&quot;src&quot;:&quot;https:\\\/\\\/webshop.annemiekoenen.com\\\/wp-content\\\/uploads\\\/sites\\\/2\\\/2021\\\/03\\\/Knijpschaar-rood-scaled-e1615466051329-600x450.jpg&quot;,&quot;srcset&quot;:&quot;https:\\\/\\\/webshop.annemiekoenen.com\\\/wp-content\\\/uploads\\\/sites\\\/2\\\/2021\\\/03\\\/Knijpschaar-rood-scaled-e1615466051329-600x450.jpg 600w, https:\\\/\\\/webshop.annemiekoenen.com\\\/wp-content\\\/uploads\\\/sites\\\/2\\\/2021\\\/03\\\/Knijpschaar-rood-scaled-e1615466051329-300x225.jpg 300w, https:\\\/\\\/webshop.annemiekoenen.com\\\/wp-content\\\/uploads\\\/sites\\\/2\\\/2021\\\/03\\\/Knijpschaar-rood-scaled-e1615466051329-1024x769.jpg 1024w, https:\\\/\\\/webshop.annemiekoenen.com\\\/wp-content\\\/uploads\\\/sites\\\/2\\\/2021\\\/03\\\/Knijpschaar-rood-scaled-e1615466051329-768x577.jpg 768w, https:\\\/\\\/webshop.annemiekoenen.com\\\/wp-content\\\/uploads\\\/sites\\\/2\\\/2021\\\/03\\\/Knijpschaar-rood-scaled-e1615466051329-1536x1153.jpg 1536w, https:\\\/\\\/webshop.annemiekoenen.com\\\/wp-content\\\/uploads\\\/sites\\\/2\\\/2021\\\/03\\\/Knijpschaar-rood-scaled-e1615466051329-2048x1538.jpg 2048w&quot;,&quot;sizes&quot;:&quot;(max-width: 416px) 100vw, 416px&quot;,&quot;full_src&quot;:&quot;https:\\\/\\\/webshop.annemiekoenen.com\\\/wp-content\\\/uploads\\\/sites\\\/2\\\/2021\\\/03\\\/Knijpschaar-rood-scaled-e1615466051329.jpg&quot;,&quot;full_src_w&quot;:2560,&quot;full_src_h&quot;:1922,&quot;gallery_thumbnail_src&quot;:&quot;https:\\\/\\\/webshop.annemiekoenen.com\\\/wp-content\\\/uploads\\\/sites\\\/2\\\/2021\\\/03\\\/Knijpschaar-rood-scaled-e1615466051329-100x100.jpg&quot;,&quot;gallery_thumbnail_src_w&quot;:100,&quot;gallery_thumbnail_src_h&quot;:100,&quot;thumb_src&quot;:&quot;https:\\\/\\\/webshop.annemiekoenen.com\\\/wp-content\\\/uploads\\\/sites\\\/2\\\/2021\\\/03\\\/Knijpschaar-rood-scaled-e1615466051329-324x324.jpg&quot;,&quot;thumb_src_w&quot;:324,&quot;thumb_src_h&quot;:324,&quot;src_w&quot;:416,&quot;src_h&quot;:312},&quot;image_id&quot;:1370,&quot;is_downloadable&quot;:false,&quot;is_in_stock&quot;:true,&quot;is_purchasable&quot;:true,&quot;is_sold_individually&quot;:&quot;no&quot;,&quot;is_virtual&quot;:false,&quot;max_qty&quot;:4,&quot;min_qty&quot;:1,&quot;price_html&quot;:&quot;&lt;span class=\\&quot;price\\&quot;&gt;&lt;span class=\\&quot;woocommerce-Price-amount amount\\&quot;&gt;&lt;bdi&gt;&lt;span class=\\&quot;woocommerce-Price-currencySymbol\\&quot; translate=\\&quot;no\\&quot;&gt;&amp;euro;&lt;\\\/span&gt;4.50&lt;\\\/bdi&gt;&lt;\\\/span&gt;&lt;\\\/span&gt;&quot;,&quot;sku&quot;:&quot;20GN09&quot;,&quot;variation_description&quot;:&quot;&quot;,&quot;variation_id&quot;:4231,&quot;variation_is_active&quot;:true,&quot;variation_is_visible&quot;:true,&quot;weight&quot;:&quot;26&quot;,&quot;weight_html&quot;:&quot;26 g&quot;},{&quot;attributes&quot;:{&quot;attribute_pa_gereedschap-nat-vilten&quot;:&quot;druckschere-violett&quot;},&quot;availability_html&quot;:&quot;&lt;p class=\\&quot;stock in-stock\\&quot;&gt;4 vorr\\u00e4tig&lt;\\\/p&gt;\\n&quot;,&quot;backorders_allowed&quot;:false,&quot;dimensions&quot;:{&quot;length&quot;:&quot;&quot;,&quot;width&quot;:&quot;&quot;,&quot;height&quot;:&quot;&quot;},&quot;dimensions_html&quot;:&quot;n.\\u00a0v.&quot;,&quot;display_price&quot;:4.5,&quot;display_regular_price&quot;:4.5,&quot;gallery_image_ids&quot;:[],&quot;gallery_images_html&quot;:&quot;&quot;,&quot;image&quot;:{&quot;title&quot;:&quot;Knijpschaar paars&quot;,&quot;caption&quot;:&quot;&quot;,&quot;url&quot;:&quot;https:\\\/\\\/webshop.annemiekoenen.com\\\/wp-content\\\/uploads\\\/sites\\\/2\\\/2021\\\/03\\\/Knijpschaar-paars-scaled-e1615466242835.jpg&quot;,&quot;alt&quot;:&quot;Knijpschaar paars&quot;,&quot;src&quot;:&quot;https:\\\/\\\/webshop.annemiekoenen.com\\\/wp-content\\\/uploads\\\/sites\\\/2\\\/2021\\\/03\\\/Knijpschaar-paars-scaled-e1615466242835-600x449.jpg&quot;,&quot;srcset&quot;:&quot;https:\\\/\\\/webshop.annemiekoenen.com\\\/wp-content\\\/uploads\\\/sites\\\/2\\\/2021\\\/03\\\/Knijpschaar-paars-scaled-e1615466242835-600x449.jpg 600w, https:\\\/\\\/webshop.annemiekoenen.com\\\/wp-content\\\/uploads\\\/sites\\\/2\\\/2021\\\/03\\\/Knijpschaar-paars-scaled-e1615466242835-300x225.jpg 300w, https:\\\/\\\/webshop.annemiekoenen.com\\\/wp-content\\\/uploads\\\/sites\\\/2\\\/2021\\\/03\\\/Knijpschaar-paars-scaled-e1615466242835-1024x767.jpg 1024w, https:\\\/\\\/webshop.annemiekoenen.com\\\/wp-content\\\/uploads\\\/sites\\\/2\\\/2021\\\/03\\\/Knijpschaar-paars-scaled-e1615466242835-768x575.jpg 768w, https:\\\/\\\/webshop.annemiekoenen.com\\\/wp-content\\\/uploads\\\/sites\\\/2\\\/2021\\\/03\\\/Knijpschaar-paars-scaled-e1615466242835-1536x1150.jpg 1536w, https:\\\/\\\/webshop.annemiekoenen.com\\\/wp-content\\\/uploads\\\/sites\\\/2\\\/2021\\\/03\\\/Knijpschaar-paars-scaled-e1615466242835.jpg 1760w&quot;,&quot;sizes&quot;:&quot;(max-width: 416px) 100vw, 416px&quot;,&quot;full_src&quot;:&quot;https:\\\/\\\/webshop.annemiekoenen.com\\\/wp-content\\\/uploads\\\/sites\\\/2\\\/2021\\\/03\\\/Knijpschaar-paars-scaled-e1615466242835.jpg&quot;,&quot;full_src_w&quot;:1760,&quot;full_src_h&quot;:1318,&quot;gallery_thumbnail_src&quot;:&quot;https:\\\/\\\/webshop.annemiekoenen.com\\\/wp-content\\\/uploads\\\/sites\\\/2\\\/2021\\\/03\\\/Knijpschaar-paars-scaled-e1615466242835-100x100.jpg&quot;,&quot;gallery_thumbnail_src_w&quot;:100,&quot;gallery_thumbnail_src_h&quot;:100,&quot;thumb_src&quot;:&quot;https:\\\/\\\/webshop.annemiekoenen.com\\\/wp-content\\\/uploads\\\/sites\\\/2\\\/2021\\\/03\\\/Knijpschaar-paars-scaled-e1615466242835-324x324.jpg&quot;,&quot;thumb_src_w&quot;:324,&quot;thumb_src_h&quot;:324,&quot;src_w&quot;:416,&quot;src_h&quot;:311},&quot;image_id&quot;:1376,&quot;is_downloadable&quot;:false,&quot;is_in_stock&quot;:true,&quot;is_purchasable&quot;:true,&quot;is_sold_individually&quot;:&quot;no&quot;,&quot;is_virtual&quot;:false,&quot;max_qty&quot;:4,&quot;min_qty&quot;:1,&quot;price_html&quot;:&quot;&lt;span class=\\&quot;price\\&quot;&gt;&lt;span class=\\&quot;woocommerce-Price-amount amount\\&quot;&gt;&lt;bdi&gt;&lt;span class=\\&quot;woocommerce-Price-currencySymbol\\&quot; translate=\\&quot;no\\&quot;&gt;&amp;euro;&lt;\\\/span&gt;4.50&lt;\\\/bdi&gt;&lt;\\\/span&gt;&lt;\\\/span&gt;&quot;,&quot;sku&quot;:&quot;20GN10&quot;,&quot;variation_description&quot;:&quot;&quot;,&quot;variation_id&quot;:4233,&quot;variation_is_active&quot;:true,&quot;variation_is_visible&quot;:true,&quot;weight&quot;:&quot;26&quot;,&quot;weight_html&quot;:&quot;26 g&quot;},{&quot;attributes&quot;:{&quot;attribute_pa_gereedschap-nat-vilten&quot;:&quot;druckschere-blau&quot;},&quot;availability_html&quot;:&quot;&lt;p class=\\&quot;stock in-stock\\&quot;&gt;9 vorr\\u00e4tig&lt;\\\/p&gt;\\n&quot;,&quot;backorders_allowed&quot;:false,&quot;dimensions&quot;:{&quot;length&quot;:&quot;&quot;,&quot;width&quot;:&quot;&quot;,&quot;height&quot;:&quot;&quot;},&quot;dimensions_html&quot;:&quot;n.\\u00a0v.&quot;,&quot;display_price&quot;:4.5,&quot;display_regular_price&quot;:4.5,&quot;gallery_image_ids&quot;:[],&quot;gallery_images_html&quot;:&quot;&quot;,&quot;image&quot;:{&quot;title&quot;:&quot;Knijpschaar&quot;,&quot;caption&quot;:&quot;&quot;,&quot;url&quot;:&quot;https:\\\/\\\/webshop.annemiekoenen.com\\\/wp-content\\\/uploads\\\/sites\\\/2\\\/2021\\\/03\\\/Knijpschaar-scaled-e1615466167522.jpg&quot;,&quot;alt&quot;:&quot;Knijpschaar&quot;,&quot;src&quot;:&quot;https:\\\/\\\/webshop.annemiekoenen.com\\\/wp-content\\\/uploads\\\/sites\\\/2\\\/2021\\\/03\\\/Knijpschaar-scaled-e1615466167522-600x449.jpg&quot;,&quot;srcset&quot;:&quot;https:\\\/\\\/webshop.annemiekoenen.com\\\/wp-content\\\/uploads\\\/sites\\\/2\\\/2021\\\/03\\\/Knijpschaar-scaled-e1615466167522-600x449.jpg 600w, https:\\\/\\\/webshop.annemiekoenen.com\\\/wp-content\\\/uploads\\\/sites\\\/2\\\/2021\\\/03\\\/Knijpschaar-scaled-e1615466167522-300x225.jpg 300w, https:\\\/\\\/webshop.annemiekoenen.com\\\/wp-content\\\/uploads\\\/sites\\\/2\\\/2021\\\/03\\\/Knijpschaar-scaled-e1615466167522-1024x767.jpg 1024w, https:\\\/\\\/webshop.annemiekoenen.com\\\/wp-content\\\/uploads\\\/sites\\\/2\\\/2021\\\/03\\\/Knijpschaar-scaled-e1615466167522-768x575.jpg 768w, https:\\\/\\\/webshop.annemiekoenen.com\\\/wp-content\\\/uploads\\\/sites\\\/2\\\/2021\\\/03\\\/Knijpschaar-scaled-e1615466167522-1536x1151.jpg 1536w, https:\\\/\\\/webshop.annemiekoenen.com\\\/wp-content\\\/uploads\\\/sites\\\/2\\\/2021\\\/03\\\/Knijpschaar-scaled-e1615466167522-2048x1534.jpg 2048w&quot;,&quot;sizes&quot;:&quot;(max-width: 416px) 100vw, 416px&quot;,&quot;full_src&quot;:&quot;https:\\\/\\\/webshop.annemiekoenen.com\\\/wp-content\\\/uploads\\\/sites\\\/2\\\/2021\\\/03\\\/Knijpschaar-scaled-e1615466167522.jpg&quot;,&quot;full_src_w&quot;:2272,&quot;full_src_h&quot;:1702,&quot;gallery_thumbnail_src&quot;:&quot;https:\\\/\\\/webshop.annemiekoenen.com\\\/wp-content\\\/uploads\\\/sites\\\/2\\\/2021\\\/03\\\/Knijpschaar-scaled-e1615466167522-100x100.jpg&quot;,&quot;gallery_thumbnail_src_w&quot;:100,&quot;gallery_thumbnail_src_h&quot;:100,&quot;thumb_src&quot;:&quot;https:\\\/\\\/webshop.annemiekoenen.com\\\/wp-content\\\/uploads\\\/sites\\\/2\\\/2021\\\/03\\\/Knijpschaar-scaled-e1615466167522-324x324.jpg&quot;,&quot;thumb_src_w&quot;:324,&quot;thumb_src_h&quot;:324,&quot;src_w&quot;:416,&quot;src_h&quot;:311},&quot;image_id&quot;:1373,&quot;is_downloadable&quot;:false,&quot;is_in_stock&quot;:true,&quot;is_purchasable&quot;:true,&quot;is_sold_individually&quot;:&quot;no&quot;,&quot;is_virtual&quot;:false,&quot;max_qty&quot;:9,&quot;min_qty&quot;:1,&quot;price_html&quot;:&quot;&lt;span class=\\&quot;price\\&quot;&gt;&lt;span class=\\&quot;woocommerce-Price-amount amount\\&quot;&gt;&lt;bdi&gt;&lt;span class=\\&quot;woocommerce-Price-currencySymbol\\&quot; translate=\\&quot;no\\&quot;&gt;&amp;euro;&lt;\\\/span&gt;4.50&lt;\\\/bdi&gt;&lt;\\\/span&gt;&lt;\\\/span&gt;&quot;,&quot;sku&quot;:&quot;20GN11&quot;,&quot;variation_description&quot;:&quot;&quot;,&quot;variation_id&quot;:4232,&quot;variation_is_active&quot;:true,&quot;variation_is_visible&quot;:true,&quot;weight&quot;:&quot;26&quot;,&quot;weight_html&quot;:&quot;26 g&quot;},{&quot;attributes&quot;:{&quot;attribute_pa_gereedschap-nat-vilten&quot;:&quot;vollblock-holz&quot;},&quot;availability_html&quot;:&quot;&lt;p class=\\&quot;stock in-stock\\&quot;&gt;6 vorr\\u00e4tig&lt;\\\/p&gt;\\n&quot;,&quot;backorders_allowed&quot;:false,&quot;dimensions&quot;:{&quot;length&quot;:&quot;&quot;,&quot;width&quot;:&quot;&quot;,&quot;height&quot;:&quot;&quot;},&quot;dimensions_html&quot;:&quot;n.\\u00a0v.&quot;,&quot;display_price&quot;:16.5,&quot;display_regular_price&quot;:16.5,&quot;gallery_image_ids&quot;:[],&quot;gallery_images_html&quot;:&quot;&quot;,&quot;image&quot;:{&quot;title&quot;:&quot;Volblok 3&quot;,&quot;caption&quot;:&quot;&quot;,&quot;url&quot;:&quot;https:\\\/\\\/webshop.annemiekoenen.com\\\/wp-content\\\/uploads\\\/sites\\\/2\\\/2021\\\/03\\\/Volblok-3-scaled-e1615466343663.jpg&quot;,&quot;alt&quot;:&quot;Volblok 3&quot;,&quot;src&quot;:&quot;https:\\\/\\\/webshop.annemiekoenen.com\\\/wp-content\\\/uploads\\\/sites\\\/2\\\/2021\\\/03\\\/Volblok-3-scaled-e1615466343663-600x451.jpg&quot;,&quot;srcset&quot;:&quot;https:\\\/\\\/webshop.annemiekoenen.com\\\/wp-content\\\/uploads\\\/sites\\\/2\\\/2021\\\/03\\\/Volblok-3-scaled-e1615466343663-600x451.jpg 600w, https:\\\/\\\/webshop.annemiekoenen.com\\\/wp-content\\\/uploads\\\/sites\\\/2\\\/2021\\\/03\\\/Volblok-3-scaled-e1615466343663-300x225.jpg 300w, https:\\\/\\\/webshop.annemiekoenen.com\\\/wp-content\\\/uploads\\\/sites\\\/2\\\/2021\\\/03\\\/Volblok-3-scaled-e1615466343663-1024x769.jpg 1024w, https:\\\/\\\/webshop.annemiekoenen.com\\\/wp-content\\\/uploads\\\/sites\\\/2\\\/2021\\\/03\\\/Volblok-3-scaled-e1615466343663-768x577.jpg 768w, https:\\\/\\\/webshop.annemiekoenen.com\\\/wp-content\\\/uploads\\\/sites\\\/2\\\/2021\\\/03\\\/Volblok-3-scaled-e1615466343663-1536x1154.jpg 1536w, https:\\\/\\\/webshop.annemiekoenen.com\\\/wp-content\\\/uploads\\\/sites\\\/2\\\/2021\\\/03\\\/Volblok-3-scaled-e1615466343663.jpg 1907w&quot;,&quot;sizes&quot;:&quot;(max-width: 416px) 100vw, 416px&quot;,&quot;full_src&quot;:&quot;https:\\\/\\\/webshop.annemiekoenen.com\\\/wp-content\\\/uploads\\\/sites\\\/2\\\/2021\\\/03\\\/Volblok-3-scaled-e1615466343663.jpg&quot;,&quot;full_src_w&quot;:1907,&quot;full_src_h&quot;:1433,&quot;gallery_thumbnail_src&quot;:&quot;https:\\\/\\\/webshop.annemiekoenen.com\\\/wp-content\\\/uploads\\\/sites\\\/2\\\/2021\\\/03\\\/Volblok-3-scaled-e1615466343663-100x100.jpg&quot;,&quot;gallery_thumbnail_src_w&quot;:100,&quot;gallery_thumbnail_src_h&quot;:100,&quot;thumb_src&quot;:&quot;https:\\\/\\\/webshop.annemiekoenen.com\\\/wp-content\\\/uploads\\\/sites\\\/2\\\/2021\\\/03\\\/Volblok-3-scaled-e1615466343663-324x324.jpg&quot;,&quot;thumb_src_w&quot;:324,&quot;thumb_src_h&quot;:324,&quot;src_w&quot;:416,&quot;src_h&quot;:313},&quot;image_id&quot;:1379,&quot;is_downloadable&quot;:false,&quot;is_in_stock&quot;:true,&quot;is_purchasable&quot;:true,&quot;is_sold_individually&quot;:&quot;no&quot;,&quot;is_virtual&quot;:false,&quot;max_qty&quot;:6,&quot;min_qty&quot;:1,&quot;price_html&quot;:&quot;&lt;span class=\\&quot;price\\&quot;&gt;&lt;span class=\\&quot;woocommerce-Price-amount amount\\&quot;&gt;&lt;bdi&gt;&lt;span class=\\&quot;woocommerce-Price-currencySymbol\\&quot; translate=\\&quot;no\\&quot;&gt;&amp;euro;&lt;\\\/span&gt;16.50&lt;\\\/bdi&gt;&lt;\\\/span&gt;&lt;\\\/span&gt;&quot;,&quot;sku&quot;:&quot;20GN12&quot;,&quot;variation_description&quot;:&quot;&quot;,&quot;variation_id&quot;:4234,&quot;variation_is_active&quot;:true,&quot;variation_is_visible&quot;:true,&quot;weight&quot;:&quot;131&quot;,&quot;weight_html&quot;:&quot;131 g&quot;},{&quot;attributes&quot;:{&quot;attribute_pa_gereedschap-nat-vilten&quot;:&quot;unterboden-fur-schablone&quot;},&quot;availability_html&quot;:&quot;&lt;p class=\\&quot;stock in-stock\\&quot;&gt;40 vorr\\u00e4tig (kann nachbestellt werden)&lt;\\\/p&gt;\\n&quot;,&quot;backorders_allowed&quot;:true,&quot;dimensions&quot;:{&quot;length&quot;:&quot;100&quot;,&quot;width&quot;:&quot;120&quot;,&quot;height&quot;:&quot;&quot;},&quot;dimensions_html&quot;:&quot;100 &amp;times; 120 cm&quot;,&quot;display_price&quot;:3,&quot;display_regular_price&quot;:3,&quot;gallery_image_ids&quot;:[],&quot;gallery_images_html&quot;:&quot;&quot;,&quot;image&quot;:{&quot;title&quot;:&quot;Ondervloer voor mal&quot;,&quot;caption&quot;:&quot;&quot;,&quot;url&quot;:&quot;https:\\\/\\\/webshop.annemiekoenen.com\\\/wp-content\\\/uploads\\\/sites\\\/2\\\/2021\\\/03\\\/Ondervloer-voor-mal--scaled-e1617107692520.jpg&quot;,&quot;alt&quot;:&quot;Ondervloer voor mal&quot;,&quot;src&quot;:&quot;https:\\\/\\\/webshop.annemiekoenen.com\\\/wp-content\\\/uploads\\\/sites\\\/2\\\/2021\\\/03\\\/Ondervloer-voor-mal--scaled-e1617107692520-600x706.jpg&quot;,&quot;srcset&quot;:&quot;https:\\\/\\\/webshop.annemiekoenen.com\\\/wp-content\\\/uploads\\\/sites\\\/2\\\/2021\\\/03\\\/Ondervloer-voor-mal--scaled-e1617107692520-600x706.jpg 600w, https:\\\/\\\/webshop.annemiekoenen.com\\\/wp-content\\\/uploads\\\/sites\\\/2\\\/2021\\\/03\\\/Ondervloer-voor-mal--scaled-e1617107692520-255x300.jpg 255w, https:\\\/\\\/webshop.annemiekoenen.com\\\/wp-content\\\/uploads\\\/sites\\\/2\\\/2021\\\/03\\\/Ondervloer-voor-mal--scaled-e1617107692520-870x1024.jpg 870w, https:\\\/\\\/webshop.annemiekoenen.com\\\/wp-content\\\/uploads\\\/sites\\\/2\\\/2021\\\/03\\\/Ondervloer-voor-mal--scaled-e1617107692520-768x904.jpg 768w, https:\\\/\\\/webshop.annemiekoenen.com\\\/wp-content\\\/uploads\\\/sites\\\/2\\\/2021\\\/03\\\/Ondervloer-voor-mal--scaled-e1617107692520-1305x1536.jpg 1305w, https:\\\/\\\/webshop.annemiekoenen.com\\\/wp-content\\\/uploads\\\/sites\\\/2\\\/2021\\\/03\\\/Ondervloer-voor-mal--scaled-e1617107692520.jpg 1478w&quot;,&quot;sizes&quot;:&quot;(max-width: 416px) 100vw, 416px&quot;,&quot;full_src&quot;:&quot;https:\\\/\\\/webshop.annemiekoenen.com\\\/wp-content\\\/uploads\\\/sites\\\/2\\\/2021\\\/03\\\/Ondervloer-voor-mal--scaled-e1617107692520.jpg&quot;,&quot;full_src_w&quot;:1478,&quot;full_src_h&quot;:1740,&quot;gallery_thumbnail_src&quot;:&quot;https:\\\/\\\/webshop.annemiekoenen.com\\\/wp-content\\\/uploads\\\/sites\\\/2\\\/2021\\\/03\\\/Ondervloer-voor-mal--scaled-e1617107692520-100x100.jpg&quot;,&quot;gallery_thumbnail_src_w&quot;:100,&quot;gallery_thumbnail_src_h&quot;:100,&quot;thumb_src&quot;:&quot;https:\\\/\\\/webshop.annemiekoenen.com\\\/wp-content\\\/uploads\\\/sites\\\/2\\\/2021\\\/03\\\/Ondervloer-voor-mal--scaled-e1617107692520-324x324.jpg&quot;,&quot;thumb_src_w&quot;:324,&quot;thumb_src_h&quot;:324,&quot;src_w&quot;:416,&quot;src_h&quot;:489},&quot;image_id&quot;:2100,&quot;is_downloadable&quot;:false,&quot;is_in_stock&quot;:true,&quot;is_purchasable&quot;:true,&quot;is_sold_individually&quot;:&quot;no&quot;,&quot;is_virtual&quot;:false,&quot;max_qty&quot;:&quot;&quot;,&quot;min_qty&quot;:1,&quot;price_html&quot;:&quot;&lt;span class=\\&quot;price\\&quot;&gt;&lt;span class=\\&quot;woocommerce-Price-amount amount\\&quot;&gt;&lt;bdi&gt;&lt;span class=\\&quot;woocommerce-Price-currencySymbol\\&quot; translate=\\&quot;no\\&quot;&gt;&amp;euro;&lt;\\\/span&gt;3.00&lt;\\\/bdi&gt;&lt;\\\/span&gt;&lt;\\\/span&gt;&quot;,&quot;sku&quot;:&quot;20GN13&quot;,&quot;variation_description&quot;:&quot;&lt;p&gt;Preis pro laufendem Meter&lt;\\\/p&gt;\\n&quot;,&quot;variation_id&quot;:4235,&quot;variation_is_active&quot;:true,&quot;variation_is_visible&quot;:true,&quot;weight&quot;:&quot;10&quot;,&quot;weight_html&quot;:&quot;10 g&quot;}]\">\n\t<div data-product_id=\"4222\" data-threshold_min=\"30\" data-threshold_max=\"100\" data-total=\"18\">\n\t\t\t<table class=\"variations\" cellspacing=\"0\" role=\"presentation\">\n\t\t\t<tbody>\n\t\t\t\t\t\t\t\t\t<tr>\n\t\t\t\t\t\t<th class=\"label\"><label for=\"pa_gereedschap-nat-vilten\">Nassfilzwerkzeuge<\/label><\/th>\n\t\t\t\t\t\t<td class=\"value\">\n\t\t\t\t\t\t\t<select style=\"display:none\" id=\"pa_gereedschap-nat-vilten\" class=\" woo-variation-raw-select\" name=\"attribute_pa_gereedschap-nat-vilten\" data-attribute_name=\"attribute_pa_gereedschap-nat-vilten\" data-show_option_none=\"yes\"><option value=\"\">Option ausw\u00e4hlen<\/option><option value=\"anti-rutsch-matte\" >Anti-Rutsch-Matte<\/option><option value=\"balldusche-blau\" >Balldusche blau<\/option><option value=\"balldusche-grun\" >Balldusche gr\u00fcn<\/option><option value=\"balldusche-orange\" >Balldusche orange<\/option><option value=\"clips-de\" >Clips<\/option><option value=\"clips-xl-de\" >Clips XL<\/option><option value=\"druckschere-blau\" >Dr\u00fcckschere blau<\/option><option value=\"druckschere-rot\" >Dr\u00fcckschere rot<\/option><option value=\"druckschere-violett\" >Dr\u00fcckschere violett<\/option><option value=\"grose-anti-rutsch-matte-mit-aufdruck\" >Gro\u00dfe Anti-Rutsch-Matte mit Aufdruck<\/option><option value=\"grose-anti-rutsch-matte-ohne-aufdruck\" >Gro\u00dfe Anti-Rutsch-Matte ohne Aufdruck<\/option><option value=\"olivenseife\" >Olivenseife<\/option><option value=\"pinch-schere-gold-klein-11cm\" >Pinch Schere Gold (klein - 11cm)<\/option><option value=\"pinch-schere-lila-klein-11cm\" >Pinch Schere Lila (klein - 11cm)<\/option><option value=\"prickelfilz\" >Prickelfilz<\/option><option value=\"unterboden-fur-schablone\" >Unterboden f\u00fcr Schablone<\/option><option value=\"vollblock-holz\" >Vollblock Holz<\/option><\/select><ul role=\"radiogroup\" aria-label=\"Nassfilzwerkzeuge\" class=\"variable-items-wrapper image-variable-items-wrapper wvs-style-squared\" data-attribute_name=\"attribute_pa_gereedschap-nat-vilten\" data-attribute_values=\"[&quot;balldusche-blau&quot;,&quot;balldusche-grun&quot;,&quot;balldusche-orange&quot;,&quot;olivenseife&quot;,&quot;prickelfilz&quot;,&quot;grose-anti-rutsch-matte-ohne-aufdruck&quot;,&quot;grose-anti-rutsch-matte-mit-aufdruck&quot;,&quot;anti-rutsch-matte&quot;,&quot;druckschere-rot&quot;,&quot;druckschere-blau&quot;,&quot;druckschere-violett&quot;,&quot;vollblock-holz&quot;,&quot;unterboden-fur-schablone&quot;,&quot;pinch-schere-gold-klein-11cm&quot;,&quot;pinch-schere-lila-klein-11cm&quot;,&quot;clips-de&quot;,&quot;clips-xl-de&quot;,&quot;vidaramamat&quot;]\"><li aria-checked=\"false\" tabindex=\"0\" data-attribute_name=\"attribute_pa_gereedschap-nat-vilten\" data-wvstooltip=\"Anti-Rutsch-Matte\" class=\"variable-item image-variable-item image-variable-item-anti-rutsch-matte \" title=\"Anti-Rutsch-Matte\" data-title=\"Anti-Rutsch-Matte\" data-value=\"anti-rutsch-matte\" role=\"radio\" tabindex=\"0\"><div class=\"variable-item-contents\"><img loading=\"lazy\" decoding=\"async\" class=\"variable-item-image\"  aria-hidden=\"true\" alt=\"Anti-Rutsch-Matte\" src=\"https:\/\/webshop.annemiekoenen.com\/wp-content\/uploads\/sites\/2\/2021\/03\/Anti-slip-mat-scaled-e1615464992335.jpg\" width=\"50\" height=\"38\" \/><\/div><\/li><li aria-checked=\"false\" tabindex=\"0\" data-attribute_name=\"attribute_pa_gereedschap-nat-vilten\" data-wvstooltip=\"Balldusche blau\" class=\"variable-item image-variable-item image-variable-item-balldusche-blau \" title=\"Balldusche blau\" data-title=\"Balldusche blau\" data-value=\"balldusche-blau\" role=\"radio\" tabindex=\"0\"><div class=\"variable-item-contents\"><img loading=\"lazy\" decoding=\"async\" class=\"variable-item-image\"  aria-hidden=\"true\" alt=\"Balldusche blau\" src=\"https:\/\/webshop.annemiekoenen.com\/wp-content\/uploads\/sites\/2\/2021\/03\/Baldouches-scaled-e1615464589144.jpg\" width=\"50\" height=\"37\" \/><\/div><\/li><li aria-checked=\"false\" tabindex=\"0\" data-attribute_name=\"attribute_pa_gereedschap-nat-vilten\" data-wvstooltip=\"Balldusche gr\u00fcn\" class=\"variable-item image-variable-item image-variable-item-balldusche-grun \" title=\"Balldusche gr\u00fcn\" data-title=\"Balldusche gr\u00fcn\" data-value=\"balldusche-grun\" role=\"radio\" tabindex=\"0\"><div class=\"variable-item-contents\"><img loading=\"lazy\" decoding=\"async\" class=\"variable-item-image\"  aria-hidden=\"true\" alt=\"Balldusche gr\u00fcn\" src=\"https:\/\/webshop.annemiekoenen.com\/wp-content\/uploads\/sites\/2\/2021\/03\/Baldouches-scaled-e1615464589144.jpg\" width=\"50\" height=\"37\" \/><\/div><\/li><li aria-checked=\"false\" tabindex=\"0\" data-attribute_name=\"attribute_pa_gereedschap-nat-vilten\" data-wvstooltip=\"Balldusche orange\" class=\"variable-item image-variable-item image-variable-item-balldusche-orange \" title=\"Balldusche orange\" data-title=\"Balldusche orange\" data-value=\"balldusche-orange\" role=\"radio\" tabindex=\"0\"><div class=\"variable-item-contents\"><img loading=\"lazy\" decoding=\"async\" class=\"variable-item-image\"  aria-hidden=\"true\" alt=\"Balldusche orange\" src=\"https:\/\/webshop.annemiekoenen.com\/wp-content\/uploads\/sites\/2\/2021\/03\/Baldouches-scaled-e1615464589144.jpg\" width=\"50\" height=\"37\" \/><\/div><\/li><li aria-checked=\"false\" tabindex=\"0\" data-attribute_name=\"attribute_pa_gereedschap-nat-vilten\" data-wvstooltip=\"Clips\" class=\"variable-item image-variable-item image-variable-item-clips-de \" title=\"Clips\" data-title=\"Clips\" data-value=\"clips-de\" role=\"radio\" tabindex=\"0\"><div class=\"variable-item-contents\"><img loading=\"lazy\" decoding=\"async\" class=\"variable-item-image\"  aria-hidden=\"true\" alt=\"Clips\" src=\"https:\/\/webshop.annemiekoenen.com\/wp-content\/uploads\/sites\/2\/2022\/11\/20221105_133446_copy_1222x1222-50x50.jpg\" width=\"50\" height=\"50\" \/><\/div><\/li><li aria-checked=\"false\" tabindex=\"0\" data-attribute_name=\"attribute_pa_gereedschap-nat-vilten\" data-wvstooltip=\"Clips XL\" class=\"variable-item image-variable-item image-variable-item-clips-xl-de \" title=\"Clips XL\" data-title=\"Clips XL\" data-value=\"clips-xl-de\" role=\"radio\" tabindex=\"0\"><div class=\"variable-item-contents\"><img loading=\"lazy\" decoding=\"async\" class=\"variable-item-image\"  aria-hidden=\"true\" alt=\"Clips XL\" src=\"https:\/\/webshop.annemiekoenen.com\/wp-content\/uploads\/sites\/2\/2022\/12\/20221130_194456_copy_722x722-50x50.jpg\" width=\"50\" height=\"50\" \/><\/div><\/li><li aria-checked=\"false\" tabindex=\"0\" data-attribute_name=\"attribute_pa_gereedschap-nat-vilten\" data-wvstooltip=\"Dr\u00fcckschere blau\" class=\"variable-item image-variable-item image-variable-item-druckschere-blau \" title=\"Dr\u00fcckschere blau\" data-title=\"Dr\u00fcckschere blau\" data-value=\"druckschere-blau\" role=\"radio\" tabindex=\"0\"><div class=\"variable-item-contents\"><img loading=\"lazy\" decoding=\"async\" class=\"variable-item-image\"  aria-hidden=\"true\" alt=\"Dr\u00fcckschere blau\" src=\"https:\/\/webshop.annemiekoenen.com\/wp-content\/uploads\/sites\/2\/2021\/03\/Knijpschaar-scaled-e1615466167522.jpg\" width=\"50\" height=\"37\" \/><\/div><\/li><li aria-checked=\"false\" tabindex=\"0\" data-attribute_name=\"attribute_pa_gereedschap-nat-vilten\" data-wvstooltip=\"Dr\u00fcckschere rot\" class=\"variable-item image-variable-item image-variable-item-druckschere-rot \" title=\"Dr\u00fcckschere rot\" data-title=\"Dr\u00fcckschere rot\" data-value=\"druckschere-rot\" role=\"radio\" tabindex=\"0\"><div class=\"variable-item-contents\"><img loading=\"lazy\" decoding=\"async\" class=\"variable-item-image\"  aria-hidden=\"true\" alt=\"Dr\u00fcckschere rot\" src=\"https:\/\/webshop.annemiekoenen.com\/wp-content\/uploads\/sites\/2\/2021\/03\/Knijpschaar-rood-scaled-e1615466051329.jpg\" width=\"50\" height=\"38\" \/><\/div><\/li><li aria-checked=\"false\" tabindex=\"0\" data-attribute_name=\"attribute_pa_gereedschap-nat-vilten\" data-wvstooltip=\"Dr\u00fcckschere violett\" class=\"variable-item image-variable-item image-variable-item-druckschere-violett \" title=\"Dr\u00fcckschere violett\" data-title=\"Dr\u00fcckschere violett\" data-value=\"druckschere-violett\" role=\"radio\" tabindex=\"0\"><div class=\"variable-item-contents\"><img loading=\"lazy\" decoding=\"async\" class=\"variable-item-image\"  aria-hidden=\"true\" alt=\"Dr\u00fcckschere violett\" src=\"https:\/\/webshop.annemiekoenen.com\/wp-content\/uploads\/sites\/2\/2021\/03\/Knijpschaar-paars-scaled-e1615466242835.jpg\" width=\"50\" height=\"37\" \/><\/div><\/li><li aria-checked=\"false\" tabindex=\"0\" data-attribute_name=\"attribute_pa_gereedschap-nat-vilten\" data-wvstooltip=\"Gro\u00dfe Anti-Rutsch-Matte mit Aufdruck\" class=\"variable-item image-variable-item image-variable-item-grose-anti-rutsch-matte-mit-aufdruck \" title=\"Gro\u00dfe Anti-Rutsch-Matte mit Aufdruck\" data-title=\"Gro\u00dfe Anti-Rutsch-Matte mit Aufdruck\" data-value=\"grose-anti-rutsch-matte-mit-aufdruck\" role=\"radio\" tabindex=\"0\"><div class=\"variable-item-contents\"><img loading=\"lazy\" decoding=\"async\" class=\"variable-item-image\"  aria-hidden=\"true\" alt=\"Gro\u00dfe Anti-Rutsch-Matte mit Aufdruck\" src=\"https:\/\/webshop.annemiekoenen.com\/wp-content\/uploads\/sites\/2\/2021\/03\/Anti-slip-mat-groot-2-scaled-e1615465207799.jpg\" width=\"50\" height=\"37\" \/><\/div><\/li><li aria-checked=\"false\" tabindex=\"0\" data-attribute_name=\"attribute_pa_gereedschap-nat-vilten\" data-wvstooltip=\"Gro\u00dfe Anti-Rutsch-Matte ohne Aufdruck\" class=\"variable-item image-variable-item image-variable-item-grose-anti-rutsch-matte-ohne-aufdruck \" title=\"Gro\u00dfe Anti-Rutsch-Matte ohne Aufdruck\" data-title=\"Gro\u00dfe Anti-Rutsch-Matte ohne Aufdruck\" data-value=\"grose-anti-rutsch-matte-ohne-aufdruck\" role=\"radio\" tabindex=\"0\"><div class=\"variable-item-contents\"><img loading=\"lazy\" decoding=\"async\" class=\"variable-item-image\"  aria-hidden=\"true\" alt=\"Gro\u00dfe Anti-Rutsch-Matte ohne Aufdruck\" src=\"https:\/\/webshop.annemiekoenen.com\/wp-content\/uploads\/sites\/2\/2021\/03\/Anti-slip-mat-groot-1-scaled-e1615465128426.jpg\" width=\"50\" height=\"37\" \/><\/div><\/li><li aria-checked=\"false\" tabindex=\"0\" data-attribute_name=\"attribute_pa_gereedschap-nat-vilten\" data-wvstooltip=\"Olivenseife\" class=\"variable-item image-variable-item image-variable-item-olivenseife \" title=\"Olivenseife\" data-title=\"Olivenseife\" data-value=\"olivenseife\" role=\"radio\" tabindex=\"0\"><div class=\"variable-item-contents\"><img loading=\"lazy\" decoding=\"async\" class=\"variable-item-image\"  aria-hidden=\"true\" alt=\"Olivenseife\" src=\"https:\/\/webshop.annemiekoenen.com\/wp-content\/uploads\/sites\/2\/2021\/03\/Olijfzeep-scaled-e1615464730556.jpg\" width=\"50\" height=\"38\" \/><\/div><\/li><li aria-checked=\"false\" tabindex=\"0\" data-attribute_name=\"attribute_pa_gereedschap-nat-vilten\" data-wvstooltip=\"Pinch Schere Gold (klein - 11cm)\" class=\"variable-item image-variable-item image-variable-item-pinch-schere-gold-klein-11cm \" title=\"Pinch Schere Gold (klein - 11cm)\" data-title=\"Pinch Schere Gold (klein - 11cm)\" data-value=\"pinch-schere-gold-klein-11cm\" role=\"radio\" tabindex=\"0\"><div class=\"variable-item-contents\"><img loading=\"lazy\" decoding=\"async\" class=\"variable-item-image\"  aria-hidden=\"true\" alt=\"Pinch Schere Gold (klein - 11cm)\" src=\"https:\/\/webshop.annemiekoenen.com\/wp-content\/uploads\/sites\/2\/2021\/06\/Knijpschaar-11-cm-goud-scaled-e1623587559530.jpg\" width=\"50\" height=\"37\" \/><\/div><\/li><li aria-checked=\"false\" tabindex=\"0\" data-attribute_name=\"attribute_pa_gereedschap-nat-vilten\" data-wvstooltip=\"Pinch Schere Lila (klein - 11cm)\" class=\"variable-item image-variable-item image-variable-item-pinch-schere-lila-klein-11cm \" title=\"Pinch Schere Lila (klein - 11cm)\" data-title=\"Pinch Schere Lila (klein - 11cm)\" data-value=\"pinch-schere-lila-klein-11cm\" role=\"radio\" tabindex=\"0\"><div class=\"variable-item-contents\"><img loading=\"lazy\" decoding=\"async\" class=\"variable-item-image\"  aria-hidden=\"true\" alt=\"Pinch Schere Lila (klein - 11cm)\" src=\"https:\/\/webshop.annemiekoenen.com\/wp-content\/uploads\/sites\/2\/2021\/06\/Knijpschaar-11-cm-paars-scaled-e1623587457549.jpg\" width=\"50\" height=\"38\" \/><\/div><\/li><li aria-checked=\"false\" tabindex=\"0\" data-attribute_name=\"attribute_pa_gereedschap-nat-vilten\" data-wvstooltip=\"Prickelfilz\" class=\"variable-item image-variable-item image-variable-item-prickelfilz \" title=\"Prickelfilz\" data-title=\"Prickelfilz\" data-value=\"prickelfilz\" role=\"radio\" tabindex=\"0\"><div class=\"variable-item-contents\"><img loading=\"lazy\" decoding=\"async\" class=\"variable-item-image\"  aria-hidden=\"true\" alt=\"Prickelfilz\" src=\"https:\/\/webshop.annemiekoenen.com\/wp-content\/uploads\/sites\/2\/2021\/03\/Viltmat-2-scaled-e1615464881943.jpg\" width=\"50\" height=\"29\" \/><\/div><\/li><li aria-checked=\"false\" tabindex=\"0\" data-attribute_name=\"attribute_pa_gereedschap-nat-vilten\" data-wvstooltip=\"Unterboden f\u00fcr Schablone\" class=\"variable-item image-variable-item image-variable-item-unterboden-fur-schablone \" title=\"Unterboden f\u00fcr Schablone\" data-title=\"Unterboden f\u00fcr Schablone\" data-value=\"unterboden-fur-schablone\" role=\"radio\" tabindex=\"0\"><div class=\"variable-item-contents\"><img loading=\"lazy\" decoding=\"async\" class=\"variable-item-image\"  aria-hidden=\"true\" alt=\"Unterboden f\u00fcr Schablone\" src=\"https:\/\/webshop.annemiekoenen.com\/wp-content\/uploads\/sites\/2\/2021\/03\/Ondervloer-voor-mal--scaled-e1617107692520.jpg\" width=\"42\" height=\"50\" \/><\/div><\/li><li aria-checked=\"false\" tabindex=\"0\" data-attribute_name=\"attribute_pa_gereedschap-nat-vilten\" data-wvstooltip=\"Vollblock Holz\" class=\"variable-item image-variable-item image-variable-item-vollblock-holz \" title=\"Vollblock Holz\" data-title=\"Vollblock Holz\" data-value=\"vollblock-holz\" role=\"radio\" tabindex=\"0\"><div class=\"variable-item-contents\"><img loading=\"lazy\" decoding=\"async\" class=\"variable-item-image\"  aria-hidden=\"true\" alt=\"Vollblock Holz\" src=\"https:\/\/webshop.annemiekoenen.com\/wp-content\/uploads\/sites\/2\/2021\/03\/Volblok-3-scaled-e1615466343663.jpg\" width=\"50\" height=\"38\" \/><\/div><\/li><\/ul><a class=\"reset_variations\" href=\"#\" aria-label=\"Optionen l\u00f6schen\">Zur\u00fccksetzen<\/a>\t\t\t\t\t\t<\/td>\n\t\t\t\t\t<\/tr>\n\t\t\t\t\t\t\t<\/tbody>\n\t\t<\/table>\n\t\t<div class=\"reset_variations_alert screen-reader-text\" role=\"alert\" aria-live=\"polite\" aria-relevant=\"all\"><\/div>\n\t\t\t\t\n\t\t<div class=\"single_variation_wrap\">\n\t\t\t<div class=\"woocommerce-variation single_variation\" role=\"alert\" aria-relevant=\"additions\"><\/div><div class=\"woocommerce-variation-add-to-cart variations_button\">\n\t\n\t<div class=\"quantity\">\n\t\t<label class=\"screen-reader-text\" for=\"quantity_6a96d821b812b\">Nassfilzwerkzeuge Menge<\/label>\n\t<input\n\t\ttype=\"number\"\n\t\t\t\tid=\"quantity_6a96d821b812b\"\n\t\tclass=\"input-text qty text\"\n\t\tname=\"quantity\"\n\t\tvalue=\"1\"\n\t\taria-label=\"Produktmenge\"\n\t\t\t\tmin=\"1\"\n\t\t\t\t\t\t\tstep=\"1\"\n\t\t\tplaceholder=\"\"\n\t\t\tinputmode=\"numeric\"\n\t\t\tautocomplete=\"off\"\n\t\t\t\/>\n\t<\/div>\n\n\t<button type=\"submit\" class=\"single_add_to_cart_button button alt\">In den Warenkorb<\/button>\n\n\t\n\t<input type=\"hidden\" name=\"add-to-cart\" value=\"4222\" \/>\n\t<input type=\"hidden\" name=\"product_id\" value=\"4222\" \/>\n\t<input type=\"hidden\" name=\"variation_id\" class=\"variation_id\" value=\"0\" \/>\n<\/div>\n\t\t<\/div>\n\t\n\t<\/div><\/form>\n\n<div class=\"product_meta\">\n\n\t\n\t\n\t\t<span class=\"sku_wrapper\">Artikelnummer: <span class=\"sku\">n.\u00a0v.<\/span><\/span>\n\n\t\n\t<span class=\"posted_in\">Kategorien: <a href=\"https:\/\/webshop.annemiekoenen.com\/de\/produkt-kategorie\/andere-produkte\/\" rel=\"tag\">Andere Produkte<\/a>, <a href=\"https:\/\/webshop.annemiekoenen.com\/de\/produkt-kategorie\/andere-produkte\/werkzeuge\/\" rel=\"tag\">Werkzeuge<\/a><\/span>\n\t\n\t\n<\/div>\n\t<\/div>\n\n\t\n\t<div class=\"woocommerce-tabs wc-tabs-wrapper\">\n\t\t<ul class=\"tabs wc-tabs\" role=\"tablist\">\n\t\t\t\t\t\t\t<li role=\"presentation\" class=\"additional_information_tab\" id=\"tab-title-additional_information\">\n\t\t\t\t\t<a href=\"#tab-additional_information\" role=\"tab\" aria-controls=\"tab-additional_information\">\n\t\t\t\t\t\tZus\u00e4tzliche Informationen\t\t\t\t\t<\/a>\n\t\t\t\t<\/li>\n\t\t\t\t\t<\/ul>\n\t\t\t\t\t<div class=\"woocommerce-Tabs-panel woocommerce-Tabs-panel--additional_information panel entry-content wc-tab\" id=\"tab-additional_information\" role=\"tabpanel\" aria-labelledby=\"tab-title-additional_information\">\n\t\t\t\t\n\t<h2>Zus\u00e4tzliche Informationen<\/h2>\n\n<table class=\"woocommerce-product-attributes shop_attributes\" aria-label=\"Produktdetails\">\n\t\t\t<tr class=\"woocommerce-product-attributes-item woocommerce-product-attributes-item--weight\">\n\t\t\t<th class=\"woocommerce-product-attributes-item__label\" scope=\"row\">Gewicht<\/th>\n\t\t\t<td class=\"woocommerce-product-attributes-item__value\">n.\u00a0v.<\/td>\n\t\t<\/tr>\n\t\t\t<tr class=\"woocommerce-product-attributes-item woocommerce-product-attributes-item--dimensions\">\n\t\t\t<th class=\"woocommerce-product-attributes-item__label\" scope=\"row\">Ma\u00dfe<\/th>\n\t\t\t<td class=\"woocommerce-product-attributes-item__value\">n.\u00a0v.<\/td>\n\t\t<\/tr>\n\t\t\t<tr class=\"woocommerce-product-attributes-item woocommerce-product-attributes-item--attribute_pa_gereedschap-nat-vilten\">\n\t\t\t<th class=\"woocommerce-product-attributes-item__label\" scope=\"row\">Nassfilzwerkzeuge<\/th>\n\t\t\t<td class=\"woocommerce-product-attributes-item__value\"><p>Anti-Rutsch-Matte, Anti-Rutsch-Matte, Balldusche blau, Balldusche gr\u00fcn, Balldusche orange, Clips, Clips XL, Dr\u00fcckschere blau, Dr\u00fcckschere rot, Dr\u00fcckschere violett, Gro\u00dfe Anti-Rutsch-Matte mit Aufdruck, Gro\u00dfe Anti-Rutsch-Matte ohne Aufdruck, Kneifschere rot, Kneifschere violet, Olivenseife, Pinch Schere Gold (klein &#8211; 11cm), Pinch Schere Lila (klein &#8211; 11cm), Prickelfilz, Unterboden f\u00fcr Schablone, Vollblock Holz<\/p>\n<\/td>\n\t\t<\/tr>\n\t<\/table>\n\t\t\t<\/div>\n\t\t\n\t\t\t<\/div>\n\n\n\t<section class=\"related products\">\n\n\t\t\t\t\t<h2>\u00c4hnliche Produkte<\/h2>\n\t\t\t\t<ul class=\"products columns-3\">\n\n\t\t\t\n\t\t\t\t\t<li class=\"product type-product post-8544 status-publish first instock product_cat-andere-produkte product_cat-charms-und-perlen product_cat-perlen has-post-thumbnail taxable shipping-taxable purchasable product-type-variable\">\n\t<a href=\"https:\/\/webshop.annemiekoenen.com\/de\/laden\/andere-produkte\/charms-und-perlen\/perlen\/perlen-aus-filz\/\" class=\"woocommerce-LoopProduct-link woocommerce-loop-product__link\"><img loading=\"lazy\" decoding=\"async\" width=\"324\" height=\"324\" src=\"https:\/\/webshop.annemiekoenen.com\/wp-content\/uploads\/sites\/2\/2022\/10\/20221018_102052_copy_1288x1288-324x324.jpg\" class=\"attachment-woocommerce_thumbnail size-woocommerce_thumbnail\" alt=\"Filzperlen\" srcset=\"https:\/\/webshop.annemiekoenen.com\/wp-content\/uploads\/sites\/2\/2022\/10\/20221018_102052_copy_1288x1288-324x324.jpg 324w, https:\/\/webshop.annemiekoenen.com\/wp-content\/uploads\/sites\/2\/2022\/10\/20221018_102052_copy_1288x1288-300x300.jpg 300w, https:\/\/webshop.annemiekoenen.com\/wp-content\/uploads\/sites\/2\/2022\/10\/20221018_102052_copy_1288x1288-1024x1024.jpg 1024w, https:\/\/webshop.annemiekoenen.com\/wp-content\/uploads\/sites\/2\/2022\/10\/20221018_102052_copy_1288x1288-150x150.jpg 150w, https:\/\/webshop.annemiekoenen.com\/wp-content\/uploads\/sites\/2\/2022\/10\/20221018_102052_copy_1288x1288-768x768.jpg 768w, https:\/\/webshop.annemiekoenen.com\/wp-content\/uploads\/sites\/2\/2022\/10\/20221018_102052_copy_1288x1288-416x416.jpg 416w, https:\/\/webshop.annemiekoenen.com\/wp-content\/uploads\/sites\/2\/2022\/10\/20221018_102052_copy_1288x1288-100x100.jpg 100w, https:\/\/webshop.annemiekoenen.com\/wp-content\/uploads\/sites\/2\/2022\/10\/20221018_102052_copy_1288x1288-50x50.jpg 50w, https:\/\/webshop.annemiekoenen.com\/wp-content\/uploads\/sites\/2\/2022\/10\/20221018_102052_copy_1288x1288.jpg 1288w\" sizes=\"(max-width: 324px) 100vw, 324px\" \/><h2 class=\"woocommerce-loop-product__title\">Filzperlen<\/h2>\n\t<span class=\"price\"><span class=\"woocommerce-Price-amount amount\"><bdi><span class=\"woocommerce-Price-currencySymbol\" translate=\"no\">&euro;<\/span>5.95<\/bdi><\/span><\/span>\n<\/a><a href=\"https:\/\/webshop.annemiekoenen.com\/de\/laden\/andere-produkte\/charms-und-perlen\/perlen\/perlen-aus-filz\/\" aria-describedby=\"woocommerce_loop_add_to_cart_link_describedby_8544\" data-quantity=\"1\" class=\"button product_type_variable add_to_cart_button\" data-product_id=\"8544\" data-product_sku=\"\" aria-label=\"W\u00e4hle Optionen f\u00fcr \u201eFilzperlen\u201c\" rel=\"nofollow\">Ausf\u00fchrung w\u00e4hlen<\/a>\t<span id=\"woocommerce_loop_add_to_cart_link_describedby_8544\" class=\"screen-reader-text\">\n\t\tDieses Produkt weist mehrere Varianten auf. Die Optionen k\u00f6nnen auf der Produktseite gew\u00e4hlt werden\t<\/span>\n<\/li>\n\n\t\t\t\n\t\t\t\t\t<li class=\"product type-product post-4196 status-publish instock product_cat-andere-produkte product_cat-werkzeuge has-post-thumbnail taxable shipping-taxable purchasable product-type-variable\">\n\t<a href=\"https:\/\/webshop.annemiekoenen.com\/de\/laden\/andere-produkte\/werkzeuge\/werkzeuge-trocken-filzen\/\" class=\"woocommerce-LoopProduct-link woocommerce-loop-product__link\"><img loading=\"lazy\" decoding=\"async\" width=\"324\" height=\"324\" src=\"https:\/\/webshop.annemiekoenen.com\/wp-content\/uploads\/sites\/2\/2021\/03\/Spectrum-gereedschap-droog-vilten-scaled-e1615469919630-324x324.jpg\" class=\"attachment-woocommerce_thumbnail size-woocommerce_thumbnail\" alt=\"Trockenfilz Werkzeuge\" srcset=\"https:\/\/webshop.annemiekoenen.com\/wp-content\/uploads\/sites\/2\/2021\/03\/Spectrum-gereedschap-droog-vilten-scaled-e1615469919630-324x324.jpg 324w, https:\/\/webshop.annemiekoenen.com\/wp-content\/uploads\/sites\/2\/2021\/03\/Spectrum-gereedschap-droog-vilten-scaled-e1615469919630-150x150.jpg 150w, https:\/\/webshop.annemiekoenen.com\/wp-content\/uploads\/sites\/2\/2021\/03\/Spectrum-gereedschap-droog-vilten-scaled-e1615469919630-100x100.jpg 100w, https:\/\/webshop.annemiekoenen.com\/wp-content\/uploads\/sites\/2\/2021\/03\/Spectrum-gereedschap-droog-vilten-scaled-e1615469919630-300x300.jpg 300w\" sizes=\"(max-width: 324px) 100vw, 324px\" \/><h2 class=\"woocommerce-loop-product__title\">Trockenfilz Werkzeuge<\/h2>\n\t<span class=\"price\"><span class=\"woocommerce-Price-amount amount\" aria-hidden=\"true\"><bdi><span class=\"woocommerce-Price-currencySymbol\" translate=\"no\">&euro;<\/span>1.00<\/bdi><\/span> <span aria-hidden=\"true\"> \u2013 <\/span> <span class=\"woocommerce-Price-amount amount\" aria-hidden=\"true\"><bdi><span class=\"woocommerce-Price-currencySymbol\" translate=\"no\">&euro;<\/span>12.00<\/bdi><\/span><span class=\"screen-reader-text\">Preisspanne: &euro;1.00 bis &euro;12.00<\/span><\/span>\n<\/a><a href=\"https:\/\/webshop.annemiekoenen.com\/de\/laden\/andere-produkte\/werkzeuge\/werkzeuge-trocken-filzen\/\" aria-describedby=\"woocommerce_loop_add_to_cart_link_describedby_4196\" data-quantity=\"1\" class=\"button product_type_variable add_to_cart_button\" data-product_id=\"4196\" data-product_sku=\"\" aria-label=\"W\u00e4hle Optionen f\u00fcr \u201eTrockenfilz Werkzeuge\u201c\" rel=\"nofollow\">Ausf\u00fchrung w\u00e4hlen<\/a>\t<span id=\"woocommerce_loop_add_to_cart_link_describedby_4196\" class=\"screen-reader-text\">\n\t\tDieses Produkt weist mehrere Varianten auf. Die Optionen k\u00f6nnen auf der Produktseite gew\u00e4hlt werden\t<\/span>\n<\/li>\n\n\t\t\t\n\t\t\t\t\t<li class=\"product type-product post-8542 status-publish last instock product_cat-andere-produkte product_cat-charms-und-perlen has-post-thumbnail taxable shipping-taxable purchasable product-type-variable\">\n\t<a href=\"https:\/\/webshop.annemiekoenen.com\/de\/laden\/andere-produkte\/charms-und-perlen\/filzknopfe\/\" class=\"woocommerce-LoopProduct-link woocommerce-loop-product__link\"><img loading=\"lazy\" decoding=\"async\" width=\"324\" height=\"324\" src=\"https:\/\/webshop.annemiekoenen.com\/wp-content\/uploads\/sites\/2\/2022\/10\/20221018_102249_copy_1249x1249-324x324.jpg\" class=\"attachment-woocommerce_thumbnail size-woocommerce_thumbnail\" alt=\"Filzkn\u00f6pfe\" srcset=\"https:\/\/webshop.annemiekoenen.com\/wp-content\/uploads\/sites\/2\/2022\/10\/20221018_102249_copy_1249x1249-324x324.jpg 324w, https:\/\/webshop.annemiekoenen.com\/wp-content\/uploads\/sites\/2\/2022\/10\/20221018_102249_copy_1249x1249-300x300.jpg 300w, https:\/\/webshop.annemiekoenen.com\/wp-content\/uploads\/sites\/2\/2022\/10\/20221018_102249_copy_1249x1249-1024x1024.jpg 1024w, https:\/\/webshop.annemiekoenen.com\/wp-content\/uploads\/sites\/2\/2022\/10\/20221018_102249_copy_1249x1249-150x150.jpg 150w, https:\/\/webshop.annemiekoenen.com\/wp-content\/uploads\/sites\/2\/2022\/10\/20221018_102249_copy_1249x1249-768x768.jpg 768w, https:\/\/webshop.annemiekoenen.com\/wp-content\/uploads\/sites\/2\/2022\/10\/20221018_102249_copy_1249x1249-416x416.jpg 416w, https:\/\/webshop.annemiekoenen.com\/wp-content\/uploads\/sites\/2\/2022\/10\/20221018_102249_copy_1249x1249-100x100.jpg 100w, https:\/\/webshop.annemiekoenen.com\/wp-content\/uploads\/sites\/2\/2022\/10\/20221018_102249_copy_1249x1249-50x50.jpg 50w, https:\/\/webshop.annemiekoenen.com\/wp-content\/uploads\/sites\/2\/2022\/10\/20221018_102249_copy_1249x1249.jpg 1249w\" sizes=\"(max-width: 324px) 100vw, 324px\" \/><h2 class=\"woocommerce-loop-product__title\">Filzkn\u00f6pfe<\/h2>\n\t<span class=\"price\"><span class=\"woocommerce-Price-amount amount\"><bdi><span class=\"woocommerce-Price-currencySymbol\" translate=\"no\">&euro;<\/span>4.95<\/bdi><\/span><\/span>\n<\/a><a href=\"https:\/\/webshop.annemiekoenen.com\/de\/laden\/andere-produkte\/charms-und-perlen\/filzknopfe\/\" aria-describedby=\"woocommerce_loop_add_to_cart_link_describedby_8542\" data-quantity=\"1\" class=\"button product_type_variable add_to_cart_button\" data-product_id=\"8542\" data-product_sku=\"\" aria-label=\"W\u00e4hle Optionen f\u00fcr \u201eFilzkn\u00f6pfe\u201c\" rel=\"nofollow\">Ausf\u00fchrung w\u00e4hlen<\/a>\t<span id=\"woocommerce_loop_add_to_cart_link_describedby_8542\" class=\"screen-reader-text\">\n\t\tDieses Produkt weist mehrere Varianten auf. Die Optionen k\u00f6nnen auf der Produktseite gew\u00e4hlt werden\t<\/span>\n<\/li>\n\n\t\t\t\n\t\t<\/ul>\n\n\t<\/section>\n\t\t\t<nav class=\"storefront-product-pagination\" aria-label=\"Mehr Produkte\">\n\t\t\t\t\t\t\t<a href=\"https:\/\/webshop.annemiekoenen.com\/de\/laden\/andere-produkte\/werkzeuge\/werkzeuge-sticken\/\" rel=\"prev\">\n\t\t\t\t\t<img loading=\"lazy\" decoding=\"async\" width=\"324\" height=\"324\" src=\"https:\/\/webshop.annemiekoenen.com\/wp-content\/uploads\/sites\/2\/2021\/03\/Spectrum-borduurgereedschap-scaled-e1615463640654-324x324.jpg\" class=\"attachment-woocommerce_thumbnail size-woocommerce_thumbnail\" alt=\"Stickwerkzeuge\" \/>\t\t\t\t\t<span class=\"storefront-product-pagination__title\">Stickwerkzeuge<\/span>\n\t\t\t\t<\/a>\n\t\t\t\n\t\t\t\t\t\t\t<a href=\"https:\/\/webshop.annemiekoenen.com\/de\/laden\/andere-produkte\/werkzeuge\/werkzeuge-trocken-filzen\/\" rel=\"next\">\n\t\t\t\t\t<img loading=\"lazy\" decoding=\"async\" width=\"324\" height=\"324\" src=\"https:\/\/webshop.annemiekoenen.com\/wp-content\/uploads\/sites\/2\/2021\/03\/Spectrum-gereedschap-droog-vilten-scaled-e1615469919630-324x324.jpg\" class=\"attachment-woocommerce_thumbnail size-woocommerce_thumbnail\" alt=\"Trockenfilz Werkzeuge\" \/>\t\t\t\t\t<span class=\"storefront-product-pagination__title\">Trockenfilz Werkzeuge<\/span>\n\t\t\t\t<\/a>\n\t\t\t\t\t<\/nav><!-- .storefront-product-pagination -->\n\t\t<\/div>\n\n\t\t\t<\/div>\n\t\t\t<\/div><\/p>\n","protected":false},"excerpt":{"rendered":"<p>F\u00fcr diesen Kurs ben\u00f6tigte Materialien Die folgende Liste enth\u00e4lt alle Materialien, die Sie zur Teilnahme am Kurs ben\u00f6tigen.Einige Materialien werden Sie schon zu Hause haben, einige m\u00fcssen Sie kaufen.Sie k\u00f6nnen die fett gedruckten Materialien in meinem Webshop erhalten und sie \u00fcber den unten stehenden Link zu Ihrer Bestellung hinzuf\u00fcgen. Wenn Sie bestimmte Materialien nicht finden [&hellip;]<\/p>\n","protected":false},"author":2,"featured_media":0,"parent":0,"menu_order":0,"comment_status":"closed","ping_status":"closed","template":"","meta":{"footnotes":""},"class_list":["post-3487","page","type-page","status-publish","hentry"],"aioseo_notices":[],"aioseo_head":"\n\t\t<!-- All in One SEO 5.0.1.1 - aioseo.com -->\n\t<meta name=\"robots\" content=\"max-image-preview:large\" \/>\n\t<meta name=\"google-site-verification\" content=\"ToBRBXl-7m_Xsx_RHNecs5jkYQ7lxu1dsoZ8VHpLz0I\" \/>\n\t<link rel=\"canonical\" href=\"https:\/\/webshop.annemiekoenen.com\/de\/laden\/andere-produkte\/werkzeuge\/werkzeuge-nass-filzen\/\" \/>\n\t<meta name=\"generator\" content=\"All in One SEO (AIOSEO) 5.0.1.1\" \/>\n\t\t<meta property=\"og:locale\" content=\"de_DE\" \/>\n\t\t<meta property=\"og:site_name\" content=\"Annemie Koenen Webshop - Vilt op 1001 manieren gebruikt en bewerkt, je vind het allemaal hier.\" \/>\n\t\t<meta property=\"og:type\" content=\"article\" \/>\n\t\t<meta property=\"og:title\" content=\"Nassfilzwerkzeuge - Annemie Koenen Webshop\" \/>\n\t\t<meta property=\"og:url\" content=\"https:\/\/webshop.annemiekoenen.com\/de\/laden\/andere-produkte\/werkzeuge\/werkzeuge-nass-filzen\/\" \/>\n\t\t<meta property=\"og:image\" content=\"https:\/\/webshop.annemiekoenen.com\/wp-content\/uploads\/sites\/2\/2021\/02\/cropped-cropped-annemiekoenen-logo-nieuw-2.png\" \/>\n\t\t<meta property=\"og:image:secure_url\" content=\"https:\/\/webshop.annemiekoenen.com\/wp-content\/uploads\/sites\/2\/2021\/02\/cropped-cropped-annemiekoenen-logo-nieuw-2.png\" \/>\n\t\t<meta property=\"article:published_time\" content=\"2021-03-11T12:53:28+00:00\" \/>\n\t\t<meta property=\"article:modified_time\" content=\"2025-01-09T09:24:09+00:00\" \/>\n\t\t<meta name=\"twitter:card\" content=\"summary\" \/>\n\t\t<meta name=\"twitter:title\" content=\"Nassfilzwerkzeuge - Annemie Koenen Webshop\" \/>\n\t\t<meta name=\"twitter:image\" content=\"https:\/\/webshop.annemiekoenen.com\/wp-content\/uploads\/sites\/2\/2021\/02\/cropped-cropped-annemiekoenen-logo-nieuw-2.png\" \/>\n\t\t<script type=\"application\/ld+json\" class=\"aioseo-schema\">\n\t\t\t{\"@context\":\"https:\\\/\\\/schema.org\",\"@graph\":[{\"@type\":\"BreadcrumbList\",\"@id\":\"https:\\\/\\\/webshop.annemiekoenen.com\\\/de\\\/laden\\\/andere-produkte\\\/werkzeuge\\\/werkzeuge-nass-filzen\\\/#breadcrumblist\",\"itemListElement\":[{\"@type\":\"ListItem\",\"@id\":\"https:\\\/\\\/webshop.annemiekoenen.com\\\/de\\\/#listItem\",\"position\":1,\"name\":\"Home\",\"item\":\"https:\\\/\\\/webshop.annemiekoenen.com\\\/de\\\/\",\"nextItem\":{\"@type\":\"ListItem\",\"@id\":\"https:\\\/\\\/webshop.annemiekoenen.com\\\/de\\\/filzbedarf-shirdak\\\/#listItem\",\"name\":\"Filzbedarf: Shirdak\"}},{\"@type\":\"ListItem\",\"@id\":\"https:\\\/\\\/webshop.annemiekoenen.com\\\/de\\\/filzbedarf-shirdak\\\/#listItem\",\"position\":2,\"name\":\"Filzbedarf: Shirdak\",\"previousItem\":{\"@type\":\"ListItem\",\"@id\":\"https:\\\/\\\/webshop.annemiekoenen.com\\\/de\\\/#listItem\",\"name\":\"Home\"}}]},{\"@type\":\"ItemPage\",\"@id\":\"https:\\\/\\\/webshop.annemiekoenen.com\\\/de\\\/laden\\\/andere-produkte\\\/werkzeuge\\\/werkzeuge-nass-filzen\\\/#itempage\",\"url\":\"https:\\\/\\\/webshop.annemiekoenen.com\\\/de\\\/laden\\\/andere-produkte\\\/werkzeuge\\\/werkzeuge-nass-filzen\\\/\",\"name\":\"Nassfilzwerkzeuge - Annemie Koenen Webshop\",\"inLanguage\":\"de-DE\",\"isPartOf\":{\"@id\":\"https:\\\/\\\/webshop.annemiekoenen.com\\\/de\\\/#website\"},\"breadcrumb\":{\"@id\":\"https:\\\/\\\/webshop.annemiekoenen.com\\\/de\\\/laden\\\/andere-produkte\\\/werkzeuge\\\/werkzeuge-nass-filzen\\\/#breadcrumblist\"},\"image\":{\"@type\":\"ImageObject\",\"url\":\"https:\\\/\\\/webshop.annemiekoenen.com\\\/wp-content\\\/uploads\\\/sites\\\/2\\\/2021\\\/03\\\/Spectrum-gereedschap-natvilt-scaled-e1615466547183.jpg\",\"@id\":\"https:\\\/\\\/webshop.annemiekoenen.com\\\/de\\\/laden\\\/andere-produkte\\\/werkzeuge\\\/werkzeuge-nass-filzen\\\/#mainImage\",\"width\":2560,\"height\":1922},\"primaryImageOfPage\":{\"@id\":\"https:\\\/\\\/webshop.annemiekoenen.com\\\/de\\\/laden\\\/andere-produkte\\\/werkzeuge\\\/werkzeuge-nass-filzen\\\/#mainImage\"},\"datePublished\":\"2021-03-11T12:53:28+01:00\",\"dateModified\":\"2025-01-09T10:24:09+01:00\"},{\"@type\":\"Organization\",\"@id\":\"https:\\\/\\\/webshop.annemiekoenen.com\\\/de\\\/#organization\",\"name\":\"Annemie Koenen Webshop\",\"description\":\"Vilt op 1001 manieren gebruikt en bewerkt, je vind het allemaal hier.\",\"url\":\"https:\\\/\\\/webshop.annemiekoenen.com\\\/de\\\/\",\"logo\":{\"@type\":\"ImageObject\",\"url\":\"https:\\\/\\\/webshop.annemiekoenen.com\\\/wp-content\\\/uploads\\\/sites\\\/2\\\/2021\\\/02\\\/cropped-cropped-annemiekoenen-logo-nieuw-2.png\",\"@id\":\"https:\\\/\\\/webshop.annemiekoenen.com\\\/de\\\/laden\\\/andere-produkte\\\/werkzeuge\\\/werkzeuge-nass-filzen\\\/#organizationLogo\",\"width\":508,\"height\":176},\"image\":{\"@id\":\"https:\\\/\\\/webshop.annemiekoenen.com\\\/de\\\/laden\\\/andere-produkte\\\/werkzeuge\\\/werkzeuge-nass-filzen\\\/#organizationLogo\"}},{\"@type\":\"WebSite\",\"@id\":\"https:\\\/\\\/webshop.annemiekoenen.com\\\/de\\\/#website\",\"url\":\"https:\\\/\\\/webshop.annemiekoenen.com\\\/de\\\/\",\"name\":\"Annemie Koenen Webshop\",\"description\":\"Vilt op 1001 manieren gebruikt en bewerkt, je vind het allemaal hier.\",\"inLanguage\":\"de-DE\",\"publisher\":{\"@id\":\"https:\\\/\\\/webshop.annemiekoenen.com\\\/de\\\/#organization\"}}]}\n\t\t<\/script>\n\t\t<!-- All in One SEO -->\n\n","aioseo_head_json":{"title":"Nassfilzwerkzeuge - Annemie Koenen Webshop","description":"","canonical_url":"https:\/\/webshop.annemiekoenen.com\/de\/laden\/andere-produkte\/werkzeuge\/werkzeuge-nass-filzen\/","robots":"max-image-preview:large","keywords":"","webmasterTools":{"google-site-verification":"ToBRBXl-7m_Xsx_RHNecs5jkYQ7lxu1dsoZ8VHpLz0I","miscellaneous":""},"schema":{"@context":"https:\/\/schema.org","@graph":[{"@type":"BreadcrumbList","@id":"https:\/\/webshop.annemiekoenen.com\/de\/laden\/andere-produkte\/werkzeuge\/werkzeuge-nass-filzen\/#breadcrumblist","itemListElement":[{"@type":"ListItem","@id":"https:\/\/webshop.annemiekoenen.com\/de\/#listItem","position":1,"name":"Home","item":"https:\/\/webshop.annemiekoenen.com\/de\/","nextItem":{"@type":"ListItem","@id":"https:\/\/webshop.annemiekoenen.com\/de\/filzbedarf-shirdak\/#listItem","name":"Filzbedarf: Shirdak"}},{"@type":"ListItem","@id":"https:\/\/webshop.annemiekoenen.com\/de\/filzbedarf-shirdak\/#listItem","position":2,"name":"Filzbedarf: Shirdak","previousItem":{"@type":"ListItem","@id":"https:\/\/webshop.annemiekoenen.com\/de\/#listItem","name":"Home"}}]},{"@type":"ItemPage","@id":"https:\/\/webshop.annemiekoenen.com\/de\/laden\/andere-produkte\/werkzeuge\/werkzeuge-nass-filzen\/#itempage","url":"https:\/\/webshop.annemiekoenen.com\/de\/laden\/andere-produkte\/werkzeuge\/werkzeuge-nass-filzen\/","name":"Nassfilzwerkzeuge - Annemie Koenen Webshop","inLanguage":"de-DE","isPartOf":{"@id":"https:\/\/webshop.annemiekoenen.com\/de\/#website"},"breadcrumb":{"@id":"https:\/\/webshop.annemiekoenen.com\/de\/laden\/andere-produkte\/werkzeuge\/werkzeuge-nass-filzen\/#breadcrumblist"},"image":{"@type":"ImageObject","url":"https:\/\/webshop.annemiekoenen.com\/wp-content\/uploads\/sites\/2\/2021\/03\/Spectrum-gereedschap-natvilt-scaled-e1615466547183.jpg","@id":"https:\/\/webshop.annemiekoenen.com\/de\/laden\/andere-produkte\/werkzeuge\/werkzeuge-nass-filzen\/#mainImage","width":2560,"height":1922},"primaryImageOfPage":{"@id":"https:\/\/webshop.annemiekoenen.com\/de\/laden\/andere-produkte\/werkzeuge\/werkzeuge-nass-filzen\/#mainImage"},"datePublished":"2021-03-11T12:53:28+01:00","dateModified":"2025-01-09T10:24:09+01:00"},{"@type":"Organization","@id":"https:\/\/webshop.annemiekoenen.com\/de\/#organization","name":"Annemie Koenen Webshop","description":"Vilt op 1001 manieren gebruikt en bewerkt, je vind het allemaal hier.","url":"https:\/\/webshop.annemiekoenen.com\/de\/","logo":{"@type":"ImageObject","url":"https:\/\/webshop.annemiekoenen.com\/wp-content\/uploads\/sites\/2\/2021\/02\/cropped-cropped-annemiekoenen-logo-nieuw-2.png","@id":"https:\/\/webshop.annemiekoenen.com\/de\/laden\/andere-produkte\/werkzeuge\/werkzeuge-nass-filzen\/#organizationLogo","width":508,"height":176},"image":{"@id":"https:\/\/webshop.annemiekoenen.com\/de\/laden\/andere-produkte\/werkzeuge\/werkzeuge-nass-filzen\/#organizationLogo"}},{"@type":"WebSite","@id":"https:\/\/webshop.annemiekoenen.com\/de\/#website","url":"https:\/\/webshop.annemiekoenen.com\/de\/","name":"Annemie Koenen Webshop","description":"Vilt op 1001 manieren gebruikt en bewerkt, je vind het allemaal hier.","inLanguage":"de-DE","publisher":{"@id":"https:\/\/webshop.annemiekoenen.com\/de\/#organization"}}]},"og:locale":"de_DE","og:site_name":"Annemie Koenen Webshop - Vilt op 1001 manieren gebruikt en bewerkt, je vind het allemaal hier.","og:type":"article","og:title":"Nassfilzwerkzeuge - Annemie Koenen Webshop","og:url":"https:\/\/webshop.annemiekoenen.com\/de\/laden\/andere-produkte\/werkzeuge\/werkzeuge-nass-filzen\/","og:image":"https:\/\/webshop.annemiekoenen.com\/wp-content\/uploads\/sites\/2\/2021\/02\/cropped-cropped-annemiekoenen-logo-nieuw-2.png","og:image:secure_url":"https:\/\/webshop.annemiekoenen.com\/wp-content\/uploads\/sites\/2\/2021\/02\/cropped-cropped-annemiekoenen-logo-nieuw-2.png","article:published_time":"2021-03-11T12:53:28+00:00","article:modified_time":"2025-01-09T09:24:09+00:00","twitter:card":"summary","twitter:title":"Nassfilzwerkzeuge - Annemie Koenen Webshop","twitter:image":"https:\/\/webshop.annemiekoenen.com\/wp-content\/uploads\/sites\/2\/2021\/02\/cropped-cropped-annemiekoenen-logo-nieuw-2.png"},"aioseo_meta_data":{"post_id":"3487","title":null,"description":null,"keywords":null,"keyphrases":null,"primary_term":null,"canonical_url":null,"og_title":null,"og_description":null,"og_object_type":"default","og_image_type":"default","og_image_url":null,"og_image_width":null,"og_image_height":null,"og_image_custom_url":null,"og_image_custom_fields":null,"og_video":null,"og_custom_url":null,"og_article_section":null,"og_article_tags":null,"twitter_use_og":false,"twitter_card":"default","twitter_image_type":"default","twitter_image_url":null,"twitter_image_custom_url":null,"twitter_image_custom_fields":null,"twitter_title":null,"twitter_description":null,"schema":{"blockGraphs":[],"customGraphs":[],"default":{"data":{"Article":[],"Course":[],"Dataset":[],"FAQPage":[],"Movie":[],"Person":[],"Product":[],"ProductReview":[],"Car":[],"Recipe":[],"Service":[],"SoftwareApplication":[],"WebPage":[]},"graphName":"","isEnabled":true},"graphs":[],"defaultGraph":"","defaultPostTypeGraph":""},"schema_type":"default","schema_type_options":null,"pillar_content":false,"robots_default":true,"robots_noindex":false,"robots_noarchive":false,"robots_nosnippet":false,"robots_nofollow":false,"robots_noimageindex":false,"robots_noodp":false,"robots_notranslate":false,"robots_max_snippet":null,"robots_max_videopreview":null,"robots_max_imagepreview":"large","priority":null,"frequency":null,"local_seo":null,"breadcrumb_settings":null,"limit_modified_date":false,"ai":null,"created":"2022-06-07 11:40:59","updated":"2025-07-16 14:11:24","focus_keyword":null,"additional_keywords":null,"truseo_locale":null,"seo_analyzer_scan_date":null},"aioseo_breadcrumb":"<div class=\"aioseo-breadcrumbs\"><span class=\"aioseo-breadcrumb\">\n\t\t\t<a href=\"https:\/\/webshop.annemiekoenen.com\/de\/\" title=\"Home\">Home<\/a>\n\t\t<\/span><span class=\"aioseo-breadcrumb-separator\">&raquo;<\/span><span class=\"aioseo-breadcrumb\">\n\t\t\tFilzbedarf: Shirdak\n\t\t<\/span><\/div>","aioseo_breadcrumb_json":[{"label":"Home","link":"https:\/\/webshop.annemiekoenen.com\/de\/"},{"label":"Filzbedarf: Shirdak","link":"https:\/\/webshop.annemiekoenen.com\/de\/filzbedarf-shirdak\/"}],"_links":{"self":[{"href":"https:\/\/webshop.annemiekoenen.com\/de\/wp-json\/wp\/v2\/pages\/3487","targetHints":{"allow":["GET"]}}],"collection":[{"href":"https:\/\/webshop.annemiekoenen.com\/de\/wp-json\/wp\/v2\/pages"}],"about":[{"href":"https:\/\/webshop.annemiekoenen.com\/de\/wp-json\/wp\/v2\/types\/page"}],"author":[{"embeddable":true,"href":"https:\/\/webshop.annemiekoenen.com\/de\/wp-json\/wp\/v2\/users\/2"}],"replies":[{"embeddable":true,"href":"https:\/\/webshop.annemiekoenen.com\/de\/wp-json\/wp\/v2\/comments?post=3487"}],"version-history":[{"count":2,"href":"https:\/\/webshop.annemiekoenen.com\/de\/wp-json\/wp\/v2\/pages\/3487\/revisions"}],"predecessor-version":[{"id":3489,"href":"https:\/\/webshop.annemiekoenen.com\/de\/wp-json\/wp\/v2\/pages\/3487\/revisions\/3489"}],"wp:attachment":[{"href":"https:\/\/webshop.annemiekoenen.com\/de\/wp-json\/wp\/v2\/media?parent=3487"}],"curies":[{"name":"wp","href":"https:\/\/api.w.org\/{rel}","templated":true}]}}