{"id":5949,"date":"2022-02-15T19:12:04","date_gmt":"2022-02-15T18:12:04","guid":{"rendered":"https:\/\/webshop.annemiekoenen.com\/filzzubehoer-bestickte-jurtentaschen-aus-filz\/"},"modified":"2022-02-15T19:12:14","modified_gmt":"2022-02-15T18:12:14","slug":"filzzubehoer-bestickte-jurtentaschen-aus-filz","status":"publish","type":"page","link":"https:\/\/webshop.annemiekoenen.com\/de\/filzzubehoer-bestickte-jurtentaschen-aus-filz\/","title":{"rendered":"Filzzubeh\u00f6r: Bestickte Jurtentaschen aus Filz"},"content":{"rendered":"\n<div class=\"wp-block-group has-luminous-vivid-amber-background-color has-background\"><div class=\"wp-block-group__inner-container is-layout-flow wp-block-group-is-layout-flow\">\n<p class=\"wp-block-paragraph\"><strong>F\u00fcr diesen Kurs ben\u00f6tigte Materialien<\/strong><\/p>\n\n\n\n<p class=\"wp-block-paragraph\">Die folgende Liste enth\u00e4lt alle Materialien, die Sie zur Teilnahme am Kurs ben\u00f6tigen.<br \/>Einige Materialien werden Sie schon zu Hause haben, einige m\u00fcssen Sie kaufen.<br \/>Sie k\u00f6nnen die <strong>fett gedruckten<\/strong> Materialien in meinem Webshop erhalten und sie \u00fcber den unten stehenden Link zu Ihrer Bestellung hinzuf\u00fcgen.<\/p>\n\n\n\n<p class=\"wp-block-paragraph\">Wenn Sie bestimmte Materialien nicht finden k\u00f6nnen oder weitere Fragen und\/oder Kommentare zur Materialliste haben, kontaktieren Sie mich bitte und wir werden es gemeinsam ausarbeiten!<\/p>\n\n\n\n<ul class=\"wp-block-list\"><li><strong>Filzmaterial: Handtuch, Sch\u00fcssel, Olivenseife oder was auch immer du normalerweise verwendest, Balldusche oder \u00e4hnliches, Gardinen oder \u00e4hnliches, um die Arbeit umzudrehen, Rollenmaterial und Kern, max. 50 x 50 cm.<\/strong><\/li><li><strong>125 Gramm Bergschaf f\u00fcr einen 30 x 30 Flachfilz. <\/strong><br \/>Multiplizieren Sie beim Auslegen mit 1,33 f\u00fcr die Schrumpfung. Es muss nicht sein, aber wenn Sie bereits den Filz f\u00fcr den Unterricht herstellen, sollte er von guter Qualit\u00e4t sein, aber nicht so hart wie Stein.<\/li><li>Futter aus Baumwolle oder Leinen, nicht zu dick, passend zur Farbe Ihrer Wolle. 32 x 32 cm<\/li><li>Wollstickgarn in verschiedenen Farben &#8211; Sockenwollst\u00e4rke &#8211; ca. 100 Gramm<\/li><li><strong>ein d\u00fcnneres Stickgarn f\u00fcr die Kettenstiche<\/strong><\/li><li>Pferdem\u00e4hne, Yakhaar oder Garn<\/li><li>Papier und Bleistift zum \u00dcben und Zeichnen des Designs &#8211; A3<\/li><li>Buntstifte<\/li><li><strong>Schneiderkreide oder Textilmarker<\/strong><\/li><li><strong>Nadeln, Stecknadeln und Schere<\/strong><\/li><li><strong>Fingerhut<\/strong><\/li><li>Schere f\u00fcr Papier<\/li><li>Ein kleines St\u00fcck Filz zum \u00dcben der Stiche<\/li><\/ul>\n\n\n\n<div class=\"wp-block-group\"><div class=\"wp-block-group__inner-container is-layout-flow wp-block-group-is-layout-flow\">\n<p class=\"wp-block-paragraph\">Nach dem Hinzuf\u00fcgen eines Produkts wird die Seite aktualisiert. Keine Sorge, du kannst das n\u00e4chste Produkt anschlie\u00dfend hinzuf\u00fcgen! Lese sorgf\u00e4ltig, wie viel du von jedem Produkt ben\u00f6tigst, und mache deine Bestellung komplett!<\/p>\n<\/div><\/div>\n<\/div><\/div>\n\n<p class=\"has-text-align-center has-vivid-green-cyan-background-color has-background wp-block-paragraph\"><strong>Tiroler Bergschaf im Vlies<\/strong><\/p>\n\n<p class=\"wp-block-paragraph\"><div class=\"woocommerce\">\t\t\t<div class=\"single-product\" data-product-page-preselected-id=\"0\">\n\t\t\t\t<div class=\"woocommerce-notices-wrapper\"><\/div><div id=\"product-2994\" class=\"product type-product post-2994 status-publish first outofstock product_cat-online-ausserhalb-webshop has-post-thumbnail taxable shipping-taxable purchasable product-type-variable\">\n\n\t<div class=\"woocommerce-product-gallery woocommerce-product-gallery--with-images woocommerce-product-gallery--columns-5 images\" data-columns=\"5\" style=\"opacity: 0; transition: opacity .25s ease-in-out;\">\n\t<div class=\"woocommerce-product-gallery__wrapper\">\n\t\t<div data-thumb=\"https:\/\/webshop.annemiekoenen.com\/wp-content\/uploads\/sites\/2\/2021\/03\/Vlies-tiroler-bergschaap-Kleurenspectrum-scaled-e1615585592917-100x100.jpg\" data-thumb-alt=\"Tiroler Bergschaf\" data-thumb-srcset=\"https:\/\/webshop.annemiekoenen.com\/wp-content\/uploads\/sites\/2\/2021\/03\/Vlies-tiroler-bergschaap-Kleurenspectrum-scaled-e1615585592917-100x100.jpg 100w, https:\/\/webshop.annemiekoenen.com\/wp-content\/uploads\/sites\/2\/2021\/03\/Vlies-tiroler-bergschaap-Kleurenspectrum-scaled-e1615585592917-150x150.jpg 150w, https:\/\/webshop.annemiekoenen.com\/wp-content\/uploads\/sites\/2\/2021\/03\/Vlies-tiroler-bergschaap-Kleurenspectrum-scaled-e1615585592917-324x324.jpg 324w, https:\/\/webshop.annemiekoenen.com\/wp-content\/uploads\/sites\/2\/2021\/03\/Vlies-tiroler-bergschaap-Kleurenspectrum-scaled-e1615585592917-300x300.jpg 300w\"  data-thumb-sizes=\"(max-width: 100px) 100vw, 100px\" class=\"woocommerce-product-gallery__image\"><a href=\"https:\/\/webshop.annemiekoenen.com\/wp-content\/uploads\/sites\/2\/2021\/03\/Vlies-tiroler-bergschaap-Kleurenspectrum-scaled-e1615585592917.jpg\"><img fetchpriority=\"high\" decoding=\"async\" width=\"416\" height=\"554\" src=\"https:\/\/webshop.annemiekoenen.com\/wp-content\/uploads\/sites\/2\/2021\/03\/Vlies-tiroler-bergschaap-Kleurenspectrum-scaled-e1615585592917-600x799.jpg\" class=\"wp-post-image\" alt=\"Tiroler Bergschaf\" data-caption=\"\" data-src=\"https:\/\/webshop.annemiekoenen.com\/wp-content\/uploads\/sites\/2\/2021\/03\/Vlies-tiroler-bergschaap-Kleurenspectrum-scaled-e1615585592917.jpg\" data-large_image=\"https:\/\/webshop.annemiekoenen.com\/wp-content\/uploads\/sites\/2\/2021\/03\/Vlies-tiroler-bergschaap-Kleurenspectrum-scaled-e1615585592917.jpg\" data-large_image_width=\"1715\" data-large_image_height=\"2284\" srcset=\"https:\/\/webshop.annemiekoenen.com\/wp-content\/uploads\/sites\/2\/2021\/03\/Vlies-tiroler-bergschaap-Kleurenspectrum-scaled-e1615585592917-600x799.jpg 600w, https:\/\/webshop.annemiekoenen.com\/wp-content\/uploads\/sites\/2\/2021\/03\/Vlies-tiroler-bergschaap-Kleurenspectrum-scaled-e1615585592917-225x300.jpg 225w, https:\/\/webshop.annemiekoenen.com\/wp-content\/uploads\/sites\/2\/2021\/03\/Vlies-tiroler-bergschaap-Kleurenspectrum-scaled-e1615585592917-769x1024.jpg 769w, https:\/\/webshop.annemiekoenen.com\/wp-content\/uploads\/sites\/2\/2021\/03\/Vlies-tiroler-bergschaap-Kleurenspectrum-scaled-e1615585592917-768x1023.jpg 768w, https:\/\/webshop.annemiekoenen.com\/wp-content\/uploads\/sites\/2\/2021\/03\/Vlies-tiroler-bergschaap-Kleurenspectrum-scaled-e1615585592917-1153x1536.jpg 1153w, https:\/\/webshop.annemiekoenen.com\/wp-content\/uploads\/sites\/2\/2021\/03\/Vlies-tiroler-bergschaap-Kleurenspectrum-scaled-e1615585592917-1538x2048.jpg 1538w, https:\/\/webshop.annemiekoenen.com\/wp-content\/uploads\/sites\/2\/2021\/03\/Vlies-tiroler-bergschaap-Kleurenspectrum-scaled-e1615585592917.jpg 1715w\" sizes=\"(max-width: 416px) 100vw, 416px\" \/><\/a><\/div>\t<\/div>\n<\/div>\n\n\t<div class=\"summary entry-summary\">\n\t\t<h1 class=\"product_title entry-title\">Tiroler Bergschaf<\/h1><p class=\"price\"><span class=\"woocommerce-Price-amount amount\"><bdi><span class=\"woocommerce-Price-currencySymbol\" translate=\"no\">&euro;<\/span>5.00<\/bdi><\/span><\/p>\n<div class=\"woocommerce-product-details__short-description\">\n\t<p>50 Gramm<\/p>\n<\/div>\n\n<form class=\"variations_form cart\" action=\"\" method=\"post\" enctype='multipart\/form-data' data-product_id=\"2994\" data-product_variations=\"[{&quot;attributes&quot;:{&quot;attribute_tiroler&quot;:&quot;Wei\\u00df&quot;},&quot;availability_html&quot;:&quot;&lt;p class=\\&quot;stock in-stock\\&quot;&gt;999 vorr\\u00e4tig&lt;\\\/p&gt;\\n&quot;,&quot;backorders_allowed&quot;:false,&quot;dimensions&quot;:{&quot;length&quot;:&quot;&quot;,&quot;width&quot;:&quot;&quot;,&quot;height&quot;:&quot;&quot;},&quot;dimensions_html&quot;:&quot;n.\\u00a0v.&quot;,&quot;display_price&quot;:5,&quot;display_regular_price&quot;:5,&quot;gallery_image_ids&quot;:[],&quot;gallery_images_html&quot;:&quot;&quot;,&quot;image&quot;:{&quot;title&quot;:&quot;Vlies Tiroler Bergschaf - Farbspektrum&quot;,&quot;caption&quot;:&quot;&quot;,&quot;url&quot;:&quot;https:\\\/\\\/webshop.annemiekoenen.com\\\/wp-content\\\/uploads\\\/sites\\\/2\\\/2021\\\/03\\\/Vlies-tiroler-bergschaap-Kleurenspectrum-scaled-e1615585592917.jpg&quot;,&quot;alt&quot;:&quot;Vlies Tiroler Bergschaf - Farbspektrum&quot;,&quot;src&quot;:&quot;https:\\\/\\\/webshop.annemiekoenen.com\\\/wp-content\\\/uploads\\\/sites\\\/2\\\/2021\\\/03\\\/Vlies-tiroler-bergschaap-Kleurenspectrum-scaled-e1615585592917-600x799.jpg&quot;,&quot;srcset&quot;:&quot;https:\\\/\\\/webshop.annemiekoenen.com\\\/wp-content\\\/uploads\\\/sites\\\/2\\\/2021\\\/03\\\/Vlies-tiroler-bergschaap-Kleurenspectrum-scaled-e1615585592917-600x799.jpg 600w, https:\\\/\\\/webshop.annemiekoenen.com\\\/wp-content\\\/uploads\\\/sites\\\/2\\\/2021\\\/03\\\/Vlies-tiroler-bergschaap-Kleurenspectrum-scaled-e1615585592917-225x300.jpg 225w, https:\\\/\\\/webshop.annemiekoenen.com\\\/wp-content\\\/uploads\\\/sites\\\/2\\\/2021\\\/03\\\/Vlies-tiroler-bergschaap-Kleurenspectrum-scaled-e1615585592917-769x1024.jpg 769w, https:\\\/\\\/webshop.annemiekoenen.com\\\/wp-content\\\/uploads\\\/sites\\\/2\\\/2021\\\/03\\\/Vlies-tiroler-bergschaap-Kleurenspectrum-scaled-e1615585592917-768x1023.jpg 768w, https:\\\/\\\/webshop.annemiekoenen.com\\\/wp-content\\\/uploads\\\/sites\\\/2\\\/2021\\\/03\\\/Vlies-tiroler-bergschaap-Kleurenspectrum-scaled-e1615585592917-1153x1536.jpg 1153w, https:\\\/\\\/webshop.annemiekoenen.com\\\/wp-content\\\/uploads\\\/sites\\\/2\\\/2021\\\/03\\\/Vlies-tiroler-bergschaap-Kleurenspectrum-scaled-e1615585592917-1538x2048.jpg 1538w, https:\\\/\\\/webshop.annemiekoenen.com\\\/wp-content\\\/uploads\\\/sites\\\/2\\\/2021\\\/03\\\/Vlies-tiroler-bergschaap-Kleurenspectrum-scaled-e1615585592917.jpg 1715w&quot;,&quot;sizes&quot;:&quot;(max-width: 416px) 100vw, 416px&quot;,&quot;full_src&quot;:&quot;https:\\\/\\\/webshop.annemiekoenen.com\\\/wp-content\\\/uploads\\\/sites\\\/2\\\/2021\\\/03\\\/Vlies-tiroler-bergschaap-Kleurenspectrum-scaled-e1615585592917.jpg&quot;,&quot;full_src_w&quot;:1715,&quot;full_src_h&quot;:2284,&quot;gallery_thumbnail_src&quot;:&quot;https:\\\/\\\/webshop.annemiekoenen.com\\\/wp-content\\\/uploads\\\/sites\\\/2\\\/2021\\\/03\\\/Vlies-tiroler-bergschaap-Kleurenspectrum-scaled-e1615585592917-100x100.jpg&quot;,&quot;gallery_thumbnail_src_w&quot;:100,&quot;gallery_thumbnail_src_h&quot;:100,&quot;thumb_src&quot;:&quot;https:\\\/\\\/webshop.annemiekoenen.com\\\/wp-content\\\/uploads\\\/sites\\\/2\\\/2021\\\/03\\\/Vlies-tiroler-bergschaap-Kleurenspectrum-scaled-e1615585592917-324x324.jpg&quot;,&quot;thumb_src_w&quot;:324,&quot;thumb_src_h&quot;:324,&quot;src_w&quot;:416,&quot;src_h&quot;:554},&quot;image_id&quot;:1760,&quot;is_downloadable&quot;:false,&quot;is_in_stock&quot;:true,&quot;is_purchasable&quot;:true,&quot;is_sold_individually&quot;:&quot;no&quot;,&quot;is_virtual&quot;:false,&quot;max_qty&quot;:999,&quot;min_qty&quot;:1,&quot;price_html&quot;:&quot;&quot;,&quot;sku&quot;:&quot;&quot;,&quot;variation_description&quot;:&quot;&quot;,&quot;variation_id&quot;:2995,&quot;variation_is_active&quot;:true,&quot;variation_is_visible&quot;:true,&quot;weight&quot;:&quot;51&quot;,&quot;weight_html&quot;:&quot;51 g&quot;},{&quot;attributes&quot;:{&quot;attribute_tiroler&quot;:&quot;Leicht grau&quot;},&quot;availability_html&quot;:&quot;&lt;p class=\\&quot;stock in-stock\\&quot;&gt;999 vorr\\u00e4tig&lt;\\\/p&gt;\\n&quot;,&quot;backorders_allowed&quot;:false,&quot;dimensions&quot;:{&quot;length&quot;:&quot;&quot;,&quot;width&quot;:&quot;&quot;,&quot;height&quot;:&quot;&quot;},&quot;dimensions_html&quot;:&quot;n.\\u00a0v.&quot;,&quot;display_price&quot;:5,&quot;display_regular_price&quot;:5,&quot;gallery_image_ids&quot;:[],&quot;gallery_images_html&quot;:&quot;&quot;,&quot;image&quot;:{&quot;title&quot;:&quot;Vlies Tiroler Bergschaf - Farbspektrum&quot;,&quot;caption&quot;:&quot;&quot;,&quot;url&quot;:&quot;https:\\\/\\\/webshop.annemiekoenen.com\\\/wp-content\\\/uploads\\\/sites\\\/2\\\/2021\\\/03\\\/Vlies-tiroler-bergschaap-Kleurenspectrum-scaled-e1615585592917.jpg&quot;,&quot;alt&quot;:&quot;Vlies Tiroler Bergschaf - Farbspektrum&quot;,&quot;src&quot;:&quot;https:\\\/\\\/webshop.annemiekoenen.com\\\/wp-content\\\/uploads\\\/sites\\\/2\\\/2021\\\/03\\\/Vlies-tiroler-bergschaap-Kleurenspectrum-scaled-e1615585592917-600x799.jpg&quot;,&quot;srcset&quot;:&quot;https:\\\/\\\/webshop.annemiekoenen.com\\\/wp-content\\\/uploads\\\/sites\\\/2\\\/2021\\\/03\\\/Vlies-tiroler-bergschaap-Kleurenspectrum-scaled-e1615585592917-600x799.jpg 600w, https:\\\/\\\/webshop.annemiekoenen.com\\\/wp-content\\\/uploads\\\/sites\\\/2\\\/2021\\\/03\\\/Vlies-tiroler-bergschaap-Kleurenspectrum-scaled-e1615585592917-225x300.jpg 225w, https:\\\/\\\/webshop.annemiekoenen.com\\\/wp-content\\\/uploads\\\/sites\\\/2\\\/2021\\\/03\\\/Vlies-tiroler-bergschaap-Kleurenspectrum-scaled-e1615585592917-769x1024.jpg 769w, https:\\\/\\\/webshop.annemiekoenen.com\\\/wp-content\\\/uploads\\\/sites\\\/2\\\/2021\\\/03\\\/Vlies-tiroler-bergschaap-Kleurenspectrum-scaled-e1615585592917-768x1023.jpg 768w, https:\\\/\\\/webshop.annemiekoenen.com\\\/wp-content\\\/uploads\\\/sites\\\/2\\\/2021\\\/03\\\/Vlies-tiroler-bergschaap-Kleurenspectrum-scaled-e1615585592917-1153x1536.jpg 1153w, https:\\\/\\\/webshop.annemiekoenen.com\\\/wp-content\\\/uploads\\\/sites\\\/2\\\/2021\\\/03\\\/Vlies-tiroler-bergschaap-Kleurenspectrum-scaled-e1615585592917-1538x2048.jpg 1538w, https:\\\/\\\/webshop.annemiekoenen.com\\\/wp-content\\\/uploads\\\/sites\\\/2\\\/2021\\\/03\\\/Vlies-tiroler-bergschaap-Kleurenspectrum-scaled-e1615585592917.jpg 1715w&quot;,&quot;sizes&quot;:&quot;(max-width: 416px) 100vw, 416px&quot;,&quot;full_src&quot;:&quot;https:\\\/\\\/webshop.annemiekoenen.com\\\/wp-content\\\/uploads\\\/sites\\\/2\\\/2021\\\/03\\\/Vlies-tiroler-bergschaap-Kleurenspectrum-scaled-e1615585592917.jpg&quot;,&quot;full_src_w&quot;:1715,&quot;full_src_h&quot;:2284,&quot;gallery_thumbnail_src&quot;:&quot;https:\\\/\\\/webshop.annemiekoenen.com\\\/wp-content\\\/uploads\\\/sites\\\/2\\\/2021\\\/03\\\/Vlies-tiroler-bergschaap-Kleurenspectrum-scaled-e1615585592917-100x100.jpg&quot;,&quot;gallery_thumbnail_src_w&quot;:100,&quot;gallery_thumbnail_src_h&quot;:100,&quot;thumb_src&quot;:&quot;https:\\\/\\\/webshop.annemiekoenen.com\\\/wp-content\\\/uploads\\\/sites\\\/2\\\/2021\\\/03\\\/Vlies-tiroler-bergschaap-Kleurenspectrum-scaled-e1615585592917-324x324.jpg&quot;,&quot;thumb_src_w&quot;:324,&quot;thumb_src_h&quot;:324,&quot;src_w&quot;:416,&quot;src_h&quot;:554},&quot;image_id&quot;:1760,&quot;is_downloadable&quot;:false,&quot;is_in_stock&quot;:true,&quot;is_purchasable&quot;:true,&quot;is_sold_individually&quot;:&quot;no&quot;,&quot;is_virtual&quot;:false,&quot;max_qty&quot;:999,&quot;min_qty&quot;:1,&quot;price_html&quot;:&quot;&quot;,&quot;sku&quot;:&quot;&quot;,&quot;variation_description&quot;:&quot;&quot;,&quot;variation_id&quot;:2996,&quot;variation_is_active&quot;:true,&quot;variation_is_visible&quot;:true,&quot;weight&quot;:&quot;51&quot;,&quot;weight_html&quot;:&quot;51 g&quot;},{&quot;attributes&quot;:{&quot;attribute_tiroler&quot;:&quot;Braun&quot;},&quot;availability_html&quot;:&quot;&lt;p class=\\&quot;stock in-stock\\&quot;&gt;999 vorr\\u00e4tig&lt;\\\/p&gt;\\n&quot;,&quot;backorders_allowed&quot;:false,&quot;dimensions&quot;:{&quot;length&quot;:&quot;&quot;,&quot;width&quot;:&quot;&quot;,&quot;height&quot;:&quot;&quot;},&quot;dimensions_html&quot;:&quot;n.\\u00a0v.&quot;,&quot;display_price&quot;:5,&quot;display_regular_price&quot;:5,&quot;gallery_image_ids&quot;:[],&quot;gallery_images_html&quot;:&quot;&quot;,&quot;image&quot;:{&quot;title&quot;:&quot;Vlies Tiroler Bergschaf - Farbspektrum&quot;,&quot;caption&quot;:&quot;&quot;,&quot;url&quot;:&quot;https:\\\/\\\/webshop.annemiekoenen.com\\\/wp-content\\\/uploads\\\/sites\\\/2\\\/2021\\\/03\\\/Vlies-tiroler-bergschaap-Kleurenspectrum-scaled-e1615585592917.jpg&quot;,&quot;alt&quot;:&quot;Vlies Tiroler Bergschaf - Farbspektrum&quot;,&quot;src&quot;:&quot;https:\\\/\\\/webshop.annemiekoenen.com\\\/wp-content\\\/uploads\\\/sites\\\/2\\\/2021\\\/03\\\/Vlies-tiroler-bergschaap-Kleurenspectrum-scaled-e1615585592917-600x799.jpg&quot;,&quot;srcset&quot;:&quot;https:\\\/\\\/webshop.annemiekoenen.com\\\/wp-content\\\/uploads\\\/sites\\\/2\\\/2021\\\/03\\\/Vlies-tiroler-bergschaap-Kleurenspectrum-scaled-e1615585592917-600x799.jpg 600w, https:\\\/\\\/webshop.annemiekoenen.com\\\/wp-content\\\/uploads\\\/sites\\\/2\\\/2021\\\/03\\\/Vlies-tiroler-bergschaap-Kleurenspectrum-scaled-e1615585592917-225x300.jpg 225w, https:\\\/\\\/webshop.annemiekoenen.com\\\/wp-content\\\/uploads\\\/sites\\\/2\\\/2021\\\/03\\\/Vlies-tiroler-bergschaap-Kleurenspectrum-scaled-e1615585592917-769x1024.jpg 769w, https:\\\/\\\/webshop.annemiekoenen.com\\\/wp-content\\\/uploads\\\/sites\\\/2\\\/2021\\\/03\\\/Vlies-tiroler-bergschaap-Kleurenspectrum-scaled-e1615585592917-768x1023.jpg 768w, https:\\\/\\\/webshop.annemiekoenen.com\\\/wp-content\\\/uploads\\\/sites\\\/2\\\/2021\\\/03\\\/Vlies-tiroler-bergschaap-Kleurenspectrum-scaled-e1615585592917-1153x1536.jpg 1153w, https:\\\/\\\/webshop.annemiekoenen.com\\\/wp-content\\\/uploads\\\/sites\\\/2\\\/2021\\\/03\\\/Vlies-tiroler-bergschaap-Kleurenspectrum-scaled-e1615585592917-1538x2048.jpg 1538w, https:\\\/\\\/webshop.annemiekoenen.com\\\/wp-content\\\/uploads\\\/sites\\\/2\\\/2021\\\/03\\\/Vlies-tiroler-bergschaap-Kleurenspectrum-scaled-e1615585592917.jpg 1715w&quot;,&quot;sizes&quot;:&quot;(max-width: 416px) 100vw, 416px&quot;,&quot;full_src&quot;:&quot;https:\\\/\\\/webshop.annemiekoenen.com\\\/wp-content\\\/uploads\\\/sites\\\/2\\\/2021\\\/03\\\/Vlies-tiroler-bergschaap-Kleurenspectrum-scaled-e1615585592917.jpg&quot;,&quot;full_src_w&quot;:1715,&quot;full_src_h&quot;:2284,&quot;gallery_thumbnail_src&quot;:&quot;https:\\\/\\\/webshop.annemiekoenen.com\\\/wp-content\\\/uploads\\\/sites\\\/2\\\/2021\\\/03\\\/Vlies-tiroler-bergschaap-Kleurenspectrum-scaled-e1615585592917-100x100.jpg&quot;,&quot;gallery_thumbnail_src_w&quot;:100,&quot;gallery_thumbnail_src_h&quot;:100,&quot;thumb_src&quot;:&quot;https:\\\/\\\/webshop.annemiekoenen.com\\\/wp-content\\\/uploads\\\/sites\\\/2\\\/2021\\\/03\\\/Vlies-tiroler-bergschaap-Kleurenspectrum-scaled-e1615585592917-324x324.jpg&quot;,&quot;thumb_src_w&quot;:324,&quot;thumb_src_h&quot;:324,&quot;src_w&quot;:416,&quot;src_h&quot;:554},&quot;image_id&quot;:1760,&quot;is_downloadable&quot;:false,&quot;is_in_stock&quot;:true,&quot;is_purchasable&quot;:true,&quot;is_sold_individually&quot;:&quot;no&quot;,&quot;is_virtual&quot;:false,&quot;max_qty&quot;:999,&quot;min_qty&quot;:1,&quot;price_html&quot;:&quot;&quot;,&quot;sku&quot;:&quot;&quot;,&quot;variation_description&quot;:&quot;&quot;,&quot;variation_id&quot;:2997,&quot;variation_is_active&quot;:true,&quot;variation_is_visible&quot;:true,&quot;weight&quot;:&quot;51&quot;,&quot;weight_html&quot;:&quot;51 g&quot;},{&quot;attributes&quot;:{&quot;attribute_tiroler&quot;:&quot;Gelb&quot;},&quot;availability_html&quot;:&quot;&lt;p class=\\&quot;stock in-stock\\&quot;&gt;999 vorr\\u00e4tig&lt;\\\/p&gt;\\n&quot;,&quot;backorders_allowed&quot;:false,&quot;dimensions&quot;:{&quot;length&quot;:&quot;&quot;,&quot;width&quot;:&quot;&quot;,&quot;height&quot;:&quot;&quot;},&quot;dimensions_html&quot;:&quot;n.\\u00a0v.&quot;,&quot;display_price&quot;:5,&quot;display_regular_price&quot;:5,&quot;gallery_image_ids&quot;:[],&quot;gallery_images_html&quot;:&quot;&quot;,&quot;image&quot;:{&quot;title&quot;:&quot;Vlies Tiroler Bergschaf - Farbspektrum&quot;,&quot;caption&quot;:&quot;&quot;,&quot;url&quot;:&quot;https:\\\/\\\/webshop.annemiekoenen.com\\\/wp-content\\\/uploads\\\/sites\\\/2\\\/2021\\\/03\\\/Vlies-tiroler-bergschaap-Kleurenspectrum-scaled-e1615585592917.jpg&quot;,&quot;alt&quot;:&quot;Vlies Tiroler Bergschaf - Farbspektrum&quot;,&quot;src&quot;:&quot;https:\\\/\\\/webshop.annemiekoenen.com\\\/wp-content\\\/uploads\\\/sites\\\/2\\\/2021\\\/03\\\/Vlies-tiroler-bergschaap-Kleurenspectrum-scaled-e1615585592917-600x799.jpg&quot;,&quot;srcset&quot;:&quot;https:\\\/\\\/webshop.annemiekoenen.com\\\/wp-content\\\/uploads\\\/sites\\\/2\\\/2021\\\/03\\\/Vlies-tiroler-bergschaap-Kleurenspectrum-scaled-e1615585592917-600x799.jpg 600w, https:\\\/\\\/webshop.annemiekoenen.com\\\/wp-content\\\/uploads\\\/sites\\\/2\\\/2021\\\/03\\\/Vlies-tiroler-bergschaap-Kleurenspectrum-scaled-e1615585592917-225x300.jpg 225w, https:\\\/\\\/webshop.annemiekoenen.com\\\/wp-content\\\/uploads\\\/sites\\\/2\\\/2021\\\/03\\\/Vlies-tiroler-bergschaap-Kleurenspectrum-scaled-e1615585592917-769x1024.jpg 769w, https:\\\/\\\/webshop.annemiekoenen.com\\\/wp-content\\\/uploads\\\/sites\\\/2\\\/2021\\\/03\\\/Vlies-tiroler-bergschaap-Kleurenspectrum-scaled-e1615585592917-768x1023.jpg 768w, https:\\\/\\\/webshop.annemiekoenen.com\\\/wp-content\\\/uploads\\\/sites\\\/2\\\/2021\\\/03\\\/Vlies-tiroler-bergschaap-Kleurenspectrum-scaled-e1615585592917-1153x1536.jpg 1153w, https:\\\/\\\/webshop.annemiekoenen.com\\\/wp-content\\\/uploads\\\/sites\\\/2\\\/2021\\\/03\\\/Vlies-tiroler-bergschaap-Kleurenspectrum-scaled-e1615585592917-1538x2048.jpg 1538w, https:\\\/\\\/webshop.annemiekoenen.com\\\/wp-content\\\/uploads\\\/sites\\\/2\\\/2021\\\/03\\\/Vlies-tiroler-bergschaap-Kleurenspectrum-scaled-e1615585592917.jpg 1715w&quot;,&quot;sizes&quot;:&quot;(max-width: 416px) 100vw, 416px&quot;,&quot;full_src&quot;:&quot;https:\\\/\\\/webshop.annemiekoenen.com\\\/wp-content\\\/uploads\\\/sites\\\/2\\\/2021\\\/03\\\/Vlies-tiroler-bergschaap-Kleurenspectrum-scaled-e1615585592917.jpg&quot;,&quot;full_src_w&quot;:1715,&quot;full_src_h&quot;:2284,&quot;gallery_thumbnail_src&quot;:&quot;https:\\\/\\\/webshop.annemiekoenen.com\\\/wp-content\\\/uploads\\\/sites\\\/2\\\/2021\\\/03\\\/Vlies-tiroler-bergschaap-Kleurenspectrum-scaled-e1615585592917-100x100.jpg&quot;,&quot;gallery_thumbnail_src_w&quot;:100,&quot;gallery_thumbnail_src_h&quot;:100,&quot;thumb_src&quot;:&quot;https:\\\/\\\/webshop.annemiekoenen.com\\\/wp-content\\\/uploads\\\/sites\\\/2\\\/2021\\\/03\\\/Vlies-tiroler-bergschaap-Kleurenspectrum-scaled-e1615585592917-324x324.jpg&quot;,&quot;thumb_src_w&quot;:324,&quot;thumb_src_h&quot;:324,&quot;src_w&quot;:416,&quot;src_h&quot;:554},&quot;image_id&quot;:1760,&quot;is_downloadable&quot;:false,&quot;is_in_stock&quot;:true,&quot;is_purchasable&quot;:true,&quot;is_sold_individually&quot;:&quot;no&quot;,&quot;is_virtual&quot;:false,&quot;max_qty&quot;:999,&quot;min_qty&quot;:1,&quot;price_html&quot;:&quot;&quot;,&quot;sku&quot;:&quot;&quot;,&quot;variation_description&quot;:&quot;&quot;,&quot;variation_id&quot;:2998,&quot;variation_is_active&quot;:true,&quot;variation_is_visible&quot;:true,&quot;weight&quot;:&quot;51&quot;,&quot;weight_html&quot;:&quot;51 g&quot;},{&quot;attributes&quot;:{&quot;attribute_tiroler&quot;:&quot;Orange&quot;},&quot;availability_html&quot;:&quot;&lt;p class=\\&quot;stock in-stock\\&quot;&gt;999 vorr\\u00e4tig&lt;\\\/p&gt;\\n&quot;,&quot;backorders_allowed&quot;:false,&quot;dimensions&quot;:{&quot;length&quot;:&quot;&quot;,&quot;width&quot;:&quot;&quot;,&quot;height&quot;:&quot;&quot;},&quot;dimensions_html&quot;:&quot;n.\\u00a0v.&quot;,&quot;display_price&quot;:5,&quot;display_regular_price&quot;:5,&quot;gallery_image_ids&quot;:[],&quot;gallery_images_html&quot;:&quot;&quot;,&quot;image&quot;:{&quot;title&quot;:&quot;Vlies Tiroler Bergschaf - Farbspektrum&quot;,&quot;caption&quot;:&quot;&quot;,&quot;url&quot;:&quot;https:\\\/\\\/webshop.annemiekoenen.com\\\/wp-content\\\/uploads\\\/sites\\\/2\\\/2021\\\/03\\\/Vlies-tiroler-bergschaap-Kleurenspectrum-scaled-e1615585592917.jpg&quot;,&quot;alt&quot;:&quot;Vlies Tiroler Bergschaf - Farbspektrum&quot;,&quot;src&quot;:&quot;https:\\\/\\\/webshop.annemiekoenen.com\\\/wp-content\\\/uploads\\\/sites\\\/2\\\/2021\\\/03\\\/Vlies-tiroler-bergschaap-Kleurenspectrum-scaled-e1615585592917-600x799.jpg&quot;,&quot;srcset&quot;:&quot;https:\\\/\\\/webshop.annemiekoenen.com\\\/wp-content\\\/uploads\\\/sites\\\/2\\\/2021\\\/03\\\/Vlies-tiroler-bergschaap-Kleurenspectrum-scaled-e1615585592917-600x799.jpg 600w, https:\\\/\\\/webshop.annemiekoenen.com\\\/wp-content\\\/uploads\\\/sites\\\/2\\\/2021\\\/03\\\/Vlies-tiroler-bergschaap-Kleurenspectrum-scaled-e1615585592917-225x300.jpg 225w, https:\\\/\\\/webshop.annemiekoenen.com\\\/wp-content\\\/uploads\\\/sites\\\/2\\\/2021\\\/03\\\/Vlies-tiroler-bergschaap-Kleurenspectrum-scaled-e1615585592917-769x1024.jpg 769w, https:\\\/\\\/webshop.annemiekoenen.com\\\/wp-content\\\/uploads\\\/sites\\\/2\\\/2021\\\/03\\\/Vlies-tiroler-bergschaap-Kleurenspectrum-scaled-e1615585592917-768x1023.jpg 768w, https:\\\/\\\/webshop.annemiekoenen.com\\\/wp-content\\\/uploads\\\/sites\\\/2\\\/2021\\\/03\\\/Vlies-tiroler-bergschaap-Kleurenspectrum-scaled-e1615585592917-1153x1536.jpg 1153w, https:\\\/\\\/webshop.annemiekoenen.com\\\/wp-content\\\/uploads\\\/sites\\\/2\\\/2021\\\/03\\\/Vlies-tiroler-bergschaap-Kleurenspectrum-scaled-e1615585592917-1538x2048.jpg 1538w, https:\\\/\\\/webshop.annemiekoenen.com\\\/wp-content\\\/uploads\\\/sites\\\/2\\\/2021\\\/03\\\/Vlies-tiroler-bergschaap-Kleurenspectrum-scaled-e1615585592917.jpg 1715w&quot;,&quot;sizes&quot;:&quot;(max-width: 416px) 100vw, 416px&quot;,&quot;full_src&quot;:&quot;https:\\\/\\\/webshop.annemiekoenen.com\\\/wp-content\\\/uploads\\\/sites\\\/2\\\/2021\\\/03\\\/Vlies-tiroler-bergschaap-Kleurenspectrum-scaled-e1615585592917.jpg&quot;,&quot;full_src_w&quot;:1715,&quot;full_src_h&quot;:2284,&quot;gallery_thumbnail_src&quot;:&quot;https:\\\/\\\/webshop.annemiekoenen.com\\\/wp-content\\\/uploads\\\/sites\\\/2\\\/2021\\\/03\\\/Vlies-tiroler-bergschaap-Kleurenspectrum-scaled-e1615585592917-100x100.jpg&quot;,&quot;gallery_thumbnail_src_w&quot;:100,&quot;gallery_thumbnail_src_h&quot;:100,&quot;thumb_src&quot;:&quot;https:\\\/\\\/webshop.annemiekoenen.com\\\/wp-content\\\/uploads\\\/sites\\\/2\\\/2021\\\/03\\\/Vlies-tiroler-bergschaap-Kleurenspectrum-scaled-e1615585592917-324x324.jpg&quot;,&quot;thumb_src_w&quot;:324,&quot;thumb_src_h&quot;:324,&quot;src_w&quot;:416,&quot;src_h&quot;:554},&quot;image_id&quot;:1760,&quot;is_downloadable&quot;:false,&quot;is_in_stock&quot;:true,&quot;is_purchasable&quot;:true,&quot;is_sold_individually&quot;:&quot;no&quot;,&quot;is_virtual&quot;:false,&quot;max_qty&quot;:999,&quot;min_qty&quot;:1,&quot;price_html&quot;:&quot;&quot;,&quot;sku&quot;:&quot;&quot;,&quot;variation_description&quot;:&quot;&quot;,&quot;variation_id&quot;:2999,&quot;variation_is_active&quot;:true,&quot;variation_is_visible&quot;:true,&quot;weight&quot;:&quot;51&quot;,&quot;weight_html&quot;:&quot;51 g&quot;},{&quot;attributes&quot;:{&quot;attribute_tiroler&quot;:&quot;Rot&quot;},&quot;availability_html&quot;:&quot;&lt;p class=\\&quot;stock in-stock\\&quot;&gt;999 vorr\\u00e4tig&lt;\\\/p&gt;\\n&quot;,&quot;backorders_allowed&quot;:false,&quot;dimensions&quot;:{&quot;length&quot;:&quot;&quot;,&quot;width&quot;:&quot;&quot;,&quot;height&quot;:&quot;&quot;},&quot;dimensions_html&quot;:&quot;n.\\u00a0v.&quot;,&quot;display_price&quot;:5,&quot;display_regular_price&quot;:5,&quot;gallery_image_ids&quot;:[],&quot;gallery_images_html&quot;:&quot;&quot;,&quot;image&quot;:{&quot;title&quot;:&quot;Vlies Tiroler Bergschaf - Farbspektrum&quot;,&quot;caption&quot;:&quot;&quot;,&quot;url&quot;:&quot;https:\\\/\\\/webshop.annemiekoenen.com\\\/wp-content\\\/uploads\\\/sites\\\/2\\\/2021\\\/03\\\/Vlies-tiroler-bergschaap-Kleurenspectrum-scaled-e1615585592917.jpg&quot;,&quot;alt&quot;:&quot;Vlies Tiroler Bergschaf - Farbspektrum&quot;,&quot;src&quot;:&quot;https:\\\/\\\/webshop.annemiekoenen.com\\\/wp-content\\\/uploads\\\/sites\\\/2\\\/2021\\\/03\\\/Vlies-tiroler-bergschaap-Kleurenspectrum-scaled-e1615585592917-600x799.jpg&quot;,&quot;srcset&quot;:&quot;https:\\\/\\\/webshop.annemiekoenen.com\\\/wp-content\\\/uploads\\\/sites\\\/2\\\/2021\\\/03\\\/Vlies-tiroler-bergschaap-Kleurenspectrum-scaled-e1615585592917-600x799.jpg 600w, https:\\\/\\\/webshop.annemiekoenen.com\\\/wp-content\\\/uploads\\\/sites\\\/2\\\/2021\\\/03\\\/Vlies-tiroler-bergschaap-Kleurenspectrum-scaled-e1615585592917-225x300.jpg 225w, https:\\\/\\\/webshop.annemiekoenen.com\\\/wp-content\\\/uploads\\\/sites\\\/2\\\/2021\\\/03\\\/Vlies-tiroler-bergschaap-Kleurenspectrum-scaled-e1615585592917-769x1024.jpg 769w, https:\\\/\\\/webshop.annemiekoenen.com\\\/wp-content\\\/uploads\\\/sites\\\/2\\\/2021\\\/03\\\/Vlies-tiroler-bergschaap-Kleurenspectrum-scaled-e1615585592917-768x1023.jpg 768w, https:\\\/\\\/webshop.annemiekoenen.com\\\/wp-content\\\/uploads\\\/sites\\\/2\\\/2021\\\/03\\\/Vlies-tiroler-bergschaap-Kleurenspectrum-scaled-e1615585592917-1153x1536.jpg 1153w, https:\\\/\\\/webshop.annemiekoenen.com\\\/wp-content\\\/uploads\\\/sites\\\/2\\\/2021\\\/03\\\/Vlies-tiroler-bergschaap-Kleurenspectrum-scaled-e1615585592917-1538x2048.jpg 1538w, https:\\\/\\\/webshop.annemiekoenen.com\\\/wp-content\\\/uploads\\\/sites\\\/2\\\/2021\\\/03\\\/Vlies-tiroler-bergschaap-Kleurenspectrum-scaled-e1615585592917.jpg 1715w&quot;,&quot;sizes&quot;:&quot;(max-width: 416px) 100vw, 416px&quot;,&quot;full_src&quot;:&quot;https:\\\/\\\/webshop.annemiekoenen.com\\\/wp-content\\\/uploads\\\/sites\\\/2\\\/2021\\\/03\\\/Vlies-tiroler-bergschaap-Kleurenspectrum-scaled-e1615585592917.jpg&quot;,&quot;full_src_w&quot;:1715,&quot;full_src_h&quot;:2284,&quot;gallery_thumbnail_src&quot;:&quot;https:\\\/\\\/webshop.annemiekoenen.com\\\/wp-content\\\/uploads\\\/sites\\\/2\\\/2021\\\/03\\\/Vlies-tiroler-bergschaap-Kleurenspectrum-scaled-e1615585592917-100x100.jpg&quot;,&quot;gallery_thumbnail_src_w&quot;:100,&quot;gallery_thumbnail_src_h&quot;:100,&quot;thumb_src&quot;:&quot;https:\\\/\\\/webshop.annemiekoenen.com\\\/wp-content\\\/uploads\\\/sites\\\/2\\\/2021\\\/03\\\/Vlies-tiroler-bergschaap-Kleurenspectrum-scaled-e1615585592917-324x324.jpg&quot;,&quot;thumb_src_w&quot;:324,&quot;thumb_src_h&quot;:324,&quot;src_w&quot;:416,&quot;src_h&quot;:554},&quot;image_id&quot;:1760,&quot;is_downloadable&quot;:false,&quot;is_in_stock&quot;:true,&quot;is_purchasable&quot;:true,&quot;is_sold_individually&quot;:&quot;no&quot;,&quot;is_virtual&quot;:false,&quot;max_qty&quot;:999,&quot;min_qty&quot;:1,&quot;price_html&quot;:&quot;&quot;,&quot;sku&quot;:&quot;&quot;,&quot;variation_description&quot;:&quot;&quot;,&quot;variation_id&quot;:3000,&quot;variation_is_active&quot;:true,&quot;variation_is_visible&quot;:true,&quot;weight&quot;:&quot;51&quot;,&quot;weight_html&quot;:&quot;51 g&quot;},{&quot;attributes&quot;:{&quot;attribute_tiroler&quot;:&quot;Blau&quot;},&quot;availability_html&quot;:&quot;&lt;p class=\\&quot;stock in-stock\\&quot;&gt;998 vorr\\u00e4tig&lt;\\\/p&gt;\\n&quot;,&quot;backorders_allowed&quot;:false,&quot;dimensions&quot;:{&quot;length&quot;:&quot;&quot;,&quot;width&quot;:&quot;&quot;,&quot;height&quot;:&quot;&quot;},&quot;dimensions_html&quot;:&quot;n.\\u00a0v.&quot;,&quot;display_price&quot;:5,&quot;display_regular_price&quot;:5,&quot;gallery_image_ids&quot;:[],&quot;gallery_images_html&quot;:&quot;&quot;,&quot;image&quot;:{&quot;title&quot;:&quot;Vlies Tiroler Bergschaf - Farbspektrum&quot;,&quot;caption&quot;:&quot;&quot;,&quot;url&quot;:&quot;https:\\\/\\\/webshop.annemiekoenen.com\\\/wp-content\\\/uploads\\\/sites\\\/2\\\/2021\\\/03\\\/Vlies-tiroler-bergschaap-Kleurenspectrum-scaled-e1615585592917.jpg&quot;,&quot;alt&quot;:&quot;Vlies Tiroler Bergschaf - Farbspektrum&quot;,&quot;src&quot;:&quot;https:\\\/\\\/webshop.annemiekoenen.com\\\/wp-content\\\/uploads\\\/sites\\\/2\\\/2021\\\/03\\\/Vlies-tiroler-bergschaap-Kleurenspectrum-scaled-e1615585592917-600x799.jpg&quot;,&quot;srcset&quot;:&quot;https:\\\/\\\/webshop.annemiekoenen.com\\\/wp-content\\\/uploads\\\/sites\\\/2\\\/2021\\\/03\\\/Vlies-tiroler-bergschaap-Kleurenspectrum-scaled-e1615585592917-600x799.jpg 600w, https:\\\/\\\/webshop.annemiekoenen.com\\\/wp-content\\\/uploads\\\/sites\\\/2\\\/2021\\\/03\\\/Vlies-tiroler-bergschaap-Kleurenspectrum-scaled-e1615585592917-225x300.jpg 225w, https:\\\/\\\/webshop.annemiekoenen.com\\\/wp-content\\\/uploads\\\/sites\\\/2\\\/2021\\\/03\\\/Vlies-tiroler-bergschaap-Kleurenspectrum-scaled-e1615585592917-769x1024.jpg 769w, https:\\\/\\\/webshop.annemiekoenen.com\\\/wp-content\\\/uploads\\\/sites\\\/2\\\/2021\\\/03\\\/Vlies-tiroler-bergschaap-Kleurenspectrum-scaled-e1615585592917-768x1023.jpg 768w, https:\\\/\\\/webshop.annemiekoenen.com\\\/wp-content\\\/uploads\\\/sites\\\/2\\\/2021\\\/03\\\/Vlies-tiroler-bergschaap-Kleurenspectrum-scaled-e1615585592917-1153x1536.jpg 1153w, https:\\\/\\\/webshop.annemiekoenen.com\\\/wp-content\\\/uploads\\\/sites\\\/2\\\/2021\\\/03\\\/Vlies-tiroler-bergschaap-Kleurenspectrum-scaled-e1615585592917-1538x2048.jpg 1538w, https:\\\/\\\/webshop.annemiekoenen.com\\\/wp-content\\\/uploads\\\/sites\\\/2\\\/2021\\\/03\\\/Vlies-tiroler-bergschaap-Kleurenspectrum-scaled-e1615585592917.jpg 1715w&quot;,&quot;sizes&quot;:&quot;(max-width: 416px) 100vw, 416px&quot;,&quot;full_src&quot;:&quot;https:\\\/\\\/webshop.annemiekoenen.com\\\/wp-content\\\/uploads\\\/sites\\\/2\\\/2021\\\/03\\\/Vlies-tiroler-bergschaap-Kleurenspectrum-scaled-e1615585592917.jpg&quot;,&quot;full_src_w&quot;:1715,&quot;full_src_h&quot;:2284,&quot;gallery_thumbnail_src&quot;:&quot;https:\\\/\\\/webshop.annemiekoenen.com\\\/wp-content\\\/uploads\\\/sites\\\/2\\\/2021\\\/03\\\/Vlies-tiroler-bergschaap-Kleurenspectrum-scaled-e1615585592917-100x100.jpg&quot;,&quot;gallery_thumbnail_src_w&quot;:100,&quot;gallery_thumbnail_src_h&quot;:100,&quot;thumb_src&quot;:&quot;https:\\\/\\\/webshop.annemiekoenen.com\\\/wp-content\\\/uploads\\\/sites\\\/2\\\/2021\\\/03\\\/Vlies-tiroler-bergschaap-Kleurenspectrum-scaled-e1615585592917-324x324.jpg&quot;,&quot;thumb_src_w&quot;:324,&quot;thumb_src_h&quot;:324,&quot;src_w&quot;:416,&quot;src_h&quot;:554},&quot;image_id&quot;:1760,&quot;is_downloadable&quot;:false,&quot;is_in_stock&quot;:true,&quot;is_purchasable&quot;:true,&quot;is_sold_individually&quot;:&quot;no&quot;,&quot;is_virtual&quot;:false,&quot;max_qty&quot;:998,&quot;min_qty&quot;:1,&quot;price_html&quot;:&quot;&quot;,&quot;sku&quot;:&quot;&quot;,&quot;variation_description&quot;:&quot;&quot;,&quot;variation_id&quot;:3001,&quot;variation_is_active&quot;:true,&quot;variation_is_visible&quot;:true,&quot;weight&quot;:&quot;51&quot;,&quot;weight_html&quot;:&quot;51 g&quot;},{&quot;attributes&quot;:{&quot;attribute_tiroler&quot;:&quot;Violett&quot;},&quot;availability_html&quot;:&quot;&lt;p class=\\&quot;stock in-stock\\&quot;&gt;999 vorr\\u00e4tig&lt;\\\/p&gt;\\n&quot;,&quot;backorders_allowed&quot;:false,&quot;dimensions&quot;:{&quot;length&quot;:&quot;&quot;,&quot;width&quot;:&quot;&quot;,&quot;height&quot;:&quot;&quot;},&quot;dimensions_html&quot;:&quot;n.\\u00a0v.&quot;,&quot;display_price&quot;:5,&quot;display_regular_price&quot;:5,&quot;gallery_image_ids&quot;:[],&quot;gallery_images_html&quot;:&quot;&quot;,&quot;image&quot;:{&quot;title&quot;:&quot;Vlies Tiroler Bergschaf - Farbspektrum&quot;,&quot;caption&quot;:&quot;&quot;,&quot;url&quot;:&quot;https:\\\/\\\/webshop.annemiekoenen.com\\\/wp-content\\\/uploads\\\/sites\\\/2\\\/2021\\\/03\\\/Vlies-tiroler-bergschaap-Kleurenspectrum-scaled-e1615585592917.jpg&quot;,&quot;alt&quot;:&quot;Vlies Tiroler Bergschaf - Farbspektrum&quot;,&quot;src&quot;:&quot;https:\\\/\\\/webshop.annemiekoenen.com\\\/wp-content\\\/uploads\\\/sites\\\/2\\\/2021\\\/03\\\/Vlies-tiroler-bergschaap-Kleurenspectrum-scaled-e1615585592917-600x799.jpg&quot;,&quot;srcset&quot;:&quot;https:\\\/\\\/webshop.annemiekoenen.com\\\/wp-content\\\/uploads\\\/sites\\\/2\\\/2021\\\/03\\\/Vlies-tiroler-bergschaap-Kleurenspectrum-scaled-e1615585592917-600x799.jpg 600w, https:\\\/\\\/webshop.annemiekoenen.com\\\/wp-content\\\/uploads\\\/sites\\\/2\\\/2021\\\/03\\\/Vlies-tiroler-bergschaap-Kleurenspectrum-scaled-e1615585592917-225x300.jpg 225w, https:\\\/\\\/webshop.annemiekoenen.com\\\/wp-content\\\/uploads\\\/sites\\\/2\\\/2021\\\/03\\\/Vlies-tiroler-bergschaap-Kleurenspectrum-scaled-e1615585592917-769x1024.jpg 769w, https:\\\/\\\/webshop.annemiekoenen.com\\\/wp-content\\\/uploads\\\/sites\\\/2\\\/2021\\\/03\\\/Vlies-tiroler-bergschaap-Kleurenspectrum-scaled-e1615585592917-768x1023.jpg 768w, https:\\\/\\\/webshop.annemiekoenen.com\\\/wp-content\\\/uploads\\\/sites\\\/2\\\/2021\\\/03\\\/Vlies-tiroler-bergschaap-Kleurenspectrum-scaled-e1615585592917-1153x1536.jpg 1153w, https:\\\/\\\/webshop.annemiekoenen.com\\\/wp-content\\\/uploads\\\/sites\\\/2\\\/2021\\\/03\\\/Vlies-tiroler-bergschaap-Kleurenspectrum-scaled-e1615585592917-1538x2048.jpg 1538w, https:\\\/\\\/webshop.annemiekoenen.com\\\/wp-content\\\/uploads\\\/sites\\\/2\\\/2021\\\/03\\\/Vlies-tiroler-bergschaap-Kleurenspectrum-scaled-e1615585592917.jpg 1715w&quot;,&quot;sizes&quot;:&quot;(max-width: 416px) 100vw, 416px&quot;,&quot;full_src&quot;:&quot;https:\\\/\\\/webshop.annemiekoenen.com\\\/wp-content\\\/uploads\\\/sites\\\/2\\\/2021\\\/03\\\/Vlies-tiroler-bergschaap-Kleurenspectrum-scaled-e1615585592917.jpg&quot;,&quot;full_src_w&quot;:1715,&quot;full_src_h&quot;:2284,&quot;gallery_thumbnail_src&quot;:&quot;https:\\\/\\\/webshop.annemiekoenen.com\\\/wp-content\\\/uploads\\\/sites\\\/2\\\/2021\\\/03\\\/Vlies-tiroler-bergschaap-Kleurenspectrum-scaled-e1615585592917-100x100.jpg&quot;,&quot;gallery_thumbnail_src_w&quot;:100,&quot;gallery_thumbnail_src_h&quot;:100,&quot;thumb_src&quot;:&quot;https:\\\/\\\/webshop.annemiekoenen.com\\\/wp-content\\\/uploads\\\/sites\\\/2\\\/2021\\\/03\\\/Vlies-tiroler-bergschaap-Kleurenspectrum-scaled-e1615585592917-324x324.jpg&quot;,&quot;thumb_src_w&quot;:324,&quot;thumb_src_h&quot;:324,&quot;src_w&quot;:416,&quot;src_h&quot;:554},&quot;image_id&quot;:1760,&quot;is_downloadable&quot;:false,&quot;is_in_stock&quot;:true,&quot;is_purchasable&quot;:true,&quot;is_sold_individually&quot;:&quot;no&quot;,&quot;is_virtual&quot;:false,&quot;max_qty&quot;:999,&quot;min_qty&quot;:1,&quot;price_html&quot;:&quot;&quot;,&quot;sku&quot;:&quot;&quot;,&quot;variation_description&quot;:&quot;&quot;,&quot;variation_id&quot;:3002,&quot;variation_is_active&quot;:true,&quot;variation_is_visible&quot;:true,&quot;weight&quot;:&quot;51&quot;,&quot;weight_html&quot;:&quot;51 g&quot;},{&quot;attributes&quot;:{&quot;attribute_tiroler&quot;:&quot;Leichtblau&quot;},&quot;availability_html&quot;:&quot;&lt;p class=\\&quot;stock in-stock\\&quot;&gt;999 vorr\\u00e4tig&lt;\\\/p&gt;\\n&quot;,&quot;backorders_allowed&quot;:false,&quot;dimensions&quot;:{&quot;length&quot;:&quot;&quot;,&quot;width&quot;:&quot;&quot;,&quot;height&quot;:&quot;&quot;},&quot;dimensions_html&quot;:&quot;n.\\u00a0v.&quot;,&quot;display_price&quot;:5,&quot;display_regular_price&quot;:5,&quot;gallery_image_ids&quot;:[],&quot;gallery_images_html&quot;:&quot;&quot;,&quot;image&quot;:{&quot;title&quot;:&quot;Vlies Tiroler Bergschaf - Farbspektrum&quot;,&quot;caption&quot;:&quot;&quot;,&quot;url&quot;:&quot;https:\\\/\\\/webshop.annemiekoenen.com\\\/wp-content\\\/uploads\\\/sites\\\/2\\\/2021\\\/03\\\/Vlies-tiroler-bergschaap-Kleurenspectrum-scaled-e1615585592917.jpg&quot;,&quot;alt&quot;:&quot;Vlies Tiroler Bergschaf - Farbspektrum&quot;,&quot;src&quot;:&quot;https:\\\/\\\/webshop.annemiekoenen.com\\\/wp-content\\\/uploads\\\/sites\\\/2\\\/2021\\\/03\\\/Vlies-tiroler-bergschaap-Kleurenspectrum-scaled-e1615585592917-600x799.jpg&quot;,&quot;srcset&quot;:&quot;https:\\\/\\\/webshop.annemiekoenen.com\\\/wp-content\\\/uploads\\\/sites\\\/2\\\/2021\\\/03\\\/Vlies-tiroler-bergschaap-Kleurenspectrum-scaled-e1615585592917-600x799.jpg 600w, https:\\\/\\\/webshop.annemiekoenen.com\\\/wp-content\\\/uploads\\\/sites\\\/2\\\/2021\\\/03\\\/Vlies-tiroler-bergschaap-Kleurenspectrum-scaled-e1615585592917-225x300.jpg 225w, https:\\\/\\\/webshop.annemiekoenen.com\\\/wp-content\\\/uploads\\\/sites\\\/2\\\/2021\\\/03\\\/Vlies-tiroler-bergschaap-Kleurenspectrum-scaled-e1615585592917-769x1024.jpg 769w, https:\\\/\\\/webshop.annemiekoenen.com\\\/wp-content\\\/uploads\\\/sites\\\/2\\\/2021\\\/03\\\/Vlies-tiroler-bergschaap-Kleurenspectrum-scaled-e1615585592917-768x1023.jpg 768w, https:\\\/\\\/webshop.annemiekoenen.com\\\/wp-content\\\/uploads\\\/sites\\\/2\\\/2021\\\/03\\\/Vlies-tiroler-bergschaap-Kleurenspectrum-scaled-e1615585592917-1153x1536.jpg 1153w, https:\\\/\\\/webshop.annemiekoenen.com\\\/wp-content\\\/uploads\\\/sites\\\/2\\\/2021\\\/03\\\/Vlies-tiroler-bergschaap-Kleurenspectrum-scaled-e1615585592917-1538x2048.jpg 1538w, https:\\\/\\\/webshop.annemiekoenen.com\\\/wp-content\\\/uploads\\\/sites\\\/2\\\/2021\\\/03\\\/Vlies-tiroler-bergschaap-Kleurenspectrum-scaled-e1615585592917.jpg 1715w&quot;,&quot;sizes&quot;:&quot;(max-width: 416px) 100vw, 416px&quot;,&quot;full_src&quot;:&quot;https:\\\/\\\/webshop.annemiekoenen.com\\\/wp-content\\\/uploads\\\/sites\\\/2\\\/2021\\\/03\\\/Vlies-tiroler-bergschaap-Kleurenspectrum-scaled-e1615585592917.jpg&quot;,&quot;full_src_w&quot;:1715,&quot;full_src_h&quot;:2284,&quot;gallery_thumbnail_src&quot;:&quot;https:\\\/\\\/webshop.annemiekoenen.com\\\/wp-content\\\/uploads\\\/sites\\\/2\\\/2021\\\/03\\\/Vlies-tiroler-bergschaap-Kleurenspectrum-scaled-e1615585592917-100x100.jpg&quot;,&quot;gallery_thumbnail_src_w&quot;:100,&quot;gallery_thumbnail_src_h&quot;:100,&quot;thumb_src&quot;:&quot;https:\\\/\\\/webshop.annemiekoenen.com\\\/wp-content\\\/uploads\\\/sites\\\/2\\\/2021\\\/03\\\/Vlies-tiroler-bergschaap-Kleurenspectrum-scaled-e1615585592917-324x324.jpg&quot;,&quot;thumb_src_w&quot;:324,&quot;thumb_src_h&quot;:324,&quot;src_w&quot;:416,&quot;src_h&quot;:554},&quot;image_id&quot;:1760,&quot;is_downloadable&quot;:false,&quot;is_in_stock&quot;:true,&quot;is_purchasable&quot;:true,&quot;is_sold_individually&quot;:&quot;no&quot;,&quot;is_virtual&quot;:false,&quot;max_qty&quot;:999,&quot;min_qty&quot;:1,&quot;price_html&quot;:&quot;&quot;,&quot;sku&quot;:&quot;&quot;,&quot;variation_description&quot;:&quot;&quot;,&quot;variation_id&quot;:3003,&quot;variation_is_active&quot;:true,&quot;variation_is_visible&quot;:true,&quot;weight&quot;:&quot;51&quot;,&quot;weight_html&quot;:&quot;51 g&quot;},{&quot;attributes&quot;:{&quot;attribute_tiroler&quot;:&quot;Dunkel rot&quot;},&quot;availability_html&quot;:&quot;&lt;p class=\\&quot;stock in-stock\\&quot;&gt;997 vorr\\u00e4tig&lt;\\\/p&gt;\\n&quot;,&quot;backorders_allowed&quot;:false,&quot;dimensions&quot;:{&quot;length&quot;:&quot;&quot;,&quot;width&quot;:&quot;&quot;,&quot;height&quot;:&quot;&quot;},&quot;dimensions_html&quot;:&quot;n.\\u00a0v.&quot;,&quot;display_price&quot;:5,&quot;display_regular_price&quot;:5,&quot;gallery_image_ids&quot;:[],&quot;gallery_images_html&quot;:&quot;&quot;,&quot;image&quot;:{&quot;title&quot;:&quot;Vlies Tiroler Bergschaf - Farbspektrum&quot;,&quot;caption&quot;:&quot;&quot;,&quot;url&quot;:&quot;https:\\\/\\\/webshop.annemiekoenen.com\\\/wp-content\\\/uploads\\\/sites\\\/2\\\/2021\\\/03\\\/Vlies-tiroler-bergschaap-Kleurenspectrum-scaled-e1615585592917.jpg&quot;,&quot;alt&quot;:&quot;Vlies Tiroler Bergschaf - Farbspektrum&quot;,&quot;src&quot;:&quot;https:\\\/\\\/webshop.annemiekoenen.com\\\/wp-content\\\/uploads\\\/sites\\\/2\\\/2021\\\/03\\\/Vlies-tiroler-bergschaap-Kleurenspectrum-scaled-e1615585592917-600x799.jpg&quot;,&quot;srcset&quot;:&quot;https:\\\/\\\/webshop.annemiekoenen.com\\\/wp-content\\\/uploads\\\/sites\\\/2\\\/2021\\\/03\\\/Vlies-tiroler-bergschaap-Kleurenspectrum-scaled-e1615585592917-600x799.jpg 600w, https:\\\/\\\/webshop.annemiekoenen.com\\\/wp-content\\\/uploads\\\/sites\\\/2\\\/2021\\\/03\\\/Vlies-tiroler-bergschaap-Kleurenspectrum-scaled-e1615585592917-225x300.jpg 225w, https:\\\/\\\/webshop.annemiekoenen.com\\\/wp-content\\\/uploads\\\/sites\\\/2\\\/2021\\\/03\\\/Vlies-tiroler-bergschaap-Kleurenspectrum-scaled-e1615585592917-769x1024.jpg 769w, https:\\\/\\\/webshop.annemiekoenen.com\\\/wp-content\\\/uploads\\\/sites\\\/2\\\/2021\\\/03\\\/Vlies-tiroler-bergschaap-Kleurenspectrum-scaled-e1615585592917-768x1023.jpg 768w, https:\\\/\\\/webshop.annemiekoenen.com\\\/wp-content\\\/uploads\\\/sites\\\/2\\\/2021\\\/03\\\/Vlies-tiroler-bergschaap-Kleurenspectrum-scaled-e1615585592917-1153x1536.jpg 1153w, https:\\\/\\\/webshop.annemiekoenen.com\\\/wp-content\\\/uploads\\\/sites\\\/2\\\/2021\\\/03\\\/Vlies-tiroler-bergschaap-Kleurenspectrum-scaled-e1615585592917-1538x2048.jpg 1538w, https:\\\/\\\/webshop.annemiekoenen.com\\\/wp-content\\\/uploads\\\/sites\\\/2\\\/2021\\\/03\\\/Vlies-tiroler-bergschaap-Kleurenspectrum-scaled-e1615585592917.jpg 1715w&quot;,&quot;sizes&quot;:&quot;(max-width: 416px) 100vw, 416px&quot;,&quot;full_src&quot;:&quot;https:\\\/\\\/webshop.annemiekoenen.com\\\/wp-content\\\/uploads\\\/sites\\\/2\\\/2021\\\/03\\\/Vlies-tiroler-bergschaap-Kleurenspectrum-scaled-e1615585592917.jpg&quot;,&quot;full_src_w&quot;:1715,&quot;full_src_h&quot;:2284,&quot;gallery_thumbnail_src&quot;:&quot;https:\\\/\\\/webshop.annemiekoenen.com\\\/wp-content\\\/uploads\\\/sites\\\/2\\\/2021\\\/03\\\/Vlies-tiroler-bergschaap-Kleurenspectrum-scaled-e1615585592917-100x100.jpg&quot;,&quot;gallery_thumbnail_src_w&quot;:100,&quot;gallery_thumbnail_src_h&quot;:100,&quot;thumb_src&quot;:&quot;https:\\\/\\\/webshop.annemiekoenen.com\\\/wp-content\\\/uploads\\\/sites\\\/2\\\/2021\\\/03\\\/Vlies-tiroler-bergschaap-Kleurenspectrum-scaled-e1615585592917-324x324.jpg&quot;,&quot;thumb_src_w&quot;:324,&quot;thumb_src_h&quot;:324,&quot;src_w&quot;:416,&quot;src_h&quot;:554},&quot;image_id&quot;:1760,&quot;is_downloadable&quot;:false,&quot;is_in_stock&quot;:true,&quot;is_purchasable&quot;:true,&quot;is_sold_individually&quot;:&quot;no&quot;,&quot;is_virtual&quot;:false,&quot;max_qty&quot;:997,&quot;min_qty&quot;:1,&quot;price_html&quot;:&quot;&quot;,&quot;sku&quot;:&quot;&quot;,&quot;variation_description&quot;:&quot;&quot;,&quot;variation_id&quot;:3004,&quot;variation_is_active&quot;:true,&quot;variation_is_visible&quot;:true,&quot;weight&quot;:&quot;51&quot;,&quot;weight_html&quot;:&quot;51 g&quot;}]\">\n\t<div data-product_id=\"2994\" data-threshold_min=\"30\" data-threshold_max=\"100\" data-total=\"10\">\n\t\t\t<table class=\"variations\" cellspacing=\"0\" role=\"presentation\">\n\t\t\t<tbody>\n\t\t\t\t\t\t\t\t\t<tr>\n\t\t\t\t\t\t<th class=\"label\"><label for=\"tiroler\">Tiroler<\/label><\/th>\n\t\t\t\t\t\t<td class=\"value\">\n\t\t\t\t\t\t\t<select style=\"display:none\" id=\"tiroler\" class=\" woo-variation-raw-select\" name=\"attribute_tiroler\" data-attribute_name=\"attribute_tiroler\" data-show_option_none=\"yes\"><option value=\"\">Option ausw\u00e4hlen<\/option><option value=\"Wei\u00df\" >Wei\u00df<\/option><option value=\"Leicht grau\" >Leicht grau<\/option><option value=\"Braun\" >Braun<\/option><option value=\"Gelb\" >Gelb<\/option><option value=\"Orange\" >Orange<\/option><option value=\"Rot\" >Rot<\/option><option value=\"Blau\" >Blau<\/option><option value=\"Violett\" >Violett<\/option><option value=\"Leichtblau\" >Leichtblau<\/option><option value=\"Dunkel rot\" >Dunkel rot<\/option><\/select><ul role=\"radiogroup\" aria-label=\"Tiroler\" class=\"variable-items-wrapper button-variable-items-wrapper wvs-style-squared\" data-attribute_name=\"attribute_tiroler\" data-attribute_values=\"[&quot;Wei\\u00df&quot;,&quot;Leicht grau&quot;,&quot;Braun&quot;,&quot;Gelb&quot;,&quot;Orange&quot;,&quot;Rot&quot;,&quot;Blau&quot;,&quot;Violett&quot;,&quot;Leichtblau&quot;,&quot;Dunkel rot&quot;]\"><li aria-checked=\"false\" tabindex=\"0\" data-attribute_name=\"attribute_tiroler\" data-wvstooltip=\"Wei\u00df\" class=\"variable-item button-variable-item button-variable-item-weiss \" title=\"Wei\u00df\" data-title=\"Wei\u00df\" data-value=\"Wei\u00df\" role=\"radio\" tabindex=\"0\"><div class=\"variable-item-contents\"><span class=\"variable-item-span variable-item-span-button\">Wei\u00df<\/span><\/div><\/li><li aria-checked=\"false\" tabindex=\"0\" data-attribute_name=\"attribute_tiroler\" data-wvstooltip=\"Leicht grau\" class=\"variable-item button-variable-item button-variable-item-leicht-grau \" title=\"Leicht grau\" data-title=\"Leicht grau\" data-value=\"Leicht grau\" role=\"radio\" tabindex=\"0\"><div class=\"variable-item-contents\"><span class=\"variable-item-span variable-item-span-button\">Leicht grau<\/span><\/div><\/li><li aria-checked=\"false\" tabindex=\"0\" data-attribute_name=\"attribute_tiroler\" data-wvstooltip=\"Braun\" class=\"variable-item button-variable-item button-variable-item-braun \" title=\"Braun\" data-title=\"Braun\" data-value=\"Braun\" role=\"radio\" tabindex=\"0\"><div class=\"variable-item-contents\"><span class=\"variable-item-span variable-item-span-button\">Braun<\/span><\/div><\/li><li aria-checked=\"false\" tabindex=\"0\" data-attribute_name=\"attribute_tiroler\" data-wvstooltip=\"Gelb\" class=\"variable-item button-variable-item button-variable-item-gelb \" title=\"Gelb\" data-title=\"Gelb\" data-value=\"Gelb\" role=\"radio\" tabindex=\"0\"><div class=\"variable-item-contents\"><span class=\"variable-item-span variable-item-span-button\">Gelb<\/span><\/div><\/li><li aria-checked=\"false\" tabindex=\"0\" data-attribute_name=\"attribute_tiroler\" data-wvstooltip=\"Orange\" class=\"variable-item button-variable-item button-variable-item-orange \" title=\"Orange\" data-title=\"Orange\" data-value=\"Orange\" role=\"radio\" tabindex=\"0\"><div class=\"variable-item-contents\"><span class=\"variable-item-span variable-item-span-button\">Orange<\/span><\/div><\/li><li aria-checked=\"false\" tabindex=\"0\" data-attribute_name=\"attribute_tiroler\" data-wvstooltip=\"Rot\" class=\"variable-item button-variable-item button-variable-item-rot \" title=\"Rot\" data-title=\"Rot\" data-value=\"Rot\" role=\"radio\" tabindex=\"0\"><div class=\"variable-item-contents\"><span class=\"variable-item-span variable-item-span-button\">Rot<\/span><\/div><\/li><li aria-checked=\"false\" tabindex=\"0\" data-attribute_name=\"attribute_tiroler\" data-wvstooltip=\"Blau\" class=\"variable-item button-variable-item button-variable-item-blau \" title=\"Blau\" data-title=\"Blau\" data-value=\"Blau\" role=\"radio\" tabindex=\"0\"><div class=\"variable-item-contents\"><span class=\"variable-item-span variable-item-span-button\">Blau<\/span><\/div><\/li><li aria-checked=\"false\" tabindex=\"0\" data-attribute_name=\"attribute_tiroler\" data-wvstooltip=\"Violett\" class=\"variable-item button-variable-item button-variable-item-violett \" title=\"Violett\" data-title=\"Violett\" data-value=\"Violett\" role=\"radio\" tabindex=\"0\"><div class=\"variable-item-contents\"><span class=\"variable-item-span variable-item-span-button\">Violett<\/span><\/div><\/li><li aria-checked=\"false\" tabindex=\"0\" data-attribute_name=\"attribute_tiroler\" data-wvstooltip=\"Leichtblau\" class=\"variable-item button-variable-item button-variable-item-leichtblau \" title=\"Leichtblau\" data-title=\"Leichtblau\" data-value=\"Leichtblau\" role=\"radio\" tabindex=\"0\"><div class=\"variable-item-contents\"><span class=\"variable-item-span variable-item-span-button\">Leichtblau<\/span><\/div><\/li><li aria-checked=\"false\" tabindex=\"0\" data-attribute_name=\"attribute_tiroler\" data-wvstooltip=\"Dunkel rot\" class=\"variable-item button-variable-item button-variable-item-dunkel-rot \" title=\"Dunkel rot\" data-title=\"Dunkel rot\" data-value=\"Dunkel rot\" role=\"radio\" tabindex=\"0\"><div class=\"variable-item-contents\"><span class=\"variable-item-span variable-item-span-button\">Dunkel rot<\/span><\/div><\/li><\/ul><a class=\"reset_variations\" href=\"#\" aria-label=\"Optionen l\u00f6schen\">Zur\u00fccksetzen<\/a>\t\t\t\t\t\t<\/td>\n\t\t\t\t\t<\/tr>\n\t\t\t\t\t\t\t<\/tbody>\n\t\t<\/table>\n\t\t<div class=\"reset_variations_alert screen-reader-text\" role=\"alert\" aria-live=\"polite\" aria-relevant=\"all\"><\/div>\n\t\t\t\t\n\t\t<div class=\"single_variation_wrap\">\n\t\t\t<div class=\"woocommerce-variation single_variation\" role=\"alert\" aria-relevant=\"additions\"><\/div><div class=\"woocommerce-variation-add-to-cart variations_button\">\n\t\n\t<div class=\"quantity\">\n\t\t<label class=\"screen-reader-text\" for=\"quantity_6a960a8fab6ec\">Tiroler Bergschaf Menge<\/label>\n\t<input\n\t\ttype=\"number\"\n\t\t\t\tid=\"quantity_6a960a8fab6ec\"\n\t\tclass=\"input-text qty text\"\n\t\tname=\"quantity\"\n\t\tvalue=\"1\"\n\t\taria-label=\"Produktmenge\"\n\t\t\t\tmin=\"1\"\n\t\t\t\t\t\t\tstep=\"1\"\n\t\t\tplaceholder=\"\"\n\t\t\tinputmode=\"numeric\"\n\t\t\tautocomplete=\"off\"\n\t\t\t\/>\n\t<\/div>\n\n\t<button type=\"submit\" class=\"single_add_to_cart_button button alt\">In den Warenkorb<\/button>\n\n\t\n\t<input type=\"hidden\" name=\"add-to-cart\" value=\"2994\" \/>\n\t<input type=\"hidden\" name=\"product_id\" value=\"2994\" \/>\n\t<input type=\"hidden\" name=\"variation_id\" class=\"variation_id\" value=\"0\" \/>\n<\/div>\n\t\t<\/div>\n\t\n\t<\/div><\/form>\n\n<div class=\"product_meta\">\n\n\t\n\t\n\t\t<span class=\"sku_wrapper\">Artikelnummer: <span class=\"sku\">n.\u00a0v.<\/span><\/span>\n\n\t\n\t<span class=\"posted_in\">Kategorie: <a href=\"https:\/\/webshop.annemiekoenen.com\/de\/produkt-kategorie\/online-ausserhalb-webshop\/\" rel=\"tag\">Online au\u00dferhalb Webshop<\/a><\/span>\n\t\n\t\n<\/div>\n\t<\/div>\n\n\t\n\t<div class=\"woocommerce-tabs wc-tabs-wrapper\">\n\t\t<ul class=\"tabs wc-tabs\" role=\"tablist\">\n\t\t\t\t\t\t\t<li role=\"presentation\" class=\"description_tab\" id=\"tab-title-description\">\n\t\t\t\t\t<a href=\"#tab-description\" role=\"tab\" aria-controls=\"tab-description\">\n\t\t\t\t\t\tBeschreibung\t\t\t\t\t<\/a>\n\t\t\t\t<\/li>\n\t\t\t\t\t\t\t<li role=\"presentation\" class=\"additional_information_tab\" id=\"tab-title-additional_information\">\n\t\t\t\t\t<a href=\"#tab-additional_information\" role=\"tab\" aria-controls=\"tab-additional_information\">\n\t\t\t\t\t\tZus\u00e4tzliche Informationen\t\t\t\t\t<\/a>\n\t\t\t\t<\/li>\n\t\t\t\t\t<\/ul>\n\t\t\t\t\t<div class=\"woocommerce-Tabs-panel woocommerce-Tabs-panel--description panel entry-content wc-tab\" id=\"tab-description\" role=\"tabpanel\" aria-labelledby=\"tab-title-description\">\n\t\t\t\t\n\t<h2>Beschreibung<\/h2>\n\n50 Gramm Tiroler Bergschaf\t\t\t<\/div>\n\t\t\t\t\t<div class=\"woocommerce-Tabs-panel woocommerce-Tabs-panel--additional_information panel entry-content wc-tab\" id=\"tab-additional_information\" role=\"tabpanel\" aria-labelledby=\"tab-title-additional_information\">\n\t\t\t\t\n\t<h2>Zus\u00e4tzliche Informationen<\/h2>\n\n<table class=\"woocommerce-product-attributes shop_attributes\" aria-label=\"Produktdetails\">\n\t\t\t<tr class=\"woocommerce-product-attributes-item woocommerce-product-attributes-item--weight\">\n\t\t\t<th class=\"woocommerce-product-attributes-item__label\" scope=\"row\">Gewicht<\/th>\n\t\t\t<td class=\"woocommerce-product-attributes-item__value\">51 g<\/td>\n\t\t<\/tr>\n\t\t\t<tr class=\"woocommerce-product-attributes-item woocommerce-product-attributes-item--attribute_tiroler\">\n\t\t\t<th class=\"woocommerce-product-attributes-item__label\" scope=\"row\">Tiroler<\/th>\n\t\t\t<td class=\"woocommerce-product-attributes-item__value\"><p>Wei\u00df, Leicht grau, Braun, Gelb, Orange, Rot, Blau, Violett, Leichtblau, Dunkel rot<\/p>\n<\/td>\n\t\t<\/tr>\n\t<\/table>\n\t\t\t<\/div>\n\t\t\n\t\t\t<\/div>\n\n\t\t<nav class=\"storefront-product-pagination\" aria-label=\"Mehr Produkte\">\n\t\t\t\t\t\t\t<a href=\"https:\/\/webshop.annemiekoenen.com\/de\/laden\/online-ausserhalb-webshop\/dick-leder-fur-sohlen-hausschuhe\/\" rel=\"prev\">\n\t\t\t\t\t<img decoding=\"async\" width=\"324\" height=\"324\" src=\"https:\/\/webshop.annemiekoenen.com\/wp-content\/uploads\/sites\/2\/2021\/03\/Sloffen-leer-zool-scaled-e1617111965916-324x324.jpg\" class=\"attachment-woocommerce_thumbnail size-woocommerce_thumbnail\" alt=\"Dickes Leder f\u00fcr Sohlen (Hausschuhe)\" \/>\t\t\t\t\t<span class=\"storefront-product-pagination__title\">Dickes Leder f\u00fcr Sohlen (Hausschuhe)<\/span>\n\t\t\t\t<\/a>\n\t\t\t\n\t\t\t\t\t\t\t<a href=\"https:\/\/webshop.annemiekoenen.com\/de\/laden\/online-ausserhalb-webshop\/griffe\/\" rel=\"next\">\n\t\t\t\t\t<img decoding=\"async\" width=\"324\" height=\"324\" src=\"https:\/\/webshop.annemiekoenen.com\/wp-content\/uploads\/sites\/2\/2021\/03\/tas-annemie-koenen-2-scaled-324x324.jpg\" class=\"attachment-woocommerce_thumbnail size-woocommerce_thumbnail\" alt=\"Griffe\" \/>\t\t\t\t\t<span class=\"storefront-product-pagination__title\">Griffe<\/span>\n\t\t\t\t<\/a>\n\t\t\t\t\t<\/nav><!-- .storefront-product-pagination -->\n\t\t<\/div>\n\n\t\t\t<\/div>\n\t\t\t<\/div><\/p>\n\n<p class=\"has-text-align-center has-vivid-green-cyan-background-color has-background wp-block-paragraph\"><strong>Nassfilzwerkzeuge<\/strong><br \/>Unterboden f\u00fcr Schablone und Filzbedarf<\/p>\n\n<p class=\"wp-block-paragraph\"><div class=\"woocommerce\">\t\t\t<div class=\"single-product\" data-product-page-preselected-id=\"0\">\n\t\t\t\t<div class=\"woocommerce-notices-wrapper\"><\/div><div id=\"product-4222\" class=\"product type-product post-4222 status-publish instock product_cat-andere-produkte product_cat-werkzeuge has-post-thumbnail taxable shipping-taxable purchasable product-type-variable\">\n\n\t<div class=\"woocommerce-product-gallery woocommerce-product-gallery--with-images woocommerce-product-gallery--columns-5 images\" data-columns=\"5\" style=\"opacity: 0; transition: opacity .25s ease-in-out;\">\n\t<div class=\"woocommerce-product-gallery__wrapper\">\n\t\t<div data-thumb=\"https:\/\/webshop.annemiekoenen.com\/wp-content\/uploads\/sites\/2\/2021\/03\/Spectrum-gereedschap-natvilt-scaled-e1615466547183-100x100.jpg\" data-thumb-alt=\"Nassfilzwerkzeuge\" data-thumb-srcset=\"https:\/\/webshop.annemiekoenen.com\/wp-content\/uploads\/sites\/2\/2021\/03\/Spectrum-gereedschap-natvilt-scaled-e1615466547183-100x100.jpg 100w, https:\/\/webshop.annemiekoenen.com\/wp-content\/uploads\/sites\/2\/2021\/03\/Spectrum-gereedschap-natvilt-scaled-e1615466547183-150x150.jpg 150w, https:\/\/webshop.annemiekoenen.com\/wp-content\/uploads\/sites\/2\/2021\/03\/Spectrum-gereedschap-natvilt-scaled-e1615466547183-324x324.jpg 324w, https:\/\/webshop.annemiekoenen.com\/wp-content\/uploads\/sites\/2\/2021\/03\/Spectrum-gereedschap-natvilt-scaled-e1615466547183-300x300.jpg 300w\"  data-thumb-sizes=\"(max-width: 100px) 100vw, 100px\" class=\"woocommerce-product-gallery__image\"><a href=\"https:\/\/webshop.annemiekoenen.com\/wp-content\/uploads\/sites\/2\/2021\/03\/Spectrum-gereedschap-natvilt-scaled-e1615466547183.jpg\"><img loading=\"lazy\" decoding=\"async\" width=\"416\" height=\"312\" src=\"https:\/\/webshop.annemiekoenen.com\/wp-content\/uploads\/sites\/2\/2021\/03\/Spectrum-gereedschap-natvilt-scaled-e1615466547183-600x450.jpg\" class=\"wp-post-image\" alt=\"Nassfilzwerkzeuge\" data-caption=\"\" data-src=\"https:\/\/webshop.annemiekoenen.com\/wp-content\/uploads\/sites\/2\/2021\/03\/Spectrum-gereedschap-natvilt-scaled-e1615466547183.jpg\" data-large_image=\"https:\/\/webshop.annemiekoenen.com\/wp-content\/uploads\/sites\/2\/2021\/03\/Spectrum-gereedschap-natvilt-scaled-e1615466547183.jpg\" data-large_image_width=\"2560\" data-large_image_height=\"1922\" srcset=\"https:\/\/webshop.annemiekoenen.com\/wp-content\/uploads\/sites\/2\/2021\/03\/Spectrum-gereedschap-natvilt-scaled-e1615466547183-600x450.jpg 600w, https:\/\/webshop.annemiekoenen.com\/wp-content\/uploads\/sites\/2\/2021\/03\/Spectrum-gereedschap-natvilt-scaled-e1615466547183-300x225.jpg 300w, https:\/\/webshop.annemiekoenen.com\/wp-content\/uploads\/sites\/2\/2021\/03\/Spectrum-gereedschap-natvilt-scaled-e1615466547183-1024x769.jpg 1024w, https:\/\/webshop.annemiekoenen.com\/wp-content\/uploads\/sites\/2\/2021\/03\/Spectrum-gereedschap-natvilt-scaled-e1615466547183-768x577.jpg 768w, https:\/\/webshop.annemiekoenen.com\/wp-content\/uploads\/sites\/2\/2021\/03\/Spectrum-gereedschap-natvilt-scaled-e1615466547183-1536x1153.jpg 1536w, https:\/\/webshop.annemiekoenen.com\/wp-content\/uploads\/sites\/2\/2021\/03\/Spectrum-gereedschap-natvilt-scaled-e1615466547183-2048x1538.jpg 2048w\" sizes=\"(max-width: 416px) 100vw, 416px\" \/><\/a><\/div>\t<\/div>\n<\/div>\n\n\t<div class=\"summary entry-summary\">\n\t\t<h1 class=\"product_title entry-title\">Nassfilzwerkzeuge<\/h1><p class=\"price\"><span class=\"woocommerce-Price-amount amount\" aria-hidden=\"true\"><bdi><span class=\"woocommerce-Price-currencySymbol\" translate=\"no\">&euro;<\/span>2.50<\/bdi><\/span> <span aria-hidden=\"true\"> \u2013 <\/span> <span class=\"woocommerce-Price-amount amount\" aria-hidden=\"true\"><bdi><span class=\"woocommerce-Price-currencySymbol\" translate=\"no\">&euro;<\/span>25.00<\/bdi><\/span><span class=\"screen-reader-text\">Preisspanne: &euro;2.50 bis &euro;25.00<\/span><\/p>\n\n<form class=\"variations_form cart\" action=\"\" method=\"post\" enctype='multipart\/form-data' data-product_id=\"4222\" data-product_variations=\"[{&quot;attributes&quot;:{&quot;attribute_pa_gereedschap-nat-vilten&quot;:&quot;clips-xl-de&quot;},&quot;availability_html&quot;:&quot;&lt;p class=\\&quot;stock in-stock\\&quot;&gt;16 vorr\\u00e4tig&lt;\\\/p&gt;\\n&quot;,&quot;backorders_allowed&quot;:false,&quot;dimensions&quot;:{&quot;length&quot;:&quot;&quot;,&quot;width&quot;:&quot;&quot;,&quot;height&quot;:&quot;&quot;},&quot;dimensions_html&quot;:&quot;n.\\u00a0v.&quot;,&quot;display_price&quot;:5.95,&quot;display_regular_price&quot;:5.95,&quot;gallery_image_ids&quot;:[],&quot;gallery_images_html&quot;:&quot;&quot;,&quot;image&quot;:{&quot;title&quot;:&quot;20221130_194456_copy_722x722&quot;,&quot;caption&quot;:&quot;&quot;,&quot;url&quot;:&quot;https:\\\/\\\/webshop.annemiekoenen.com\\\/wp-content\\\/uploads\\\/sites\\\/2\\\/2022\\\/12\\\/20221130_194456_copy_722x722.jpg&quot;,&quot;alt&quot;:&quot;20221130_194456_copy_722x722&quot;,&quot;src&quot;:&quot;https:\\\/\\\/webshop.annemiekoenen.com\\\/wp-content\\\/uploads\\\/sites\\\/2\\\/2022\\\/12\\\/20221130_194456_copy_722x722-416x416.jpg&quot;,&quot;srcset&quot;:&quot;https:\\\/\\\/webshop.annemiekoenen.com\\\/wp-content\\\/uploads\\\/sites\\\/2\\\/2022\\\/12\\\/20221130_194456_copy_722x722-416x416.jpg 416w, https:\\\/\\\/webshop.annemiekoenen.com\\\/wp-content\\\/uploads\\\/sites\\\/2\\\/2022\\\/12\\\/20221130_194456_copy_722x722-300x300.jpg 300w, https:\\\/\\\/webshop.annemiekoenen.com\\\/wp-content\\\/uploads\\\/sites\\\/2\\\/2022\\\/12\\\/20221130_194456_copy_722x722-150x150.jpg 150w, https:\\\/\\\/webshop.annemiekoenen.com\\\/wp-content\\\/uploads\\\/sites\\\/2\\\/2022\\\/12\\\/20221130_194456_copy_722x722-324x324.jpg 324w, https:\\\/\\\/webshop.annemiekoenen.com\\\/wp-content\\\/uploads\\\/sites\\\/2\\\/2022\\\/12\\\/20221130_194456_copy_722x722-100x100.jpg 100w, https:\\\/\\\/webshop.annemiekoenen.com\\\/wp-content\\\/uploads\\\/sites\\\/2\\\/2022\\\/12\\\/20221130_194456_copy_722x722-50x50.jpg 50w, https:\\\/\\\/webshop.annemiekoenen.com\\\/wp-content\\\/uploads\\\/sites\\\/2\\\/2022\\\/12\\\/20221130_194456_copy_722x722.jpg 722w&quot;,&quot;sizes&quot;:&quot;(max-width: 416px) 100vw, 416px&quot;,&quot;full_src&quot;:&quot;https:\\\/\\\/webshop.annemiekoenen.com\\\/wp-content\\\/uploads\\\/sites\\\/2\\\/2022\\\/12\\\/20221130_194456_copy_722x722.jpg&quot;,&quot;full_src_w&quot;:722,&quot;full_src_h&quot;:722,&quot;gallery_thumbnail_src&quot;:&quot;https:\\\/\\\/webshop.annemiekoenen.com\\\/wp-content\\\/uploads\\\/sites\\\/2\\\/2022\\\/12\\\/20221130_194456_copy_722x722-100x100.jpg&quot;,&quot;gallery_thumbnail_src_w&quot;:100,&quot;gallery_thumbnail_src_h&quot;:100,&quot;thumb_src&quot;:&quot;https:\\\/\\\/webshop.annemiekoenen.com\\\/wp-content\\\/uploads\\\/sites\\\/2\\\/2022\\\/12\\\/20221130_194456_copy_722x722-324x324.jpg&quot;,&quot;thumb_src_w&quot;:324,&quot;thumb_src_h&quot;:324,&quot;src_w&quot;:416,&quot;src_h&quot;:416},&quot;image_id&quot;:8788,&quot;is_downloadable&quot;:false,&quot;is_in_stock&quot;:true,&quot;is_purchasable&quot;:true,&quot;is_sold_individually&quot;:&quot;no&quot;,&quot;is_virtual&quot;:false,&quot;max_qty&quot;:16,&quot;min_qty&quot;:1,&quot;price_html&quot;:&quot;&lt;span class=\\&quot;price\\&quot;&gt;&lt;span class=\\&quot;woocommerce-Price-amount amount\\&quot;&gt;&lt;bdi&gt;&lt;span class=\\&quot;woocommerce-Price-currencySymbol\\&quot; translate=\\&quot;no\\&quot;&gt;&amp;euro;&lt;\\\/span&gt;5.95&lt;\\\/bdi&gt;&lt;\\\/span&gt;&lt;\\\/span&gt;&quot;,&quot;sku&quot;:&quot;&quot;,&quot;variation_description&quot;:&quot;&lt;p&gt;10 clips pro packung&lt;\\\/p&gt;\\n&quot;,&quot;variation_id&quot;:8936,&quot;variation_is_active&quot;:true,&quot;variation_is_visible&quot;:true,&quot;weight&quot;:&quot;&quot;,&quot;weight_html&quot;:&quot;n.\\u00a0v.&quot;},{&quot;attributes&quot;:{&quot;attribute_pa_gereedschap-nat-vilten&quot;:&quot;clips-de&quot;},&quot;availability_html&quot;:&quot;&lt;p class=\\&quot;stock in-stock\\&quot;&gt;7 vorr\\u00e4tig&lt;\\\/p&gt;\\n&quot;,&quot;backorders_allowed&quot;:false,&quot;dimensions&quot;:{&quot;length&quot;:&quot;&quot;,&quot;width&quot;:&quot;&quot;,&quot;height&quot;:&quot;&quot;},&quot;dimensions_html&quot;:&quot;n.\\u00a0v.&quot;,&quot;display_price&quot;:4.95,&quot;display_regular_price&quot;:4.95,&quot;gallery_image_ids&quot;:[],&quot;gallery_images_html&quot;:&quot;&quot;,&quot;image&quot;:{&quot;title&quot;:&quot;20221105_133446_copy_1222x1222&quot;,&quot;caption&quot;:&quot;&quot;,&quot;url&quot;:&quot;https:\\\/\\\/webshop.annemiekoenen.com\\\/wp-content\\\/uploads\\\/sites\\\/2\\\/2022\\\/11\\\/20221105_133446_copy_1222x1222.jpg&quot;,&quot;alt&quot;:&quot;20221105_133446_copy_1222x1222&quot;,&quot;src&quot;:&quot;https:\\\/\\\/webshop.annemiekoenen.com\\\/wp-content\\\/uploads\\\/sites\\\/2\\\/2022\\\/11\\\/20221105_133446_copy_1222x1222-416x416.jpg&quot;,&quot;srcset&quot;:&quot;https:\\\/\\\/webshop.annemiekoenen.com\\\/wp-content\\\/uploads\\\/sites\\\/2\\\/2022\\\/11\\\/20221105_133446_copy_1222x1222-416x416.jpg 416w, https:\\\/\\\/webshop.annemiekoenen.com\\\/wp-content\\\/uploads\\\/sites\\\/2\\\/2022\\\/11\\\/20221105_133446_copy_1222x1222-300x300.jpg 300w, https:\\\/\\\/webshop.annemiekoenen.com\\\/wp-content\\\/uploads\\\/sites\\\/2\\\/2022\\\/11\\\/20221105_133446_copy_1222x1222-1024x1024.jpg 1024w, https:\\\/\\\/webshop.annemiekoenen.com\\\/wp-content\\\/uploads\\\/sites\\\/2\\\/2022\\\/11\\\/20221105_133446_copy_1222x1222-150x150.jpg 150w, https:\\\/\\\/webshop.annemiekoenen.com\\\/wp-content\\\/uploads\\\/sites\\\/2\\\/2022\\\/11\\\/20221105_133446_copy_1222x1222-768x768.jpg 768w, https:\\\/\\\/webshop.annemiekoenen.com\\\/wp-content\\\/uploads\\\/sites\\\/2\\\/2022\\\/11\\\/20221105_133446_copy_1222x1222-324x324.jpg 324w, https:\\\/\\\/webshop.annemiekoenen.com\\\/wp-content\\\/uploads\\\/sites\\\/2\\\/2022\\\/11\\\/20221105_133446_copy_1222x1222-100x100.jpg 100w, https:\\\/\\\/webshop.annemiekoenen.com\\\/wp-content\\\/uploads\\\/sites\\\/2\\\/2022\\\/11\\\/20221105_133446_copy_1222x1222-50x50.jpg 50w, https:\\\/\\\/webshop.annemiekoenen.com\\\/wp-content\\\/uploads\\\/sites\\\/2\\\/2022\\\/11\\\/20221105_133446_copy_1222x1222.jpg 1222w&quot;,&quot;sizes&quot;:&quot;(max-width: 416px) 100vw, 416px&quot;,&quot;full_src&quot;:&quot;https:\\\/\\\/webshop.annemiekoenen.com\\\/wp-content\\\/uploads\\\/sites\\\/2\\\/2022\\\/11\\\/20221105_133446_copy_1222x1222.jpg&quot;,&quot;full_src_w&quot;:1222,&quot;full_src_h&quot;:1222,&quot;gallery_thumbnail_src&quot;:&quot;https:\\\/\\\/webshop.annemiekoenen.com\\\/wp-content\\\/uploads\\\/sites\\\/2\\\/2022\\\/11\\\/20221105_133446_copy_1222x1222-100x100.jpg&quot;,&quot;gallery_thumbnail_src_w&quot;:100,&quot;gallery_thumbnail_src_h&quot;:100,&quot;thumb_src&quot;:&quot;https:\\\/\\\/webshop.annemiekoenen.com\\\/wp-content\\\/uploads\\\/sites\\\/2\\\/2022\\\/11\\\/20221105_133446_copy_1222x1222-324x324.jpg&quot;,&quot;thumb_src_w&quot;:324,&quot;thumb_src_h&quot;:324,&quot;src_w&quot;:416,&quot;src_h&quot;:416},&quot;image_id&quot;:8602,&quot;is_downloadable&quot;:false,&quot;is_in_stock&quot;:true,&quot;is_purchasable&quot;:true,&quot;is_sold_individually&quot;:&quot;no&quot;,&quot;is_virtual&quot;:false,&quot;max_qty&quot;:7,&quot;min_qty&quot;:1,&quot;price_html&quot;:&quot;&lt;span class=\\&quot;price\\&quot;&gt;&lt;span class=\\&quot;woocommerce-Price-amount amount\\&quot;&gt;&lt;bdi&gt;&lt;span class=\\&quot;woocommerce-Price-currencySymbol\\&quot; translate=\\&quot;no\\&quot;&gt;&amp;euro;&lt;\\\/span&gt;4.95&lt;\\\/bdi&gt;&lt;\\\/span&gt;&lt;\\\/span&gt;&quot;,&quot;sku&quot;:&quot;&quot;,&quot;variation_description&quot;:&quot;&lt;p&gt;20 clips pro packung &lt;\\\/p&gt;\\n&quot;,&quot;variation_id&quot;:8639,&quot;variation_is_active&quot;:true,&quot;variation_is_visible&quot;:true,&quot;weight&quot;:&quot;&quot;,&quot;weight_html&quot;:&quot;n.\\u00a0v.&quot;},{&quot;attributes&quot;:{&quot;attribute_pa_gereedschap-nat-vilten&quot;:&quot;pinch-schere-gold-klein-11cm&quot;},&quot;availability_html&quot;:&quot;&lt;p class=\\&quot;stock in-stock\\&quot;&gt;9 vorr\\u00e4tig&lt;\\\/p&gt;\\n&quot;,&quot;backorders_allowed&quot;:false,&quot;dimensions&quot;:{&quot;length&quot;:&quot;11&quot;,&quot;width&quot;:&quot;&quot;,&quot;height&quot;:&quot;&quot;},&quot;dimensions_html&quot;:&quot;11 cm&quot;,&quot;display_price&quot;:2.5,&quot;display_regular_price&quot;:2.5,&quot;gallery_image_ids&quot;:[],&quot;gallery_images_html&quot;:&quot;&quot;,&quot;image&quot;:{&quot;title&quot;:&quot;Knijpschaar 11 cm goud&quot;,&quot;caption&quot;:&quot;&quot;,&quot;url&quot;:&quot;https:\\\/\\\/webshop.annemiekoenen.com\\\/wp-content\\\/uploads\\\/sites\\\/2\\\/2021\\\/06\\\/Knijpschaar-11-cm-goud-scaled-e1623587559530.jpg&quot;,&quot;alt&quot;:&quot;Knijpschaar 11 cm goud&quot;,&quot;src&quot;:&quot;https:\\\/\\\/webshop.annemiekoenen.com\\\/wp-content\\\/uploads\\\/sites\\\/2\\\/2021\\\/06\\\/Knijpschaar-11-cm-goud-600x451.jpg&quot;,&quot;srcset&quot;:&quot;https:\\\/\\\/webshop.annemiekoenen.com\\\/wp-content\\\/uploads\\\/sites\\\/2\\\/2021\\\/06\\\/Knijpschaar-11-cm-goud-600x451.jpg 600w, https:\\\/\\\/webshop.annemiekoenen.com\\\/wp-content\\\/uploads\\\/sites\\\/2\\\/2021\\\/06\\\/Knijpschaar-11-cm-goud-300x225.jpg 300w, https:\\\/\\\/webshop.annemiekoenen.com\\\/wp-content\\\/uploads\\\/sites\\\/2\\\/2021\\\/06\\\/Knijpschaar-11-cm-goud-1024x769.jpg 1024w, https:\\\/\\\/webshop.annemiekoenen.com\\\/wp-content\\\/uploads\\\/sites\\\/2\\\/2021\\\/06\\\/Knijpschaar-11-cm-goud-768x577.jpg 768w, https:\\\/\\\/webshop.annemiekoenen.com\\\/wp-content\\\/uploads\\\/sites\\\/2\\\/2021\\\/06\\\/Knijpschaar-11-cm-goud-1536x1153.jpg 1536w, https:\\\/\\\/webshop.annemiekoenen.com\\\/wp-content\\\/uploads\\\/sites\\\/2\\\/2021\\\/06\\\/Knijpschaar-11-cm-goud-2048x1538.jpg 2048w&quot;,&quot;sizes&quot;:&quot;(max-width: 416px) 100vw, 416px&quot;,&quot;full_src&quot;:&quot;https:\\\/\\\/webshop.annemiekoenen.com\\\/wp-content\\\/uploads\\\/sites\\\/2\\\/2021\\\/06\\\/Knijpschaar-11-cm-goud-scaled-e1623587559530.jpg&quot;,&quot;full_src_w&quot;:2560,&quot;full_src_h&quot;:1922,&quot;gallery_thumbnail_src&quot;:&quot;https:\\\/\\\/webshop.annemiekoenen.com\\\/wp-content\\\/uploads\\\/sites\\\/2\\\/2021\\\/06\\\/Knijpschaar-11-cm-goud-100x100.jpg&quot;,&quot;gallery_thumbnail_src_w&quot;:100,&quot;gallery_thumbnail_src_h&quot;:100,&quot;thumb_src&quot;:&quot;https:\\\/\\\/webshop.annemiekoenen.com\\\/wp-content\\\/uploads\\\/sites\\\/2\\\/2021\\\/06\\\/Knijpschaar-11-cm-goud-scaled-e1623587559530-324x324.jpg&quot;,&quot;thumb_src_w&quot;:324,&quot;thumb_src_h&quot;:324,&quot;src_w&quot;:416,&quot;src_h&quot;:313},&quot;image_id&quot;:5298,&quot;is_downloadable&quot;:false,&quot;is_in_stock&quot;:true,&quot;is_purchasable&quot;:true,&quot;is_sold_individually&quot;:&quot;no&quot;,&quot;is_virtual&quot;:false,&quot;max_qty&quot;:9,&quot;min_qty&quot;:1,&quot;price_html&quot;:&quot;&lt;span class=\\&quot;price\\&quot;&gt;&lt;span class=\\&quot;woocommerce-Price-amount amount\\&quot;&gt;&lt;bdi&gt;&lt;span class=\\&quot;woocommerce-Price-currencySymbol\\&quot; translate=\\&quot;no\\&quot;&gt;&amp;euro;&lt;\\\/span&gt;2.50&lt;\\\/bdi&gt;&lt;\\\/span&gt;&lt;\\\/span&gt;&quot;,&quot;sku&quot;:&quot;20GN14&quot;,&quot;variation_description&quot;:&quot;&quot;,&quot;variation_id&quot;:5304,&quot;variation_is_active&quot;:true,&quot;variation_is_visible&quot;:true,&quot;weight&quot;:&quot;13&quot;,&quot;weight_html&quot;:&quot;13 g&quot;},{&quot;attributes&quot;:{&quot;attribute_pa_gereedschap-nat-vilten&quot;:&quot;vidaramamat&quot;},&quot;availability_html&quot;:&quot;&lt;p class=\\&quot;stock in-stock\\&quot;&gt;21 vorr\\u00e4tig&lt;\\\/p&gt;\\n&quot;,&quot;backorders_allowed&quot;:false,&quot;dimensions&quot;:{&quot;length&quot;:&quot;&quot;,&quot;width&quot;:&quot;&quot;,&quot;height&quot;:&quot;&quot;},&quot;dimensions_html&quot;:&quot;n.\\u00a0v.&quot;,&quot;display_price&quot;:16.5,&quot;display_regular_price&quot;:16.5,&quot;gallery_image_ids&quot;:[],&quot;gallery_images_html&quot;:&quot;&quot;,&quot;image&quot;:{&quot;title&quot;:&quot;20230420_172354&quot;,&quot;caption&quot;:&quot;&quot;,&quot;url&quot;:&quot;https:\\\/\\\/webshop.annemiekoenen.com\\\/wp-content\\\/uploads\\\/sites\\\/2\\\/2023\\\/05\\\/20230420_172354.jpg&quot;,&quot;alt&quot;:&quot;20230420_172354&quot;,&quot;src&quot;:&quot;https:\\\/\\\/webshop.annemiekoenen.com\\\/wp-content\\\/uploads\\\/sites\\\/2\\\/2023\\\/05\\\/20230420_172354-416x416.jpg&quot;,&quot;srcset&quot;:&quot;https:\\\/\\\/webshop.annemiekoenen.com\\\/wp-content\\\/uploads\\\/sites\\\/2\\\/2023\\\/05\\\/20230420_172354-416x416.jpg 416w, https:\\\/\\\/webshop.annemiekoenen.com\\\/wp-content\\\/uploads\\\/sites\\\/2\\\/2023\\\/05\\\/20230420_172354-300x300.jpg 300w, https:\\\/\\\/webshop.annemiekoenen.com\\\/wp-content\\\/uploads\\\/sites\\\/2\\\/2023\\\/05\\\/20230420_172354-1024x1024.jpg 1024w, https:\\\/\\\/webshop.annemiekoenen.com\\\/wp-content\\\/uploads\\\/sites\\\/2\\\/2023\\\/05\\\/20230420_172354-150x150.jpg 150w, https:\\\/\\\/webshop.annemiekoenen.com\\\/wp-content\\\/uploads\\\/sites\\\/2\\\/2023\\\/05\\\/20230420_172354-768x768.jpg 768w, https:\\\/\\\/webshop.annemiekoenen.com\\\/wp-content\\\/uploads\\\/sites\\\/2\\\/2023\\\/05\\\/20230420_172354-1536x1536.jpg 1536w, https:\\\/\\\/webshop.annemiekoenen.com\\\/wp-content\\\/uploads\\\/sites\\\/2\\\/2023\\\/05\\\/20230420_172354-324x324.jpg 324w, https:\\\/\\\/webshop.annemiekoenen.com\\\/wp-content\\\/uploads\\\/sites\\\/2\\\/2023\\\/05\\\/20230420_172354-100x100.jpg 100w, https:\\\/\\\/webshop.annemiekoenen.com\\\/wp-content\\\/uploads\\\/sites\\\/2\\\/2023\\\/05\\\/20230420_172354-50x50.jpg 50w, https:\\\/\\\/webshop.annemiekoenen.com\\\/wp-content\\\/uploads\\\/sites\\\/2\\\/2023\\\/05\\\/20230420_172354.jpg 1920w&quot;,&quot;sizes&quot;:&quot;(max-width: 416px) 100vw, 416px&quot;,&quot;full_src&quot;:&quot;https:\\\/\\\/webshop.annemiekoenen.com\\\/wp-content\\\/uploads\\\/sites\\\/2\\\/2023\\\/05\\\/20230420_172354.jpg&quot;,&quot;full_src_w&quot;:1920,&quot;full_src_h&quot;:1920,&quot;gallery_thumbnail_src&quot;:&quot;https:\\\/\\\/webshop.annemiekoenen.com\\\/wp-content\\\/uploads\\\/sites\\\/2\\\/2023\\\/05\\\/20230420_172354-100x100.jpg&quot;,&quot;gallery_thumbnail_src_w&quot;:100,&quot;gallery_thumbnail_src_h&quot;:100,&quot;thumb_src&quot;:&quot;https:\\\/\\\/webshop.annemiekoenen.com\\\/wp-content\\\/uploads\\\/sites\\\/2\\\/2023\\\/05\\\/20230420_172354-324x324.jpg&quot;,&quot;thumb_src_w&quot;:324,&quot;thumb_src_h&quot;:324,&quot;src_w&quot;:416,&quot;src_h&quot;:416},&quot;image_id&quot;:9580,&quot;is_downloadable&quot;:false,&quot;is_in_stock&quot;:true,&quot;is_purchasable&quot;:true,&quot;is_sold_individually&quot;:&quot;no&quot;,&quot;is_virtual&quot;:false,&quot;max_qty&quot;:21,&quot;min_qty&quot;:1,&quot;price_html&quot;:&quot;&lt;span class=\\&quot;price\\&quot;&gt;&lt;span class=\\&quot;woocommerce-Price-amount amount\\&quot;&gt;&lt;bdi&gt;&lt;span class=\\&quot;woocommerce-Price-currencySymbol\\&quot; translate=\\&quot;no\\&quot;&gt;&amp;euro;&lt;\\\/span&gt;16.50&lt;\\\/bdi&gt;&lt;\\\/span&gt;&lt;\\\/span&gt;&quot;,&quot;sku&quot;:&quot;&quot;,&quot;variation_description&quot;:&quot;&quot;,&quot;variation_id&quot;:9585,&quot;variation_is_active&quot;:true,&quot;variation_is_visible&quot;:true,&quot;weight&quot;:&quot;&quot;,&quot;weight_html&quot;:&quot;n.\\u00a0v.&quot;},{&quot;attributes&quot;:{&quot;attribute_pa_gereedschap-nat-vilten&quot;:&quot;balldusche-blau&quot;},&quot;availability_html&quot;:&quot;&lt;p class=\\&quot;stock in-stock\\&quot;&gt;4 vorr\\u00e4tig&lt;\\\/p&gt;\\n&quot;,&quot;backorders_allowed&quot;:false,&quot;dimensions&quot;:{&quot;length&quot;:&quot;&quot;,&quot;width&quot;:&quot;&quot;,&quot;height&quot;:&quot;&quot;},&quot;dimensions_html&quot;:&quot;n.\\u00a0v.&quot;,&quot;display_price&quot;:15,&quot;display_regular_price&quot;:15,&quot;gallery_image_ids&quot;:[],&quot;gallery_images_html&quot;:&quot;&quot;,&quot;image&quot;:{&quot;title&quot;:&quot;Baldouches&quot;,&quot;caption&quot;:&quot;&quot;,&quot;url&quot;:&quot;https:\\\/\\\/webshop.annemiekoenen.com\\\/wp-content\\\/uploads\\\/sites\\\/2\\\/2021\\\/03\\\/Baldouches-scaled-e1615464589144.jpg&quot;,&quot;alt&quot;:&quot;Baldouches&quot;,&quot;src&quot;:&quot;https:\\\/\\\/webshop.annemiekoenen.com\\\/wp-content\\\/uploads\\\/sites\\\/2\\\/2021\\\/03\\\/Baldouches-scaled-e1615464589144-600x450.jpg&quot;,&quot;srcset&quot;:&quot;https:\\\/\\\/webshop.annemiekoenen.com\\\/wp-content\\\/uploads\\\/sites\\\/2\\\/2021\\\/03\\\/Baldouches-scaled-e1615464589144-600x450.jpg 600w, https:\\\/\\\/webshop.annemiekoenen.com\\\/wp-content\\\/uploads\\\/sites\\\/2\\\/2021\\\/03\\\/Baldouches-scaled-e1615464589144-300x225.jpg 300w, https:\\\/\\\/webshop.annemiekoenen.com\\\/wp-content\\\/uploads\\\/sites\\\/2\\\/2021\\\/03\\\/Baldouches-scaled-e1615464589144-1024x768.jpg 1024w, https:\\\/\\\/webshop.annemiekoenen.com\\\/wp-content\\\/uploads\\\/sites\\\/2\\\/2021\\\/03\\\/Baldouches-scaled-e1615464589144-768x576.jpg 768w, https:\\\/\\\/webshop.annemiekoenen.com\\\/wp-content\\\/uploads\\\/sites\\\/2\\\/2021\\\/03\\\/Baldouches-scaled-e1615464589144-1536x1152.jpg 1536w, https:\\\/\\\/webshop.annemiekoenen.com\\\/wp-content\\\/uploads\\\/sites\\\/2\\\/2021\\\/03\\\/Baldouches-scaled-e1615464589144.jpg 1971w&quot;,&quot;sizes&quot;:&quot;(max-width: 416px) 100vw, 416px&quot;,&quot;full_src&quot;:&quot;https:\\\/\\\/webshop.annemiekoenen.com\\\/wp-content\\\/uploads\\\/sites\\\/2\\\/2021\\\/03\\\/Baldouches-scaled-e1615464589144.jpg&quot;,&quot;full_src_w&quot;:1971,&quot;full_src_h&quot;:1478,&quot;gallery_thumbnail_src&quot;:&quot;https:\\\/\\\/webshop.annemiekoenen.com\\\/wp-content\\\/uploads\\\/sites\\\/2\\\/2021\\\/03\\\/Baldouches-scaled-e1615464589144-100x100.jpg&quot;,&quot;gallery_thumbnail_src_w&quot;:100,&quot;gallery_thumbnail_src_h&quot;:100,&quot;thumb_src&quot;:&quot;https:\\\/\\\/webshop.annemiekoenen.com\\\/wp-content\\\/uploads\\\/sites\\\/2\\\/2021\\\/03\\\/Baldouches-scaled-e1615464589144-324x324.jpg&quot;,&quot;thumb_src_w&quot;:324,&quot;thumb_src_h&quot;:324,&quot;src_w&quot;:416,&quot;src_h&quot;:312},&quot;image_id&quot;:1352,&quot;is_downloadable&quot;:false,&quot;is_in_stock&quot;:true,&quot;is_purchasable&quot;:true,&quot;is_sold_individually&quot;:&quot;no&quot;,&quot;is_virtual&quot;:false,&quot;max_qty&quot;:4,&quot;min_qty&quot;:1,&quot;price_html&quot;:&quot;&lt;span class=\\&quot;price\\&quot;&gt;&lt;span class=\\&quot;woocommerce-Price-amount amount\\&quot;&gt;&lt;bdi&gt;&lt;span class=\\&quot;woocommerce-Price-currencySymbol\\&quot; translate=\\&quot;no\\&quot;&gt;&amp;euro;&lt;\\\/span&gt;15.00&lt;\\\/bdi&gt;&lt;\\\/span&gt;&lt;\\\/span&gt;&quot;,&quot;sku&quot;:&quot;20GN01&quot;,&quot;variation_description&quot;:&quot;&quot;,&quot;variation_id&quot;:4223,&quot;variation_is_active&quot;:true,&quot;variation_is_visible&quot;:true,&quot;weight&quot;:&quot;115&quot;,&quot;weight_html&quot;:&quot;115 g&quot;},{&quot;attributes&quot;:{&quot;attribute_pa_gereedschap-nat-vilten&quot;:&quot;pinch-schere-lila-klein-11cm&quot;},&quot;availability_html&quot;:&quot;&lt;p class=\\&quot;stock in-stock\\&quot;&gt;5 vorr\\u00e4tig&lt;\\\/p&gt;\\n&quot;,&quot;backorders_allowed&quot;:false,&quot;dimensions&quot;:{&quot;length&quot;:&quot;11&quot;,&quot;width&quot;:&quot;&quot;,&quot;height&quot;:&quot;&quot;},&quot;dimensions_html&quot;:&quot;11 cm&quot;,&quot;display_price&quot;:3.5,&quot;display_regular_price&quot;:3.5,&quot;gallery_image_ids&quot;:[],&quot;gallery_images_html&quot;:&quot;&quot;,&quot;image&quot;:{&quot;title&quot;:&quot;Knijpschaar 11 cm paars&quot;,&quot;caption&quot;:&quot;&quot;,&quot;url&quot;:&quot;https:\\\/\\\/webshop.annemiekoenen.com\\\/wp-content\\\/uploads\\\/sites\\\/2\\\/2021\\\/06\\\/Knijpschaar-11-cm-paars-scaled-e1623587457549.jpg&quot;,&quot;alt&quot;:&quot;Knijpschaar 11 cm paars&quot;,&quot;src&quot;:&quot;https:\\\/\\\/webshop.annemiekoenen.com\\\/wp-content\\\/uploads\\\/sites\\\/2\\\/2021\\\/06\\\/Knijpschaar-11-cm-paars-600x451.jpg&quot;,&quot;srcset&quot;:&quot;https:\\\/\\\/webshop.annemiekoenen.com\\\/wp-content\\\/uploads\\\/sites\\\/2\\\/2021\\\/06\\\/Knijpschaar-11-cm-paars-600x451.jpg 600w, https:\\\/\\\/webshop.annemiekoenen.com\\\/wp-content\\\/uploads\\\/sites\\\/2\\\/2021\\\/06\\\/Knijpschaar-11-cm-paars-300x225.jpg 300w, https:\\\/\\\/webshop.annemiekoenen.com\\\/wp-content\\\/uploads\\\/sites\\\/2\\\/2021\\\/06\\\/Knijpschaar-11-cm-paars-1024x769.jpg 1024w, https:\\\/\\\/webshop.annemiekoenen.com\\\/wp-content\\\/uploads\\\/sites\\\/2\\\/2021\\\/06\\\/Knijpschaar-11-cm-paars-768x577.jpg 768w, https:\\\/\\\/webshop.annemiekoenen.com\\\/wp-content\\\/uploads\\\/sites\\\/2\\\/2021\\\/06\\\/Knijpschaar-11-cm-paars-1536x1153.jpg 1536w, https:\\\/\\\/webshop.annemiekoenen.com\\\/wp-content\\\/uploads\\\/sites\\\/2\\\/2021\\\/06\\\/Knijpschaar-11-cm-paars-2048x1538.jpg 2048w&quot;,&quot;sizes&quot;:&quot;(max-width: 416px) 100vw, 416px&quot;,&quot;full_src&quot;:&quot;https:\\\/\\\/webshop.annemiekoenen.com\\\/wp-content\\\/uploads\\\/sites\\\/2\\\/2021\\\/06\\\/Knijpschaar-11-cm-paars-scaled-e1623587457549.jpg&quot;,&quot;full_src_w&quot;:2560,&quot;full_src_h&quot;:1922,&quot;gallery_thumbnail_src&quot;:&quot;https:\\\/\\\/webshop.annemiekoenen.com\\\/wp-content\\\/uploads\\\/sites\\\/2\\\/2021\\\/06\\\/Knijpschaar-11-cm-paars-100x100.jpg&quot;,&quot;gallery_thumbnail_src_w&quot;:100,&quot;gallery_thumbnail_src_h&quot;:100,&quot;thumb_src&quot;:&quot;https:\\\/\\\/webshop.annemiekoenen.com\\\/wp-content\\\/uploads\\\/sites\\\/2\\\/2021\\\/06\\\/Knijpschaar-11-cm-paars-scaled-e1623587457549-324x324.jpg&quot;,&quot;thumb_src_w&quot;:324,&quot;thumb_src_h&quot;:324,&quot;src_w&quot;:416,&quot;src_h&quot;:313},&quot;image_id&quot;:5295,&quot;is_downloadable&quot;:false,&quot;is_in_stock&quot;:true,&quot;is_purchasable&quot;:true,&quot;is_sold_individually&quot;:&quot;no&quot;,&quot;is_virtual&quot;:false,&quot;max_qty&quot;:5,&quot;min_qty&quot;:1,&quot;price_html&quot;:&quot;&lt;span class=\\&quot;price\\&quot;&gt;&lt;span class=\\&quot;woocommerce-Price-amount amount\\&quot;&gt;&lt;bdi&gt;&lt;span class=\\&quot;woocommerce-Price-currencySymbol\\&quot; translate=\\&quot;no\\&quot;&gt;&amp;euro;&lt;\\\/span&gt;3.50&lt;\\\/bdi&gt;&lt;\\\/span&gt;&lt;\\\/span&gt;&quot;,&quot;sku&quot;:&quot;20GN15&quot;,&quot;variation_description&quot;:&quot;&quot;,&quot;variation_id&quot;:5305,&quot;variation_is_active&quot;:true,&quot;variation_is_visible&quot;:true,&quot;weight&quot;:&quot;16&quot;,&quot;weight_html&quot;:&quot;16 g&quot;},{&quot;attributes&quot;:{&quot;attribute_pa_gereedschap-nat-vilten&quot;:&quot;balldusche-grun&quot;},&quot;availability_html&quot;:&quot;&lt;p class=\\&quot;stock in-stock\\&quot;&gt;5 vorr\\u00e4tig&lt;\\\/p&gt;\\n&quot;,&quot;backorders_allowed&quot;:false,&quot;dimensions&quot;:{&quot;length&quot;:&quot;&quot;,&quot;width&quot;:&quot;&quot;,&quot;height&quot;:&quot;&quot;},&quot;dimensions_html&quot;:&quot;n.\\u00a0v.&quot;,&quot;display_price&quot;:15,&quot;display_regular_price&quot;:15,&quot;gallery_image_ids&quot;:[],&quot;gallery_images_html&quot;:&quot;&quot;,&quot;image&quot;:{&quot;title&quot;:&quot;Baldouches&quot;,&quot;caption&quot;:&quot;&quot;,&quot;url&quot;:&quot;https:\\\/\\\/webshop.annemiekoenen.com\\\/wp-content\\\/uploads\\\/sites\\\/2\\\/2021\\\/03\\\/Baldouches-scaled-e1615464589144.jpg&quot;,&quot;alt&quot;:&quot;Baldouches&quot;,&quot;src&quot;:&quot;https:\\\/\\\/webshop.annemiekoenen.com\\\/wp-content\\\/uploads\\\/sites\\\/2\\\/2021\\\/03\\\/Baldouches-scaled-e1615464589144-600x450.jpg&quot;,&quot;srcset&quot;:&quot;https:\\\/\\\/webshop.annemiekoenen.com\\\/wp-content\\\/uploads\\\/sites\\\/2\\\/2021\\\/03\\\/Baldouches-scaled-e1615464589144-600x450.jpg 600w, https:\\\/\\\/webshop.annemiekoenen.com\\\/wp-content\\\/uploads\\\/sites\\\/2\\\/2021\\\/03\\\/Baldouches-scaled-e1615464589144-300x225.jpg 300w, https:\\\/\\\/webshop.annemiekoenen.com\\\/wp-content\\\/uploads\\\/sites\\\/2\\\/2021\\\/03\\\/Baldouches-scaled-e1615464589144-1024x768.jpg 1024w, https:\\\/\\\/webshop.annemiekoenen.com\\\/wp-content\\\/uploads\\\/sites\\\/2\\\/2021\\\/03\\\/Baldouches-scaled-e1615464589144-768x576.jpg 768w, https:\\\/\\\/webshop.annemiekoenen.com\\\/wp-content\\\/uploads\\\/sites\\\/2\\\/2021\\\/03\\\/Baldouches-scaled-e1615464589144-1536x1152.jpg 1536w, https:\\\/\\\/webshop.annemiekoenen.com\\\/wp-content\\\/uploads\\\/sites\\\/2\\\/2021\\\/03\\\/Baldouches-scaled-e1615464589144.jpg 1971w&quot;,&quot;sizes&quot;:&quot;(max-width: 416px) 100vw, 416px&quot;,&quot;full_src&quot;:&quot;https:\\\/\\\/webshop.annemiekoenen.com\\\/wp-content\\\/uploads\\\/sites\\\/2\\\/2021\\\/03\\\/Baldouches-scaled-e1615464589144.jpg&quot;,&quot;full_src_w&quot;:1971,&quot;full_src_h&quot;:1478,&quot;gallery_thumbnail_src&quot;:&quot;https:\\\/\\\/webshop.annemiekoenen.com\\\/wp-content\\\/uploads\\\/sites\\\/2\\\/2021\\\/03\\\/Baldouches-scaled-e1615464589144-100x100.jpg&quot;,&quot;gallery_thumbnail_src_w&quot;:100,&quot;gallery_thumbnail_src_h&quot;:100,&quot;thumb_src&quot;:&quot;https:\\\/\\\/webshop.annemiekoenen.com\\\/wp-content\\\/uploads\\\/sites\\\/2\\\/2021\\\/03\\\/Baldouches-scaled-e1615464589144-324x324.jpg&quot;,&quot;thumb_src_w&quot;:324,&quot;thumb_src_h&quot;:324,&quot;src_w&quot;:416,&quot;src_h&quot;:312},&quot;image_id&quot;:1352,&quot;is_downloadable&quot;:false,&quot;is_in_stock&quot;:true,&quot;is_purchasable&quot;:true,&quot;is_sold_individually&quot;:&quot;no&quot;,&quot;is_virtual&quot;:false,&quot;max_qty&quot;:5,&quot;min_qty&quot;:1,&quot;price_html&quot;:&quot;&lt;span class=\\&quot;price\\&quot;&gt;&lt;span class=\\&quot;woocommerce-Price-amount amount\\&quot;&gt;&lt;bdi&gt;&lt;span class=\\&quot;woocommerce-Price-currencySymbol\\&quot; translate=\\&quot;no\\&quot;&gt;&amp;euro;&lt;\\\/span&gt;15.00&lt;\\\/bdi&gt;&lt;\\\/span&gt;&lt;\\\/span&gt;&quot;,&quot;sku&quot;:&quot;20GN02&quot;,&quot;variation_description&quot;:&quot;&quot;,&quot;variation_id&quot;:4224,&quot;variation_is_active&quot;:true,&quot;variation_is_visible&quot;:true,&quot;weight&quot;:&quot;116&quot;,&quot;weight_html&quot;:&quot;116 g&quot;},{&quot;attributes&quot;:{&quot;attribute_pa_gereedschap-nat-vilten&quot;:&quot;olivenseife&quot;},&quot;availability_html&quot;:&quot;&lt;p class=\\&quot;stock in-stock\\&quot;&gt;16 vorr\\u00e4tig&lt;\\\/p&gt;\\n&quot;,&quot;backorders_allowed&quot;:false,&quot;dimensions&quot;:{&quot;length&quot;:&quot;&quot;,&quot;width&quot;:&quot;&quot;,&quot;height&quot;:&quot;&quot;},&quot;dimensions_html&quot;:&quot;n.\\u00a0v.&quot;,&quot;display_price&quot;:3.95,&quot;display_regular_price&quot;:3.95,&quot;gallery_image_ids&quot;:[],&quot;gallery_images_html&quot;:&quot;&quot;,&quot;image&quot;:{&quot;title&quot;:&quot;Olijfzeep&quot;,&quot;caption&quot;:&quot;&quot;,&quot;url&quot;:&quot;https:\\\/\\\/webshop.annemiekoenen.com\\\/wp-content\\\/uploads\\\/sites\\\/2\\\/2021\\\/03\\\/Olijfzeep-scaled-e1615464730556.jpg&quot;,&quot;alt&quot;:&quot;Olijfzeep&quot;,&quot;src&quot;:&quot;https:\\\/\\\/webshop.annemiekoenen.com\\\/wp-content\\\/uploads\\\/sites\\\/2\\\/2021\\\/03\\\/Olijfzeep-scaled-e1615464730556-600x450.jpg&quot;,&quot;srcset&quot;:&quot;https:\\\/\\\/webshop.annemiekoenen.com\\\/wp-content\\\/uploads\\\/sites\\\/2\\\/2021\\\/03\\\/Olijfzeep-scaled-e1615464730556-600x450.jpg 600w, https:\\\/\\\/webshop.annemiekoenen.com\\\/wp-content\\\/uploads\\\/sites\\\/2\\\/2021\\\/03\\\/Olijfzeep-scaled-e1615464730556-300x225.jpg 300w, https:\\\/\\\/webshop.annemiekoenen.com\\\/wp-content\\\/uploads\\\/sites\\\/2\\\/2021\\\/03\\\/Olijfzeep-scaled-e1615464730556-1024x769.jpg 1024w, https:\\\/\\\/webshop.annemiekoenen.com\\\/wp-content\\\/uploads\\\/sites\\\/2\\\/2021\\\/03\\\/Olijfzeep-scaled-e1615464730556-768x577.jpg 768w, https:\\\/\\\/webshop.annemiekoenen.com\\\/wp-content\\\/uploads\\\/sites\\\/2\\\/2021\\\/03\\\/Olijfzeep-scaled-e1615464730556-1536x1153.jpg 1536w, https:\\\/\\\/webshop.annemiekoenen.com\\\/wp-content\\\/uploads\\\/sites\\\/2\\\/2021\\\/03\\\/Olijfzeep-scaled-e1615464730556.jpg 1849w&quot;,&quot;sizes&quot;:&quot;(max-width: 416px) 100vw, 416px&quot;,&quot;full_src&quot;:&quot;https:\\\/\\\/webshop.annemiekoenen.com\\\/wp-content\\\/uploads\\\/sites\\\/2\\\/2021\\\/03\\\/Olijfzeep-scaled-e1615464730556.jpg&quot;,&quot;full_src_w&quot;:1849,&quot;full_src_h&quot;:1388,&quot;gallery_thumbnail_src&quot;:&quot;https:\\\/\\\/webshop.annemiekoenen.com\\\/wp-content\\\/uploads\\\/sites\\\/2\\\/2021\\\/03\\\/Olijfzeep-scaled-e1615464730556-100x100.jpg&quot;,&quot;gallery_thumbnail_src_w&quot;:100,&quot;gallery_thumbnail_src_h&quot;:100,&quot;thumb_src&quot;:&quot;https:\\\/\\\/webshop.annemiekoenen.com\\\/wp-content\\\/uploads\\\/sites\\\/2\\\/2021\\\/03\\\/Olijfzeep-scaled-e1615464730556-324x324.jpg&quot;,&quot;thumb_src_w&quot;:324,&quot;thumb_src_h&quot;:324,&quot;src_w&quot;:416,&quot;src_h&quot;:312},&quot;image_id&quot;:1355,&quot;is_downloadable&quot;:false,&quot;is_in_stock&quot;:true,&quot;is_purchasable&quot;:true,&quot;is_sold_individually&quot;:&quot;no&quot;,&quot;is_virtual&quot;:false,&quot;max_qty&quot;:16,&quot;min_qty&quot;:1,&quot;price_html&quot;:&quot;&lt;span class=\\&quot;price\\&quot;&gt;&lt;span class=\\&quot;woocommerce-Price-amount amount\\&quot;&gt;&lt;bdi&gt;&lt;span class=\\&quot;woocommerce-Price-currencySymbol\\&quot; translate=\\&quot;no\\&quot;&gt;&amp;euro;&lt;\\\/span&gt;3.95&lt;\\\/bdi&gt;&lt;\\\/span&gt;&lt;\\\/span&gt;&quot;,&quot;sku&quot;:&quot;20GN04&quot;,&quot;variation_description&quot;:&quot;&quot;,&quot;variation_id&quot;:4226,&quot;variation_is_active&quot;:true,&quot;variation_is_visible&quot;:true,&quot;weight&quot;:&quot;144&quot;,&quot;weight_html&quot;:&quot;144 g&quot;},{&quot;attributes&quot;:{&quot;attribute_pa_gereedschap-nat-vilten&quot;:&quot;prickelfilz&quot;},&quot;availability_html&quot;:&quot;&lt;p class=\\&quot;stock in-stock\\&quot;&gt;2 vorr\\u00e4tig&lt;\\\/p&gt;\\n&quot;,&quot;backorders_allowed&quot;:false,&quot;dimensions&quot;:{&quot;length&quot;:&quot;80&quot;,&quot;width&quot;:&quot;50&quot;,&quot;height&quot;:&quot;&quot;},&quot;dimensions_html&quot;:&quot;80 &amp;times; 50 cm&quot;,&quot;display_price&quot;:25,&quot;display_regular_price&quot;:25,&quot;gallery_image_ids&quot;:[],&quot;gallery_images_html&quot;:&quot;&quot;,&quot;image&quot;:{&quot;title&quot;:&quot;Viltmat 2&quot;,&quot;caption&quot;:&quot;&quot;,&quot;url&quot;:&quot;https:\\\/\\\/webshop.annemiekoenen.com\\\/wp-content\\\/uploads\\\/sites\\\/2\\\/2021\\\/03\\\/Viltmat-2-scaled-e1615464881943.jpg&quot;,&quot;alt&quot;:&quot;Viltmat 2&quot;,&quot;src&quot;:&quot;https:\\\/\\\/webshop.annemiekoenen.com\\\/wp-content\\\/uploads\\\/sites\\\/2\\\/2021\\\/03\\\/Viltmat-2-scaled-e1615464881943-600x346.jpg&quot;,&quot;srcset&quot;:&quot;https:\\\/\\\/webshop.annemiekoenen.com\\\/wp-content\\\/uploads\\\/sites\\\/2\\\/2021\\\/03\\\/Viltmat-2-scaled-e1615464881943-600x346.jpg 600w, https:\\\/\\\/webshop.annemiekoenen.com\\\/wp-content\\\/uploads\\\/sites\\\/2\\\/2021\\\/03\\\/Viltmat-2-scaled-e1615464881943-300x173.jpg 300w, https:\\\/\\\/webshop.annemiekoenen.com\\\/wp-content\\\/uploads\\\/sites\\\/2\\\/2021\\\/03\\\/Viltmat-2-scaled-e1615464881943-1024x591.jpg 1024w, https:\\\/\\\/webshop.annemiekoenen.com\\\/wp-content\\\/uploads\\\/sites\\\/2\\\/2021\\\/03\\\/Viltmat-2-scaled-e1615464881943-768x443.jpg 768w, https:\\\/\\\/webshop.annemiekoenen.com\\\/wp-content\\\/uploads\\\/sites\\\/2\\\/2021\\\/03\\\/Viltmat-2-scaled-e1615464881943-1536x887.jpg 1536w, https:\\\/\\\/webshop.annemiekoenen.com\\\/wp-content\\\/uploads\\\/sites\\\/2\\\/2021\\\/03\\\/Viltmat-2-scaled-e1615464881943-2048x1182.jpg 2048w&quot;,&quot;sizes&quot;:&quot;(max-width: 416px) 100vw, 416px&quot;,&quot;full_src&quot;:&quot;https:\\\/\\\/webshop.annemiekoenen.com\\\/wp-content\\\/uploads\\\/sites\\\/2\\\/2021\\\/03\\\/Viltmat-2-scaled-e1615464881943.jpg&quot;,&quot;full_src_w&quot;:2150,&quot;full_src_h&quot;:1241,&quot;gallery_thumbnail_src&quot;:&quot;https:\\\/\\\/webshop.annemiekoenen.com\\\/wp-content\\\/uploads\\\/sites\\\/2\\\/2021\\\/03\\\/Viltmat-2-scaled-e1615464881943-100x100.jpg&quot;,&quot;gallery_thumbnail_src_w&quot;:100,&quot;gallery_thumbnail_src_h&quot;:100,&quot;thumb_src&quot;:&quot;https:\\\/\\\/webshop.annemiekoenen.com\\\/wp-content\\\/uploads\\\/sites\\\/2\\\/2021\\\/03\\\/Viltmat-2-scaled-e1615464881943-324x324.jpg&quot;,&quot;thumb_src_w&quot;:324,&quot;thumb_src_h&quot;:324,&quot;src_w&quot;:416,&quot;src_h&quot;:240},&quot;image_id&quot;:1358,&quot;is_downloadable&quot;:false,&quot;is_in_stock&quot;:true,&quot;is_purchasable&quot;:true,&quot;is_sold_individually&quot;:&quot;no&quot;,&quot;is_virtual&quot;:false,&quot;max_qty&quot;:2,&quot;min_qty&quot;:1,&quot;price_html&quot;:&quot;&lt;span class=\\&quot;price\\&quot;&gt;&lt;span class=\\&quot;woocommerce-Price-amount amount\\&quot;&gt;&lt;bdi&gt;&lt;span class=\\&quot;woocommerce-Price-currencySymbol\\&quot; translate=\\&quot;no\\&quot;&gt;&amp;euro;&lt;\\\/span&gt;25.00&lt;\\\/bdi&gt;&lt;\\\/span&gt;&lt;\\\/span&gt;&quot;,&quot;sku&quot;:&quot;20GN05&quot;,&quot;variation_description&quot;:&quot;&lt;p&gt;50 x 80 cm&lt;\\\/p&gt;\\n&quot;,&quot;variation_id&quot;:4227,&quot;variation_is_active&quot;:true,&quot;variation_is_visible&quot;:true,&quot;weight&quot;:&quot;1216&quot;,&quot;weight_html&quot;:&quot;1216 g&quot;},{&quot;attributes&quot;:{&quot;attribute_pa_gereedschap-nat-vilten&quot;:&quot;anti-rutsch-matte&quot;},&quot;availability_html&quot;:&quot;&lt;p class=\\&quot;stock in-stock\\&quot;&gt;16 vorr\\u00e4tig&lt;\\\/p&gt;\\n&quot;,&quot;backorders_allowed&quot;:false,&quot;dimensions&quot;:{&quot;length&quot;:&quot;125&quot;,&quot;width&quot;:&quot;45&quot;,&quot;height&quot;:&quot;&quot;},&quot;dimensions_html&quot;:&quot;125 &amp;times; 45 cm&quot;,&quot;display_price&quot;:3.3,&quot;display_regular_price&quot;:3.3,&quot;gallery_image_ids&quot;:[],&quot;gallery_images_html&quot;:&quot;&quot;,&quot;image&quot;:{&quot;title&quot;:&quot;Anti-slip mat&quot;,&quot;caption&quot;:&quot;&quot;,&quot;url&quot;:&quot;https:\\\/\\\/webshop.annemiekoenen.com\\\/wp-content\\\/uploads\\\/sites\\\/2\\\/2021\\\/03\\\/Anti-slip-mat-scaled-e1615464992335.jpg&quot;,&quot;alt&quot;:&quot;Anti-slip mat&quot;,&quot;src&quot;:&quot;https:\\\/\\\/webshop.annemiekoenen.com\\\/wp-content\\\/uploads\\\/sites\\\/2\\\/2021\\\/03\\\/Anti-slip-mat-scaled-e1615464992335-600x450.jpg&quot;,&quot;srcset&quot;:&quot;https:\\\/\\\/webshop.annemiekoenen.com\\\/wp-content\\\/uploads\\\/sites\\\/2\\\/2021\\\/03\\\/Anti-slip-mat-scaled-e1615464992335-600x450.jpg 600w, https:\\\/\\\/webshop.annemiekoenen.com\\\/wp-content\\\/uploads\\\/sites\\\/2\\\/2021\\\/03\\\/Anti-slip-mat-scaled-e1615464992335-300x225.jpg 300w, https:\\\/\\\/webshop.annemiekoenen.com\\\/wp-content\\\/uploads\\\/sites\\\/2\\\/2021\\\/03\\\/Anti-slip-mat-scaled-e1615464992335-1024x769.jpg 1024w, https:\\\/\\\/webshop.annemiekoenen.com\\\/wp-content\\\/uploads\\\/sites\\\/2\\\/2021\\\/03\\\/Anti-slip-mat-scaled-e1615464992335-768x577.jpg 768w, https:\\\/\\\/webshop.annemiekoenen.com\\\/wp-content\\\/uploads\\\/sites\\\/2\\\/2021\\\/03\\\/Anti-slip-mat-scaled-e1615464992335-1536x1153.jpg 1536w, https:\\\/\\\/webshop.annemiekoenen.com\\\/wp-content\\\/uploads\\\/sites\\\/2\\\/2021\\\/03\\\/Anti-slip-mat-scaled-e1615464992335-2048x1538.jpg 2048w&quot;,&quot;sizes&quot;:&quot;(max-width: 416px) 100vw, 416px&quot;,&quot;full_src&quot;:&quot;https:\\\/\\\/webshop.annemiekoenen.com\\\/wp-content\\\/uploads\\\/sites\\\/2\\\/2021\\\/03\\\/Anti-slip-mat-scaled-e1615464992335.jpg&quot;,&quot;full_src_w&quot;:2560,&quot;full_src_h&quot;:1922,&quot;gallery_thumbnail_src&quot;:&quot;https:\\\/\\\/webshop.annemiekoenen.com\\\/wp-content\\\/uploads\\\/sites\\\/2\\\/2021\\\/03\\\/Anti-slip-mat-scaled-e1615464992335-100x100.jpg&quot;,&quot;gallery_thumbnail_src_w&quot;:100,&quot;gallery_thumbnail_src_h&quot;:100,&quot;thumb_src&quot;:&quot;https:\\\/\\\/webshop.annemiekoenen.com\\\/wp-content\\\/uploads\\\/sites\\\/2\\\/2021\\\/03\\\/Anti-slip-mat-scaled-e1615464992335-324x324.jpg&quot;,&quot;thumb_src_w&quot;:324,&quot;thumb_src_h&quot;:324,&quot;src_w&quot;:416,&quot;src_h&quot;:312},&quot;image_id&quot;:1361,&quot;is_downloadable&quot;:false,&quot;is_in_stock&quot;:true,&quot;is_purchasable&quot;:true,&quot;is_sold_individually&quot;:&quot;no&quot;,&quot;is_virtual&quot;:false,&quot;max_qty&quot;:16,&quot;min_qty&quot;:1,&quot;price_html&quot;:&quot;&lt;span class=\\&quot;price\\&quot;&gt;&lt;span class=\\&quot;woocommerce-Price-amount amount\\&quot;&gt;&lt;bdi&gt;&lt;span class=\\&quot;woocommerce-Price-currencySymbol\\&quot; translate=\\&quot;no\\&quot;&gt;&amp;euro;&lt;\\\/span&gt;3.30&lt;\\\/bdi&gt;&lt;\\\/span&gt;&lt;\\\/span&gt;&quot;,&quot;sku&quot;:&quot;20GN06&quot;,&quot;variation_description&quot;:&quot;&lt;p&gt;125&amp;#215;45 cm&lt;br \\\/&gt;\\nVerschiedene Farben 180&amp;#215;60&lt;\\\/p&gt;\\n&quot;,&quot;variation_id&quot;:4230,&quot;variation_is_active&quot;:true,&quot;variation_is_visible&quot;:true,&quot;weight&quot;:&quot;234&quot;,&quot;weight_html&quot;:&quot;234 g&quot;},{&quot;attributes&quot;:{&quot;attribute_pa_gereedschap-nat-vilten&quot;:&quot;grose-anti-rutsch-matte-ohne-aufdruck&quot;},&quot;availability_html&quot;:&quot;&lt;p class=\\&quot;stock in-stock\\&quot;&gt;4 vorr\\u00e4tig&lt;\\\/p&gt;\\n&quot;,&quot;backorders_allowed&quot;:false,&quot;dimensions&quot;:{&quot;length&quot;:&quot;180&quot;,&quot;width&quot;:&quot;65&quot;,&quot;height&quot;:&quot;&quot;},&quot;dimensions_html&quot;:&quot;180 &amp;times; 65 cm&quot;,&quot;display_price&quot;:10.95,&quot;display_regular_price&quot;:10.95,&quot;gallery_image_ids&quot;:[],&quot;gallery_images_html&quot;:&quot;&quot;,&quot;image&quot;:{&quot;title&quot;:&quot;Anti-slip mat (groot) 1&quot;,&quot;caption&quot;:&quot;&quot;,&quot;url&quot;:&quot;https:\\\/\\\/webshop.annemiekoenen.com\\\/wp-content\\\/uploads\\\/sites\\\/2\\\/2021\\\/03\\\/Anti-slip-mat-groot-1-scaled-e1615465128426.jpg&quot;,&quot;alt&quot;:&quot;Anti-slip mat (groot) 1&quot;,&quot;src&quot;:&quot;https:\\\/\\\/webshop.annemiekoenen.com\\\/wp-content\\\/uploads\\\/sites\\\/2\\\/2021\\\/03\\\/Anti-slip-mat-groot-1-scaled-e1615465128426-600x450.jpg&quot;,&quot;srcset&quot;:&quot;https:\\\/\\\/webshop.annemiekoenen.com\\\/wp-content\\\/uploads\\\/sites\\\/2\\\/2021\\\/03\\\/Anti-slip-mat-groot-1-scaled-e1615465128426-600x450.jpg 600w, https:\\\/\\\/webshop.annemiekoenen.com\\\/wp-content\\\/uploads\\\/sites\\\/2\\\/2021\\\/03\\\/Anti-slip-mat-groot-1-scaled-e1615465128426-300x225.jpg 300w, https:\\\/\\\/webshop.annemiekoenen.com\\\/wp-content\\\/uploads\\\/sites\\\/2\\\/2021\\\/03\\\/Anti-slip-mat-groot-1-scaled-e1615465128426-768x576.jpg 768w, https:\\\/\\\/webshop.annemiekoenen.com\\\/wp-content\\\/uploads\\\/sites\\\/2\\\/2021\\\/03\\\/Anti-slip-mat-groot-1-scaled-e1615465128426.jpg 947w&quot;,&quot;sizes&quot;:&quot;(max-width: 416px) 100vw, 416px&quot;,&quot;full_src&quot;:&quot;https:\\\/\\\/webshop.annemiekoenen.com\\\/wp-content\\\/uploads\\\/sites\\\/2\\\/2021\\\/03\\\/Anti-slip-mat-groot-1-scaled-e1615465128426.jpg&quot;,&quot;full_src_w&quot;:947,&quot;full_src_h&quot;:710,&quot;gallery_thumbnail_src&quot;:&quot;https:\\\/\\\/webshop.annemiekoenen.com\\\/wp-content\\\/uploads\\\/sites\\\/2\\\/2021\\\/03\\\/Anti-slip-mat-groot-1-scaled-e1615465128426-100x100.jpg&quot;,&quot;gallery_thumbnail_src_w&quot;:100,&quot;gallery_thumbnail_src_h&quot;:100,&quot;thumb_src&quot;:&quot;https:\\\/\\\/webshop.annemiekoenen.com\\\/wp-content\\\/uploads\\\/sites\\\/2\\\/2021\\\/03\\\/Anti-slip-mat-groot-1-scaled-e1615465128426-324x324.jpg&quot;,&quot;thumb_src_w&quot;:324,&quot;thumb_src_h&quot;:324,&quot;src_w&quot;:416,&quot;src_h&quot;:312},&quot;image_id&quot;:1364,&quot;is_downloadable&quot;:false,&quot;is_in_stock&quot;:true,&quot;is_purchasable&quot;:true,&quot;is_sold_individually&quot;:&quot;no&quot;,&quot;is_virtual&quot;:false,&quot;max_qty&quot;:4,&quot;min_qty&quot;:1,&quot;price_html&quot;:&quot;&lt;span class=\\&quot;price\\&quot;&gt;&lt;span class=\\&quot;woocommerce-Price-amount amount\\&quot;&gt;&lt;bdi&gt;&lt;span class=\\&quot;woocommerce-Price-currencySymbol\\&quot; translate=\\&quot;no\\&quot;&gt;&amp;euro;&lt;\\\/span&gt;10.95&lt;\\\/bdi&gt;&lt;\\\/span&gt;&lt;\\\/span&gt;&quot;,&quot;sku&quot;:&quot;20GN07&quot;,&quot;variation_description&quot;:&quot;&lt;p&gt;&amp;#8211; Verschiedene Farben&lt;br \\\/&gt;\\n&amp;#8211; 180&amp;#215;65 cm&lt;\\\/p&gt;\\n&quot;,&quot;variation_id&quot;:4228,&quot;variation_is_active&quot;:true,&quot;variation_is_visible&quot;:true,&quot;weight&quot;:&quot;748&quot;,&quot;weight_html&quot;:&quot;748 g&quot;},{&quot;attributes&quot;:{&quot;attribute_pa_gereedschap-nat-vilten&quot;:&quot;grose-anti-rutsch-matte-mit-aufdruck&quot;},&quot;availability_html&quot;:&quot;&lt;p class=\\&quot;stock in-stock\\&quot;&gt;10 vorr\\u00e4tig&lt;\\\/p&gt;\\n&quot;,&quot;backorders_allowed&quot;:false,&quot;dimensions&quot;:{&quot;length&quot;:&quot;180&quot;,&quot;width&quot;:&quot;65&quot;,&quot;height&quot;:&quot;&quot;},&quot;dimensions_html&quot;:&quot;180 &amp;times; 65 cm&quot;,&quot;display_price&quot;:10.95,&quot;display_regular_price&quot;:10.95,&quot;gallery_image_ids&quot;:[],&quot;gallery_images_html&quot;:&quot;&quot;,&quot;image&quot;:{&quot;title&quot;:&quot;Anti-slip mat (groot) 2&quot;,&quot;caption&quot;:&quot;&quot;,&quot;url&quot;:&quot;https:\\\/\\\/webshop.annemiekoenen.com\\\/wp-content\\\/uploads\\\/sites\\\/2\\\/2021\\\/03\\\/Anti-slip-mat-groot-2-scaled-e1615465207799.jpg&quot;,&quot;alt&quot;:&quot;Anti-slip mat (groot) 2&quot;,&quot;src&quot;:&quot;https:\\\/\\\/webshop.annemiekoenen.com\\\/wp-content\\\/uploads\\\/sites\\\/2\\\/2021\\\/03\\\/Anti-slip-mat-groot-2-scaled-e1615465207799-600x449.jpg&quot;,&quot;srcset&quot;:&quot;https:\\\/\\\/webshop.annemiekoenen.com\\\/wp-content\\\/uploads\\\/sites\\\/2\\\/2021\\\/03\\\/Anti-slip-mat-groot-2-scaled-e1615465207799-600x449.jpg 600w, https:\\\/\\\/webshop.annemiekoenen.com\\\/wp-content\\\/uploads\\\/sites\\\/2\\\/2021\\\/03\\\/Anti-slip-mat-groot-2-scaled-e1615465207799-300x224.jpg 300w, https:\\\/\\\/webshop.annemiekoenen.com\\\/wp-content\\\/uploads\\\/sites\\\/2\\\/2021\\\/03\\\/Anti-slip-mat-groot-2-scaled-e1615465207799-768x575.jpg 768w, https:\\\/\\\/webshop.annemiekoenen.com\\\/wp-content\\\/uploads\\\/sites\\\/2\\\/2021\\\/03\\\/Anti-slip-mat-groot-2-scaled-e1615465207799.jpg 838w&quot;,&quot;sizes&quot;:&quot;(max-width: 416px) 100vw, 416px&quot;,&quot;full_src&quot;:&quot;https:\\\/\\\/webshop.annemiekoenen.com\\\/wp-content\\\/uploads\\\/sites\\\/2\\\/2021\\\/03\\\/Anti-slip-mat-groot-2-scaled-e1615465207799.jpg&quot;,&quot;full_src_w&quot;:838,&quot;full_src_h&quot;:627,&quot;gallery_thumbnail_src&quot;:&quot;https:\\\/\\\/webshop.annemiekoenen.com\\\/wp-content\\\/uploads\\\/sites\\\/2\\\/2021\\\/03\\\/Anti-slip-mat-groot-2-scaled-e1615465207799-100x100.jpg&quot;,&quot;gallery_thumbnail_src_w&quot;:100,&quot;gallery_thumbnail_src_h&quot;:100,&quot;thumb_src&quot;:&quot;https:\\\/\\\/webshop.annemiekoenen.com\\\/wp-content\\\/uploads\\\/sites\\\/2\\\/2021\\\/03\\\/Anti-slip-mat-groot-2-scaled-e1615465207799-324x324.jpg&quot;,&quot;thumb_src_w&quot;:324,&quot;thumb_src_h&quot;:324,&quot;src_w&quot;:416,&quot;src_h&quot;:311},&quot;image_id&quot;:1367,&quot;is_downloadable&quot;:false,&quot;is_in_stock&quot;:true,&quot;is_purchasable&quot;:true,&quot;is_sold_individually&quot;:&quot;no&quot;,&quot;is_virtual&quot;:false,&quot;max_qty&quot;:10,&quot;min_qty&quot;:1,&quot;price_html&quot;:&quot;&lt;span class=\\&quot;price\\&quot;&gt;&lt;span class=\\&quot;woocommerce-Price-amount amount\\&quot;&gt;&lt;bdi&gt;&lt;span class=\\&quot;woocommerce-Price-currencySymbol\\&quot; translate=\\&quot;no\\&quot;&gt;&amp;euro;&lt;\\\/span&gt;10.95&lt;\\\/bdi&gt;&lt;\\\/span&gt;&lt;\\\/span&gt;&quot;,&quot;sku&quot;:&quot;20GN08&quot;,&quot;variation_description&quot;:&quot;&lt;p&gt;180&amp;#215;65 cm&lt;\\\/p&gt;\\n&quot;,&quot;variation_id&quot;:4229,&quot;variation_is_active&quot;:true,&quot;variation_is_visible&quot;:true,&quot;weight&quot;:&quot;748&quot;,&quot;weight_html&quot;:&quot;748 g&quot;},{&quot;attributes&quot;:{&quot;attribute_pa_gereedschap-nat-vilten&quot;:&quot;druckschere-rot&quot;},&quot;availability_html&quot;:&quot;&lt;p class=\\&quot;stock in-stock\\&quot;&gt;4 vorr\\u00e4tig&lt;\\\/p&gt;\\n&quot;,&quot;backorders_allowed&quot;:false,&quot;dimensions&quot;:{&quot;length&quot;:&quot;&quot;,&quot;width&quot;:&quot;&quot;,&quot;height&quot;:&quot;&quot;},&quot;dimensions_html&quot;:&quot;n.\\u00a0v.&quot;,&quot;display_price&quot;:4.5,&quot;display_regular_price&quot;:4.5,&quot;gallery_image_ids&quot;:[],&quot;gallery_images_html&quot;:&quot;&quot;,&quot;image&quot;:{&quot;title&quot;:&quot;Knijpschaar rood&quot;,&quot;caption&quot;:&quot;&quot;,&quot;url&quot;:&quot;https:\\\/\\\/webshop.annemiekoenen.com\\\/wp-content\\\/uploads\\\/sites\\\/2\\\/2021\\\/03\\\/Knijpschaar-rood-scaled-e1615466051329.jpg&quot;,&quot;alt&quot;:&quot;Knijpschaar rood&quot;,&quot;src&quot;:&quot;https:\\\/\\\/webshop.annemiekoenen.com\\\/wp-content\\\/uploads\\\/sites\\\/2\\\/2021\\\/03\\\/Knijpschaar-rood-scaled-e1615466051329-600x450.jpg&quot;,&quot;srcset&quot;:&quot;https:\\\/\\\/webshop.annemiekoenen.com\\\/wp-content\\\/uploads\\\/sites\\\/2\\\/2021\\\/03\\\/Knijpschaar-rood-scaled-e1615466051329-600x450.jpg 600w, https:\\\/\\\/webshop.annemiekoenen.com\\\/wp-content\\\/uploads\\\/sites\\\/2\\\/2021\\\/03\\\/Knijpschaar-rood-scaled-e1615466051329-300x225.jpg 300w, https:\\\/\\\/webshop.annemiekoenen.com\\\/wp-content\\\/uploads\\\/sites\\\/2\\\/2021\\\/03\\\/Knijpschaar-rood-scaled-e1615466051329-1024x769.jpg 1024w, https:\\\/\\\/webshop.annemiekoenen.com\\\/wp-content\\\/uploads\\\/sites\\\/2\\\/2021\\\/03\\\/Knijpschaar-rood-scaled-e1615466051329-768x577.jpg 768w, https:\\\/\\\/webshop.annemiekoenen.com\\\/wp-content\\\/uploads\\\/sites\\\/2\\\/2021\\\/03\\\/Knijpschaar-rood-scaled-e1615466051329-1536x1153.jpg 1536w, https:\\\/\\\/webshop.annemiekoenen.com\\\/wp-content\\\/uploads\\\/sites\\\/2\\\/2021\\\/03\\\/Knijpschaar-rood-scaled-e1615466051329-2048x1538.jpg 2048w&quot;,&quot;sizes&quot;:&quot;(max-width: 416px) 100vw, 416px&quot;,&quot;full_src&quot;:&quot;https:\\\/\\\/webshop.annemiekoenen.com\\\/wp-content\\\/uploads\\\/sites\\\/2\\\/2021\\\/03\\\/Knijpschaar-rood-scaled-e1615466051329.jpg&quot;,&quot;full_src_w&quot;:2560,&quot;full_src_h&quot;:1922,&quot;gallery_thumbnail_src&quot;:&quot;https:\\\/\\\/webshop.annemiekoenen.com\\\/wp-content\\\/uploads\\\/sites\\\/2\\\/2021\\\/03\\\/Knijpschaar-rood-scaled-e1615466051329-100x100.jpg&quot;,&quot;gallery_thumbnail_src_w&quot;:100,&quot;gallery_thumbnail_src_h&quot;:100,&quot;thumb_src&quot;:&quot;https:\\\/\\\/webshop.annemiekoenen.com\\\/wp-content\\\/uploads\\\/sites\\\/2\\\/2021\\\/03\\\/Knijpschaar-rood-scaled-e1615466051329-324x324.jpg&quot;,&quot;thumb_src_w&quot;:324,&quot;thumb_src_h&quot;:324,&quot;src_w&quot;:416,&quot;src_h&quot;:312},&quot;image_id&quot;:1370,&quot;is_downloadable&quot;:false,&quot;is_in_stock&quot;:true,&quot;is_purchasable&quot;:true,&quot;is_sold_individually&quot;:&quot;no&quot;,&quot;is_virtual&quot;:false,&quot;max_qty&quot;:4,&quot;min_qty&quot;:1,&quot;price_html&quot;:&quot;&lt;span class=\\&quot;price\\&quot;&gt;&lt;span class=\\&quot;woocommerce-Price-amount amount\\&quot;&gt;&lt;bdi&gt;&lt;span class=\\&quot;woocommerce-Price-currencySymbol\\&quot; translate=\\&quot;no\\&quot;&gt;&amp;euro;&lt;\\\/span&gt;4.50&lt;\\\/bdi&gt;&lt;\\\/span&gt;&lt;\\\/span&gt;&quot;,&quot;sku&quot;:&quot;20GN09&quot;,&quot;variation_description&quot;:&quot;&quot;,&quot;variation_id&quot;:4231,&quot;variation_is_active&quot;:true,&quot;variation_is_visible&quot;:true,&quot;weight&quot;:&quot;26&quot;,&quot;weight_html&quot;:&quot;26 g&quot;},{&quot;attributes&quot;:{&quot;attribute_pa_gereedschap-nat-vilten&quot;:&quot;druckschere-violett&quot;},&quot;availability_html&quot;:&quot;&lt;p class=\\&quot;stock in-stock\\&quot;&gt;4 vorr\\u00e4tig&lt;\\\/p&gt;\\n&quot;,&quot;backorders_allowed&quot;:false,&quot;dimensions&quot;:{&quot;length&quot;:&quot;&quot;,&quot;width&quot;:&quot;&quot;,&quot;height&quot;:&quot;&quot;},&quot;dimensions_html&quot;:&quot;n.\\u00a0v.&quot;,&quot;display_price&quot;:4.5,&quot;display_regular_price&quot;:4.5,&quot;gallery_image_ids&quot;:[],&quot;gallery_images_html&quot;:&quot;&quot;,&quot;image&quot;:{&quot;title&quot;:&quot;Knijpschaar paars&quot;,&quot;caption&quot;:&quot;&quot;,&quot;url&quot;:&quot;https:\\\/\\\/webshop.annemiekoenen.com\\\/wp-content\\\/uploads\\\/sites\\\/2\\\/2021\\\/03\\\/Knijpschaar-paars-scaled-e1615466242835.jpg&quot;,&quot;alt&quot;:&quot;Knijpschaar paars&quot;,&quot;src&quot;:&quot;https:\\\/\\\/webshop.annemiekoenen.com\\\/wp-content\\\/uploads\\\/sites\\\/2\\\/2021\\\/03\\\/Knijpschaar-paars-scaled-e1615466242835-600x449.jpg&quot;,&quot;srcset&quot;:&quot;https:\\\/\\\/webshop.annemiekoenen.com\\\/wp-content\\\/uploads\\\/sites\\\/2\\\/2021\\\/03\\\/Knijpschaar-paars-scaled-e1615466242835-600x449.jpg 600w, https:\\\/\\\/webshop.annemiekoenen.com\\\/wp-content\\\/uploads\\\/sites\\\/2\\\/2021\\\/03\\\/Knijpschaar-paars-scaled-e1615466242835-300x225.jpg 300w, https:\\\/\\\/webshop.annemiekoenen.com\\\/wp-content\\\/uploads\\\/sites\\\/2\\\/2021\\\/03\\\/Knijpschaar-paars-scaled-e1615466242835-1024x767.jpg 1024w, https:\\\/\\\/webshop.annemiekoenen.com\\\/wp-content\\\/uploads\\\/sites\\\/2\\\/2021\\\/03\\\/Knijpschaar-paars-scaled-e1615466242835-768x575.jpg 768w, https:\\\/\\\/webshop.annemiekoenen.com\\\/wp-content\\\/uploads\\\/sites\\\/2\\\/2021\\\/03\\\/Knijpschaar-paars-scaled-e1615466242835-1536x1150.jpg 1536w, https:\\\/\\\/webshop.annemiekoenen.com\\\/wp-content\\\/uploads\\\/sites\\\/2\\\/2021\\\/03\\\/Knijpschaar-paars-scaled-e1615466242835.jpg 1760w&quot;,&quot;sizes&quot;:&quot;(max-width: 416px) 100vw, 416px&quot;,&quot;full_src&quot;:&quot;https:\\\/\\\/webshop.annemiekoenen.com\\\/wp-content\\\/uploads\\\/sites\\\/2\\\/2021\\\/03\\\/Knijpschaar-paars-scaled-e1615466242835.jpg&quot;,&quot;full_src_w&quot;:1760,&quot;full_src_h&quot;:1318,&quot;gallery_thumbnail_src&quot;:&quot;https:\\\/\\\/webshop.annemiekoenen.com\\\/wp-content\\\/uploads\\\/sites\\\/2\\\/2021\\\/03\\\/Knijpschaar-paars-scaled-e1615466242835-100x100.jpg&quot;,&quot;gallery_thumbnail_src_w&quot;:100,&quot;gallery_thumbnail_src_h&quot;:100,&quot;thumb_src&quot;:&quot;https:\\\/\\\/webshop.annemiekoenen.com\\\/wp-content\\\/uploads\\\/sites\\\/2\\\/2021\\\/03\\\/Knijpschaar-paars-scaled-e1615466242835-324x324.jpg&quot;,&quot;thumb_src_w&quot;:324,&quot;thumb_src_h&quot;:324,&quot;src_w&quot;:416,&quot;src_h&quot;:311},&quot;image_id&quot;:1376,&quot;is_downloadable&quot;:false,&quot;is_in_stock&quot;:true,&quot;is_purchasable&quot;:true,&quot;is_sold_individually&quot;:&quot;no&quot;,&quot;is_virtual&quot;:false,&quot;max_qty&quot;:4,&quot;min_qty&quot;:1,&quot;price_html&quot;:&quot;&lt;span class=\\&quot;price\\&quot;&gt;&lt;span class=\\&quot;woocommerce-Price-amount amount\\&quot;&gt;&lt;bdi&gt;&lt;span class=\\&quot;woocommerce-Price-currencySymbol\\&quot; translate=\\&quot;no\\&quot;&gt;&amp;euro;&lt;\\\/span&gt;4.50&lt;\\\/bdi&gt;&lt;\\\/span&gt;&lt;\\\/span&gt;&quot;,&quot;sku&quot;:&quot;20GN10&quot;,&quot;variation_description&quot;:&quot;&quot;,&quot;variation_id&quot;:4233,&quot;variation_is_active&quot;:true,&quot;variation_is_visible&quot;:true,&quot;weight&quot;:&quot;26&quot;,&quot;weight_html&quot;:&quot;26 g&quot;},{&quot;attributes&quot;:{&quot;attribute_pa_gereedschap-nat-vilten&quot;:&quot;druckschere-blau&quot;},&quot;availability_html&quot;:&quot;&lt;p class=\\&quot;stock in-stock\\&quot;&gt;9 vorr\\u00e4tig&lt;\\\/p&gt;\\n&quot;,&quot;backorders_allowed&quot;:false,&quot;dimensions&quot;:{&quot;length&quot;:&quot;&quot;,&quot;width&quot;:&quot;&quot;,&quot;height&quot;:&quot;&quot;},&quot;dimensions_html&quot;:&quot;n.\\u00a0v.&quot;,&quot;display_price&quot;:4.5,&quot;display_regular_price&quot;:4.5,&quot;gallery_image_ids&quot;:[],&quot;gallery_images_html&quot;:&quot;&quot;,&quot;image&quot;:{&quot;title&quot;:&quot;Knijpschaar&quot;,&quot;caption&quot;:&quot;&quot;,&quot;url&quot;:&quot;https:\\\/\\\/webshop.annemiekoenen.com\\\/wp-content\\\/uploads\\\/sites\\\/2\\\/2021\\\/03\\\/Knijpschaar-scaled-e1615466167522.jpg&quot;,&quot;alt&quot;:&quot;Knijpschaar&quot;,&quot;src&quot;:&quot;https:\\\/\\\/webshop.annemiekoenen.com\\\/wp-content\\\/uploads\\\/sites\\\/2\\\/2021\\\/03\\\/Knijpschaar-scaled-e1615466167522-600x449.jpg&quot;,&quot;srcset&quot;:&quot;https:\\\/\\\/webshop.annemiekoenen.com\\\/wp-content\\\/uploads\\\/sites\\\/2\\\/2021\\\/03\\\/Knijpschaar-scaled-e1615466167522-600x449.jpg 600w, https:\\\/\\\/webshop.annemiekoenen.com\\\/wp-content\\\/uploads\\\/sites\\\/2\\\/2021\\\/03\\\/Knijpschaar-scaled-e1615466167522-300x225.jpg 300w, https:\\\/\\\/webshop.annemiekoenen.com\\\/wp-content\\\/uploads\\\/sites\\\/2\\\/2021\\\/03\\\/Knijpschaar-scaled-e1615466167522-1024x767.jpg 1024w, https:\\\/\\\/webshop.annemiekoenen.com\\\/wp-content\\\/uploads\\\/sites\\\/2\\\/2021\\\/03\\\/Knijpschaar-scaled-e1615466167522-768x575.jpg 768w, https:\\\/\\\/webshop.annemiekoenen.com\\\/wp-content\\\/uploads\\\/sites\\\/2\\\/2021\\\/03\\\/Knijpschaar-scaled-e1615466167522-1536x1151.jpg 1536w, https:\\\/\\\/webshop.annemiekoenen.com\\\/wp-content\\\/uploads\\\/sites\\\/2\\\/2021\\\/03\\\/Knijpschaar-scaled-e1615466167522-2048x1534.jpg 2048w&quot;,&quot;sizes&quot;:&quot;(max-width: 416px) 100vw, 416px&quot;,&quot;full_src&quot;:&quot;https:\\\/\\\/webshop.annemiekoenen.com\\\/wp-content\\\/uploads\\\/sites\\\/2\\\/2021\\\/03\\\/Knijpschaar-scaled-e1615466167522.jpg&quot;,&quot;full_src_w&quot;:2272,&quot;full_src_h&quot;:1702,&quot;gallery_thumbnail_src&quot;:&quot;https:\\\/\\\/webshop.annemiekoenen.com\\\/wp-content\\\/uploads\\\/sites\\\/2\\\/2021\\\/03\\\/Knijpschaar-scaled-e1615466167522-100x100.jpg&quot;,&quot;gallery_thumbnail_src_w&quot;:100,&quot;gallery_thumbnail_src_h&quot;:100,&quot;thumb_src&quot;:&quot;https:\\\/\\\/webshop.annemiekoenen.com\\\/wp-content\\\/uploads\\\/sites\\\/2\\\/2021\\\/03\\\/Knijpschaar-scaled-e1615466167522-324x324.jpg&quot;,&quot;thumb_src_w&quot;:324,&quot;thumb_src_h&quot;:324,&quot;src_w&quot;:416,&quot;src_h&quot;:311},&quot;image_id&quot;:1373,&quot;is_downloadable&quot;:false,&quot;is_in_stock&quot;:true,&quot;is_purchasable&quot;:true,&quot;is_sold_individually&quot;:&quot;no&quot;,&quot;is_virtual&quot;:false,&quot;max_qty&quot;:9,&quot;min_qty&quot;:1,&quot;price_html&quot;:&quot;&lt;span class=\\&quot;price\\&quot;&gt;&lt;span class=\\&quot;woocommerce-Price-amount amount\\&quot;&gt;&lt;bdi&gt;&lt;span class=\\&quot;woocommerce-Price-currencySymbol\\&quot; translate=\\&quot;no\\&quot;&gt;&amp;euro;&lt;\\\/span&gt;4.50&lt;\\\/bdi&gt;&lt;\\\/span&gt;&lt;\\\/span&gt;&quot;,&quot;sku&quot;:&quot;20GN11&quot;,&quot;variation_description&quot;:&quot;&quot;,&quot;variation_id&quot;:4232,&quot;variation_is_active&quot;:true,&quot;variation_is_visible&quot;:true,&quot;weight&quot;:&quot;26&quot;,&quot;weight_html&quot;:&quot;26 g&quot;},{&quot;attributes&quot;:{&quot;attribute_pa_gereedschap-nat-vilten&quot;:&quot;vollblock-holz&quot;},&quot;availability_html&quot;:&quot;&lt;p class=\\&quot;stock in-stock\\&quot;&gt;6 vorr\\u00e4tig&lt;\\\/p&gt;\\n&quot;,&quot;backorders_allowed&quot;:false,&quot;dimensions&quot;:{&quot;length&quot;:&quot;&quot;,&quot;width&quot;:&quot;&quot;,&quot;height&quot;:&quot;&quot;},&quot;dimensions_html&quot;:&quot;n.\\u00a0v.&quot;,&quot;display_price&quot;:16.5,&quot;display_regular_price&quot;:16.5,&quot;gallery_image_ids&quot;:[],&quot;gallery_images_html&quot;:&quot;&quot;,&quot;image&quot;:{&quot;title&quot;:&quot;Volblok 3&quot;,&quot;caption&quot;:&quot;&quot;,&quot;url&quot;:&quot;https:\\\/\\\/webshop.annemiekoenen.com\\\/wp-content\\\/uploads\\\/sites\\\/2\\\/2021\\\/03\\\/Volblok-3-scaled-e1615466343663.jpg&quot;,&quot;alt&quot;:&quot;Volblok 3&quot;,&quot;src&quot;:&quot;https:\\\/\\\/webshop.annemiekoenen.com\\\/wp-content\\\/uploads\\\/sites\\\/2\\\/2021\\\/03\\\/Volblok-3-scaled-e1615466343663-600x451.jpg&quot;,&quot;srcset&quot;:&quot;https:\\\/\\\/webshop.annemiekoenen.com\\\/wp-content\\\/uploads\\\/sites\\\/2\\\/2021\\\/03\\\/Volblok-3-scaled-e1615466343663-600x451.jpg 600w, https:\\\/\\\/webshop.annemiekoenen.com\\\/wp-content\\\/uploads\\\/sites\\\/2\\\/2021\\\/03\\\/Volblok-3-scaled-e1615466343663-300x225.jpg 300w, https:\\\/\\\/webshop.annemiekoenen.com\\\/wp-content\\\/uploads\\\/sites\\\/2\\\/2021\\\/03\\\/Volblok-3-scaled-e1615466343663-1024x769.jpg 1024w, https:\\\/\\\/webshop.annemiekoenen.com\\\/wp-content\\\/uploads\\\/sites\\\/2\\\/2021\\\/03\\\/Volblok-3-scaled-e1615466343663-768x577.jpg 768w, https:\\\/\\\/webshop.annemiekoenen.com\\\/wp-content\\\/uploads\\\/sites\\\/2\\\/2021\\\/03\\\/Volblok-3-scaled-e1615466343663-1536x1154.jpg 1536w, https:\\\/\\\/webshop.annemiekoenen.com\\\/wp-content\\\/uploads\\\/sites\\\/2\\\/2021\\\/03\\\/Volblok-3-scaled-e1615466343663.jpg 1907w&quot;,&quot;sizes&quot;:&quot;(max-width: 416px) 100vw, 416px&quot;,&quot;full_src&quot;:&quot;https:\\\/\\\/webshop.annemiekoenen.com\\\/wp-content\\\/uploads\\\/sites\\\/2\\\/2021\\\/03\\\/Volblok-3-scaled-e1615466343663.jpg&quot;,&quot;full_src_w&quot;:1907,&quot;full_src_h&quot;:1433,&quot;gallery_thumbnail_src&quot;:&quot;https:\\\/\\\/webshop.annemiekoenen.com\\\/wp-content\\\/uploads\\\/sites\\\/2\\\/2021\\\/03\\\/Volblok-3-scaled-e1615466343663-100x100.jpg&quot;,&quot;gallery_thumbnail_src_w&quot;:100,&quot;gallery_thumbnail_src_h&quot;:100,&quot;thumb_src&quot;:&quot;https:\\\/\\\/webshop.annemiekoenen.com\\\/wp-content\\\/uploads\\\/sites\\\/2\\\/2021\\\/03\\\/Volblok-3-scaled-e1615466343663-324x324.jpg&quot;,&quot;thumb_src_w&quot;:324,&quot;thumb_src_h&quot;:324,&quot;src_w&quot;:416,&quot;src_h&quot;:313},&quot;image_id&quot;:1379,&quot;is_downloadable&quot;:false,&quot;is_in_stock&quot;:true,&quot;is_purchasable&quot;:true,&quot;is_sold_individually&quot;:&quot;no&quot;,&quot;is_virtual&quot;:false,&quot;max_qty&quot;:6,&quot;min_qty&quot;:1,&quot;price_html&quot;:&quot;&lt;span class=\\&quot;price\\&quot;&gt;&lt;span class=\\&quot;woocommerce-Price-amount amount\\&quot;&gt;&lt;bdi&gt;&lt;span class=\\&quot;woocommerce-Price-currencySymbol\\&quot; translate=\\&quot;no\\&quot;&gt;&amp;euro;&lt;\\\/span&gt;16.50&lt;\\\/bdi&gt;&lt;\\\/span&gt;&lt;\\\/span&gt;&quot;,&quot;sku&quot;:&quot;20GN12&quot;,&quot;variation_description&quot;:&quot;&quot;,&quot;variation_id&quot;:4234,&quot;variation_is_active&quot;:true,&quot;variation_is_visible&quot;:true,&quot;weight&quot;:&quot;131&quot;,&quot;weight_html&quot;:&quot;131 g&quot;},{&quot;attributes&quot;:{&quot;attribute_pa_gereedschap-nat-vilten&quot;:&quot;unterboden-fur-schablone&quot;},&quot;availability_html&quot;:&quot;&lt;p class=\\&quot;stock in-stock\\&quot;&gt;40 vorr\\u00e4tig (kann nachbestellt werden)&lt;\\\/p&gt;\\n&quot;,&quot;backorders_allowed&quot;:true,&quot;dimensions&quot;:{&quot;length&quot;:&quot;100&quot;,&quot;width&quot;:&quot;120&quot;,&quot;height&quot;:&quot;&quot;},&quot;dimensions_html&quot;:&quot;100 &amp;times; 120 cm&quot;,&quot;display_price&quot;:3,&quot;display_regular_price&quot;:3,&quot;gallery_image_ids&quot;:[],&quot;gallery_images_html&quot;:&quot;&quot;,&quot;image&quot;:{&quot;title&quot;:&quot;Ondervloer voor mal&quot;,&quot;caption&quot;:&quot;&quot;,&quot;url&quot;:&quot;https:\\\/\\\/webshop.annemiekoenen.com\\\/wp-content\\\/uploads\\\/sites\\\/2\\\/2021\\\/03\\\/Ondervloer-voor-mal--scaled-e1617107692520.jpg&quot;,&quot;alt&quot;:&quot;Ondervloer voor mal&quot;,&quot;src&quot;:&quot;https:\\\/\\\/webshop.annemiekoenen.com\\\/wp-content\\\/uploads\\\/sites\\\/2\\\/2021\\\/03\\\/Ondervloer-voor-mal--scaled-e1617107692520-600x706.jpg&quot;,&quot;srcset&quot;:&quot;https:\\\/\\\/webshop.annemiekoenen.com\\\/wp-content\\\/uploads\\\/sites\\\/2\\\/2021\\\/03\\\/Ondervloer-voor-mal--scaled-e1617107692520-600x706.jpg 600w, https:\\\/\\\/webshop.annemiekoenen.com\\\/wp-content\\\/uploads\\\/sites\\\/2\\\/2021\\\/03\\\/Ondervloer-voor-mal--scaled-e1617107692520-255x300.jpg 255w, https:\\\/\\\/webshop.annemiekoenen.com\\\/wp-content\\\/uploads\\\/sites\\\/2\\\/2021\\\/03\\\/Ondervloer-voor-mal--scaled-e1617107692520-870x1024.jpg 870w, https:\\\/\\\/webshop.annemiekoenen.com\\\/wp-content\\\/uploads\\\/sites\\\/2\\\/2021\\\/03\\\/Ondervloer-voor-mal--scaled-e1617107692520-768x904.jpg 768w, https:\\\/\\\/webshop.annemiekoenen.com\\\/wp-content\\\/uploads\\\/sites\\\/2\\\/2021\\\/03\\\/Ondervloer-voor-mal--scaled-e1617107692520-1305x1536.jpg 1305w, https:\\\/\\\/webshop.annemiekoenen.com\\\/wp-content\\\/uploads\\\/sites\\\/2\\\/2021\\\/03\\\/Ondervloer-voor-mal--scaled-e1617107692520.jpg 1478w&quot;,&quot;sizes&quot;:&quot;(max-width: 416px) 100vw, 416px&quot;,&quot;full_src&quot;:&quot;https:\\\/\\\/webshop.annemiekoenen.com\\\/wp-content\\\/uploads\\\/sites\\\/2\\\/2021\\\/03\\\/Ondervloer-voor-mal--scaled-e1617107692520.jpg&quot;,&quot;full_src_w&quot;:1478,&quot;full_src_h&quot;:1740,&quot;gallery_thumbnail_src&quot;:&quot;https:\\\/\\\/webshop.annemiekoenen.com\\\/wp-content\\\/uploads\\\/sites\\\/2\\\/2021\\\/03\\\/Ondervloer-voor-mal--scaled-e1617107692520-100x100.jpg&quot;,&quot;gallery_thumbnail_src_w&quot;:100,&quot;gallery_thumbnail_src_h&quot;:100,&quot;thumb_src&quot;:&quot;https:\\\/\\\/webshop.annemiekoenen.com\\\/wp-content\\\/uploads\\\/sites\\\/2\\\/2021\\\/03\\\/Ondervloer-voor-mal--scaled-e1617107692520-324x324.jpg&quot;,&quot;thumb_src_w&quot;:324,&quot;thumb_src_h&quot;:324,&quot;src_w&quot;:416,&quot;src_h&quot;:489},&quot;image_id&quot;:2100,&quot;is_downloadable&quot;:false,&quot;is_in_stock&quot;:true,&quot;is_purchasable&quot;:true,&quot;is_sold_individually&quot;:&quot;no&quot;,&quot;is_virtual&quot;:false,&quot;max_qty&quot;:&quot;&quot;,&quot;min_qty&quot;:1,&quot;price_html&quot;:&quot;&lt;span class=\\&quot;price\\&quot;&gt;&lt;span class=\\&quot;woocommerce-Price-amount amount\\&quot;&gt;&lt;bdi&gt;&lt;span class=\\&quot;woocommerce-Price-currencySymbol\\&quot; translate=\\&quot;no\\&quot;&gt;&amp;euro;&lt;\\\/span&gt;3.00&lt;\\\/bdi&gt;&lt;\\\/span&gt;&lt;\\\/span&gt;&quot;,&quot;sku&quot;:&quot;20GN13&quot;,&quot;variation_description&quot;:&quot;&lt;p&gt;Preis pro laufendem Meter&lt;\\\/p&gt;\\n&quot;,&quot;variation_id&quot;:4235,&quot;variation_is_active&quot;:true,&quot;variation_is_visible&quot;:true,&quot;weight&quot;:&quot;10&quot;,&quot;weight_html&quot;:&quot;10 g&quot;}]\">\n\t<div data-product_id=\"4222\" data-threshold_min=\"30\" data-threshold_max=\"100\" data-total=\"18\">\n\t\t\t<table class=\"variations\" cellspacing=\"0\" role=\"presentation\">\n\t\t\t<tbody>\n\t\t\t\t\t\t\t\t\t<tr>\n\t\t\t\t\t\t<th class=\"label\"><label for=\"pa_gereedschap-nat-vilten\">Nassfilzwerkzeuge<\/label><\/th>\n\t\t\t\t\t\t<td class=\"value\">\n\t\t\t\t\t\t\t<select style=\"display:none\" id=\"pa_gereedschap-nat-vilten\" class=\" woo-variation-raw-select\" name=\"attribute_pa_gereedschap-nat-vilten\" data-attribute_name=\"attribute_pa_gereedschap-nat-vilten\" data-show_option_none=\"yes\"><option value=\"\">Option ausw\u00e4hlen<\/option><option value=\"anti-rutsch-matte\" >Anti-Rutsch-Matte<\/option><option value=\"balldusche-blau\" >Balldusche blau<\/option><option value=\"balldusche-grun\" >Balldusche gr\u00fcn<\/option><option value=\"balldusche-orange\" >Balldusche orange<\/option><option value=\"clips-de\" >Clips<\/option><option value=\"clips-xl-de\" >Clips XL<\/option><option value=\"druckschere-blau\" >Dr\u00fcckschere blau<\/option><option value=\"druckschere-rot\" >Dr\u00fcckschere rot<\/option><option value=\"druckschere-violett\" >Dr\u00fcckschere violett<\/option><option value=\"grose-anti-rutsch-matte-mit-aufdruck\" >Gro\u00dfe Anti-Rutsch-Matte mit Aufdruck<\/option><option value=\"grose-anti-rutsch-matte-ohne-aufdruck\" >Gro\u00dfe Anti-Rutsch-Matte ohne Aufdruck<\/option><option value=\"olivenseife\" >Olivenseife<\/option><option value=\"pinch-schere-gold-klein-11cm\" >Pinch Schere Gold (klein - 11cm)<\/option><option value=\"pinch-schere-lila-klein-11cm\" >Pinch Schere Lila (klein - 11cm)<\/option><option value=\"prickelfilz\" >Prickelfilz<\/option><option value=\"unterboden-fur-schablone\" >Unterboden f\u00fcr Schablone<\/option><option value=\"vollblock-holz\" >Vollblock Holz<\/option><\/select><ul role=\"radiogroup\" aria-label=\"Nassfilzwerkzeuge\" class=\"variable-items-wrapper image-variable-items-wrapper wvs-style-squared\" data-attribute_name=\"attribute_pa_gereedschap-nat-vilten\" data-attribute_values=\"[&quot;balldusche-blau&quot;,&quot;balldusche-grun&quot;,&quot;balldusche-orange&quot;,&quot;olivenseife&quot;,&quot;prickelfilz&quot;,&quot;grose-anti-rutsch-matte-ohne-aufdruck&quot;,&quot;grose-anti-rutsch-matte-mit-aufdruck&quot;,&quot;anti-rutsch-matte&quot;,&quot;druckschere-rot&quot;,&quot;druckschere-blau&quot;,&quot;druckschere-violett&quot;,&quot;vollblock-holz&quot;,&quot;unterboden-fur-schablone&quot;,&quot;pinch-schere-gold-klein-11cm&quot;,&quot;pinch-schere-lila-klein-11cm&quot;,&quot;clips-de&quot;,&quot;clips-xl-de&quot;,&quot;vidaramamat&quot;]\"><li aria-checked=\"false\" tabindex=\"0\" data-attribute_name=\"attribute_pa_gereedschap-nat-vilten\" data-wvstooltip=\"Anti-Rutsch-Matte\" class=\"variable-item image-variable-item image-variable-item-anti-rutsch-matte \" title=\"Anti-Rutsch-Matte\" data-title=\"Anti-Rutsch-Matte\" data-value=\"anti-rutsch-matte\" role=\"radio\" tabindex=\"0\"><div class=\"variable-item-contents\"><img loading=\"lazy\" decoding=\"async\" class=\"variable-item-image\"  aria-hidden=\"true\" alt=\"Anti-Rutsch-Matte\" src=\"https:\/\/webshop.annemiekoenen.com\/wp-content\/uploads\/sites\/2\/2021\/03\/Anti-slip-mat-scaled-e1615464992335.jpg\" width=\"50\" height=\"38\" \/><\/div><\/li><li aria-checked=\"false\" tabindex=\"0\" data-attribute_name=\"attribute_pa_gereedschap-nat-vilten\" data-wvstooltip=\"Balldusche blau\" class=\"variable-item image-variable-item image-variable-item-balldusche-blau \" title=\"Balldusche blau\" data-title=\"Balldusche blau\" data-value=\"balldusche-blau\" role=\"radio\" tabindex=\"0\"><div class=\"variable-item-contents\"><img loading=\"lazy\" decoding=\"async\" class=\"variable-item-image\"  aria-hidden=\"true\" alt=\"Balldusche blau\" src=\"https:\/\/webshop.annemiekoenen.com\/wp-content\/uploads\/sites\/2\/2021\/03\/Baldouches-scaled-e1615464589144.jpg\" width=\"50\" height=\"37\" \/><\/div><\/li><li aria-checked=\"false\" tabindex=\"0\" data-attribute_name=\"attribute_pa_gereedschap-nat-vilten\" data-wvstooltip=\"Balldusche gr\u00fcn\" class=\"variable-item image-variable-item image-variable-item-balldusche-grun \" title=\"Balldusche gr\u00fcn\" data-title=\"Balldusche gr\u00fcn\" data-value=\"balldusche-grun\" role=\"radio\" tabindex=\"0\"><div class=\"variable-item-contents\"><img loading=\"lazy\" decoding=\"async\" class=\"variable-item-image\"  aria-hidden=\"true\" alt=\"Balldusche gr\u00fcn\" src=\"https:\/\/webshop.annemiekoenen.com\/wp-content\/uploads\/sites\/2\/2021\/03\/Baldouches-scaled-e1615464589144.jpg\" width=\"50\" height=\"37\" \/><\/div><\/li><li aria-checked=\"false\" tabindex=\"0\" data-attribute_name=\"attribute_pa_gereedschap-nat-vilten\" data-wvstooltip=\"Balldusche orange\" class=\"variable-item image-variable-item image-variable-item-balldusche-orange \" title=\"Balldusche orange\" data-title=\"Balldusche orange\" data-value=\"balldusche-orange\" role=\"radio\" tabindex=\"0\"><div class=\"variable-item-contents\"><img loading=\"lazy\" decoding=\"async\" class=\"variable-item-image\"  aria-hidden=\"true\" alt=\"Balldusche orange\" src=\"https:\/\/webshop.annemiekoenen.com\/wp-content\/uploads\/sites\/2\/2021\/03\/Baldouches-scaled-e1615464589144.jpg\" width=\"50\" height=\"37\" \/><\/div><\/li><li aria-checked=\"false\" tabindex=\"0\" data-attribute_name=\"attribute_pa_gereedschap-nat-vilten\" data-wvstooltip=\"Clips\" class=\"variable-item image-variable-item image-variable-item-clips-de \" title=\"Clips\" data-title=\"Clips\" data-value=\"clips-de\" role=\"radio\" tabindex=\"0\"><div class=\"variable-item-contents\"><img loading=\"lazy\" decoding=\"async\" class=\"variable-item-image\"  aria-hidden=\"true\" alt=\"Clips\" src=\"https:\/\/webshop.annemiekoenen.com\/wp-content\/uploads\/sites\/2\/2022\/11\/20221105_133446_copy_1222x1222-50x50.jpg\" width=\"50\" height=\"50\" \/><\/div><\/li><li aria-checked=\"false\" tabindex=\"0\" data-attribute_name=\"attribute_pa_gereedschap-nat-vilten\" data-wvstooltip=\"Clips XL\" class=\"variable-item image-variable-item image-variable-item-clips-xl-de \" title=\"Clips XL\" data-title=\"Clips XL\" data-value=\"clips-xl-de\" role=\"radio\" tabindex=\"0\"><div class=\"variable-item-contents\"><img loading=\"lazy\" decoding=\"async\" class=\"variable-item-image\"  aria-hidden=\"true\" alt=\"Clips XL\" src=\"https:\/\/webshop.annemiekoenen.com\/wp-content\/uploads\/sites\/2\/2022\/12\/20221130_194456_copy_722x722-50x50.jpg\" width=\"50\" height=\"50\" \/><\/div><\/li><li aria-checked=\"false\" tabindex=\"0\" data-attribute_name=\"attribute_pa_gereedschap-nat-vilten\" data-wvstooltip=\"Dr\u00fcckschere blau\" class=\"variable-item image-variable-item image-variable-item-druckschere-blau \" title=\"Dr\u00fcckschere blau\" data-title=\"Dr\u00fcckschere blau\" data-value=\"druckschere-blau\" role=\"radio\" tabindex=\"0\"><div class=\"variable-item-contents\"><img loading=\"lazy\" decoding=\"async\" class=\"variable-item-image\"  aria-hidden=\"true\" alt=\"Dr\u00fcckschere blau\" src=\"https:\/\/webshop.annemiekoenen.com\/wp-content\/uploads\/sites\/2\/2021\/03\/Knijpschaar-scaled-e1615466167522.jpg\" width=\"50\" height=\"37\" \/><\/div><\/li><li aria-checked=\"false\" tabindex=\"0\" data-attribute_name=\"attribute_pa_gereedschap-nat-vilten\" data-wvstooltip=\"Dr\u00fcckschere rot\" class=\"variable-item image-variable-item image-variable-item-druckschere-rot \" title=\"Dr\u00fcckschere rot\" data-title=\"Dr\u00fcckschere rot\" data-value=\"druckschere-rot\" role=\"radio\" tabindex=\"0\"><div class=\"variable-item-contents\"><img loading=\"lazy\" decoding=\"async\" class=\"variable-item-image\"  aria-hidden=\"true\" alt=\"Dr\u00fcckschere rot\" src=\"https:\/\/webshop.annemiekoenen.com\/wp-content\/uploads\/sites\/2\/2021\/03\/Knijpschaar-rood-scaled-e1615466051329.jpg\" width=\"50\" height=\"38\" \/><\/div><\/li><li aria-checked=\"false\" tabindex=\"0\" data-attribute_name=\"attribute_pa_gereedschap-nat-vilten\" data-wvstooltip=\"Dr\u00fcckschere violett\" class=\"variable-item image-variable-item image-variable-item-druckschere-violett \" title=\"Dr\u00fcckschere violett\" data-title=\"Dr\u00fcckschere violett\" data-value=\"druckschere-violett\" role=\"radio\" tabindex=\"0\"><div class=\"variable-item-contents\"><img loading=\"lazy\" decoding=\"async\" class=\"variable-item-image\"  aria-hidden=\"true\" alt=\"Dr\u00fcckschere violett\" src=\"https:\/\/webshop.annemiekoenen.com\/wp-content\/uploads\/sites\/2\/2021\/03\/Knijpschaar-paars-scaled-e1615466242835.jpg\" width=\"50\" height=\"37\" \/><\/div><\/li><li aria-checked=\"false\" tabindex=\"0\" data-attribute_name=\"attribute_pa_gereedschap-nat-vilten\" data-wvstooltip=\"Gro\u00dfe Anti-Rutsch-Matte mit Aufdruck\" class=\"variable-item image-variable-item image-variable-item-grose-anti-rutsch-matte-mit-aufdruck \" title=\"Gro\u00dfe Anti-Rutsch-Matte mit Aufdruck\" data-title=\"Gro\u00dfe Anti-Rutsch-Matte mit Aufdruck\" data-value=\"grose-anti-rutsch-matte-mit-aufdruck\" role=\"radio\" tabindex=\"0\"><div class=\"variable-item-contents\"><img loading=\"lazy\" decoding=\"async\" class=\"variable-item-image\"  aria-hidden=\"true\" alt=\"Gro\u00dfe Anti-Rutsch-Matte mit Aufdruck\" src=\"https:\/\/webshop.annemiekoenen.com\/wp-content\/uploads\/sites\/2\/2021\/03\/Anti-slip-mat-groot-2-scaled-e1615465207799.jpg\" width=\"50\" height=\"37\" \/><\/div><\/li><li aria-checked=\"false\" tabindex=\"0\" data-attribute_name=\"attribute_pa_gereedschap-nat-vilten\" data-wvstooltip=\"Gro\u00dfe Anti-Rutsch-Matte ohne Aufdruck\" class=\"variable-item image-variable-item image-variable-item-grose-anti-rutsch-matte-ohne-aufdruck \" title=\"Gro\u00dfe Anti-Rutsch-Matte ohne Aufdruck\" data-title=\"Gro\u00dfe Anti-Rutsch-Matte ohne Aufdruck\" data-value=\"grose-anti-rutsch-matte-ohne-aufdruck\" role=\"radio\" tabindex=\"0\"><div class=\"variable-item-contents\"><img loading=\"lazy\" decoding=\"async\" class=\"variable-item-image\"  aria-hidden=\"true\" alt=\"Gro\u00dfe Anti-Rutsch-Matte ohne Aufdruck\" src=\"https:\/\/webshop.annemiekoenen.com\/wp-content\/uploads\/sites\/2\/2021\/03\/Anti-slip-mat-groot-1-scaled-e1615465128426.jpg\" width=\"50\" height=\"37\" \/><\/div><\/li><li aria-checked=\"false\" tabindex=\"0\" data-attribute_name=\"attribute_pa_gereedschap-nat-vilten\" data-wvstooltip=\"Olivenseife\" class=\"variable-item image-variable-item image-variable-item-olivenseife \" title=\"Olivenseife\" data-title=\"Olivenseife\" data-value=\"olivenseife\" role=\"radio\" tabindex=\"0\"><div class=\"variable-item-contents\"><img loading=\"lazy\" decoding=\"async\" class=\"variable-item-image\"  aria-hidden=\"true\" alt=\"Olivenseife\" src=\"https:\/\/webshop.annemiekoenen.com\/wp-content\/uploads\/sites\/2\/2021\/03\/Olijfzeep-scaled-e1615464730556.jpg\" width=\"50\" height=\"38\" \/><\/div><\/li><li aria-checked=\"false\" tabindex=\"0\" data-attribute_name=\"attribute_pa_gereedschap-nat-vilten\" data-wvstooltip=\"Pinch Schere Gold (klein - 11cm)\" class=\"variable-item image-variable-item image-variable-item-pinch-schere-gold-klein-11cm \" title=\"Pinch Schere Gold (klein - 11cm)\" data-title=\"Pinch Schere Gold (klein - 11cm)\" data-value=\"pinch-schere-gold-klein-11cm\" role=\"radio\" tabindex=\"0\"><div class=\"variable-item-contents\"><img loading=\"lazy\" decoding=\"async\" class=\"variable-item-image\"  aria-hidden=\"true\" alt=\"Pinch Schere Gold (klein - 11cm)\" src=\"https:\/\/webshop.annemiekoenen.com\/wp-content\/uploads\/sites\/2\/2021\/06\/Knijpschaar-11-cm-goud-scaled-e1623587559530.jpg\" width=\"50\" height=\"37\" \/><\/div><\/li><li aria-checked=\"false\" tabindex=\"0\" data-attribute_name=\"attribute_pa_gereedschap-nat-vilten\" data-wvstooltip=\"Pinch Schere Lila (klein - 11cm)\" class=\"variable-item image-variable-item image-variable-item-pinch-schere-lila-klein-11cm \" title=\"Pinch Schere Lila (klein - 11cm)\" data-title=\"Pinch Schere Lila (klein - 11cm)\" data-value=\"pinch-schere-lila-klein-11cm\" role=\"radio\" tabindex=\"0\"><div class=\"variable-item-contents\"><img loading=\"lazy\" decoding=\"async\" class=\"variable-item-image\"  aria-hidden=\"true\" alt=\"Pinch Schere Lila (klein - 11cm)\" src=\"https:\/\/webshop.annemiekoenen.com\/wp-content\/uploads\/sites\/2\/2021\/06\/Knijpschaar-11-cm-paars-scaled-e1623587457549.jpg\" width=\"50\" height=\"38\" \/><\/div><\/li><li aria-checked=\"false\" tabindex=\"0\" data-attribute_name=\"attribute_pa_gereedschap-nat-vilten\" data-wvstooltip=\"Prickelfilz\" class=\"variable-item image-variable-item image-variable-item-prickelfilz \" title=\"Prickelfilz\" data-title=\"Prickelfilz\" data-value=\"prickelfilz\" role=\"radio\" tabindex=\"0\"><div class=\"variable-item-contents\"><img loading=\"lazy\" decoding=\"async\" class=\"variable-item-image\"  aria-hidden=\"true\" alt=\"Prickelfilz\" src=\"https:\/\/webshop.annemiekoenen.com\/wp-content\/uploads\/sites\/2\/2021\/03\/Viltmat-2-scaled-e1615464881943.jpg\" width=\"50\" height=\"29\" \/><\/div><\/li><li aria-checked=\"false\" tabindex=\"0\" data-attribute_name=\"attribute_pa_gereedschap-nat-vilten\" data-wvstooltip=\"Unterboden f\u00fcr Schablone\" class=\"variable-item image-variable-item image-variable-item-unterboden-fur-schablone \" title=\"Unterboden f\u00fcr Schablone\" data-title=\"Unterboden f\u00fcr Schablone\" data-value=\"unterboden-fur-schablone\" role=\"radio\" tabindex=\"0\"><div class=\"variable-item-contents\"><img loading=\"lazy\" decoding=\"async\" class=\"variable-item-image\"  aria-hidden=\"true\" alt=\"Unterboden f\u00fcr Schablone\" src=\"https:\/\/webshop.annemiekoenen.com\/wp-content\/uploads\/sites\/2\/2021\/03\/Ondervloer-voor-mal--scaled-e1617107692520.jpg\" width=\"42\" height=\"50\" \/><\/div><\/li><li aria-checked=\"false\" tabindex=\"0\" data-attribute_name=\"attribute_pa_gereedschap-nat-vilten\" data-wvstooltip=\"Vollblock Holz\" class=\"variable-item image-variable-item image-variable-item-vollblock-holz \" title=\"Vollblock Holz\" data-title=\"Vollblock Holz\" data-value=\"vollblock-holz\" role=\"radio\" tabindex=\"0\"><div class=\"variable-item-contents\"><img loading=\"lazy\" decoding=\"async\" class=\"variable-item-image\"  aria-hidden=\"true\" alt=\"Vollblock Holz\" src=\"https:\/\/webshop.annemiekoenen.com\/wp-content\/uploads\/sites\/2\/2021\/03\/Volblok-3-scaled-e1615466343663.jpg\" width=\"50\" height=\"38\" \/><\/div><\/li><\/ul><a class=\"reset_variations\" href=\"#\" aria-label=\"Optionen l\u00f6schen\">Zur\u00fccksetzen<\/a>\t\t\t\t\t\t<\/td>\n\t\t\t\t\t<\/tr>\n\t\t\t\t\t\t\t<\/tbody>\n\t\t<\/table>\n\t\t<div class=\"reset_variations_alert screen-reader-text\" role=\"alert\" aria-live=\"polite\" aria-relevant=\"all\"><\/div>\n\t\t\t\t\n\t\t<div class=\"single_variation_wrap\">\n\t\t\t<div class=\"woocommerce-variation single_variation\" role=\"alert\" aria-relevant=\"additions\"><\/div><div class=\"woocommerce-variation-add-to-cart variations_button\">\n\t\n\t<div class=\"quantity\">\n\t\t<label class=\"screen-reader-text\" for=\"quantity_6a960a90020e7\">Nassfilzwerkzeuge Menge<\/label>\n\t<input\n\t\ttype=\"number\"\n\t\t\t\tid=\"quantity_6a960a90020e7\"\n\t\tclass=\"input-text qty text\"\n\t\tname=\"quantity\"\n\t\tvalue=\"1\"\n\t\taria-label=\"Produktmenge\"\n\t\t\t\tmin=\"1\"\n\t\t\t\t\t\t\tstep=\"1\"\n\t\t\tplaceholder=\"\"\n\t\t\tinputmode=\"numeric\"\n\t\t\tautocomplete=\"off\"\n\t\t\t\/>\n\t<\/div>\n\n\t<button type=\"submit\" class=\"single_add_to_cart_button button alt\">In den Warenkorb<\/button>\n\n\t\n\t<input type=\"hidden\" name=\"add-to-cart\" value=\"4222\" \/>\n\t<input type=\"hidden\" name=\"product_id\" value=\"4222\" \/>\n\t<input type=\"hidden\" name=\"variation_id\" class=\"variation_id\" value=\"0\" \/>\n<\/div>\n\t\t<\/div>\n\t\n\t<\/div><\/form>\n\n<div class=\"product_meta\">\n\n\t\n\t\n\t\t<span class=\"sku_wrapper\">Artikelnummer: <span class=\"sku\">n.\u00a0v.<\/span><\/span>\n\n\t\n\t<span class=\"posted_in\">Kategorien: <a href=\"https:\/\/webshop.annemiekoenen.com\/de\/produkt-kategorie\/andere-produkte\/\" rel=\"tag\">Andere Produkte<\/a>, <a href=\"https:\/\/webshop.annemiekoenen.com\/de\/produkt-kategorie\/andere-produkte\/werkzeuge\/\" rel=\"tag\">Werkzeuge<\/a><\/span>\n\t\n\t\n<\/div>\n\t<\/div>\n\n\t\n\t<div class=\"woocommerce-tabs wc-tabs-wrapper\">\n\t\t<ul class=\"tabs wc-tabs\" role=\"tablist\">\n\t\t\t\t\t\t\t<li role=\"presentation\" class=\"additional_information_tab\" id=\"tab-title-additional_information\">\n\t\t\t\t\t<a href=\"#tab-additional_information\" role=\"tab\" aria-controls=\"tab-additional_information\">\n\t\t\t\t\t\tZus\u00e4tzliche Informationen\t\t\t\t\t<\/a>\n\t\t\t\t<\/li>\n\t\t\t\t\t<\/ul>\n\t\t\t\t\t<div class=\"woocommerce-Tabs-panel woocommerce-Tabs-panel--additional_information panel entry-content wc-tab\" id=\"tab-additional_information\" role=\"tabpanel\" aria-labelledby=\"tab-title-additional_information\">\n\t\t\t\t\n\t<h2>Zus\u00e4tzliche Informationen<\/h2>\n\n<table class=\"woocommerce-product-attributes shop_attributes\" aria-label=\"Produktdetails\">\n\t\t\t<tr class=\"woocommerce-product-attributes-item woocommerce-product-attributes-item--weight\">\n\t\t\t<th class=\"woocommerce-product-attributes-item__label\" scope=\"row\">Gewicht<\/th>\n\t\t\t<td class=\"woocommerce-product-attributes-item__value\">n.\u00a0v.<\/td>\n\t\t<\/tr>\n\t\t\t<tr class=\"woocommerce-product-attributes-item woocommerce-product-attributes-item--dimensions\">\n\t\t\t<th class=\"woocommerce-product-attributes-item__label\" scope=\"row\">Ma\u00dfe<\/th>\n\t\t\t<td class=\"woocommerce-product-attributes-item__value\">n.\u00a0v.<\/td>\n\t\t<\/tr>\n\t\t\t<tr class=\"woocommerce-product-attributes-item woocommerce-product-attributes-item--attribute_pa_gereedschap-nat-vilten\">\n\t\t\t<th class=\"woocommerce-product-attributes-item__label\" scope=\"row\">Nassfilzwerkzeuge<\/th>\n\t\t\t<td class=\"woocommerce-product-attributes-item__value\"><p>Anti-Rutsch-Matte, Anti-Rutsch-Matte, Balldusche blau, Balldusche gr\u00fcn, Balldusche orange, Clips, Clips XL, Dr\u00fcckschere blau, Dr\u00fcckschere rot, Dr\u00fcckschere violett, Gro\u00dfe Anti-Rutsch-Matte mit Aufdruck, Gro\u00dfe Anti-Rutsch-Matte ohne Aufdruck, Kneifschere rot, Kneifschere violet, Olivenseife, Pinch Schere Gold (klein &#8211; 11cm), Pinch Schere Lila (klein &#8211; 11cm), Prickelfilz, Unterboden f\u00fcr Schablone, Vollblock Holz<\/p>\n<\/td>\n\t\t<\/tr>\n\t<\/table>\n\t\t\t<\/div>\n\t\t\n\t\t\t<\/div>\n\n\n\t<section class=\"related products\">\n\n\t\t\t\t\t<h2>\u00c4hnliche Produkte<\/h2>\n\t\t\t\t<ul class=\"products columns-3\">\n\n\t\t\t\n\t\t\t\t\t<li class=\"product type-product post-7606 status-publish first instock product_cat-andere-produkte product_cat-charms-und-perlen product_cat-metall product_cat-perlen has-post-thumbnail taxable shipping-taxable purchasable product-type-variable\">\n\t<a href=\"https:\/\/webshop.annemiekoenen.com\/de\/laden\/andere-produkte\/charms-und-perlen\/perlen\/metall\/perlen-aus-metall\/\" class=\"woocommerce-LoopProduct-link woocommerce-loop-product__link\"><img loading=\"lazy\" decoding=\"async\" width=\"324\" height=\"324\" src=\"https:\/\/webshop.annemiekoenen.com\/wp-content\/uploads\/sites\/2\/2022\/08\/Kralen-van-metaal-product-foto-324x324.jpg\" class=\"attachment-woocommerce_thumbnail size-woocommerce_thumbnail\" alt=\"Perlen aus Metall\" srcset=\"https:\/\/webshop.annemiekoenen.com\/wp-content\/uploads\/sites\/2\/2022\/08\/Kralen-van-metaal-product-foto-324x324.jpg 324w, https:\/\/webshop.annemiekoenen.com\/wp-content\/uploads\/sites\/2\/2022\/08\/Kralen-van-metaal-product-foto-300x300.jpg 300w, https:\/\/webshop.annemiekoenen.com\/wp-content\/uploads\/sites\/2\/2022\/08\/Kralen-van-metaal-product-foto-1024x1024.jpg 1024w, https:\/\/webshop.annemiekoenen.com\/wp-content\/uploads\/sites\/2\/2022\/08\/Kralen-van-metaal-product-foto-150x150.jpg 150w, https:\/\/webshop.annemiekoenen.com\/wp-content\/uploads\/sites\/2\/2022\/08\/Kralen-van-metaal-product-foto-768x768.jpg 768w, https:\/\/webshop.annemiekoenen.com\/wp-content\/uploads\/sites\/2\/2022\/08\/Kralen-van-metaal-product-foto-416x416.jpg 416w, https:\/\/webshop.annemiekoenen.com\/wp-content\/uploads\/sites\/2\/2022\/08\/Kralen-van-metaal-product-foto-100x100.jpg 100w, https:\/\/webshop.annemiekoenen.com\/wp-content\/uploads\/sites\/2\/2022\/08\/Kralen-van-metaal-product-foto-50x50.jpg 50w, https:\/\/webshop.annemiekoenen.com\/wp-content\/uploads\/sites\/2\/2022\/08\/Kralen-van-metaal-product-foto.jpg 1080w\" sizes=\"(max-width: 324px) 100vw, 324px\" \/><h2 class=\"woocommerce-loop-product__title\">Perlen aus Metall<\/h2>\n\t<span class=\"price\"><span class=\"woocommerce-Price-amount amount\" aria-hidden=\"true\"><bdi><span class=\"woocommerce-Price-currencySymbol\" translate=\"no\">&euro;<\/span>0.20<\/bdi><\/span> <span aria-hidden=\"true\"> \u2013 <\/span> <span class=\"woocommerce-Price-amount amount\" aria-hidden=\"true\"><bdi><span class=\"woocommerce-Price-currencySymbol\" translate=\"no\">&euro;<\/span>4.95<\/bdi><\/span><span class=\"screen-reader-text\">Preisspanne: &euro;0.20 bis &euro;4.95<\/span><\/span>\n<\/a><a href=\"https:\/\/webshop.annemiekoenen.com\/de\/laden\/andere-produkte\/charms-und-perlen\/perlen\/metall\/perlen-aus-metall\/\" aria-describedby=\"woocommerce_loop_add_to_cart_link_describedby_7606\" data-quantity=\"1\" class=\"button product_type_variable add_to_cart_button\" data-product_id=\"7606\" data-product_sku=\"\" aria-label=\"W\u00e4hle Optionen f\u00fcr \u201ePerlen aus Metall\u201c\" rel=\"nofollow\">Ausf\u00fchrung w\u00e4hlen<\/a>\t<span id=\"woocommerce_loop_add_to_cart_link_describedby_7606\" class=\"screen-reader-text\">\n\t\tDieses Produkt weist mehrere Varianten auf. Die Optionen k\u00f6nnen auf der Produktseite gew\u00e4hlt werden\t<\/span>\n<\/li>\n\n\t\t\t\n\t\t\t\t\t<li class=\"product type-product post-7538 status-publish instock product_cat-andere-produkte product_cat-charms-und-perlen product_cat-konfetti has-post-thumbnail taxable shipping-taxable purchasable product-type-variable\">\n\t<a href=\"https:\/\/webshop.annemiekoenen.com\/de\/laden\/andere-produkte\/charms-und-perlen\/konfetti\/konfetti\/\" class=\"woocommerce-LoopProduct-link woocommerce-loop-product__link\"><img loading=\"lazy\" decoding=\"async\" width=\"324\" height=\"324\" src=\"https:\/\/webshop.annemiekoenen.com\/wp-content\/uploads\/sites\/2\/2022\/08\/Confetti-productfoto-324x324.jpg\" class=\"attachment-woocommerce_thumbnail size-woocommerce_thumbnail\" alt=\"Konfetti\" srcset=\"https:\/\/webshop.annemiekoenen.com\/wp-content\/uploads\/sites\/2\/2022\/08\/Confetti-productfoto-324x324.jpg 324w, https:\/\/webshop.annemiekoenen.com\/wp-content\/uploads\/sites\/2\/2022\/08\/Confetti-productfoto-300x300.jpg 300w, https:\/\/webshop.annemiekoenen.com\/wp-content\/uploads\/sites\/2\/2022\/08\/Confetti-productfoto-1024x1024.jpg 1024w, https:\/\/webshop.annemiekoenen.com\/wp-content\/uploads\/sites\/2\/2022\/08\/Confetti-productfoto-150x150.jpg 150w, https:\/\/webshop.annemiekoenen.com\/wp-content\/uploads\/sites\/2\/2022\/08\/Confetti-productfoto-768x768.jpg 768w, https:\/\/webshop.annemiekoenen.com\/wp-content\/uploads\/sites\/2\/2022\/08\/Confetti-productfoto-1536x1536.jpg 1536w, https:\/\/webshop.annemiekoenen.com\/wp-content\/uploads\/sites\/2\/2022\/08\/Confetti-productfoto-416x416.jpg 416w, https:\/\/webshop.annemiekoenen.com\/wp-content\/uploads\/sites\/2\/2022\/08\/Confetti-productfoto-100x100.jpg 100w, https:\/\/webshop.annemiekoenen.com\/wp-content\/uploads\/sites\/2\/2022\/08\/Confetti-productfoto-50x50.jpg 50w, https:\/\/webshop.annemiekoenen.com\/wp-content\/uploads\/sites\/2\/2022\/08\/Confetti-productfoto.jpg 2048w\" sizes=\"(max-width: 324px) 100vw, 324px\" \/><h2 class=\"woocommerce-loop-product__title\">Konfetti<\/h2>\n\t<span class=\"price\"><span class=\"woocommerce-Price-amount amount\" aria-hidden=\"true\"><bdi><span class=\"woocommerce-Price-currencySymbol\" translate=\"no\">&euro;<\/span>1.95<\/bdi><\/span> <span aria-hidden=\"true\"> \u2013 <\/span> <span class=\"woocommerce-Price-amount amount\" aria-hidden=\"true\"><bdi><span class=\"woocommerce-Price-currencySymbol\" translate=\"no\">&euro;<\/span>3.65<\/bdi><\/span><span class=\"screen-reader-text\">Preisspanne: &euro;1.95 bis &euro;3.65<\/span><\/span>\n<\/a><a href=\"https:\/\/webshop.annemiekoenen.com\/de\/laden\/andere-produkte\/charms-und-perlen\/konfetti\/konfetti\/\" aria-describedby=\"woocommerce_loop_add_to_cart_link_describedby_7538\" data-quantity=\"1\" class=\"button product_type_variable add_to_cart_button\" data-product_id=\"7538\" data-product_sku=\"\" aria-label=\"W\u00e4hle Optionen f\u00fcr \u201eKonfetti\u201c\" rel=\"nofollow\">Ausf\u00fchrung w\u00e4hlen<\/a>\t<span id=\"woocommerce_loop_add_to_cart_link_describedby_7538\" class=\"screen-reader-text\">\n\t\tDieses Produkt weist mehrere Varianten auf. Die Optionen k\u00f6nnen auf der Produktseite gew\u00e4hlt werden\t<\/span>\n<\/li>\n\n\t\t\t\n\t\t\t\t\t<li class=\"product type-product post-4183 status-publish last instock product_cat-andere-produkte product_cat-werkzeuge has-post-thumbnail taxable shipping-taxable purchasable product-type-variable\">\n\t<a href=\"https:\/\/webshop.annemiekoenen.com\/de\/laden\/andere-produkte\/werkzeuge\/werkzeuge-sticken\/\" class=\"woocommerce-LoopProduct-link woocommerce-loop-product__link\"><img loading=\"lazy\" decoding=\"async\" width=\"324\" height=\"324\" src=\"https:\/\/webshop.annemiekoenen.com\/wp-content\/uploads\/sites\/2\/2021\/03\/Spectrum-borduurgereedschap-scaled-e1615463640654-324x324.jpg\" class=\"attachment-woocommerce_thumbnail size-woocommerce_thumbnail\" alt=\"Stickwerkzeuge\" srcset=\"https:\/\/webshop.annemiekoenen.com\/wp-content\/uploads\/sites\/2\/2021\/03\/Spectrum-borduurgereedschap-scaled-e1615463640654-324x324.jpg 324w, https:\/\/webshop.annemiekoenen.com\/wp-content\/uploads\/sites\/2\/2021\/03\/Spectrum-borduurgereedschap-scaled-e1615463640654-150x150.jpg 150w, https:\/\/webshop.annemiekoenen.com\/wp-content\/uploads\/sites\/2\/2021\/03\/Spectrum-borduurgereedschap-scaled-e1615463640654-100x100.jpg 100w, https:\/\/webshop.annemiekoenen.com\/wp-content\/uploads\/sites\/2\/2021\/03\/Spectrum-borduurgereedschap-scaled-e1615463640654-300x300.jpg 300w\" sizes=\"(max-width: 324px) 100vw, 324px\" \/><h2 class=\"woocommerce-loop-product__title\">Stickwerkzeuge<\/h2>\n\t<span class=\"price\"><span class=\"woocommerce-Price-amount amount\" aria-hidden=\"true\"><bdi><span class=\"woocommerce-Price-currencySymbol\" translate=\"no\">&euro;<\/span>1.00<\/bdi><\/span> <span aria-hidden=\"true\"> \u2013 <\/span> <span class=\"woocommerce-Price-amount amount\" aria-hidden=\"true\"><bdi><span class=\"woocommerce-Price-currencySymbol\" translate=\"no\">&euro;<\/span>15.75<\/bdi><\/span><span class=\"screen-reader-text\">Preisspanne: &euro;1.00 bis &euro;15.75<\/span><\/span>\n<\/a><a href=\"https:\/\/webshop.annemiekoenen.com\/de\/laden\/andere-produkte\/werkzeuge\/werkzeuge-sticken\/\" aria-describedby=\"woocommerce_loop_add_to_cart_link_describedby_4183\" data-quantity=\"1\" class=\"button product_type_variable add_to_cart_button\" data-product_id=\"4183\" data-product_sku=\"\" aria-label=\"W\u00e4hle Optionen f\u00fcr \u201eStickwerkzeuge\u201c\" rel=\"nofollow\">Ausf\u00fchrung w\u00e4hlen<\/a>\t<span id=\"woocommerce_loop_add_to_cart_link_describedby_4183\" class=\"screen-reader-text\">\n\t\tDieses Produkt weist mehrere Varianten auf. Die Optionen k\u00f6nnen auf der Produktseite gew\u00e4hlt werden\t<\/span>\n<\/li>\n\n\t\t\t\n\t\t<\/ul>\n\n\t<\/section>\n\t\t\t<nav class=\"storefront-product-pagination\" aria-label=\"Mehr Produkte\">\n\t\t\t\t\t\t\t<a href=\"https:\/\/webshop.annemiekoenen.com\/de\/laden\/andere-produkte\/werkzeuge\/werkzeuge-sticken\/\" rel=\"prev\">\n\t\t\t\t\t<img loading=\"lazy\" decoding=\"async\" width=\"324\" height=\"324\" src=\"https:\/\/webshop.annemiekoenen.com\/wp-content\/uploads\/sites\/2\/2021\/03\/Spectrum-borduurgereedschap-scaled-e1615463640654-324x324.jpg\" class=\"attachment-woocommerce_thumbnail size-woocommerce_thumbnail\" alt=\"Stickwerkzeuge\" \/>\t\t\t\t\t<span class=\"storefront-product-pagination__title\">Stickwerkzeuge<\/span>\n\t\t\t\t<\/a>\n\t\t\t\n\t\t\t\t\t\t\t<a href=\"https:\/\/webshop.annemiekoenen.com\/de\/laden\/andere-produkte\/werkzeuge\/werkzeuge-trocken-filzen\/\" rel=\"next\">\n\t\t\t\t\t<img loading=\"lazy\" decoding=\"async\" width=\"324\" height=\"324\" src=\"https:\/\/webshop.annemiekoenen.com\/wp-content\/uploads\/sites\/2\/2021\/03\/Spectrum-gereedschap-droog-vilten-scaled-e1615469919630-324x324.jpg\" class=\"attachment-woocommerce_thumbnail size-woocommerce_thumbnail\" alt=\"Trockenfilz Werkzeuge\" \/>\t\t\t\t\t<span class=\"storefront-product-pagination__title\">Trockenfilz Werkzeuge<\/span>\n\t\t\t\t<\/a>\n\t\t\t\t\t<\/nav><!-- .storefront-product-pagination -->\n\t\t<\/div>\n\n\t\t\t<\/div>\n\t\t\t<\/div><\/p>\n\n<p class=\"has-text-align-center has-vivid-green-cyan-background-color has-background wp-block-paragraph\"><strong>Stickwerkzeuge<\/strong><br \/>Passende Sticknadeln und Stickschere<\/p>\n\n<p class=\"wp-block-paragraph\"><div class=\"woocommerce\">\t\t\t<div class=\"single-product\" data-product-page-preselected-id=\"0\">\n\t\t\t\t<div class=\"woocommerce-notices-wrapper\"><\/div><div id=\"product-4183\" class=\"product type-product post-4183 status-publish first instock product_cat-andere-produkte product_cat-werkzeuge has-post-thumbnail taxable shipping-taxable purchasable product-type-variable\">\n\n\t<div class=\"woocommerce-product-gallery woocommerce-product-gallery--with-images woocommerce-product-gallery--columns-5 images\" data-columns=\"5\" style=\"opacity: 0; transition: opacity .25s ease-in-out;\">\n\t<div class=\"woocommerce-product-gallery__wrapper\">\n\t\t<div data-thumb=\"https:\/\/webshop.annemiekoenen.com\/wp-content\/uploads\/sites\/2\/2021\/03\/Spectrum-borduurgereedschap-scaled-e1615463640654-100x100.jpg\" data-thumb-alt=\"Stickwerkzeuge\" data-thumb-srcset=\"https:\/\/webshop.annemiekoenen.com\/wp-content\/uploads\/sites\/2\/2021\/03\/Spectrum-borduurgereedschap-scaled-e1615463640654-100x100.jpg 100w, https:\/\/webshop.annemiekoenen.com\/wp-content\/uploads\/sites\/2\/2021\/03\/Spectrum-borduurgereedschap-scaled-e1615463640654-150x150.jpg 150w, https:\/\/webshop.annemiekoenen.com\/wp-content\/uploads\/sites\/2\/2021\/03\/Spectrum-borduurgereedschap-scaled-e1615463640654-324x324.jpg 324w, https:\/\/webshop.annemiekoenen.com\/wp-content\/uploads\/sites\/2\/2021\/03\/Spectrum-borduurgereedschap-scaled-e1615463640654-300x300.jpg 300w\"  data-thumb-sizes=\"(max-width: 100px) 100vw, 100px\" class=\"woocommerce-product-gallery__image\"><a href=\"https:\/\/webshop.annemiekoenen.com\/wp-content\/uploads\/sites\/2\/2021\/03\/Spectrum-borduurgereedschap-scaled-e1615463640654.jpg\"><img loading=\"lazy\" decoding=\"async\" width=\"416\" height=\"312\" src=\"https:\/\/webshop.annemiekoenen.com\/wp-content\/uploads\/sites\/2\/2021\/03\/Spectrum-borduurgereedschap-scaled-e1615463640654-600x450.jpg\" class=\"wp-post-image\" alt=\"Stickwerkzeuge\" data-caption=\"\" data-src=\"https:\/\/webshop.annemiekoenen.com\/wp-content\/uploads\/sites\/2\/2021\/03\/Spectrum-borduurgereedschap-scaled-e1615463640654.jpg\" data-large_image=\"https:\/\/webshop.annemiekoenen.com\/wp-content\/uploads\/sites\/2\/2021\/03\/Spectrum-borduurgereedschap-scaled-e1615463640654.jpg\" data-large_image_width=\"2560\" data-large_image_height=\"1922\" srcset=\"https:\/\/webshop.annemiekoenen.com\/wp-content\/uploads\/sites\/2\/2021\/03\/Spectrum-borduurgereedschap-scaled-e1615463640654-600x450.jpg 600w, https:\/\/webshop.annemiekoenen.com\/wp-content\/uploads\/sites\/2\/2021\/03\/Spectrum-borduurgereedschap-scaled-e1615463640654-300x225.jpg 300w, https:\/\/webshop.annemiekoenen.com\/wp-content\/uploads\/sites\/2\/2021\/03\/Spectrum-borduurgereedschap-scaled-e1615463640654-1024x769.jpg 1024w, https:\/\/webshop.annemiekoenen.com\/wp-content\/uploads\/sites\/2\/2021\/03\/Spectrum-borduurgereedschap-scaled-e1615463640654-768x577.jpg 768w, https:\/\/webshop.annemiekoenen.com\/wp-content\/uploads\/sites\/2\/2021\/03\/Spectrum-borduurgereedschap-scaled-e1615463640654-1536x1153.jpg 1536w, https:\/\/webshop.annemiekoenen.com\/wp-content\/uploads\/sites\/2\/2021\/03\/Spectrum-borduurgereedschap-scaled-e1615463640654-2048x1538.jpg 2048w\" sizes=\"(max-width: 416px) 100vw, 416px\" \/><\/a><\/div>\t<\/div>\n<\/div>\n\n\t<div class=\"summary entry-summary\">\n\t\t<h1 class=\"product_title entry-title\">Stickwerkzeuge<\/h1><p class=\"price\"><span class=\"woocommerce-Price-amount amount\" aria-hidden=\"true\"><bdi><span class=\"woocommerce-Price-currencySymbol\" translate=\"no\">&euro;<\/span>1.00<\/bdi><\/span> <span aria-hidden=\"true\"> \u2013 <\/span> <span class=\"woocommerce-Price-amount amount\" aria-hidden=\"true\"><bdi><span class=\"woocommerce-Price-currencySymbol\" translate=\"no\">&euro;<\/span>15.75<\/bdi><\/span><span class=\"screen-reader-text\">Preisspanne: &euro;1.00 bis &euro;15.75<\/span><\/p>\n\n<form class=\"variations_form cart\" action=\"\" method=\"post\" enctype='multipart\/form-data' data-product_id=\"4183\" data-product_variations=\"[{&quot;attributes&quot;:{&quot;attribute_pa_gereedschap-borduren&quot;:&quot;fingerhut-klein&quot;},&quot;availability_html&quot;:&quot;&lt;p class=\\&quot;stock in-stock\\&quot;&gt;1 vorr\\u00e4tig&lt;\\\/p&gt;\\n&quot;,&quot;backorders_allowed&quot;:false,&quot;dimensions&quot;:{&quot;length&quot;:&quot;&quot;,&quot;width&quot;:&quot;&quot;,&quot;height&quot;:&quot;&quot;},&quot;dimensions_html&quot;:&quot;n.\\u00a0v.&quot;,&quot;display_price&quot;:15.75,&quot;display_regular_price&quot;:15.75,&quot;gallery_image_ids&quot;:[],&quot;gallery_images_html&quot;:&quot;&quot;,&quot;image&quot;:{&quot;title&quot;:&quot;20220830_174537_copy_312x312&quot;,&quot;caption&quot;:&quot;&quot;,&quot;url&quot;:&quot;https:\\\/\\\/webshop.annemiekoenen.com\\\/wp-content\\\/uploads\\\/sites\\\/2\\\/2022\\\/08\\\/20220830_174537_copy_312x312.jpg&quot;,&quot;alt&quot;:&quot;20220830_174537_copy_312x312&quot;,&quot;src&quot;:&quot;https:\\\/\\\/webshop.annemiekoenen.com\\\/wp-content\\\/uploads\\\/sites\\\/2\\\/2022\\\/08\\\/20220830_174537_copy_312x312.jpg&quot;,&quot;srcset&quot;:&quot;https:\\\/\\\/webshop.annemiekoenen.com\\\/wp-content\\\/uploads\\\/sites\\\/2\\\/2022\\\/08\\\/20220830_174537_copy_312x312.jpg 312w, https:\\\/\\\/webshop.annemiekoenen.com\\\/wp-content\\\/uploads\\\/sites\\\/2\\\/2022\\\/08\\\/20220830_174537_copy_312x312-300x300.jpg 300w, https:\\\/\\\/webshop.annemiekoenen.com\\\/wp-content\\\/uploads\\\/sites\\\/2\\\/2022\\\/08\\\/20220830_174537_copy_312x312-150x150.jpg 150w, https:\\\/\\\/webshop.annemiekoenen.com\\\/wp-content\\\/uploads\\\/sites\\\/2\\\/2022\\\/08\\\/20220830_174537_copy_312x312-100x100.jpg 100w, https:\\\/\\\/webshop.annemiekoenen.com\\\/wp-content\\\/uploads\\\/sites\\\/2\\\/2022\\\/08\\\/20220830_174537_copy_312x312-50x50.jpg 50w&quot;,&quot;sizes&quot;:&quot;(max-width: 312px) 100vw, 312px&quot;,&quot;full_src&quot;:&quot;https:\\\/\\\/webshop.annemiekoenen.com\\\/wp-content\\\/uploads\\\/sites\\\/2\\\/2022\\\/08\\\/20220830_174537_copy_312x312.jpg&quot;,&quot;full_src_w&quot;:312,&quot;full_src_h&quot;:312,&quot;gallery_thumbnail_src&quot;:&quot;https:\\\/\\\/webshop.annemiekoenen.com\\\/wp-content\\\/uploads\\\/sites\\\/2\\\/2022\\\/08\\\/20220830_174537_copy_312x312-100x100.jpg&quot;,&quot;gallery_thumbnail_src_w&quot;:100,&quot;gallery_thumbnail_src_h&quot;:100,&quot;thumb_src&quot;:&quot;https:\\\/\\\/webshop.annemiekoenen.com\\\/wp-content\\\/uploads\\\/sites\\\/2\\\/2022\\\/08\\\/20220830_174537_copy_312x312.jpg&quot;,&quot;thumb_src_w&quot;:312,&quot;thumb_src_h&quot;:312,&quot;src_w&quot;:312,&quot;src_h&quot;:312},&quot;image_id&quot;:6433,&quot;is_downloadable&quot;:false,&quot;is_in_stock&quot;:true,&quot;is_purchasable&quot;:true,&quot;is_sold_individually&quot;:&quot;no&quot;,&quot;is_virtual&quot;:false,&quot;max_qty&quot;:1,&quot;min_qty&quot;:1,&quot;price_html&quot;:&quot;&lt;span class=\\&quot;price\\&quot;&gt;&lt;span class=\\&quot;woocommerce-Price-amount amount\\&quot;&gt;&lt;bdi&gt;&lt;span class=\\&quot;woocommerce-Price-currencySymbol\\&quot; translate=\\&quot;no\\&quot;&gt;&amp;euro;&lt;\\\/span&gt;15.75&lt;\\\/bdi&gt;&lt;\\\/span&gt;&lt;\\\/span&gt;&quot;,&quot;sku&quot;:&quot;&quot;,&quot;variation_description&quot;:&quot;&quot;,&quot;variation_id&quot;:6462,&quot;variation_is_active&quot;:true,&quot;variation_is_visible&quot;:true,&quot;weight&quot;:&quot;7&quot;,&quot;weight_html&quot;:&quot;7 g&quot;},{&quot;attributes&quot;:{&quot;attribute_pa_gereedschap-borduren&quot;:&quot;pilot-friction-fineliner-blau&quot;},&quot;availability_html&quot;:&quot;&lt;p class=\\&quot;stock in-stock\\&quot;&gt;9 vorr\\u00e4tig&lt;\\\/p&gt;\\n&quot;,&quot;backorders_allowed&quot;:false,&quot;dimensions&quot;:{&quot;length&quot;:&quot;&quot;,&quot;width&quot;:&quot;&quot;,&quot;height&quot;:&quot;&quot;},&quot;dimensions_html&quot;:&quot;n.\\u00a0v.&quot;,&quot;display_price&quot;:2.95,&quot;display_regular_price&quot;:2.95,&quot;gallery_image_ids&quot;:[],&quot;gallery_images_html&quot;:&quot;&quot;,&quot;image&quot;:{&quot;title&quot;:&quot;Pilot friction fineliner - Blauw&quot;,&quot;caption&quot;:&quot;&quot;,&quot;url&quot;:&quot;https:\\\/\\\/webshop.annemiekoenen.com\\\/wp-content\\\/uploads\\\/sites\\\/2\\\/2022\\\/01\\\/Pilot-friction-fineliner-Blauw-scaled-e1641118446393.jpg&quot;,&quot;alt&quot;:&quot;Pilot friction fineliner - Blauw&quot;,&quot;src&quot;:&quot;https:\\\/\\\/webshop.annemiekoenen.com\\\/wp-content\\\/uploads\\\/sites\\\/2\\\/2022\\\/01\\\/Pilot-friction-fineliner-Blauw-416x312.jpg&quot;,&quot;srcset&quot;:&quot;https:\\\/\\\/webshop.annemiekoenen.com\\\/wp-content\\\/uploads\\\/sites\\\/2\\\/2022\\\/01\\\/Pilot-friction-fineliner-Blauw-416x312.jpg 416w, https:\\\/\\\/webshop.annemiekoenen.com\\\/wp-content\\\/uploads\\\/sites\\\/2\\\/2022\\\/01\\\/Pilot-friction-fineliner-Blauw-300x225.jpg 300w, https:\\\/\\\/webshop.annemiekoenen.com\\\/wp-content\\\/uploads\\\/sites\\\/2\\\/2022\\\/01\\\/Pilot-friction-fineliner-Blauw-1024x769.jpg 1024w, https:\\\/\\\/webshop.annemiekoenen.com\\\/wp-content\\\/uploads\\\/sites\\\/2\\\/2022\\\/01\\\/Pilot-friction-fineliner-Blauw-768x577.jpg 768w, https:\\\/\\\/webshop.annemiekoenen.com\\\/wp-content\\\/uploads\\\/sites\\\/2\\\/2022\\\/01\\\/Pilot-friction-fineliner-Blauw-1536x1153.jpg 1536w, https:\\\/\\\/webshop.annemiekoenen.com\\\/wp-content\\\/uploads\\\/sites\\\/2\\\/2022\\\/01\\\/Pilot-friction-fineliner-Blauw-2048x1538.jpg 2048w&quot;,&quot;sizes&quot;:&quot;(max-width: 416px) 100vw, 416px&quot;,&quot;full_src&quot;:&quot;https:\\\/\\\/webshop.annemiekoenen.com\\\/wp-content\\\/uploads\\\/sites\\\/2\\\/2022\\\/01\\\/Pilot-friction-fineliner-Blauw-scaled-e1641118446393.jpg&quot;,&quot;full_src_w&quot;:2560,&quot;full_src_h&quot;:1922,&quot;gallery_thumbnail_src&quot;:&quot;https:\\\/\\\/webshop.annemiekoenen.com\\\/wp-content\\\/uploads\\\/sites\\\/2\\\/2022\\\/01\\\/Pilot-friction-fineliner-Blauw-100x100.jpg&quot;,&quot;gallery_thumbnail_src_w&quot;:100,&quot;gallery_thumbnail_src_h&quot;:100,&quot;thumb_src&quot;:&quot;https:\\\/\\\/webshop.annemiekoenen.com\\\/wp-content\\\/uploads\\\/sites\\\/2\\\/2022\\\/01\\\/Pilot-friction-fineliner-Blauw-324x324.jpg&quot;,&quot;thumb_src_w&quot;:324,&quot;thumb_src_h&quot;:324,&quot;src_w&quot;:416,&quot;src_h&quot;:312},&quot;image_id&quot;:5862,&quot;is_downloadable&quot;:false,&quot;is_in_stock&quot;:true,&quot;is_purchasable&quot;:true,&quot;is_sold_individually&quot;:&quot;no&quot;,&quot;is_virtual&quot;:false,&quot;max_qty&quot;:9,&quot;min_qty&quot;:1,&quot;price_html&quot;:&quot;&lt;span class=\\&quot;price\\&quot;&gt;&lt;span class=\\&quot;woocommerce-Price-amount amount\\&quot;&gt;&lt;bdi&gt;&lt;span class=\\&quot;woocommerce-Price-currencySymbol\\&quot; translate=\\&quot;no\\&quot;&gt;&amp;euro;&lt;\\\/span&gt;2.95&lt;\\\/bdi&gt;&lt;\\\/span&gt;&lt;\\\/span&gt;&quot;,&quot;sku&quot;:&quot;&quot;,&quot;variation_description&quot;:&quot;&quot;,&quot;variation_id&quot;:5874,&quot;variation_is_active&quot;:true,&quot;variation_is_visible&quot;:true,&quot;weight&quot;:&quot;10&quot;,&quot;weight_html&quot;:&quot;10 g&quot;},{&quot;attributes&quot;:{&quot;attribute_pa_gereedschap-borduren&quot;:&quot;pilot-friction-fineliner-gelb-lime&quot;},&quot;availability_html&quot;:&quot;&lt;p class=\\&quot;stock in-stock\\&quot;&gt;2 vorr\\u00e4tig&lt;\\\/p&gt;\\n&quot;,&quot;backorders_allowed&quot;:false,&quot;dimensions&quot;:{&quot;length&quot;:&quot;&quot;,&quot;width&quot;:&quot;&quot;,&quot;height&quot;:&quot;&quot;},&quot;dimensions_html&quot;:&quot;n.\\u00a0v.&quot;,&quot;display_price&quot;:2.95,&quot;display_regular_price&quot;:2.95,&quot;gallery_image_ids&quot;:[],&quot;gallery_images_html&quot;:&quot;&quot;,&quot;image&quot;:{&quot;title&quot;:&quot;Pilot friction fineliner - geel lime&quot;,&quot;caption&quot;:&quot;&quot;,&quot;url&quot;:&quot;https:\\\/\\\/webshop.annemiekoenen.com\\\/wp-content\\\/uploads\\\/sites\\\/2\\\/2022\\\/01\\\/Pilot-friction-fineliner-geel-lime-scaled-e1641118614994.jpg&quot;,&quot;alt&quot;:&quot;Pilot friction fineliner - geel lime&quot;,&quot;src&quot;:&quot;https:\\\/\\\/webshop.annemiekoenen.com\\\/wp-content\\\/uploads\\\/sites\\\/2\\\/2022\\\/01\\\/Pilot-friction-fineliner-geel-lime-416x312.jpg&quot;,&quot;srcset&quot;:&quot;https:\\\/\\\/webshop.annemiekoenen.com\\\/wp-content\\\/uploads\\\/sites\\\/2\\\/2022\\\/01\\\/Pilot-friction-fineliner-geel-lime-416x312.jpg 416w, https:\\\/\\\/webshop.annemiekoenen.com\\\/wp-content\\\/uploads\\\/sites\\\/2\\\/2022\\\/01\\\/Pilot-friction-fineliner-geel-lime-300x225.jpg 300w, https:\\\/\\\/webshop.annemiekoenen.com\\\/wp-content\\\/uploads\\\/sites\\\/2\\\/2022\\\/01\\\/Pilot-friction-fineliner-geel-lime-1024x769.jpg 1024w, https:\\\/\\\/webshop.annemiekoenen.com\\\/wp-content\\\/uploads\\\/sites\\\/2\\\/2022\\\/01\\\/Pilot-friction-fineliner-geel-lime-768x577.jpg 768w, https:\\\/\\\/webshop.annemiekoenen.com\\\/wp-content\\\/uploads\\\/sites\\\/2\\\/2022\\\/01\\\/Pilot-friction-fineliner-geel-lime-1536x1153.jpg 1536w, https:\\\/\\\/webshop.annemiekoenen.com\\\/wp-content\\\/uploads\\\/sites\\\/2\\\/2022\\\/01\\\/Pilot-friction-fineliner-geel-lime-2048x1538.jpg 2048w&quot;,&quot;sizes&quot;:&quot;(max-width: 416px) 100vw, 416px&quot;,&quot;full_src&quot;:&quot;https:\\\/\\\/webshop.annemiekoenen.com\\\/wp-content\\\/uploads\\\/sites\\\/2\\\/2022\\\/01\\\/Pilot-friction-fineliner-geel-lime-scaled-e1641118614994.jpg&quot;,&quot;full_src_w&quot;:2560,&quot;full_src_h&quot;:1922,&quot;gallery_thumbnail_src&quot;:&quot;https:\\\/\\\/webshop.annemiekoenen.com\\\/wp-content\\\/uploads\\\/sites\\\/2\\\/2022\\\/01\\\/Pilot-friction-fineliner-geel-lime-100x100.jpg&quot;,&quot;gallery_thumbnail_src_w&quot;:100,&quot;gallery_thumbnail_src_h&quot;:100,&quot;thumb_src&quot;:&quot;https:\\\/\\\/webshop.annemiekoenen.com\\\/wp-content\\\/uploads\\\/sites\\\/2\\\/2022\\\/01\\\/Pilot-friction-fineliner-geel-lime-324x324.jpg&quot;,&quot;thumb_src_w&quot;:324,&quot;thumb_src_h&quot;:324,&quot;src_w&quot;:416,&quot;src_h&quot;:312},&quot;image_id&quot;:5865,&quot;is_downloadable&quot;:false,&quot;is_in_stock&quot;:true,&quot;is_purchasable&quot;:true,&quot;is_sold_individually&quot;:&quot;no&quot;,&quot;is_virtual&quot;:false,&quot;max_qty&quot;:2,&quot;min_qty&quot;:1,&quot;price_html&quot;:&quot;&lt;span class=\\&quot;price\\&quot;&gt;&lt;span class=\\&quot;woocommerce-Price-amount amount\\&quot;&gt;&lt;bdi&gt;&lt;span class=\\&quot;woocommerce-Price-currencySymbol\\&quot; translate=\\&quot;no\\&quot;&gt;&amp;euro;&lt;\\\/span&gt;2.95&lt;\\\/bdi&gt;&lt;\\\/span&gt;&lt;\\\/span&gt;&quot;,&quot;sku&quot;:&quot;&quot;,&quot;variation_description&quot;:&quot;&quot;,&quot;variation_id&quot;:5875,&quot;variation_is_active&quot;:true,&quot;variation_is_visible&quot;:true,&quot;weight&quot;:&quot;10&quot;,&quot;weight_html&quot;:&quot;10 g&quot;},{&quot;attributes&quot;:{&quot;attribute_pa_gereedschap-borduren&quot;:&quot;pilot-friction-fineliner-lila-roza&quot;},&quot;availability_html&quot;:&quot;&lt;p class=\\&quot;stock in-stock\\&quot;&gt;3 vorr\\u00e4tig&lt;\\\/p&gt;\\n&quot;,&quot;backorders_allowed&quot;:false,&quot;dimensions&quot;:{&quot;length&quot;:&quot;&quot;,&quot;width&quot;:&quot;&quot;,&quot;height&quot;:&quot;&quot;},&quot;dimensions_html&quot;:&quot;n.\\u00a0v.&quot;,&quot;display_price&quot;:2.95,&quot;display_regular_price&quot;:2.95,&quot;gallery_image_ids&quot;:[],&quot;gallery_images_html&quot;:&quot;&quot;,&quot;image&quot;:{&quot;title&quot;:&quot;Pilot friction fineliner - lila roze&quot;,&quot;caption&quot;:&quot;&quot;,&quot;url&quot;:&quot;https:\\\/\\\/webshop.annemiekoenen.com\\\/wp-content\\\/uploads\\\/sites\\\/2\\\/2022\\\/01\\\/Pilot-friction-fineliner-lila-roze-scaled-e1641118799845.jpg&quot;,&quot;alt&quot;:&quot;Pilot friction fineliner - lila roze&quot;,&quot;src&quot;:&quot;https:\\\/\\\/webshop.annemiekoenen.com\\\/wp-content\\\/uploads\\\/sites\\\/2\\\/2022\\\/01\\\/Pilot-friction-fineliner-lila-roze-416x554.jpg&quot;,&quot;srcset&quot;:&quot;https:\\\/\\\/webshop.annemiekoenen.com\\\/wp-content\\\/uploads\\\/sites\\\/2\\\/2022\\\/01\\\/Pilot-friction-fineliner-lila-roze-416x554.jpg 416w, https:\\\/\\\/webshop.annemiekoenen.com\\\/wp-content\\\/uploads\\\/sites\\\/2\\\/2022\\\/01\\\/Pilot-friction-fineliner-lila-roze-225x300.jpg 225w, https:\\\/\\\/webshop.annemiekoenen.com\\\/wp-content\\\/uploads\\\/sites\\\/2\\\/2022\\\/01\\\/Pilot-friction-fineliner-lila-roze-769x1024.jpg 769w, https:\\\/\\\/webshop.annemiekoenen.com\\\/wp-content\\\/uploads\\\/sites\\\/2\\\/2022\\\/01\\\/Pilot-friction-fineliner-lila-roze-768x1023.jpg 768w, https:\\\/\\\/webshop.annemiekoenen.com\\\/wp-content\\\/uploads\\\/sites\\\/2\\\/2022\\\/01\\\/Pilot-friction-fineliner-lila-roze-1153x1536.jpg 1153w, https:\\\/\\\/webshop.annemiekoenen.com\\\/wp-content\\\/uploads\\\/sites\\\/2\\\/2022\\\/01\\\/Pilot-friction-fineliner-lila-roze-1538x2048.jpg 1538w, https:\\\/\\\/webshop.annemiekoenen.com\\\/wp-content\\\/uploads\\\/sites\\\/2\\\/2022\\\/01\\\/Pilot-friction-fineliner-lila-roze-scaled.jpg 1922w&quot;,&quot;sizes&quot;:&quot;(max-width: 416px) 100vw, 416px&quot;,&quot;full_src&quot;:&quot;https:\\\/\\\/webshop.annemiekoenen.com\\\/wp-content\\\/uploads\\\/sites\\\/2\\\/2022\\\/01\\\/Pilot-friction-fineliner-lila-roze-scaled-e1641118799845.jpg&quot;,&quot;full_src_w&quot;:1922,&quot;full_src_h&quot;:2560,&quot;gallery_thumbnail_src&quot;:&quot;https:\\\/\\\/webshop.annemiekoenen.com\\\/wp-content\\\/uploads\\\/sites\\\/2\\\/2022\\\/01\\\/Pilot-friction-fineliner-lila-roze-100x100.jpg&quot;,&quot;gallery_thumbnail_src_w&quot;:100,&quot;gallery_thumbnail_src_h&quot;:100,&quot;thumb_src&quot;:&quot;https:\\\/\\\/webshop.annemiekoenen.com\\\/wp-content\\\/uploads\\\/sites\\\/2\\\/2022\\\/01\\\/Pilot-friction-fineliner-lila-roze-324x324.jpg&quot;,&quot;thumb_src_w&quot;:324,&quot;thumb_src_h&quot;:324,&quot;src_w&quot;:416,&quot;src_h&quot;:554},&quot;image_id&quot;:5868,&quot;is_downloadable&quot;:false,&quot;is_in_stock&quot;:true,&quot;is_purchasable&quot;:true,&quot;is_sold_individually&quot;:&quot;no&quot;,&quot;is_virtual&quot;:false,&quot;max_qty&quot;:3,&quot;min_qty&quot;:1,&quot;price_html&quot;:&quot;&lt;span class=\\&quot;price\\&quot;&gt;&lt;span class=\\&quot;woocommerce-Price-amount amount\\&quot;&gt;&lt;bdi&gt;&lt;span class=\\&quot;woocommerce-Price-currencySymbol\\&quot; translate=\\&quot;no\\&quot;&gt;&amp;euro;&lt;\\\/span&gt;2.95&lt;\\\/bdi&gt;&lt;\\\/span&gt;&lt;\\\/span&gt;&quot;,&quot;sku&quot;:&quot;&quot;,&quot;variation_description&quot;:&quot;&quot;,&quot;variation_id&quot;:5876,&quot;variation_is_active&quot;:true,&quot;variation_is_visible&quot;:true,&quot;weight&quot;:&quot;10&quot;,&quot;weight_html&quot;:&quot;10 g&quot;},{&quot;attributes&quot;:{&quot;attribute_pa_gereedschap-borduren&quot;:&quot;pilot-friction-fineliner-rot&quot;},&quot;availability_html&quot;:&quot;&lt;p class=\\&quot;stock in-stock\\&quot;&gt;2 vorr\\u00e4tig&lt;\\\/p&gt;\\n&quot;,&quot;backorders_allowed&quot;:false,&quot;dimensions&quot;:{&quot;length&quot;:&quot;&quot;,&quot;width&quot;:&quot;&quot;,&quot;height&quot;:&quot;&quot;},&quot;dimensions_html&quot;:&quot;n.\\u00a0v.&quot;,&quot;display_price&quot;:2.95,&quot;display_regular_price&quot;:2.95,&quot;gallery_image_ids&quot;:[],&quot;gallery_images_html&quot;:&quot;&quot;,&quot;image&quot;:{&quot;title&quot;:&quot;Pilot friction fineliner - Rood&quot;,&quot;caption&quot;:&quot;&quot;,&quot;url&quot;:&quot;https:\\\/\\\/webshop.annemiekoenen.com\\\/wp-content\\\/uploads\\\/sites\\\/2\\\/2022\\\/01\\\/Pilot-friction-fineliner-Rood-scaled-e1641118274654.jpg&quot;,&quot;alt&quot;:&quot;Pilot friction fineliner - Rood&quot;,&quot;src&quot;:&quot;https:\\\/\\\/webshop.annemiekoenen.com\\\/wp-content\\\/uploads\\\/sites\\\/2\\\/2022\\\/01\\\/Pilot-friction-fineliner-Rood-416x554.jpg&quot;,&quot;srcset&quot;:&quot;https:\\\/\\\/webshop.annemiekoenen.com\\\/wp-content\\\/uploads\\\/sites\\\/2\\\/2022\\\/01\\\/Pilot-friction-fineliner-Rood-416x554.jpg 416w, https:\\\/\\\/webshop.annemiekoenen.com\\\/wp-content\\\/uploads\\\/sites\\\/2\\\/2022\\\/01\\\/Pilot-friction-fineliner-Rood-225x300.jpg 225w, https:\\\/\\\/webshop.annemiekoenen.com\\\/wp-content\\\/uploads\\\/sites\\\/2\\\/2022\\\/01\\\/Pilot-friction-fineliner-Rood-769x1024.jpg 769w, https:\\\/\\\/webshop.annemiekoenen.com\\\/wp-content\\\/uploads\\\/sites\\\/2\\\/2022\\\/01\\\/Pilot-friction-fineliner-Rood-768x1023.jpg 768w, https:\\\/\\\/webshop.annemiekoenen.com\\\/wp-content\\\/uploads\\\/sites\\\/2\\\/2022\\\/01\\\/Pilot-friction-fineliner-Rood-1153x1536.jpg 1153w, https:\\\/\\\/webshop.annemiekoenen.com\\\/wp-content\\\/uploads\\\/sites\\\/2\\\/2022\\\/01\\\/Pilot-friction-fineliner-Rood-1538x2048.jpg 1538w, https:\\\/\\\/webshop.annemiekoenen.com\\\/wp-content\\\/uploads\\\/sites\\\/2\\\/2022\\\/01\\\/Pilot-friction-fineliner-Rood-scaled.jpg 1922w&quot;,&quot;sizes&quot;:&quot;(max-width: 416px) 100vw, 416px&quot;,&quot;full_src&quot;:&quot;https:\\\/\\\/webshop.annemiekoenen.com\\\/wp-content\\\/uploads\\\/sites\\\/2\\\/2022\\\/01\\\/Pilot-friction-fineliner-Rood-scaled-e1641118274654.jpg&quot;,&quot;full_src_w&quot;:1922,&quot;full_src_h&quot;:2560,&quot;gallery_thumbnail_src&quot;:&quot;https:\\\/\\\/webshop.annemiekoenen.com\\\/wp-content\\\/uploads\\\/sites\\\/2\\\/2022\\\/01\\\/Pilot-friction-fineliner-Rood-100x100.jpg&quot;,&quot;gallery_thumbnail_src_w&quot;:100,&quot;gallery_thumbnail_src_h&quot;:100,&quot;thumb_src&quot;:&quot;https:\\\/\\\/webshop.annemiekoenen.com\\\/wp-content\\\/uploads\\\/sites\\\/2\\\/2022\\\/01\\\/Pilot-friction-fineliner-Rood-324x324.jpg&quot;,&quot;thumb_src_w&quot;:324,&quot;thumb_src_h&quot;:324,&quot;src_w&quot;:416,&quot;src_h&quot;:554},&quot;image_id&quot;:5859,&quot;is_downloadable&quot;:false,&quot;is_in_stock&quot;:true,&quot;is_purchasable&quot;:true,&quot;is_sold_individually&quot;:&quot;no&quot;,&quot;is_virtual&quot;:false,&quot;max_qty&quot;:2,&quot;min_qty&quot;:1,&quot;price_html&quot;:&quot;&lt;span class=\\&quot;price\\&quot;&gt;&lt;span class=\\&quot;woocommerce-Price-amount amount\\&quot;&gt;&lt;bdi&gt;&lt;span class=\\&quot;woocommerce-Price-currencySymbol\\&quot; translate=\\&quot;no\\&quot;&gt;&amp;euro;&lt;\\\/span&gt;2.95&lt;\\\/bdi&gt;&lt;\\\/span&gt;&lt;\\\/span&gt;&quot;,&quot;sku&quot;:&quot;&quot;,&quot;variation_description&quot;:&quot;&quot;,&quot;variation_id&quot;:5877,&quot;variation_is_active&quot;:true,&quot;variation_is_visible&quot;:true,&quot;weight&quot;:&quot;10&quot;,&quot;weight_html&quot;:&quot;10 g&quot;},{&quot;attributes&quot;:{&quot;attribute_pa_gereedschap-borduren&quot;:&quot;pilot-friction-fineliner-schwarz&quot;},&quot;availability_html&quot;:&quot;&lt;p class=\\&quot;stock in-stock\\&quot;&gt;8 vorr\\u00e4tig&lt;\\\/p&gt;\\n&quot;,&quot;backorders_allowed&quot;:false,&quot;dimensions&quot;:{&quot;length&quot;:&quot;&quot;,&quot;width&quot;:&quot;&quot;,&quot;height&quot;:&quot;&quot;},&quot;dimensions_html&quot;:&quot;n.\\u00a0v.&quot;,&quot;display_price&quot;:2.95,&quot;display_regular_price&quot;:2.95,&quot;gallery_image_ids&quot;:[],&quot;gallery_images_html&quot;:&quot;&quot;,&quot;image&quot;:{&quot;title&quot;:&quot;Pilot friction fineliner - Zwart&quot;,&quot;caption&quot;:&quot;&quot;,&quot;url&quot;:&quot;https:\\\/\\\/webshop.annemiekoenen.com\\\/wp-content\\\/uploads\\\/sites\\\/2\\\/2022\\\/01\\\/Pilot-friction-fineliner-Zwart-scaled-e1641118205527.jpg&quot;,&quot;alt&quot;:&quot;Pilot friction fineliner - Zwart&quot;,&quot;src&quot;:&quot;https:\\\/\\\/webshop.annemiekoenen.com\\\/wp-content\\\/uploads\\\/sites\\\/2\\\/2022\\\/01\\\/Pilot-friction-fineliner-Zwart-416x312.jpg&quot;,&quot;srcset&quot;:&quot;https:\\\/\\\/webshop.annemiekoenen.com\\\/wp-content\\\/uploads\\\/sites\\\/2\\\/2022\\\/01\\\/Pilot-friction-fineliner-Zwart-416x312.jpg 416w, https:\\\/\\\/webshop.annemiekoenen.com\\\/wp-content\\\/uploads\\\/sites\\\/2\\\/2022\\\/01\\\/Pilot-friction-fineliner-Zwart-300x225.jpg 300w, https:\\\/\\\/webshop.annemiekoenen.com\\\/wp-content\\\/uploads\\\/sites\\\/2\\\/2022\\\/01\\\/Pilot-friction-fineliner-Zwart-1024x769.jpg 1024w, https:\\\/\\\/webshop.annemiekoenen.com\\\/wp-content\\\/uploads\\\/sites\\\/2\\\/2022\\\/01\\\/Pilot-friction-fineliner-Zwart-768x577.jpg 768w, https:\\\/\\\/webshop.annemiekoenen.com\\\/wp-content\\\/uploads\\\/sites\\\/2\\\/2022\\\/01\\\/Pilot-friction-fineliner-Zwart-1536x1153.jpg 1536w, https:\\\/\\\/webshop.annemiekoenen.com\\\/wp-content\\\/uploads\\\/sites\\\/2\\\/2022\\\/01\\\/Pilot-friction-fineliner-Zwart-2048x1538.jpg 2048w&quot;,&quot;sizes&quot;:&quot;(max-width: 416px) 100vw, 416px&quot;,&quot;full_src&quot;:&quot;https:\\\/\\\/webshop.annemiekoenen.com\\\/wp-content\\\/uploads\\\/sites\\\/2\\\/2022\\\/01\\\/Pilot-friction-fineliner-Zwart-scaled-e1641118205527.jpg&quot;,&quot;full_src_w&quot;:2560,&quot;full_src_h&quot;:1922,&quot;gallery_thumbnail_src&quot;:&quot;https:\\\/\\\/webshop.annemiekoenen.com\\\/wp-content\\\/uploads\\\/sites\\\/2\\\/2022\\\/01\\\/Pilot-friction-fineliner-Zwart-100x100.jpg&quot;,&quot;gallery_thumbnail_src_w&quot;:100,&quot;gallery_thumbnail_src_h&quot;:100,&quot;thumb_src&quot;:&quot;https:\\\/\\\/webshop.annemiekoenen.com\\\/wp-content\\\/uploads\\\/sites\\\/2\\\/2022\\\/01\\\/Pilot-friction-fineliner-Zwart-324x324.jpg&quot;,&quot;thumb_src_w&quot;:324,&quot;thumb_src_h&quot;:324,&quot;src_w&quot;:416,&quot;src_h&quot;:312},&quot;image_id&quot;:5856,&quot;is_downloadable&quot;:false,&quot;is_in_stock&quot;:true,&quot;is_purchasable&quot;:true,&quot;is_sold_individually&quot;:&quot;no&quot;,&quot;is_virtual&quot;:false,&quot;max_qty&quot;:8,&quot;min_qty&quot;:1,&quot;price_html&quot;:&quot;&lt;span class=\\&quot;price\\&quot;&gt;&lt;span class=\\&quot;woocommerce-Price-amount amount\\&quot;&gt;&lt;bdi&gt;&lt;span class=\\&quot;woocommerce-Price-currencySymbol\\&quot; translate=\\&quot;no\\&quot;&gt;&amp;euro;&lt;\\\/span&gt;2.95&lt;\\\/bdi&gt;&lt;\\\/span&gt;&lt;\\\/span&gt;&quot;,&quot;sku&quot;:&quot;&quot;,&quot;variation_description&quot;:&quot;&quot;,&quot;variation_id&quot;:5878,&quot;variation_is_active&quot;:true,&quot;variation_is_visible&quot;:true,&quot;weight&quot;:&quot;10&quot;,&quot;weight_html&quot;:&quot;10 g&quot;},{&quot;attributes&quot;:{&quot;attribute_pa_gereedschap-borduren&quot;:&quot;fingerhut-gros&quot;},&quot;availability_html&quot;:&quot;&lt;p class=\\&quot;stock in-stock\\&quot;&gt;4 vorr\\u00e4tig&lt;\\\/p&gt;\\n&quot;,&quot;backorders_allowed&quot;:false,&quot;dimensions&quot;:{&quot;length&quot;:&quot;&quot;,&quot;width&quot;:&quot;&quot;,&quot;height&quot;:&quot;&quot;},&quot;dimensions_html&quot;:&quot;n.\\u00a0v.&quot;,&quot;display_price&quot;:15.75,&quot;display_regular_price&quot;:15.75,&quot;gallery_image_ids&quot;:[],&quot;gallery_images_html&quot;:&quot;&quot;,&quot;image&quot;:{&quot;title&quot;:&quot;Vingerhoed&quot;,&quot;caption&quot;:&quot;&quot;,&quot;url&quot;:&quot;https:\\\/\\\/webshop.annemiekoenen.com\\\/wp-content\\\/uploads\\\/sites\\\/2\\\/2021\\\/06\\\/Vingerhoed.jpg&quot;,&quot;alt&quot;:&quot;Vingerhoed&quot;,&quot;src&quot;:&quot;https:\\\/\\\/webshop.annemiekoenen.com\\\/wp-content\\\/uploads\\\/sites\\\/2\\\/2021\\\/06\\\/Vingerhoed-600x400.jpg&quot;,&quot;srcset&quot;:&quot;https:\\\/\\\/webshop.annemiekoenen.com\\\/wp-content\\\/uploads\\\/sites\\\/2\\\/2021\\\/06\\\/Vingerhoed-600x400.jpg 600w, https:\\\/\\\/webshop.annemiekoenen.com\\\/wp-content\\\/uploads\\\/sites\\\/2\\\/2021\\\/06\\\/Vingerhoed-300x200.jpg 300w, https:\\\/\\\/webshop.annemiekoenen.com\\\/wp-content\\\/uploads\\\/sites\\\/2\\\/2021\\\/06\\\/Vingerhoed-768x512.jpg 768w, https:\\\/\\\/webshop.annemiekoenen.com\\\/wp-content\\\/uploads\\\/sites\\\/2\\\/2021\\\/06\\\/Vingerhoed.jpg 1024w&quot;,&quot;sizes&quot;:&quot;(max-width: 416px) 100vw, 416px&quot;,&quot;full_src&quot;:&quot;https:\\\/\\\/webshop.annemiekoenen.com\\\/wp-content\\\/uploads\\\/sites\\\/2\\\/2021\\\/06\\\/Vingerhoed.jpg&quot;,&quot;full_src_w&quot;:1024,&quot;full_src_h&quot;:682,&quot;gallery_thumbnail_src&quot;:&quot;https:\\\/\\\/webshop.annemiekoenen.com\\\/wp-content\\\/uploads\\\/sites\\\/2\\\/2021\\\/06\\\/Vingerhoed-100x100.jpg&quot;,&quot;gallery_thumbnail_src_w&quot;:100,&quot;gallery_thumbnail_src_h&quot;:100,&quot;thumb_src&quot;:&quot;https:\\\/\\\/webshop.annemiekoenen.com\\\/wp-content\\\/uploads\\\/sites\\\/2\\\/2021\\\/06\\\/Vingerhoed-324x324.jpg&quot;,&quot;thumb_src_w&quot;:324,&quot;thumb_src_h&quot;:324,&quot;src_w&quot;:416,&quot;src_h&quot;:277},&quot;image_id&quot;:5421,&quot;is_downloadable&quot;:false,&quot;is_in_stock&quot;:true,&quot;is_purchasable&quot;:true,&quot;is_sold_individually&quot;:&quot;no&quot;,&quot;is_virtual&quot;:false,&quot;max_qty&quot;:4,&quot;min_qty&quot;:1,&quot;price_html&quot;:&quot;&lt;span class=\\&quot;price\\&quot;&gt;&lt;span class=\\&quot;woocommerce-Price-amount amount\\&quot;&gt;&lt;bdi&gt;&lt;span class=\\&quot;woocommerce-Price-currencySymbol\\&quot; translate=\\&quot;no\\&quot;&gt;&amp;euro;&lt;\\\/span&gt;15.75&lt;\\\/bdi&gt;&lt;\\\/span&gt;&lt;\\\/span&gt;&quot;,&quot;sku&quot;:&quot;&quot;,&quot;variation_description&quot;:&quot;&quot;,&quot;variation_id&quot;:5424,&quot;variation_is_active&quot;:true,&quot;variation_is_visible&quot;:true,&quot;weight&quot;:&quot;8&quot;,&quot;weight_html&quot;:&quot;8 g&quot;},{&quot;attributes&quot;:{&quot;attribute_pa_gereedschap-borduren&quot;:&quot;fingerhut-mittel&quot;},&quot;availability_html&quot;:&quot;&lt;p class=\\&quot;stock in-stock\\&quot;&gt;8 vorr\\u00e4tig&lt;\\\/p&gt;\\n&quot;,&quot;backorders_allowed&quot;:false,&quot;dimensions&quot;:{&quot;length&quot;:&quot;&quot;,&quot;width&quot;:&quot;&quot;,&quot;height&quot;:&quot;&quot;},&quot;dimensions_html&quot;:&quot;n.\\u00a0v.&quot;,&quot;display_price&quot;:15.75,&quot;display_regular_price&quot;:15.75,&quot;gallery_image_ids&quot;:[],&quot;gallery_images_html&quot;:&quot;&quot;,&quot;image&quot;:{&quot;title&quot;:&quot;Vingerhoed&quot;,&quot;caption&quot;:&quot;&quot;,&quot;url&quot;:&quot;https:\\\/\\\/webshop.annemiekoenen.com\\\/wp-content\\\/uploads\\\/sites\\\/2\\\/2021\\\/06\\\/Vingerhoed.jpg&quot;,&quot;alt&quot;:&quot;Vingerhoed&quot;,&quot;src&quot;:&quot;https:\\\/\\\/webshop.annemiekoenen.com\\\/wp-content\\\/uploads\\\/sites\\\/2\\\/2021\\\/06\\\/Vingerhoed-600x400.jpg&quot;,&quot;srcset&quot;:&quot;https:\\\/\\\/webshop.annemiekoenen.com\\\/wp-content\\\/uploads\\\/sites\\\/2\\\/2021\\\/06\\\/Vingerhoed-600x400.jpg 600w, https:\\\/\\\/webshop.annemiekoenen.com\\\/wp-content\\\/uploads\\\/sites\\\/2\\\/2021\\\/06\\\/Vingerhoed-300x200.jpg 300w, https:\\\/\\\/webshop.annemiekoenen.com\\\/wp-content\\\/uploads\\\/sites\\\/2\\\/2021\\\/06\\\/Vingerhoed-768x512.jpg 768w, https:\\\/\\\/webshop.annemiekoenen.com\\\/wp-content\\\/uploads\\\/sites\\\/2\\\/2021\\\/06\\\/Vingerhoed.jpg 1024w&quot;,&quot;sizes&quot;:&quot;(max-width: 416px) 100vw, 416px&quot;,&quot;full_src&quot;:&quot;https:\\\/\\\/webshop.annemiekoenen.com\\\/wp-content\\\/uploads\\\/sites\\\/2\\\/2021\\\/06\\\/Vingerhoed.jpg&quot;,&quot;full_src_w&quot;:1024,&quot;full_src_h&quot;:682,&quot;gallery_thumbnail_src&quot;:&quot;https:\\\/\\\/webshop.annemiekoenen.com\\\/wp-content\\\/uploads\\\/sites\\\/2\\\/2021\\\/06\\\/Vingerhoed-100x100.jpg&quot;,&quot;gallery_thumbnail_src_w&quot;:100,&quot;gallery_thumbnail_src_h&quot;:100,&quot;thumb_src&quot;:&quot;https:\\\/\\\/webshop.annemiekoenen.com\\\/wp-content\\\/uploads\\\/sites\\\/2\\\/2021\\\/06\\\/Vingerhoed-324x324.jpg&quot;,&quot;thumb_src_w&quot;:324,&quot;thumb_src_h&quot;:324,&quot;src_w&quot;:416,&quot;src_h&quot;:277},&quot;image_id&quot;:5421,&quot;is_downloadable&quot;:false,&quot;is_in_stock&quot;:true,&quot;is_purchasable&quot;:true,&quot;is_sold_individually&quot;:&quot;no&quot;,&quot;is_virtual&quot;:false,&quot;max_qty&quot;:8,&quot;min_qty&quot;:1,&quot;price_html&quot;:&quot;&lt;span class=\\&quot;price\\&quot;&gt;&lt;span class=\\&quot;woocommerce-Price-amount amount\\&quot;&gt;&lt;bdi&gt;&lt;span class=\\&quot;woocommerce-Price-currencySymbol\\&quot; translate=\\&quot;no\\&quot;&gt;&amp;euro;&lt;\\\/span&gt;15.75&lt;\\\/bdi&gt;&lt;\\\/span&gt;&lt;\\\/span&gt;&quot;,&quot;sku&quot;:&quot;&quot;,&quot;variation_description&quot;:&quot;&quot;,&quot;variation_id&quot;:5425,&quot;variation_is_active&quot;:true,&quot;variation_is_visible&quot;:true,&quot;weight&quot;:&quot;8&quot;,&quot;weight_html&quot;:&quot;8 g&quot;},{&quot;attributes&quot;:{&quot;attribute_pa_gereedschap-borduren&quot;:&quot;sticknadel-fein-3x&quot;},&quot;availability_html&quot;:&quot;&lt;p class=\\&quot;stock in-stock\\&quot;&gt;5 vorr\\u00e4tig&lt;\\\/p&gt;\\n&quot;,&quot;backorders_allowed&quot;:false,&quot;dimensions&quot;:{&quot;length&quot;:&quot;&quot;,&quot;width&quot;:&quot;&quot;,&quot;height&quot;:&quot;&quot;},&quot;dimensions_html&quot;:&quot;n.\\u00a0v.&quot;,&quot;display_price&quot;:1.5,&quot;display_regular_price&quot;:1.5,&quot;gallery_image_ids&quot;:[],&quot;gallery_images_html&quot;:&quot;&quot;,&quot;image&quot;:{&quot;title&quot;:&quot;Borduurnaald fijn 2&quot;,&quot;caption&quot;:&quot;&quot;,&quot;url&quot;:&quot;https:\\\/\\\/webshop.annemiekoenen.com\\\/wp-content\\\/uploads\\\/sites\\\/2\\\/2021\\\/03\\\/Borduurnaald-fijn-2-scaled-e1615460433276.jpg&quot;,&quot;alt&quot;:&quot;Borduurnaald fijn 2&quot;,&quot;src&quot;:&quot;https:\\\/\\\/webshop.annemiekoenen.com\\\/wp-content\\\/uploads\\\/sites\\\/2\\\/2021\\\/03\\\/Borduurnaald-fijn-2-scaled-e1615460433276-600x451.jpg&quot;,&quot;srcset&quot;:&quot;https:\\\/\\\/webshop.annemiekoenen.com\\\/wp-content\\\/uploads\\\/sites\\\/2\\\/2021\\\/03\\\/Borduurnaald-fijn-2-scaled-e1615460433276-600x451.jpg 600w, https:\\\/\\\/webshop.annemiekoenen.com\\\/wp-content\\\/uploads\\\/sites\\\/2\\\/2021\\\/03\\\/Borduurnaald-fijn-2-scaled-e1615460433276-300x225.jpg 300w, https:\\\/\\\/webshop.annemiekoenen.com\\\/wp-content\\\/uploads\\\/sites\\\/2\\\/2021\\\/03\\\/Borduurnaald-fijn-2-scaled-e1615460433276-1024x769.jpg 1024w, https:\\\/\\\/webshop.annemiekoenen.com\\\/wp-content\\\/uploads\\\/sites\\\/2\\\/2021\\\/03\\\/Borduurnaald-fijn-2-scaled-e1615460433276-768x577.jpg 768w, https:\\\/\\\/webshop.annemiekoenen.com\\\/wp-content\\\/uploads\\\/sites\\\/2\\\/2021\\\/03\\\/Borduurnaald-fijn-2-scaled-e1615460433276.jpg 1363w&quot;,&quot;sizes&quot;:&quot;(max-width: 416px) 100vw, 416px&quot;,&quot;full_src&quot;:&quot;https:\\\/\\\/webshop.annemiekoenen.com\\\/wp-content\\\/uploads\\\/sites\\\/2\\\/2021\\\/03\\\/Borduurnaald-fijn-2-scaled-e1615460433276.jpg&quot;,&quot;full_src_w&quot;:1363,&quot;full_src_h&quot;:1024,&quot;gallery_thumbnail_src&quot;:&quot;https:\\\/\\\/webshop.annemiekoenen.com\\\/wp-content\\\/uploads\\\/sites\\\/2\\\/2021\\\/03\\\/Borduurnaald-fijn-2-scaled-e1615460433276-100x100.jpg&quot;,&quot;gallery_thumbnail_src_w&quot;:100,&quot;gallery_thumbnail_src_h&quot;:100,&quot;thumb_src&quot;:&quot;https:\\\/\\\/webshop.annemiekoenen.com\\\/wp-content\\\/uploads\\\/sites\\\/2\\\/2021\\\/03\\\/Borduurnaald-fijn-2-scaled-e1615460433276-324x324.jpg&quot;,&quot;thumb_src_w&quot;:324,&quot;thumb_src_h&quot;:324,&quot;src_w&quot;:416,&quot;src_h&quot;:313},&quot;image_id&quot;:1331,&quot;is_downloadable&quot;:false,&quot;is_in_stock&quot;:true,&quot;is_purchasable&quot;:true,&quot;is_sold_individually&quot;:&quot;no&quot;,&quot;is_virtual&quot;:false,&quot;max_qty&quot;:5,&quot;min_qty&quot;:1,&quot;price_html&quot;:&quot;&lt;span class=\\&quot;price\\&quot;&gt;&lt;span class=\\&quot;woocommerce-Price-amount amount\\&quot;&gt;&lt;bdi&gt;&lt;span class=\\&quot;woocommerce-Price-currencySymbol\\&quot; translate=\\&quot;no\\&quot;&gt;&amp;euro;&lt;\\\/span&gt;1.50&lt;\\\/bdi&gt;&lt;\\\/span&gt;&lt;\\\/span&gt;&quot;,&quot;sku&quot;:&quot;30BD02&quot;,&quot;variation_description&quot;:&quot;&quot;,&quot;variation_id&quot;:4184,&quot;variation_is_active&quot;:true,&quot;variation_is_visible&quot;:true,&quot;weight&quot;:&quot;3&quot;,&quot;weight_html&quot;:&quot;3 g&quot;},{&quot;attributes&quot;:{&quot;attribute_pa_gereedschap-borduren&quot;:&quot;sticknadel-fur-wolle-3x&quot;},&quot;availability_html&quot;:&quot;&lt;p class=\\&quot;stock in-stock\\&quot;&gt;7 vorr\\u00e4tig&lt;\\\/p&gt;\\n&quot;,&quot;backorders_allowed&quot;:false,&quot;dimensions&quot;:{&quot;length&quot;:&quot;&quot;,&quot;width&quot;:&quot;&quot;,&quot;height&quot;:&quot;&quot;},&quot;dimensions_html&quot;:&quot;n.\\u00a0v.&quot;,&quot;display_price&quot;:1.5,&quot;display_regular_price&quot;:1.5,&quot;gallery_image_ids&quot;:[],&quot;gallery_images_html&quot;:&quot;&quot;,&quot;image&quot;:{&quot;title&quot;:&quot;Borduurnaald voor wol 2&quot;,&quot;caption&quot;:&quot;&quot;,&quot;url&quot;:&quot;https:\\\/\\\/webshop.annemiekoenen.com\\\/wp-content\\\/uploads\\\/sites\\\/2\\\/2021\\\/03\\\/Borduurnaald-voor-wol-2-scaled-e1615460626114.jpg&quot;,&quot;alt&quot;:&quot;Borduurnaald voor wol 2&quot;,&quot;src&quot;:&quot;https:\\\/\\\/webshop.annemiekoenen.com\\\/wp-content\\\/uploads\\\/sites\\\/2\\\/2021\\\/03\\\/Borduurnaald-voor-wol-2-scaled-e1615460626114-600x449.jpg&quot;,&quot;srcset&quot;:&quot;https:\\\/\\\/webshop.annemiekoenen.com\\\/wp-content\\\/uploads\\\/sites\\\/2\\\/2021\\\/03\\\/Borduurnaald-voor-wol-2-scaled-e1615460626114-600x449.jpg 600w, https:\\\/\\\/webshop.annemiekoenen.com\\\/wp-content\\\/uploads\\\/sites\\\/2\\\/2021\\\/03\\\/Borduurnaald-voor-wol-2-scaled-e1615460626114-300x225.jpg 300w, https:\\\/\\\/webshop.annemiekoenen.com\\\/wp-content\\\/uploads\\\/sites\\\/2\\\/2021\\\/03\\\/Borduurnaald-voor-wol-2-scaled-e1615460626114-1024x767.jpg 1024w, https:\\\/\\\/webshop.annemiekoenen.com\\\/wp-content\\\/uploads\\\/sites\\\/2\\\/2021\\\/03\\\/Borduurnaald-voor-wol-2-scaled-e1615460626114-768x575.jpg 768w, https:\\\/\\\/webshop.annemiekoenen.com\\\/wp-content\\\/uploads\\\/sites\\\/2\\\/2021\\\/03\\\/Borduurnaald-voor-wol-2-scaled-e1615460626114.jpg 1529w&quot;,&quot;sizes&quot;:&quot;(max-width: 416px) 100vw, 416px&quot;,&quot;full_src&quot;:&quot;https:\\\/\\\/webshop.annemiekoenen.com\\\/wp-content\\\/uploads\\\/sites\\\/2\\\/2021\\\/03\\\/Borduurnaald-voor-wol-2-scaled-e1615460626114.jpg&quot;,&quot;full_src_w&quot;:1529,&quot;full_src_h&quot;:1145,&quot;gallery_thumbnail_src&quot;:&quot;https:\\\/\\\/webshop.annemiekoenen.com\\\/wp-content\\\/uploads\\\/sites\\\/2\\\/2021\\\/03\\\/Borduurnaald-voor-wol-2-scaled-e1615460626114-100x100.jpg&quot;,&quot;gallery_thumbnail_src_w&quot;:100,&quot;gallery_thumbnail_src_h&quot;:100,&quot;thumb_src&quot;:&quot;https:\\\/\\\/webshop.annemiekoenen.com\\\/wp-content\\\/uploads\\\/sites\\\/2\\\/2021\\\/03\\\/Borduurnaald-voor-wol-2-scaled-e1615460626114-324x324.jpg&quot;,&quot;thumb_src_w&quot;:324,&quot;thumb_src_h&quot;:324,&quot;src_w&quot;:416,&quot;src_h&quot;:311},&quot;image_id&quot;:1334,&quot;is_downloadable&quot;:false,&quot;is_in_stock&quot;:true,&quot;is_purchasable&quot;:true,&quot;is_sold_individually&quot;:&quot;no&quot;,&quot;is_virtual&quot;:false,&quot;max_qty&quot;:7,&quot;min_qty&quot;:1,&quot;price_html&quot;:&quot;&lt;span class=\\&quot;price\\&quot;&gt;&lt;span class=\\&quot;woocommerce-Price-amount amount\\&quot;&gt;&lt;bdi&gt;&lt;span class=\\&quot;woocommerce-Price-currencySymbol\\&quot; translate=\\&quot;no\\&quot;&gt;&amp;euro;&lt;\\\/span&gt;1.50&lt;\\\/bdi&gt;&lt;\\\/span&gt;&lt;\\\/span&gt;&quot;,&quot;sku&quot;:&quot;30BD03&quot;,&quot;variation_description&quot;:&quot;&quot;,&quot;variation_id&quot;:4185,&quot;variation_is_active&quot;:true,&quot;variation_is_visible&quot;:true,&quot;weight&quot;:&quot;3&quot;,&quot;weight_html&quot;:&quot;3 g&quot;},{&quot;attributes&quot;:{&quot;attribute_pa_gereedschap-borduren&quot;:&quot;perlennadel&quot;},&quot;availability_html&quot;:&quot;&lt;p class=\\&quot;stock in-stock\\&quot;&gt;3 vorr\\u00e4tig&lt;\\\/p&gt;\\n&quot;,&quot;backorders_allowed&quot;:false,&quot;dimensions&quot;:{&quot;length&quot;:&quot;&quot;,&quot;width&quot;:&quot;&quot;,&quot;height&quot;:&quot;&quot;},&quot;dimensions_html&quot;:&quot;n.\\u00a0v.&quot;,&quot;display_price&quot;:1,&quot;display_regular_price&quot;:1,&quot;gallery_image_ids&quot;:[],&quot;gallery_images_html&quot;:&quot;&quot;,&quot;image&quot;:{&quot;title&quot;:&quot;Kralen naald 2&quot;,&quot;caption&quot;:&quot;&quot;,&quot;url&quot;:&quot;https:\\\/\\\/webshop.annemiekoenen.com\\\/wp-content\\\/uploads\\\/sites\\\/2\\\/2021\\\/03\\\/Kralen-naald-2-scaled-e1615460897506.jpg&quot;,&quot;alt&quot;:&quot;Kralen naald 2&quot;,&quot;src&quot;:&quot;https:\\\/\\\/webshop.annemiekoenen.com\\\/wp-content\\\/uploads\\\/sites\\\/2\\\/2021\\\/03\\\/Kralen-naald-2-scaled-e1615460897506-600x800.jpg&quot;,&quot;srcset&quot;:&quot;https:\\\/\\\/webshop.annemiekoenen.com\\\/wp-content\\\/uploads\\\/sites\\\/2\\\/2021\\\/03\\\/Kralen-naald-2-scaled-e1615460897506-600x800.jpg 600w, https:\\\/\\\/webshop.annemiekoenen.com\\\/wp-content\\\/uploads\\\/sites\\\/2\\\/2021\\\/03\\\/Kralen-naald-2-scaled-e1615460897506-225x300.jpg 225w, https:\\\/\\\/webshop.annemiekoenen.com\\\/wp-content\\\/uploads\\\/sites\\\/2\\\/2021\\\/03\\\/Kralen-naald-2-scaled-e1615460897506-768x1024.jpg 768w, https:\\\/\\\/webshop.annemiekoenen.com\\\/wp-content\\\/uploads\\\/sites\\\/2\\\/2021\\\/03\\\/Kralen-naald-2-scaled-e1615460897506-1152x1536.jpg 1152w, https:\\\/\\\/webshop.annemiekoenen.com\\\/wp-content\\\/uploads\\\/sites\\\/2\\\/2021\\\/03\\\/Kralen-naald-2-scaled-e1615460897506.jpg 1324w&quot;,&quot;sizes&quot;:&quot;(max-width: 416px) 100vw, 416px&quot;,&quot;full_src&quot;:&quot;https:\\\/\\\/webshop.annemiekoenen.com\\\/wp-content\\\/uploads\\\/sites\\\/2\\\/2021\\\/03\\\/Kralen-naald-2-scaled-e1615460897506.jpg&quot;,&quot;full_src_w&quot;:1324,&quot;full_src_h&quot;:1766,&quot;gallery_thumbnail_src&quot;:&quot;https:\\\/\\\/webshop.annemiekoenen.com\\\/wp-content\\\/uploads\\\/sites\\\/2\\\/2021\\\/03\\\/Kralen-naald-2-scaled-e1615460897506-100x100.jpg&quot;,&quot;gallery_thumbnail_src_w&quot;:100,&quot;gallery_thumbnail_src_h&quot;:100,&quot;thumb_src&quot;:&quot;https:\\\/\\\/webshop.annemiekoenen.com\\\/wp-content\\\/uploads\\\/sites\\\/2\\\/2021\\\/03\\\/Kralen-naald-2-scaled-e1615460897506-324x324.jpg&quot;,&quot;thumb_src_w&quot;:324,&quot;thumb_src_h&quot;:324,&quot;src_w&quot;:416,&quot;src_h&quot;:555},&quot;image_id&quot;:1340,&quot;is_downloadable&quot;:false,&quot;is_in_stock&quot;:true,&quot;is_purchasable&quot;:true,&quot;is_sold_individually&quot;:&quot;no&quot;,&quot;is_virtual&quot;:false,&quot;max_qty&quot;:3,&quot;min_qty&quot;:1,&quot;price_html&quot;:&quot;&lt;span class=\\&quot;price\\&quot;&gt;&lt;span class=\\&quot;woocommerce-Price-amount amount\\&quot;&gt;&lt;bdi&gt;&lt;span class=\\&quot;woocommerce-Price-currencySymbol\\&quot; translate=\\&quot;no\\&quot;&gt;&amp;euro;&lt;\\\/span&gt;1.00&lt;\\\/bdi&gt;&lt;\\\/span&gt;&lt;\\\/span&gt;&quot;,&quot;sku&quot;:&quot;30BD04&quot;,&quot;variation_description&quot;:&quot;&quot;,&quot;variation_id&quot;:4186,&quot;variation_is_active&quot;:true,&quot;variation_is_visible&quot;:true,&quot;weight&quot;:&quot;3&quot;,&quot;weight_html&quot;:&quot;3 g&quot;},{&quot;attributes&quot;:{&quot;attribute_pa_gereedschap-borduren&quot;:&quot;lange-heftnadel-x2&quot;},&quot;availability_html&quot;:&quot;&lt;p class=\\&quot;stock in-stock\\&quot;&gt;18 vorr\\u00e4tig&lt;\\\/p&gt;\\n&quot;,&quot;backorders_allowed&quot;:false,&quot;dimensions&quot;:{&quot;length&quot;:&quot;&quot;,&quot;width&quot;:&quot;&quot;,&quot;height&quot;:&quot;&quot;},&quot;dimensions_html&quot;:&quot;n.\\u00a0v.&quot;,&quot;display_price&quot;:1,&quot;display_regular_price&quot;:1,&quot;gallery_image_ids&quot;:[],&quot;gallery_images_html&quot;:&quot;&quot;,&quot;image&quot;:{&quot;title&quot;:&quot;Lange rijgnaald 2&quot;,&quot;caption&quot;:&quot;&quot;,&quot;url&quot;:&quot;https:\\\/\\\/webshop.annemiekoenen.com\\\/wp-content\\\/uploads\\\/sites\\\/2\\\/2021\\\/03\\\/Lange-rijgnaald-2-scaled-e1615460514914.jpg&quot;,&quot;alt&quot;:&quot;Lange rijgnaald 2&quot;,&quot;src&quot;:&quot;https:\\\/\\\/webshop.annemiekoenen.com\\\/wp-content\\\/uploads\\\/sites\\\/2\\\/2021\\\/03\\\/Lange-rijgnaald-2-scaled-e1615460514914-600x798.jpg&quot;,&quot;srcset&quot;:&quot;https:\\\/\\\/webshop.annemiekoenen.com\\\/wp-content\\\/uploads\\\/sites\\\/2\\\/2021\\\/03\\\/Lange-rijgnaald-2-scaled-e1615460514914-600x798.jpg 600w, https:\\\/\\\/webshop.annemiekoenen.com\\\/wp-content\\\/uploads\\\/sites\\\/2\\\/2021\\\/03\\\/Lange-rijgnaald-2-scaled-e1615460514914-226x300.jpg 226w, https:\\\/\\\/webshop.annemiekoenen.com\\\/wp-content\\\/uploads\\\/sites\\\/2\\\/2021\\\/03\\\/Lange-rijgnaald-2-scaled-e1615460514914-770x1024.jpg 770w, https:\\\/\\\/webshop.annemiekoenen.com\\\/wp-content\\\/uploads\\\/sites\\\/2\\\/2021\\\/03\\\/Lange-rijgnaald-2-scaled-e1615460514914-768x1021.jpg 768w, https:\\\/\\\/webshop.annemiekoenen.com\\\/wp-content\\\/uploads\\\/sites\\\/2\\\/2021\\\/03\\\/Lange-rijgnaald-2-scaled-e1615460514914-1155x1536.jpg 1155w, https:\\\/\\\/webshop.annemiekoenen.com\\\/wp-content\\\/uploads\\\/sites\\\/2\\\/2021\\\/03\\\/Lange-rijgnaald-2-scaled-e1615460514914.jpg 1184w&quot;,&quot;sizes&quot;:&quot;(max-width: 416px) 100vw, 416px&quot;,&quot;full_src&quot;:&quot;https:\\\/\\\/webshop.annemiekoenen.com\\\/wp-content\\\/uploads\\\/sites\\\/2\\\/2021\\\/03\\\/Lange-rijgnaald-2-scaled-e1615460514914.jpg&quot;,&quot;full_src_w&quot;:1184,&quot;full_src_h&quot;:1574,&quot;gallery_thumbnail_src&quot;:&quot;https:\\\/\\\/webshop.annemiekoenen.com\\\/wp-content\\\/uploads\\\/sites\\\/2\\\/2021\\\/03\\\/Lange-rijgnaald-2-scaled-e1615460514914-100x100.jpg&quot;,&quot;gallery_thumbnail_src_w&quot;:100,&quot;gallery_thumbnail_src_h&quot;:100,&quot;thumb_src&quot;:&quot;https:\\\/\\\/webshop.annemiekoenen.com\\\/wp-content\\\/uploads\\\/sites\\\/2\\\/2021\\\/03\\\/Lange-rijgnaald-2-scaled-e1615460514914-324x324.jpg&quot;,&quot;thumb_src_w&quot;:324,&quot;thumb_src_h&quot;:324,&quot;src_w&quot;:416,&quot;src_h&quot;:553},&quot;image_id&quot;:1328,&quot;is_downloadable&quot;:false,&quot;is_in_stock&quot;:true,&quot;is_purchasable&quot;:true,&quot;is_sold_individually&quot;:&quot;no&quot;,&quot;is_virtual&quot;:false,&quot;max_qty&quot;:18,&quot;min_qty&quot;:1,&quot;price_html&quot;:&quot;&lt;span class=\\&quot;price\\&quot;&gt;&lt;span class=\\&quot;woocommerce-Price-amount amount\\&quot;&gt;&lt;bdi&gt;&lt;span class=\\&quot;woocommerce-Price-currencySymbol\\&quot; translate=\\&quot;no\\&quot;&gt;&amp;euro;&lt;\\\/span&gt;1.00&lt;\\\/bdi&gt;&lt;\\\/span&gt;&lt;\\\/span&gt;&quot;,&quot;sku&quot;:&quot;30BD01&quot;,&quot;variation_description&quot;:&quot;&quot;,&quot;variation_id&quot;:4187,&quot;variation_is_active&quot;:true,&quot;variation_is_visible&quot;:true,&quot;weight&quot;:&quot;3&quot;,&quot;weight_html&quot;:&quot;3 g&quot;},{&quot;attributes&quot;:{&quot;attribute_pa_gereedschap-borduren&quot;:&quot;storchschere&quot;},&quot;availability_html&quot;:&quot;&lt;p class=\\&quot;stock in-stock\\&quot;&gt;7 vorr\\u00e4tig&lt;\\\/p&gt;\\n&quot;,&quot;backorders_allowed&quot;:false,&quot;dimensions&quot;:{&quot;length&quot;:&quot;&quot;,&quot;width&quot;:&quot;&quot;,&quot;height&quot;:&quot;&quot;},&quot;dimensions_html&quot;:&quot;n.\\u00a0v.&quot;,&quot;display_price&quot;:13.75,&quot;display_regular_price&quot;:13.75,&quot;gallery_image_ids&quot;:[],&quot;gallery_images_html&quot;:&quot;&quot;,&quot;image&quot;:{&quot;title&quot;:&quot;Ooievaar schaartje 3&quot;,&quot;caption&quot;:&quot;&quot;,&quot;url&quot;:&quot;https:\\\/\\\/webshop.annemiekoenen.com\\\/wp-content\\\/uploads\\\/sites\\\/2\\\/2021\\\/03\\\/Ooievaar-schaartje-3-scaled-e1615460750377.jpg&quot;,&quot;alt&quot;:&quot;Ooievaar schaartje 3&quot;,&quot;src&quot;:&quot;https:\\\/\\\/webshop.annemiekoenen.com\\\/wp-content\\\/uploads\\\/sites\\\/2\\\/2021\\\/03\\\/Ooievaar-schaartje-3-scaled-e1615460750377-600x451.jpg&quot;,&quot;srcset&quot;:&quot;https:\\\/\\\/webshop.annemiekoenen.com\\\/wp-content\\\/uploads\\\/sites\\\/2\\\/2021\\\/03\\\/Ooievaar-schaartje-3-scaled-e1615460750377-600x451.jpg 600w, https:\\\/\\\/webshop.annemiekoenen.com\\\/wp-content\\\/uploads\\\/sites\\\/2\\\/2021\\\/03\\\/Ooievaar-schaartje-3-scaled-e1615460750377-300x225.jpg 300w, https:\\\/\\\/webshop.annemiekoenen.com\\\/wp-content\\\/uploads\\\/sites\\\/2\\\/2021\\\/03\\\/Ooievaar-schaartje-3-scaled-e1615460750377-1024x769.jpg 1024w, https:\\\/\\\/webshop.annemiekoenen.com\\\/wp-content\\\/uploads\\\/sites\\\/2\\\/2021\\\/03\\\/Ooievaar-schaartje-3-scaled-e1615460750377-768x577.jpg 768w, https:\\\/\\\/webshop.annemiekoenen.com\\\/wp-content\\\/uploads\\\/sites\\\/2\\\/2021\\\/03\\\/Ooievaar-schaartje-3-scaled-e1615460750377-1536x1153.jpg 1536w, https:\\\/\\\/webshop.annemiekoenen.com\\\/wp-content\\\/uploads\\\/sites\\\/2\\\/2021\\\/03\\\/Ooievaar-schaartje-3-scaled-e1615460750377.jpg 2003w&quot;,&quot;sizes&quot;:&quot;(max-width: 416px) 100vw, 416px&quot;,&quot;full_src&quot;:&quot;https:\\\/\\\/webshop.annemiekoenen.com\\\/wp-content\\\/uploads\\\/sites\\\/2\\\/2021\\\/03\\\/Ooievaar-schaartje-3-scaled-e1615460750377.jpg&quot;,&quot;full_src_w&quot;:2003,&quot;full_src_h&quot;:1504,&quot;gallery_thumbnail_src&quot;:&quot;https:\\\/\\\/webshop.annemiekoenen.com\\\/wp-content\\\/uploads\\\/sites\\\/2\\\/2021\\\/03\\\/Ooievaar-schaartje-3-scaled-e1615460750377-100x100.jpg&quot;,&quot;gallery_thumbnail_src_w&quot;:100,&quot;gallery_thumbnail_src_h&quot;:100,&quot;thumb_src&quot;:&quot;https:\\\/\\\/webshop.annemiekoenen.com\\\/wp-content\\\/uploads\\\/sites\\\/2\\\/2021\\\/03\\\/Ooievaar-schaartje-3-scaled-e1615460750377-324x324.jpg&quot;,&quot;thumb_src_w&quot;:324,&quot;thumb_src_h&quot;:324,&quot;src_w&quot;:416,&quot;src_h&quot;:313},&quot;image_id&quot;:1337,&quot;is_downloadable&quot;:false,&quot;is_in_stock&quot;:true,&quot;is_purchasable&quot;:true,&quot;is_sold_individually&quot;:&quot;no&quot;,&quot;is_virtual&quot;:false,&quot;max_qty&quot;:7,&quot;min_qty&quot;:1,&quot;price_html&quot;:&quot;&lt;span class=\\&quot;price\\&quot;&gt;&lt;span class=\\&quot;woocommerce-Price-amount amount\\&quot;&gt;&lt;bdi&gt;&lt;span class=\\&quot;woocommerce-Price-currencySymbol\\&quot; translate=\\&quot;no\\&quot;&gt;&amp;euro;&lt;\\\/span&gt;13.75&lt;\\\/bdi&gt;&lt;\\\/span&gt;&lt;\\\/span&gt;&quot;,&quot;sku&quot;:&quot;30BD05&quot;,&quot;variation_description&quot;:&quot;&quot;,&quot;variation_id&quot;:4188,&quot;variation_is_active&quot;:true,&quot;variation_is_visible&quot;:true,&quot;weight&quot;:&quot;23&quot;,&quot;weight_html&quot;:&quot;23 g&quot;}]\">\n\t<div data-product_id=\"4183\" data-threshold_min=\"30\" data-threshold_max=\"100\" data-total=\"13\">\n\t\t\t<table class=\"variations\" cellspacing=\"0\" role=\"presentation\">\n\t\t\t<tbody>\n\t\t\t\t\t\t\t\t\t<tr>\n\t\t\t\t\t\t<th class=\"label\"><label for=\"pa_gereedschap-borduren\">Gereedschap borduren<\/label><\/th>\n\t\t\t\t\t\t<td class=\"value\">\n\t\t\t\t\t\t\t<select style=\"display:none\" id=\"pa_gereedschap-borduren\" class=\" woo-variation-raw-select\" name=\"attribute_pa_gereedschap-borduren\" data-attribute_name=\"attribute_pa_gereedschap-borduren\" data-show_option_none=\"yes\"><option value=\"\">Option ausw\u00e4hlen<\/option><option value=\"fingerhut-gros\" >Fingerhut (gro\u00df)<\/option><option value=\"fingerhut-klein\" >Fingerhut (klein)<\/option><option value=\"fingerhut-mittel\" >Fingerhut (mittel)<\/option><option value=\"lange-heftnadel-x2\" >Lange Heftnadel (x2)<\/option><option value=\"perlennadel\" >Perlennadel<\/option><option value=\"pilot-friction-fineliner-blau\" >Pilot friction fineliner - Blau<\/option><option value=\"pilot-friction-fineliner-gelb-lime\" >Pilot friction fineliner - Gelb Lime<\/option><option value=\"pilot-friction-fineliner-lila-roza\" >Pilot friction fineliner - Lila Roza<\/option><option value=\"pilot-friction-fineliner-rot\" >Pilot friction fineliner - Rot<\/option><option value=\"pilot-friction-fineliner-schwarz\" >Pilot friction fineliner - Schwarz<\/option><option value=\"sticknadel-fein-3x\" >Sticknadel fein (3x)<\/option><option value=\"sticknadel-fur-wolle-3x\" >Sticknadel f\u00fcr Wolle (3x)<\/option><option value=\"storchschere\" >Storchschere<\/option><\/select><ul role=\"radiogroup\" aria-label=\"Gereedschap borduren\" class=\"variable-items-wrapper image-variable-items-wrapper wvs-style-squared\" data-attribute_name=\"attribute_pa_gereedschap-borduren\" data-attribute_values=\"[&quot;sticknadel-fein-3x&quot;,&quot;sticknadel-fur-wolle-3x&quot;,&quot;perlennadel&quot;,&quot;lange-heftnadel-x2&quot;,&quot;storchschere&quot;,&quot;fingerhut-gros&quot;,&quot;fingerhut-mittel&quot;,&quot;pilot-friction-fineliner-blau&quot;,&quot;pilot-friction-fineliner-gelb-lime&quot;,&quot;pilot-friction-fineliner-lila-roza&quot;,&quot;pilot-friction-fineliner-rot&quot;,&quot;pilot-friction-fineliner-schwarz&quot;,&quot;fingerhut-klein&quot;]\"><li aria-checked=\"false\" tabindex=\"0\" data-attribute_name=\"attribute_pa_gereedschap-borduren\" data-wvstooltip=\"Fingerhut (gro\u00df)\" class=\"variable-item image-variable-item image-variable-item-fingerhut-gros \" title=\"Fingerhut (gro\u00df)\" data-title=\"Fingerhut (gro\u00df)\" data-value=\"fingerhut-gros\" role=\"radio\" tabindex=\"0\"><div class=\"variable-item-contents\"><img loading=\"lazy\" decoding=\"async\" class=\"variable-item-image\"  aria-hidden=\"true\" alt=\"Fingerhut (gro\u00df)\" src=\"https:\/\/webshop.annemiekoenen.com\/wp-content\/uploads\/sites\/2\/2021\/06\/Vingerhoed.jpg\" width=\"50\" height=\"33\" \/><\/div><\/li><li aria-checked=\"false\" tabindex=\"0\" data-attribute_name=\"attribute_pa_gereedschap-borduren\" data-wvstooltip=\"Fingerhut (klein)\" class=\"variable-item image-variable-item image-variable-item-fingerhut-klein \" title=\"Fingerhut (klein)\" data-title=\"Fingerhut (klein)\" data-value=\"fingerhut-klein\" role=\"radio\" tabindex=\"0\"><div class=\"variable-item-contents\"><img loading=\"lazy\" decoding=\"async\" class=\"variable-item-image\"  aria-hidden=\"true\" alt=\"Fingerhut (klein)\" src=\"https:\/\/webshop.annemiekoenen.com\/wp-content\/uploads\/sites\/2\/2022\/08\/20220830_174537_copy_312x312-50x50.jpg\" width=\"50\" height=\"50\" \/><\/div><\/li><li aria-checked=\"false\" tabindex=\"0\" data-attribute_name=\"attribute_pa_gereedschap-borduren\" data-wvstooltip=\"Fingerhut (mittel)\" class=\"variable-item image-variable-item image-variable-item-fingerhut-mittel \" title=\"Fingerhut (mittel)\" data-title=\"Fingerhut (mittel)\" data-value=\"fingerhut-mittel\" role=\"radio\" tabindex=\"0\"><div class=\"variable-item-contents\"><img loading=\"lazy\" decoding=\"async\" class=\"variable-item-image\"  aria-hidden=\"true\" alt=\"Fingerhut (mittel)\" src=\"https:\/\/webshop.annemiekoenen.com\/wp-content\/uploads\/sites\/2\/2021\/06\/Vingerhoed.jpg\" width=\"50\" height=\"33\" \/><\/div><\/li><li aria-checked=\"false\" tabindex=\"0\" data-attribute_name=\"attribute_pa_gereedschap-borduren\" data-wvstooltip=\"Lange Heftnadel (x2)\" class=\"variable-item image-variable-item image-variable-item-lange-heftnadel-x2 \" title=\"Lange Heftnadel (x2)\" data-title=\"Lange Heftnadel (x2)\" data-value=\"lange-heftnadel-x2\" role=\"radio\" tabindex=\"0\"><div class=\"variable-item-contents\"><img loading=\"lazy\" decoding=\"async\" class=\"variable-item-image\"  aria-hidden=\"true\" alt=\"Lange Heftnadel (x2)\" src=\"https:\/\/webshop.annemiekoenen.com\/wp-content\/uploads\/sites\/2\/2021\/03\/Lange-rijgnaald-2-scaled-e1615460514914.jpg\" width=\"38\" height=\"50\" \/><\/div><\/li><li aria-checked=\"false\" tabindex=\"0\" data-attribute_name=\"attribute_pa_gereedschap-borduren\" data-wvstooltip=\"Perlennadel\" class=\"variable-item image-variable-item image-variable-item-perlennadel \" title=\"Perlennadel\" data-title=\"Perlennadel\" data-value=\"perlennadel\" role=\"radio\" tabindex=\"0\"><div class=\"variable-item-contents\"><img loading=\"lazy\" decoding=\"async\" class=\"variable-item-image\"  aria-hidden=\"true\" alt=\"Perlennadel\" src=\"https:\/\/webshop.annemiekoenen.com\/wp-content\/uploads\/sites\/2\/2021\/03\/Kralen-naald-2-scaled-e1615460897506.jpg\" width=\"37\" height=\"50\" \/><\/div><\/li><li aria-checked=\"false\" tabindex=\"0\" data-attribute_name=\"attribute_pa_gereedschap-borduren\" data-wvstooltip=\"Pilot friction fineliner - Blau\" class=\"variable-item image-variable-item image-variable-item-pilot-friction-fineliner-blau \" title=\"Pilot friction fineliner - Blau\" data-title=\"Pilot friction fineliner - Blau\" data-value=\"pilot-friction-fineliner-blau\" role=\"radio\" tabindex=\"0\"><div class=\"variable-item-contents\"><img loading=\"lazy\" decoding=\"async\" class=\"variable-item-image\"  aria-hidden=\"true\" alt=\"Pilot friction fineliner - Blau\" src=\"https:\/\/webshop.annemiekoenen.com\/wp-content\/uploads\/sites\/2\/2022\/01\/Pilot-friction-fineliner-Blauw-scaled-e1641118446393.jpg\" width=\"17\" height=\"50\" \/><\/div><\/li><li aria-checked=\"false\" tabindex=\"0\" data-attribute_name=\"attribute_pa_gereedschap-borduren\" data-wvstooltip=\"Pilot friction fineliner - Gelb Lime\" class=\"variable-item image-variable-item image-variable-item-pilot-friction-fineliner-gelb-lime \" title=\"Pilot friction fineliner - Gelb Lime\" data-title=\"Pilot friction fineliner - Gelb Lime\" data-value=\"pilot-friction-fineliner-gelb-lime\" role=\"radio\" tabindex=\"0\"><div class=\"variable-item-contents\"><img loading=\"lazy\" decoding=\"async\" class=\"variable-item-image\"  aria-hidden=\"true\" alt=\"Pilot friction fineliner - Gelb Lime\" src=\"https:\/\/webshop.annemiekoenen.com\/wp-content\/uploads\/sites\/2\/2022\/01\/Pilot-friction-fineliner-geel-lime-scaled-e1641118614994.jpg\" width=\"18\" height=\"50\" \/><\/div><\/li><li aria-checked=\"false\" tabindex=\"0\" data-attribute_name=\"attribute_pa_gereedschap-borduren\" data-wvstooltip=\"Pilot friction fineliner - Lila Roza\" class=\"variable-item image-variable-item image-variable-item-pilot-friction-fineliner-lila-roza \" title=\"Pilot friction fineliner - Lila Roza\" data-title=\"Pilot friction fineliner - Lila Roza\" data-value=\"pilot-friction-fineliner-lila-roza\" role=\"radio\" tabindex=\"0\"><div class=\"variable-item-contents\"><img loading=\"lazy\" decoding=\"async\" class=\"variable-item-image\"  aria-hidden=\"true\" alt=\"Pilot friction fineliner - Lila Roza\" src=\"https:\/\/webshop.annemiekoenen.com\/wp-content\/uploads\/sites\/2\/2022\/01\/Pilot-friction-fineliner-lila-roze-scaled-e1641118799845.jpg\" width=\"18\" height=\"50\" \/><\/div><\/li><li aria-checked=\"false\" tabindex=\"0\" data-attribute_name=\"attribute_pa_gereedschap-borduren\" data-wvstooltip=\"Pilot friction fineliner - Rot\" class=\"variable-item image-variable-item image-variable-item-pilot-friction-fineliner-rot \" title=\"Pilot friction fineliner - Rot\" data-title=\"Pilot friction fineliner - Rot\" data-value=\"pilot-friction-fineliner-rot\" role=\"radio\" tabindex=\"0\"><div class=\"variable-item-contents\"><img loading=\"lazy\" decoding=\"async\" class=\"variable-item-image\"  aria-hidden=\"true\" alt=\"Pilot friction fineliner - Rot\" src=\"https:\/\/webshop.annemiekoenen.com\/wp-content\/uploads\/sites\/2\/2022\/01\/Pilot-friction-fineliner-Rood-scaled-e1641118274654.jpg\" width=\"15\" height=\"50\" \/><\/div><\/li><li aria-checked=\"false\" tabindex=\"0\" data-attribute_name=\"attribute_pa_gereedschap-borduren\" data-wvstooltip=\"Pilot friction fineliner - Schwarz\" class=\"variable-item image-variable-item image-variable-item-pilot-friction-fineliner-schwarz \" title=\"Pilot friction fineliner - Schwarz\" data-title=\"Pilot friction fineliner - Schwarz\" data-value=\"pilot-friction-fineliner-schwarz\" role=\"radio\" tabindex=\"0\"><div class=\"variable-item-contents\"><img loading=\"lazy\" decoding=\"async\" class=\"variable-item-image\"  aria-hidden=\"true\" alt=\"Pilot friction fineliner - Schwarz\" src=\"https:\/\/webshop.annemiekoenen.com\/wp-content\/uploads\/sites\/2\/2022\/01\/Pilot-friction-fineliner-Zwart-scaled-e1641118205527.jpg\" width=\"20\" height=\"50\" \/><\/div><\/li><li aria-checked=\"false\" tabindex=\"0\" data-attribute_name=\"attribute_pa_gereedschap-borduren\" data-wvstooltip=\"Sticknadel fein (3x)\" class=\"variable-item image-variable-item image-variable-item-sticknadel-fein-3x \" title=\"Sticknadel fein (3x)\" data-title=\"Sticknadel fein (3x)\" data-value=\"sticknadel-fein-3x\" role=\"radio\" tabindex=\"0\"><div class=\"variable-item-contents\"><img loading=\"lazy\" decoding=\"async\" class=\"variable-item-image\"  aria-hidden=\"true\" alt=\"Sticknadel fein (3x)\" src=\"https:\/\/webshop.annemiekoenen.com\/wp-content\/uploads\/sites\/2\/2021\/03\/Borduurnaald-fijn-2-scaled-e1615460433276.jpg\" width=\"50\" height=\"38\" \/><\/div><\/li><li aria-checked=\"false\" tabindex=\"0\" data-attribute_name=\"attribute_pa_gereedschap-borduren\" data-wvstooltip=\"Sticknadel f\u00fcr Wolle (3x)\" class=\"variable-item image-variable-item image-variable-item-sticknadel-fur-wolle-3x \" title=\"Sticknadel f\u00fcr Wolle (3x)\" data-title=\"Sticknadel f\u00fcr Wolle (3x)\" data-value=\"sticknadel-fur-wolle-3x\" role=\"radio\" tabindex=\"0\"><div class=\"variable-item-contents\"><img loading=\"lazy\" decoding=\"async\" class=\"variable-item-image\"  aria-hidden=\"true\" alt=\"Sticknadel f\u00fcr Wolle (3x)\" src=\"https:\/\/webshop.annemiekoenen.com\/wp-content\/uploads\/sites\/2\/2021\/03\/Borduurnaald-voor-wol-2-scaled-e1615460626114.jpg\" width=\"50\" height=\"37\" \/><\/div><\/li><li aria-checked=\"false\" tabindex=\"0\" data-attribute_name=\"attribute_pa_gereedschap-borduren\" data-wvstooltip=\"Storchschere\" class=\"variable-item image-variable-item image-variable-item-storchschere \" title=\"Storchschere\" data-title=\"Storchschere\" data-value=\"storchschere\" role=\"radio\" tabindex=\"0\"><div class=\"variable-item-contents\"><img loading=\"lazy\" decoding=\"async\" class=\"variable-item-image\"  aria-hidden=\"true\" alt=\"Storchschere\" src=\"https:\/\/webshop.annemiekoenen.com\/wp-content\/uploads\/sites\/2\/2021\/03\/Ooievaar-schaartje-3-scaled-e1615460750377.jpg\" width=\"50\" height=\"38\" \/><\/div><\/li><\/ul><a class=\"reset_variations\" href=\"#\" aria-label=\"Optionen l\u00f6schen\">Zur\u00fccksetzen<\/a>\t\t\t\t\t\t<\/td>\n\t\t\t\t\t<\/tr>\n\t\t\t\t\t\t\t<\/tbody>\n\t\t<\/table>\n\t\t<div class=\"reset_variations_alert screen-reader-text\" role=\"alert\" aria-live=\"polite\" aria-relevant=\"all\"><\/div>\n\t\t\t\t\n\t\t<div class=\"single_variation_wrap\">\n\t\t\t<div class=\"woocommerce-variation single_variation\" role=\"alert\" aria-relevant=\"additions\"><\/div><div class=\"woocommerce-variation-add-to-cart variations_button\">\n\t\n\t<div class=\"quantity\">\n\t\t<label class=\"screen-reader-text\" for=\"quantity_6a960a9034b0b\">Stickwerkzeuge Menge<\/label>\n\t<input\n\t\ttype=\"number\"\n\t\t\t\tid=\"quantity_6a960a9034b0b\"\n\t\tclass=\"input-text qty text\"\n\t\tname=\"quantity\"\n\t\tvalue=\"1\"\n\t\taria-label=\"Produktmenge\"\n\t\t\t\tmin=\"1\"\n\t\t\t\t\t\t\tstep=\"1\"\n\t\t\tplaceholder=\"\"\n\t\t\tinputmode=\"numeric\"\n\t\t\tautocomplete=\"off\"\n\t\t\t\/>\n\t<\/div>\n\n\t<button type=\"submit\" class=\"single_add_to_cart_button button alt\">In den Warenkorb<\/button>\n\n\t\n\t<input type=\"hidden\" name=\"add-to-cart\" value=\"4183\" \/>\n\t<input type=\"hidden\" name=\"product_id\" value=\"4183\" \/>\n\t<input type=\"hidden\" name=\"variation_id\" class=\"variation_id\" value=\"0\" \/>\n<\/div>\n\t\t<\/div>\n\t\n\t<\/div><\/form>\n\n<div class=\"product_meta\">\n\n\t\n\t\n\t\t<span class=\"sku_wrapper\">Artikelnummer: <span class=\"sku\">n.\u00a0v.<\/span><\/span>\n\n\t\n\t<span class=\"posted_in\">Kategorien: <a href=\"https:\/\/webshop.annemiekoenen.com\/de\/produkt-kategorie\/andere-produkte\/\" rel=\"tag\">Andere Produkte<\/a>, <a href=\"https:\/\/webshop.annemiekoenen.com\/de\/produkt-kategorie\/andere-produkte\/werkzeuge\/\" rel=\"tag\">Werkzeuge<\/a><\/span>\n\t\n\t\n<\/div>\n\t<\/div>\n\n\t\n\t<div class=\"woocommerce-tabs wc-tabs-wrapper\">\n\t\t<ul class=\"tabs wc-tabs\" role=\"tablist\">\n\t\t\t\t\t\t\t<li role=\"presentation\" class=\"additional_information_tab\" id=\"tab-title-additional_information\">\n\t\t\t\t\t<a href=\"#tab-additional_information\" role=\"tab\" aria-controls=\"tab-additional_information\">\n\t\t\t\t\t\tZus\u00e4tzliche Informationen\t\t\t\t\t<\/a>\n\t\t\t\t<\/li>\n\t\t\t\t\t<\/ul>\n\t\t\t\t\t<div class=\"woocommerce-Tabs-panel woocommerce-Tabs-panel--additional_information panel entry-content wc-tab\" id=\"tab-additional_information\" role=\"tabpanel\" aria-labelledby=\"tab-title-additional_information\">\n\t\t\t\t\n\t<h2>Zus\u00e4tzliche Informationen<\/h2>\n\n<table class=\"woocommerce-product-attributes shop_attributes\" aria-label=\"Produktdetails\">\n\t\t\t<tr class=\"woocommerce-product-attributes-item woocommerce-product-attributes-item--weight\">\n\t\t\t<th class=\"woocommerce-product-attributes-item__label\" scope=\"row\">Gewicht<\/th>\n\t\t\t<td class=\"woocommerce-product-attributes-item__value\">n.\u00a0v.<\/td>\n\t\t<\/tr>\n\t\t\t<tr class=\"woocommerce-product-attributes-item woocommerce-product-attributes-item--attribute_pa_gereedschap-borduren\">\n\t\t\t<th class=\"woocommerce-product-attributes-item__label\" scope=\"row\">Gereedschap borduren<\/th>\n\t\t\t<td class=\"woocommerce-product-attributes-item__value\"><p>DIY Nadelkissen, Fingerhut (gro\u00df), Fingerhut (klein), Fingerhut (mittel), Lange Heftnadel (x2), Perlennadel, Pilot friction fineliner &#8211; Blau, Pilot friction fineliner &#8211; Gelb Lime, Pilot friction fineliner &#8211; Lila Roza, Pilot friction fineliner &#8211; Rot, Pilot friction fineliner &#8211; Schwarz, Sticknadel fein (3x), Sticknadel f\u00fcr Wolle (3x), Storchschere<\/p>\n<\/td>\n\t\t<\/tr>\n\t<\/table>\n\t\t\t<\/div>\n\t\t\n\t\t\t<\/div>\n\n\n\t<section class=\"related products\">\n\n\t\t\t\t\t<h2>\u00c4hnliche Produkte<\/h2>\n\t\t\t\t<ul class=\"products columns-3\">\n\n\t\t\t\n\t\t\t\t\t<li class=\"product type-product post-2907 status-publish first instock product_cat-andere-produkte product_cat-ledermaterial has-post-thumbnail taxable shipping-taxable purchasable product-type-variable\">\n\t<a href=\"https:\/\/webshop.annemiekoenen.com\/de\/laden\/andere-produkte\/ledermaterial\/veloursleder-leder-schnursenkel\/\" class=\"woocommerce-LoopProduct-link woocommerce-loop-product__link\"><img loading=\"lazy\" decoding=\"async\" width=\"324\" height=\"324\" src=\"https:\/\/webshop.annemiekoenen.com\/wp-content\/uploads\/sites\/2\/2021\/04\/Suede-lederen-veters-spectrum-scaled-324x324.jpg\" class=\"attachment-woocommerce_thumbnail size-woocommerce_thumbnail\" alt=\"Schn\u00fcrsenkel aus Veloursleder\" srcset=\"https:\/\/webshop.annemiekoenen.com\/wp-content\/uploads\/sites\/2\/2021\/04\/Suede-lederen-veters-spectrum-scaled-324x324.jpg 324w, https:\/\/webshop.annemiekoenen.com\/wp-content\/uploads\/sites\/2\/2021\/04\/Suede-lederen-veters-spectrum-scaled-150x150.jpg 150w, https:\/\/webshop.annemiekoenen.com\/wp-content\/uploads\/sites\/2\/2021\/04\/Suede-lederen-veters-spectrum-scaled-100x100.jpg 100w, https:\/\/webshop.annemiekoenen.com\/wp-content\/uploads\/sites\/2\/2021\/04\/Suede-lederen-veters-spectrum-scaled-300x300.jpg 300w\" sizes=\"(max-width: 324px) 100vw, 324px\" \/><h2 class=\"woocommerce-loop-product__title\">Schn\u00fcrsenkel aus Veloursleder<\/h2>\n\t<span class=\"price\"><span class=\"woocommerce-Price-amount amount\"><bdi><span class=\"woocommerce-Price-currencySymbol\" translate=\"no\">&euro;<\/span>2.00<\/bdi><\/span><\/span>\n<\/a><a href=\"https:\/\/webshop.annemiekoenen.com\/de\/laden\/andere-produkte\/ledermaterial\/veloursleder-leder-schnursenkel\/\" aria-describedby=\"woocommerce_loop_add_to_cart_link_describedby_2907\" data-quantity=\"1\" class=\"button product_type_variable add_to_cart_button\" data-product_id=\"2907\" data-product_sku=\"\" aria-label=\"W\u00e4hle Optionen f\u00fcr \u201eSchn\u00fcrsenkel aus Veloursleder\u201c\" rel=\"nofollow\">Ausf\u00fchrung w\u00e4hlen<\/a>\t<span id=\"woocommerce_loop_add_to_cart_link_describedby_2907\" class=\"screen-reader-text\">\n\t\tDieses Produkt weist mehrere Varianten auf. Die Optionen k\u00f6nnen auf der Produktseite gew\u00e4hlt werden\t<\/span>\n<\/li>\n\n\t\t\t\n\t\t\t\t\t<li class=\"product type-product post-7851 status-publish instock product_cat-andere-produkte product_cat-charms-und-perlen product_cat-kleine-perlen product_cat-perlen has-post-thumbnail taxable shipping-taxable purchasable product-type-variable\">\n\t<a href=\"https:\/\/webshop.annemiekoenen.com\/de\/laden\/andere-produkte\/charms-und-perlen\/perlen\/kleine-perlen\/kleine-perlen\/\" class=\"woocommerce-LoopProduct-link woocommerce-loop-product__link\"><img loading=\"lazy\" decoding=\"async\" width=\"324\" height=\"324\" src=\"https:\/\/webshop.annemiekoenen.com\/wp-content\/uploads\/sites\/2\/2022\/09\/2022-09-12_14.48.00-324x324.jpg\" class=\"attachment-woocommerce_thumbnail size-woocommerce_thumbnail\" alt=\"kleine Perlen\" srcset=\"https:\/\/webshop.annemiekoenen.com\/wp-content\/uploads\/sites\/2\/2022\/09\/2022-09-12_14.48.00-324x324.jpg 324w, https:\/\/webshop.annemiekoenen.com\/wp-content\/uploads\/sites\/2\/2022\/09\/2022-09-12_14.48.00-300x300.jpg 300w, https:\/\/webshop.annemiekoenen.com\/wp-content\/uploads\/sites\/2\/2022\/09\/2022-09-12_14.48.00-1024x1024.jpg 1024w, https:\/\/webshop.annemiekoenen.com\/wp-content\/uploads\/sites\/2\/2022\/09\/2022-09-12_14.48.00-150x150.jpg 150w, https:\/\/webshop.annemiekoenen.com\/wp-content\/uploads\/sites\/2\/2022\/09\/2022-09-12_14.48.00-768x768.jpg 768w, https:\/\/webshop.annemiekoenen.com\/wp-content\/uploads\/sites\/2\/2022\/09\/2022-09-12_14.48.00-416x416.jpg 416w, https:\/\/webshop.annemiekoenen.com\/wp-content\/uploads\/sites\/2\/2022\/09\/2022-09-12_14.48.00-100x100.jpg 100w, https:\/\/webshop.annemiekoenen.com\/wp-content\/uploads\/sites\/2\/2022\/09\/2022-09-12_14.48.00-50x50.jpg 50w, https:\/\/webshop.annemiekoenen.com\/wp-content\/uploads\/sites\/2\/2022\/09\/2022-09-12_14.48.00.jpg 1080w\" sizes=\"(max-width: 324px) 100vw, 324px\" \/><h2 class=\"woocommerce-loop-product__title\">kleine Perlen<\/h2>\n\t<span class=\"price\"><span class=\"woocommerce-Price-amount amount\" aria-hidden=\"true\"><bdi><span class=\"woocommerce-Price-currencySymbol\" translate=\"no\">&euro;<\/span>1.95<\/bdi><\/span> <span aria-hidden=\"true\"> \u2013 <\/span> <span class=\"woocommerce-Price-amount amount\" aria-hidden=\"true\"><bdi><span class=\"woocommerce-Price-currencySymbol\" translate=\"no\">&euro;<\/span>3.65<\/bdi><\/span><span class=\"screen-reader-text\">Preisspanne: &euro;1.95 bis &euro;3.65<\/span><\/span>\n<\/a><a href=\"https:\/\/webshop.annemiekoenen.com\/de\/laden\/andere-produkte\/charms-und-perlen\/perlen\/kleine-perlen\/kleine-perlen\/\" aria-describedby=\"woocommerce_loop_add_to_cart_link_describedby_7851\" data-quantity=\"1\" class=\"button product_type_variable add_to_cart_button\" data-product_id=\"7851\" data-product_sku=\"\" aria-label=\"W\u00e4hle Optionen f\u00fcr \u201ekleine Perlen\u201c\" rel=\"nofollow\">Ausf\u00fchrung w\u00e4hlen<\/a>\t<span id=\"woocommerce_loop_add_to_cart_link_describedby_7851\" class=\"screen-reader-text\">\n\t\tDieses Produkt weist mehrere Varianten auf. Die Optionen k\u00f6nnen auf der Produktseite gew\u00e4hlt werden\t<\/span>\n<\/li>\n\n\t\t\t\n\t\t\t\t\t<li class=\"product type-product post-4241 status-publish last instock product_cat-andere-produkte product_cat-werkzeuge has-post-thumbnail taxable shipping-taxable purchasable product-type-variable\">\n\t<a href=\"https:\/\/webshop.annemiekoenen.com\/de\/laden\/andere-produkte\/werkzeuge\/werkzeuge-spinnen\/\" class=\"woocommerce-LoopProduct-link woocommerce-loop-product__link\"><img loading=\"lazy\" decoding=\"async\" width=\"324\" height=\"324\" src=\"https:\/\/webshop.annemiekoenen.com\/wp-content\/uploads\/sites\/2\/2021\/03\/Spectrum-Spinnen-scaled-e1615471011550-324x324.jpg\" class=\"attachment-woocommerce_thumbnail size-woocommerce_thumbnail\" alt=\"Spinn- und Webwerkzeuge\" srcset=\"https:\/\/webshop.annemiekoenen.com\/wp-content\/uploads\/sites\/2\/2021\/03\/Spectrum-Spinnen-scaled-e1615471011550-324x324.jpg 324w, https:\/\/webshop.annemiekoenen.com\/wp-content\/uploads\/sites\/2\/2021\/03\/Spectrum-Spinnen-scaled-e1615471011550-150x150.jpg 150w, https:\/\/webshop.annemiekoenen.com\/wp-content\/uploads\/sites\/2\/2021\/03\/Spectrum-Spinnen-scaled-e1615471011550-100x100.jpg 100w, https:\/\/webshop.annemiekoenen.com\/wp-content\/uploads\/sites\/2\/2021\/03\/Spectrum-Spinnen-scaled-e1615471011550-300x300.jpg 300w\" sizes=\"(max-width: 324px) 100vw, 324px\" \/><h2 class=\"woocommerce-loop-product__title\">Spinn- und Webwerkzeuge<\/h2>\n\t<span class=\"price\"><span class=\"woocommerce-Price-amount amount\" aria-hidden=\"true\"><bdi><span class=\"woocommerce-Price-currencySymbol\" translate=\"no\">&euro;<\/span>6.75<\/bdi><\/span> <span aria-hidden=\"true\"> \u2013 <\/span> <span class=\"woocommerce-Price-amount amount\" aria-hidden=\"true\"><bdi><span class=\"woocommerce-Price-currencySymbol\" translate=\"no\">&euro;<\/span>65.00<\/bdi><\/span><span class=\"screen-reader-text\">Preisspanne: &euro;6.75 bis &euro;65.00<\/span><\/span>\n<\/a><a href=\"https:\/\/webshop.annemiekoenen.com\/de\/laden\/andere-produkte\/werkzeuge\/werkzeuge-spinnen\/\" aria-describedby=\"woocommerce_loop_add_to_cart_link_describedby_4241\" data-quantity=\"1\" class=\"button product_type_variable add_to_cart_button\" data-product_id=\"4241\" data-product_sku=\"\" aria-label=\"W\u00e4hle Optionen f\u00fcr \u201eSpinn- und Webwerkzeuge\u201c\" rel=\"nofollow\">Ausf\u00fchrung w\u00e4hlen<\/a>\t<span id=\"woocommerce_loop_add_to_cart_link_describedby_4241\" class=\"screen-reader-text\">\n\t\tDieses Produkt weist mehrere Varianten auf. Die Optionen k\u00f6nnen auf der Produktseite gew\u00e4hlt werden\t<\/span>\n<\/li>\n\n\t\t\t\n\t\t<\/ul>\n\n\t<\/section>\n\t\t\t<nav class=\"storefront-product-pagination\" aria-label=\"Mehr Produkte\">\n\t\t\t\t\t\t\t<a href=\"https:\/\/webshop.annemiekoenen.com\/de\/laden\/andere-produkte\/stickgarn-de\/synthetisch\/\" rel=\"prev\">\n\t\t\t\t\t<img loading=\"lazy\" decoding=\"async\" width=\"324\" height=\"324\" src=\"https:\/\/webshop.annemiekoenen.com\/wp-content\/uploads\/sites\/2\/2021\/03\/Borduurgaren-kleurenspectrum-Synthetisch-scaled-e1615387563898-324x324.jpg\" class=\"attachment-woocommerce_thumbnail size-woocommerce_thumbnail\" alt=\"Synthetisches Stickgarn\" \/>\t\t\t\t\t<span class=\"storefront-product-pagination__title\">Synthetisches Stickgarn<\/span>\n\t\t\t\t<\/a>\n\t\t\t\n\t\t\t\t\t\t\t<a href=\"https:\/\/webshop.annemiekoenen.com\/de\/laden\/andere-produkte\/werkzeuge\/werkzeuge-nass-filzen\/\" rel=\"next\">\n\t\t\t\t\t<img loading=\"lazy\" decoding=\"async\" width=\"324\" height=\"324\" src=\"https:\/\/webshop.annemiekoenen.com\/wp-content\/uploads\/sites\/2\/2021\/03\/Spectrum-gereedschap-natvilt-scaled-e1615466547183-324x324.jpg\" class=\"attachment-woocommerce_thumbnail size-woocommerce_thumbnail\" alt=\"Nassfilzwerkzeuge\" \/>\t\t\t\t\t<span class=\"storefront-product-pagination__title\">Nassfilzwerkzeuge<\/span>\n\t\t\t\t<\/a>\n\t\t\t\t\t<\/nav><!-- .storefront-product-pagination -->\n\t\t<\/div>\n\n\t\t\t<\/div>\n\t\t\t<\/div><\/p>\n\n<p class=\"has-text-align-center has-vivid-green-cyan-background-color has-background wp-block-paragraph\"><strong><strong>Stickgarne nach Belieben<\/strong> <br \/><\/strong>Seidenspaltgarn<\/p>\n\n<p class=\"wp-block-paragraph\"><div class=\"woocommerce\">\t\t\t<div class=\"single-product\" data-product-page-preselected-id=\"0\">\n\t\t\t\t<div class=\"woocommerce-notices-wrapper\"><\/div><div id=\"product-3657\" class=\"product type-product post-3657 status-publish first instock product_cat-farbkuche product_cat-stickgarn has-post-thumbnail taxable shipping-taxable purchasable product-type-variable\">\n\n\t<div class=\"woocommerce-product-gallery woocommerce-product-gallery--with-images woocommerce-product-gallery--columns-5 images\" data-columns=\"5\" style=\"opacity: 0; transition: opacity .25s ease-in-out;\">\n\t<div class=\"woocommerce-product-gallery__wrapper\">\n\t\t<div data-thumb=\"https:\/\/webshop.annemiekoenen.com\/wp-content\/uploads\/sites\/2\/2021\/03\/Borduurgaren-Kleurenspectrum-Zijde-splijtgaren-scaled-e1615308607345-100x100.jpg\" data-thumb-alt=\"Seidenspaltgarn\" data-thumb-srcset=\"https:\/\/webshop.annemiekoenen.com\/wp-content\/uploads\/sites\/2\/2021\/03\/Borduurgaren-Kleurenspectrum-Zijde-splijtgaren-scaled-e1615308607345-100x100.jpg 100w, https:\/\/webshop.annemiekoenen.com\/wp-content\/uploads\/sites\/2\/2021\/03\/Borduurgaren-Kleurenspectrum-Zijde-splijtgaren-scaled-e1615308607345-150x150.jpg 150w, https:\/\/webshop.annemiekoenen.com\/wp-content\/uploads\/sites\/2\/2021\/03\/Borduurgaren-Kleurenspectrum-Zijde-splijtgaren-scaled-e1615308607345-324x324.jpg 324w, https:\/\/webshop.annemiekoenen.com\/wp-content\/uploads\/sites\/2\/2021\/03\/Borduurgaren-Kleurenspectrum-Zijde-splijtgaren-scaled-e1615308607345-300x300.jpg 300w\"  data-thumb-sizes=\"(max-width: 100px) 100vw, 100px\" class=\"woocommerce-product-gallery__image\"><a href=\"https:\/\/webshop.annemiekoenen.com\/wp-content\/uploads\/sites\/2\/2021\/03\/Borduurgaren-Kleurenspectrum-Zijde-splijtgaren-scaled-e1615308607345.jpg\"><img loading=\"lazy\" decoding=\"async\" width=\"416\" height=\"312\" src=\"https:\/\/webshop.annemiekoenen.com\/wp-content\/uploads\/sites\/2\/2021\/03\/Borduurgaren-Kleurenspectrum-Zijde-splijtgaren-scaled-e1615308607345-600x450.jpg\" class=\"wp-post-image\" alt=\"Seidenspaltgarn\" data-caption=\"\" data-src=\"https:\/\/webshop.annemiekoenen.com\/wp-content\/uploads\/sites\/2\/2021\/03\/Borduurgaren-Kleurenspectrum-Zijde-splijtgaren-scaled-e1615308607345.jpg\" data-large_image=\"https:\/\/webshop.annemiekoenen.com\/wp-content\/uploads\/sites\/2\/2021\/03\/Borduurgaren-Kleurenspectrum-Zijde-splijtgaren-scaled-e1615308607345.jpg\" data-large_image_width=\"1792\" data-large_image_height=\"1344\" srcset=\"https:\/\/webshop.annemiekoenen.com\/wp-content\/uploads\/sites\/2\/2021\/03\/Borduurgaren-Kleurenspectrum-Zijde-splijtgaren-scaled-e1615308607345-600x450.jpg 600w, https:\/\/webshop.annemiekoenen.com\/wp-content\/uploads\/sites\/2\/2021\/03\/Borduurgaren-Kleurenspectrum-Zijde-splijtgaren-scaled-e1615308607345-300x225.jpg 300w, https:\/\/webshop.annemiekoenen.com\/wp-content\/uploads\/sites\/2\/2021\/03\/Borduurgaren-Kleurenspectrum-Zijde-splijtgaren-scaled-e1615308607345-1024x768.jpg 1024w, https:\/\/webshop.annemiekoenen.com\/wp-content\/uploads\/sites\/2\/2021\/03\/Borduurgaren-Kleurenspectrum-Zijde-splijtgaren-scaled-e1615308607345-768x576.jpg 768w, https:\/\/webshop.annemiekoenen.com\/wp-content\/uploads\/sites\/2\/2021\/03\/Borduurgaren-Kleurenspectrum-Zijde-splijtgaren-scaled-e1615308607345-1536x1152.jpg 1536w, https:\/\/webshop.annemiekoenen.com\/wp-content\/uploads\/sites\/2\/2021\/03\/Borduurgaren-Kleurenspectrum-Zijde-splijtgaren-scaled-e1615308607345.jpg 1792w\" sizes=\"(max-width: 416px) 100vw, 416px\" \/><\/a><\/div>\t<\/div>\n<\/div>\n\n\t<div class=\"summary entry-summary\">\n\t\t<h1 class=\"product_title entry-title\">Seidenspaltgarn<\/h1><p class=\"price\"><span class=\"woocommerce-Price-amount amount\"><bdi><span class=\"woocommerce-Price-currencySymbol\" translate=\"no\">&euro;<\/span>3.45<\/bdi><\/span><\/p>\n<div class=\"woocommerce-product-details__short-description\">\n\t<p>5 Meter<\/p>\n<\/div>\n\n<form class=\"variations_form cart\" action=\"\" method=\"post\" enctype='multipart\/form-data' data-product_id=\"3657\" data-product_variations=\"[{&quot;attributes&quot;:{&quot;attribute_pa_zijde-splijtgaren&quot;:&quot;sunshine-de&quot;},&quot;availability_html&quot;:&quot;&lt;p class=\\&quot;stock in-stock\\&quot;&gt;19 vorr\\u00e4tig (kann nachbestellt werden)&lt;\\\/p&gt;\\n&quot;,&quot;backorders_allowed&quot;:true,&quot;dimensions&quot;:{&quot;length&quot;:&quot;500&quot;,&quot;width&quot;:&quot;&quot;,&quot;height&quot;:&quot;&quot;},&quot;dimensions_html&quot;:&quot;500 cm&quot;,&quot;display_price&quot;:3.45,&quot;display_regular_price&quot;:3.45,&quot;gallery_image_ids&quot;:[],&quot;gallery_images_html&quot;:&quot;&quot;,&quot;image&quot;:{&quot;title&quot;:&quot;Borduurgaren Zijde splijtgaren - 01 Sunshine&quot;,&quot;caption&quot;:&quot;&quot;,&quot;url&quot;:&quot;https:\\\/\\\/webshop.annemiekoenen.com\\\/wp-content\\\/uploads\\\/sites\\\/2\\\/2021\\\/03\\\/Borduurgaren-Zijde-splijtgaren-01-Sunshine-scaled-e1615308033966.jpg&quot;,&quot;alt&quot;:&quot;Borduurgaren Zijde splijtgaren - 01 Sunshine&quot;,&quot;src&quot;:&quot;https:\\\/\\\/webshop.annemiekoenen.com\\\/wp-content\\\/uploads\\\/sites\\\/2\\\/2021\\\/03\\\/Borduurgaren-Zijde-splijtgaren-01-Sunshine-scaled-e1615308033966-600x790.jpg&quot;,&quot;srcset&quot;:&quot;https:\\\/\\\/webshop.annemiekoenen.com\\\/wp-content\\\/uploads\\\/sites\\\/2\\\/2021\\\/03\\\/Borduurgaren-Zijde-splijtgaren-01-Sunshine-scaled-e1615308033966-600x790.jpg 600w, https:\\\/\\\/webshop.annemiekoenen.com\\\/wp-content\\\/uploads\\\/sites\\\/2\\\/2021\\\/03\\\/Borduurgaren-Zijde-splijtgaren-01-Sunshine-scaled-e1615308033966-228x300.jpg 228w, https:\\\/\\\/webshop.annemiekoenen.com\\\/wp-content\\\/uploads\\\/sites\\\/2\\\/2021\\\/03\\\/Borduurgaren-Zijde-splijtgaren-01-Sunshine-scaled-e1615308033966-778x1024.jpg 778w, https:\\\/\\\/webshop.annemiekoenen.com\\\/wp-content\\\/uploads\\\/sites\\\/2\\\/2021\\\/03\\\/Borduurgaren-Zijde-splijtgaren-01-Sunshine-scaled-e1615308033966-768x1011.jpg 768w, https:\\\/\\\/webshop.annemiekoenen.com\\\/wp-content\\\/uploads\\\/sites\\\/2\\\/2021\\\/03\\\/Borduurgaren-Zijde-splijtgaren-01-Sunshine-scaled-e1615308033966-1167x1536.jpg 1167w, https:\\\/\\\/webshop.annemiekoenen.com\\\/wp-content\\\/uploads\\\/sites\\\/2\\\/2021\\\/03\\\/Borduurgaren-Zijde-splijtgaren-01-Sunshine-scaled-e1615308033966-1556x2048.jpg 1556w, https:\\\/\\\/webshop.annemiekoenen.com\\\/wp-content\\\/uploads\\\/sites\\\/2\\\/2021\\\/03\\\/Borduurgaren-Zijde-splijtgaren-01-Sunshine-scaled-e1615308033966.jpg 1760w&quot;,&quot;sizes&quot;:&quot;(max-width: 416px) 100vw, 416px&quot;,&quot;full_src&quot;:&quot;https:\\\/\\\/webshop.annemiekoenen.com\\\/wp-content\\\/uploads\\\/sites\\\/2\\\/2021\\\/03\\\/Borduurgaren-Zijde-splijtgaren-01-Sunshine-scaled-e1615308033966.jpg&quot;,&quot;full_src_w&quot;:1760,&quot;full_src_h&quot;:2316,&quot;gallery_thumbnail_src&quot;:&quot;https:\\\/\\\/webshop.annemiekoenen.com\\\/wp-content\\\/uploads\\\/sites\\\/2\\\/2021\\\/03\\\/Borduurgaren-Zijde-splijtgaren-01-Sunshine-scaled-e1615308033966-100x100.jpg&quot;,&quot;gallery_thumbnail_src_w&quot;:100,&quot;gallery_thumbnail_src_h&quot;:100,&quot;thumb_src&quot;:&quot;https:\\\/\\\/webshop.annemiekoenen.com\\\/wp-content\\\/uploads\\\/sites\\\/2\\\/2021\\\/03\\\/Borduurgaren-Zijde-splijtgaren-01-Sunshine-scaled-e1615308033966-324x324.jpg&quot;,&quot;thumb_src_w&quot;:324,&quot;thumb_src_h&quot;:324,&quot;src_w&quot;:416,&quot;src_h&quot;:548},&quot;image_id&quot;:640,&quot;is_downloadable&quot;:false,&quot;is_in_stock&quot;:true,&quot;is_purchasable&quot;:true,&quot;is_sold_individually&quot;:&quot;no&quot;,&quot;is_virtual&quot;:false,&quot;max_qty&quot;:&quot;&quot;,&quot;min_qty&quot;:1,&quot;price_html&quot;:&quot;&quot;,&quot;sku&quot;:&quot;42BG01&quot;,&quot;variation_description&quot;:&quot;&quot;,&quot;variation_id&quot;:3659,&quot;variation_is_active&quot;:true,&quot;variation_is_visible&quot;:true,&quot;weight&quot;:&quot;3&quot;,&quot;weight_html&quot;:&quot;3 g&quot;},{&quot;attributes&quot;:{&quot;attribute_pa_zijde-splijtgaren&quot;:&quot;ocker&quot;},&quot;availability_html&quot;:&quot;&lt;p class=\\&quot;stock in-stock\\&quot;&gt;18 vorr\\u00e4tig (kann nachbestellt werden)&lt;\\\/p&gt;\\n&quot;,&quot;backorders_allowed&quot;:true,&quot;dimensions&quot;:{&quot;length&quot;:&quot;500&quot;,&quot;width&quot;:&quot;&quot;,&quot;height&quot;:&quot;&quot;},&quot;dimensions_html&quot;:&quot;500 cm&quot;,&quot;display_price&quot;:3.45,&quot;display_regular_price&quot;:3.45,&quot;gallery_image_ids&quot;:[],&quot;gallery_images_html&quot;:&quot;&quot;,&quot;image&quot;:{&quot;title&quot;:&quot;Borduurgaren Zijde splijtgaren - 02 Oker&quot;,&quot;caption&quot;:&quot;&quot;,&quot;url&quot;:&quot;https:\\\/\\\/webshop.annemiekoenen.com\\\/wp-content\\\/uploads\\\/sites\\\/2\\\/2021\\\/03\\\/Borduurgaren-Zijde-splijtgaren-02-Oker-scaled-e1615308121162.jpg&quot;,&quot;alt&quot;:&quot;Borduurgaren Zijde splijtgaren - 02 Oker&quot;,&quot;src&quot;:&quot;https:\\\/\\\/webshop.annemiekoenen.com\\\/wp-content\\\/uploads\\\/sites\\\/2\\\/2021\\\/03\\\/Borduurgaren-Zijde-splijtgaren-02-Oker-scaled-e1615308121162-600x801.jpg&quot;,&quot;srcset&quot;:&quot;https:\\\/\\\/webshop.annemiekoenen.com\\\/wp-content\\\/uploads\\\/sites\\\/2\\\/2021\\\/03\\\/Borduurgaren-Zijde-splijtgaren-02-Oker-scaled-e1615308121162-600x801.jpg 600w, https:\\\/\\\/webshop.annemiekoenen.com\\\/wp-content\\\/uploads\\\/sites\\\/2\\\/2021\\\/03\\\/Borduurgaren-Zijde-splijtgaren-02-Oker-scaled-e1615308121162-225x300.jpg 225w, https:\\\/\\\/webshop.annemiekoenen.com\\\/wp-content\\\/uploads\\\/sites\\\/2\\\/2021\\\/03\\\/Borduurgaren-Zijde-splijtgaren-02-Oker-scaled-e1615308121162-767x1024.jpg 767w, https:\\\/\\\/webshop.annemiekoenen.com\\\/wp-content\\\/uploads\\\/sites\\\/2\\\/2021\\\/03\\\/Borduurgaren-Zijde-splijtgaren-02-Oker-scaled-e1615308121162-768x1025.jpg 768w, https:\\\/\\\/webshop.annemiekoenen.com\\\/wp-content\\\/uploads\\\/sites\\\/2\\\/2021\\\/03\\\/Borduurgaren-Zijde-splijtgaren-02-Oker-scaled-e1615308121162-1151x1536.jpg 1151w, https:\\\/\\\/webshop.annemiekoenen.com\\\/wp-content\\\/uploads\\\/sites\\\/2\\\/2021\\\/03\\\/Borduurgaren-Zijde-splijtgaren-02-Oker-scaled-e1615308121162-1534x2048.jpg 1534w, https:\\\/\\\/webshop.annemiekoenen.com\\\/wp-content\\\/uploads\\\/sites\\\/2\\\/2021\\\/03\\\/Borduurgaren-Zijde-splijtgaren-02-Oker-scaled-e1615308121162.jpg 1740w&quot;,&quot;sizes&quot;:&quot;(max-width: 416px) 100vw, 416px&quot;,&quot;full_src&quot;:&quot;https:\\\/\\\/webshop.annemiekoenen.com\\\/wp-content\\\/uploads\\\/sites\\\/2\\\/2021\\\/03\\\/Borduurgaren-Zijde-splijtgaren-02-Oker-scaled-e1615308121162.jpg&quot;,&quot;full_src_w&quot;:1740,&quot;full_src_h&quot;:2323,&quot;gallery_thumbnail_src&quot;:&quot;https:\\\/\\\/webshop.annemiekoenen.com\\\/wp-content\\\/uploads\\\/sites\\\/2\\\/2021\\\/03\\\/Borduurgaren-Zijde-splijtgaren-02-Oker-scaled-e1615308121162-100x100.jpg&quot;,&quot;gallery_thumbnail_src_w&quot;:100,&quot;gallery_thumbnail_src_h&quot;:100,&quot;thumb_src&quot;:&quot;https:\\\/\\\/webshop.annemiekoenen.com\\\/wp-content\\\/uploads\\\/sites\\\/2\\\/2021\\\/03\\\/Borduurgaren-Zijde-splijtgaren-02-Oker-scaled-e1615308121162-324x324.jpg&quot;,&quot;thumb_src_w&quot;:324,&quot;thumb_src_h&quot;:324,&quot;src_w&quot;:416,&quot;src_h&quot;:555},&quot;image_id&quot;:643,&quot;is_downloadable&quot;:false,&quot;is_in_stock&quot;:true,&quot;is_purchasable&quot;:true,&quot;is_sold_individually&quot;:&quot;no&quot;,&quot;is_virtual&quot;:false,&quot;max_qty&quot;:&quot;&quot;,&quot;min_qty&quot;:1,&quot;price_html&quot;:&quot;&quot;,&quot;sku&quot;:&quot;42BG02&quot;,&quot;variation_description&quot;:&quot;&quot;,&quot;variation_id&quot;:3658,&quot;variation_is_active&quot;:true,&quot;variation_is_visible&quot;:true,&quot;weight&quot;:&quot;3&quot;,&quot;weight_html&quot;:&quot;3 g&quot;},{&quot;attributes&quot;:{&quot;attribute_pa_zijde-splijtgaren&quot;:&quot;flames-de&quot;},&quot;availability_html&quot;:&quot;&lt;p class=\\&quot;stock in-stock\\&quot;&gt;5 vorr\\u00e4tig (kann nachbestellt werden)&lt;\\\/p&gt;\\n&quot;,&quot;backorders_allowed&quot;:true,&quot;dimensions&quot;:{&quot;length&quot;:&quot;500&quot;,&quot;width&quot;:&quot;&quot;,&quot;height&quot;:&quot;&quot;},&quot;dimensions_html&quot;:&quot;500 cm&quot;,&quot;display_price&quot;:3.45,&quot;display_regular_price&quot;:3.45,&quot;gallery_image_ids&quot;:[],&quot;gallery_images_html&quot;:&quot;&quot;,&quot;image&quot;:{&quot;title&quot;:&quot;Borduurgaren Zijde splijtgaren - 03 Flames&quot;,&quot;caption&quot;:&quot;&quot;,&quot;url&quot;:&quot;https:\\\/\\\/webshop.annemiekoenen.com\\\/wp-content\\\/uploads\\\/sites\\\/2\\\/2021\\\/03\\\/Borduurgaren-Zijde-splijtgaren-03-Flames-scaled-e1615308857227.jpg&quot;,&quot;alt&quot;:&quot;Borduurgaren Zijde splijtgaren - 03 Flames&quot;,&quot;src&quot;:&quot;https:\\\/\\\/webshop.annemiekoenen.com\\\/wp-content\\\/uploads\\\/sites\\\/2\\\/2021\\\/03\\\/Borduurgaren-Zijde-splijtgaren-03-Flames-scaled-e1615308857227-600x798.jpg&quot;,&quot;srcset&quot;:&quot;https:\\\/\\\/webshop.annemiekoenen.com\\\/wp-content\\\/uploads\\\/sites\\\/2\\\/2021\\\/03\\\/Borduurgaren-Zijde-splijtgaren-03-Flames-scaled-e1615308857227-600x798.jpg 600w, https:\\\/\\\/webshop.annemiekoenen.com\\\/wp-content\\\/uploads\\\/sites\\\/2\\\/2021\\\/03\\\/Borduurgaren-Zijde-splijtgaren-03-Flames-scaled-e1615308857227-225x300.jpg 225w, https:\\\/\\\/webshop.annemiekoenen.com\\\/wp-content\\\/uploads\\\/sites\\\/2\\\/2021\\\/03\\\/Borduurgaren-Zijde-splijtgaren-03-Flames-scaled-e1615308857227-770x1024.jpg 770w, https:\\\/\\\/webshop.annemiekoenen.com\\\/wp-content\\\/uploads\\\/sites\\\/2\\\/2021\\\/03\\\/Borduurgaren-Zijde-splijtgaren-03-Flames-scaled-e1615308857227-768x1022.jpg 768w, https:\\\/\\\/webshop.annemiekoenen.com\\\/wp-content\\\/uploads\\\/sites\\\/2\\\/2021\\\/03\\\/Borduurgaren-Zijde-splijtgaren-03-Flames-scaled-e1615308857227-1154x1536.jpg 1154w, https:\\\/\\\/webshop.annemiekoenen.com\\\/wp-content\\\/uploads\\\/sites\\\/2\\\/2021\\\/03\\\/Borduurgaren-Zijde-splijtgaren-03-Flames-scaled-e1615308857227-1539x2048.jpg 1539w, https:\\\/\\\/webshop.annemiekoenen.com\\\/wp-content\\\/uploads\\\/sites\\\/2\\\/2021\\\/03\\\/Borduurgaren-Zijde-splijtgaren-03-Flames-scaled-e1615308857227.jpg 1664w&quot;,&quot;sizes&quot;:&quot;(max-width: 416px) 100vw, 416px&quot;,&quot;full_src&quot;:&quot;https:\\\/\\\/webshop.annemiekoenen.com\\\/wp-content\\\/uploads\\\/sites\\\/2\\\/2021\\\/03\\\/Borduurgaren-Zijde-splijtgaren-03-Flames-scaled-e1615308857227.jpg&quot;,&quot;full_src_w&quot;:1664,&quot;full_src_h&quot;:2214,&quot;gallery_thumbnail_src&quot;:&quot;https:\\\/\\\/webshop.annemiekoenen.com\\\/wp-content\\\/uploads\\\/sites\\\/2\\\/2021\\\/03\\\/Borduurgaren-Zijde-splijtgaren-03-Flames-scaled-e1615308857227-100x100.jpg&quot;,&quot;gallery_thumbnail_src_w&quot;:100,&quot;gallery_thumbnail_src_h&quot;:100,&quot;thumb_src&quot;:&quot;https:\\\/\\\/webshop.annemiekoenen.com\\\/wp-content\\\/uploads\\\/sites\\\/2\\\/2021\\\/03\\\/Borduurgaren-Zijde-splijtgaren-03-Flames-scaled-e1615308857227-324x324.jpg&quot;,&quot;thumb_src_w&quot;:324,&quot;thumb_src_h&quot;:324,&quot;src_w&quot;:416,&quot;src_h&quot;:553},&quot;image_id&quot;:650,&quot;is_downloadable&quot;:false,&quot;is_in_stock&quot;:true,&quot;is_purchasable&quot;:true,&quot;is_sold_individually&quot;:&quot;no&quot;,&quot;is_virtual&quot;:false,&quot;max_qty&quot;:&quot;&quot;,&quot;min_qty&quot;:1,&quot;price_html&quot;:&quot;&quot;,&quot;sku&quot;:&quot;42BG03&quot;,&quot;variation_description&quot;:&quot;&quot;,&quot;variation_id&quot;:3660,&quot;variation_is_active&quot;:true,&quot;variation_is_visible&quot;:true,&quot;weight&quot;:&quot;3&quot;,&quot;weight_html&quot;:&quot;3 g&quot;},{&quot;attributes&quot;:{&quot;attribute_pa_zijde-splijtgaren&quot;:&quot;ruby-de&quot;},&quot;availability_html&quot;:&quot;&lt;p class=\\&quot;stock in-stock\\&quot;&gt;13 vorr\\u00e4tig (kann nachbestellt werden)&lt;\\\/p&gt;\\n&quot;,&quot;backorders_allowed&quot;:true,&quot;dimensions&quot;:{&quot;length&quot;:&quot;500&quot;,&quot;width&quot;:&quot;&quot;,&quot;height&quot;:&quot;&quot;},&quot;dimensions_html&quot;:&quot;500 cm&quot;,&quot;display_price&quot;:3.45,&quot;display_regular_price&quot;:3.45,&quot;gallery_image_ids&quot;:[],&quot;gallery_images_html&quot;:&quot;&quot;,&quot;image&quot;:{&quot;title&quot;:&quot;Borduurgaren Zijde splijtgaren - 04 Ruby&quot;,&quot;caption&quot;:&quot;&quot;,&quot;url&quot;:&quot;https:\\\/\\\/webshop.annemiekoenen.com\\\/wp-content\\\/uploads\\\/sites\\\/2\\\/2021\\\/03\\\/Borduurgaren-Zijde-splijtgaren-04-Ruby-scaled.jpg&quot;,&quot;alt&quot;:&quot;Borduurgaren Zijde splijtgaren - 04 Ruby&quot;,&quot;src&quot;:&quot;https:\\\/\\\/webshop.annemiekoenen.com\\\/wp-content\\\/uploads\\\/sites\\\/2\\\/2021\\\/03\\\/Borduurgaren-Zijde-splijtgaren-04-Ruby-scaled-600x799.jpg&quot;,&quot;srcset&quot;:&quot;https:\\\/\\\/webshop.annemiekoenen.com\\\/wp-content\\\/uploads\\\/sites\\\/2\\\/2021\\\/03\\\/Borduurgaren-Zijde-splijtgaren-04-Ruby-scaled-600x799.jpg 600w, https:\\\/\\\/webshop.annemiekoenen.com\\\/wp-content\\\/uploads\\\/sites\\\/2\\\/2021\\\/03\\\/Borduurgaren-Zijde-splijtgaren-04-Ruby-scaled-225x300.jpg 225w, https:\\\/\\\/webshop.annemiekoenen.com\\\/wp-content\\\/uploads\\\/sites\\\/2\\\/2021\\\/03\\\/Borduurgaren-Zijde-splijtgaren-04-Ruby-scaled-769x1024.jpg 769w, https:\\\/\\\/webshop.annemiekoenen.com\\\/wp-content\\\/uploads\\\/sites\\\/2\\\/2021\\\/03\\\/Borduurgaren-Zijde-splijtgaren-04-Ruby-scaled-768x1023.jpg 768w, https:\\\/\\\/webshop.annemiekoenen.com\\\/wp-content\\\/uploads\\\/sites\\\/2\\\/2021\\\/03\\\/Borduurgaren-Zijde-splijtgaren-04-Ruby-scaled-1153x1536.jpg 1153w, https:\\\/\\\/webshop.annemiekoenen.com\\\/wp-content\\\/uploads\\\/sites\\\/2\\\/2021\\\/03\\\/Borduurgaren-Zijde-splijtgaren-04-Ruby-scaled-1538x2048.jpg 1538w, https:\\\/\\\/webshop.annemiekoenen.com\\\/wp-content\\\/uploads\\\/sites\\\/2\\\/2021\\\/03\\\/Borduurgaren-Zijde-splijtgaren-04-Ruby-scaled.jpg 1922w&quot;,&quot;sizes&quot;:&quot;(max-width: 416px) 100vw, 416px&quot;,&quot;full_src&quot;:&quot;https:\\\/\\\/webshop.annemiekoenen.com\\\/wp-content\\\/uploads\\\/sites\\\/2\\\/2021\\\/03\\\/Borduurgaren-Zijde-splijtgaren-04-Ruby-scaled.jpg&quot;,&quot;full_src_w&quot;:1922,&quot;full_src_h&quot;:2560,&quot;gallery_thumbnail_src&quot;:&quot;https:\\\/\\\/webshop.annemiekoenen.com\\\/wp-content\\\/uploads\\\/sites\\\/2\\\/2021\\\/03\\\/Borduurgaren-Zijde-splijtgaren-04-Ruby-scaled-100x100.jpg&quot;,&quot;gallery_thumbnail_src_w&quot;:100,&quot;gallery_thumbnail_src_h&quot;:100,&quot;thumb_src&quot;:&quot;https:\\\/\\\/webshop.annemiekoenen.com\\\/wp-content\\\/uploads\\\/sites\\\/2\\\/2021\\\/03\\\/Borduurgaren-Zijde-splijtgaren-04-Ruby-scaled-324x324.jpg&quot;,&quot;thumb_src_w&quot;:324,&quot;thumb_src_h&quot;:324,&quot;src_w&quot;:416,&quot;src_h&quot;:554},&quot;image_id&quot;:653,&quot;is_downloadable&quot;:false,&quot;is_in_stock&quot;:true,&quot;is_purchasable&quot;:true,&quot;is_sold_individually&quot;:&quot;no&quot;,&quot;is_virtual&quot;:false,&quot;max_qty&quot;:&quot;&quot;,&quot;min_qty&quot;:1,&quot;price_html&quot;:&quot;&quot;,&quot;sku&quot;:&quot;42BG04&quot;,&quot;variation_description&quot;:&quot;&quot;,&quot;variation_id&quot;:3661,&quot;variation_is_active&quot;:true,&quot;variation_is_visible&quot;:true,&quot;weight&quot;:&quot;3&quot;,&quot;weight_html&quot;:&quot;3 g&quot;},{&quot;attributes&quot;:{&quot;attribute_pa_zijde-splijtgaren&quot;:&quot;fire-de&quot;},&quot;availability_html&quot;:&quot;&lt;p class=\\&quot;stock in-stock\\&quot;&gt;1 vorr\\u00e4tig (kann nachbestellt werden)&lt;\\\/p&gt;\\n&quot;,&quot;backorders_allowed&quot;:true,&quot;dimensions&quot;:{&quot;length&quot;:&quot;500&quot;,&quot;width&quot;:&quot;&quot;,&quot;height&quot;:&quot;&quot;},&quot;dimensions_html&quot;:&quot;500 cm&quot;,&quot;display_price&quot;:3.45,&quot;display_regular_price&quot;:3.45,&quot;gallery_image_ids&quot;:[],&quot;gallery_images_html&quot;:&quot;&quot;,&quot;image&quot;:{&quot;title&quot;:&quot;20220907_144607_copy_304x304&quot;,&quot;caption&quot;:&quot;&quot;,&quot;url&quot;:&quot;https:\\\/\\\/webshop.annemiekoenen.com\\\/wp-content\\\/uploads\\\/sites\\\/2\\\/2022\\\/09\\\/20220907_144607_copy_304x304.jpg&quot;,&quot;alt&quot;:&quot;20220907_144607_copy_304x304&quot;,&quot;src&quot;:&quot;https:\\\/\\\/webshop.annemiekoenen.com\\\/wp-content\\\/uploads\\\/sites\\\/2\\\/2022\\\/09\\\/20220907_144607_copy_304x304.jpg&quot;,&quot;srcset&quot;:&quot;https:\\\/\\\/webshop.annemiekoenen.com\\\/wp-content\\\/uploads\\\/sites\\\/2\\\/2022\\\/09\\\/20220907_144607_copy_304x304.jpg 304w, https:\\\/\\\/webshop.annemiekoenen.com\\\/wp-content\\\/uploads\\\/sites\\\/2\\\/2022\\\/09\\\/20220907_144607_copy_304x304-300x300.jpg 300w, https:\\\/\\\/webshop.annemiekoenen.com\\\/wp-content\\\/uploads\\\/sites\\\/2\\\/2022\\\/09\\\/20220907_144607_copy_304x304-150x150.jpg 150w, https:\\\/\\\/webshop.annemiekoenen.com\\\/wp-content\\\/uploads\\\/sites\\\/2\\\/2022\\\/09\\\/20220907_144607_copy_304x304-100x100.jpg 100w, https:\\\/\\\/webshop.annemiekoenen.com\\\/wp-content\\\/uploads\\\/sites\\\/2\\\/2022\\\/09\\\/20220907_144607_copy_304x304-50x50.jpg 50w&quot;,&quot;sizes&quot;:&quot;(max-width: 304px) 100vw, 304px&quot;,&quot;full_src&quot;:&quot;https:\\\/\\\/webshop.annemiekoenen.com\\\/wp-content\\\/uploads\\\/sites\\\/2\\\/2022\\\/09\\\/20220907_144607_copy_304x304.jpg&quot;,&quot;full_src_w&quot;:304,&quot;full_src_h&quot;:304,&quot;gallery_thumbnail_src&quot;:&quot;https:\\\/\\\/webshop.annemiekoenen.com\\\/wp-content\\\/uploads\\\/sites\\\/2\\\/2022\\\/09\\\/20220907_144607_copy_304x304-100x100.jpg&quot;,&quot;gallery_thumbnail_src_w&quot;:100,&quot;gallery_thumbnail_src_h&quot;:100,&quot;thumb_src&quot;:&quot;https:\\\/\\\/webshop.annemiekoenen.com\\\/wp-content\\\/uploads\\\/sites\\\/2\\\/2022\\\/09\\\/20220907_144607_copy_304x304.jpg&quot;,&quot;thumb_src_w&quot;:304,&quot;thumb_src_h&quot;:304,&quot;src_w&quot;:304,&quot;src_h&quot;:304},&quot;image_id&quot;:7188,&quot;is_downloadable&quot;:false,&quot;is_in_stock&quot;:true,&quot;is_purchasable&quot;:true,&quot;is_sold_individually&quot;:&quot;no&quot;,&quot;is_virtual&quot;:false,&quot;max_qty&quot;:&quot;&quot;,&quot;min_qty&quot;:1,&quot;price_html&quot;:&quot;&quot;,&quot;sku&quot;:&quot;42BG05&quot;,&quot;variation_description&quot;:&quot;&quot;,&quot;variation_id&quot;:3662,&quot;variation_is_active&quot;:true,&quot;variation_is_visible&quot;:true,&quot;weight&quot;:&quot;3&quot;,&quot;weight_html&quot;:&quot;3 g&quot;},{&quot;attributes&quot;:{&quot;attribute_pa_zijde-splijtgaren&quot;:&quot;summer-de&quot;},&quot;availability_html&quot;:&quot;&lt;p class=\\&quot;stock in-stock\\&quot;&gt;6 vorr\\u00e4tig (kann nachbestellt werden)&lt;\\\/p&gt;\\n&quot;,&quot;backorders_allowed&quot;:true,&quot;dimensions&quot;:{&quot;length&quot;:&quot;500&quot;,&quot;width&quot;:&quot;&quot;,&quot;height&quot;:&quot;&quot;},&quot;dimensions_html&quot;:&quot;500 cm&quot;,&quot;display_price&quot;:3.45,&quot;display_regular_price&quot;:3.45,&quot;gallery_image_ids&quot;:[],&quot;gallery_images_html&quot;:&quot;&quot;,&quot;image&quot;:{&quot;title&quot;:&quot;Borduurgaren Zijde splijtgaren - 06 Summer&quot;,&quot;caption&quot;:&quot;&quot;,&quot;url&quot;:&quot;https:\\\/\\\/webshop.annemiekoenen.com\\\/wp-content\\\/uploads\\\/sites\\\/2\\\/2021\\\/03\\\/Borduurgaren-Zijde-splijtgaren-06-Summer-scaled-e1615309375517.jpg&quot;,&quot;alt&quot;:&quot;Borduurgaren Zijde splijtgaren - 06 Summer&quot;,&quot;src&quot;:&quot;https:\\\/\\\/webshop.annemiekoenen.com\\\/wp-content\\\/uploads\\\/sites\\\/2\\\/2021\\\/03\\\/Borduurgaren-Zijde-splijtgaren-06-Summer-scaled-e1615309375517-600x800.jpg&quot;,&quot;srcset&quot;:&quot;https:\\\/\\\/webshop.annemiekoenen.com\\\/wp-content\\\/uploads\\\/sites\\\/2\\\/2021\\\/03\\\/Borduurgaren-Zijde-splijtgaren-06-Summer-scaled-e1615309375517-600x800.jpg 600w, https:\\\/\\\/webshop.annemiekoenen.com\\\/wp-content\\\/uploads\\\/sites\\\/2\\\/2021\\\/03\\\/Borduurgaren-Zijde-splijtgaren-06-Summer-scaled-e1615309375517-225x300.jpg 225w, https:\\\/\\\/webshop.annemiekoenen.com\\\/wp-content\\\/uploads\\\/sites\\\/2\\\/2021\\\/03\\\/Borduurgaren-Zijde-splijtgaren-06-Summer-scaled-e1615309375517-768x1024.jpg 768w, https:\\\/\\\/webshop.annemiekoenen.com\\\/wp-content\\\/uploads\\\/sites\\\/2\\\/2021\\\/03\\\/Borduurgaren-Zijde-splijtgaren-06-Summer-scaled-e1615309375517-1152x1536.jpg 1152w, https:\\\/\\\/webshop.annemiekoenen.com\\\/wp-content\\\/uploads\\\/sites\\\/2\\\/2021\\\/03\\\/Borduurgaren-Zijde-splijtgaren-06-Summer-scaled-e1615309375517-1536x2048.jpg 1536w, https:\\\/\\\/webshop.annemiekoenen.com\\\/wp-content\\\/uploads\\\/sites\\\/2\\\/2021\\\/03\\\/Borduurgaren-Zijde-splijtgaren-06-Summer-scaled-e1615309375517.jpg 1651w&quot;,&quot;sizes&quot;:&quot;(max-width: 416px) 100vw, 416px&quot;,&quot;full_src&quot;:&quot;https:\\\/\\\/webshop.annemiekoenen.com\\\/wp-content\\\/uploads\\\/sites\\\/2\\\/2021\\\/03\\\/Borduurgaren-Zijde-splijtgaren-06-Summer-scaled-e1615309375517.jpg&quot;,&quot;full_src_w&quot;:1651,&quot;full_src_h&quot;:2201,&quot;gallery_thumbnail_src&quot;:&quot;https:\\\/\\\/webshop.annemiekoenen.com\\\/wp-content\\\/uploads\\\/sites\\\/2\\\/2021\\\/03\\\/Borduurgaren-Zijde-splijtgaren-06-Summer-scaled-e1615309375517-100x100.jpg&quot;,&quot;gallery_thumbnail_src_w&quot;:100,&quot;gallery_thumbnail_src_h&quot;:100,&quot;thumb_src&quot;:&quot;https:\\\/\\\/webshop.annemiekoenen.com\\\/wp-content\\\/uploads\\\/sites\\\/2\\\/2021\\\/03\\\/Borduurgaren-Zijde-splijtgaren-06-Summer-scaled-e1615309375517-324x324.jpg&quot;,&quot;thumb_src_w&quot;:324,&quot;thumb_src_h&quot;:324,&quot;src_w&quot;:416,&quot;src_h&quot;:555},&quot;image_id&quot;:664,&quot;is_downloadable&quot;:false,&quot;is_in_stock&quot;:true,&quot;is_purchasable&quot;:true,&quot;is_sold_individually&quot;:&quot;no&quot;,&quot;is_virtual&quot;:false,&quot;max_qty&quot;:&quot;&quot;,&quot;min_qty&quot;:1,&quot;price_html&quot;:&quot;&quot;,&quot;sku&quot;:&quot;42BG06&quot;,&quot;variation_description&quot;:&quot;&quot;,&quot;variation_id&quot;:3663,&quot;variation_is_active&quot;:true,&quot;variation_is_visible&quot;:true,&quot;weight&quot;:&quot;3&quot;,&quot;weight_html&quot;:&quot;3 g&quot;},{&quot;attributes&quot;:{&quot;attribute_pa_zijde-splijtgaren&quot;:&quot;louise-de&quot;},&quot;availability_html&quot;:&quot;&lt;p class=\\&quot;stock in-stock\\&quot;&gt;19 vorr\\u00e4tig (kann nachbestellt werden)&lt;\\\/p&gt;\\n&quot;,&quot;backorders_allowed&quot;:true,&quot;dimensions&quot;:{&quot;length&quot;:&quot;500&quot;,&quot;width&quot;:&quot;&quot;,&quot;height&quot;:&quot;&quot;},&quot;dimensions_html&quot;:&quot;500 cm&quot;,&quot;display_price&quot;:3.45,&quot;display_regular_price&quot;:3.45,&quot;gallery_image_ids&quot;:[],&quot;gallery_images_html&quot;:&quot;&quot;,&quot;image&quot;:{&quot;title&quot;:&quot;Borduurgaren Zijde splijtgaren - 07 Louise&quot;,&quot;caption&quot;:&quot;&quot;,&quot;url&quot;:&quot;https:\\\/\\\/webshop.annemiekoenen.com\\\/wp-content\\\/uploads\\\/sites\\\/2\\\/2021\\\/03\\\/Borduurgaren-Zijde-splijtgaren-07-Louise-scaled-e1615309600840.jpg&quot;,&quot;alt&quot;:&quot;Borduurgaren Zijde splijtgaren - 07 Louise&quot;,&quot;src&quot;:&quot;https:\\\/\\\/webshop.annemiekoenen.com\\\/wp-content\\\/uploads\\\/sites\\\/2\\\/2021\\\/03\\\/Borduurgaren-Zijde-splijtgaren-07-Louise-scaled-e1615309600840-600x801.jpg&quot;,&quot;srcset&quot;:&quot;https:\\\/\\\/webshop.annemiekoenen.com\\\/wp-content\\\/uploads\\\/sites\\\/2\\\/2021\\\/03\\\/Borduurgaren-Zijde-splijtgaren-07-Louise-scaled-e1615309600840-600x801.jpg 600w, https:\\\/\\\/webshop.annemiekoenen.com\\\/wp-content\\\/uploads\\\/sites\\\/2\\\/2021\\\/03\\\/Borduurgaren-Zijde-splijtgaren-07-Louise-scaled-e1615309600840-225x300.jpg 225w, https:\\\/\\\/webshop.annemiekoenen.com\\\/wp-content\\\/uploads\\\/sites\\\/2\\\/2021\\\/03\\\/Borduurgaren-Zijde-splijtgaren-07-Louise-scaled-e1615309600840-767x1024.jpg 767w, https:\\\/\\\/webshop.annemiekoenen.com\\\/wp-content\\\/uploads\\\/sites\\\/2\\\/2021\\\/03\\\/Borduurgaren-Zijde-splijtgaren-07-Louise-scaled-e1615309600840-768x1025.jpg 768w, https:\\\/\\\/webshop.annemiekoenen.com\\\/wp-content\\\/uploads\\\/sites\\\/2\\\/2021\\\/03\\\/Borduurgaren-Zijde-splijtgaren-07-Louise-scaled-e1615309600840-1151x1536.jpg 1151w, https:\\\/\\\/webshop.annemiekoenen.com\\\/wp-content\\\/uploads\\\/sites\\\/2\\\/2021\\\/03\\\/Borduurgaren-Zijde-splijtgaren-07-Louise-scaled-e1615309600840-1534x2048.jpg 1534w, https:\\\/\\\/webshop.annemiekoenen.com\\\/wp-content\\\/uploads\\\/sites\\\/2\\\/2021\\\/03\\\/Borduurgaren-Zijde-splijtgaren-07-Louise-scaled-e1615309600840.jpg 1702w&quot;,&quot;sizes&quot;:&quot;(max-width: 416px) 100vw, 416px&quot;,&quot;full_src&quot;:&quot;https:\\\/\\\/webshop.annemiekoenen.com\\\/wp-content\\\/uploads\\\/sites\\\/2\\\/2021\\\/03\\\/Borduurgaren-Zijde-splijtgaren-07-Louise-scaled-e1615309600840.jpg&quot;,&quot;full_src_w&quot;:1702,&quot;full_src_h&quot;:2272,&quot;gallery_thumbnail_src&quot;:&quot;https:\\\/\\\/webshop.annemiekoenen.com\\\/wp-content\\\/uploads\\\/sites\\\/2\\\/2021\\\/03\\\/Borduurgaren-Zijde-splijtgaren-07-Louise-scaled-e1615309600840-100x100.jpg&quot;,&quot;gallery_thumbnail_src_w&quot;:100,&quot;gallery_thumbnail_src_h&quot;:100,&quot;thumb_src&quot;:&quot;https:\\\/\\\/webshop.annemiekoenen.com\\\/wp-content\\\/uploads\\\/sites\\\/2\\\/2021\\\/03\\\/Borduurgaren-Zijde-splijtgaren-07-Louise-scaled-e1615309600840-324x324.jpg&quot;,&quot;thumb_src_w&quot;:324,&quot;thumb_src_h&quot;:324,&quot;src_w&quot;:416,&quot;src_h&quot;:555},&quot;image_id&quot;:668,&quot;is_downloadable&quot;:false,&quot;is_in_stock&quot;:true,&quot;is_purchasable&quot;:true,&quot;is_sold_individually&quot;:&quot;no&quot;,&quot;is_virtual&quot;:false,&quot;max_qty&quot;:&quot;&quot;,&quot;min_qty&quot;:1,&quot;price_html&quot;:&quot;&quot;,&quot;sku&quot;:&quot;42BG07&quot;,&quot;variation_description&quot;:&quot;&quot;,&quot;variation_id&quot;:3664,&quot;variation_is_active&quot;:true,&quot;variation_is_visible&quot;:true,&quot;weight&quot;:&quot;3&quot;,&quot;weight_html&quot;:&quot;3 g&quot;},{&quot;attributes&quot;:{&quot;attribute_pa_zijde-splijtgaren&quot;:&quot;violett&quot;},&quot;availability_html&quot;:&quot;&lt;p class=\\&quot;stock in-stock\\&quot;&gt;14 vorr\\u00e4tig (kann nachbestellt werden)&lt;\\\/p&gt;\\n&quot;,&quot;backorders_allowed&quot;:true,&quot;dimensions&quot;:{&quot;length&quot;:&quot;500&quot;,&quot;width&quot;:&quot;&quot;,&quot;height&quot;:&quot;&quot;},&quot;dimensions_html&quot;:&quot;500 cm&quot;,&quot;display_price&quot;:3.45,&quot;display_regular_price&quot;:3.45,&quot;gallery_image_ids&quot;:[],&quot;gallery_images_html&quot;:&quot;&quot;,&quot;image&quot;:{&quot;title&quot;:&quot;Borduurgaren Zijde splijtgaren - 08 Violet&quot;,&quot;caption&quot;:&quot;&quot;,&quot;url&quot;:&quot;https:\\\/\\\/webshop.annemiekoenen.com\\\/wp-content\\\/uploads\\\/sites\\\/2\\\/2021\\\/03\\\/Borduurgaren-Zijde-splijtgaren-08-Violet-scaled-e1615309702579.jpg&quot;,&quot;alt&quot;:&quot;Borduurgaren Zijde splijtgaren - 08 Violet&quot;,&quot;src&quot;:&quot;https:\\\/\\\/webshop.annemiekoenen.com\\\/wp-content\\\/uploads\\\/sites\\\/2\\\/2021\\\/03\\\/Borduurgaren-Zijde-splijtgaren-08-Violet-scaled-e1615309702579-600x799.jpg&quot;,&quot;srcset&quot;:&quot;https:\\\/\\\/webshop.annemiekoenen.com\\\/wp-content\\\/uploads\\\/sites\\\/2\\\/2021\\\/03\\\/Borduurgaren-Zijde-splijtgaren-08-Violet-scaled-e1615309702579-600x799.jpg 600w, https:\\\/\\\/webshop.annemiekoenen.com\\\/wp-content\\\/uploads\\\/sites\\\/2\\\/2021\\\/03\\\/Borduurgaren-Zijde-splijtgaren-08-Violet-scaled-e1615309702579-225x300.jpg 225w, https:\\\/\\\/webshop.annemiekoenen.com\\\/wp-content\\\/uploads\\\/sites\\\/2\\\/2021\\\/03\\\/Borduurgaren-Zijde-splijtgaren-08-Violet-scaled-e1615309702579-769x1024.jpg 769w, https:\\\/\\\/webshop.annemiekoenen.com\\\/wp-content\\\/uploads\\\/sites\\\/2\\\/2021\\\/03\\\/Borduurgaren-Zijde-splijtgaren-08-Violet-scaled-e1615309702579-768x1022.jpg 768w, https:\\\/\\\/webshop.annemiekoenen.com\\\/wp-content\\\/uploads\\\/sites\\\/2\\\/2021\\\/03\\\/Borduurgaren-Zijde-splijtgaren-08-Violet-scaled-e1615309702579-1154x1536.jpg 1154w, https:\\\/\\\/webshop.annemiekoenen.com\\\/wp-content\\\/uploads\\\/sites\\\/2\\\/2021\\\/03\\\/Borduurgaren-Zijde-splijtgaren-08-Violet-scaled-e1615309702579-1539x2048.jpg 1539w, https:\\\/\\\/webshop.annemiekoenen.com\\\/wp-content\\\/uploads\\\/sites\\\/2\\\/2021\\\/03\\\/Borduurgaren-Zijde-splijtgaren-08-Violet-scaled-e1615309702579.jpg 1683w&quot;,&quot;sizes&quot;:&quot;(max-width: 416px) 100vw, 416px&quot;,&quot;full_src&quot;:&quot;https:\\\/\\\/webshop.annemiekoenen.com\\\/wp-content\\\/uploads\\\/sites\\\/2\\\/2021\\\/03\\\/Borduurgaren-Zijde-splijtgaren-08-Violet-scaled-e1615309702579.jpg&quot;,&quot;full_src_w&quot;:1683,&quot;full_src_h&quot;:2240,&quot;gallery_thumbnail_src&quot;:&quot;https:\\\/\\\/webshop.annemiekoenen.com\\\/wp-content\\\/uploads\\\/sites\\\/2\\\/2021\\\/03\\\/Borduurgaren-Zijde-splijtgaren-08-Violet-scaled-e1615309702579-100x100.jpg&quot;,&quot;gallery_thumbnail_src_w&quot;:100,&quot;gallery_thumbnail_src_h&quot;:100,&quot;thumb_src&quot;:&quot;https:\\\/\\\/webshop.annemiekoenen.com\\\/wp-content\\\/uploads\\\/sites\\\/2\\\/2021\\\/03\\\/Borduurgaren-Zijde-splijtgaren-08-Violet-scaled-e1615309702579-324x324.jpg&quot;,&quot;thumb_src_w&quot;:324,&quot;thumb_src_h&quot;:324,&quot;src_w&quot;:416,&quot;src_h&quot;:554},&quot;image_id&quot;:671,&quot;is_downloadable&quot;:false,&quot;is_in_stock&quot;:true,&quot;is_purchasable&quot;:true,&quot;is_sold_individually&quot;:&quot;no&quot;,&quot;is_virtual&quot;:false,&quot;max_qty&quot;:&quot;&quot;,&quot;min_qty&quot;:1,&quot;price_html&quot;:&quot;&quot;,&quot;sku&quot;:&quot;42BG08&quot;,&quot;variation_description&quot;:&quot;&quot;,&quot;variation_id&quot;:3665,&quot;variation_is_active&quot;:true,&quot;variation_is_visible&quot;:true,&quot;weight&quot;:&quot;3&quot;,&quot;weight_html&quot;:&quot;3 g&quot;},{&quot;attributes&quot;:{&quot;attribute_pa_zijde-splijtgaren&quot;:&quot;fuchsie&quot;},&quot;availability_html&quot;:&quot;&lt;p class=\\&quot;stock in-stock\\&quot;&gt;14 vorr\\u00e4tig (kann nachbestellt werden)&lt;\\\/p&gt;\\n&quot;,&quot;backorders_allowed&quot;:true,&quot;dimensions&quot;:{&quot;length&quot;:&quot;500&quot;,&quot;width&quot;:&quot;&quot;,&quot;height&quot;:&quot;&quot;},&quot;dimensions_html&quot;:&quot;500 cm&quot;,&quot;display_price&quot;:3.45,&quot;display_regular_price&quot;:3.45,&quot;gallery_image_ids&quot;:[],&quot;gallery_images_html&quot;:&quot;&quot;,&quot;image&quot;:{&quot;title&quot;:&quot;Borduurgaren Zijde splijtgaren - 10 Fuchsia&quot;,&quot;caption&quot;:&quot;&quot;,&quot;url&quot;:&quot;https:\\\/\\\/webshop.annemiekoenen.com\\\/wp-content\\\/uploads\\\/sites\\\/2\\\/2021\\\/03\\\/Borduurgaren-Zijde-splijtgaren-10-Fuchsia-scaled-e1615310067232.jpg&quot;,&quot;alt&quot;:&quot;Borduurgaren Zijde splijtgaren - 10 Fuchsia&quot;,&quot;src&quot;:&quot;https:\\\/\\\/webshop.annemiekoenen.com\\\/wp-content\\\/uploads\\\/sites\\\/2\\\/2021\\\/03\\\/Borduurgaren-Zijde-splijtgaren-10-Fuchsia-scaled-e1615310067232-600x799.jpg&quot;,&quot;srcset&quot;:&quot;https:\\\/\\\/webshop.annemiekoenen.com\\\/wp-content\\\/uploads\\\/sites\\\/2\\\/2021\\\/03\\\/Borduurgaren-Zijde-splijtgaren-10-Fuchsia-scaled-e1615310067232-600x799.jpg 600w, https:\\\/\\\/webshop.annemiekoenen.com\\\/wp-content\\\/uploads\\\/sites\\\/2\\\/2021\\\/03\\\/Borduurgaren-Zijde-splijtgaren-10-Fuchsia-scaled-e1615310067232-225x300.jpg 225w, https:\\\/\\\/webshop.annemiekoenen.com\\\/wp-content\\\/uploads\\\/sites\\\/2\\\/2021\\\/03\\\/Borduurgaren-Zijde-splijtgaren-10-Fuchsia-scaled-e1615310067232-769x1024.jpg 769w, https:\\\/\\\/webshop.annemiekoenen.com\\\/wp-content\\\/uploads\\\/sites\\\/2\\\/2021\\\/03\\\/Borduurgaren-Zijde-splijtgaren-10-Fuchsia-scaled-e1615310067232-768x1023.jpg 768w, https:\\\/\\\/webshop.annemiekoenen.com\\\/wp-content\\\/uploads\\\/sites\\\/2\\\/2021\\\/03\\\/Borduurgaren-Zijde-splijtgaren-10-Fuchsia-scaled-e1615310067232-1153x1536.jpg 1153w, https:\\\/\\\/webshop.annemiekoenen.com\\\/wp-content\\\/uploads\\\/sites\\\/2\\\/2021\\\/03\\\/Borduurgaren-Zijde-splijtgaren-10-Fuchsia-scaled-e1615310067232-1537x2048.jpg 1537w, https:\\\/\\\/webshop.annemiekoenen.com\\\/wp-content\\\/uploads\\\/sites\\\/2\\\/2021\\\/03\\\/Borduurgaren-Zijde-splijtgaren-10-Fuchsia-scaled-e1615310067232.jpg 1638w&quot;,&quot;sizes&quot;:&quot;(max-width: 416px) 100vw, 416px&quot;,&quot;full_src&quot;:&quot;https:\\\/\\\/webshop.annemiekoenen.com\\\/wp-content\\\/uploads\\\/sites\\\/2\\\/2021\\\/03\\\/Borduurgaren-Zijde-splijtgaren-10-Fuchsia-scaled-e1615310067232.jpg&quot;,&quot;full_src_w&quot;:1638,&quot;full_src_h&quot;:2182,&quot;gallery_thumbnail_src&quot;:&quot;https:\\\/\\\/webshop.annemiekoenen.com\\\/wp-content\\\/uploads\\\/sites\\\/2\\\/2021\\\/03\\\/Borduurgaren-Zijde-splijtgaren-10-Fuchsia-scaled-e1615310067232-100x100.jpg&quot;,&quot;gallery_thumbnail_src_w&quot;:100,&quot;gallery_thumbnail_src_h&quot;:100,&quot;thumb_src&quot;:&quot;https:\\\/\\\/webshop.annemiekoenen.com\\\/wp-content\\\/uploads\\\/sites\\\/2\\\/2021\\\/03\\\/Borduurgaren-Zijde-splijtgaren-10-Fuchsia-scaled-e1615310067232-324x324.jpg&quot;,&quot;thumb_src_w&quot;:324,&quot;thumb_src_h&quot;:324,&quot;src_w&quot;:416,&quot;src_h&quot;:554},&quot;image_id&quot;:674,&quot;is_downloadable&quot;:false,&quot;is_in_stock&quot;:true,&quot;is_purchasable&quot;:true,&quot;is_sold_individually&quot;:&quot;no&quot;,&quot;is_virtual&quot;:false,&quot;max_qty&quot;:&quot;&quot;,&quot;min_qty&quot;:1,&quot;price_html&quot;:&quot;&quot;,&quot;sku&quot;:&quot;42BG10&quot;,&quot;variation_description&quot;:&quot;&quot;,&quot;variation_id&quot;:3666,&quot;variation_is_active&quot;:true,&quot;variation_is_visible&quot;:true,&quot;weight&quot;:&quot;3&quot;,&quot;weight_html&quot;:&quot;3 g&quot;},{&quot;attributes&quot;:{&quot;attribute_pa_zijde-splijtgaren&quot;:&quot;magic-de&quot;},&quot;availability_html&quot;:&quot;&lt;p class=\\&quot;stock in-stock\\&quot;&gt;23 vorr\\u00e4tig (kann nachbestellt werden)&lt;\\\/p&gt;\\n&quot;,&quot;backorders_allowed&quot;:true,&quot;dimensions&quot;:{&quot;length&quot;:&quot;500&quot;,&quot;width&quot;:&quot;&quot;,&quot;height&quot;:&quot;&quot;},&quot;dimensions_html&quot;:&quot;500 cm&quot;,&quot;display_price&quot;:3.45,&quot;display_regular_price&quot;:3.45,&quot;gallery_image_ids&quot;:[],&quot;gallery_images_html&quot;:&quot;&quot;,&quot;image&quot;:{&quot;title&quot;:&quot;Borduurgaren Zijde splijtgaren - 11 Magic&quot;,&quot;caption&quot;:&quot;&quot;,&quot;url&quot;:&quot;https:\\\/\\\/webshop.annemiekoenen.com\\\/wp-content\\\/uploads\\\/sites\\\/2\\\/2021\\\/03\\\/Borduurgaren-Zijde-splijtgaren-11-Magic-scaled-e1615310152385.jpg&quot;,&quot;alt&quot;:&quot;Borduurgaren Zijde splijtgaren - 11 Magic&quot;,&quot;src&quot;:&quot;https:\\\/\\\/webshop.annemiekoenen.com\\\/wp-content\\\/uploads\\\/sites\\\/2\\\/2021\\\/03\\\/Borduurgaren-Zijde-splijtgaren-11-Magic-scaled-e1615310152385-600x800.jpg&quot;,&quot;srcset&quot;:&quot;https:\\\/\\\/webshop.annemiekoenen.com\\\/wp-content\\\/uploads\\\/sites\\\/2\\\/2021\\\/03\\\/Borduurgaren-Zijde-splijtgaren-11-Magic-scaled-e1615310152385-600x800.jpg 600w, https:\\\/\\\/webshop.annemiekoenen.com\\\/wp-content\\\/uploads\\\/sites\\\/2\\\/2021\\\/03\\\/Borduurgaren-Zijde-splijtgaren-11-Magic-scaled-e1615310152385-225x300.jpg 225w, https:\\\/\\\/webshop.annemiekoenen.com\\\/wp-content\\\/uploads\\\/sites\\\/2\\\/2021\\\/03\\\/Borduurgaren-Zijde-splijtgaren-11-Magic-scaled-e1615310152385-768x1024.jpg 768w, https:\\\/\\\/webshop.annemiekoenen.com\\\/wp-content\\\/uploads\\\/sites\\\/2\\\/2021\\\/03\\\/Borduurgaren-Zijde-splijtgaren-11-Magic-scaled-e1615310152385-1152x1536.jpg 1152w, https:\\\/\\\/webshop.annemiekoenen.com\\\/wp-content\\\/uploads\\\/sites\\\/2\\\/2021\\\/03\\\/Borduurgaren-Zijde-splijtgaren-11-Magic-scaled-e1615310152385-1536x2048.jpg 1536w, https:\\\/\\\/webshop.annemiekoenen.com\\\/wp-content\\\/uploads\\\/sites\\\/2\\\/2021\\\/03\\\/Borduurgaren-Zijde-splijtgaren-11-Magic-scaled-e1615310152385.jpg 1804w&quot;,&quot;sizes&quot;:&quot;(max-width: 416px) 100vw, 416px&quot;,&quot;full_src&quot;:&quot;https:\\\/\\\/webshop.annemiekoenen.com\\\/wp-content\\\/uploads\\\/sites\\\/2\\\/2021\\\/03\\\/Borduurgaren-Zijde-splijtgaren-11-Magic-scaled-e1615310152385.jpg&quot;,&quot;full_src_w&quot;:1804,&quot;full_src_h&quot;:2406,&quot;gallery_thumbnail_src&quot;:&quot;https:\\\/\\\/webshop.annemiekoenen.com\\\/wp-content\\\/uploads\\\/sites\\\/2\\\/2021\\\/03\\\/Borduurgaren-Zijde-splijtgaren-11-Magic-scaled-e1615310152385-100x100.jpg&quot;,&quot;gallery_thumbnail_src_w&quot;:100,&quot;gallery_thumbnail_src_h&quot;:100,&quot;thumb_src&quot;:&quot;https:\\\/\\\/webshop.annemiekoenen.com\\\/wp-content\\\/uploads\\\/sites\\\/2\\\/2021\\\/03\\\/Borduurgaren-Zijde-splijtgaren-11-Magic-scaled-e1615310152385-324x324.jpg&quot;,&quot;thumb_src_w&quot;:324,&quot;thumb_src_h&quot;:324,&quot;src_w&quot;:416,&quot;src_h&quot;:555},&quot;image_id&quot;:677,&quot;is_downloadable&quot;:false,&quot;is_in_stock&quot;:true,&quot;is_purchasable&quot;:true,&quot;is_sold_individually&quot;:&quot;no&quot;,&quot;is_virtual&quot;:false,&quot;max_qty&quot;:&quot;&quot;,&quot;min_qty&quot;:1,&quot;price_html&quot;:&quot;&quot;,&quot;sku&quot;:&quot;42BG11&quot;,&quot;variation_description&quot;:&quot;&quot;,&quot;variation_id&quot;:3667,&quot;variation_is_active&quot;:true,&quot;variation_is_visible&quot;:true,&quot;weight&quot;:&quot;3&quot;,&quot;weight_html&quot;:&quot;3 g&quot;},{&quot;attributes&quot;:{&quot;attribute_pa_zijde-splijtgaren&quot;:&quot;turmalin-de&quot;},&quot;availability_html&quot;:&quot;&lt;p class=\\&quot;stock in-stock\\&quot;&gt;12 vorr\\u00e4tig (kann nachbestellt werden)&lt;\\\/p&gt;\\n&quot;,&quot;backorders_allowed&quot;:true,&quot;dimensions&quot;:{&quot;length&quot;:&quot;500&quot;,&quot;width&quot;:&quot;&quot;,&quot;height&quot;:&quot;&quot;},&quot;dimensions_html&quot;:&quot;500 cm&quot;,&quot;display_price&quot;:3.45,&quot;display_regular_price&quot;:3.45,&quot;gallery_image_ids&quot;:[],&quot;gallery_images_html&quot;:&quot;&quot;,&quot;image&quot;:{&quot;title&quot;:&quot;Borduurgaren Zijde splijtgaren - 12 Turmalin&quot;,&quot;caption&quot;:&quot;&quot;,&quot;url&quot;:&quot;https:\\\/\\\/webshop.annemiekoenen.com\\\/wp-content\\\/uploads\\\/sites\\\/2\\\/2021\\\/03\\\/Borduurgaren-Zijde-splijtgaren-12-Turmalin-scaled-e1615310246375.jpg&quot;,&quot;alt&quot;:&quot;Borduurgaren Zijde splijtgaren - 12 Turmalin&quot;,&quot;src&quot;:&quot;https:\\\/\\\/webshop.annemiekoenen.com\\\/wp-content\\\/uploads\\\/sites\\\/2\\\/2021\\\/03\\\/Borduurgaren-Zijde-splijtgaren-12-Turmalin-scaled-e1615310246375-600x800.jpg&quot;,&quot;srcset&quot;:&quot;https:\\\/\\\/webshop.annemiekoenen.com\\\/wp-content\\\/uploads\\\/sites\\\/2\\\/2021\\\/03\\\/Borduurgaren-Zijde-splijtgaren-12-Turmalin-scaled-e1615310246375-600x800.jpg 600w, https:\\\/\\\/webshop.annemiekoenen.com\\\/wp-content\\\/uploads\\\/sites\\\/2\\\/2021\\\/03\\\/Borduurgaren-Zijde-splijtgaren-12-Turmalin-scaled-e1615310246375-225x300.jpg 225w, https:\\\/\\\/webshop.annemiekoenen.com\\\/wp-content\\\/uploads\\\/sites\\\/2\\\/2021\\\/03\\\/Borduurgaren-Zijde-splijtgaren-12-Turmalin-scaled-e1615310246375-768x1025.jpg 768w, https:\\\/\\\/webshop.annemiekoenen.com\\\/wp-content\\\/uploads\\\/sites\\\/2\\\/2021\\\/03\\\/Borduurgaren-Zijde-splijtgaren-12-Turmalin-scaled-e1615310246375-1151x1536.jpg 1151w, https:\\\/\\\/webshop.annemiekoenen.com\\\/wp-content\\\/uploads\\\/sites\\\/2\\\/2021\\\/03\\\/Borduurgaren-Zijde-splijtgaren-12-Turmalin-scaled-e1615310246375-1535x2048.jpg 1535w, https:\\\/\\\/webshop.annemiekoenen.com\\\/wp-content\\\/uploads\\\/sites\\\/2\\\/2021\\\/03\\\/Borduurgaren-Zijde-splijtgaren-12-Turmalin-scaled-e1615310246375.jpg 1664w&quot;,&quot;sizes&quot;:&quot;(max-width: 416px) 100vw, 416px&quot;,&quot;full_src&quot;:&quot;https:\\\/\\\/webshop.annemiekoenen.com\\\/wp-content\\\/uploads\\\/sites\\\/2\\\/2021\\\/03\\\/Borduurgaren-Zijde-splijtgaren-12-Turmalin-scaled-e1615310246375.jpg&quot;,&quot;full_src_w&quot;:1664,&quot;full_src_h&quot;:2220,&quot;gallery_thumbnail_src&quot;:&quot;https:\\\/\\\/webshop.annemiekoenen.com\\\/wp-content\\\/uploads\\\/sites\\\/2\\\/2021\\\/03\\\/Borduurgaren-Zijde-splijtgaren-12-Turmalin-scaled-e1615310246375-100x100.jpg&quot;,&quot;gallery_thumbnail_src_w&quot;:100,&quot;gallery_thumbnail_src_h&quot;:100,&quot;thumb_src&quot;:&quot;https:\\\/\\\/webshop.annemiekoenen.com\\\/wp-content\\\/uploads\\\/sites\\\/2\\\/2021\\\/03\\\/Borduurgaren-Zijde-splijtgaren-12-Turmalin-scaled-e1615310246375-324x324.jpg&quot;,&quot;thumb_src_w&quot;:324,&quot;thumb_src_h&quot;:324,&quot;src_w&quot;:416,&quot;src_h&quot;:555},&quot;image_id&quot;:680,&quot;is_downloadable&quot;:false,&quot;is_in_stock&quot;:true,&quot;is_purchasable&quot;:true,&quot;is_sold_individually&quot;:&quot;no&quot;,&quot;is_virtual&quot;:false,&quot;max_qty&quot;:&quot;&quot;,&quot;min_qty&quot;:1,&quot;price_html&quot;:&quot;&quot;,&quot;sku&quot;:&quot;42BG12&quot;,&quot;variation_description&quot;:&quot;&quot;,&quot;variation_id&quot;:3668,&quot;variation_is_active&quot;:true,&quot;variation_is_visible&quot;:true,&quot;weight&quot;:&quot;3&quot;,&quot;weight_html&quot;:&quot;3 g&quot;},{&quot;attributes&quot;:{&quot;attribute_pa_zijde-splijtgaren&quot;:&quot;limette&quot;},&quot;availability_html&quot;:&quot;&lt;p class=\\&quot;stock in-stock\\&quot;&gt;7 vorr\\u00e4tig (kann nachbestellt werden)&lt;\\\/p&gt;\\n&quot;,&quot;backorders_allowed&quot;:true,&quot;dimensions&quot;:{&quot;length&quot;:&quot;500&quot;,&quot;width&quot;:&quot;&quot;,&quot;height&quot;:&quot;&quot;},&quot;dimensions_html&quot;:&quot;500 cm&quot;,&quot;display_price&quot;:3.45,&quot;display_regular_price&quot;:3.45,&quot;gallery_image_ids&quot;:[],&quot;gallery_images_html&quot;:&quot;&quot;,&quot;image&quot;:{&quot;title&quot;:&quot;Borduurgaren Zijde splijtgaren - 13 Lime&quot;,&quot;caption&quot;:&quot;&quot;,&quot;url&quot;:&quot;https:\\\/\\\/webshop.annemiekoenen.com\\\/wp-content\\\/uploads\\\/sites\\\/2\\\/2021\\\/03\\\/Borduurgaren-Zijde-splijtgaren-13-Lime-scaled-e1615310436749.jpg&quot;,&quot;alt&quot;:&quot;Borduurgaren Zijde splijtgaren - 13 Lime&quot;,&quot;src&quot;:&quot;https:\\\/\\\/webshop.annemiekoenen.com\\\/wp-content\\\/uploads\\\/sites\\\/2\\\/2021\\\/03\\\/Borduurgaren-Zijde-splijtgaren-13-Lime-scaled-e1615310436749-600x801.jpg&quot;,&quot;srcset&quot;:&quot;https:\\\/\\\/webshop.annemiekoenen.com\\\/wp-content\\\/uploads\\\/sites\\\/2\\\/2021\\\/03\\\/Borduurgaren-Zijde-splijtgaren-13-Lime-scaled-e1615310436749-600x801.jpg 600w, https:\\\/\\\/webshop.annemiekoenen.com\\\/wp-content\\\/uploads\\\/sites\\\/2\\\/2021\\\/03\\\/Borduurgaren-Zijde-splijtgaren-13-Lime-scaled-e1615310436749-225x300.jpg 225w, https:\\\/\\\/webshop.annemiekoenen.com\\\/wp-content\\\/uploads\\\/sites\\\/2\\\/2021\\\/03\\\/Borduurgaren-Zijde-splijtgaren-13-Lime-scaled-e1615310436749-767x1024.jpg 767w, https:\\\/\\\/webshop.annemiekoenen.com\\\/wp-content\\\/uploads\\\/sites\\\/2\\\/2021\\\/03\\\/Borduurgaren-Zijde-splijtgaren-13-Lime-scaled-e1615310436749-768x1026.jpg 768w, https:\\\/\\\/webshop.annemiekoenen.com\\\/wp-content\\\/uploads\\\/sites\\\/2\\\/2021\\\/03\\\/Borduurgaren-Zijde-splijtgaren-13-Lime-scaled-e1615310436749-1150x1536.jpg 1150w, https:\\\/\\\/webshop.annemiekoenen.com\\\/wp-content\\\/uploads\\\/sites\\\/2\\\/2021\\\/03\\\/Borduurgaren-Zijde-splijtgaren-13-Lime-scaled-e1615310436749-1533x2048.jpg 1533w, https:\\\/\\\/webshop.annemiekoenen.com\\\/wp-content\\\/uploads\\\/sites\\\/2\\\/2021\\\/03\\\/Borduurgaren-Zijde-splijtgaren-13-Lime-scaled-e1615310436749.jpg 1638w&quot;,&quot;sizes&quot;:&quot;(max-width: 416px) 100vw, 416px&quot;,&quot;full_src&quot;:&quot;https:\\\/\\\/webshop.annemiekoenen.com\\\/wp-content\\\/uploads\\\/sites\\\/2\\\/2021\\\/03\\\/Borduurgaren-Zijde-splijtgaren-13-Lime-scaled-e1615310436749.jpg&quot;,&quot;full_src_w&quot;:1638,&quot;full_src_h&quot;:2188,&quot;gallery_thumbnail_src&quot;:&quot;https:\\\/\\\/webshop.annemiekoenen.com\\\/wp-content\\\/uploads\\\/sites\\\/2\\\/2021\\\/03\\\/Borduurgaren-Zijde-splijtgaren-13-Lime-scaled-e1615310436749-100x100.jpg&quot;,&quot;gallery_thumbnail_src_w&quot;:100,&quot;gallery_thumbnail_src_h&quot;:100,&quot;thumb_src&quot;:&quot;https:\\\/\\\/webshop.annemiekoenen.com\\\/wp-content\\\/uploads\\\/sites\\\/2\\\/2021\\\/03\\\/Borduurgaren-Zijde-splijtgaren-13-Lime-scaled-e1615310436749-324x324.jpg&quot;,&quot;thumb_src_w&quot;:324,&quot;thumb_src_h&quot;:324,&quot;src_w&quot;:416,&quot;src_h&quot;:555},&quot;image_id&quot;:683,&quot;is_downloadable&quot;:false,&quot;is_in_stock&quot;:true,&quot;is_purchasable&quot;:true,&quot;is_sold_individually&quot;:&quot;no&quot;,&quot;is_virtual&quot;:false,&quot;max_qty&quot;:&quot;&quot;,&quot;min_qty&quot;:1,&quot;price_html&quot;:&quot;&quot;,&quot;sku&quot;:&quot;42BG13&quot;,&quot;variation_description&quot;:&quot;&quot;,&quot;variation_id&quot;:3669,&quot;variation_is_active&quot;:true,&quot;variation_is_visible&quot;:true,&quot;weight&quot;:&quot;3&quot;,&quot;weight_html&quot;:&quot;3 g&quot;},{&quot;attributes&quot;:{&quot;attribute_pa_zijde-splijtgaren&quot;:&quot;rotraud-de&quot;},&quot;availability_html&quot;:&quot;&lt;p class=\\&quot;stock in-stock\\&quot;&gt;18 vorr\\u00e4tig (kann nachbestellt werden)&lt;\\\/p&gt;\\n&quot;,&quot;backorders_allowed&quot;:true,&quot;dimensions&quot;:{&quot;length&quot;:&quot;500&quot;,&quot;width&quot;:&quot;&quot;,&quot;height&quot;:&quot;&quot;},&quot;dimensions_html&quot;:&quot;500 cm&quot;,&quot;display_price&quot;:3.45,&quot;display_regular_price&quot;:3.45,&quot;gallery_image_ids&quot;:[],&quot;gallery_images_html&quot;:&quot;&quot;,&quot;image&quot;:{&quot;title&quot;:&quot;Borduurgaren Zijde splijtgaren - 14 Rotraud&quot;,&quot;caption&quot;:&quot;&quot;,&quot;url&quot;:&quot;https:\\\/\\\/webshop.annemiekoenen.com\\\/wp-content\\\/uploads\\\/sites\\\/2\\\/2021\\\/03\\\/Borduurgaren-Zijde-splijtgaren-14-Rotraud-scaled-e1615310529950.jpg&quot;,&quot;alt&quot;:&quot;Borduurgaren Zijde splijtgaren - 14 Rotraud&quot;,&quot;src&quot;:&quot;https:\\\/\\\/webshop.annemiekoenen.com\\\/wp-content\\\/uploads\\\/sites\\\/2\\\/2021\\\/03\\\/Borduurgaren-Zijde-splijtgaren-14-Rotraud-scaled-e1615310529950-600x799.jpg&quot;,&quot;srcset&quot;:&quot;https:\\\/\\\/webshop.annemiekoenen.com\\\/wp-content\\\/uploads\\\/sites\\\/2\\\/2021\\\/03\\\/Borduurgaren-Zijde-splijtgaren-14-Rotraud-scaled-e1615310529950-600x799.jpg 600w, https:\\\/\\\/webshop.annemiekoenen.com\\\/wp-content\\\/uploads\\\/sites\\\/2\\\/2021\\\/03\\\/Borduurgaren-Zijde-splijtgaren-14-Rotraud-scaled-e1615310529950-225x300.jpg 225w, https:\\\/\\\/webshop.annemiekoenen.com\\\/wp-content\\\/uploads\\\/sites\\\/2\\\/2021\\\/03\\\/Borduurgaren-Zijde-splijtgaren-14-Rotraud-scaled-e1615310529950-769x1024.jpg 769w, https:\\\/\\\/webshop.annemiekoenen.com\\\/wp-content\\\/uploads\\\/sites\\\/2\\\/2021\\\/03\\\/Borduurgaren-Zijde-splijtgaren-14-Rotraud-scaled-e1615310529950-768x1023.jpg 768w, https:\\\/\\\/webshop.annemiekoenen.com\\\/wp-content\\\/uploads\\\/sites\\\/2\\\/2021\\\/03\\\/Borduurgaren-Zijde-splijtgaren-14-Rotraud-scaled-e1615310529950-1153x1536.jpg 1153w, https:\\\/\\\/webshop.annemiekoenen.com\\\/wp-content\\\/uploads\\\/sites\\\/2\\\/2021\\\/03\\\/Borduurgaren-Zijde-splijtgaren-14-Rotraud-scaled-e1615310529950-1538x2048.jpg 1538w, https:\\\/\\\/webshop.annemiekoenen.com\\\/wp-content\\\/uploads\\\/sites\\\/2\\\/2021\\\/03\\\/Borduurgaren-Zijde-splijtgaren-14-Rotraud-scaled-e1615310529950.jpg 1600w&quot;,&quot;sizes&quot;:&quot;(max-width: 416px) 100vw, 416px&quot;,&quot;full_src&quot;:&quot;https:\\\/\\\/webshop.annemiekoenen.com\\\/wp-content\\\/uploads\\\/sites\\\/2\\\/2021\\\/03\\\/Borduurgaren-Zijde-splijtgaren-14-Rotraud-scaled-e1615310529950.jpg&quot;,&quot;full_src_w&quot;:1600,&quot;full_src_h&quot;:2131,&quot;gallery_thumbnail_src&quot;:&quot;https:\\\/\\\/webshop.annemiekoenen.com\\\/wp-content\\\/uploads\\\/sites\\\/2\\\/2021\\\/03\\\/Borduurgaren-Zijde-splijtgaren-14-Rotraud-scaled-e1615310529950-100x100.jpg&quot;,&quot;gallery_thumbnail_src_w&quot;:100,&quot;gallery_thumbnail_src_h&quot;:100,&quot;thumb_src&quot;:&quot;https:\\\/\\\/webshop.annemiekoenen.com\\\/wp-content\\\/uploads\\\/sites\\\/2\\\/2021\\\/03\\\/Borduurgaren-Zijde-splijtgaren-14-Rotraud-scaled-e1615310529950-324x324.jpg&quot;,&quot;thumb_src_w&quot;:324,&quot;thumb_src_h&quot;:324,&quot;src_w&quot;:416,&quot;src_h&quot;:554},&quot;image_id&quot;:686,&quot;is_downloadable&quot;:false,&quot;is_in_stock&quot;:true,&quot;is_purchasable&quot;:true,&quot;is_sold_individually&quot;:&quot;no&quot;,&quot;is_virtual&quot;:false,&quot;max_qty&quot;:&quot;&quot;,&quot;min_qty&quot;:1,&quot;price_html&quot;:&quot;&quot;,&quot;sku&quot;:&quot;42BG14&quot;,&quot;variation_description&quot;:&quot;&quot;,&quot;variation_id&quot;:3670,&quot;variation_is_active&quot;:true,&quot;variation_is_visible&quot;:true,&quot;weight&quot;:&quot;3&quot;,&quot;weight_html&quot;:&quot;3 g&quot;},{&quot;attributes&quot;:{&quot;attribute_pa_zijde-splijtgaren&quot;:&quot;forest-de&quot;},&quot;availability_html&quot;:&quot;&lt;p class=\\&quot;stock in-stock\\&quot;&gt;8 vorr\\u00e4tig (kann nachbestellt werden)&lt;\\\/p&gt;\\n&quot;,&quot;backorders_allowed&quot;:true,&quot;dimensions&quot;:{&quot;length&quot;:&quot;500&quot;,&quot;width&quot;:&quot;&quot;,&quot;height&quot;:&quot;&quot;},&quot;dimensions_html&quot;:&quot;500 cm&quot;,&quot;display_price&quot;:3.45,&quot;display_regular_price&quot;:3.45,&quot;gallery_image_ids&quot;:[],&quot;gallery_images_html&quot;:&quot;&quot;,&quot;image&quot;:{&quot;title&quot;:&quot;Borduurgaren Zijde splijtgaren - 15 Forest&quot;,&quot;caption&quot;:&quot;&quot;,&quot;url&quot;:&quot;https:\\\/\\\/webshop.annemiekoenen.com\\\/wp-content\\\/uploads\\\/sites\\\/2\\\/2021\\\/03\\\/Borduurgaren-Zijde-splijtgaren-15-Forest-scaled-e1615311145345.jpg&quot;,&quot;alt&quot;:&quot;Borduurgaren Zijde splijtgaren - 15 Forest&quot;,&quot;src&quot;:&quot;https:\\\/\\\/webshop.annemiekoenen.com\\\/wp-content\\\/uploads\\\/sites\\\/2\\\/2021\\\/03\\\/Borduurgaren-Zijde-splijtgaren-15-Forest-scaled-e1615311145345-600x798.jpg&quot;,&quot;srcset&quot;:&quot;https:\\\/\\\/webshop.annemiekoenen.com\\\/wp-content\\\/uploads\\\/sites\\\/2\\\/2021\\\/03\\\/Borduurgaren-Zijde-splijtgaren-15-Forest-scaled-e1615311145345-600x798.jpg 600w, https:\\\/\\\/webshop.annemiekoenen.com\\\/wp-content\\\/uploads\\\/sites\\\/2\\\/2021\\\/03\\\/Borduurgaren-Zijde-splijtgaren-15-Forest-scaled-e1615311145345-225x300.jpg 225w, https:\\\/\\\/webshop.annemiekoenen.com\\\/wp-content\\\/uploads\\\/sites\\\/2\\\/2021\\\/03\\\/Borduurgaren-Zijde-splijtgaren-15-Forest-scaled-e1615311145345-770x1024.jpg 770w, https:\\\/\\\/webshop.annemiekoenen.com\\\/wp-content\\\/uploads\\\/sites\\\/2\\\/2021\\\/03\\\/Borduurgaren-Zijde-splijtgaren-15-Forest-scaled-e1615311145345-768x1022.jpg 768w, https:\\\/\\\/webshop.annemiekoenen.com\\\/wp-content\\\/uploads\\\/sites\\\/2\\\/2021\\\/03\\\/Borduurgaren-Zijde-splijtgaren-15-Forest-scaled-e1615311145345-1154x1536.jpg 1154w, https:\\\/\\\/webshop.annemiekoenen.com\\\/wp-content\\\/uploads\\\/sites\\\/2\\\/2021\\\/03\\\/Borduurgaren-Zijde-splijtgaren-15-Forest-scaled-e1615311145345.jpg 1491w&quot;,&quot;sizes&quot;:&quot;(max-width: 416px) 100vw, 416px&quot;,&quot;full_src&quot;:&quot;https:\\\/\\\/webshop.annemiekoenen.com\\\/wp-content\\\/uploads\\\/sites\\\/2\\\/2021\\\/03\\\/Borduurgaren-Zijde-splijtgaren-15-Forest-scaled-e1615311145345.jpg&quot;,&quot;full_src_w&quot;:1491,&quot;full_src_h&quot;:1984,&quot;gallery_thumbnail_src&quot;:&quot;https:\\\/\\\/webshop.annemiekoenen.com\\\/wp-content\\\/uploads\\\/sites\\\/2\\\/2021\\\/03\\\/Borduurgaren-Zijde-splijtgaren-15-Forest-scaled-e1615311145345-100x100.jpg&quot;,&quot;gallery_thumbnail_src_w&quot;:100,&quot;gallery_thumbnail_src_h&quot;:100,&quot;thumb_src&quot;:&quot;https:\\\/\\\/webshop.annemiekoenen.com\\\/wp-content\\\/uploads\\\/sites\\\/2\\\/2021\\\/03\\\/Borduurgaren-Zijde-splijtgaren-15-Forest-scaled-e1615311145345-324x324.jpg&quot;,&quot;thumb_src_w&quot;:324,&quot;thumb_src_h&quot;:324,&quot;src_w&quot;:416,&quot;src_h&quot;:553},&quot;image_id&quot;:689,&quot;is_downloadable&quot;:false,&quot;is_in_stock&quot;:true,&quot;is_purchasable&quot;:true,&quot;is_sold_individually&quot;:&quot;no&quot;,&quot;is_virtual&quot;:false,&quot;max_qty&quot;:&quot;&quot;,&quot;min_qty&quot;:1,&quot;price_html&quot;:&quot;&quot;,&quot;sku&quot;:&quot;42BG15&quot;,&quot;variation_description&quot;:&quot;&quot;,&quot;variation_id&quot;:3671,&quot;variation_is_active&quot;:true,&quot;variation_is_visible&quot;:true,&quot;weight&quot;:&quot;3&quot;,&quot;weight_html&quot;:&quot;3 g&quot;},{&quot;attributes&quot;:{&quot;attribute_pa_zijde-splijtgaren&quot;:&quot;ocean-de-2&quot;},&quot;availability_html&quot;:&quot;&lt;p class=\\&quot;stock in-stock\\&quot;&gt;24 vorr\\u00e4tig (kann nachbestellt werden)&lt;\\\/p&gt;\\n&quot;,&quot;backorders_allowed&quot;:true,&quot;dimensions&quot;:{&quot;length&quot;:&quot;500&quot;,&quot;width&quot;:&quot;&quot;,&quot;height&quot;:&quot;&quot;},&quot;dimensions_html&quot;:&quot;500 cm&quot;,&quot;display_price&quot;:3.45,&quot;display_regular_price&quot;:3.45,&quot;gallery_image_ids&quot;:[],&quot;gallery_images_html&quot;:&quot;&quot;,&quot;image&quot;:{&quot;title&quot;:&quot;Borduurgaren Zijde splijtgaren - 17 Ocean&quot;,&quot;caption&quot;:&quot;&quot;,&quot;url&quot;:&quot;https:\\\/\\\/webshop.annemiekoenen.com\\\/wp-content\\\/uploads\\\/sites\\\/2\\\/2021\\\/03\\\/Borduurgaren-Zijde-splijtgaren-17-Ocean-scaled-e1615311503370.jpg&quot;,&quot;alt&quot;:&quot;Borduurgaren Zijde splijtgaren - 17 Ocean&quot;,&quot;src&quot;:&quot;https:\\\/\\\/webshop.annemiekoenen.com\\\/wp-content\\\/uploads\\\/sites\\\/2\\\/2021\\\/03\\\/Borduurgaren-Zijde-splijtgaren-17-Ocean-scaled-e1615311503370-600x800.jpg&quot;,&quot;srcset&quot;:&quot;https:\\\/\\\/webshop.annemiekoenen.com\\\/wp-content\\\/uploads\\\/sites\\\/2\\\/2021\\\/03\\\/Borduurgaren-Zijde-splijtgaren-17-Ocean-scaled-e1615311503370-600x800.jpg 600w, https:\\\/\\\/webshop.annemiekoenen.com\\\/wp-content\\\/uploads\\\/sites\\\/2\\\/2021\\\/03\\\/Borduurgaren-Zijde-splijtgaren-17-Ocean-scaled-e1615311503370-225x300.jpg 225w, https:\\\/\\\/webshop.annemiekoenen.com\\\/wp-content\\\/uploads\\\/sites\\\/2\\\/2021\\\/03\\\/Borduurgaren-Zijde-splijtgaren-17-Ocean-scaled-e1615311503370-768x1023.jpg 768w, https:\\\/\\\/webshop.annemiekoenen.com\\\/wp-content\\\/uploads\\\/sites\\\/2\\\/2021\\\/03\\\/Borduurgaren-Zijde-splijtgaren-17-Ocean-scaled-e1615311503370-1153x1536.jpg 1153w, https:\\\/\\\/webshop.annemiekoenen.com\\\/wp-content\\\/uploads\\\/sites\\\/2\\\/2021\\\/03\\\/Borduurgaren-Zijde-splijtgaren-17-Ocean-scaled-e1615311503370-1537x2048.jpg 1537w, https:\\\/\\\/webshop.annemiekoenen.com\\\/wp-content\\\/uploads\\\/sites\\\/2\\\/2021\\\/03\\\/Borduurgaren-Zijde-splijtgaren-17-Ocean-scaled-e1615311503370.jpg 1657w&quot;,&quot;sizes&quot;:&quot;(max-width: 416px) 100vw, 416px&quot;,&quot;full_src&quot;:&quot;https:\\\/\\\/webshop.annemiekoenen.com\\\/wp-content\\\/uploads\\\/sites\\\/2\\\/2021\\\/03\\\/Borduurgaren-Zijde-splijtgaren-17-Ocean-scaled-e1615311503370.jpg&quot;,&quot;full_src_w&quot;:1657,&quot;full_src_h&quot;:2208,&quot;gallery_thumbnail_src&quot;:&quot;https:\\\/\\\/webshop.annemiekoenen.com\\\/wp-content\\\/uploads\\\/sites\\\/2\\\/2021\\\/03\\\/Borduurgaren-Zijde-splijtgaren-17-Ocean-scaled-e1615311503370-100x100.jpg&quot;,&quot;gallery_thumbnail_src_w&quot;:100,&quot;gallery_thumbnail_src_h&quot;:100,&quot;thumb_src&quot;:&quot;https:\\\/\\\/webshop.annemiekoenen.com\\\/wp-content\\\/uploads\\\/sites\\\/2\\\/2021\\\/03\\\/Borduurgaren-Zijde-splijtgaren-17-Ocean-scaled-e1615311503370-324x324.jpg&quot;,&quot;thumb_src_w&quot;:324,&quot;thumb_src_h&quot;:324,&quot;src_w&quot;:416,&quot;src_h&quot;:555},&quot;image_id&quot;:692,&quot;is_downloadable&quot;:false,&quot;is_in_stock&quot;:true,&quot;is_purchasable&quot;:true,&quot;is_sold_individually&quot;:&quot;no&quot;,&quot;is_virtual&quot;:false,&quot;max_qty&quot;:&quot;&quot;,&quot;min_qty&quot;:1,&quot;price_html&quot;:&quot;&quot;,&quot;sku&quot;:&quot;42BG17&quot;,&quot;variation_description&quot;:&quot;&quot;,&quot;variation_id&quot;:3672,&quot;variation_is_active&quot;:true,&quot;variation_is_visible&quot;:true,&quot;weight&quot;:&quot;3&quot;,&quot;weight_html&quot;:&quot;3 g&quot;},{&quot;attributes&quot;:{&quot;attribute_pa_zijde-splijtgaren&quot;:&quot;blue-ocean-de&quot;},&quot;availability_html&quot;:&quot;&lt;p class=\\&quot;stock in-stock\\&quot;&gt;6 vorr\\u00e4tig (kann nachbestellt werden)&lt;\\\/p&gt;\\n&quot;,&quot;backorders_allowed&quot;:true,&quot;dimensions&quot;:{&quot;length&quot;:&quot;500&quot;,&quot;width&quot;:&quot;&quot;,&quot;height&quot;:&quot;&quot;},&quot;dimensions_html&quot;:&quot;500 cm&quot;,&quot;display_price&quot;:3.45,&quot;display_regular_price&quot;:3.45,&quot;gallery_image_ids&quot;:[],&quot;gallery_images_html&quot;:&quot;&quot;,&quot;image&quot;:{&quot;title&quot;:&quot;Borduurgaren Zijde splijtgaren - 18 Blue ocean&quot;,&quot;caption&quot;:&quot;&quot;,&quot;url&quot;:&quot;https:\\\/\\\/webshop.annemiekoenen.com\\\/wp-content\\\/uploads\\\/sites\\\/2\\\/2021\\\/03\\\/Borduurgaren-Zijde-splijtgaren-18-Blue-ocean-scaled-e1615311654503.jpg&quot;,&quot;alt&quot;:&quot;Borduurgaren Zijde splijtgaren - 18 Blue ocean&quot;,&quot;src&quot;:&quot;https:\\\/\\\/webshop.annemiekoenen.com\\\/wp-content\\\/uploads\\\/sites\\\/2\\\/2021\\\/03\\\/Borduurgaren-Zijde-splijtgaren-18-Blue-ocean-scaled-e1615311654503-600x800.jpg&quot;,&quot;srcset&quot;:&quot;https:\\\/\\\/webshop.annemiekoenen.com\\\/wp-content\\\/uploads\\\/sites\\\/2\\\/2021\\\/03\\\/Borduurgaren-Zijde-splijtgaren-18-Blue-ocean-scaled-e1615311654503-600x800.jpg 600w, https:\\\/\\\/webshop.annemiekoenen.com\\\/wp-content\\\/uploads\\\/sites\\\/2\\\/2021\\\/03\\\/Borduurgaren-Zijde-splijtgaren-18-Blue-ocean-scaled-e1615311654503-225x300.jpg 225w, https:\\\/\\\/webshop.annemiekoenen.com\\\/wp-content\\\/uploads\\\/sites\\\/2\\\/2021\\\/03\\\/Borduurgaren-Zijde-splijtgaren-18-Blue-ocean-scaled-e1615311654503-768x1024.jpg 768w, https:\\\/\\\/webshop.annemiekoenen.com\\\/wp-content\\\/uploads\\\/sites\\\/2\\\/2021\\\/03\\\/Borduurgaren-Zijde-splijtgaren-18-Blue-ocean-scaled-e1615311654503-1152x1536.jpg 1152w, https:\\\/\\\/webshop.annemiekoenen.com\\\/wp-content\\\/uploads\\\/sites\\\/2\\\/2021\\\/03\\\/Borduurgaren-Zijde-splijtgaren-18-Blue-ocean-scaled-e1615311654503-1536x2048.jpg 1536w, https:\\\/\\\/webshop.annemiekoenen.com\\\/wp-content\\\/uploads\\\/sites\\\/2\\\/2021\\\/03\\\/Borduurgaren-Zijde-splijtgaren-18-Blue-ocean-scaled-e1615311654503.jpg 1612w&quot;,&quot;sizes&quot;:&quot;(max-width: 416px) 100vw, 416px&quot;,&quot;full_src&quot;:&quot;https:\\\/\\\/webshop.annemiekoenen.com\\\/wp-content\\\/uploads\\\/sites\\\/2\\\/2021\\\/03\\\/Borduurgaren-Zijde-splijtgaren-18-Blue-ocean-scaled-e1615311654503.jpg&quot;,&quot;full_src_w&quot;:1612,&quot;full_src_h&quot;:2150,&quot;gallery_thumbnail_src&quot;:&quot;https:\\\/\\\/webshop.annemiekoenen.com\\\/wp-content\\\/uploads\\\/sites\\\/2\\\/2021\\\/03\\\/Borduurgaren-Zijde-splijtgaren-18-Blue-ocean-scaled-e1615311654503-100x100.jpg&quot;,&quot;gallery_thumbnail_src_w&quot;:100,&quot;gallery_thumbnail_src_h&quot;:100,&quot;thumb_src&quot;:&quot;https:\\\/\\\/webshop.annemiekoenen.com\\\/wp-content\\\/uploads\\\/sites\\\/2\\\/2021\\\/03\\\/Borduurgaren-Zijde-splijtgaren-18-Blue-ocean-scaled-e1615311654503-324x324.jpg&quot;,&quot;thumb_src_w&quot;:324,&quot;thumb_src_h&quot;:324,&quot;src_w&quot;:416,&quot;src_h&quot;:555},&quot;image_id&quot;:695,&quot;is_downloadable&quot;:false,&quot;is_in_stock&quot;:true,&quot;is_purchasable&quot;:true,&quot;is_sold_individually&quot;:&quot;no&quot;,&quot;is_virtual&quot;:false,&quot;max_qty&quot;:&quot;&quot;,&quot;min_qty&quot;:1,&quot;price_html&quot;:&quot;&quot;,&quot;sku&quot;:&quot;42BG18&quot;,&quot;variation_description&quot;:&quot;&quot;,&quot;variation_id&quot;:3673,&quot;variation_is_active&quot;:true,&quot;variation_is_visible&quot;:true,&quot;weight&quot;:&quot;3&quot;,&quot;weight_html&quot;:&quot;3 g&quot;},{&quot;attributes&quot;:{&quot;attribute_pa_zijde-splijtgaren&quot;:&quot;genesis-de&quot;},&quot;availability_html&quot;:&quot;&lt;p class=\\&quot;stock in-stock\\&quot;&gt;6 vorr\\u00e4tig (kann nachbestellt werden)&lt;\\\/p&gt;\\n&quot;,&quot;backorders_allowed&quot;:true,&quot;dimensions&quot;:{&quot;length&quot;:&quot;500&quot;,&quot;width&quot;:&quot;&quot;,&quot;height&quot;:&quot;&quot;},&quot;dimensions_html&quot;:&quot;500 cm&quot;,&quot;display_price&quot;:3.45,&quot;display_regular_price&quot;:3.45,&quot;gallery_image_ids&quot;:[],&quot;gallery_images_html&quot;:&quot;&quot;,&quot;image&quot;:{&quot;title&quot;:&quot;Borduurgaren Zijde splijtgaren - 19 Genesis&quot;,&quot;caption&quot;:&quot;&quot;,&quot;url&quot;:&quot;https:\\\/\\\/webshop.annemiekoenen.com\\\/wp-content\\\/uploads\\\/sites\\\/2\\\/2021\\\/03\\\/Borduurgaren-Zijde-splijtgaren-19-Genesis-scaled-e1615311741865.jpg&quot;,&quot;alt&quot;:&quot;Borduurgaren Zijde splijtgaren - 19 Genesis&quot;,&quot;src&quot;:&quot;https:\\\/\\\/webshop.annemiekoenen.com\\\/wp-content\\\/uploads\\\/sites\\\/2\\\/2021\\\/03\\\/Borduurgaren-Zijde-splijtgaren-19-Genesis-scaled-e1615311741865-600x799.jpg&quot;,&quot;srcset&quot;:&quot;https:\\\/\\\/webshop.annemiekoenen.com\\\/wp-content\\\/uploads\\\/sites\\\/2\\\/2021\\\/03\\\/Borduurgaren-Zijde-splijtgaren-19-Genesis-scaled-e1615311741865-600x799.jpg 600w, https:\\\/\\\/webshop.annemiekoenen.com\\\/wp-content\\\/uploads\\\/sites\\\/2\\\/2021\\\/03\\\/Borduurgaren-Zijde-splijtgaren-19-Genesis-scaled-e1615311741865-225x300.jpg 225w, https:\\\/\\\/webshop.annemiekoenen.com\\\/wp-content\\\/uploads\\\/sites\\\/2\\\/2021\\\/03\\\/Borduurgaren-Zijde-splijtgaren-19-Genesis-scaled-e1615311741865-769x1024.jpg 769w, https:\\\/\\\/webshop.annemiekoenen.com\\\/wp-content\\\/uploads\\\/sites\\\/2\\\/2021\\\/03\\\/Borduurgaren-Zijde-splijtgaren-19-Genesis-scaled-e1615311741865-768x1023.jpg 768w, https:\\\/\\\/webshop.annemiekoenen.com\\\/wp-content\\\/uploads\\\/sites\\\/2\\\/2021\\\/03\\\/Borduurgaren-Zijde-splijtgaren-19-Genesis-scaled-e1615311741865-1153x1536.jpg 1153w, https:\\\/\\\/webshop.annemiekoenen.com\\\/wp-content\\\/uploads\\\/sites\\\/2\\\/2021\\\/03\\\/Borduurgaren-Zijde-splijtgaren-19-Genesis-scaled-e1615311741865-1537x2048.jpg 1537w, https:\\\/\\\/webshop.annemiekoenen.com\\\/wp-content\\\/uploads\\\/sites\\\/2\\\/2021\\\/03\\\/Borduurgaren-Zijde-splijtgaren-19-Genesis-scaled-e1615311741865.jpg 1772w&quot;,&quot;sizes&quot;:&quot;(max-width: 416px) 100vw, 416px&quot;,&quot;full_src&quot;:&quot;https:\\\/\\\/webshop.annemiekoenen.com\\\/wp-content\\\/uploads\\\/sites\\\/2\\\/2021\\\/03\\\/Borduurgaren-Zijde-splijtgaren-19-Genesis-scaled-e1615311741865.jpg&quot;,&quot;full_src_w&quot;:1772,&quot;full_src_h&quot;:2361,&quot;gallery_thumbnail_src&quot;:&quot;https:\\\/\\\/webshop.annemiekoenen.com\\\/wp-content\\\/uploads\\\/sites\\\/2\\\/2021\\\/03\\\/Borduurgaren-Zijde-splijtgaren-19-Genesis-scaled-e1615311741865-100x100.jpg&quot;,&quot;gallery_thumbnail_src_w&quot;:100,&quot;gallery_thumbnail_src_h&quot;:100,&quot;thumb_src&quot;:&quot;https:\\\/\\\/webshop.annemiekoenen.com\\\/wp-content\\\/uploads\\\/sites\\\/2\\\/2021\\\/03\\\/Borduurgaren-Zijde-splijtgaren-19-Genesis-scaled-e1615311741865-324x324.jpg&quot;,&quot;thumb_src_w&quot;:324,&quot;thumb_src_h&quot;:324,&quot;src_w&quot;:416,&quot;src_h&quot;:554},&quot;image_id&quot;:698,&quot;is_downloadable&quot;:false,&quot;is_in_stock&quot;:true,&quot;is_purchasable&quot;:true,&quot;is_sold_individually&quot;:&quot;no&quot;,&quot;is_virtual&quot;:false,&quot;max_qty&quot;:&quot;&quot;,&quot;min_qty&quot;:1,&quot;price_html&quot;:&quot;&quot;,&quot;sku&quot;:&quot;42BG19&quot;,&quot;variation_description&quot;:&quot;&quot;,&quot;variation_id&quot;:3674,&quot;variation_is_active&quot;:true,&quot;variation_is_visible&quot;:true,&quot;weight&quot;:&quot;3&quot;,&quot;weight_html&quot;:&quot;3 g&quot;},{&quot;attributes&quot;:{&quot;attribute_pa_zijde-splijtgaren&quot;:&quot;denim-de&quot;},&quot;availability_html&quot;:&quot;&lt;p class=\\&quot;stock in-stock\\&quot;&gt;11 vorr\\u00e4tig (kann nachbestellt werden)&lt;\\\/p&gt;\\n&quot;,&quot;backorders_allowed&quot;:true,&quot;dimensions&quot;:{&quot;length&quot;:&quot;500&quot;,&quot;width&quot;:&quot;&quot;,&quot;height&quot;:&quot;&quot;},&quot;dimensions_html&quot;:&quot;500 cm&quot;,&quot;display_price&quot;:3.45,&quot;display_regular_price&quot;:3.45,&quot;gallery_image_ids&quot;:[],&quot;gallery_images_html&quot;:&quot;&quot;,&quot;image&quot;:{&quot;title&quot;:&quot;Borduurgaren Zijde splijtgaren - 21 Denim&quot;,&quot;caption&quot;:&quot;&quot;,&quot;url&quot;:&quot;https:\\\/\\\/webshop.annemiekoenen.com\\\/wp-content\\\/uploads\\\/sites\\\/2\\\/2021\\\/03\\\/Borduurgaren-Zijde-splijtgaren-21-Denim-scaled-e1615311857152.jpg&quot;,&quot;alt&quot;:&quot;Borduurgaren Zijde splijtgaren - 21 Denim&quot;,&quot;src&quot;:&quot;https:\\\/\\\/webshop.annemiekoenen.com\\\/wp-content\\\/uploads\\\/sites\\\/2\\\/2021\\\/03\\\/Borduurgaren-Zijde-splijtgaren-21-Denim-scaled-e1615311857152-600x799.jpg&quot;,&quot;srcset&quot;:&quot;https:\\\/\\\/webshop.annemiekoenen.com\\\/wp-content\\\/uploads\\\/sites\\\/2\\\/2021\\\/03\\\/Borduurgaren-Zijde-splijtgaren-21-Denim-scaled-e1615311857152-600x799.jpg 600w, https:\\\/\\\/webshop.annemiekoenen.com\\\/wp-content\\\/uploads\\\/sites\\\/2\\\/2021\\\/03\\\/Borduurgaren-Zijde-splijtgaren-21-Denim-scaled-e1615311857152-225x300.jpg 225w, https:\\\/\\\/webshop.annemiekoenen.com\\\/wp-content\\\/uploads\\\/sites\\\/2\\\/2021\\\/03\\\/Borduurgaren-Zijde-splijtgaren-21-Denim-scaled-e1615311857152-769x1024.jpg 769w, https:\\\/\\\/webshop.annemiekoenen.com\\\/wp-content\\\/uploads\\\/sites\\\/2\\\/2021\\\/03\\\/Borduurgaren-Zijde-splijtgaren-21-Denim-scaled-e1615311857152-768x1023.jpg 768w, https:\\\/\\\/webshop.annemiekoenen.com\\\/wp-content\\\/uploads\\\/sites\\\/2\\\/2021\\\/03\\\/Borduurgaren-Zijde-splijtgaren-21-Denim-scaled-e1615311857152-1153x1536.jpg 1153w, https:\\\/\\\/webshop.annemiekoenen.com\\\/wp-content\\\/uploads\\\/sites\\\/2\\\/2021\\\/03\\\/Borduurgaren-Zijde-splijtgaren-21-Denim-scaled-e1615311857152-1537x2048.jpg 1537w, https:\\\/\\\/webshop.annemiekoenen.com\\\/wp-content\\\/uploads\\\/sites\\\/2\\\/2021\\\/03\\\/Borduurgaren-Zijde-splijtgaren-21-Denim-scaled-e1615311857152.jpg 1676w&quot;,&quot;sizes&quot;:&quot;(max-width: 416px) 100vw, 416px&quot;,&quot;full_src&quot;:&quot;https:\\\/\\\/webshop.annemiekoenen.com\\\/wp-content\\\/uploads\\\/sites\\\/2\\\/2021\\\/03\\\/Borduurgaren-Zijde-splijtgaren-21-Denim-scaled-e1615311857152.jpg&quot;,&quot;full_src_w&quot;:1676,&quot;full_src_h&quot;:2233,&quot;gallery_thumbnail_src&quot;:&quot;https:\\\/\\\/webshop.annemiekoenen.com\\\/wp-content\\\/uploads\\\/sites\\\/2\\\/2021\\\/03\\\/Borduurgaren-Zijde-splijtgaren-21-Denim-scaled-e1615311857152-100x100.jpg&quot;,&quot;gallery_thumbnail_src_w&quot;:100,&quot;gallery_thumbnail_src_h&quot;:100,&quot;thumb_src&quot;:&quot;https:\\\/\\\/webshop.annemiekoenen.com\\\/wp-content\\\/uploads\\\/sites\\\/2\\\/2021\\\/03\\\/Borduurgaren-Zijde-splijtgaren-21-Denim-scaled-e1615311857152-324x324.jpg&quot;,&quot;thumb_src_w&quot;:324,&quot;thumb_src_h&quot;:324,&quot;src_w&quot;:416,&quot;src_h&quot;:554},&quot;image_id&quot;:701,&quot;is_downloadable&quot;:false,&quot;is_in_stock&quot;:true,&quot;is_purchasable&quot;:true,&quot;is_sold_individually&quot;:&quot;no&quot;,&quot;is_virtual&quot;:false,&quot;max_qty&quot;:&quot;&quot;,&quot;min_qty&quot;:1,&quot;price_html&quot;:&quot;&quot;,&quot;sku&quot;:&quot;42BG21&quot;,&quot;variation_description&quot;:&quot;&quot;,&quot;variation_id&quot;:3676,&quot;variation_is_active&quot;:true,&quot;variation_is_visible&quot;:true,&quot;weight&quot;:&quot;3&quot;,&quot;weight_html&quot;:&quot;3 g&quot;},{&quot;attributes&quot;:{&quot;attribute_pa_zijde-splijtgaren&quot;:&quot;petrol-de&quot;},&quot;availability_html&quot;:&quot;&lt;p class=\\&quot;stock in-stock\\&quot;&gt;7 vorr\\u00e4tig (kann nachbestellt werden)&lt;\\\/p&gt;\\n&quot;,&quot;backorders_allowed&quot;:true,&quot;dimensions&quot;:{&quot;length&quot;:&quot;500&quot;,&quot;width&quot;:&quot;&quot;,&quot;height&quot;:&quot;&quot;},&quot;dimensions_html&quot;:&quot;500 cm&quot;,&quot;display_price&quot;:3.45,&quot;display_regular_price&quot;:3.45,&quot;gallery_image_ids&quot;:[],&quot;gallery_images_html&quot;:&quot;&quot;,&quot;image&quot;:{&quot;title&quot;:&quot;Borduurgarens Zijde splijtgaren - 22 Petrol&quot;,&quot;caption&quot;:&quot;&quot;,&quot;url&quot;:&quot;https:\\\/\\\/webshop.annemiekoenen.com\\\/wp-content\\\/uploads\\\/sites\\\/2\\\/2021\\\/04\\\/Borduurgarens-Zijde-splijtgaren-22-Petrol-scaled-e1617545820517.jpg&quot;,&quot;alt&quot;:&quot;Borduurgarens Zijde splijtgaren - 22 Petrol&quot;,&quot;src&quot;:&quot;https:\\\/\\\/webshop.annemiekoenen.com\\\/wp-content\\\/uploads\\\/sites\\\/2\\\/2021\\\/04\\\/Borduurgarens-Zijde-splijtgaren-22-Petrol-scaled-e1617545820517-600x800.jpg&quot;,&quot;srcset&quot;:&quot;https:\\\/\\\/webshop.annemiekoenen.com\\\/wp-content\\\/uploads\\\/sites\\\/2\\\/2021\\\/04\\\/Borduurgarens-Zijde-splijtgaren-22-Petrol-scaled-e1617545820517-600x800.jpg 600w, https:\\\/\\\/webshop.annemiekoenen.com\\\/wp-content\\\/uploads\\\/sites\\\/2\\\/2021\\\/04\\\/Borduurgarens-Zijde-splijtgaren-22-Petrol-scaled-e1617545820517-225x300.jpg 225w, https:\\\/\\\/webshop.annemiekoenen.com\\\/wp-content\\\/uploads\\\/sites\\\/2\\\/2021\\\/04\\\/Borduurgarens-Zijde-splijtgaren-22-Petrol-scaled-e1617545820517-768x1024.jpg 768w, https:\\\/\\\/webshop.annemiekoenen.com\\\/wp-content\\\/uploads\\\/sites\\\/2\\\/2021\\\/04\\\/Borduurgarens-Zijde-splijtgaren-22-Petrol-scaled-e1617545820517-1152x1536.jpg 1152w, https:\\\/\\\/webshop.annemiekoenen.com\\\/wp-content\\\/uploads\\\/sites\\\/2\\\/2021\\\/04\\\/Borduurgarens-Zijde-splijtgaren-22-Petrol-scaled-e1617545820517.jpg 1516w&quot;,&quot;sizes&quot;:&quot;(max-width: 416px) 100vw, 416px&quot;,&quot;full_src&quot;:&quot;https:\\\/\\\/webshop.annemiekoenen.com\\\/wp-content\\\/uploads\\\/sites\\\/2\\\/2021\\\/04\\\/Borduurgarens-Zijde-splijtgaren-22-Petrol-scaled-e1617545820517.jpg&quot;,&quot;full_src_w&quot;:1516,&quot;full_src_h&quot;:2022,&quot;gallery_thumbnail_src&quot;:&quot;https:\\\/\\\/webshop.annemiekoenen.com\\\/wp-content\\\/uploads\\\/sites\\\/2\\\/2021\\\/04\\\/Borduurgarens-Zijde-splijtgaren-22-Petrol-scaled-e1617545820517-100x100.jpg&quot;,&quot;gallery_thumbnail_src_w&quot;:100,&quot;gallery_thumbnail_src_h&quot;:100,&quot;thumb_src&quot;:&quot;https:\\\/\\\/webshop.annemiekoenen.com\\\/wp-content\\\/uploads\\\/sites\\\/2\\\/2021\\\/04\\\/Borduurgarens-Zijde-splijtgaren-22-Petrol-scaled-e1617545820517-324x324.jpg&quot;,&quot;thumb_src_w&quot;:324,&quot;thumb_src_h&quot;:324,&quot;src_w&quot;:416,&quot;src_h&quot;:555},&quot;image_id&quot;:2202,&quot;is_downloadable&quot;:false,&quot;is_in_stock&quot;:true,&quot;is_purchasable&quot;:true,&quot;is_sold_individually&quot;:&quot;no&quot;,&quot;is_virtual&quot;:false,&quot;max_qty&quot;:&quot;&quot;,&quot;min_qty&quot;:1,&quot;price_html&quot;:&quot;&quot;,&quot;sku&quot;:&quot;42BG22&quot;,&quot;variation_description&quot;:&quot;&quot;,&quot;variation_id&quot;:3677,&quot;variation_is_active&quot;:true,&quot;variation_is_visible&quot;:true,&quot;weight&quot;:&quot;3&quot;,&quot;weight_html&quot;:&quot;3 g&quot;},{&quot;attributes&quot;:{&quot;attribute_pa_zijde-splijtgaren&quot;:&quot;smoke-de&quot;},&quot;availability_html&quot;:&quot;&lt;p class=\\&quot;stock in-stock\\&quot;&gt;3 vorr\\u00e4tig (kann nachbestellt werden)&lt;\\\/p&gt;\\n&quot;,&quot;backorders_allowed&quot;:true,&quot;dimensions&quot;:{&quot;length&quot;:&quot;500&quot;,&quot;width&quot;:&quot;&quot;,&quot;height&quot;:&quot;&quot;},&quot;dimensions_html&quot;:&quot;500 cm&quot;,&quot;display_price&quot;:3.45,&quot;display_regular_price&quot;:3.45,&quot;gallery_image_ids&quot;:[],&quot;gallery_images_html&quot;:&quot;&quot;,&quot;image&quot;:{&quot;title&quot;:&quot;Borduurgarens Zijde splijtgaren - 23 Smoke&quot;,&quot;caption&quot;:&quot;&quot;,&quot;url&quot;:&quot;https:\\\/\\\/webshop.annemiekoenen.com\\\/wp-content\\\/uploads\\\/sites\\\/2\\\/2021\\\/05\\\/Borduurgarens-Zijde-splijtgaren-23-Smoke-scaled-e1620119752613.jpg&quot;,&quot;alt&quot;:&quot;Borduurgarens Zijde splijtgaren - 23 Smoke&quot;,&quot;src&quot;:&quot;https:\\\/\\\/webshop.annemiekoenen.com\\\/wp-content\\\/uploads\\\/sites\\\/2\\\/2021\\\/05\\\/Borduurgarens-Zijde-splijtgaren-23-Smoke-600x799.jpg&quot;,&quot;srcset&quot;:&quot;https:\\\/\\\/webshop.annemiekoenen.com\\\/wp-content\\\/uploads\\\/sites\\\/2\\\/2021\\\/05\\\/Borduurgarens-Zijde-splijtgaren-23-Smoke-600x799.jpg 600w, https:\\\/\\\/webshop.annemiekoenen.com\\\/wp-content\\\/uploads\\\/sites\\\/2\\\/2021\\\/05\\\/Borduurgarens-Zijde-splijtgaren-23-Smoke-225x300.jpg 225w, https:\\\/\\\/webshop.annemiekoenen.com\\\/wp-content\\\/uploads\\\/sites\\\/2\\\/2021\\\/05\\\/Borduurgarens-Zijde-splijtgaren-23-Smoke-769x1024.jpg 769w, https:\\\/\\\/webshop.annemiekoenen.com\\\/wp-content\\\/uploads\\\/sites\\\/2\\\/2021\\\/05\\\/Borduurgarens-Zijde-splijtgaren-23-Smoke-768x1023.jpg 768w, https:\\\/\\\/webshop.annemiekoenen.com\\\/wp-content\\\/uploads\\\/sites\\\/2\\\/2021\\\/05\\\/Borduurgarens-Zijde-splijtgaren-23-Smoke-1153x1536.jpg 1153w, https:\\\/\\\/webshop.annemiekoenen.com\\\/wp-content\\\/uploads\\\/sites\\\/2\\\/2021\\\/05\\\/Borduurgarens-Zijde-splijtgaren-23-Smoke-1538x2048.jpg 1538w, https:\\\/\\\/webshop.annemiekoenen.com\\\/wp-content\\\/uploads\\\/sites\\\/2\\\/2021\\\/05\\\/Borduurgarens-Zijde-splijtgaren-23-Smoke-scaled.jpg 1922w&quot;,&quot;sizes&quot;:&quot;(max-width: 416px) 100vw, 416px&quot;,&quot;full_src&quot;:&quot;https:\\\/\\\/webshop.annemiekoenen.com\\\/wp-content\\\/uploads\\\/sites\\\/2\\\/2021\\\/05\\\/Borduurgarens-Zijde-splijtgaren-23-Smoke-scaled-e1620119752613.jpg&quot;,&quot;full_src_w&quot;:1922,&quot;full_src_h&quot;:2560,&quot;gallery_thumbnail_src&quot;:&quot;https:\\\/\\\/webshop.annemiekoenen.com\\\/wp-content\\\/uploads\\\/sites\\\/2\\\/2021\\\/05\\\/Borduurgarens-Zijde-splijtgaren-23-Smoke-100x100.jpg&quot;,&quot;gallery_thumbnail_src_w&quot;:100,&quot;gallery_thumbnail_src_h&quot;:100,&quot;thumb_src&quot;:&quot;https:\\\/\\\/webshop.annemiekoenen.com\\\/wp-content\\\/uploads\\\/sites\\\/2\\\/2021\\\/05\\\/Borduurgarens-Zijde-splijtgaren-23-Smoke-scaled-e1620119752613-324x324.jpg&quot;,&quot;thumb_src_w&quot;:324,&quot;thumb_src_h&quot;:324,&quot;src_w&quot;:416,&quot;src_h&quot;:554},&quot;image_id&quot;:3080,&quot;is_downloadable&quot;:false,&quot;is_in_stock&quot;:true,&quot;is_purchasable&quot;:true,&quot;is_sold_individually&quot;:&quot;no&quot;,&quot;is_virtual&quot;:false,&quot;max_qty&quot;:&quot;&quot;,&quot;min_qty&quot;:1,&quot;price_html&quot;:&quot;&quot;,&quot;sku&quot;:&quot;42BG23&quot;,&quot;variation_description&quot;:&quot;&quot;,&quot;variation_id&quot;:3678,&quot;variation_is_active&quot;:true,&quot;variation_is_visible&quot;:true,&quot;weight&quot;:&quot;3&quot;,&quot;weight_html&quot;:&quot;3 g&quot;},{&quot;attributes&quot;:{&quot;attribute_pa_zijde-splijtgaren&quot;:&quot;smoke-mit-viel-weis&quot;},&quot;availability_html&quot;:&quot;&lt;p class=\\&quot;stock in-stock\\&quot;&gt;9 vorr\\u00e4tig (kann nachbestellt werden)&lt;\\\/p&gt;\\n&quot;,&quot;backorders_allowed&quot;:true,&quot;dimensions&quot;:{&quot;length&quot;:&quot;500&quot;,&quot;width&quot;:&quot;&quot;,&quot;height&quot;:&quot;&quot;},&quot;dimensions_html&quot;:&quot;500 cm&quot;,&quot;display_price&quot;:3.45,&quot;display_regular_price&quot;:3.45,&quot;gallery_image_ids&quot;:[],&quot;gallery_images_html&quot;:&quot;&quot;,&quot;image&quot;:{&quot;title&quot;:&quot;Borduurgarens Zijde splijtgaren - 24 Smoke met veel wit&quot;,&quot;caption&quot;:&quot;&quot;,&quot;url&quot;:&quot;https:\\\/\\\/webshop.annemiekoenen.com\\\/wp-content\\\/uploads\\\/sites\\\/2\\\/2021\\\/04\\\/Borduurgarens-Zijde-splijtgaren-24-Smoke-met-veel-wit-scaled-e1617545914970.jpg&quot;,&quot;alt&quot;:&quot;Borduurgarens Zijde splijtgaren - 24 Smoke met veel wit&quot;,&quot;src&quot;:&quot;https:\\\/\\\/webshop.annemiekoenen.com\\\/wp-content\\\/uploads\\\/sites\\\/2\\\/2021\\\/04\\\/Borduurgarens-Zijde-splijtgaren-24-Smoke-met-veel-wit-scaled-e1617545914970-600x799.jpg&quot;,&quot;srcset&quot;:&quot;https:\\\/\\\/webshop.annemiekoenen.com\\\/wp-content\\\/uploads\\\/sites\\\/2\\\/2021\\\/04\\\/Borduurgarens-Zijde-splijtgaren-24-Smoke-met-veel-wit-scaled-e1617545914970-600x799.jpg 600w, https:\\\/\\\/webshop.annemiekoenen.com\\\/wp-content\\\/uploads\\\/sites\\\/2\\\/2021\\\/04\\\/Borduurgarens-Zijde-splijtgaren-24-Smoke-met-veel-wit-scaled-e1617545914970-225x300.jpg 225w, https:\\\/\\\/webshop.annemiekoenen.com\\\/wp-content\\\/uploads\\\/sites\\\/2\\\/2021\\\/04\\\/Borduurgarens-Zijde-splijtgaren-24-Smoke-met-veel-wit-scaled-e1617545914970-769x1024.jpg 769w, https:\\\/\\\/webshop.annemiekoenen.com\\\/wp-content\\\/uploads\\\/sites\\\/2\\\/2021\\\/04\\\/Borduurgarens-Zijde-splijtgaren-24-Smoke-met-veel-wit-scaled-e1617545914970-768x1023.jpg 768w, https:\\\/\\\/webshop.annemiekoenen.com\\\/wp-content\\\/uploads\\\/sites\\\/2\\\/2021\\\/04\\\/Borduurgarens-Zijde-splijtgaren-24-Smoke-met-veel-wit-scaled-e1617545914970-1153x1536.jpg 1153w, https:\\\/\\\/webshop.annemiekoenen.com\\\/wp-content\\\/uploads\\\/sites\\\/2\\\/2021\\\/04\\\/Borduurgarens-Zijde-splijtgaren-24-Smoke-met-veel-wit-scaled-e1617545914970-1538x2048.jpg 1538w, https:\\\/\\\/webshop.annemiekoenen.com\\\/wp-content\\\/uploads\\\/sites\\\/2\\\/2021\\\/04\\\/Borduurgarens-Zijde-splijtgaren-24-Smoke-met-veel-wit-scaled-e1617545914970.jpg 1922w&quot;,&quot;sizes&quot;:&quot;(max-width: 416px) 100vw, 416px&quot;,&quot;full_src&quot;:&quot;https:\\\/\\\/webshop.annemiekoenen.com\\\/wp-content\\\/uploads\\\/sites\\\/2\\\/2021\\\/04\\\/Borduurgarens-Zijde-splijtgaren-24-Smoke-met-veel-wit-scaled-e1617545914970.jpg&quot;,&quot;full_src_w&quot;:1922,&quot;full_src_h&quot;:2560,&quot;gallery_thumbnail_src&quot;:&quot;https:\\\/\\\/webshop.annemiekoenen.com\\\/wp-content\\\/uploads\\\/sites\\\/2\\\/2021\\\/04\\\/Borduurgarens-Zijde-splijtgaren-24-Smoke-met-veel-wit-scaled-e1617545914970-100x100.jpg&quot;,&quot;gallery_thumbnail_src_w&quot;:100,&quot;gallery_thumbnail_src_h&quot;:100,&quot;thumb_src&quot;:&quot;https:\\\/\\\/webshop.annemiekoenen.com\\\/wp-content\\\/uploads\\\/sites\\\/2\\\/2021\\\/04\\\/Borduurgarens-Zijde-splijtgaren-24-Smoke-met-veel-wit-scaled-e1617545914970-324x324.jpg&quot;,&quot;thumb_src_w&quot;:324,&quot;thumb_src_h&quot;:324,&quot;src_w&quot;:416,&quot;src_h&quot;:554},&quot;image_id&quot;:2205,&quot;is_downloadable&quot;:false,&quot;is_in_stock&quot;:true,&quot;is_purchasable&quot;:true,&quot;is_sold_individually&quot;:&quot;no&quot;,&quot;is_virtual&quot;:false,&quot;max_qty&quot;:&quot;&quot;,&quot;min_qty&quot;:1,&quot;price_html&quot;:&quot;&quot;,&quot;sku&quot;:&quot;42BG24&quot;,&quot;variation_description&quot;:&quot;&quot;,&quot;variation_id&quot;:3679,&quot;variation_is_active&quot;:true,&quot;variation_is_visible&quot;:true,&quot;weight&quot;:&quot;3&quot;,&quot;weight_html&quot;:&quot;3 g&quot;},{&quot;attributes&quot;:{&quot;attribute_pa_zijde-splijtgaren&quot;:&quot;weis&quot;},&quot;availability_html&quot;:&quot;&lt;p class=\\&quot;stock in-stock\\&quot;&gt;9 vorr\\u00e4tig (kann nachbestellt werden)&lt;\\\/p&gt;\\n&quot;,&quot;backorders_allowed&quot;:true,&quot;dimensions&quot;:{&quot;length&quot;:&quot;500&quot;,&quot;width&quot;:&quot;&quot;,&quot;height&quot;:&quot;&quot;},&quot;dimensions_html&quot;:&quot;500 cm&quot;,&quot;display_price&quot;:3.45,&quot;display_regular_price&quot;:3.45,&quot;gallery_image_ids&quot;:[],&quot;gallery_images_html&quot;:&quot;&quot;,&quot;image&quot;:{&quot;title&quot;:&quot;Borduurgaren Zijde splijtgaren - 25 Wit&quot;,&quot;caption&quot;:&quot;&quot;,&quot;url&quot;:&quot;https:\\\/\\\/webshop.annemiekoenen.com\\\/wp-content\\\/uploads\\\/sites\\\/2\\\/2021\\\/03\\\/Borduurgaren-Zijde-splijtgaren-25-Wit-scaled-e1615312000511.jpg&quot;,&quot;alt&quot;:&quot;Borduurgaren Zijde splijtgaren - 25 Wit&quot;,&quot;src&quot;:&quot;https:\\\/\\\/webshop.annemiekoenen.com\\\/wp-content\\\/uploads\\\/sites\\\/2\\\/2021\\\/03\\\/Borduurgaren-Zijde-splijtgaren-25-Wit-scaled-e1615312000511-600x800.jpg&quot;,&quot;srcset&quot;:&quot;https:\\\/\\\/webshop.annemiekoenen.com\\\/wp-content\\\/uploads\\\/sites\\\/2\\\/2021\\\/03\\\/Borduurgaren-Zijde-splijtgaren-25-Wit-scaled-e1615312000511-600x800.jpg 600w, https:\\\/\\\/webshop.annemiekoenen.com\\\/wp-content\\\/uploads\\\/sites\\\/2\\\/2021\\\/03\\\/Borduurgaren-Zijde-splijtgaren-25-Wit-scaled-e1615312000511-225x300.jpg 225w, https:\\\/\\\/webshop.annemiekoenen.com\\\/wp-content\\\/uploads\\\/sites\\\/2\\\/2021\\\/03\\\/Borduurgaren-Zijde-splijtgaren-25-Wit-scaled-e1615312000511-768x1025.jpg 768w, https:\\\/\\\/webshop.annemiekoenen.com\\\/wp-content\\\/uploads\\\/sites\\\/2\\\/2021\\\/03\\\/Borduurgaren-Zijde-splijtgaren-25-Wit-scaled-e1615312000511-1151x1536.jpg 1151w, https:\\\/\\\/webshop.annemiekoenen.com\\\/wp-content\\\/uploads\\\/sites\\\/2\\\/2021\\\/03\\\/Borduurgaren-Zijde-splijtgaren-25-Wit-scaled-e1615312000511-1535x2048.jpg 1535w, https:\\\/\\\/webshop.annemiekoenen.com\\\/wp-content\\\/uploads\\\/sites\\\/2\\\/2021\\\/03\\\/Borduurgaren-Zijde-splijtgaren-25-Wit-scaled-e1615312000511.jpg 1664w&quot;,&quot;sizes&quot;:&quot;(max-width: 416px) 100vw, 416px&quot;,&quot;full_src&quot;:&quot;https:\\\/\\\/webshop.annemiekoenen.com\\\/wp-content\\\/uploads\\\/sites\\\/2\\\/2021\\\/03\\\/Borduurgaren-Zijde-splijtgaren-25-Wit-scaled-e1615312000511.jpg&quot;,&quot;full_src_w&quot;:1664,&quot;full_src_h&quot;:2220,&quot;gallery_thumbnail_src&quot;:&quot;https:\\\/\\\/webshop.annemiekoenen.com\\\/wp-content\\\/uploads\\\/sites\\\/2\\\/2021\\\/03\\\/Borduurgaren-Zijde-splijtgaren-25-Wit-scaled-e1615312000511-100x100.jpg&quot;,&quot;gallery_thumbnail_src_w&quot;:100,&quot;gallery_thumbnail_src_h&quot;:100,&quot;thumb_src&quot;:&quot;https:\\\/\\\/webshop.annemiekoenen.com\\\/wp-content\\\/uploads\\\/sites\\\/2\\\/2021\\\/03\\\/Borduurgaren-Zijde-splijtgaren-25-Wit-scaled-e1615312000511-324x324.jpg&quot;,&quot;thumb_src_w&quot;:324,&quot;thumb_src_h&quot;:324,&quot;src_w&quot;:416,&quot;src_h&quot;:555},&quot;image_id&quot;:704,&quot;is_downloadable&quot;:false,&quot;is_in_stock&quot;:true,&quot;is_purchasable&quot;:true,&quot;is_sold_individually&quot;:&quot;no&quot;,&quot;is_virtual&quot;:false,&quot;max_qty&quot;:&quot;&quot;,&quot;min_qty&quot;:1,&quot;price_html&quot;:&quot;&quot;,&quot;sku&quot;:&quot;42BG25&quot;,&quot;variation_description&quot;:&quot;&quot;,&quot;variation_id&quot;:3680,&quot;variation_is_active&quot;:true,&quot;variation_is_visible&quot;:true,&quot;weight&quot;:&quot;3&quot;,&quot;weight_html&quot;:&quot;3 g&quot;},{&quot;attributes&quot;:{&quot;attribute_pa_zijde-splijtgaren&quot;:&quot;schwarz&quot;},&quot;availability_html&quot;:&quot;&lt;p class=\\&quot;stock in-stock\\&quot;&gt;8 vorr\\u00e4tig (kann nachbestellt werden)&lt;\\\/p&gt;\\n&quot;,&quot;backorders_allowed&quot;:true,&quot;dimensions&quot;:{&quot;length&quot;:&quot;500&quot;,&quot;width&quot;:&quot;&quot;,&quot;height&quot;:&quot;&quot;},&quot;dimensions_html&quot;:&quot;500 cm&quot;,&quot;display_price&quot;:3.45,&quot;display_regular_price&quot;:3.45,&quot;gallery_image_ids&quot;:[],&quot;gallery_images_html&quot;:&quot;&quot;,&quot;image&quot;:{&quot;title&quot;:&quot;Borduurgarens Zijde splijtgaren - 26 Zwart&quot;,&quot;caption&quot;:&quot;&quot;,&quot;url&quot;:&quot;https:\\\/\\\/webshop.annemiekoenen.com\\\/wp-content\\\/uploads\\\/sites\\\/2\\\/2021\\\/04\\\/Borduurgarens-Zijde-splijtgaren-26-Zwart-scaled-e1617546527825.jpg&quot;,&quot;alt&quot;:&quot;Borduurgarens Zijde splijtgaren - 26 Zwart&quot;,&quot;src&quot;:&quot;https:\\\/\\\/webshop.annemiekoenen.com\\\/wp-content\\\/uploads\\\/sites\\\/2\\\/2021\\\/04\\\/Borduurgarens-Zijde-splijtgaren-26-Zwart-scaled-e1617546527825-600x801.jpg&quot;,&quot;srcset&quot;:&quot;https:\\\/\\\/webshop.annemiekoenen.com\\\/wp-content\\\/uploads\\\/sites\\\/2\\\/2021\\\/04\\\/Borduurgarens-Zijde-splijtgaren-26-Zwart-scaled-e1617546527825-600x801.jpg 600w, https:\\\/\\\/webshop.annemiekoenen.com\\\/wp-content\\\/uploads\\\/sites\\\/2\\\/2021\\\/04\\\/Borduurgarens-Zijde-splijtgaren-26-Zwart-scaled-e1617546527825-225x300.jpg 225w, https:\\\/\\\/webshop.annemiekoenen.com\\\/wp-content\\\/uploads\\\/sites\\\/2\\\/2021\\\/04\\\/Borduurgarens-Zijde-splijtgaren-26-Zwart-scaled-e1617546527825-767x1024.jpg 767w, https:\\\/\\\/webshop.annemiekoenen.com\\\/wp-content\\\/uploads\\\/sites\\\/2\\\/2021\\\/04\\\/Borduurgarens-Zijde-splijtgaren-26-Zwart-scaled-e1617546527825-768x1025.jpg 768w, https:\\\/\\\/webshop.annemiekoenen.com\\\/wp-content\\\/uploads\\\/sites\\\/2\\\/2021\\\/04\\\/Borduurgarens-Zijde-splijtgaren-26-Zwart-scaled-e1617546527825-1151x1536.jpg 1151w, https:\\\/\\\/webshop.annemiekoenen.com\\\/wp-content\\\/uploads\\\/sites\\\/2\\\/2021\\\/04\\\/Borduurgarens-Zijde-splijtgaren-26-Zwart-scaled-e1617546527825-1535x2048.jpg 1535w, https:\\\/\\\/webshop.annemiekoenen.com\\\/wp-content\\\/uploads\\\/sites\\\/2\\\/2021\\\/04\\\/Borduurgarens-Zijde-splijtgaren-26-Zwart-scaled-e1617546527825.jpg 1817w&quot;,&quot;sizes&quot;:&quot;(max-width: 416px) 100vw, 416px&quot;,&quot;full_src&quot;:&quot;https:\\\/\\\/webshop.annemiekoenen.com\\\/wp-content\\\/uploads\\\/sites\\\/2\\\/2021\\\/04\\\/Borduurgarens-Zijde-splijtgaren-26-Zwart-scaled-e1617546527825.jpg&quot;,&quot;full_src_w&quot;:1817,&quot;full_src_h&quot;:2425,&quot;gallery_thumbnail_src&quot;:&quot;https:\\\/\\\/webshop.annemiekoenen.com\\\/wp-content\\\/uploads\\\/sites\\\/2\\\/2021\\\/04\\\/Borduurgarens-Zijde-splijtgaren-26-Zwart-scaled-e1617546527825-100x100.jpg&quot;,&quot;gallery_thumbnail_src_w&quot;:100,&quot;gallery_thumbnail_src_h&quot;:100,&quot;thumb_src&quot;:&quot;https:\\\/\\\/webshop.annemiekoenen.com\\\/wp-content\\\/uploads\\\/sites\\\/2\\\/2021\\\/04\\\/Borduurgarens-Zijde-splijtgaren-26-Zwart-scaled-e1617546527825-324x324.jpg&quot;,&quot;thumb_src_w&quot;:324,&quot;thumb_src_h&quot;:324,&quot;src_w&quot;:416,&quot;src_h&quot;:555},&quot;image_id&quot;:2208,&quot;is_downloadable&quot;:false,&quot;is_in_stock&quot;:true,&quot;is_purchasable&quot;:true,&quot;is_sold_individually&quot;:&quot;no&quot;,&quot;is_virtual&quot;:false,&quot;max_qty&quot;:&quot;&quot;,&quot;min_qty&quot;:1,&quot;price_html&quot;:&quot;&quot;,&quot;sku&quot;:&quot;42BG26&quot;,&quot;variation_description&quot;:&quot;&quot;,&quot;variation_id&quot;:3681,&quot;variation_is_active&quot;:true,&quot;variation_is_visible&quot;:true,&quot;weight&quot;:&quot;3&quot;,&quot;weight_html&quot;:&quot;3 g&quot;},{&quot;attributes&quot;:{&quot;attribute_pa_zijde-splijtgaren&quot;:&quot;baby-rosa&quot;},&quot;availability_html&quot;:&quot;&lt;p class=\\&quot;stock in-stock\\&quot;&gt;8 vorr\\u00e4tig (kann nachbestellt werden)&lt;\\\/p&gt;\\n&quot;,&quot;backorders_allowed&quot;:true,&quot;dimensions&quot;:{&quot;length&quot;:&quot;500&quot;,&quot;width&quot;:&quot;&quot;,&quot;height&quot;:&quot;&quot;},&quot;dimensions_html&quot;:&quot;500 cm&quot;,&quot;display_price&quot;:3.45,&quot;display_regular_price&quot;:3.45,&quot;gallery_image_ids&quot;:[],&quot;gallery_images_html&quot;:&quot;&quot;,&quot;image&quot;:{&quot;title&quot;:&quot;Borduurgarens Zijde splijtgaren - 27 Baby rose&quot;,&quot;caption&quot;:&quot;&quot;,&quot;url&quot;:&quot;https:\\\/\\\/webshop.annemiekoenen.com\\\/wp-content\\\/uploads\\\/sites\\\/2\\\/2021\\\/04\\\/Borduurgarens-Zijde-splijtgaren-27-Baby-rose-scaled-e1617546603826.jpg&quot;,&quot;alt&quot;:&quot;Borduurgarens Zijde splijtgaren - 27 Baby rose&quot;,&quot;src&quot;:&quot;https:\\\/\\\/webshop.annemiekoenen.com\\\/wp-content\\\/uploads\\\/sites\\\/2\\\/2021\\\/04\\\/Borduurgarens-Zijde-splijtgaren-27-Baby-rose-scaled-e1617546603826-600x801.jpg&quot;,&quot;srcset&quot;:&quot;https:\\\/\\\/webshop.annemiekoenen.com\\\/wp-content\\\/uploads\\\/sites\\\/2\\\/2021\\\/04\\\/Borduurgarens-Zijde-splijtgaren-27-Baby-rose-scaled-e1617546603826-600x801.jpg 600w, https:\\\/\\\/webshop.annemiekoenen.com\\\/wp-content\\\/uploads\\\/sites\\\/2\\\/2021\\\/04\\\/Borduurgarens-Zijde-splijtgaren-27-Baby-rose-scaled-e1617546603826-225x300.jpg 225w, https:\\\/\\\/webshop.annemiekoenen.com\\\/wp-content\\\/uploads\\\/sites\\\/2\\\/2021\\\/04\\\/Borduurgarens-Zijde-splijtgaren-27-Baby-rose-scaled-e1617546603826-768x1025.jpg 768w, https:\\\/\\\/webshop.annemiekoenen.com\\\/wp-content\\\/uploads\\\/sites\\\/2\\\/2021\\\/04\\\/Borduurgarens-Zijde-splijtgaren-27-Baby-rose-scaled-e1617546603826-1151x1536.jpg 1151w, https:\\\/\\\/webshop.annemiekoenen.com\\\/wp-content\\\/uploads\\\/sites\\\/2\\\/2021\\\/04\\\/Borduurgarens-Zijde-splijtgaren-27-Baby-rose-scaled-e1617546603826-1535x2048.jpg 1535w, https:\\\/\\\/webshop.annemiekoenen.com\\\/wp-content\\\/uploads\\\/sites\\\/2\\\/2021\\\/04\\\/Borduurgarens-Zijde-splijtgaren-27-Baby-rose-scaled-e1617546603826.jpg 1568w&quot;,&quot;sizes&quot;:&quot;(max-width: 416px) 100vw, 416px&quot;,&quot;full_src&quot;:&quot;https:\\\/\\\/webshop.annemiekoenen.com\\\/wp-content\\\/uploads\\\/sites\\\/2\\\/2021\\\/04\\\/Borduurgarens-Zijde-splijtgaren-27-Baby-rose-scaled-e1617546603826.jpg&quot;,&quot;full_src_w&quot;:1568,&quot;full_src_h&quot;:2092,&quot;gallery_thumbnail_src&quot;:&quot;https:\\\/\\\/webshop.annemiekoenen.com\\\/wp-content\\\/uploads\\\/sites\\\/2\\\/2021\\\/04\\\/Borduurgarens-Zijde-splijtgaren-27-Baby-rose-scaled-e1617546603826-100x100.jpg&quot;,&quot;gallery_thumbnail_src_w&quot;:100,&quot;gallery_thumbnail_src_h&quot;:100,&quot;thumb_src&quot;:&quot;https:\\\/\\\/webshop.annemiekoenen.com\\\/wp-content\\\/uploads\\\/sites\\\/2\\\/2021\\\/04\\\/Borduurgarens-Zijde-splijtgaren-27-Baby-rose-scaled-e1617546603826-324x324.jpg&quot;,&quot;thumb_src_w&quot;:324,&quot;thumb_src_h&quot;:324,&quot;src_w&quot;:416,&quot;src_h&quot;:555},&quot;image_id&quot;:2211,&quot;is_downloadable&quot;:false,&quot;is_in_stock&quot;:true,&quot;is_purchasable&quot;:true,&quot;is_sold_individually&quot;:&quot;no&quot;,&quot;is_virtual&quot;:false,&quot;max_qty&quot;:&quot;&quot;,&quot;min_qty&quot;:1,&quot;price_html&quot;:&quot;&quot;,&quot;sku&quot;:&quot;42BG27&quot;,&quot;variation_description&quot;:&quot;&quot;,&quot;variation_id&quot;:3682,&quot;variation_is_active&quot;:true,&quot;variation_is_visible&quot;:true,&quot;weight&quot;:&quot;3&quot;,&quot;weight_html&quot;:&quot;3 g&quot;},{&quot;attributes&quot;:{&quot;attribute_pa_zijde-splijtgaren&quot;:&quot;baby-blau&quot;},&quot;availability_html&quot;:&quot;&lt;p class=\\&quot;stock in-stock\\&quot;&gt;8 vorr\\u00e4tig (kann nachbestellt werden)&lt;\\\/p&gt;\\n&quot;,&quot;backorders_allowed&quot;:true,&quot;dimensions&quot;:{&quot;length&quot;:&quot;500&quot;,&quot;width&quot;:&quot;&quot;,&quot;height&quot;:&quot;&quot;},&quot;dimensions_html&quot;:&quot;500 cm&quot;,&quot;display_price&quot;:3.45,&quot;display_regular_price&quot;:3.45,&quot;gallery_image_ids&quot;:[],&quot;gallery_images_html&quot;:&quot;&quot;,&quot;image&quot;:{&quot;title&quot;:&quot;20220907_144547_copy_304x304&quot;,&quot;caption&quot;:&quot;&quot;,&quot;url&quot;:&quot;https:\\\/\\\/webshop.annemiekoenen.com\\\/wp-content\\\/uploads\\\/sites\\\/2\\\/2022\\\/09\\\/20220907_144547_copy_304x304.jpg&quot;,&quot;alt&quot;:&quot;20220907_144547_copy_304x304&quot;,&quot;src&quot;:&quot;https:\\\/\\\/webshop.annemiekoenen.com\\\/wp-content\\\/uploads\\\/sites\\\/2\\\/2022\\\/09\\\/20220907_144547_copy_304x304.jpg&quot;,&quot;srcset&quot;:&quot;https:\\\/\\\/webshop.annemiekoenen.com\\\/wp-content\\\/uploads\\\/sites\\\/2\\\/2022\\\/09\\\/20220907_144547_copy_304x304.jpg 304w, https:\\\/\\\/webshop.annemiekoenen.com\\\/wp-content\\\/uploads\\\/sites\\\/2\\\/2022\\\/09\\\/20220907_144547_copy_304x304-300x300.jpg 300w, https:\\\/\\\/webshop.annemiekoenen.com\\\/wp-content\\\/uploads\\\/sites\\\/2\\\/2022\\\/09\\\/20220907_144547_copy_304x304-150x150.jpg 150w, https:\\\/\\\/webshop.annemiekoenen.com\\\/wp-content\\\/uploads\\\/sites\\\/2\\\/2022\\\/09\\\/20220907_144547_copy_304x304-100x100.jpg 100w, https:\\\/\\\/webshop.annemiekoenen.com\\\/wp-content\\\/uploads\\\/sites\\\/2\\\/2022\\\/09\\\/20220907_144547_copy_304x304-50x50.jpg 50w&quot;,&quot;sizes&quot;:&quot;(max-width: 304px) 100vw, 304px&quot;,&quot;full_src&quot;:&quot;https:\\\/\\\/webshop.annemiekoenen.com\\\/wp-content\\\/uploads\\\/sites\\\/2\\\/2022\\\/09\\\/20220907_144547_copy_304x304.jpg&quot;,&quot;full_src_w&quot;:304,&quot;full_src_h&quot;:304,&quot;gallery_thumbnail_src&quot;:&quot;https:\\\/\\\/webshop.annemiekoenen.com\\\/wp-content\\\/uploads\\\/sites\\\/2\\\/2022\\\/09\\\/20220907_144547_copy_304x304-100x100.jpg&quot;,&quot;gallery_thumbnail_src_w&quot;:100,&quot;gallery_thumbnail_src_h&quot;:100,&quot;thumb_src&quot;:&quot;https:\\\/\\\/webshop.annemiekoenen.com\\\/wp-content\\\/uploads\\\/sites\\\/2\\\/2022\\\/09\\\/20220907_144547_copy_304x304.jpg&quot;,&quot;thumb_src_w&quot;:304,&quot;thumb_src_h&quot;:304,&quot;src_w&quot;:304,&quot;src_h&quot;:304},&quot;image_id&quot;:7185,&quot;is_downloadable&quot;:false,&quot;is_in_stock&quot;:true,&quot;is_purchasable&quot;:true,&quot;is_sold_individually&quot;:&quot;no&quot;,&quot;is_virtual&quot;:false,&quot;max_qty&quot;:&quot;&quot;,&quot;min_qty&quot;:1,&quot;price_html&quot;:&quot;&quot;,&quot;sku&quot;:&quot;42BG28&quot;,&quot;variation_description&quot;:&quot;&quot;,&quot;variation_id&quot;:3683,&quot;variation_is_active&quot;:true,&quot;variation_is_visible&quot;:true,&quot;weight&quot;:&quot;3&quot;,&quot;weight_html&quot;:&quot;3 g&quot;}]\">\n\t<div data-product_id=\"3657\" data-threshold_min=\"30\" data-threshold_max=\"100\" data-total=\"25\">\n\t\t\t<table class=\"variations\" cellspacing=\"0\" role=\"presentation\">\n\t\t\t<tbody>\n\t\t\t\t\t\t\t\t\t<tr>\n\t\t\t\t\t\t<th class=\"label\"><label for=\"pa_zijde-splijtgaren\">Zijde splijtgaren<\/label><\/th>\n\t\t\t\t\t\t<td class=\"value\">\n\t\t\t\t\t\t\t<select style=\"display:none\" id=\"pa_zijde-splijtgaren\" class=\" woo-variation-raw-select\" name=\"attribute_pa_zijde-splijtgaren\" data-attribute_name=\"attribute_pa_zijde-splijtgaren\" data-show_option_none=\"yes\"><option value=\"\">Option ausw\u00e4hlen<\/option><option value=\"baby-blau\" >Baby blau<\/option><option value=\"baby-rosa\" >Baby rosa<\/option><option value=\"blue-ocean-de\" >Blue ocean<\/option><option value=\"denim-de\" >Denim<\/option><option value=\"fire-de\" >Fire<\/option><option value=\"flames-de\" >Flames<\/option><option value=\"forest-de\" >Forest<\/option><option value=\"fuchsie\" >Fuchsie<\/option><option value=\"genesis-de\" >Genesis<\/option><option value=\"limette\" >Limette<\/option><option value=\"louise-de\" >Louise<\/option><option value=\"magic-de\" >Magic<\/option><option value=\"ocean-de-2\" >Ocean<\/option><option value=\"ocker\" >Ocker<\/option><option value=\"petrol-de\" >Petrol<\/option><option value=\"rotraud-de\" >Rotraud<\/option><option value=\"ruby-de\" >Ruby<\/option><option value=\"schwarz\" >Schwarz<\/option><option value=\"smoke-de\" >Smoke<\/option><option value=\"smoke-mit-viel-weis\" >Smoke mit viel Wei\u00df<\/option><option value=\"summer-de\" >Summer<\/option><option value=\"sunshine-de\" >Sunshine<\/option><option value=\"turmalin-de\" >Turmalin<\/option><option value=\"violett\" >Violett<\/option><option value=\"weis\" >Wei\u00df<\/option><\/select><ul role=\"radiogroup\" aria-label=\"Zijde splijtgaren\" class=\"variable-items-wrapper image-variable-items-wrapper wvs-style-squared\" data-attribute_name=\"attribute_pa_zijde-splijtgaren\" data-attribute_values=\"[&quot;ocker&quot;,&quot;sunshine-de&quot;,&quot;flames-de&quot;,&quot;ruby-de&quot;,&quot;fire-de&quot;,&quot;summer-de&quot;,&quot;louise-de&quot;,&quot;violett&quot;,&quot;fuchsie&quot;,&quot;magic-de&quot;,&quot;turmalin-de&quot;,&quot;limette&quot;,&quot;rotraud-de&quot;,&quot;forest-de&quot;,&quot;ocean-de-2&quot;,&quot;blue-ocean-de&quot;,&quot;genesis-de&quot;,&quot;denim-de&quot;,&quot;petrol-de&quot;,&quot;smoke-de&quot;,&quot;smoke-mit-viel-weis&quot;,&quot;weis&quot;,&quot;schwarz&quot;,&quot;baby-rosa&quot;,&quot;baby-blau&quot;]\"><li aria-checked=\"false\" tabindex=\"0\" data-attribute_name=\"attribute_pa_zijde-splijtgaren\" data-wvstooltip=\"Baby blau\" class=\"variable-item image-variable-item image-variable-item-baby-blau \" title=\"Baby blau\" data-title=\"Baby blau\" data-value=\"baby-blau\" role=\"radio\" tabindex=\"0\"><div class=\"variable-item-contents\"><img loading=\"lazy\" decoding=\"async\" class=\"variable-item-image\"  aria-hidden=\"true\" alt=\"Baby blau\" src=\"https:\/\/webshop.annemiekoenen.com\/wp-content\/uploads\/sites\/2\/2021\/04\/Borduurgarens-Zijde-splijtgaren-28-Baby-blauw-scaled-e1617557904733.jpg\" width=\"38\" height=\"50\" \/><\/div><\/li><li aria-checked=\"false\" tabindex=\"0\" data-attribute_name=\"attribute_pa_zijde-splijtgaren\" data-wvstooltip=\"Baby rosa\" class=\"variable-item image-variable-item image-variable-item-baby-rosa \" title=\"Baby rosa\" data-title=\"Baby rosa\" data-value=\"baby-rosa\" role=\"radio\" tabindex=\"0\"><div class=\"variable-item-contents\"><img loading=\"lazy\" decoding=\"async\" class=\"variable-item-image\"  aria-hidden=\"true\" alt=\"Baby rosa\" src=\"https:\/\/webshop.annemiekoenen.com\/wp-content\/uploads\/sites\/2\/2021\/04\/Borduurgarens-Zijde-splijtgaren-27-Baby-rose-scaled-e1617546603826.jpg\" width=\"37\" height=\"50\" \/><\/div><\/li><li aria-checked=\"false\" tabindex=\"0\" data-attribute_name=\"attribute_pa_zijde-splijtgaren\" data-wvstooltip=\"Blue ocean\" class=\"variable-item image-variable-item image-variable-item-blue-ocean-de \" title=\"Blue ocean\" data-title=\"Blue ocean\" data-value=\"blue-ocean-de\" role=\"radio\" tabindex=\"0\"><div class=\"variable-item-contents\"><img loading=\"lazy\" decoding=\"async\" class=\"variable-item-image\"  aria-hidden=\"true\" alt=\"Blue ocean\" src=\"https:\/\/webshop.annemiekoenen.com\/wp-content\/uploads\/sites\/2\/2021\/03\/Borduurgaren-Zijde-splijtgaren-18-Blue-ocean-scaled-e1615311654503.jpg\" width=\"37\" height=\"50\" \/><\/div><\/li><li aria-checked=\"false\" tabindex=\"0\" data-attribute_name=\"attribute_pa_zijde-splijtgaren\" data-wvstooltip=\"Denim\" class=\"variable-item image-variable-item image-variable-item-denim-de \" title=\"Denim\" data-title=\"Denim\" data-value=\"denim-de\" role=\"radio\" tabindex=\"0\"><div class=\"variable-item-contents\"><img loading=\"lazy\" decoding=\"async\" class=\"variable-item-image\"  aria-hidden=\"true\" alt=\"Denim\" src=\"https:\/\/webshop.annemiekoenen.com\/wp-content\/uploads\/sites\/2\/2021\/03\/Borduurgaren-Zijde-splijtgaren-21-Denim-scaled-e1615311857152.jpg\" width=\"38\" height=\"50\" \/><\/div><\/li><li aria-checked=\"false\" tabindex=\"0\" data-attribute_name=\"attribute_pa_zijde-splijtgaren\" data-wvstooltip=\"Fire\" class=\"variable-item image-variable-item image-variable-item-fire-de \" title=\"Fire\" data-title=\"Fire\" data-value=\"fire-de\" role=\"radio\" tabindex=\"0\"><div class=\"variable-item-contents\"><img loading=\"lazy\" decoding=\"async\" class=\"variable-item-image\"  aria-hidden=\"true\" alt=\"Fire\" src=\"https:\/\/webshop.annemiekoenen.com\/wp-content\/uploads\/sites\/2\/2021\/03\/Borduurgaren-Zijde-splijtgaren-05-Fire-scaled-e1615822715275.jpg\" width=\"38\" height=\"50\" \/><\/div><\/li><li aria-checked=\"false\" tabindex=\"0\" data-attribute_name=\"attribute_pa_zijde-splijtgaren\" data-wvstooltip=\"Flames\" class=\"variable-item image-variable-item image-variable-item-flames-de \" title=\"Flames\" data-title=\"Flames\" data-value=\"flames-de\" role=\"radio\" tabindex=\"0\"><div class=\"variable-item-contents\"><img loading=\"lazy\" decoding=\"async\" class=\"variable-item-image\"  aria-hidden=\"true\" alt=\"Flames\" src=\"https:\/\/webshop.annemiekoenen.com\/wp-content\/uploads\/sites\/2\/2021\/03\/Borduurgaren-Zijde-splijtgaren-03-Flames-scaled-e1615308857227.jpg\" width=\"38\" height=\"50\" \/><\/div><\/li><li aria-checked=\"false\" tabindex=\"0\" data-attribute_name=\"attribute_pa_zijde-splijtgaren\" data-wvstooltip=\"Forest\" class=\"variable-item image-variable-item image-variable-item-forest-de \" title=\"Forest\" data-title=\"Forest\" data-value=\"forest-de\" role=\"radio\" tabindex=\"0\"><div class=\"variable-item-contents\"><img loading=\"lazy\" decoding=\"async\" class=\"variable-item-image\"  aria-hidden=\"true\" alt=\"Forest\" src=\"https:\/\/webshop.annemiekoenen.com\/wp-content\/uploads\/sites\/2\/2021\/03\/Borduurgaren-Zijde-splijtgaren-15-Forest-scaled-e1615311145345.jpg\" width=\"38\" height=\"50\" \/><\/div><\/li><li aria-checked=\"false\" tabindex=\"0\" data-attribute_name=\"attribute_pa_zijde-splijtgaren\" data-wvstooltip=\"Fuchsie\" class=\"variable-item image-variable-item image-variable-item-fuchsie \" title=\"Fuchsie\" data-title=\"Fuchsie\" data-value=\"fuchsie\" role=\"radio\" tabindex=\"0\"><div class=\"variable-item-contents\"><img loading=\"lazy\" decoding=\"async\" class=\"variable-item-image\"  aria-hidden=\"true\" alt=\"Fuchsie\" src=\"https:\/\/webshop.annemiekoenen.com\/wp-content\/uploads\/sites\/2\/2021\/03\/Borduurgaren-Zijde-splijtgaren-10-Fuchsia-scaled-e1615310067232.jpg\" width=\"38\" height=\"50\" \/><\/div><\/li><li aria-checked=\"false\" tabindex=\"0\" data-attribute_name=\"attribute_pa_zijde-splijtgaren\" data-wvstooltip=\"Genesis\" class=\"variable-item image-variable-item image-variable-item-genesis-de \" title=\"Genesis\" data-title=\"Genesis\" data-value=\"genesis-de\" role=\"radio\" tabindex=\"0\"><div class=\"variable-item-contents\"><img loading=\"lazy\" decoding=\"async\" class=\"variable-item-image\"  aria-hidden=\"true\" alt=\"Genesis\" src=\"https:\/\/webshop.annemiekoenen.com\/wp-content\/uploads\/sites\/2\/2021\/03\/Borduurgaren-Zijde-splijtgaren-19-Genesis-scaled-e1615311741865.jpg\" width=\"38\" height=\"50\" \/><\/div><\/li><li aria-checked=\"false\" tabindex=\"0\" data-attribute_name=\"attribute_pa_zijde-splijtgaren\" data-wvstooltip=\"Limette\" class=\"variable-item image-variable-item image-variable-item-limette \" title=\"Limette\" data-title=\"Limette\" data-value=\"limette\" role=\"radio\" tabindex=\"0\"><div class=\"variable-item-contents\"><img loading=\"lazy\" decoding=\"async\" class=\"variable-item-image\"  aria-hidden=\"true\" alt=\"Limette\" src=\"https:\/\/webshop.annemiekoenen.com\/wp-content\/uploads\/sites\/2\/2021\/03\/Borduurgaren-Zijde-splijtgaren-13-Lime-scaled-e1615310436749.jpg\" width=\"37\" height=\"50\" \/><\/div><\/li><li aria-checked=\"false\" tabindex=\"0\" data-attribute_name=\"attribute_pa_zijde-splijtgaren\" data-wvstooltip=\"Louise\" class=\"variable-item image-variable-item image-variable-item-louise-de \" title=\"Louise\" data-title=\"Louise\" data-value=\"louise-de\" role=\"radio\" tabindex=\"0\"><div class=\"variable-item-contents\"><img loading=\"lazy\" decoding=\"async\" class=\"variable-item-image\"  aria-hidden=\"true\" alt=\"Louise\" src=\"https:\/\/webshop.annemiekoenen.com\/wp-content\/uploads\/sites\/2\/2021\/03\/Borduurgaren-Zijde-splijtgaren-07-Louise-scaled-e1615309600840.jpg\" width=\"37\" height=\"50\" \/><\/div><\/li><li aria-checked=\"false\" tabindex=\"0\" data-attribute_name=\"attribute_pa_zijde-splijtgaren\" data-wvstooltip=\"Magic\" class=\"variable-item image-variable-item image-variable-item-magic-de \" title=\"Magic\" data-title=\"Magic\" data-value=\"magic-de\" role=\"radio\" tabindex=\"0\"><div class=\"variable-item-contents\"><img loading=\"lazy\" decoding=\"async\" class=\"variable-item-image\"  aria-hidden=\"true\" alt=\"Magic\" src=\"https:\/\/webshop.annemiekoenen.com\/wp-content\/uploads\/sites\/2\/2021\/03\/Borduurgaren-Zijde-splijtgaren-11-Magic-scaled-e1615310152385.jpg\" width=\"37\" height=\"50\" \/><\/div><\/li><li aria-checked=\"false\" tabindex=\"0\" data-attribute_name=\"attribute_pa_zijde-splijtgaren\" data-wvstooltip=\"Ocean\" class=\"variable-item image-variable-item image-variable-item-ocean-de-2 \" title=\"Ocean\" data-title=\"Ocean\" data-value=\"ocean-de-2\" role=\"radio\" tabindex=\"0\"><div class=\"variable-item-contents\"><img loading=\"lazy\" decoding=\"async\" class=\"variable-item-image\"  aria-hidden=\"true\" alt=\"Ocean\" src=\"https:\/\/webshop.annemiekoenen.com\/wp-content\/uploads\/sites\/2\/2021\/03\/Borduurgaren-Zijde-splijtgaren-17-Ocean-scaled-e1615311503370.jpg\" width=\"38\" height=\"50\" \/><\/div><\/li><li aria-checked=\"false\" tabindex=\"0\" data-attribute_name=\"attribute_pa_zijde-splijtgaren\" data-wvstooltip=\"Ocker\" class=\"variable-item image-variable-item image-variable-item-ocker \" title=\"Ocker\" data-title=\"Ocker\" data-value=\"ocker\" role=\"radio\" tabindex=\"0\"><div class=\"variable-item-contents\"><img loading=\"lazy\" decoding=\"async\" class=\"variable-item-image\"  aria-hidden=\"true\" alt=\"Ocker\" src=\"https:\/\/webshop.annemiekoenen.com\/wp-content\/uploads\/sites\/2\/2021\/03\/Borduurgaren-Zijde-splijtgaren-02-Oker-scaled-e1615308121162.jpg\" width=\"37\" height=\"50\" \/><\/div><\/li><li aria-checked=\"false\" tabindex=\"0\" data-attribute_name=\"attribute_pa_zijde-splijtgaren\" data-wvstooltip=\"Petrol\" class=\"variable-item image-variable-item image-variable-item-petrol-de \" title=\"Petrol\" data-title=\"Petrol\" data-value=\"petrol-de\" role=\"radio\" tabindex=\"0\"><div class=\"variable-item-contents\"><img loading=\"lazy\" decoding=\"async\" class=\"variable-item-image\"  aria-hidden=\"true\" alt=\"Petrol\" src=\"https:\/\/webshop.annemiekoenen.com\/wp-content\/uploads\/sites\/2\/2021\/04\/Borduurgarens-Zijde-splijtgaren-22-Petrol-scaled-e1617545820517.jpg\" width=\"37\" height=\"50\" \/><\/div><\/li><li aria-checked=\"false\" tabindex=\"0\" data-attribute_name=\"attribute_pa_zijde-splijtgaren\" data-wvstooltip=\"Rotraud\" class=\"variable-item image-variable-item image-variable-item-rotraud-de \" title=\"Rotraud\" data-title=\"Rotraud\" data-value=\"rotraud-de\" role=\"radio\" tabindex=\"0\"><div class=\"variable-item-contents\"><img loading=\"lazy\" decoding=\"async\" class=\"variable-item-image\"  aria-hidden=\"true\" alt=\"Rotraud\" src=\"https:\/\/webshop.annemiekoenen.com\/wp-content\/uploads\/sites\/2\/2021\/03\/Borduurgaren-Zijde-splijtgaren-14-Rotraud-scaled-e1615310529950.jpg\" width=\"38\" height=\"50\" \/><\/div><\/li><li aria-checked=\"false\" tabindex=\"0\" data-attribute_name=\"attribute_pa_zijde-splijtgaren\" data-wvstooltip=\"Ruby\" class=\"variable-item image-variable-item image-variable-item-ruby-de \" title=\"Ruby\" data-title=\"Ruby\" data-value=\"ruby-de\" role=\"radio\" tabindex=\"0\"><div class=\"variable-item-contents\"><img loading=\"lazy\" decoding=\"async\" class=\"variable-item-image\"  aria-hidden=\"true\" alt=\"Ruby\" src=\"https:\/\/webshop.annemiekoenen.com\/wp-content\/uploads\/sites\/2\/2021\/03\/Borduurgaren-Zijde-splijtgaren-04-Ruby-scaled.jpg\" width=\"38\" height=\"50\" \/><\/div><\/li><li aria-checked=\"false\" tabindex=\"0\" data-attribute_name=\"attribute_pa_zijde-splijtgaren\" data-wvstooltip=\"Schwarz\" class=\"variable-item image-variable-item image-variable-item-schwarz \" title=\"Schwarz\" data-title=\"Schwarz\" data-value=\"schwarz\" role=\"radio\" tabindex=\"0\"><div class=\"variable-item-contents\"><img loading=\"lazy\" decoding=\"async\" class=\"variable-item-image\"  aria-hidden=\"true\" alt=\"Schwarz\" src=\"https:\/\/webshop.annemiekoenen.com\/wp-content\/uploads\/sites\/2\/2021\/04\/Borduurgarens-Zijde-splijtgaren-26-Zwart-scaled-e1617546527825.jpg\" width=\"37\" height=\"50\" \/><\/div><\/li><li aria-checked=\"false\" tabindex=\"0\" data-attribute_name=\"attribute_pa_zijde-splijtgaren\" data-wvstooltip=\"Smoke\" class=\"variable-item image-variable-item image-variable-item-smoke-de \" title=\"Smoke\" data-title=\"Smoke\" data-value=\"smoke-de\" role=\"radio\" tabindex=\"0\"><div class=\"variable-item-contents\"><img loading=\"lazy\" decoding=\"async\" class=\"variable-item-image\"  aria-hidden=\"true\" alt=\"Smoke\" src=\"https:\/\/webshop.annemiekoenen.com\/wp-content\/uploads\/sites\/2\/2021\/05\/Borduurgarens-Zijde-splijtgaren-23-Smoke-scaled-e1620119752613.jpg\" width=\"38\" height=\"50\" \/><\/div><\/li><li aria-checked=\"false\" tabindex=\"0\" data-attribute_name=\"attribute_pa_zijde-splijtgaren\" data-wvstooltip=\"Smoke mit viel Wei\u00df\" class=\"variable-item image-variable-item image-variable-item-smoke-mit-viel-weis \" title=\"Smoke mit viel Wei\u00df\" data-title=\"Smoke mit viel Wei\u00df\" data-value=\"smoke-mit-viel-weis\" role=\"radio\" tabindex=\"0\"><div class=\"variable-item-contents\"><img loading=\"lazy\" decoding=\"async\" class=\"variable-item-image\"  aria-hidden=\"true\" alt=\"Smoke mit viel Wei\u00df\" src=\"https:\/\/webshop.annemiekoenen.com\/wp-content\/uploads\/sites\/2\/2021\/04\/Borduurgarens-Zijde-splijtgaren-24-Smoke-met-veel-wit-scaled-e1617545914970.jpg\" width=\"38\" height=\"50\" \/><\/div><\/li><li aria-checked=\"false\" tabindex=\"0\" data-attribute_name=\"attribute_pa_zijde-splijtgaren\" data-wvstooltip=\"Summer\" class=\"variable-item image-variable-item image-variable-item-summer-de \" title=\"Summer\" data-title=\"Summer\" data-value=\"summer-de\" role=\"radio\" tabindex=\"0\"><div class=\"variable-item-contents\"><img loading=\"lazy\" decoding=\"async\" class=\"variable-item-image\"  aria-hidden=\"true\" alt=\"Summer\" src=\"https:\/\/webshop.annemiekoenen.com\/wp-content\/uploads\/sites\/2\/2021\/03\/Borduurgaren-Zijde-splijtgaren-06-Summer-scaled-e1615309375517.jpg\" width=\"38\" height=\"50\" \/><\/div><\/li><li aria-checked=\"false\" tabindex=\"0\" data-attribute_name=\"attribute_pa_zijde-splijtgaren\" data-wvstooltip=\"Sunshine\" class=\"variable-item image-variable-item image-variable-item-sunshine-de \" title=\"Sunshine\" data-title=\"Sunshine\" data-value=\"sunshine-de\" role=\"radio\" tabindex=\"0\"><div class=\"variable-item-contents\"><img loading=\"lazy\" decoding=\"async\" class=\"variable-item-image\"  aria-hidden=\"true\" alt=\"Sunshine\" src=\"https:\/\/webshop.annemiekoenen.com\/wp-content\/uploads\/sites\/2\/2021\/03\/Borduurgaren-Zijde-splijtgaren-01-Sunshine-scaled-e1615308033966.jpg\" width=\"38\" height=\"50\" \/><\/div><\/li><li aria-checked=\"false\" tabindex=\"0\" data-attribute_name=\"attribute_pa_zijde-splijtgaren\" data-wvstooltip=\"Turmalin\" class=\"variable-item image-variable-item image-variable-item-turmalin-de \" title=\"Turmalin\" data-title=\"Turmalin\" data-value=\"turmalin-de\" role=\"radio\" tabindex=\"0\"><div class=\"variable-item-contents\"><img loading=\"lazy\" decoding=\"async\" class=\"variable-item-image\"  aria-hidden=\"true\" alt=\"Turmalin\" src=\"https:\/\/webshop.annemiekoenen.com\/wp-content\/uploads\/sites\/2\/2021\/03\/Borduurgaren-Zijde-splijtgaren-12-Turmalin-scaled-e1615310246375.jpg\" width=\"37\" height=\"50\" \/><\/div><\/li><li aria-checked=\"false\" tabindex=\"0\" data-attribute_name=\"attribute_pa_zijde-splijtgaren\" data-wvstooltip=\"Violett\" class=\"variable-item image-variable-item image-variable-item-violett \" title=\"Violett\" data-title=\"Violett\" data-value=\"violett\" role=\"radio\" tabindex=\"0\"><div class=\"variable-item-contents\"><img loading=\"lazy\" decoding=\"async\" class=\"variable-item-image\"  aria-hidden=\"true\" alt=\"Violett\" src=\"https:\/\/webshop.annemiekoenen.com\/wp-content\/uploads\/sites\/2\/2021\/03\/Borduurgaren-Zijde-splijtgaren-08-Violet-scaled-e1615309702579.jpg\" width=\"38\" height=\"50\" \/><\/div><\/li><li aria-checked=\"false\" tabindex=\"0\" data-attribute_name=\"attribute_pa_zijde-splijtgaren\" data-wvstooltip=\"Wei\u00df\" class=\"variable-item image-variable-item image-variable-item-weis \" title=\"Wei\u00df\" data-title=\"Wei\u00df\" data-value=\"weis\" role=\"radio\" tabindex=\"0\"><div class=\"variable-item-contents\"><img loading=\"lazy\" decoding=\"async\" class=\"variable-item-image\"  aria-hidden=\"true\" alt=\"Wei\u00df\" src=\"https:\/\/webshop.annemiekoenen.com\/wp-content\/uploads\/sites\/2\/2021\/03\/Borduurgaren-Zijde-splijtgaren-25-Wit-scaled-e1615312000511.jpg\" width=\"37\" height=\"50\" \/><\/div><\/li><\/ul><a class=\"reset_variations\" href=\"#\" aria-label=\"Optionen l\u00f6schen\">Zur\u00fccksetzen<\/a>\t\t\t\t\t\t<\/td>\n\t\t\t\t\t<\/tr>\n\t\t\t\t\t\t\t<\/tbody>\n\t\t<\/table>\n\t\t<div class=\"reset_variations_alert screen-reader-text\" role=\"alert\" aria-live=\"polite\" aria-relevant=\"all\"><\/div>\n\t\t\t\t\n\t\t<div class=\"single_variation_wrap\">\n\t\t\t<div class=\"woocommerce-variation single_variation\" role=\"alert\" aria-relevant=\"additions\"><\/div><div class=\"woocommerce-variation-add-to-cart variations_button\">\n\t\n\t<div class=\"quantity\">\n\t\t<label class=\"screen-reader-text\" for=\"quantity_6a960a90b2db0\">Seidenspaltgarn Menge<\/label>\n\t<input\n\t\ttype=\"number\"\n\t\t\t\tid=\"quantity_6a960a90b2db0\"\n\t\tclass=\"input-text qty text\"\n\t\tname=\"quantity\"\n\t\tvalue=\"1\"\n\t\taria-label=\"Produktmenge\"\n\t\t\t\tmin=\"1\"\n\t\t\t\t\t\t\tstep=\"1\"\n\t\t\tplaceholder=\"\"\n\t\t\tinputmode=\"numeric\"\n\t\t\tautocomplete=\"off\"\n\t\t\t\/>\n\t<\/div>\n\n\t<button type=\"submit\" class=\"single_add_to_cart_button button alt\">In den Warenkorb<\/button>\n\n\t\n\t<input type=\"hidden\" name=\"add-to-cart\" value=\"3657\" \/>\n\t<input type=\"hidden\" name=\"product_id\" value=\"3657\" \/>\n\t<input type=\"hidden\" name=\"variation_id\" class=\"variation_id\" value=\"0\" \/>\n<\/div>\n\t\t<\/div>\n\t\n\t<\/div><\/form>\n\n<div class=\"product_meta\">\n\n\t\n\t\n\t\t<span class=\"sku_wrapper\">Artikelnummer: <span class=\"sku\">n.\u00a0v.<\/span><\/span>\n\n\t\n\t<span class=\"posted_in\">Kategorien: <a href=\"https:\/\/webshop.annemiekoenen.com\/de\/produkt-kategorie\/farbkuche\/\" rel=\"tag\">Farbk\u00fcche<\/a>, <a href=\"https:\/\/webshop.annemiekoenen.com\/de\/produkt-kategorie\/farbkuche\/stickgarn\/\" rel=\"tag\">Stickgarn<\/a><\/span>\n\t\n\t\n<\/div>\n\t<\/div>\n\n\t\n\t<div class=\"woocommerce-tabs wc-tabs-wrapper\">\n\t\t<ul class=\"tabs wc-tabs\" role=\"tablist\">\n\t\t\t\t\t\t\t<li role=\"presentation\" class=\"description_tab\" id=\"tab-title-description\">\n\t\t\t\t\t<a href=\"#tab-description\" role=\"tab\" aria-controls=\"tab-description\">\n\t\t\t\t\t\tBeschreibung\t\t\t\t\t<\/a>\n\t\t\t\t<\/li>\n\t\t\t\t\t\t\t<li role=\"presentation\" class=\"additional_information_tab\" id=\"tab-title-additional_information\">\n\t\t\t\t\t<a href=\"#tab-additional_information\" role=\"tab\" aria-controls=\"tab-additional_information\">\n\t\t\t\t\t\tZus\u00e4tzliche Informationen\t\t\t\t\t<\/a>\n\t\t\t\t<\/li>\n\t\t\t\t\t<\/ul>\n\t\t\t\t\t<div class=\"woocommerce-Tabs-panel woocommerce-Tabs-panel--description panel entry-content wc-tab\" id=\"tab-description\" role=\"tabpanel\" aria-labelledby=\"tab-title-description\">\n\t\t\t\t\n\t<h2>Beschreibung<\/h2>\n\n<p>7-f\u00e4diges Spaltgarn<\/p>\n<p>&nbsp;<\/p>\n\t\t\t<\/div>\n\t\t\t\t\t<div class=\"woocommerce-Tabs-panel woocommerce-Tabs-panel--additional_information panel entry-content wc-tab\" id=\"tab-additional_information\" role=\"tabpanel\" aria-labelledby=\"tab-title-additional_information\">\n\t\t\t\t\n\t<h2>Zus\u00e4tzliche Informationen<\/h2>\n\n<table class=\"woocommerce-product-attributes shop_attributes\" aria-label=\"Produktdetails\">\n\t\t\t<tr class=\"woocommerce-product-attributes-item woocommerce-product-attributes-item--weight\">\n\t\t\t<th class=\"woocommerce-product-attributes-item__label\" scope=\"row\">Gewicht<\/th>\n\t\t\t<td class=\"woocommerce-product-attributes-item__value\">3 g<\/td>\n\t\t<\/tr>\n\t\t\t<tr class=\"woocommerce-product-attributes-item woocommerce-product-attributes-item--dimensions\">\n\t\t\t<th class=\"woocommerce-product-attributes-item__label\" scope=\"row\">Ma\u00dfe<\/th>\n\t\t\t<td class=\"woocommerce-product-attributes-item__value\">n.\u00a0v.<\/td>\n\t\t<\/tr>\n\t\t\t<tr class=\"woocommerce-product-attributes-item woocommerce-product-attributes-item--attribute_pa_zijde-splijtgaren\">\n\t\t\t<th class=\"woocommerce-product-attributes-item__label\" scope=\"row\">Zijde splijtgaren<\/th>\n\t\t\t<td class=\"woocommerce-product-attributes-item__value\"><p>Baby blau, Baby rosa, Blue green, Blue ocean, Denim, Fire, Flames, Forest, Fuchsie, Genesis, Lavendel, Limette, Louise, Magic, Ocean, Ocean, Ocker, Petrol, Rotraud, Ruby, Schwarz, Smoke, Smoke mit viel Wei\u00df, Summer, Sunshine, Turmalin, Violett, Wei\u00df<\/p>\n<\/td>\n\t\t<\/tr>\n\t<\/table>\n\t\t\t<\/div>\n\t\t\n\t\t\t<\/div>\n\n\n\t<section class=\"related products\">\n\n\t\t\t\t\t<h2>\u00c4hnliche Produkte<\/h2>\n\t\t\t\t<ul class=\"products columns-3\">\n\n\t\t\t\n\t\t\t\t\t<li class=\"product type-product post-9197 status-publish first instock product_cat-diy-filz-pakete product_cat-farbkuche has-post-thumbnail taxable shipping-taxable purchasable product-type-variable\">\n\t<a href=\"https:\/\/webshop.annemiekoenen.com\/de\/laden\/farbkuche\/diy-filz-pakete\/magic-ball-paket\/\" class=\"woocommerce-LoopProduct-link woocommerce-loop-product__link\"><img loading=\"lazy\" decoding=\"async\" width=\"324\" height=\"324\" src=\"https:\/\/webshop.annemiekoenen.com\/wp-content\/uploads\/sites\/2\/2022\/10\/2022-10-18_09.23.37-324x324.jpg\" class=\"attachment-woocommerce_thumbnail size-woocommerce_thumbnail\" alt=\"Zauber Ball-Paket\" srcset=\"https:\/\/webshop.annemiekoenen.com\/wp-content\/uploads\/sites\/2\/2022\/10\/2022-10-18_09.23.37-324x324.jpg 324w, https:\/\/webshop.annemiekoenen.com\/wp-content\/uploads\/sites\/2\/2022\/10\/2022-10-18_09.23.37-300x300.jpg 300w, https:\/\/webshop.annemiekoenen.com\/wp-content\/uploads\/sites\/2\/2022\/10\/2022-10-18_09.23.37-1024x1024.jpg 1024w, https:\/\/webshop.annemiekoenen.com\/wp-content\/uploads\/sites\/2\/2022\/10\/2022-10-18_09.23.37-150x150.jpg 150w, https:\/\/webshop.annemiekoenen.com\/wp-content\/uploads\/sites\/2\/2022\/10\/2022-10-18_09.23.37-768x768.jpg 768w, https:\/\/webshop.annemiekoenen.com\/wp-content\/uploads\/sites\/2\/2022\/10\/2022-10-18_09.23.37-416x416.jpg 416w, https:\/\/webshop.annemiekoenen.com\/wp-content\/uploads\/sites\/2\/2022\/10\/2022-10-18_09.23.37-100x100.jpg 100w, https:\/\/webshop.annemiekoenen.com\/wp-content\/uploads\/sites\/2\/2022\/10\/2022-10-18_09.23.37-50x50.jpg 50w, https:\/\/webshop.annemiekoenen.com\/wp-content\/uploads\/sites\/2\/2022\/10\/2022-10-18_09.23.37.jpg 1080w\" sizes=\"(max-width: 324px) 100vw, 324px\" \/><h2 class=\"woocommerce-loop-product__title\">Zauber Ball-Paket<\/h2>\n\t<span class=\"price\"><span class=\"woocommerce-Price-amount amount\"><bdi><span class=\"woocommerce-Price-currencySymbol\" translate=\"no\">&euro;<\/span>7.50<\/bdi><\/span><\/span>\n<\/a><a href=\"https:\/\/webshop.annemiekoenen.com\/de\/laden\/farbkuche\/diy-filz-pakete\/magic-ball-paket\/\" aria-describedby=\"woocommerce_loop_add_to_cart_link_describedby_9197\" data-quantity=\"1\" class=\"button product_type_variable add_to_cart_button\" data-product_id=\"9197\" data-product_sku=\"\" aria-label=\"W\u00e4hle Optionen f\u00fcr \u201eZauber Ball-Paket\u201c\" rel=\"nofollow\">Ausf\u00fchrung w\u00e4hlen<\/a>\t<span id=\"woocommerce_loop_add_to_cart_link_describedby_9197\" class=\"screen-reader-text\">\n\t\tDieses Produkt weist mehrere Varianten auf. Die Optionen k\u00f6nnen auf der Produktseite gew\u00e4hlt werden\t<\/span>\n<\/li>\n\n\t\t\t\n\t\t\t\t\t<li class=\"product type-product post-3815 status-publish instock product_cat-farbkuche product_cat-filzbare-materialien product_cat-stickgarn has-post-thumbnail taxable shipping-taxable purchasable product-type-variable\">\n\t<a href=\"https:\/\/webshop.annemiekoenen.com\/de\/laden\/farbkuche\/filzbare-materialien\/soie-bouclette\/\" class=\"woocommerce-LoopProduct-link woocommerce-loop-product__link\"><img loading=\"lazy\" decoding=\"async\" width=\"324\" height=\"324\" src=\"https:\/\/webshop.annemiekoenen.com\/wp-content\/uploads\/sites\/2\/2021\/03\/Borduurgaren-Kleurenspectrum-Soie-bouclette-scaled-e1614943002714-324x324.jpg\" class=\"attachment-woocommerce_thumbnail size-woocommerce_thumbnail\" alt=\"Soie Bouclette\" srcset=\"https:\/\/webshop.annemiekoenen.com\/wp-content\/uploads\/sites\/2\/2021\/03\/Borduurgaren-Kleurenspectrum-Soie-bouclette-scaled-e1614943002714-324x324.jpg 324w, https:\/\/webshop.annemiekoenen.com\/wp-content\/uploads\/sites\/2\/2021\/03\/Borduurgaren-Kleurenspectrum-Soie-bouclette-scaled-e1614943002714-150x150.jpg 150w, https:\/\/webshop.annemiekoenen.com\/wp-content\/uploads\/sites\/2\/2021\/03\/Borduurgaren-Kleurenspectrum-Soie-bouclette-scaled-e1614943002714-100x100.jpg 100w, https:\/\/webshop.annemiekoenen.com\/wp-content\/uploads\/sites\/2\/2021\/03\/Borduurgaren-Kleurenspectrum-Soie-bouclette-scaled-e1614943002714-300x300.jpg 300w\" sizes=\"(max-width: 324px) 100vw, 324px\" \/><h2 class=\"woocommerce-loop-product__title\">Soie Bouclette<\/h2>\n\t<span class=\"price\"><span class=\"woocommerce-Price-amount amount\"><bdi><span class=\"woocommerce-Price-currencySymbol\" translate=\"no\">&euro;<\/span>2.50<\/bdi><\/span><\/span>\n<\/a><a href=\"https:\/\/webshop.annemiekoenen.com\/de\/laden\/farbkuche\/filzbare-materialien\/soie-bouclette\/\" aria-describedby=\"woocommerce_loop_add_to_cart_link_describedby_3815\" data-quantity=\"1\" class=\"button product_type_variable add_to_cart_button\" data-product_id=\"3815\" data-product_sku=\"\" aria-label=\"W\u00e4hle Optionen f\u00fcr \u201eSoie Bouclette\u201c\" rel=\"nofollow\">Ausf\u00fchrung w\u00e4hlen<\/a>\t<span id=\"woocommerce_loop_add_to_cart_link_describedby_3815\" class=\"screen-reader-text\">\n\t\tDieses Produkt weist mehrere Varianten auf. Die Optionen k\u00f6nnen auf der Produktseite gew\u00e4hlt werden\t<\/span>\n<\/li>\n\n\t\t\t\n\t\t\t\t\t<li class=\"product type-product post-2969 status-publish last instock product_cat-farbkuche product_cat-verfkeuken product_cat-wol product_cat-wolle has-post-thumbnail taxable shipping-taxable purchasable product-type-variable\">\n\t<a href=\"https:\/\/webshop.annemiekoenen.com\/de\/laden\/verfkeuken\/wol\/regenbogen-specials\/\" class=\"woocommerce-LoopProduct-link woocommerce-loop-product__link\"><img loading=\"lazy\" decoding=\"async\" width=\"324\" height=\"324\" src=\"https:\/\/webshop.annemiekoenen.com\/wp-content\/uploads\/sites\/2\/2021\/03\/Specials-spectrum-scaled-324x324.jpg\" class=\"attachment-woocommerce_thumbnail size-woocommerce_thumbnail\" alt=\"Regenbogen specials - Regenboog gef\u00e4rbte Australische Merino (70%) und Maulbeer Seide (30%)\" srcset=\"https:\/\/webshop.annemiekoenen.com\/wp-content\/uploads\/sites\/2\/2021\/03\/Specials-spectrum-scaled-324x324.jpg 324w, https:\/\/webshop.annemiekoenen.com\/wp-content\/uploads\/sites\/2\/2021\/03\/Specials-spectrum-scaled-150x150.jpg 150w, https:\/\/webshop.annemiekoenen.com\/wp-content\/uploads\/sites\/2\/2021\/03\/Specials-spectrum-scaled-100x100.jpg 100w, https:\/\/webshop.annemiekoenen.com\/wp-content\/uploads\/sites\/2\/2021\/03\/Specials-spectrum-scaled-300x300.jpg 300w\" sizes=\"(max-width: 324px) 100vw, 324px\" \/><h2 class=\"woocommerce-loop-product__title\">Regenbogen specials &#8211; Regenboog gef\u00e4rbte Australische Merino (70%) und Maulbeer Seide (30%)<\/h2>\n\t<span class=\"price\"><span class=\"woocommerce-Price-amount amount\"><bdi><span class=\"woocommerce-Price-currencySymbol\" translate=\"no\">&euro;<\/span>9.75<\/bdi><\/span><\/span>\n<\/a><a href=\"https:\/\/webshop.annemiekoenen.com\/de\/laden\/verfkeuken\/wol\/regenbogen-specials\/\" aria-describedby=\"woocommerce_loop_add_to_cart_link_describedby_2969\" data-quantity=\"1\" class=\"button product_type_variable add_to_cart_button\" data-product_id=\"2969\" data-product_sku=\"\" aria-label=\"W\u00e4hle Optionen f\u00fcr \u201eRegenbogen specials - Regenboog gef\u00e4rbte Australische Merino (70%) und Maulbeer Seide (30%)\u201c\" rel=\"nofollow\">Ausf\u00fchrung w\u00e4hlen<\/a>\t<span id=\"woocommerce_loop_add_to_cart_link_describedby_2969\" class=\"screen-reader-text\">\n\t\tDieses Produkt weist mehrere Varianten auf. Die Optionen k\u00f6nnen auf der Produktseite gew\u00e4hlt werden\t<\/span>\n<\/li>\n\n\t\t\t\n\t\t<\/ul>\n\n\t<\/section>\n\t\t\t<nav class=\"storefront-product-pagination\" aria-label=\"Mehr Produkte\">\n\t\t\t\t\t\t\t<a href=\"https:\/\/webshop.annemiekoenen.com\/de\/laden\/farbkuche\/stickgarn\/seide-noppe\/\" rel=\"prev\">\n\t\t\t\t\t<img loading=\"lazy\" decoding=\"async\" width=\"324\" height=\"324\" src=\"https:\/\/webshop.annemiekoenen.com\/wp-content\/uploads\/sites\/2\/2021\/03\/Borduurgaren-Kleurenspectrum-Zijdenoppe-scaled-e1614951285662-324x324.jpg\" class=\"attachment-woocommerce_thumbnail size-woocommerce_thumbnail\" alt=\"Seide Nopp\u00e9\" \/>\t\t\t\t\t<span class=\"storefront-product-pagination__title\">Seide Nopp\u00e9<\/span>\n\t\t\t\t<\/a>\n\t\t\t\n\t\t\t\t\t\t\t<a href=\"https:\/\/webshop.annemiekoenen.com\/de\/laden\/farbkuche\/stickgarn\/seidenperle\/\" rel=\"next\">\n\t\t\t\t\t<img loading=\"lazy\" decoding=\"async\" width=\"324\" height=\"324\" src=\"https:\/\/webshop.annemiekoenen.com\/wp-content\/uploads\/sites\/2\/2021\/03\/Borduurgaren-Kleurenspectrum-Zijdeperle-3-scaled-e1615313723450-324x324.jpg\" class=\"attachment-woocommerce_thumbnail size-woocommerce_thumbnail\" alt=\"Seidenperl\u00e9\" \/>\t\t\t\t\t<span class=\"storefront-product-pagination__title\">Seidenperl\u00e9<\/span>\n\t\t\t\t<\/a>\n\t\t\t\t\t<\/nav><!-- .storefront-product-pagination -->\n\t\t<\/div>\n\n\t\t\t<\/div>\n\t\t\t<\/div><\/p>\n\n<p class=\"has-text-align-center has-vivid-green-cyan-background-color has-background wp-block-paragraph\"><strong><strong><strong>Stickgarne<\/strong><\/strong><\/strong> <strong>nach Belieben<\/strong><br \/>Seidenperl\u00e9 Nr. 2<\/p>\n\n<p class=\"wp-block-paragraph\"><div class=\"woocommerce\">\t\t\t<div class=\"single-product\" data-product-page-preselected-id=\"0\">\n\t\t\t\t<div class=\"woocommerce-notices-wrapper\"><\/div><div id=\"product-4027\" class=\"product type-product post-4027 status-publish first instock product_cat-farbkuche product_cat-stickgarn has-post-thumbnail taxable shipping-taxable purchasable product-type-variable\">\n\n\t<div class=\"woocommerce-product-gallery woocommerce-product-gallery--with-images woocommerce-product-gallery--columns-5 images\" data-columns=\"5\" style=\"opacity: 0; transition: opacity .25s ease-in-out;\">\n\t<div class=\"woocommerce-product-gallery__wrapper\">\n\t\t<div data-thumb=\"https:\/\/webshop.annemiekoenen.com\/wp-content\/uploads\/sites\/2\/2021\/03\/Borduurgaren-Kleurenspectrum-Zijdeperle-nr.-2-scaled-e1615358959766-100x100.jpg\" data-thumb-alt=\"Seidenperl\u00e9 Nr. 2\" data-thumb-srcset=\"https:\/\/webshop.annemiekoenen.com\/wp-content\/uploads\/sites\/2\/2021\/03\/Borduurgaren-Kleurenspectrum-Zijdeperle-nr.-2-scaled-e1615358959766-100x100.jpg 100w, https:\/\/webshop.annemiekoenen.com\/wp-content\/uploads\/sites\/2\/2021\/03\/Borduurgaren-Kleurenspectrum-Zijdeperle-nr.-2-scaled-e1615358959766-150x150.jpg 150w, https:\/\/webshop.annemiekoenen.com\/wp-content\/uploads\/sites\/2\/2021\/03\/Borduurgaren-Kleurenspectrum-Zijdeperle-nr.-2-scaled-e1615358959766-324x324.jpg 324w, https:\/\/webshop.annemiekoenen.com\/wp-content\/uploads\/sites\/2\/2021\/03\/Borduurgaren-Kleurenspectrum-Zijdeperle-nr.-2-scaled-e1615358959766-300x300.jpg 300w\"  data-thumb-sizes=\"(max-width: 100px) 100vw, 100px\" class=\"woocommerce-product-gallery__image\"><a href=\"https:\/\/webshop.annemiekoenen.com\/wp-content\/uploads\/sites\/2\/2021\/03\/Borduurgaren-Kleurenspectrum-Zijdeperle-nr.-2-scaled-e1615358959766.jpg\"><img loading=\"lazy\" decoding=\"async\" width=\"416\" height=\"311\" src=\"https:\/\/webshop.annemiekoenen.com\/wp-content\/uploads\/sites\/2\/2021\/03\/Borduurgaren-Kleurenspectrum-Zijdeperle-nr.-2-scaled-e1615358959766-600x449.jpg\" class=\"wp-post-image\" alt=\"Seidenperl\u00e9 Nr. 2\" data-caption=\"\" data-src=\"https:\/\/webshop.annemiekoenen.com\/wp-content\/uploads\/sites\/2\/2021\/03\/Borduurgaren-Kleurenspectrum-Zijdeperle-nr.-2-scaled-e1615358959766.jpg\" data-large_image=\"https:\/\/webshop.annemiekoenen.com\/wp-content\/uploads\/sites\/2\/2021\/03\/Borduurgaren-Kleurenspectrum-Zijdeperle-nr.-2-scaled-e1615358959766.jpg\" data-large_image_width=\"2144\" data-large_image_height=\"1606\" srcset=\"https:\/\/webshop.annemiekoenen.com\/wp-content\/uploads\/sites\/2\/2021\/03\/Borduurgaren-Kleurenspectrum-Zijdeperle-nr.-2-scaled-e1615358959766-600x449.jpg 600w, https:\/\/webshop.annemiekoenen.com\/wp-content\/uploads\/sites\/2\/2021\/03\/Borduurgaren-Kleurenspectrum-Zijdeperle-nr.-2-scaled-e1615358959766-300x225.jpg 300w, https:\/\/webshop.annemiekoenen.com\/wp-content\/uploads\/sites\/2\/2021\/03\/Borduurgaren-Kleurenspectrum-Zijdeperle-nr.-2-scaled-e1615358959766-1024x767.jpg 1024w, https:\/\/webshop.annemiekoenen.com\/wp-content\/uploads\/sites\/2\/2021\/03\/Borduurgaren-Kleurenspectrum-Zijdeperle-nr.-2-scaled-e1615358959766-768x575.jpg 768w, https:\/\/webshop.annemiekoenen.com\/wp-content\/uploads\/sites\/2\/2021\/03\/Borduurgaren-Kleurenspectrum-Zijdeperle-nr.-2-scaled-e1615358959766-1536x1151.jpg 1536w, https:\/\/webshop.annemiekoenen.com\/wp-content\/uploads\/sites\/2\/2021\/03\/Borduurgaren-Kleurenspectrum-Zijdeperle-nr.-2-scaled-e1615358959766-2048x1534.jpg 2048w\" sizes=\"(max-width: 416px) 100vw, 416px\" \/><\/a><\/div>\t<\/div>\n<\/div>\n\n\t<div class=\"summary entry-summary\">\n\t\t<h1 class=\"product_title entry-title\">Seidenperl\u00e9 Nr. 2<\/h1><p class=\"price\"><span class=\"woocommerce-Price-amount amount\"><bdi><span class=\"woocommerce-Price-currencySymbol\" translate=\"no\">&euro;<\/span>3.65<\/bdi><\/span><\/p>\n<div class=\"woocommerce-product-details__short-description\">\n\t<p>10 Meter<\/p>\n<\/div>\n\n<form class=\"variations_form cart\" action=\"\" method=\"post\" enctype='multipart\/form-data' data-product_id=\"4027\" data-product_variations=\"[{&quot;attributes&quot;:{&quot;attribute_pa_zijdeperle-nr-2&quot;:&quot;sunshine-de&quot;},&quot;availability_html&quot;:&quot;&lt;p class=\\&quot;stock in-stock\\&quot;&gt;14 vorr\\u00e4tig (kann nachbestellt werden)&lt;\\\/p&gt;\\n&quot;,&quot;backorders_allowed&quot;:true,&quot;dimensions&quot;:{&quot;length&quot;:&quot;1000&quot;,&quot;width&quot;:&quot;&quot;,&quot;height&quot;:&quot;&quot;},&quot;dimensions_html&quot;:&quot;1000 cm&quot;,&quot;display_price&quot;:3.65,&quot;display_regular_price&quot;:3.65,&quot;gallery_image_ids&quot;:[],&quot;gallery_images_html&quot;:&quot;&quot;,&quot;image&quot;:{&quot;title&quot;:&quot;Borduurgaren Zijdeperl\\u00e9 nr. 2 - 01 Sunshine&quot;,&quot;caption&quot;:&quot;&quot;,&quot;url&quot;:&quot;https:\\\/\\\/webshop.annemiekoenen.com\\\/wp-content\\\/uploads\\\/sites\\\/2\\\/2021\\\/03\\\/Borduurgaren-Zijdeperle-nr.-2-01-Sunshine-scaled-e1615358600428.jpg&quot;,&quot;alt&quot;:&quot;Borduurgaren Zijdeperl\\u00e9 nr. 2 - 01 Sunshine&quot;,&quot;src&quot;:&quot;https:\\\/\\\/webshop.annemiekoenen.com\\\/wp-content\\\/uploads\\\/sites\\\/2\\\/2021\\\/03\\\/Borduurgaren-Zijdeperle-nr.-2-01-Sunshine-scaled-e1615358600428-600x799.jpg&quot;,&quot;srcset&quot;:&quot;https:\\\/\\\/webshop.annemiekoenen.com\\\/wp-content\\\/uploads\\\/sites\\\/2\\\/2021\\\/03\\\/Borduurgaren-Zijdeperle-nr.-2-01-Sunshine-scaled-e1615358600428-600x799.jpg 600w, https:\\\/\\\/webshop.annemiekoenen.com\\\/wp-content\\\/uploads\\\/sites\\\/2\\\/2021\\\/03\\\/Borduurgaren-Zijdeperle-nr.-2-01-Sunshine-scaled-e1615358600428-225x300.jpg 225w, https:\\\/\\\/webshop.annemiekoenen.com\\\/wp-content\\\/uploads\\\/sites\\\/2\\\/2021\\\/03\\\/Borduurgaren-Zijdeperle-nr.-2-01-Sunshine-scaled-e1615358600428-769x1024.jpg 769w, https:\\\/\\\/webshop.annemiekoenen.com\\\/wp-content\\\/uploads\\\/sites\\\/2\\\/2021\\\/03\\\/Borduurgaren-Zijdeperle-nr.-2-01-Sunshine-scaled-e1615358600428-768x1023.jpg 768w, https:\\\/\\\/webshop.annemiekoenen.com\\\/wp-content\\\/uploads\\\/sites\\\/2\\\/2021\\\/03\\\/Borduurgaren-Zijdeperle-nr.-2-01-Sunshine-scaled-e1615358600428-1153x1536.jpg 1153w, https:\\\/\\\/webshop.annemiekoenen.com\\\/wp-content\\\/uploads\\\/sites\\\/2\\\/2021\\\/03\\\/Borduurgaren-Zijdeperle-nr.-2-01-Sunshine-scaled-e1615358600428-1538x2048.jpg 1538w, https:\\\/\\\/webshop.annemiekoenen.com\\\/wp-content\\\/uploads\\\/sites\\\/2\\\/2021\\\/03\\\/Borduurgaren-Zijdeperle-nr.-2-01-Sunshine-scaled-e1615358600428.jpg 1696w&quot;,&quot;sizes&quot;:&quot;(max-width: 416px) 100vw, 416px&quot;,&quot;full_src&quot;:&quot;https:\\\/\\\/webshop.annemiekoenen.com\\\/wp-content\\\/uploads\\\/sites\\\/2\\\/2021\\\/03\\\/Borduurgaren-Zijdeperle-nr.-2-01-Sunshine-scaled-e1615358600428.jpg&quot;,&quot;full_src_w&quot;:1696,&quot;full_src_h&quot;:2259,&quot;gallery_thumbnail_src&quot;:&quot;https:\\\/\\\/webshop.annemiekoenen.com\\\/wp-content\\\/uploads\\\/sites\\\/2\\\/2021\\\/03\\\/Borduurgaren-Zijdeperle-nr.-2-01-Sunshine-scaled-e1615358600428-100x100.jpg&quot;,&quot;gallery_thumbnail_src_w&quot;:100,&quot;gallery_thumbnail_src_h&quot;:100,&quot;thumb_src&quot;:&quot;https:\\\/\\\/webshop.annemiekoenen.com\\\/wp-content\\\/uploads\\\/sites\\\/2\\\/2021\\\/03\\\/Borduurgaren-Zijdeperle-nr.-2-01-Sunshine-scaled-e1615358600428-324x324.jpg&quot;,&quot;thumb_src_w&quot;:324,&quot;thumb_src_h&quot;:324,&quot;src_w&quot;:416,&quot;src_h&quot;:554},&quot;image_id&quot;:818,&quot;is_downloadable&quot;:false,&quot;is_in_stock&quot;:true,&quot;is_purchasable&quot;:true,&quot;is_sold_individually&quot;:&quot;no&quot;,&quot;is_virtual&quot;:false,&quot;max_qty&quot;:&quot;&quot;,&quot;min_qty&quot;:1,&quot;price_html&quot;:&quot;&quot;,&quot;sku&quot;:&quot;44BG01&quot;,&quot;variation_description&quot;:&quot;&quot;,&quot;variation_id&quot;:4028,&quot;variation_is_active&quot;:true,&quot;variation_is_visible&quot;:true,&quot;weight&quot;:&quot;3&quot;,&quot;weight_html&quot;:&quot;3 g&quot;},{&quot;attributes&quot;:{&quot;attribute_pa_zijdeperle-nr-2&quot;:&quot;ocker&quot;},&quot;availability_html&quot;:&quot;&lt;p class=\\&quot;stock in-stock\\&quot;&gt;9 vorr\\u00e4tig (kann nachbestellt werden)&lt;\\\/p&gt;\\n&quot;,&quot;backorders_allowed&quot;:true,&quot;dimensions&quot;:{&quot;length&quot;:&quot;1000&quot;,&quot;width&quot;:&quot;&quot;,&quot;height&quot;:&quot;&quot;},&quot;dimensions_html&quot;:&quot;1000 cm&quot;,&quot;display_price&quot;:3.65,&quot;display_regular_price&quot;:3.65,&quot;gallery_image_ids&quot;:[],&quot;gallery_images_html&quot;:&quot;&quot;,&quot;image&quot;:{&quot;title&quot;:&quot;Borduurgaren Zijdeperl\\u00e9 nr. 2 - 02 Oker&quot;,&quot;caption&quot;:&quot;&quot;,&quot;url&quot;:&quot;https:\\\/\\\/webshop.annemiekoenen.com\\\/wp-content\\\/uploads\\\/sites\\\/2\\\/2021\\\/03\\\/Borduurgaren-Zijdeperle-nr.-2-02-Oker-scaled-e1615358669436.jpg&quot;,&quot;alt&quot;:&quot;Borduurgaren Zijdeperl\\u00e9 nr. 2 - 02 Oker&quot;,&quot;src&quot;:&quot;https:\\\/\\\/webshop.annemiekoenen.com\\\/wp-content\\\/uploads\\\/sites\\\/2\\\/2021\\\/03\\\/Borduurgaren-Zijdeperle-nr.-2-02-Oker-scaled-e1615358669436-600x800.jpg&quot;,&quot;srcset&quot;:&quot;https:\\\/\\\/webshop.annemiekoenen.com\\\/wp-content\\\/uploads\\\/sites\\\/2\\\/2021\\\/03\\\/Borduurgaren-Zijdeperle-nr.-2-02-Oker-scaled-e1615358669436-600x800.jpg 600w, https:\\\/\\\/webshop.annemiekoenen.com\\\/wp-content\\\/uploads\\\/sites\\\/2\\\/2021\\\/03\\\/Borduurgaren-Zijdeperle-nr.-2-02-Oker-scaled-e1615358669436-225x300.jpg 225w, https:\\\/\\\/webshop.annemiekoenen.com\\\/wp-content\\\/uploads\\\/sites\\\/2\\\/2021\\\/03\\\/Borduurgaren-Zijdeperle-nr.-2-02-Oker-scaled-e1615358669436-768x1024.jpg 768w, https:\\\/\\\/webshop.annemiekoenen.com\\\/wp-content\\\/uploads\\\/sites\\\/2\\\/2021\\\/03\\\/Borduurgaren-Zijdeperle-nr.-2-02-Oker-scaled-e1615358669436-1152x1536.jpg 1152w, https:\\\/\\\/webshop.annemiekoenen.com\\\/wp-content\\\/uploads\\\/sites\\\/2\\\/2021\\\/03\\\/Borduurgaren-Zijdeperle-nr.-2-02-Oker-scaled-e1615358669436-1536x2048.jpg 1536w, https:\\\/\\\/webshop.annemiekoenen.com\\\/wp-content\\\/uploads\\\/sites\\\/2\\\/2021\\\/03\\\/Borduurgaren-Zijdeperle-nr.-2-02-Oker-scaled-e1615358669436.jpg 1670w&quot;,&quot;sizes&quot;:&quot;(max-width: 416px) 100vw, 416px&quot;,&quot;full_src&quot;:&quot;https:\\\/\\\/webshop.annemiekoenen.com\\\/wp-content\\\/uploads\\\/sites\\\/2\\\/2021\\\/03\\\/Borduurgaren-Zijdeperle-nr.-2-02-Oker-scaled-e1615358669436.jpg&quot;,&quot;full_src_w&quot;:1670,&quot;full_src_h&quot;:2227,&quot;gallery_thumbnail_src&quot;:&quot;https:\\\/\\\/webshop.annemiekoenen.com\\\/wp-content\\\/uploads\\\/sites\\\/2\\\/2021\\\/03\\\/Borduurgaren-Zijdeperle-nr.-2-02-Oker-scaled-e1615358669436-100x100.jpg&quot;,&quot;gallery_thumbnail_src_w&quot;:100,&quot;gallery_thumbnail_src_h&quot;:100,&quot;thumb_src&quot;:&quot;https:\\\/\\\/webshop.annemiekoenen.com\\\/wp-content\\\/uploads\\\/sites\\\/2\\\/2021\\\/03\\\/Borduurgaren-Zijdeperle-nr.-2-02-Oker-scaled-e1615358669436-324x324.jpg&quot;,&quot;thumb_src_w&quot;:324,&quot;thumb_src_h&quot;:324,&quot;src_w&quot;:416,&quot;src_h&quot;:555},&quot;image_id&quot;:824,&quot;is_downloadable&quot;:false,&quot;is_in_stock&quot;:true,&quot;is_purchasable&quot;:true,&quot;is_sold_individually&quot;:&quot;no&quot;,&quot;is_virtual&quot;:false,&quot;max_qty&quot;:&quot;&quot;,&quot;min_qty&quot;:1,&quot;price_html&quot;:&quot;&quot;,&quot;sku&quot;:&quot;44BG02&quot;,&quot;variation_description&quot;:&quot;&quot;,&quot;variation_id&quot;:4029,&quot;variation_is_active&quot;:true,&quot;variation_is_visible&quot;:true,&quot;weight&quot;:&quot;3&quot;,&quot;weight_html&quot;:&quot;3 g&quot;},{&quot;attributes&quot;:{&quot;attribute_pa_zijdeperle-nr-2&quot;:&quot;flames-de&quot;},&quot;availability_html&quot;:&quot;&lt;p class=\\&quot;stock in-stock\\&quot;&gt;13 vorr\\u00e4tig (kann nachbestellt werden)&lt;\\\/p&gt;\\n&quot;,&quot;backorders_allowed&quot;:true,&quot;dimensions&quot;:{&quot;length&quot;:&quot;1000&quot;,&quot;width&quot;:&quot;&quot;,&quot;height&quot;:&quot;&quot;},&quot;dimensions_html&quot;:&quot;1000 cm&quot;,&quot;display_price&quot;:3.65,&quot;display_regular_price&quot;:3.65,&quot;gallery_image_ids&quot;:[],&quot;gallery_images_html&quot;:&quot;&quot;,&quot;image&quot;:{&quot;title&quot;:&quot;Borduurgaren Zijdeperl\\u00e9 nr. 2 - 03 Flames&quot;,&quot;caption&quot;:&quot;&quot;,&quot;url&quot;:&quot;https:\\\/\\\/webshop.annemiekoenen.com\\\/wp-content\\\/uploads\\\/sites\\\/2\\\/2021\\\/03\\\/Borduurgaren-Zijdeperle-nr.-2-03-Flames-scaled-e1615358742331.jpg&quot;,&quot;alt&quot;:&quot;Borduurgaren Zijdeperl\\u00e9 nr. 2 - 03 Flames&quot;,&quot;src&quot;:&quot;https:\\\/\\\/webshop.annemiekoenen.com\\\/wp-content\\\/uploads\\\/sites\\\/2\\\/2021\\\/03\\\/Borduurgaren-Zijdeperle-nr.-2-03-Flames-scaled-e1615358742331-600x800.jpg&quot;,&quot;srcset&quot;:&quot;https:\\\/\\\/webshop.annemiekoenen.com\\\/wp-content\\\/uploads\\\/sites\\\/2\\\/2021\\\/03\\\/Borduurgaren-Zijdeperle-nr.-2-03-Flames-scaled-e1615358742331-600x800.jpg 600w, https:\\\/\\\/webshop.annemiekoenen.com\\\/wp-content\\\/uploads\\\/sites\\\/2\\\/2021\\\/03\\\/Borduurgaren-Zijdeperle-nr.-2-03-Flames-scaled-e1615358742331-225x300.jpg 225w, https:\\\/\\\/webshop.annemiekoenen.com\\\/wp-content\\\/uploads\\\/sites\\\/2\\\/2021\\\/03\\\/Borduurgaren-Zijdeperle-nr.-2-03-Flames-scaled-e1615358742331-768x1024.jpg 768w, https:\\\/\\\/webshop.annemiekoenen.com\\\/wp-content\\\/uploads\\\/sites\\\/2\\\/2021\\\/03\\\/Borduurgaren-Zijdeperle-nr.-2-03-Flames-scaled-e1615358742331-1152x1536.jpg 1152w, https:\\\/\\\/webshop.annemiekoenen.com\\\/wp-content\\\/uploads\\\/sites\\\/2\\\/2021\\\/03\\\/Borduurgaren-Zijdeperle-nr.-2-03-Flames-scaled-e1615358742331.jpg 1536w&quot;,&quot;sizes&quot;:&quot;(max-width: 416px) 100vw, 416px&quot;,&quot;full_src&quot;:&quot;https:\\\/\\\/webshop.annemiekoenen.com\\\/wp-content\\\/uploads\\\/sites\\\/2\\\/2021\\\/03\\\/Borduurgaren-Zijdeperle-nr.-2-03-Flames-scaled-e1615358742331.jpg&quot;,&quot;full_src_w&quot;:1536,&quot;full_src_h&quot;:2048,&quot;gallery_thumbnail_src&quot;:&quot;https:\\\/\\\/webshop.annemiekoenen.com\\\/wp-content\\\/uploads\\\/sites\\\/2\\\/2021\\\/03\\\/Borduurgaren-Zijdeperle-nr.-2-03-Flames-scaled-e1615358742331-100x100.jpg&quot;,&quot;gallery_thumbnail_src_w&quot;:100,&quot;gallery_thumbnail_src_h&quot;:100,&quot;thumb_src&quot;:&quot;https:\\\/\\\/webshop.annemiekoenen.com\\\/wp-content\\\/uploads\\\/sites\\\/2\\\/2021\\\/03\\\/Borduurgaren-Zijdeperle-nr.-2-03-Flames-scaled-e1615358742331-324x324.jpg&quot;,&quot;thumb_src_w&quot;:324,&quot;thumb_src_h&quot;:324,&quot;src_w&quot;:416,&quot;src_h&quot;:555},&quot;image_id&quot;:827,&quot;is_downloadable&quot;:false,&quot;is_in_stock&quot;:true,&quot;is_purchasable&quot;:true,&quot;is_sold_individually&quot;:&quot;no&quot;,&quot;is_virtual&quot;:false,&quot;max_qty&quot;:&quot;&quot;,&quot;min_qty&quot;:1,&quot;price_html&quot;:&quot;&quot;,&quot;sku&quot;:&quot;44BG03&quot;,&quot;variation_description&quot;:&quot;&quot;,&quot;variation_id&quot;:4030,&quot;variation_is_active&quot;:true,&quot;variation_is_visible&quot;:true,&quot;weight&quot;:&quot;3&quot;,&quot;weight_html&quot;:&quot;3 g&quot;},{&quot;attributes&quot;:{&quot;attribute_pa_zijdeperle-nr-2&quot;:&quot;ruby-de&quot;},&quot;availability_html&quot;:&quot;&lt;p class=\\&quot;stock in-stock\\&quot;&gt;12 vorr\\u00e4tig (kann nachbestellt werden)&lt;\\\/p&gt;\\n&quot;,&quot;backorders_allowed&quot;:true,&quot;dimensions&quot;:{&quot;length&quot;:&quot;1000&quot;,&quot;width&quot;:&quot;&quot;,&quot;height&quot;:&quot;&quot;},&quot;dimensions_html&quot;:&quot;1000 cm&quot;,&quot;display_price&quot;:3.65,&quot;display_regular_price&quot;:3.65,&quot;gallery_image_ids&quot;:[],&quot;gallery_images_html&quot;:&quot;&quot;,&quot;image&quot;:{&quot;title&quot;:&quot;Borduurgaren Zijdeperl\\u00e9 nr. 2 - 04 Ruby&quot;,&quot;caption&quot;:&quot;&quot;,&quot;url&quot;:&quot;https:\\\/\\\/webshop.annemiekoenen.com\\\/wp-content\\\/uploads\\\/sites\\\/2\\\/2021\\\/03\\\/Borduurgaren-Zijdeperle-nr.-2-04-Ruby-scaled-e1615358809972.jpg&quot;,&quot;alt&quot;:&quot;Borduurgaren Zijdeperl\\u00e9 nr. 2 - 04 Ruby&quot;,&quot;src&quot;:&quot;https:\\\/\\\/webshop.annemiekoenen.com\\\/wp-content\\\/uploads\\\/sites\\\/2\\\/2021\\\/03\\\/Borduurgaren-Zijdeperle-nr.-2-04-Ruby-scaled-e1615358809972-600x800.jpg&quot;,&quot;srcset&quot;:&quot;https:\\\/\\\/webshop.annemiekoenen.com\\\/wp-content\\\/uploads\\\/sites\\\/2\\\/2021\\\/03\\\/Borduurgaren-Zijdeperle-nr.-2-04-Ruby-scaled-e1615358809972-600x800.jpg 600w, https:\\\/\\\/webshop.annemiekoenen.com\\\/wp-content\\\/uploads\\\/sites\\\/2\\\/2021\\\/03\\\/Borduurgaren-Zijdeperle-nr.-2-04-Ruby-scaled-e1615358809972-225x300.jpg 225w, https:\\\/\\\/webshop.annemiekoenen.com\\\/wp-content\\\/uploads\\\/sites\\\/2\\\/2021\\\/03\\\/Borduurgaren-Zijdeperle-nr.-2-04-Ruby-scaled-e1615358809972-768x1023.jpg 768w, https:\\\/\\\/webshop.annemiekoenen.com\\\/wp-content\\\/uploads\\\/sites\\\/2\\\/2021\\\/03\\\/Borduurgaren-Zijdeperle-nr.-2-04-Ruby-scaled-e1615358809972-1153x1536.jpg 1153w, https:\\\/\\\/webshop.annemiekoenen.com\\\/wp-content\\\/uploads\\\/sites\\\/2\\\/2021\\\/03\\\/Borduurgaren-Zijdeperle-nr.-2-04-Ruby-scaled-e1615358809972-1537x2048.jpg 1537w, https:\\\/\\\/webshop.annemiekoenen.com\\\/wp-content\\\/uploads\\\/sites\\\/2\\\/2021\\\/03\\\/Borduurgaren-Zijdeperle-nr.-2-04-Ruby-scaled-e1615358809972.jpg 1753w&quot;,&quot;sizes&quot;:&quot;(max-width: 416px) 100vw, 416px&quot;,&quot;full_src&quot;:&quot;https:\\\/\\\/webshop.annemiekoenen.com\\\/wp-content\\\/uploads\\\/sites\\\/2\\\/2021\\\/03\\\/Borduurgaren-Zijdeperle-nr.-2-04-Ruby-scaled-e1615358809972.jpg&quot;,&quot;full_src_w&quot;:1753,&quot;full_src_h&quot;:2336,&quot;gallery_thumbnail_src&quot;:&quot;https:\\\/\\\/webshop.annemiekoenen.com\\\/wp-content\\\/uploads\\\/sites\\\/2\\\/2021\\\/03\\\/Borduurgaren-Zijdeperle-nr.-2-04-Ruby-scaled-e1615358809972-100x100.jpg&quot;,&quot;gallery_thumbnail_src_w&quot;:100,&quot;gallery_thumbnail_src_h&quot;:100,&quot;thumb_src&quot;:&quot;https:\\\/\\\/webshop.annemiekoenen.com\\\/wp-content\\\/uploads\\\/sites\\\/2\\\/2021\\\/03\\\/Borduurgaren-Zijdeperle-nr.-2-04-Ruby-scaled-e1615358809972-324x324.jpg&quot;,&quot;thumb_src_w&quot;:324,&quot;thumb_src_h&quot;:324,&quot;src_w&quot;:416,&quot;src_h&quot;:555},&quot;image_id&quot;:830,&quot;is_downloadable&quot;:false,&quot;is_in_stock&quot;:true,&quot;is_purchasable&quot;:true,&quot;is_sold_individually&quot;:&quot;no&quot;,&quot;is_virtual&quot;:false,&quot;max_qty&quot;:&quot;&quot;,&quot;min_qty&quot;:1,&quot;price_html&quot;:&quot;&quot;,&quot;sku&quot;:&quot;44BG04&quot;,&quot;variation_description&quot;:&quot;&quot;,&quot;variation_id&quot;:4031,&quot;variation_is_active&quot;:true,&quot;variation_is_visible&quot;:true,&quot;weight&quot;:&quot;3&quot;,&quot;weight_html&quot;:&quot;3 g&quot;},{&quot;attributes&quot;:{&quot;attribute_pa_zijdeperle-nr-2&quot;:&quot;fire-de&quot;},&quot;availability_html&quot;:&quot;&lt;p class=\\&quot;stock in-stock\\&quot;&gt;6 vorr\\u00e4tig (kann nachbestellt werden)&lt;\\\/p&gt;\\n&quot;,&quot;backorders_allowed&quot;:true,&quot;dimensions&quot;:{&quot;length&quot;:&quot;1000&quot;,&quot;width&quot;:&quot;&quot;,&quot;height&quot;:&quot;&quot;},&quot;dimensions_html&quot;:&quot;1000 cm&quot;,&quot;display_price&quot;:3.65,&quot;display_regular_price&quot;:3.65,&quot;gallery_image_ids&quot;:[],&quot;gallery_images_html&quot;:&quot;&quot;,&quot;image&quot;:{&quot;title&quot;:&quot;20220907_144512_copy_304x304&quot;,&quot;caption&quot;:&quot;&quot;,&quot;url&quot;:&quot;https:\\\/\\\/webshop.annemiekoenen.com\\\/wp-content\\\/uploads\\\/sites\\\/2\\\/2022\\\/09\\\/20220907_144512_copy_304x304.jpg&quot;,&quot;alt&quot;:&quot;20220907_144512_copy_304x304&quot;,&quot;src&quot;:&quot;https:\\\/\\\/webshop.annemiekoenen.com\\\/wp-content\\\/uploads\\\/sites\\\/2\\\/2022\\\/09\\\/20220907_144512_copy_304x304.jpg&quot;,&quot;srcset&quot;:&quot;https:\\\/\\\/webshop.annemiekoenen.com\\\/wp-content\\\/uploads\\\/sites\\\/2\\\/2022\\\/09\\\/20220907_144512_copy_304x304.jpg 304w, https:\\\/\\\/webshop.annemiekoenen.com\\\/wp-content\\\/uploads\\\/sites\\\/2\\\/2022\\\/09\\\/20220907_144512_copy_304x304-300x300.jpg 300w, https:\\\/\\\/webshop.annemiekoenen.com\\\/wp-content\\\/uploads\\\/sites\\\/2\\\/2022\\\/09\\\/20220907_144512_copy_304x304-150x150.jpg 150w, https:\\\/\\\/webshop.annemiekoenen.com\\\/wp-content\\\/uploads\\\/sites\\\/2\\\/2022\\\/09\\\/20220907_144512_copy_304x304-100x100.jpg 100w, https:\\\/\\\/webshop.annemiekoenen.com\\\/wp-content\\\/uploads\\\/sites\\\/2\\\/2022\\\/09\\\/20220907_144512_copy_304x304-50x50.jpg 50w&quot;,&quot;sizes&quot;:&quot;(max-width: 304px) 100vw, 304px&quot;,&quot;full_src&quot;:&quot;https:\\\/\\\/webshop.annemiekoenen.com\\\/wp-content\\\/uploads\\\/sites\\\/2\\\/2022\\\/09\\\/20220907_144512_copy_304x304.jpg&quot;,&quot;full_src_w&quot;:304,&quot;full_src_h&quot;:304,&quot;gallery_thumbnail_src&quot;:&quot;https:\\\/\\\/webshop.annemiekoenen.com\\\/wp-content\\\/uploads\\\/sites\\\/2\\\/2022\\\/09\\\/20220907_144512_copy_304x304-100x100.jpg&quot;,&quot;gallery_thumbnail_src_w&quot;:100,&quot;gallery_thumbnail_src_h&quot;:100,&quot;thumb_src&quot;:&quot;https:\\\/\\\/webshop.annemiekoenen.com\\\/wp-content\\\/uploads\\\/sites\\\/2\\\/2022\\\/09\\\/20220907_144512_copy_304x304.jpg&quot;,&quot;thumb_src_w&quot;:304,&quot;thumb_src_h&quot;:304,&quot;src_w&quot;:304,&quot;src_h&quot;:304},&quot;image_id&quot;:7182,&quot;is_downloadable&quot;:false,&quot;is_in_stock&quot;:true,&quot;is_purchasable&quot;:true,&quot;is_sold_individually&quot;:&quot;no&quot;,&quot;is_virtual&quot;:false,&quot;max_qty&quot;:&quot;&quot;,&quot;min_qty&quot;:1,&quot;price_html&quot;:&quot;&quot;,&quot;sku&quot;:&quot;44BG05&quot;,&quot;variation_description&quot;:&quot;&quot;,&quot;variation_id&quot;:4032,&quot;variation_is_active&quot;:true,&quot;variation_is_visible&quot;:true,&quot;weight&quot;:&quot;3&quot;,&quot;weight_html&quot;:&quot;3 g&quot;},{&quot;attributes&quot;:{&quot;attribute_pa_zijdeperle-nr-2&quot;:&quot;summer-de&quot;},&quot;availability_html&quot;:&quot;&lt;p class=\\&quot;stock in-stock\\&quot;&gt;11 vorr\\u00e4tig (kann nachbestellt werden)&lt;\\\/p&gt;\\n&quot;,&quot;backorders_allowed&quot;:true,&quot;dimensions&quot;:{&quot;length&quot;:&quot;1000&quot;,&quot;width&quot;:&quot;&quot;,&quot;height&quot;:&quot;&quot;},&quot;dimensions_html&quot;:&quot;1000 cm&quot;,&quot;display_price&quot;:3.65,&quot;display_regular_price&quot;:3.65,&quot;gallery_image_ids&quot;:[],&quot;gallery_images_html&quot;:&quot;&quot;,&quot;image&quot;:{&quot;title&quot;:&quot;Borduurgaren Zijdeperle nr. 2 - 06 Summer&quot;,&quot;caption&quot;:&quot;&quot;,&quot;url&quot;:&quot;https:\\\/\\\/webshop.annemiekoenen.com\\\/wp-content\\\/uploads\\\/sites\\\/2\\\/2021\\\/03\\\/Borduurgaren-Zijdeperle-nr.-2-06-Summer-scaled-e1615359476646.jpg&quot;,&quot;alt&quot;:&quot;Borduurgaren Zijdeperle nr. 2 - 06 Summer&quot;,&quot;src&quot;:&quot;https:\\\/\\\/webshop.annemiekoenen.com\\\/wp-content\\\/uploads\\\/sites\\\/2\\\/2021\\\/03\\\/Borduurgaren-Zijdeperle-nr.-2-06-Summer-scaled-e1615359476646-600x813.jpg&quot;,&quot;srcset&quot;:&quot;https:\\\/\\\/webshop.annemiekoenen.com\\\/wp-content\\\/uploads\\\/sites\\\/2\\\/2021\\\/03\\\/Borduurgaren-Zijdeperle-nr.-2-06-Summer-scaled-e1615359476646-600x813.jpg 600w, https:\\\/\\\/webshop.annemiekoenen.com\\\/wp-content\\\/uploads\\\/sites\\\/2\\\/2021\\\/03\\\/Borduurgaren-Zijdeperle-nr.-2-06-Summer-scaled-e1615359476646-221x300.jpg 221w, https:\\\/\\\/webshop.annemiekoenen.com\\\/wp-content\\\/uploads\\\/sites\\\/2\\\/2021\\\/03\\\/Borduurgaren-Zijdeperle-nr.-2-06-Summer-scaled-e1615359476646-756x1024.jpg 756w, https:\\\/\\\/webshop.annemiekoenen.com\\\/wp-content\\\/uploads\\\/sites\\\/2\\\/2021\\\/03\\\/Borduurgaren-Zijdeperle-nr.-2-06-Summer-scaled-e1615359476646-768x1041.jpg 768w, https:\\\/\\\/webshop.annemiekoenen.com\\\/wp-content\\\/uploads\\\/sites\\\/2\\\/2021\\\/03\\\/Borduurgaren-Zijdeperle-nr.-2-06-Summer-scaled-e1615359476646-1134x1536.jpg 1134w, https:\\\/\\\/webshop.annemiekoenen.com\\\/wp-content\\\/uploads\\\/sites\\\/2\\\/2021\\\/03\\\/Borduurgaren-Zijdeperle-nr.-2-06-Summer-scaled-e1615359476646-1511x2048.jpg 1511w, https:\\\/\\\/webshop.annemiekoenen.com\\\/wp-content\\\/uploads\\\/sites\\\/2\\\/2021\\\/03\\\/Borduurgaren-Zijdeperle-nr.-2-06-Summer-scaled-e1615359476646.jpg 1766w&quot;,&quot;sizes&quot;:&quot;(max-width: 416px) 100vw, 416px&quot;,&quot;full_src&quot;:&quot;https:\\\/\\\/webshop.annemiekoenen.com\\\/wp-content\\\/uploads\\\/sites\\\/2\\\/2021\\\/03\\\/Borduurgaren-Zijdeperle-nr.-2-06-Summer-scaled-e1615359476646.jpg&quot;,&quot;full_src_w&quot;:1766,&quot;full_src_h&quot;:2393,&quot;gallery_thumbnail_src&quot;:&quot;https:\\\/\\\/webshop.annemiekoenen.com\\\/wp-content\\\/uploads\\\/sites\\\/2\\\/2021\\\/03\\\/Borduurgaren-Zijdeperle-nr.-2-06-Summer-scaled-e1615359476646-100x100.jpg&quot;,&quot;gallery_thumbnail_src_w&quot;:100,&quot;gallery_thumbnail_src_h&quot;:100,&quot;thumb_src&quot;:&quot;https:\\\/\\\/webshop.annemiekoenen.com\\\/wp-content\\\/uploads\\\/sites\\\/2\\\/2021\\\/03\\\/Borduurgaren-Zijdeperle-nr.-2-06-Summer-scaled-e1615359476646-324x324.jpg&quot;,&quot;thumb_src_w&quot;:324,&quot;thumb_src_h&quot;:324,&quot;src_w&quot;:416,&quot;src_h&quot;:564},&quot;image_id&quot;:836,&quot;is_downloadable&quot;:false,&quot;is_in_stock&quot;:true,&quot;is_purchasable&quot;:true,&quot;is_sold_individually&quot;:&quot;no&quot;,&quot;is_virtual&quot;:false,&quot;max_qty&quot;:&quot;&quot;,&quot;min_qty&quot;:1,&quot;price_html&quot;:&quot;&quot;,&quot;sku&quot;:&quot;44BG06&quot;,&quot;variation_description&quot;:&quot;&quot;,&quot;variation_id&quot;:4033,&quot;variation_is_active&quot;:true,&quot;variation_is_visible&quot;:true,&quot;weight&quot;:&quot;3&quot;,&quot;weight_html&quot;:&quot;3 g&quot;},{&quot;attributes&quot;:{&quot;attribute_pa_zijdeperle-nr-2&quot;:&quot;louise-de&quot;},&quot;availability_html&quot;:&quot;&lt;p class=\\&quot;stock in-stock\\&quot;&gt;10 vorr\\u00e4tig (kann nachbestellt werden)&lt;\\\/p&gt;\\n&quot;,&quot;backorders_allowed&quot;:true,&quot;dimensions&quot;:{&quot;length&quot;:&quot;1000&quot;,&quot;width&quot;:&quot;&quot;,&quot;height&quot;:&quot;&quot;},&quot;dimensions_html&quot;:&quot;1000 cm&quot;,&quot;display_price&quot;:3.65,&quot;display_regular_price&quot;:3.65,&quot;gallery_image_ids&quot;:[],&quot;gallery_images_html&quot;:&quot;&quot;,&quot;image&quot;:{&quot;title&quot;:&quot;Borduurgaren Zijdeperl\\u00e9 nr. 2 - 07 Louise&quot;,&quot;caption&quot;:&quot;&quot;,&quot;url&quot;:&quot;https:\\\/\\\/webshop.annemiekoenen.com\\\/wp-content\\\/uploads\\\/sites\\\/2\\\/2021\\\/03\\\/Borduurgaren-Zijdeperle-nr.-2-07-Louise-scaled-e1615359581164.jpg&quot;,&quot;alt&quot;:&quot;Borduurgaren Zijdeperl\\u00e9 nr. 2 - 07 Louise&quot;,&quot;src&quot;:&quot;https:\\\/\\\/webshop.annemiekoenen.com\\\/wp-content\\\/uploads\\\/sites\\\/2\\\/2021\\\/03\\\/Borduurgaren-Zijdeperle-nr.-2-07-Louise-scaled-e1615359581164-600x800.jpg&quot;,&quot;srcset&quot;:&quot;https:\\\/\\\/webshop.annemiekoenen.com\\\/wp-content\\\/uploads\\\/sites\\\/2\\\/2021\\\/03\\\/Borduurgaren-Zijdeperle-nr.-2-07-Louise-scaled-e1615359581164-600x800.jpg 600w, https:\\\/\\\/webshop.annemiekoenen.com\\\/wp-content\\\/uploads\\\/sites\\\/2\\\/2021\\\/03\\\/Borduurgaren-Zijdeperle-nr.-2-07-Louise-scaled-e1615359581164-225x300.jpg 225w, https:\\\/\\\/webshop.annemiekoenen.com\\\/wp-content\\\/uploads\\\/sites\\\/2\\\/2021\\\/03\\\/Borduurgaren-Zijdeperle-nr.-2-07-Louise-scaled-e1615359581164-768x1024.jpg 768w, https:\\\/\\\/webshop.annemiekoenen.com\\\/wp-content\\\/uploads\\\/sites\\\/2\\\/2021\\\/03\\\/Borduurgaren-Zijdeperle-nr.-2-07-Louise-scaled-e1615359581164-1152x1536.jpg 1152w, https:\\\/\\\/webshop.annemiekoenen.com\\\/wp-content\\\/uploads\\\/sites\\\/2\\\/2021\\\/03\\\/Borduurgaren-Zijdeperle-nr.-2-07-Louise-scaled-e1615359581164-1536x2048.jpg 1536w, https:\\\/\\\/webshop.annemiekoenen.com\\\/wp-content\\\/uploads\\\/sites\\\/2\\\/2021\\\/03\\\/Borduurgaren-Zijdeperle-nr.-2-07-Louise-scaled-e1615359581164.jpg 1747w&quot;,&quot;sizes&quot;:&quot;(max-width: 416px) 100vw, 416px&quot;,&quot;full_src&quot;:&quot;https:\\\/\\\/webshop.annemiekoenen.com\\\/wp-content\\\/uploads\\\/sites\\\/2\\\/2021\\\/03\\\/Borduurgaren-Zijdeperle-nr.-2-07-Louise-scaled-e1615359581164.jpg&quot;,&quot;full_src_w&quot;:1747,&quot;full_src_h&quot;:2329,&quot;gallery_thumbnail_src&quot;:&quot;https:\\\/\\\/webshop.annemiekoenen.com\\\/wp-content\\\/uploads\\\/sites\\\/2\\\/2021\\\/03\\\/Borduurgaren-Zijdeperle-nr.-2-07-Louise-scaled-e1615359581164-100x100.jpg&quot;,&quot;gallery_thumbnail_src_w&quot;:100,&quot;gallery_thumbnail_src_h&quot;:100,&quot;thumb_src&quot;:&quot;https:\\\/\\\/webshop.annemiekoenen.com\\\/wp-content\\\/uploads\\\/sites\\\/2\\\/2021\\\/03\\\/Borduurgaren-Zijdeperle-nr.-2-07-Louise-scaled-e1615359581164-324x324.jpg&quot;,&quot;thumb_src_w&quot;:324,&quot;thumb_src_h&quot;:324,&quot;src_w&quot;:416,&quot;src_h&quot;:555},&quot;image_id&quot;:839,&quot;is_downloadable&quot;:false,&quot;is_in_stock&quot;:true,&quot;is_purchasable&quot;:true,&quot;is_sold_individually&quot;:&quot;no&quot;,&quot;is_virtual&quot;:false,&quot;max_qty&quot;:&quot;&quot;,&quot;min_qty&quot;:1,&quot;price_html&quot;:&quot;&quot;,&quot;sku&quot;:&quot;44BG07&quot;,&quot;variation_description&quot;:&quot;&quot;,&quot;variation_id&quot;:4034,&quot;variation_is_active&quot;:true,&quot;variation_is_visible&quot;:true,&quot;weight&quot;:&quot;3&quot;,&quot;weight_html&quot;:&quot;3 g&quot;},{&quot;attributes&quot;:{&quot;attribute_pa_zijdeperle-nr-2&quot;:&quot;violett&quot;},&quot;availability_html&quot;:&quot;&lt;p class=\\&quot;stock in-stock\\&quot;&gt;5 vorr\\u00e4tig (kann nachbestellt werden)&lt;\\\/p&gt;\\n&quot;,&quot;backorders_allowed&quot;:true,&quot;dimensions&quot;:{&quot;length&quot;:&quot;1000&quot;,&quot;width&quot;:&quot;&quot;,&quot;height&quot;:&quot;&quot;},&quot;dimensions_html&quot;:&quot;1000 cm&quot;,&quot;display_price&quot;:3.65,&quot;display_regular_price&quot;:3.65,&quot;gallery_image_ids&quot;:[],&quot;gallery_images_html&quot;:&quot;&quot;,&quot;image&quot;:{&quot;title&quot;:&quot;Borduurgaren Zijdeperl\\u00e9 nr. 2 - 08 Violet&quot;,&quot;caption&quot;:&quot;&quot;,&quot;url&quot;:&quot;https:\\\/\\\/webshop.annemiekoenen.com\\\/wp-content\\\/uploads\\\/sites\\\/2\\\/2021\\\/03\\\/Borduurgaren-Zijdeperle-nr.-2-08-Violet-scaled-e1615359681883.jpg&quot;,&quot;alt&quot;:&quot;Borduurgaren Zijdeperl\\u00e9 nr. 2 - 08 Violet&quot;,&quot;src&quot;:&quot;https:\\\/\\\/webshop.annemiekoenen.com\\\/wp-content\\\/uploads\\\/sites\\\/2\\\/2021\\\/03\\\/Borduurgaren-Zijdeperle-nr.-2-08-Violet-scaled-e1615359681883-600x799.jpg&quot;,&quot;srcset&quot;:&quot;https:\\\/\\\/webshop.annemiekoenen.com\\\/wp-content\\\/uploads\\\/sites\\\/2\\\/2021\\\/03\\\/Borduurgaren-Zijdeperle-nr.-2-08-Violet-scaled-e1615359681883-600x799.jpg 600w, https:\\\/\\\/webshop.annemiekoenen.com\\\/wp-content\\\/uploads\\\/sites\\\/2\\\/2021\\\/03\\\/Borduurgaren-Zijdeperle-nr.-2-08-Violet-scaled-e1615359681883-225x300.jpg 225w, https:\\\/\\\/webshop.annemiekoenen.com\\\/wp-content\\\/uploads\\\/sites\\\/2\\\/2021\\\/03\\\/Borduurgaren-Zijdeperle-nr.-2-08-Violet-scaled-e1615359681883-769x1024.jpg 769w, https:\\\/\\\/webshop.annemiekoenen.com\\\/wp-content\\\/uploads\\\/sites\\\/2\\\/2021\\\/03\\\/Borduurgaren-Zijdeperle-nr.-2-08-Violet-scaled-e1615359681883-768x1023.jpg 768w, https:\\\/\\\/webshop.annemiekoenen.com\\\/wp-content\\\/uploads\\\/sites\\\/2\\\/2021\\\/03\\\/Borduurgaren-Zijdeperle-nr.-2-08-Violet-scaled-e1615359681883-1153x1536.jpg 1153w, https:\\\/\\\/webshop.annemiekoenen.com\\\/wp-content\\\/uploads\\\/sites\\\/2\\\/2021\\\/03\\\/Borduurgaren-Zijdeperle-nr.-2-08-Violet-scaled-e1615359681883-1537x2048.jpg 1537w, https:\\\/\\\/webshop.annemiekoenen.com\\\/wp-content\\\/uploads\\\/sites\\\/2\\\/2021\\\/03\\\/Borduurgaren-Zijdeperle-nr.-2-08-Violet-scaled-e1615359681883.jpg 1734w&quot;,&quot;sizes&quot;:&quot;(max-width: 416px) 100vw, 416px&quot;,&quot;full_src&quot;:&quot;https:\\\/\\\/webshop.annemiekoenen.com\\\/wp-content\\\/uploads\\\/sites\\\/2\\\/2021\\\/03\\\/Borduurgaren-Zijdeperle-nr.-2-08-Violet-scaled-e1615359681883.jpg&quot;,&quot;full_src_w&quot;:1734,&quot;full_src_h&quot;:2310,&quot;gallery_thumbnail_src&quot;:&quot;https:\\\/\\\/webshop.annemiekoenen.com\\\/wp-content\\\/uploads\\\/sites\\\/2\\\/2021\\\/03\\\/Borduurgaren-Zijdeperle-nr.-2-08-Violet-scaled-e1615359681883-100x100.jpg&quot;,&quot;gallery_thumbnail_src_w&quot;:100,&quot;gallery_thumbnail_src_h&quot;:100,&quot;thumb_src&quot;:&quot;https:\\\/\\\/webshop.annemiekoenen.com\\\/wp-content\\\/uploads\\\/sites\\\/2\\\/2021\\\/03\\\/Borduurgaren-Zijdeperle-nr.-2-08-Violet-scaled-e1615359681883-324x324.jpg&quot;,&quot;thumb_src_w&quot;:324,&quot;thumb_src_h&quot;:324,&quot;src_w&quot;:416,&quot;src_h&quot;:554},&quot;image_id&quot;:842,&quot;is_downloadable&quot;:false,&quot;is_in_stock&quot;:true,&quot;is_purchasable&quot;:true,&quot;is_sold_individually&quot;:&quot;no&quot;,&quot;is_virtual&quot;:false,&quot;max_qty&quot;:&quot;&quot;,&quot;min_qty&quot;:1,&quot;price_html&quot;:&quot;&quot;,&quot;sku&quot;:&quot;44BG08&quot;,&quot;variation_description&quot;:&quot;&quot;,&quot;variation_id&quot;:4035,&quot;variation_is_active&quot;:true,&quot;variation_is_visible&quot;:true,&quot;weight&quot;:&quot;3&quot;,&quot;weight_html&quot;:&quot;3 g&quot;},{&quot;attributes&quot;:{&quot;attribute_pa_zijdeperle-nr-2&quot;:&quot;fuchsie&quot;},&quot;availability_html&quot;:&quot;&lt;p class=\\&quot;stock in-stock\\&quot;&gt;13 vorr\\u00e4tig (kann nachbestellt werden)&lt;\\\/p&gt;\\n&quot;,&quot;backorders_allowed&quot;:true,&quot;dimensions&quot;:{&quot;length&quot;:&quot;1000&quot;,&quot;width&quot;:&quot;&quot;,&quot;height&quot;:&quot;&quot;},&quot;dimensions_html&quot;:&quot;1000 cm&quot;,&quot;display_price&quot;:3.65,&quot;display_regular_price&quot;:3.65,&quot;gallery_image_ids&quot;:[],&quot;gallery_images_html&quot;:&quot;&quot;,&quot;image&quot;:{&quot;title&quot;:&quot;Borduurgaren Zijdeperl\\u00e8 nr. 2 - 10 Fuchsia&quot;,&quot;caption&quot;:&quot;&quot;,&quot;url&quot;:&quot;https:\\\/\\\/webshop.annemiekoenen.com\\\/wp-content\\\/uploads\\\/sites\\\/2\\\/2021\\\/03\\\/Borduurgaren-Zijdeperle-nr.-2-10-Fuchsia-scaled-e1615359802429.jpg&quot;,&quot;alt&quot;:&quot;Borduurgaren Zijdeperl\\u00e8 nr. 2 - 10 Fuchsia&quot;,&quot;src&quot;:&quot;https:\\\/\\\/webshop.annemiekoenen.com\\\/wp-content\\\/uploads\\\/sites\\\/2\\\/2021\\\/03\\\/Borduurgaren-Zijdeperle-nr.-2-10-Fuchsia-scaled-e1615359802429-600x799.jpg&quot;,&quot;srcset&quot;:&quot;https:\\\/\\\/webshop.annemiekoenen.com\\\/wp-content\\\/uploads\\\/sites\\\/2\\\/2021\\\/03\\\/Borduurgaren-Zijdeperle-nr.-2-10-Fuchsia-scaled-e1615359802429-600x799.jpg 600w, https:\\\/\\\/webshop.annemiekoenen.com\\\/wp-content\\\/uploads\\\/sites\\\/2\\\/2021\\\/03\\\/Borduurgaren-Zijdeperle-nr.-2-10-Fuchsia-scaled-e1615359802429-225x300.jpg 225w, https:\\\/\\\/webshop.annemiekoenen.com\\\/wp-content\\\/uploads\\\/sites\\\/2\\\/2021\\\/03\\\/Borduurgaren-Zijdeperle-nr.-2-10-Fuchsia-scaled-e1615359802429-769x1024.jpg 769w, https:\\\/\\\/webshop.annemiekoenen.com\\\/wp-content\\\/uploads\\\/sites\\\/2\\\/2021\\\/03\\\/Borduurgaren-Zijdeperle-nr.-2-10-Fuchsia-scaled-e1615359802429-768x1023.jpg 768w, https:\\\/\\\/webshop.annemiekoenen.com\\\/wp-content\\\/uploads\\\/sites\\\/2\\\/2021\\\/03\\\/Borduurgaren-Zijdeperle-nr.-2-10-Fuchsia-scaled-e1615359802429-1153x1536.jpg 1153w, https:\\\/\\\/webshop.annemiekoenen.com\\\/wp-content\\\/uploads\\\/sites\\\/2\\\/2021\\\/03\\\/Borduurgaren-Zijdeperle-nr.-2-10-Fuchsia-scaled-e1615359802429-1538x2048.jpg 1538w, https:\\\/\\\/webshop.annemiekoenen.com\\\/wp-content\\\/uploads\\\/sites\\\/2\\\/2021\\\/03\\\/Borduurgaren-Zijdeperle-nr.-2-10-Fuchsia-scaled-e1615359802429.jpg 1922w&quot;,&quot;sizes&quot;:&quot;(max-width: 416px) 100vw, 416px&quot;,&quot;full_src&quot;:&quot;https:\\\/\\\/webshop.annemiekoenen.com\\\/wp-content\\\/uploads\\\/sites\\\/2\\\/2021\\\/03\\\/Borduurgaren-Zijdeperle-nr.-2-10-Fuchsia-scaled-e1615359802429.jpg&quot;,&quot;full_src_w&quot;:1922,&quot;full_src_h&quot;:2560,&quot;gallery_thumbnail_src&quot;:&quot;https:\\\/\\\/webshop.annemiekoenen.com\\\/wp-content\\\/uploads\\\/sites\\\/2\\\/2021\\\/03\\\/Borduurgaren-Zijdeperle-nr.-2-10-Fuchsia-scaled-e1615359802429-100x100.jpg&quot;,&quot;gallery_thumbnail_src_w&quot;:100,&quot;gallery_thumbnail_src_h&quot;:100,&quot;thumb_src&quot;:&quot;https:\\\/\\\/webshop.annemiekoenen.com\\\/wp-content\\\/uploads\\\/sites\\\/2\\\/2021\\\/03\\\/Borduurgaren-Zijdeperle-nr.-2-10-Fuchsia-scaled-e1615359802429-324x324.jpg&quot;,&quot;thumb_src_w&quot;:324,&quot;thumb_src_h&quot;:324,&quot;src_w&quot;:416,&quot;src_h&quot;:554},&quot;image_id&quot;:845,&quot;is_downloadable&quot;:false,&quot;is_in_stock&quot;:true,&quot;is_purchasable&quot;:true,&quot;is_sold_individually&quot;:&quot;no&quot;,&quot;is_virtual&quot;:false,&quot;max_qty&quot;:&quot;&quot;,&quot;min_qty&quot;:1,&quot;price_html&quot;:&quot;&quot;,&quot;sku&quot;:&quot;44BG10&quot;,&quot;variation_description&quot;:&quot;&quot;,&quot;variation_id&quot;:4036,&quot;variation_is_active&quot;:true,&quot;variation_is_visible&quot;:true,&quot;weight&quot;:&quot;3&quot;,&quot;weight_html&quot;:&quot;3 g&quot;},{&quot;attributes&quot;:{&quot;attribute_pa_zijdeperle-nr-2&quot;:&quot;magic-de&quot;},&quot;availability_html&quot;:&quot;&lt;p class=\\&quot;stock in-stock\\&quot;&gt;12 vorr\\u00e4tig (kann nachbestellt werden)&lt;\\\/p&gt;\\n&quot;,&quot;backorders_allowed&quot;:true,&quot;dimensions&quot;:{&quot;length&quot;:&quot;1000&quot;,&quot;width&quot;:&quot;&quot;,&quot;height&quot;:&quot;&quot;},&quot;dimensions_html&quot;:&quot;1000 cm&quot;,&quot;display_price&quot;:3.65,&quot;display_regular_price&quot;:3.65,&quot;gallery_image_ids&quot;:[],&quot;gallery_images_html&quot;:&quot;&quot;,&quot;image&quot;:{&quot;title&quot;:&quot;Borduurgaren Zijdeperl\\u00e9 nr. 2 - 11 Magic&quot;,&quot;caption&quot;:&quot;&quot;,&quot;url&quot;:&quot;https:\\\/\\\/webshop.annemiekoenen.com\\\/wp-content\\\/uploads\\\/sites\\\/2\\\/2021\\\/03\\\/Borduurgaren-Zijdeperle-nr.-2-11-Magic-scaled-e1615359883993.jpg&quot;,&quot;alt&quot;:&quot;Borduurgaren Zijdeperl\\u00e9 nr. 2 - 11 Magic&quot;,&quot;src&quot;:&quot;https:\\\/\\\/webshop.annemiekoenen.com\\\/wp-content\\\/uploads\\\/sites\\\/2\\\/2021\\\/03\\\/Borduurgaren-Zijdeperle-nr.-2-11-Magic-scaled-e1615359883993-600x805.jpg&quot;,&quot;srcset&quot;:&quot;https:\\\/\\\/webshop.annemiekoenen.com\\\/wp-content\\\/uploads\\\/sites\\\/2\\\/2021\\\/03\\\/Borduurgaren-Zijdeperle-nr.-2-11-Magic-scaled-e1615359883993-600x805.jpg 600w, https:\\\/\\\/webshop.annemiekoenen.com\\\/wp-content\\\/uploads\\\/sites\\\/2\\\/2021\\\/03\\\/Borduurgaren-Zijdeperle-nr.-2-11-Magic-scaled-e1615359883993-224x300.jpg 224w, https:\\\/\\\/webshop.annemiekoenen.com\\\/wp-content\\\/uploads\\\/sites\\\/2\\\/2021\\\/03\\\/Borduurgaren-Zijdeperle-nr.-2-11-Magic-scaled-e1615359883993-763x1024.jpg 763w, https:\\\/\\\/webshop.annemiekoenen.com\\\/wp-content\\\/uploads\\\/sites\\\/2\\\/2021\\\/03\\\/Borduurgaren-Zijdeperle-nr.-2-11-Magic-scaled-e1615359883993-768x1030.jpg 768w, https:\\\/\\\/webshop.annemiekoenen.com\\\/wp-content\\\/uploads\\\/sites\\\/2\\\/2021\\\/03\\\/Borduurgaren-Zijdeperle-nr.-2-11-Magic-scaled-e1615359883993-1145x1536.jpg 1145w, https:\\\/\\\/webshop.annemiekoenen.com\\\/wp-content\\\/uploads\\\/sites\\\/2\\\/2021\\\/03\\\/Borduurgaren-Zijdeperle-nr.-2-11-Magic-scaled-e1615359883993-1527x2048.jpg 1527w, https:\\\/\\\/webshop.annemiekoenen.com\\\/wp-content\\\/uploads\\\/sites\\\/2\\\/2021\\\/03\\\/Borduurgaren-Zijdeperle-nr.-2-11-Magic-scaled-e1615359883993.jpg 1708w&quot;,&quot;sizes&quot;:&quot;(max-width: 416px) 100vw, 416px&quot;,&quot;full_src&quot;:&quot;https:\\\/\\\/webshop.annemiekoenen.com\\\/wp-content\\\/uploads\\\/sites\\\/2\\\/2021\\\/03\\\/Borduurgaren-Zijdeperle-nr.-2-11-Magic-scaled-e1615359883993.jpg&quot;,&quot;full_src_w&quot;:1708,&quot;full_src_h&quot;:2291,&quot;gallery_thumbnail_src&quot;:&quot;https:\\\/\\\/webshop.annemiekoenen.com\\\/wp-content\\\/uploads\\\/sites\\\/2\\\/2021\\\/03\\\/Borduurgaren-Zijdeperle-nr.-2-11-Magic-scaled-e1615359883993-100x100.jpg&quot;,&quot;gallery_thumbnail_src_w&quot;:100,&quot;gallery_thumbnail_src_h&quot;:100,&quot;thumb_src&quot;:&quot;https:\\\/\\\/webshop.annemiekoenen.com\\\/wp-content\\\/uploads\\\/sites\\\/2\\\/2021\\\/03\\\/Borduurgaren-Zijdeperle-nr.-2-11-Magic-scaled-e1615359883993-324x324.jpg&quot;,&quot;thumb_src_w&quot;:324,&quot;thumb_src_h&quot;:324,&quot;src_w&quot;:416,&quot;src_h&quot;:558},&quot;image_id&quot;:848,&quot;is_downloadable&quot;:false,&quot;is_in_stock&quot;:true,&quot;is_purchasable&quot;:true,&quot;is_sold_individually&quot;:&quot;no&quot;,&quot;is_virtual&quot;:false,&quot;max_qty&quot;:&quot;&quot;,&quot;min_qty&quot;:1,&quot;price_html&quot;:&quot;&quot;,&quot;sku&quot;:&quot;44BG11&quot;,&quot;variation_description&quot;:&quot;&quot;,&quot;variation_id&quot;:4037,&quot;variation_is_active&quot;:true,&quot;variation_is_visible&quot;:true,&quot;weight&quot;:&quot;3&quot;,&quot;weight_html&quot;:&quot;3 g&quot;},{&quot;attributes&quot;:{&quot;attribute_pa_zijdeperle-nr-2&quot;:&quot;turmalin-de&quot;},&quot;availability_html&quot;:&quot;&lt;p class=\\&quot;stock in-stock\\&quot;&gt;9 vorr\\u00e4tig (kann nachbestellt werden)&lt;\\\/p&gt;\\n&quot;,&quot;backorders_allowed&quot;:true,&quot;dimensions&quot;:{&quot;length&quot;:&quot;1000&quot;,&quot;width&quot;:&quot;&quot;,&quot;height&quot;:&quot;&quot;},&quot;dimensions_html&quot;:&quot;1000 cm&quot;,&quot;display_price&quot;:3.65,&quot;display_regular_price&quot;:3.65,&quot;gallery_image_ids&quot;:[],&quot;gallery_images_html&quot;:&quot;&quot;,&quot;image&quot;:{&quot;title&quot;:&quot;Borduurgaren Zijdeperl\\u00e9 nr. 2 - 12 Turmalin&quot;,&quot;caption&quot;:&quot;&quot;,&quot;url&quot;:&quot;https:\\\/\\\/webshop.annemiekoenen.com\\\/wp-content\\\/uploads\\\/sites\\\/2\\\/2021\\\/03\\\/Borduurgaren-Zijdeperle-nr.-2-12-Turmalin-scaled-e1615359960300.jpg&quot;,&quot;alt&quot;:&quot;Borduurgaren Zijdeperl\\u00e9 nr. 2 - 12 Turmalin&quot;,&quot;src&quot;:&quot;https:\\\/\\\/webshop.annemiekoenen.com\\\/wp-content\\\/uploads\\\/sites\\\/2\\\/2021\\\/03\\\/Borduurgaren-Zijdeperle-nr.-2-12-Turmalin-scaled-e1615359960300-600x799.jpg&quot;,&quot;srcset&quot;:&quot;https:\\\/\\\/webshop.annemiekoenen.com\\\/wp-content\\\/uploads\\\/sites\\\/2\\\/2021\\\/03\\\/Borduurgaren-Zijdeperle-nr.-2-12-Turmalin-scaled-e1615359960300-600x799.jpg 600w, https:\\\/\\\/webshop.annemiekoenen.com\\\/wp-content\\\/uploads\\\/sites\\\/2\\\/2021\\\/03\\\/Borduurgaren-Zijdeperle-nr.-2-12-Turmalin-scaled-e1615359960300-225x300.jpg 225w, https:\\\/\\\/webshop.annemiekoenen.com\\\/wp-content\\\/uploads\\\/sites\\\/2\\\/2021\\\/03\\\/Borduurgaren-Zijdeperle-nr.-2-12-Turmalin-scaled-e1615359960300-769x1024.jpg 769w, https:\\\/\\\/webshop.annemiekoenen.com\\\/wp-content\\\/uploads\\\/sites\\\/2\\\/2021\\\/03\\\/Borduurgaren-Zijdeperle-nr.-2-12-Turmalin-scaled-e1615359960300-768x1023.jpg 768w, https:\\\/\\\/webshop.annemiekoenen.com\\\/wp-content\\\/uploads\\\/sites\\\/2\\\/2021\\\/03\\\/Borduurgaren-Zijdeperle-nr.-2-12-Turmalin-scaled-e1615359960300-1153x1536.jpg 1153w, https:\\\/\\\/webshop.annemiekoenen.com\\\/wp-content\\\/uploads\\\/sites\\\/2\\\/2021\\\/03\\\/Borduurgaren-Zijdeperle-nr.-2-12-Turmalin-scaled-e1615359960300-1538x2048.jpg 1538w, https:\\\/\\\/webshop.annemiekoenen.com\\\/wp-content\\\/uploads\\\/sites\\\/2\\\/2021\\\/03\\\/Borduurgaren-Zijdeperle-nr.-2-12-Turmalin-scaled-e1615359960300.jpg 1715w&quot;,&quot;sizes&quot;:&quot;(max-width: 416px) 100vw, 416px&quot;,&quot;full_src&quot;:&quot;https:\\\/\\\/webshop.annemiekoenen.com\\\/wp-content\\\/uploads\\\/sites\\\/2\\\/2021\\\/03\\\/Borduurgaren-Zijdeperle-nr.-2-12-Turmalin-scaled-e1615359960300.jpg&quot;,&quot;full_src_w&quot;:1715,&quot;full_src_h&quot;:2284,&quot;gallery_thumbnail_src&quot;:&quot;https:\\\/\\\/webshop.annemiekoenen.com\\\/wp-content\\\/uploads\\\/sites\\\/2\\\/2021\\\/03\\\/Borduurgaren-Zijdeperle-nr.-2-12-Turmalin-scaled-e1615359960300-100x100.jpg&quot;,&quot;gallery_thumbnail_src_w&quot;:100,&quot;gallery_thumbnail_src_h&quot;:100,&quot;thumb_src&quot;:&quot;https:\\\/\\\/webshop.annemiekoenen.com\\\/wp-content\\\/uploads\\\/sites\\\/2\\\/2021\\\/03\\\/Borduurgaren-Zijdeperle-nr.-2-12-Turmalin-scaled-e1615359960300-324x324.jpg&quot;,&quot;thumb_src_w&quot;:324,&quot;thumb_src_h&quot;:324,&quot;src_w&quot;:416,&quot;src_h&quot;:554},&quot;image_id&quot;:851,&quot;is_downloadable&quot;:false,&quot;is_in_stock&quot;:true,&quot;is_purchasable&quot;:true,&quot;is_sold_individually&quot;:&quot;no&quot;,&quot;is_virtual&quot;:false,&quot;max_qty&quot;:&quot;&quot;,&quot;min_qty&quot;:1,&quot;price_html&quot;:&quot;&quot;,&quot;sku&quot;:&quot;44BG12&quot;,&quot;variation_description&quot;:&quot;&quot;,&quot;variation_id&quot;:4038,&quot;variation_is_active&quot;:true,&quot;variation_is_visible&quot;:true,&quot;weight&quot;:&quot;3&quot;,&quot;weight_html&quot;:&quot;3 g&quot;},{&quot;attributes&quot;:{&quot;attribute_pa_zijdeperle-nr-2&quot;:&quot;limette&quot;},&quot;availability_html&quot;:&quot;&lt;p class=\\&quot;stock in-stock\\&quot;&gt;9 vorr\\u00e4tig (kann nachbestellt werden)&lt;\\\/p&gt;\\n&quot;,&quot;backorders_allowed&quot;:true,&quot;dimensions&quot;:{&quot;length&quot;:&quot;1000&quot;,&quot;width&quot;:&quot;&quot;,&quot;height&quot;:&quot;&quot;},&quot;dimensions_html&quot;:&quot;1000 cm&quot;,&quot;display_price&quot;:3.65,&quot;display_regular_price&quot;:3.65,&quot;gallery_image_ids&quot;:[],&quot;gallery_images_html&quot;:&quot;&quot;,&quot;image&quot;:{&quot;title&quot;:&quot;Borduurgaren Zijdeperl\\u00e9 nr. 2 - 13 Lime&quot;,&quot;caption&quot;:&quot;&quot;,&quot;url&quot;:&quot;https:\\\/\\\/webshop.annemiekoenen.com\\\/wp-content\\\/uploads\\\/sites\\\/2\\\/2021\\\/03\\\/Borduurgaren-Zijdeperle-nr.-2-13-Lime-scaled-e1615360064187.jpg&quot;,&quot;alt&quot;:&quot;Borduurgaren Zijdeperl\\u00e9 nr. 2 - 13 Lime&quot;,&quot;src&quot;:&quot;https:\\\/\\\/webshop.annemiekoenen.com\\\/wp-content\\\/uploads\\\/sites\\\/2\\\/2021\\\/03\\\/Borduurgaren-Zijdeperle-nr.-2-13-Lime-scaled-e1615360064187-600x782.jpg&quot;,&quot;srcset&quot;:&quot;https:\\\/\\\/webshop.annemiekoenen.com\\\/wp-content\\\/uploads\\\/sites\\\/2\\\/2021\\\/03\\\/Borduurgaren-Zijdeperle-nr.-2-13-Lime-scaled-e1615360064187-600x782.jpg 600w, https:\\\/\\\/webshop.annemiekoenen.com\\\/wp-content\\\/uploads\\\/sites\\\/2\\\/2021\\\/03\\\/Borduurgaren-Zijdeperle-nr.-2-13-Lime-scaled-e1615360064187-230x300.jpg 230w, https:\\\/\\\/webshop.annemiekoenen.com\\\/wp-content\\\/uploads\\\/sites\\\/2\\\/2021\\\/03\\\/Borduurgaren-Zijdeperle-nr.-2-13-Lime-scaled-e1615360064187-786x1024.jpg 786w, https:\\\/\\\/webshop.annemiekoenen.com\\\/wp-content\\\/uploads\\\/sites\\\/2\\\/2021\\\/03\\\/Borduurgaren-Zijdeperle-nr.-2-13-Lime-scaled-e1615360064187-768x1001.jpg 768w, https:\\\/\\\/webshop.annemiekoenen.com\\\/wp-content\\\/uploads\\\/sites\\\/2\\\/2021\\\/03\\\/Borduurgaren-Zijdeperle-nr.-2-13-Lime-scaled-e1615360064187-1179x1536.jpg 1179w, https:\\\/\\\/webshop.annemiekoenen.com\\\/wp-content\\\/uploads\\\/sites\\\/2\\\/2021\\\/03\\\/Borduurgaren-Zijdeperle-nr.-2-13-Lime-scaled-e1615360064187-1572x2048.jpg 1572w, https:\\\/\\\/webshop.annemiekoenen.com\\\/wp-content\\\/uploads\\\/sites\\\/2\\\/2021\\\/03\\\/Borduurgaren-Zijdeperle-nr.-2-13-Lime-scaled-e1615360064187.jpg 1670w&quot;,&quot;sizes&quot;:&quot;(max-width: 416px) 100vw, 416px&quot;,&quot;full_src&quot;:&quot;https:\\\/\\\/webshop.annemiekoenen.com\\\/wp-content\\\/uploads\\\/sites\\\/2\\\/2021\\\/03\\\/Borduurgaren-Zijdeperle-nr.-2-13-Lime-scaled-e1615360064187.jpg&quot;,&quot;full_src_w&quot;:1670,&quot;full_src_h&quot;:2176,&quot;gallery_thumbnail_src&quot;:&quot;https:\\\/\\\/webshop.annemiekoenen.com\\\/wp-content\\\/uploads\\\/sites\\\/2\\\/2021\\\/03\\\/Borduurgaren-Zijdeperle-nr.-2-13-Lime-scaled-e1615360064187-100x100.jpg&quot;,&quot;gallery_thumbnail_src_w&quot;:100,&quot;gallery_thumbnail_src_h&quot;:100,&quot;thumb_src&quot;:&quot;https:\\\/\\\/webshop.annemiekoenen.com\\\/wp-content\\\/uploads\\\/sites\\\/2\\\/2021\\\/03\\\/Borduurgaren-Zijdeperle-nr.-2-13-Lime-scaled-e1615360064187-324x324.jpg&quot;,&quot;thumb_src_w&quot;:324,&quot;thumb_src_h&quot;:324,&quot;src_w&quot;:416,&quot;src_h&quot;:542},&quot;image_id&quot;:854,&quot;is_downloadable&quot;:false,&quot;is_in_stock&quot;:true,&quot;is_purchasable&quot;:true,&quot;is_sold_individually&quot;:&quot;no&quot;,&quot;is_virtual&quot;:false,&quot;max_qty&quot;:&quot;&quot;,&quot;min_qty&quot;:1,&quot;price_html&quot;:&quot;&quot;,&quot;sku&quot;:&quot;44BG13&quot;,&quot;variation_description&quot;:&quot;&quot;,&quot;variation_id&quot;:4039,&quot;variation_is_active&quot;:true,&quot;variation_is_visible&quot;:true,&quot;weight&quot;:&quot;3&quot;,&quot;weight_html&quot;:&quot;3 g&quot;},{&quot;attributes&quot;:{&quot;attribute_pa_zijdeperle-nr-2&quot;:&quot;rotraud-de&quot;},&quot;availability_html&quot;:&quot;&lt;p class=\\&quot;stock in-stock\\&quot;&gt;9 vorr\\u00e4tig (kann nachbestellt werden)&lt;\\\/p&gt;\\n&quot;,&quot;backorders_allowed&quot;:true,&quot;dimensions&quot;:{&quot;length&quot;:&quot;1000&quot;,&quot;width&quot;:&quot;&quot;,&quot;height&quot;:&quot;&quot;},&quot;dimensions_html&quot;:&quot;1000 cm&quot;,&quot;display_price&quot;:3.65,&quot;display_regular_price&quot;:3.65,&quot;gallery_image_ids&quot;:[],&quot;gallery_images_html&quot;:&quot;&quot;,&quot;image&quot;:{&quot;title&quot;:&quot;Borduurgaren Zijdeperl\\u00e9 nr. 2 - 14 Rotraud&quot;,&quot;caption&quot;:&quot;&quot;,&quot;url&quot;:&quot;https:\\\/\\\/webshop.annemiekoenen.com\\\/wp-content\\\/uploads\\\/sites\\\/2\\\/2021\\\/03\\\/Borduurgaren-Zijdeperle-nr.-2-14-Rotraud-scaled-e1615360173812.jpg&quot;,&quot;alt&quot;:&quot;Borduurgaren Zijdeperl\\u00e9 nr. 2 - 14 Rotraud&quot;,&quot;src&quot;:&quot;https:\\\/\\\/webshop.annemiekoenen.com\\\/wp-content\\\/uploads\\\/sites\\\/2\\\/2021\\\/03\\\/Borduurgaren-Zijdeperle-nr.-2-14-Rotraud-scaled-e1615360173812-600x805.jpg&quot;,&quot;srcset&quot;:&quot;https:\\\/\\\/webshop.annemiekoenen.com\\\/wp-content\\\/uploads\\\/sites\\\/2\\\/2021\\\/03\\\/Borduurgaren-Zijdeperle-nr.-2-14-Rotraud-scaled-e1615360173812-600x805.jpg 600w, https:\\\/\\\/webshop.annemiekoenen.com\\\/wp-content\\\/uploads\\\/sites\\\/2\\\/2021\\\/03\\\/Borduurgaren-Zijdeperle-nr.-2-14-Rotraud-scaled-e1615360173812-224x300.jpg 224w, https:\\\/\\\/webshop.annemiekoenen.com\\\/wp-content\\\/uploads\\\/sites\\\/2\\\/2021\\\/03\\\/Borduurgaren-Zijdeperle-nr.-2-14-Rotraud-scaled-e1615360173812-764x1024.jpg 764w, https:\\\/\\\/webshop.annemiekoenen.com\\\/wp-content\\\/uploads\\\/sites\\\/2\\\/2021\\\/03\\\/Borduurgaren-Zijdeperle-nr.-2-14-Rotraud-scaled-e1615360173812-768x1030.jpg 768w, https:\\\/\\\/webshop.annemiekoenen.com\\\/wp-content\\\/uploads\\\/sites\\\/2\\\/2021\\\/03\\\/Borduurgaren-Zijdeperle-nr.-2-14-Rotraud-scaled-e1615360173812-1145x1536.jpg 1145w, https:\\\/\\\/webshop.annemiekoenen.com\\\/wp-content\\\/uploads\\\/sites\\\/2\\\/2021\\\/03\\\/Borduurgaren-Zijdeperle-nr.-2-14-Rotraud-scaled-e1615360173812-1527x2048.jpg 1527w, https:\\\/\\\/webshop.annemiekoenen.com\\\/wp-content\\\/uploads\\\/sites\\\/2\\\/2021\\\/03\\\/Borduurgaren-Zijdeperle-nr.-2-14-Rotraud-scaled-e1615360173812.jpg 1651w&quot;,&quot;sizes&quot;:&quot;(max-width: 416px) 100vw, 416px&quot;,&quot;full_src&quot;:&quot;https:\\\/\\\/webshop.annemiekoenen.com\\\/wp-content\\\/uploads\\\/sites\\\/2\\\/2021\\\/03\\\/Borduurgaren-Zijdeperle-nr.-2-14-Rotraud-scaled-e1615360173812.jpg&quot;,&quot;full_src_w&quot;:1651,&quot;full_src_h&quot;:2214,&quot;gallery_thumbnail_src&quot;:&quot;https:\\\/\\\/webshop.annemiekoenen.com\\\/wp-content\\\/uploads\\\/sites\\\/2\\\/2021\\\/03\\\/Borduurgaren-Zijdeperle-nr.-2-14-Rotraud-scaled-e1615360173812-100x100.jpg&quot;,&quot;gallery_thumbnail_src_w&quot;:100,&quot;gallery_thumbnail_src_h&quot;:100,&quot;thumb_src&quot;:&quot;https:\\\/\\\/webshop.annemiekoenen.com\\\/wp-content\\\/uploads\\\/sites\\\/2\\\/2021\\\/03\\\/Borduurgaren-Zijdeperle-nr.-2-14-Rotraud-scaled-e1615360173812-324x324.jpg&quot;,&quot;thumb_src_w&quot;:324,&quot;thumb_src_h&quot;:324,&quot;src_w&quot;:416,&quot;src_h&quot;:558},&quot;image_id&quot;:857,&quot;is_downloadable&quot;:false,&quot;is_in_stock&quot;:true,&quot;is_purchasable&quot;:true,&quot;is_sold_individually&quot;:&quot;no&quot;,&quot;is_virtual&quot;:false,&quot;max_qty&quot;:&quot;&quot;,&quot;min_qty&quot;:1,&quot;price_html&quot;:&quot;&quot;,&quot;sku&quot;:&quot;44BG14&quot;,&quot;variation_description&quot;:&quot;&quot;,&quot;variation_id&quot;:4040,&quot;variation_is_active&quot;:true,&quot;variation_is_visible&quot;:true,&quot;weight&quot;:&quot;3&quot;,&quot;weight_html&quot;:&quot;3 g&quot;},{&quot;attributes&quot;:{&quot;attribute_pa_zijdeperle-nr-2&quot;:&quot;forest-de&quot;},&quot;availability_html&quot;:&quot;&lt;p class=\\&quot;stock in-stock\\&quot;&gt;9 vorr\\u00e4tig (kann nachbestellt werden)&lt;\\\/p&gt;\\n&quot;,&quot;backorders_allowed&quot;:true,&quot;dimensions&quot;:{&quot;length&quot;:&quot;1000&quot;,&quot;width&quot;:&quot;&quot;,&quot;height&quot;:&quot;&quot;},&quot;dimensions_html&quot;:&quot;1000 cm&quot;,&quot;display_price&quot;:3.65,&quot;display_regular_price&quot;:3.65,&quot;gallery_image_ids&quot;:[],&quot;gallery_images_html&quot;:&quot;&quot;,&quot;image&quot;:{&quot;title&quot;:&quot;Borduurgaren Zijdeperl\\u00e9 nr. 2 - 15 Forest&quot;,&quot;caption&quot;:&quot;&quot;,&quot;url&quot;:&quot;https:\\\/\\\/webshop.annemiekoenen.com\\\/wp-content\\\/uploads\\\/sites\\\/2\\\/2021\\\/03\\\/Borduurgaren-Zijdeperle-nr.-2-15-Forest-scaled-e1615360548650.jpg&quot;,&quot;alt&quot;:&quot;Borduurgaren Zijdeperl\\u00e9 nr. 2 - 15 Forest&quot;,&quot;src&quot;:&quot;https:\\\/\\\/webshop.annemiekoenen.com\\\/wp-content\\\/uploads\\\/sites\\\/2\\\/2021\\\/03\\\/Borduurgaren-Zijdeperle-nr.-2-15-Forest-scaled-e1615360548650-600x800.jpg&quot;,&quot;srcset&quot;:&quot;https:\\\/\\\/webshop.annemiekoenen.com\\\/wp-content\\\/uploads\\\/sites\\\/2\\\/2021\\\/03\\\/Borduurgaren-Zijdeperle-nr.-2-15-Forest-scaled-e1615360548650-600x800.jpg 600w, https:\\\/\\\/webshop.annemiekoenen.com\\\/wp-content\\\/uploads\\\/sites\\\/2\\\/2021\\\/03\\\/Borduurgaren-Zijdeperle-nr.-2-15-Forest-scaled-e1615360548650-225x300.jpg 225w, https:\\\/\\\/webshop.annemiekoenen.com\\\/wp-content\\\/uploads\\\/sites\\\/2\\\/2021\\\/03\\\/Borduurgaren-Zijdeperle-nr.-2-15-Forest-scaled-e1615360548650-768x1024.jpg 768w, https:\\\/\\\/webshop.annemiekoenen.com\\\/wp-content\\\/uploads\\\/sites\\\/2\\\/2021\\\/03\\\/Borduurgaren-Zijdeperle-nr.-2-15-Forest-scaled-e1615360548650-1152x1536.jpg 1152w, https:\\\/\\\/webshop.annemiekoenen.com\\\/wp-content\\\/uploads\\\/sites\\\/2\\\/2021\\\/03\\\/Borduurgaren-Zijdeperle-nr.-2-15-Forest-scaled-e1615360548650-1536x2048.jpg 1536w, https:\\\/\\\/webshop.annemiekoenen.com\\\/wp-content\\\/uploads\\\/sites\\\/2\\\/2021\\\/03\\\/Borduurgaren-Zijdeperle-nr.-2-15-Forest-scaled-e1615360548650.jpg 1612w&quot;,&quot;sizes&quot;:&quot;(max-width: 416px) 100vw, 416px&quot;,&quot;full_src&quot;:&quot;https:\\\/\\\/webshop.annemiekoenen.com\\\/wp-content\\\/uploads\\\/sites\\\/2\\\/2021\\\/03\\\/Borduurgaren-Zijdeperle-nr.-2-15-Forest-scaled-e1615360548650.jpg&quot;,&quot;full_src_w&quot;:1612,&quot;full_src_h&quot;:2150,&quot;gallery_thumbnail_src&quot;:&quot;https:\\\/\\\/webshop.annemiekoenen.com\\\/wp-content\\\/uploads\\\/sites\\\/2\\\/2021\\\/03\\\/Borduurgaren-Zijdeperle-nr.-2-15-Forest-scaled-e1615360548650-100x100.jpg&quot;,&quot;gallery_thumbnail_src_w&quot;:100,&quot;gallery_thumbnail_src_h&quot;:100,&quot;thumb_src&quot;:&quot;https:\\\/\\\/webshop.annemiekoenen.com\\\/wp-content\\\/uploads\\\/sites\\\/2\\\/2021\\\/03\\\/Borduurgaren-Zijdeperle-nr.-2-15-Forest-scaled-e1615360548650-324x324.jpg&quot;,&quot;thumb_src_w&quot;:324,&quot;thumb_src_h&quot;:324,&quot;src_w&quot;:416,&quot;src_h&quot;:555},&quot;image_id&quot;:860,&quot;is_downloadable&quot;:false,&quot;is_in_stock&quot;:true,&quot;is_purchasable&quot;:true,&quot;is_sold_individually&quot;:&quot;no&quot;,&quot;is_virtual&quot;:false,&quot;max_qty&quot;:&quot;&quot;,&quot;min_qty&quot;:1,&quot;price_html&quot;:&quot;&quot;,&quot;sku&quot;:&quot;44BG15&quot;,&quot;variation_description&quot;:&quot;&quot;,&quot;variation_id&quot;:4041,&quot;variation_is_active&quot;:true,&quot;variation_is_visible&quot;:true,&quot;weight&quot;:&quot;3&quot;,&quot;weight_html&quot;:&quot;3 g&quot;},{&quot;attributes&quot;:{&quot;attribute_pa_zijdeperle-nr-2&quot;:&quot;ocean-de&quot;},&quot;availability_html&quot;:&quot;&lt;p class=\\&quot;stock in-stock\\&quot;&gt;8 vorr\\u00e4tig (kann nachbestellt werden)&lt;\\\/p&gt;\\n&quot;,&quot;backorders_allowed&quot;:true,&quot;dimensions&quot;:{&quot;length&quot;:&quot;1000&quot;,&quot;width&quot;:&quot;&quot;,&quot;height&quot;:&quot;&quot;},&quot;dimensions_html&quot;:&quot;1000 cm&quot;,&quot;display_price&quot;:3.65,&quot;display_regular_price&quot;:3.65,&quot;gallery_image_ids&quot;:[],&quot;gallery_images_html&quot;:&quot;&quot;,&quot;image&quot;:{&quot;title&quot;:&quot;Borduurgaren Zijdeperl\\u00e9 nr. 2 - 17 Ocean&quot;,&quot;caption&quot;:&quot;&quot;,&quot;url&quot;:&quot;https:\\\/\\\/webshop.annemiekoenen.com\\\/wp-content\\\/uploads\\\/sites\\\/2\\\/2021\\\/03\\\/Borduurgaren-Zijdeperle-nr.-2-17-Ocean-scaled-e1615360661581.jpg&quot;,&quot;alt&quot;:&quot;Borduurgaren Zijdeperl\\u00e9 nr. 2 - 17 Ocean&quot;,&quot;src&quot;:&quot;https:\\\/\\\/webshop.annemiekoenen.com\\\/wp-content\\\/uploads\\\/sites\\\/2\\\/2021\\\/03\\\/Borduurgaren-Zijdeperle-nr.-2-17-Ocean-scaled-e1615360661581-600x812.jpg&quot;,&quot;srcset&quot;:&quot;https:\\\/\\\/webshop.annemiekoenen.com\\\/wp-content\\\/uploads\\\/sites\\\/2\\\/2021\\\/03\\\/Borduurgaren-Zijdeperle-nr.-2-17-Ocean-scaled-e1615360661581-600x812.jpg 600w, https:\\\/\\\/webshop.annemiekoenen.com\\\/wp-content\\\/uploads\\\/sites\\\/2\\\/2021\\\/03\\\/Borduurgaren-Zijdeperle-nr.-2-17-Ocean-scaled-e1615360661581-222x300.jpg 222w, https:\\\/\\\/webshop.annemiekoenen.com\\\/wp-content\\\/uploads\\\/sites\\\/2\\\/2021\\\/03\\\/Borduurgaren-Zijdeperle-nr.-2-17-Ocean-scaled-e1615360661581-756x1024.jpg 756w, https:\\\/\\\/webshop.annemiekoenen.com\\\/wp-content\\\/uploads\\\/sites\\\/2\\\/2021\\\/03\\\/Borduurgaren-Zijdeperle-nr.-2-17-Ocean-scaled-e1615360661581-768x1040.jpg 768w, https:\\\/\\\/webshop.annemiekoenen.com\\\/wp-content\\\/uploads\\\/sites\\\/2\\\/2021\\\/03\\\/Borduurgaren-Zijdeperle-nr.-2-17-Ocean-scaled-e1615360661581-1134x1536.jpg 1134w, https:\\\/\\\/webshop.annemiekoenen.com\\\/wp-content\\\/uploads\\\/sites\\\/2\\\/2021\\\/03\\\/Borduurgaren-Zijdeperle-nr.-2-17-Ocean-scaled-e1615360661581-1512x2048.jpg 1512w, https:\\\/\\\/webshop.annemiekoenen.com\\\/wp-content\\\/uploads\\\/sites\\\/2\\\/2021\\\/03\\\/Borduurgaren-Zijdeperle-nr.-2-17-Ocean-scaled-e1615360661581.jpg 1734w&quot;,&quot;sizes&quot;:&quot;(max-width: 416px) 100vw, 416px&quot;,&quot;full_src&quot;:&quot;https:\\\/\\\/webshop.annemiekoenen.com\\\/wp-content\\\/uploads\\\/sites\\\/2\\\/2021\\\/03\\\/Borduurgaren-Zijdeperle-nr.-2-17-Ocean-scaled-e1615360661581.jpg&quot;,&quot;full_src_w&quot;:1734,&quot;full_src_h&quot;:2348,&quot;gallery_thumbnail_src&quot;:&quot;https:\\\/\\\/webshop.annemiekoenen.com\\\/wp-content\\\/uploads\\\/sites\\\/2\\\/2021\\\/03\\\/Borduurgaren-Zijdeperle-nr.-2-17-Ocean-scaled-e1615360661581-100x100.jpg&quot;,&quot;gallery_thumbnail_src_w&quot;:100,&quot;gallery_thumbnail_src_h&quot;:100,&quot;thumb_src&quot;:&quot;https:\\\/\\\/webshop.annemiekoenen.com\\\/wp-content\\\/uploads\\\/sites\\\/2\\\/2021\\\/03\\\/Borduurgaren-Zijdeperle-nr.-2-17-Ocean-scaled-e1615360661581-324x324.jpg&quot;,&quot;thumb_src_w&quot;:324,&quot;thumb_src_h&quot;:324,&quot;src_w&quot;:416,&quot;src_h&quot;:563},&quot;image_id&quot;:863,&quot;is_downloadable&quot;:false,&quot;is_in_stock&quot;:true,&quot;is_purchasable&quot;:true,&quot;is_sold_individually&quot;:&quot;no&quot;,&quot;is_virtual&quot;:false,&quot;max_qty&quot;:&quot;&quot;,&quot;min_qty&quot;:1,&quot;price_html&quot;:&quot;&quot;,&quot;sku&quot;:&quot;44BG17&quot;,&quot;variation_description&quot;:&quot;&quot;,&quot;variation_id&quot;:4042,&quot;variation_is_active&quot;:true,&quot;variation_is_visible&quot;:true,&quot;weight&quot;:&quot;3&quot;,&quot;weight_html&quot;:&quot;3 g&quot;},{&quot;attributes&quot;:{&quot;attribute_pa_zijdeperle-nr-2&quot;:&quot;blue-ocean-de&quot;},&quot;availability_html&quot;:&quot;&lt;p class=\\&quot;stock in-stock\\&quot;&gt;7 vorr\\u00e4tig (kann nachbestellt werden)&lt;\\\/p&gt;\\n&quot;,&quot;backorders_allowed&quot;:true,&quot;dimensions&quot;:{&quot;length&quot;:&quot;1000&quot;,&quot;width&quot;:&quot;&quot;,&quot;height&quot;:&quot;&quot;},&quot;dimensions_html&quot;:&quot;1000 cm&quot;,&quot;display_price&quot;:3.65,&quot;display_regular_price&quot;:3.65,&quot;gallery_image_ids&quot;:[],&quot;gallery_images_html&quot;:&quot;&quot;,&quot;image&quot;:{&quot;title&quot;:&quot;Borduurgaren Zijdeperl\\u00e9 nr. 2 - 18 Bleu ocean&quot;,&quot;caption&quot;:&quot;&quot;,&quot;url&quot;:&quot;https:\\\/\\\/webshop.annemiekoenen.com\\\/wp-content\\\/uploads\\\/sites\\\/2\\\/2021\\\/03\\\/Borduurgaren-Zijdeperle-nr.-2-18-Bleu-ocean-scaled-e1615823165625.jpg&quot;,&quot;alt&quot;:&quot;Borduurgaren Zijdeperl\\u00e9 nr. 2 - 18 Bleu ocean&quot;,&quot;src&quot;:&quot;https:\\\/\\\/webshop.annemiekoenen.com\\\/wp-content\\\/uploads\\\/sites\\\/2\\\/2021\\\/03\\\/Borduurgaren-Zijdeperle-nr.-2-18-Bleu-ocean-scaled-e1615823165625-600x801.jpg&quot;,&quot;srcset&quot;:&quot;https:\\\/\\\/webshop.annemiekoenen.com\\\/wp-content\\\/uploads\\\/sites\\\/2\\\/2021\\\/03\\\/Borduurgaren-Zijdeperle-nr.-2-18-Bleu-ocean-scaled-e1615823165625-600x801.jpg 600w, https:\\\/\\\/webshop.annemiekoenen.com\\\/wp-content\\\/uploads\\\/sites\\\/2\\\/2021\\\/03\\\/Borduurgaren-Zijdeperle-nr.-2-18-Bleu-ocean-scaled-e1615823165625-225x300.jpg 225w, https:\\\/\\\/webshop.annemiekoenen.com\\\/wp-content\\\/uploads\\\/sites\\\/2\\\/2021\\\/03\\\/Borduurgaren-Zijdeperle-nr.-2-18-Bleu-ocean-scaled-e1615823165625-767x1024.jpg 767w, https:\\\/\\\/webshop.annemiekoenen.com\\\/wp-content\\\/uploads\\\/sites\\\/2\\\/2021\\\/03\\\/Borduurgaren-Zijdeperle-nr.-2-18-Bleu-ocean-scaled-e1615823165625-768x1025.jpg 768w, https:\\\/\\\/webshop.annemiekoenen.com\\\/wp-content\\\/uploads\\\/sites\\\/2\\\/2021\\\/03\\\/Borduurgaren-Zijdeperle-nr.-2-18-Bleu-ocean-scaled-e1615823165625-1151x1536.jpg 1151w, https:\\\/\\\/webshop.annemiekoenen.com\\\/wp-content\\\/uploads\\\/sites\\\/2\\\/2021\\\/03\\\/Borduurgaren-Zijdeperle-nr.-2-18-Bleu-ocean-scaled-e1615823165625-1535x2048.jpg 1535w, https:\\\/\\\/webshop.annemiekoenen.com\\\/wp-content\\\/uploads\\\/sites\\\/2\\\/2021\\\/03\\\/Borduurgaren-Zijdeperle-nr.-2-18-Bleu-ocean-scaled-e1615823165625.jpg 1683w&quot;,&quot;sizes&quot;:&quot;(max-width: 416px) 100vw, 416px&quot;,&quot;full_src&quot;:&quot;https:\\\/\\\/webshop.annemiekoenen.com\\\/wp-content\\\/uploads\\\/sites\\\/2\\\/2021\\\/03\\\/Borduurgaren-Zijdeperle-nr.-2-18-Bleu-ocean-scaled-e1615823165625.jpg&quot;,&quot;full_src_w&quot;:1683,&quot;full_src_h&quot;:2246,&quot;gallery_thumbnail_src&quot;:&quot;https:\\\/\\\/webshop.annemiekoenen.com\\\/wp-content\\\/uploads\\\/sites\\\/2\\\/2021\\\/03\\\/Borduurgaren-Zijdeperle-nr.-2-18-Bleu-ocean-scaled-e1615823165625-100x100.jpg&quot;,&quot;gallery_thumbnail_src_w&quot;:100,&quot;gallery_thumbnail_src_h&quot;:100,&quot;thumb_src&quot;:&quot;https:\\\/\\\/webshop.annemiekoenen.com\\\/wp-content\\\/uploads\\\/sites\\\/2\\\/2021\\\/03\\\/Borduurgaren-Zijdeperle-nr.-2-18-Bleu-ocean-scaled-e1615823165625-324x324.jpg&quot;,&quot;thumb_src_w&quot;:324,&quot;thumb_src_h&quot;:324,&quot;src_w&quot;:416,&quot;src_h&quot;:555},&quot;image_id&quot;:1830,&quot;is_downloadable&quot;:false,&quot;is_in_stock&quot;:true,&quot;is_purchasable&quot;:true,&quot;is_sold_individually&quot;:&quot;no&quot;,&quot;is_virtual&quot;:false,&quot;max_qty&quot;:&quot;&quot;,&quot;min_qty&quot;:1,&quot;price_html&quot;:&quot;&quot;,&quot;sku&quot;:&quot;44BG18&quot;,&quot;variation_description&quot;:&quot;&quot;,&quot;variation_id&quot;:4043,&quot;variation_is_active&quot;:true,&quot;variation_is_visible&quot;:true,&quot;weight&quot;:&quot;3&quot;,&quot;weight_html&quot;:&quot;3 g&quot;},{&quot;attributes&quot;:{&quot;attribute_pa_zijdeperle-nr-2&quot;:&quot;petrol-de&quot;},&quot;availability_html&quot;:&quot;&lt;p class=\\&quot;stock in-stock\\&quot;&gt;3 vorr\\u00e4tig (kann nachbestellt werden)&lt;\\\/p&gt;\\n&quot;,&quot;backorders_allowed&quot;:true,&quot;dimensions&quot;:{&quot;length&quot;:&quot;1000&quot;,&quot;width&quot;:&quot;&quot;,&quot;height&quot;:&quot;&quot;},&quot;dimensions_html&quot;:&quot;1000 cm&quot;,&quot;display_price&quot;:3.65,&quot;display_regular_price&quot;:3.65,&quot;gallery_image_ids&quot;:[],&quot;gallery_images_html&quot;:&quot;&quot;,&quot;image&quot;:{&quot;title&quot;:&quot;Borduurgarens Zijdeperl\\u00e9 nr. 2 - 22 Petrol&quot;,&quot;caption&quot;:&quot;&quot;,&quot;url&quot;:&quot;https:\\\/\\\/webshop.annemiekoenen.com\\\/wp-content\\\/uploads\\\/sites\\\/2\\\/2021\\\/04\\\/Borduurgarens-Zijdeperle-nr.-2-22-Petrol-scaled-e1617551203388.jpg&quot;,&quot;alt&quot;:&quot;Borduurgarens Zijdeperl\\u00e9 nr. 2 - 22 Petrol&quot;,&quot;src&quot;:&quot;https:\\\/\\\/webshop.annemiekoenen.com\\\/wp-content\\\/uploads\\\/sites\\\/2\\\/2021\\\/04\\\/Borduurgarens-Zijdeperle-nr.-2-22-Petrol-scaled-e1617551203388-600x799.jpg&quot;,&quot;srcset&quot;:&quot;https:\\\/\\\/webshop.annemiekoenen.com\\\/wp-content\\\/uploads\\\/sites\\\/2\\\/2021\\\/04\\\/Borduurgarens-Zijdeperle-nr.-2-22-Petrol-scaled-e1617551203388-600x799.jpg 600w, https:\\\/\\\/webshop.annemiekoenen.com\\\/wp-content\\\/uploads\\\/sites\\\/2\\\/2021\\\/04\\\/Borduurgarens-Zijdeperle-nr.-2-22-Petrol-scaled-e1617551203388-225x300.jpg 225w, https:\\\/\\\/webshop.annemiekoenen.com\\\/wp-content\\\/uploads\\\/sites\\\/2\\\/2021\\\/04\\\/Borduurgarens-Zijdeperle-nr.-2-22-Petrol-scaled-e1617551203388-769x1024.jpg 769w, https:\\\/\\\/webshop.annemiekoenen.com\\\/wp-content\\\/uploads\\\/sites\\\/2\\\/2021\\\/04\\\/Borduurgarens-Zijdeperle-nr.-2-22-Petrol-scaled-e1617551203388-768x1023.jpg 768w, https:\\\/\\\/webshop.annemiekoenen.com\\\/wp-content\\\/uploads\\\/sites\\\/2\\\/2021\\\/04\\\/Borduurgarens-Zijdeperle-nr.-2-22-Petrol-scaled-e1617551203388-1153x1536.jpg 1153w, https:\\\/\\\/webshop.annemiekoenen.com\\\/wp-content\\\/uploads\\\/sites\\\/2\\\/2021\\\/04\\\/Borduurgarens-Zijdeperle-nr.-2-22-Petrol-scaled-e1617551203388-1538x2048.jpg 1538w, https:\\\/\\\/webshop.annemiekoenen.com\\\/wp-content\\\/uploads\\\/sites\\\/2\\\/2021\\\/04\\\/Borduurgarens-Zijdeperle-nr.-2-22-Petrol-scaled-e1617551203388.jpg 1811w&quot;,&quot;sizes&quot;:&quot;(max-width: 416px) 100vw, 416px&quot;,&quot;full_src&quot;:&quot;https:\\\/\\\/webshop.annemiekoenen.com\\\/wp-content\\\/uploads\\\/sites\\\/2\\\/2021\\\/04\\\/Borduurgarens-Zijdeperle-nr.-2-22-Petrol-scaled-e1617551203388.jpg&quot;,&quot;full_src_w&quot;:1811,&quot;full_src_h&quot;:2412,&quot;gallery_thumbnail_src&quot;:&quot;https:\\\/\\\/webshop.annemiekoenen.com\\\/wp-content\\\/uploads\\\/sites\\\/2\\\/2021\\\/04\\\/Borduurgarens-Zijdeperle-nr.-2-22-Petrol-scaled-e1617551203388-100x100.jpg&quot;,&quot;gallery_thumbnail_src_w&quot;:100,&quot;gallery_thumbnail_src_h&quot;:100,&quot;thumb_src&quot;:&quot;https:\\\/\\\/webshop.annemiekoenen.com\\\/wp-content\\\/uploads\\\/sites\\\/2\\\/2021\\\/04\\\/Borduurgarens-Zijdeperle-nr.-2-22-Petrol-scaled-e1617551203388-324x324.jpg&quot;,&quot;thumb_src_w&quot;:324,&quot;thumb_src_h&quot;:324,&quot;src_w&quot;:416,&quot;src_h&quot;:554},&quot;image_id&quot;:2253,&quot;is_downloadable&quot;:false,&quot;is_in_stock&quot;:true,&quot;is_purchasable&quot;:true,&quot;is_sold_individually&quot;:&quot;no&quot;,&quot;is_virtual&quot;:false,&quot;max_qty&quot;:&quot;&quot;,&quot;min_qty&quot;:1,&quot;price_html&quot;:&quot;&quot;,&quot;sku&quot;:&quot;44BG22&quot;,&quot;variation_description&quot;:&quot;&quot;,&quot;variation_id&quot;:4046,&quot;variation_is_active&quot;:true,&quot;variation_is_visible&quot;:true,&quot;weight&quot;:&quot;3&quot;,&quot;weight_html&quot;:&quot;3 g&quot;},{&quot;attributes&quot;:{&quot;attribute_pa_zijdeperle-nr-2&quot;:&quot;denim-de&quot;},&quot;availability_html&quot;:&quot;&lt;p class=\\&quot;stock in-stock\\&quot;&gt;4 vorr\\u00e4tig (kann nachbestellt werden)&lt;\\\/p&gt;\\n&quot;,&quot;backorders_allowed&quot;:true,&quot;dimensions&quot;:{&quot;length&quot;:&quot;1000&quot;,&quot;width&quot;:&quot;&quot;,&quot;height&quot;:&quot;&quot;},&quot;dimensions_html&quot;:&quot;1000 cm&quot;,&quot;display_price&quot;:3.65,&quot;display_regular_price&quot;:3.65,&quot;gallery_image_ids&quot;:[],&quot;gallery_images_html&quot;:&quot;&quot;,&quot;image&quot;:{&quot;title&quot;:&quot;Borduurgaren Zijdeperl\\u00e9 nr. 2 - 21 Denim&quot;,&quot;caption&quot;:&quot;&quot;,&quot;url&quot;:&quot;https:\\\/\\\/webshop.annemiekoenen.com\\\/wp-content\\\/uploads\\\/sites\\\/2\\\/2021\\\/03\\\/Borduurgaren-Zijdeperle-nr.-2-21-Denim-scaled-e1615361095341.jpg&quot;,&quot;alt&quot;:&quot;Borduurgaren Zijdeperl\\u00e9 nr. 2 - 21 Denim&quot;,&quot;src&quot;:&quot;https:\\\/\\\/webshop.annemiekoenen.com\\\/wp-content\\\/uploads\\\/sites\\\/2\\\/2021\\\/03\\\/Borduurgaren-Zijdeperle-nr.-2-21-Denim-scaled-e1615361095341-600x800.jpg&quot;,&quot;srcset&quot;:&quot;https:\\\/\\\/webshop.annemiekoenen.com\\\/wp-content\\\/uploads\\\/sites\\\/2\\\/2021\\\/03\\\/Borduurgaren-Zijdeperle-nr.-2-21-Denim-scaled-e1615361095341-600x800.jpg 600w, https:\\\/\\\/webshop.annemiekoenen.com\\\/wp-content\\\/uploads\\\/sites\\\/2\\\/2021\\\/03\\\/Borduurgaren-Zijdeperle-nr.-2-21-Denim-scaled-e1615361095341-225x300.jpg 225w, https:\\\/\\\/webshop.annemiekoenen.com\\\/wp-content\\\/uploads\\\/sites\\\/2\\\/2021\\\/03\\\/Borduurgaren-Zijdeperle-nr.-2-21-Denim-scaled-e1615361095341-768x1024.jpg 768w, https:\\\/\\\/webshop.annemiekoenen.com\\\/wp-content\\\/uploads\\\/sites\\\/2\\\/2021\\\/03\\\/Borduurgaren-Zijdeperle-nr.-2-21-Denim-scaled-e1615361095341-1152x1536.jpg 1152w, https:\\\/\\\/webshop.annemiekoenen.com\\\/wp-content\\\/uploads\\\/sites\\\/2\\\/2021\\\/03\\\/Borduurgaren-Zijdeperle-nr.-2-21-Denim-scaled-e1615361095341-1536x2048.jpg 1536w, https:\\\/\\\/webshop.annemiekoenen.com\\\/wp-content\\\/uploads\\\/sites\\\/2\\\/2021\\\/03\\\/Borduurgaren-Zijdeperle-nr.-2-21-Denim-scaled-e1615361095341.jpg 1728w&quot;,&quot;sizes&quot;:&quot;(max-width: 416px) 100vw, 416px&quot;,&quot;full_src&quot;:&quot;https:\\\/\\\/webshop.annemiekoenen.com\\\/wp-content\\\/uploads\\\/sites\\\/2\\\/2021\\\/03\\\/Borduurgaren-Zijdeperle-nr.-2-21-Denim-scaled-e1615361095341.jpg&quot;,&quot;full_src_w&quot;:1728,&quot;full_src_h&quot;:2304,&quot;gallery_thumbnail_src&quot;:&quot;https:\\\/\\\/webshop.annemiekoenen.com\\\/wp-content\\\/uploads\\\/sites\\\/2\\\/2021\\\/03\\\/Borduurgaren-Zijdeperle-nr.-2-21-Denim-scaled-e1615361095341-100x100.jpg&quot;,&quot;gallery_thumbnail_src_w&quot;:100,&quot;gallery_thumbnail_src_h&quot;:100,&quot;thumb_src&quot;:&quot;https:\\\/\\\/webshop.annemiekoenen.com\\\/wp-content\\\/uploads\\\/sites\\\/2\\\/2021\\\/03\\\/Borduurgaren-Zijdeperle-nr.-2-21-Denim-scaled-e1615361095341-324x324.jpg&quot;,&quot;thumb_src_w&quot;:324,&quot;thumb_src_h&quot;:324,&quot;src_w&quot;:416,&quot;src_h&quot;:555},&quot;image_id&quot;:869,&quot;is_downloadable&quot;:false,&quot;is_in_stock&quot;:true,&quot;is_purchasable&quot;:true,&quot;is_sold_individually&quot;:&quot;no&quot;,&quot;is_virtual&quot;:false,&quot;max_qty&quot;:&quot;&quot;,&quot;min_qty&quot;:1,&quot;price_html&quot;:&quot;&quot;,&quot;sku&quot;:&quot;44BG21&quot;,&quot;variation_description&quot;:&quot;&quot;,&quot;variation_id&quot;:4045,&quot;variation_is_active&quot;:true,&quot;variation_is_visible&quot;:true,&quot;weight&quot;:&quot;3&quot;,&quot;weight_html&quot;:&quot;3 g&quot;},{&quot;attributes&quot;:{&quot;attribute_pa_zijdeperle-nr-2&quot;:&quot;smoke-de&quot;},&quot;availability_html&quot;:&quot;&lt;p class=\\&quot;stock in-stock\\&quot;&gt;23 vorr\\u00e4tig (kann nachbestellt werden)&lt;\\\/p&gt;\\n&quot;,&quot;backorders_allowed&quot;:true,&quot;dimensions&quot;:{&quot;length&quot;:&quot;1000&quot;,&quot;width&quot;:&quot;&quot;,&quot;height&quot;:&quot;&quot;},&quot;dimensions_html&quot;:&quot;1000 cm&quot;,&quot;display_price&quot;:3.65,&quot;display_regular_price&quot;:3.65,&quot;gallery_image_ids&quot;:[],&quot;gallery_images_html&quot;:&quot;&quot;,&quot;image&quot;:{&quot;title&quot;:&quot;Borduurgarens Zijdeperl\\u00e8 nr. 2 - 23 Smoke&quot;,&quot;caption&quot;:&quot;&quot;,&quot;url&quot;:&quot;https:\\\/\\\/webshop.annemiekoenen.com\\\/wp-content\\\/uploads\\\/sites\\\/2\\\/2021\\\/05\\\/Borduurgarens-Zijdeperle-nr.-2-23-Smoke-scaled-e1619864641615.jpg&quot;,&quot;alt&quot;:&quot;Borduurgarens Zijdeperl\\u00e8 nr. 2 - 23 Smoke&quot;,&quot;src&quot;:&quot;https:\\\/\\\/webshop.annemiekoenen.com\\\/wp-content\\\/uploads\\\/sites\\\/2\\\/2021\\\/05\\\/Borduurgarens-Zijdeperle-nr.-2-23-Smoke-600x451.jpg&quot;,&quot;srcset&quot;:&quot;https:\\\/\\\/webshop.annemiekoenen.com\\\/wp-content\\\/uploads\\\/sites\\\/2\\\/2021\\\/05\\\/Borduurgarens-Zijdeperle-nr.-2-23-Smoke-600x451.jpg 600w, https:\\\/\\\/webshop.annemiekoenen.com\\\/wp-content\\\/uploads\\\/sites\\\/2\\\/2021\\\/05\\\/Borduurgarens-Zijdeperle-nr.-2-23-Smoke-300x225.jpg 300w, https:\\\/\\\/webshop.annemiekoenen.com\\\/wp-content\\\/uploads\\\/sites\\\/2\\\/2021\\\/05\\\/Borduurgarens-Zijdeperle-nr.-2-23-Smoke-1024x769.jpg 1024w, https:\\\/\\\/webshop.annemiekoenen.com\\\/wp-content\\\/uploads\\\/sites\\\/2\\\/2021\\\/05\\\/Borduurgarens-Zijdeperle-nr.-2-23-Smoke-768x577.jpg 768w, https:\\\/\\\/webshop.annemiekoenen.com\\\/wp-content\\\/uploads\\\/sites\\\/2\\\/2021\\\/05\\\/Borduurgarens-Zijdeperle-nr.-2-23-Smoke-1536x1153.jpg 1536w, https:\\\/\\\/webshop.annemiekoenen.com\\\/wp-content\\\/uploads\\\/sites\\\/2\\\/2021\\\/05\\\/Borduurgarens-Zijdeperle-nr.-2-23-Smoke-2048x1538.jpg 2048w&quot;,&quot;sizes&quot;:&quot;(max-width: 416px) 100vw, 416px&quot;,&quot;full_src&quot;:&quot;https:\\\/\\\/webshop.annemiekoenen.com\\\/wp-content\\\/uploads\\\/sites\\\/2\\\/2021\\\/05\\\/Borduurgarens-Zijdeperle-nr.-2-23-Smoke-scaled-e1619864641615.jpg&quot;,&quot;full_src_w&quot;:2560,&quot;full_src_h&quot;:1922,&quot;gallery_thumbnail_src&quot;:&quot;https:\\\/\\\/webshop.annemiekoenen.com\\\/wp-content\\\/uploads\\\/sites\\\/2\\\/2021\\\/05\\\/Borduurgarens-Zijdeperle-nr.-2-23-Smoke-100x100.jpg&quot;,&quot;gallery_thumbnail_src_w&quot;:100,&quot;gallery_thumbnail_src_h&quot;:100,&quot;thumb_src&quot;:&quot;https:\\\/\\\/webshop.annemiekoenen.com\\\/wp-content\\\/uploads\\\/sites\\\/2\\\/2021\\\/05\\\/Borduurgarens-Zijdeperle-nr.-2-23-Smoke-scaled-e1619864641615-324x324.jpg&quot;,&quot;thumb_src_w&quot;:324,&quot;thumb_src_h&quot;:324,&quot;src_w&quot;:416,&quot;src_h&quot;:313},&quot;image_id&quot;:2897,&quot;is_downloadable&quot;:false,&quot;is_in_stock&quot;:true,&quot;is_purchasable&quot;:true,&quot;is_sold_individually&quot;:&quot;no&quot;,&quot;is_virtual&quot;:false,&quot;max_qty&quot;:&quot;&quot;,&quot;min_qty&quot;:1,&quot;price_html&quot;:&quot;&quot;,&quot;sku&quot;:&quot;44BG23&quot;,&quot;variation_description&quot;:&quot;&quot;,&quot;variation_id&quot;:4047,&quot;variation_is_active&quot;:true,&quot;variation_is_visible&quot;:true,&quot;weight&quot;:&quot;3&quot;,&quot;weight_html&quot;:&quot;3 g&quot;},{&quot;attributes&quot;:{&quot;attribute_pa_zijdeperle-nr-2&quot;:&quot;smoke-mit-viel-weis&quot;},&quot;availability_html&quot;:&quot;&lt;p class=\\&quot;stock in-stock\\&quot;&gt;1 vorr\\u00e4tig (kann nachbestellt werden)&lt;\\\/p&gt;\\n&quot;,&quot;backorders_allowed&quot;:true,&quot;dimensions&quot;:{&quot;length&quot;:&quot;1000&quot;,&quot;width&quot;:&quot;&quot;,&quot;height&quot;:&quot;&quot;},&quot;dimensions_html&quot;:&quot;1000 cm&quot;,&quot;display_price&quot;:3.65,&quot;display_regular_price&quot;:3.65,&quot;gallery_image_ids&quot;:[],&quot;gallery_images_html&quot;:&quot;&quot;,&quot;image&quot;:{&quot;title&quot;:&quot;Borduurgarens Zijdeperl\\u00e8 nr. 2 - 24 Smoke met veel wit&quot;,&quot;caption&quot;:&quot;&quot;,&quot;url&quot;:&quot;https:\\\/\\\/webshop.annemiekoenen.com\\\/wp-content\\\/uploads\\\/sites\\\/2\\\/2021\\\/05\\\/Borduurgarens-Zijdeperle-nr.-2-24-Smoke-met-veel-wit-scaled-e1619864721654.jpg&quot;,&quot;alt&quot;:&quot;Borduurgarens Zijdeperl\\u00e8 nr. 2 - 24 Smoke met veel wit&quot;,&quot;src&quot;:&quot;https:\\\/\\\/webshop.annemiekoenen.com\\\/wp-content\\\/uploads\\\/sites\\\/2\\\/2021\\\/05\\\/Borduurgarens-Zijdeperle-nr.-2-24-Smoke-met-veel-wit-600x451.jpg&quot;,&quot;srcset&quot;:&quot;https:\\\/\\\/webshop.annemiekoenen.com\\\/wp-content\\\/uploads\\\/sites\\\/2\\\/2021\\\/05\\\/Borduurgarens-Zijdeperle-nr.-2-24-Smoke-met-veel-wit-600x451.jpg 600w, https:\\\/\\\/webshop.annemiekoenen.com\\\/wp-content\\\/uploads\\\/sites\\\/2\\\/2021\\\/05\\\/Borduurgarens-Zijdeperle-nr.-2-24-Smoke-met-veel-wit-300x225.jpg 300w, https:\\\/\\\/webshop.annemiekoenen.com\\\/wp-content\\\/uploads\\\/sites\\\/2\\\/2021\\\/05\\\/Borduurgarens-Zijdeperle-nr.-2-24-Smoke-met-veel-wit-1024x769.jpg 1024w, https:\\\/\\\/webshop.annemiekoenen.com\\\/wp-content\\\/uploads\\\/sites\\\/2\\\/2021\\\/05\\\/Borduurgarens-Zijdeperle-nr.-2-24-Smoke-met-veel-wit-768x577.jpg 768w, https:\\\/\\\/webshop.annemiekoenen.com\\\/wp-content\\\/uploads\\\/sites\\\/2\\\/2021\\\/05\\\/Borduurgarens-Zijdeperle-nr.-2-24-Smoke-met-veel-wit-1536x1153.jpg 1536w, https:\\\/\\\/webshop.annemiekoenen.com\\\/wp-content\\\/uploads\\\/sites\\\/2\\\/2021\\\/05\\\/Borduurgarens-Zijdeperle-nr.-2-24-Smoke-met-veel-wit-2048x1538.jpg 2048w&quot;,&quot;sizes&quot;:&quot;(max-width: 416px) 100vw, 416px&quot;,&quot;full_src&quot;:&quot;https:\\\/\\\/webshop.annemiekoenen.com\\\/wp-content\\\/uploads\\\/sites\\\/2\\\/2021\\\/05\\\/Borduurgarens-Zijdeperle-nr.-2-24-Smoke-met-veel-wit-scaled-e1619864721654.jpg&quot;,&quot;full_src_w&quot;:2560,&quot;full_src_h&quot;:1922,&quot;gallery_thumbnail_src&quot;:&quot;https:\\\/\\\/webshop.annemiekoenen.com\\\/wp-content\\\/uploads\\\/sites\\\/2\\\/2021\\\/05\\\/Borduurgarens-Zijdeperle-nr.-2-24-Smoke-met-veel-wit-100x100.jpg&quot;,&quot;gallery_thumbnail_src_w&quot;:100,&quot;gallery_thumbnail_src_h&quot;:100,&quot;thumb_src&quot;:&quot;https:\\\/\\\/webshop.annemiekoenen.com\\\/wp-content\\\/uploads\\\/sites\\\/2\\\/2021\\\/05\\\/Borduurgarens-Zijdeperle-nr.-2-24-Smoke-met-veel-wit-scaled-e1619864721654-324x324.jpg&quot;,&quot;thumb_src_w&quot;:324,&quot;thumb_src_h&quot;:324,&quot;src_w&quot;:416,&quot;src_h&quot;:313},&quot;image_id&quot;:2900,&quot;is_downloadable&quot;:false,&quot;is_in_stock&quot;:true,&quot;is_purchasable&quot;:true,&quot;is_sold_individually&quot;:&quot;no&quot;,&quot;is_virtual&quot;:false,&quot;max_qty&quot;:&quot;&quot;,&quot;min_qty&quot;:1,&quot;price_html&quot;:&quot;&quot;,&quot;sku&quot;:&quot;44BG24&quot;,&quot;variation_description&quot;:&quot;&quot;,&quot;variation_id&quot;:4048,&quot;variation_is_active&quot;:true,&quot;variation_is_visible&quot;:true,&quot;weight&quot;:&quot;3&quot;,&quot;weight_html&quot;:&quot;3 g&quot;},{&quot;attributes&quot;:{&quot;attribute_pa_zijdeperle-nr-2&quot;:&quot;schwarz&quot;},&quot;availability_html&quot;:&quot;&lt;p class=\\&quot;stock in-stock\\&quot;&gt;9 vorr\\u00e4tig (kann nachbestellt werden)&lt;\\\/p&gt;\\n&quot;,&quot;backorders_allowed&quot;:true,&quot;dimensions&quot;:{&quot;length&quot;:&quot;1000&quot;,&quot;width&quot;:&quot;&quot;,&quot;height&quot;:&quot;&quot;},&quot;dimensions_html&quot;:&quot;1000 cm&quot;,&quot;display_price&quot;:3.65,&quot;display_regular_price&quot;:3.65,&quot;gallery_image_ids&quot;:[],&quot;gallery_images_html&quot;:&quot;&quot;,&quot;image&quot;:{&quot;title&quot;:&quot;Borduurgarens Zijdeperl\\u00e9 nr. 2 - 26 Zwart&quot;,&quot;caption&quot;:&quot;&quot;,&quot;url&quot;:&quot;https:\\\/\\\/webshop.annemiekoenen.com\\\/wp-content\\\/uploads\\\/sites\\\/2\\\/2021\\\/04\\\/Borduurgarens-Zijdeperle-nr.-2-26-Zwart-scaled-e1617551278913.jpg&quot;,&quot;alt&quot;:&quot;Borduurgarens Zijdeperl\\u00e9 nr. 2 - 26 Zwart&quot;,&quot;src&quot;:&quot;https:\\\/\\\/webshop.annemiekoenen.com\\\/wp-content\\\/uploads\\\/sites\\\/2\\\/2021\\\/04\\\/Borduurgarens-Zijdeperle-nr.-2-26-Zwart-scaled-e1617551278913-600x799.jpg&quot;,&quot;srcset&quot;:&quot;https:\\\/\\\/webshop.annemiekoenen.com\\\/wp-content\\\/uploads\\\/sites\\\/2\\\/2021\\\/04\\\/Borduurgarens-Zijdeperle-nr.-2-26-Zwart-scaled-e1617551278913-600x799.jpg 600w, https:\\\/\\\/webshop.annemiekoenen.com\\\/wp-content\\\/uploads\\\/sites\\\/2\\\/2021\\\/04\\\/Borduurgarens-Zijdeperle-nr.-2-26-Zwart-scaled-e1617551278913-225x300.jpg 225w, https:\\\/\\\/webshop.annemiekoenen.com\\\/wp-content\\\/uploads\\\/sites\\\/2\\\/2021\\\/04\\\/Borduurgarens-Zijdeperle-nr.-2-26-Zwart-scaled-e1617551278913-769x1024.jpg 769w, https:\\\/\\\/webshop.annemiekoenen.com\\\/wp-content\\\/uploads\\\/sites\\\/2\\\/2021\\\/04\\\/Borduurgarens-Zijdeperle-nr.-2-26-Zwart-scaled-e1617551278913-768x1022.jpg 768w, https:\\\/\\\/webshop.annemiekoenen.com\\\/wp-content\\\/uploads\\\/sites\\\/2\\\/2021\\\/04\\\/Borduurgarens-Zijdeperle-nr.-2-26-Zwart-scaled-e1617551278913-1154x1536.jpg 1154w, https:\\\/\\\/webshop.annemiekoenen.com\\\/wp-content\\\/uploads\\\/sites\\\/2\\\/2021\\\/04\\\/Borduurgarens-Zijdeperle-nr.-2-26-Zwart-scaled-e1617551278913.jpg 1529w&quot;,&quot;sizes&quot;:&quot;(max-width: 416px) 100vw, 416px&quot;,&quot;full_src&quot;:&quot;https:\\\/\\\/webshop.annemiekoenen.com\\\/wp-content\\\/uploads\\\/sites\\\/2\\\/2021\\\/04\\\/Borduurgarens-Zijdeperle-nr.-2-26-Zwart-scaled-e1617551278913.jpg&quot;,&quot;full_src_w&quot;:1529,&quot;full_src_h&quot;:2035,&quot;gallery_thumbnail_src&quot;:&quot;https:\\\/\\\/webshop.annemiekoenen.com\\\/wp-content\\\/uploads\\\/sites\\\/2\\\/2021\\\/04\\\/Borduurgarens-Zijdeperle-nr.-2-26-Zwart-scaled-e1617551278913-100x100.jpg&quot;,&quot;gallery_thumbnail_src_w&quot;:100,&quot;gallery_thumbnail_src_h&quot;:100,&quot;thumb_src&quot;:&quot;https:\\\/\\\/webshop.annemiekoenen.com\\\/wp-content\\\/uploads\\\/sites\\\/2\\\/2021\\\/04\\\/Borduurgarens-Zijdeperle-nr.-2-26-Zwart-scaled-e1617551278913-324x324.jpg&quot;,&quot;thumb_src_w&quot;:324,&quot;thumb_src_h&quot;:324,&quot;src_w&quot;:416,&quot;src_h&quot;:554},&quot;image_id&quot;:2256,&quot;is_downloadable&quot;:false,&quot;is_in_stock&quot;:true,&quot;is_purchasable&quot;:true,&quot;is_sold_individually&quot;:&quot;no&quot;,&quot;is_virtual&quot;:false,&quot;max_qty&quot;:&quot;&quot;,&quot;min_qty&quot;:1,&quot;price_html&quot;:&quot;&quot;,&quot;sku&quot;:&quot;44BG26&quot;,&quot;variation_description&quot;:&quot;&quot;,&quot;variation_id&quot;:4050,&quot;variation_is_active&quot;:true,&quot;variation_is_visible&quot;:true,&quot;weight&quot;:&quot;3&quot;,&quot;weight_html&quot;:&quot;3 g&quot;},{&quot;attributes&quot;:{&quot;attribute_pa_zijdeperle-nr-2&quot;:&quot;weis&quot;},&quot;availability_html&quot;:&quot;&lt;p class=\\&quot;stock in-stock\\&quot;&gt;13 vorr\\u00e4tig (kann nachbestellt werden)&lt;\\\/p&gt;\\n&quot;,&quot;backorders_allowed&quot;:true,&quot;dimensions&quot;:{&quot;length&quot;:&quot;1000&quot;,&quot;width&quot;:&quot;&quot;,&quot;height&quot;:&quot;&quot;},&quot;dimensions_html&quot;:&quot;1000 cm&quot;,&quot;display_price&quot;:3.65,&quot;display_regular_price&quot;:3.65,&quot;gallery_image_ids&quot;:[],&quot;gallery_images_html&quot;:&quot;&quot;,&quot;image&quot;:{&quot;title&quot;:&quot;Borduurgaren Zijdeperl\\u00e9 nr. 2 - 25 Wit&quot;,&quot;caption&quot;:&quot;&quot;,&quot;url&quot;:&quot;https:\\\/\\\/webshop.annemiekoenen.com\\\/wp-content\\\/uploads\\\/sites\\\/2\\\/2021\\\/03\\\/Borduurgaren-Zijdeperle-nr.-2-25-Wit-scaled-e1615361227292.jpg&quot;,&quot;alt&quot;:&quot;Borduurgaren Zijdeperl\\u00e9 nr. 2 - 25 Wit&quot;,&quot;src&quot;:&quot;https:\\\/\\\/webshop.annemiekoenen.com\\\/wp-content\\\/uploads\\\/sites\\\/2\\\/2021\\\/03\\\/Borduurgaren-Zijdeperle-nr.-2-25-Wit-scaled-e1615361227292-600x800.jpg&quot;,&quot;srcset&quot;:&quot;https:\\\/\\\/webshop.annemiekoenen.com\\\/wp-content\\\/uploads\\\/sites\\\/2\\\/2021\\\/03\\\/Borduurgaren-Zijdeperle-nr.-2-25-Wit-scaled-e1615361227292-600x800.jpg 600w, https:\\\/\\\/webshop.annemiekoenen.com\\\/wp-content\\\/uploads\\\/sites\\\/2\\\/2021\\\/03\\\/Borduurgaren-Zijdeperle-nr.-2-25-Wit-scaled-e1615361227292-225x300.jpg 225w, https:\\\/\\\/webshop.annemiekoenen.com\\\/wp-content\\\/uploads\\\/sites\\\/2\\\/2021\\\/03\\\/Borduurgaren-Zijdeperle-nr.-2-25-Wit-scaled-e1615361227292-768x1024.jpg 768w, https:\\\/\\\/webshop.annemiekoenen.com\\\/wp-content\\\/uploads\\\/sites\\\/2\\\/2021\\\/03\\\/Borduurgaren-Zijdeperle-nr.-2-25-Wit-scaled-e1615361227292-1152x1536.jpg 1152w, https:\\\/\\\/webshop.annemiekoenen.com\\\/wp-content\\\/uploads\\\/sites\\\/2\\\/2021\\\/03\\\/Borduurgaren-Zijdeperle-nr.-2-25-Wit-scaled-e1615361227292-1536x2048.jpg 1536w, https:\\\/\\\/webshop.annemiekoenen.com\\\/wp-content\\\/uploads\\\/sites\\\/2\\\/2021\\\/03\\\/Borduurgaren-Zijdeperle-nr.-2-25-Wit-scaled-e1615361227292.jpg 1555w&quot;,&quot;sizes&quot;:&quot;(max-width: 416px) 100vw, 416px&quot;,&quot;full_src&quot;:&quot;https:\\\/\\\/webshop.annemiekoenen.com\\\/wp-content\\\/uploads\\\/sites\\\/2\\\/2021\\\/03\\\/Borduurgaren-Zijdeperle-nr.-2-25-Wit-scaled-e1615361227292.jpg&quot;,&quot;full_src_w&quot;:1555,&quot;full_src_h&quot;:2073,&quot;gallery_thumbnail_src&quot;:&quot;https:\\\/\\\/webshop.annemiekoenen.com\\\/wp-content\\\/uploads\\\/sites\\\/2\\\/2021\\\/03\\\/Borduurgaren-Zijdeperle-nr.-2-25-Wit-scaled-e1615361227292-100x100.jpg&quot;,&quot;gallery_thumbnail_src_w&quot;:100,&quot;gallery_thumbnail_src_h&quot;:100,&quot;thumb_src&quot;:&quot;https:\\\/\\\/webshop.annemiekoenen.com\\\/wp-content\\\/uploads\\\/sites\\\/2\\\/2021\\\/03\\\/Borduurgaren-Zijdeperle-nr.-2-25-Wit-scaled-e1615361227292-324x324.jpg&quot;,&quot;thumb_src_w&quot;:324,&quot;thumb_src_h&quot;:324,&quot;src_w&quot;:416,&quot;src_h&quot;:555},&quot;image_id&quot;:872,&quot;is_downloadable&quot;:false,&quot;is_in_stock&quot;:true,&quot;is_purchasable&quot;:true,&quot;is_sold_individually&quot;:&quot;no&quot;,&quot;is_virtual&quot;:false,&quot;max_qty&quot;:&quot;&quot;,&quot;min_qty&quot;:1,&quot;price_html&quot;:&quot;&quot;,&quot;sku&quot;:&quot;44BG25&quot;,&quot;variation_description&quot;:&quot;&quot;,&quot;variation_id&quot;:4049,&quot;variation_is_active&quot;:true,&quot;variation_is_visible&quot;:true,&quot;weight&quot;:&quot;3&quot;,&quot;weight_html&quot;:&quot;3 g&quot;},{&quot;attributes&quot;:{&quot;attribute_pa_zijdeperle-nr-2&quot;:&quot;baby-rosa&quot;},&quot;availability_html&quot;:&quot;&lt;p class=\\&quot;stock in-stock\\&quot;&gt;13 vorr\\u00e4tig (kann nachbestellt werden)&lt;\\\/p&gt;\\n&quot;,&quot;backorders_allowed&quot;:true,&quot;dimensions&quot;:{&quot;length&quot;:&quot;1000&quot;,&quot;width&quot;:&quot;&quot;,&quot;height&quot;:&quot;&quot;},&quot;dimensions_html&quot;:&quot;1000 cm&quot;,&quot;display_price&quot;:3.65,&quot;display_regular_price&quot;:3.65,&quot;gallery_image_ids&quot;:[],&quot;gallery_images_html&quot;:&quot;&quot;,&quot;image&quot;:{&quot;title&quot;:&quot;Borduurgarens Zijdeperl\\u00e9 nr. 2 - 27 baby rose&quot;,&quot;caption&quot;:&quot;&quot;,&quot;url&quot;:&quot;https:\\\/\\\/webshop.annemiekoenen.com\\\/wp-content\\\/uploads\\\/sites\\\/2\\\/2021\\\/04\\\/Borduurgarens-Zijdeperle-nr.-2-27-baby-rose-scaled-e1617551369440.jpg&quot;,&quot;alt&quot;:&quot;Borduurgarens Zijdeperl\\u00e9 nr. 2 - 27 baby rose&quot;,&quot;src&quot;:&quot;https:\\\/\\\/webshop.annemiekoenen.com\\\/wp-content\\\/uploads\\\/sites\\\/2\\\/2021\\\/04\\\/Borduurgarens-Zijdeperle-nr.-2-27-baby-rose-scaled-e1617551369440-600x799.jpg&quot;,&quot;srcset&quot;:&quot;https:\\\/\\\/webshop.annemiekoenen.com\\\/wp-content\\\/uploads\\\/sites\\\/2\\\/2021\\\/04\\\/Borduurgarens-Zijdeperle-nr.-2-27-baby-rose-scaled-e1617551369440-600x799.jpg 600w, https:\\\/\\\/webshop.annemiekoenen.com\\\/wp-content\\\/uploads\\\/sites\\\/2\\\/2021\\\/04\\\/Borduurgarens-Zijdeperle-nr.-2-27-baby-rose-scaled-e1617551369440-225x300.jpg 225w, https:\\\/\\\/webshop.annemiekoenen.com\\\/wp-content\\\/uploads\\\/sites\\\/2\\\/2021\\\/04\\\/Borduurgarens-Zijdeperle-nr.-2-27-baby-rose-scaled-e1617551369440-769x1024.jpg 769w, https:\\\/\\\/webshop.annemiekoenen.com\\\/wp-content\\\/uploads\\\/sites\\\/2\\\/2021\\\/04\\\/Borduurgarens-Zijdeperle-nr.-2-27-baby-rose-scaled-e1617551369440-768x1023.jpg 768w, https:\\\/\\\/webshop.annemiekoenen.com\\\/wp-content\\\/uploads\\\/sites\\\/2\\\/2021\\\/04\\\/Borduurgarens-Zijdeperle-nr.-2-27-baby-rose-scaled-e1617551369440-1153x1536.jpg 1153w, https:\\\/\\\/webshop.annemiekoenen.com\\\/wp-content\\\/uploads\\\/sites\\\/2\\\/2021\\\/04\\\/Borduurgarens-Zijdeperle-nr.-2-27-baby-rose-scaled-e1617551369440-1538x2048.jpg 1538w, https:\\\/\\\/webshop.annemiekoenen.com\\\/wp-content\\\/uploads\\\/sites\\\/2\\\/2021\\\/04\\\/Borduurgarens-Zijdeperle-nr.-2-27-baby-rose-scaled-e1617551369440.jpg 1715w&quot;,&quot;sizes&quot;:&quot;(max-width: 416px) 100vw, 416px&quot;,&quot;full_src&quot;:&quot;https:\\\/\\\/webshop.annemiekoenen.com\\\/wp-content\\\/uploads\\\/sites\\\/2\\\/2021\\\/04\\\/Borduurgarens-Zijdeperle-nr.-2-27-baby-rose-scaled-e1617551369440.jpg&quot;,&quot;full_src_w&quot;:1715,&quot;full_src_h&quot;:2284,&quot;gallery_thumbnail_src&quot;:&quot;https:\\\/\\\/webshop.annemiekoenen.com\\\/wp-content\\\/uploads\\\/sites\\\/2\\\/2021\\\/04\\\/Borduurgarens-Zijdeperle-nr.-2-27-baby-rose-scaled-e1617551369440-100x100.jpg&quot;,&quot;gallery_thumbnail_src_w&quot;:100,&quot;gallery_thumbnail_src_h&quot;:100,&quot;thumb_src&quot;:&quot;https:\\\/\\\/webshop.annemiekoenen.com\\\/wp-content\\\/uploads\\\/sites\\\/2\\\/2021\\\/04\\\/Borduurgarens-Zijdeperle-nr.-2-27-baby-rose-scaled-e1617551369440-324x324.jpg&quot;,&quot;thumb_src_w&quot;:324,&quot;thumb_src_h&quot;:324,&quot;src_w&quot;:416,&quot;src_h&quot;:554},&quot;image_id&quot;:2259,&quot;is_downloadable&quot;:false,&quot;is_in_stock&quot;:true,&quot;is_purchasable&quot;:true,&quot;is_sold_individually&quot;:&quot;no&quot;,&quot;is_virtual&quot;:false,&quot;max_qty&quot;:&quot;&quot;,&quot;min_qty&quot;:1,&quot;price_html&quot;:&quot;&quot;,&quot;sku&quot;:&quot;44BG27&quot;,&quot;variation_description&quot;:&quot;&quot;,&quot;variation_id&quot;:4051,&quot;variation_is_active&quot;:true,&quot;variation_is_visible&quot;:true,&quot;weight&quot;:&quot;3&quot;,&quot;weight_html&quot;:&quot;3 g&quot;},{&quot;attributes&quot;:{&quot;attribute_pa_zijdeperle-nr-2&quot;:&quot;baby-blau&quot;},&quot;availability_html&quot;:&quot;&lt;p class=\\&quot;stock in-stock\\&quot;&gt;4 vorr\\u00e4tig (kann nachbestellt werden)&lt;\\\/p&gt;\\n&quot;,&quot;backorders_allowed&quot;:true,&quot;dimensions&quot;:{&quot;length&quot;:&quot;1000&quot;,&quot;width&quot;:&quot;&quot;,&quot;height&quot;:&quot;&quot;},&quot;dimensions_html&quot;:&quot;1000 cm&quot;,&quot;display_price&quot;:3.65,&quot;display_regular_price&quot;:3.65,&quot;gallery_image_ids&quot;:[],&quot;gallery_images_html&quot;:&quot;&quot;,&quot;image&quot;:{&quot;title&quot;:&quot;Borduurgarens Zijdeperl\\u00e9 nr. 2 - 28 Baby blauw&quot;,&quot;caption&quot;:&quot;&quot;,&quot;url&quot;:&quot;https:\\\/\\\/webshop.annemiekoenen.com\\\/wp-content\\\/uploads\\\/sites\\\/2\\\/2021\\\/04\\\/Borduurgarens-Zijdeperle-nr.-2-28-Baby-blauw-scaled-e1617551448802.jpg&quot;,&quot;alt&quot;:&quot;Borduurgarens Zijdeperl\\u00e9 nr. 2 - 28 Baby blauw&quot;,&quot;src&quot;:&quot;https:\\\/\\\/webshop.annemiekoenen.com\\\/wp-content\\\/uploads\\\/sites\\\/2\\\/2021\\\/04\\\/Borduurgarens-Zijdeperle-nr.-2-28-Baby-blauw-scaled-e1617551448802-600x801.jpg&quot;,&quot;srcset&quot;:&quot;https:\\\/\\\/webshop.annemiekoenen.com\\\/wp-content\\\/uploads\\\/sites\\\/2\\\/2021\\\/04\\\/Borduurgarens-Zijdeperle-nr.-2-28-Baby-blauw-scaled-e1617551448802-600x801.jpg 600w, https:\\\/\\\/webshop.annemiekoenen.com\\\/wp-content\\\/uploads\\\/sites\\\/2\\\/2021\\\/04\\\/Borduurgarens-Zijdeperle-nr.-2-28-Baby-blauw-scaled-e1617551448802-225x300.jpg 225w, https:\\\/\\\/webshop.annemiekoenen.com\\\/wp-content\\\/uploads\\\/sites\\\/2\\\/2021\\\/04\\\/Borduurgarens-Zijdeperle-nr.-2-28-Baby-blauw-scaled-e1617551448802-767x1024.jpg 767w, https:\\\/\\\/webshop.annemiekoenen.com\\\/wp-content\\\/uploads\\\/sites\\\/2\\\/2021\\\/04\\\/Borduurgarens-Zijdeperle-nr.-2-28-Baby-blauw-scaled-e1617551448802-768x1025.jpg 768w, https:\\\/\\\/webshop.annemiekoenen.com\\\/wp-content\\\/uploads\\\/sites\\\/2\\\/2021\\\/04\\\/Borduurgarens-Zijdeperle-nr.-2-28-Baby-blauw-scaled-e1617551448802-1151x1536.jpg 1151w, https:\\\/\\\/webshop.annemiekoenen.com\\\/wp-content\\\/uploads\\\/sites\\\/2\\\/2021\\\/04\\\/Borduurgarens-Zijdeperle-nr.-2-28-Baby-blauw-scaled-e1617551448802.jpg 1433w&quot;,&quot;sizes&quot;:&quot;(max-width: 416px) 100vw, 416px&quot;,&quot;full_src&quot;:&quot;https:\\\/\\\/webshop.annemiekoenen.com\\\/wp-content\\\/uploads\\\/sites\\\/2\\\/2021\\\/04\\\/Borduurgarens-Zijdeperle-nr.-2-28-Baby-blauw-scaled-e1617551448802.jpg&quot;,&quot;full_src_w&quot;:1433,&quot;full_src_h&quot;:1913,&quot;gallery_thumbnail_src&quot;:&quot;https:\\\/\\\/webshop.annemiekoenen.com\\\/wp-content\\\/uploads\\\/sites\\\/2\\\/2021\\\/04\\\/Borduurgarens-Zijdeperle-nr.-2-28-Baby-blauw-scaled-e1617551448802-100x100.jpg&quot;,&quot;gallery_thumbnail_src_w&quot;:100,&quot;gallery_thumbnail_src_h&quot;:100,&quot;thumb_src&quot;:&quot;https:\\\/\\\/webshop.annemiekoenen.com\\\/wp-content\\\/uploads\\\/sites\\\/2\\\/2021\\\/04\\\/Borduurgarens-Zijdeperle-nr.-2-28-Baby-blauw-scaled-e1617551448802-324x324.jpg&quot;,&quot;thumb_src_w&quot;:324,&quot;thumb_src_h&quot;:324,&quot;src_w&quot;:416,&quot;src_h&quot;:555},&quot;image_id&quot;:2262,&quot;is_downloadable&quot;:false,&quot;is_in_stock&quot;:true,&quot;is_purchasable&quot;:true,&quot;is_sold_individually&quot;:&quot;no&quot;,&quot;is_virtual&quot;:false,&quot;max_qty&quot;:&quot;&quot;,&quot;min_qty&quot;:1,&quot;price_html&quot;:&quot;&quot;,&quot;sku&quot;:&quot;44BG28&quot;,&quot;variation_description&quot;:&quot;&quot;,&quot;variation_id&quot;:4052,&quot;variation_is_active&quot;:true,&quot;variation_is_visible&quot;:true,&quot;weight&quot;:&quot;3&quot;,&quot;weight_html&quot;:&quot;3 g&quot;}]\">\n\t<div data-product_id=\"4027\" data-threshold_min=\"30\" data-threshold_max=\"100\" data-total=\"24\">\n\t\t\t<table class=\"variations\" cellspacing=\"0\" role=\"presentation\">\n\t\t\t<tbody>\n\t\t\t\t\t\t\t\t\t<tr>\n\t\t\t\t\t\t<th class=\"label\"><label for=\"pa_zijdeperle-nr-2\">Zijdeperl\u00e9 nr. 2<\/label><\/th>\n\t\t\t\t\t\t<td class=\"value\">\n\t\t\t\t\t\t\t<select style=\"display:none\" id=\"pa_zijdeperle-nr-2\" class=\" woo-variation-raw-select\" name=\"attribute_pa_zijdeperle-nr-2\" data-attribute_name=\"attribute_pa_zijdeperle-nr-2\" data-show_option_none=\"yes\"><option value=\"\">Option ausw\u00e4hlen<\/option><option value=\"baby-blau\" >Baby blau<\/option><option value=\"baby-rosa\" >Baby rosa<\/option><option value=\"blue-ocean-de\" >Blue ocean<\/option><option value=\"denim-de\" >Denim<\/option><option value=\"fire-de\" >Fire<\/option><option value=\"flames-de\" >Flames<\/option><option value=\"forest-de\" >Forest<\/option><option value=\"fuchsie\" >Fuchsie<\/option><option value=\"limette\" >Limette<\/option><option value=\"louise-de\" >Louise<\/option><option value=\"magic-de\" >Magic<\/option><option value=\"ocean-de\" >Ocean<\/option><option value=\"ocker\" >Ocker<\/option><option value=\"petrol-de\" >Petrol<\/option><option value=\"rotraud-de\" >Rotraud<\/option><option value=\"ruby-de\" >Ruby<\/option><option value=\"schwarz\" >Schwarz<\/option><option value=\"smoke-de\" >Smoke<\/option><option value=\"smoke-mit-viel-weis\" >Smoke mit viel Wei\u00df<\/option><option value=\"summer-de\" >Summer<\/option><option value=\"sunshine-de\" >Sunshine<\/option><option value=\"turmalin-de\" >Turmalin<\/option><option value=\"violett\" >Violett<\/option><option value=\"weis\" >Wei\u00df<\/option><\/select><ul role=\"radiogroup\" aria-label=\"Zijdeperl\u00e9 nr. 2\" class=\"variable-items-wrapper image-variable-items-wrapper wvs-style-squared\" data-attribute_name=\"attribute_pa_zijdeperle-nr-2\" data-attribute_values=\"[&quot;sunshine-de&quot;,&quot;ocker&quot;,&quot;flames-de&quot;,&quot;ruby-de&quot;,&quot;fire-de&quot;,&quot;summer-de&quot;,&quot;louise-de&quot;,&quot;violett&quot;,&quot;fuchsie&quot;,&quot;magic-de&quot;,&quot;turmalin-de&quot;,&quot;limette&quot;,&quot;rotraud-de&quot;,&quot;forest-de&quot;,&quot;ocean-de&quot;,&quot;blue-ocean-de&quot;,&quot;denim-de&quot;,&quot;petrol-de&quot;,&quot;smoke-de&quot;,&quot;smoke-mit-viel-weis&quot;,&quot;weis&quot;,&quot;schwarz&quot;,&quot;baby-rosa&quot;,&quot;baby-blau&quot;]\"><li aria-checked=\"false\" tabindex=\"0\" data-attribute_name=\"attribute_pa_zijdeperle-nr-2\" data-wvstooltip=\"Baby blau\" class=\"variable-item image-variable-item image-variable-item-baby-blau \" title=\"Baby blau\" data-title=\"Baby blau\" data-value=\"baby-blau\" role=\"radio\" tabindex=\"0\"><div class=\"variable-item-contents\"><img loading=\"lazy\" decoding=\"async\" class=\"variable-item-image\"  aria-hidden=\"true\" alt=\"Baby blau\" src=\"https:\/\/webshop.annemiekoenen.com\/wp-content\/uploads\/sites\/2\/2021\/04\/Borduurgarens-Zijdeperle-nr.-2-28-Baby-blauw-scaled-e1617551448802.jpg\" width=\"37\" height=\"50\" \/><\/div><\/li><li aria-checked=\"false\" tabindex=\"0\" data-attribute_name=\"attribute_pa_zijdeperle-nr-2\" data-wvstooltip=\"Baby rosa\" class=\"variable-item image-variable-item image-variable-item-baby-rosa \" title=\"Baby rosa\" data-title=\"Baby rosa\" data-value=\"baby-rosa\" role=\"radio\" tabindex=\"0\"><div class=\"variable-item-contents\"><img loading=\"lazy\" decoding=\"async\" class=\"variable-item-image\"  aria-hidden=\"true\" alt=\"Baby rosa\" src=\"https:\/\/webshop.annemiekoenen.com\/wp-content\/uploads\/sites\/2\/2021\/04\/Borduurgarens-Zijdeperle-nr.-2-27-baby-rose-scaled-e1617551369440.jpg\" width=\"38\" height=\"50\" \/><\/div><\/li><li aria-checked=\"false\" tabindex=\"0\" data-attribute_name=\"attribute_pa_zijdeperle-nr-2\" data-wvstooltip=\"Blue ocean\" class=\"variable-item image-variable-item image-variable-item-blue-ocean-de \" title=\"Blue ocean\" data-title=\"Blue ocean\" data-value=\"blue-ocean-de\" role=\"radio\" tabindex=\"0\"><div class=\"variable-item-contents\"><img loading=\"lazy\" decoding=\"async\" class=\"variable-item-image\"  aria-hidden=\"true\" alt=\"Blue ocean\" src=\"https:\/\/webshop.annemiekoenen.com\/wp-content\/uploads\/sites\/2\/2021\/03\/Borduurgaren-Zijdeperle-nr.-2-18-Bleu-ocean-scaled-e1615823165625.jpg\" width=\"37\" height=\"50\" \/><\/div><\/li><li aria-checked=\"false\" tabindex=\"0\" data-attribute_name=\"attribute_pa_zijdeperle-nr-2\" data-wvstooltip=\"Denim\" class=\"variable-item image-variable-item image-variable-item-denim-de \" title=\"Denim\" data-title=\"Denim\" data-value=\"denim-de\" role=\"radio\" tabindex=\"0\"><div class=\"variable-item-contents\"><img loading=\"lazy\" decoding=\"async\" class=\"variable-item-image\"  aria-hidden=\"true\" alt=\"Denim\" src=\"https:\/\/webshop.annemiekoenen.com\/wp-content\/uploads\/sites\/2\/2021\/03\/Borduurgaren-Zijdeperle-nr.-2-21-Denim-scaled-e1615361095341.jpg\" width=\"38\" height=\"50\" \/><\/div><\/li><li aria-checked=\"false\" tabindex=\"0\" data-attribute_name=\"attribute_pa_zijdeperle-nr-2\" data-wvstooltip=\"Fire\" class=\"variable-item image-variable-item image-variable-item-fire-de \" title=\"Fire\" data-title=\"Fire\" data-value=\"fire-de\" role=\"radio\" tabindex=\"0\"><div class=\"variable-item-contents\"><img loading=\"lazy\" decoding=\"async\" class=\"variable-item-image\"  aria-hidden=\"true\" alt=\"Fire\" src=\"https:\/\/webshop.annemiekoenen.com\/wp-content\/uploads\/sites\/2\/2021\/03\/Borduurgaren-Zijdeperle-nr.-2-05-Fire-scaled-e1615823083518.jpg\" width=\"37\" height=\"50\" \/><\/div><\/li><li aria-checked=\"false\" tabindex=\"0\" data-attribute_name=\"attribute_pa_zijdeperle-nr-2\" data-wvstooltip=\"Flames\" class=\"variable-item image-variable-item image-variable-item-flames-de \" title=\"Flames\" data-title=\"Flames\" data-value=\"flames-de\" role=\"radio\" tabindex=\"0\"><div class=\"variable-item-contents\"><img loading=\"lazy\" decoding=\"async\" class=\"variable-item-image\"  aria-hidden=\"true\" alt=\"Flames\" src=\"https:\/\/webshop.annemiekoenen.com\/wp-content\/uploads\/sites\/2\/2021\/03\/Borduurgaren-Zijdeperle-nr.-2-03-Flames-scaled-e1615358742331.jpg\" width=\"38\" height=\"50\" \/><\/div><\/li><li aria-checked=\"false\" tabindex=\"0\" data-attribute_name=\"attribute_pa_zijdeperle-nr-2\" data-wvstooltip=\"Forest\" class=\"variable-item image-variable-item image-variable-item-forest-de \" title=\"Forest\" data-title=\"Forest\" data-value=\"forest-de\" role=\"radio\" tabindex=\"0\"><div class=\"variable-item-contents\"><img loading=\"lazy\" decoding=\"async\" class=\"variable-item-image\"  aria-hidden=\"true\" alt=\"Forest\" src=\"https:\/\/webshop.annemiekoenen.com\/wp-content\/uploads\/sites\/2\/2021\/03\/Borduurgaren-Zijdeperle-nr.-2-15-Forest-scaled-e1615360548650.jpg\" width=\"37\" height=\"50\" \/><\/div><\/li><li aria-checked=\"false\" tabindex=\"0\" data-attribute_name=\"attribute_pa_zijdeperle-nr-2\" data-wvstooltip=\"Fuchsie\" class=\"variable-item image-variable-item image-variable-item-fuchsie \" title=\"Fuchsie\" data-title=\"Fuchsie\" data-value=\"fuchsie\" role=\"radio\" tabindex=\"0\"><div class=\"variable-item-contents\"><img loading=\"lazy\" decoding=\"async\" class=\"variable-item-image\"  aria-hidden=\"true\" alt=\"Fuchsie\" src=\"https:\/\/webshop.annemiekoenen.com\/wp-content\/uploads\/sites\/2\/2021\/03\/Borduurgaren-Zijdeperle-nr.-2-10-Fuchsia-scaled-e1615359802429.jpg\" width=\"38\" height=\"50\" \/><\/div><\/li><li aria-checked=\"false\" tabindex=\"0\" data-attribute_name=\"attribute_pa_zijdeperle-nr-2\" data-wvstooltip=\"Limette\" class=\"variable-item image-variable-item image-variable-item-limette \" title=\"Limette\" data-title=\"Limette\" data-value=\"limette\" role=\"radio\" tabindex=\"0\"><div class=\"variable-item-contents\"><img loading=\"lazy\" decoding=\"async\" class=\"variable-item-image\"  aria-hidden=\"true\" alt=\"Limette\" src=\"https:\/\/webshop.annemiekoenen.com\/wp-content\/uploads\/sites\/2\/2021\/03\/Borduurgaren-Zijdeperle-nr.-2-13-Lime-scaled-e1615360064187.jpg\" width=\"38\" height=\"50\" \/><\/div><\/li><li aria-checked=\"false\" tabindex=\"0\" data-attribute_name=\"attribute_pa_zijdeperle-nr-2\" data-wvstooltip=\"Louise\" class=\"variable-item image-variable-item image-variable-item-louise-de \" title=\"Louise\" data-title=\"Louise\" data-value=\"louise-de\" role=\"radio\" tabindex=\"0\"><div class=\"variable-item-contents\"><img loading=\"lazy\" decoding=\"async\" class=\"variable-item-image\"  aria-hidden=\"true\" alt=\"Louise\" src=\"https:\/\/webshop.annemiekoenen.com\/wp-content\/uploads\/sites\/2\/2021\/03\/Borduurgaren-Zijdeperle-nr.-2-07-Louise-scaled-e1615359581164.jpg\" width=\"38\" height=\"50\" \/><\/div><\/li><li aria-checked=\"false\" tabindex=\"0\" data-attribute_name=\"attribute_pa_zijdeperle-nr-2\" data-wvstooltip=\"Magic\" class=\"variable-item image-variable-item image-variable-item-magic-de \" title=\"Magic\" data-title=\"Magic\" data-value=\"magic-de\" role=\"radio\" tabindex=\"0\"><div class=\"variable-item-contents\"><img loading=\"lazy\" decoding=\"async\" class=\"variable-item-image\"  aria-hidden=\"true\" alt=\"Magic\" src=\"https:\/\/webshop.annemiekoenen.com\/wp-content\/uploads\/sites\/2\/2021\/03\/Borduurgaren-Zijdeperle-nr.-2-11-Magic-scaled-e1615359883993.jpg\" width=\"37\" height=\"50\" \/><\/div><\/li><li aria-checked=\"false\" tabindex=\"0\" data-attribute_name=\"attribute_pa_zijdeperle-nr-2\" data-wvstooltip=\"Ocean\" class=\"variable-item image-variable-item image-variable-item-ocean-de \" title=\"Ocean\" data-title=\"Ocean\" data-value=\"ocean-de\" role=\"radio\" tabindex=\"0\"><div class=\"variable-item-contents\"><img loading=\"lazy\" decoding=\"async\" class=\"variable-item-image\"  aria-hidden=\"true\" alt=\"Ocean\" src=\"https:\/\/webshop.annemiekoenen.com\/wp-content\/uploads\/sites\/2\/2021\/03\/Borduurgaren-Zijdeperle-nr.-2-17-Ocean-scaled-e1615360661581.jpg\" width=\"37\" height=\"50\" \/><\/div><\/li><li aria-checked=\"false\" tabindex=\"0\" data-attribute_name=\"attribute_pa_zijdeperle-nr-2\" data-wvstooltip=\"Ocker\" class=\"variable-item image-variable-item image-variable-item-ocker \" title=\"Ocker\" data-title=\"Ocker\" data-value=\"ocker\" role=\"radio\" tabindex=\"0\"><div class=\"variable-item-contents\"><img loading=\"lazy\" decoding=\"async\" class=\"variable-item-image\"  aria-hidden=\"true\" alt=\"Ocker\" src=\"https:\/\/webshop.annemiekoenen.com\/wp-content\/uploads\/sites\/2\/2021\/03\/Borduurgaren-Zijdeperle-nr.-2-02-Oker-scaled-e1615358669436.jpg\" width=\"37\" height=\"50\" \/><\/div><\/li><li aria-checked=\"false\" tabindex=\"0\" data-attribute_name=\"attribute_pa_zijdeperle-nr-2\" data-wvstooltip=\"Petrol\" class=\"variable-item image-variable-item image-variable-item-petrol-de \" title=\"Petrol\" data-title=\"Petrol\" data-value=\"petrol-de\" role=\"radio\" tabindex=\"0\"><div class=\"variable-item-contents\"><img loading=\"lazy\" decoding=\"async\" class=\"variable-item-image\"  aria-hidden=\"true\" alt=\"Petrol\" src=\"https:\/\/webshop.annemiekoenen.com\/wp-content\/uploads\/sites\/2\/2021\/04\/Borduurgarens-Zijdeperle-nr.-2-22-Petrol-scaled-e1617551203388.jpg\" width=\"38\" height=\"50\" \/><\/div><\/li><li aria-checked=\"false\" tabindex=\"0\" data-attribute_name=\"attribute_pa_zijdeperle-nr-2\" data-wvstooltip=\"Rotraud\" class=\"variable-item image-variable-item image-variable-item-rotraud-de \" title=\"Rotraud\" data-title=\"Rotraud\" data-value=\"rotraud-de\" role=\"radio\" tabindex=\"0\"><div class=\"variable-item-contents\"><img loading=\"lazy\" decoding=\"async\" class=\"variable-item-image\"  aria-hidden=\"true\" alt=\"Rotraud\" src=\"https:\/\/webshop.annemiekoenen.com\/wp-content\/uploads\/sites\/2\/2021\/03\/Borduurgaren-Zijdeperle-nr.-2-14-Rotraud-scaled-e1615360173812.jpg\" width=\"37\" height=\"50\" \/><\/div><\/li><li aria-checked=\"false\" tabindex=\"0\" data-attribute_name=\"attribute_pa_zijdeperle-nr-2\" data-wvstooltip=\"Ruby\" class=\"variable-item image-variable-item image-variable-item-ruby-de \" title=\"Ruby\" data-title=\"Ruby\" data-value=\"ruby-de\" role=\"radio\" tabindex=\"0\"><div class=\"variable-item-contents\"><img loading=\"lazy\" decoding=\"async\" class=\"variable-item-image\"  aria-hidden=\"true\" alt=\"Ruby\" src=\"https:\/\/webshop.annemiekoenen.com\/wp-content\/uploads\/sites\/2\/2021\/03\/Borduurgaren-Zijdeperle-nr.-2-04-Ruby-scaled-e1615358809972.jpg\" width=\"38\" height=\"50\" \/><\/div><\/li><li aria-checked=\"false\" tabindex=\"0\" data-attribute_name=\"attribute_pa_zijdeperle-nr-2\" data-wvstooltip=\"Schwarz\" class=\"variable-item image-variable-item image-variable-item-schwarz \" title=\"Schwarz\" data-title=\"Schwarz\" data-value=\"schwarz\" role=\"radio\" tabindex=\"0\"><div class=\"variable-item-contents\"><img loading=\"lazy\" decoding=\"async\" class=\"variable-item-image\"  aria-hidden=\"true\" alt=\"Schwarz\" src=\"https:\/\/webshop.annemiekoenen.com\/wp-content\/uploads\/sites\/2\/2021\/04\/Borduurgarens-Zijdeperle-nr.-2-26-Zwart-scaled-e1617551278913.jpg\" width=\"38\" height=\"50\" \/><\/div><\/li><li aria-checked=\"false\" tabindex=\"0\" data-attribute_name=\"attribute_pa_zijdeperle-nr-2\" data-wvstooltip=\"Smoke\" class=\"variable-item image-variable-item image-variable-item-smoke-de \" title=\"Smoke\" data-title=\"Smoke\" data-value=\"smoke-de\" role=\"radio\" tabindex=\"0\"><div class=\"variable-item-contents\"><img loading=\"lazy\" decoding=\"async\" class=\"variable-item-image\"  aria-hidden=\"true\" alt=\"Smoke\" src=\"https:\/\/webshop.annemiekoenen.com\/wp-content\/uploads\/sites\/2\/2021\/05\/Borduurgarens-Zijdeperle-nr.-2-23-Smoke-scaled-e1619864641615.jpg\" width=\"38\" height=\"50\" \/><\/div><\/li><li aria-checked=\"false\" tabindex=\"0\" data-attribute_name=\"attribute_pa_zijdeperle-nr-2\" data-wvstooltip=\"Smoke mit viel Wei\u00df\" class=\"variable-item image-variable-item image-variable-item-smoke-mit-viel-weis \" title=\"Smoke mit viel Wei\u00df\" data-title=\"Smoke mit viel Wei\u00df\" data-value=\"smoke-mit-viel-weis\" role=\"radio\" tabindex=\"0\"><div class=\"variable-item-contents\"><img loading=\"lazy\" decoding=\"async\" class=\"variable-item-image\"  aria-hidden=\"true\" alt=\"Smoke mit viel Wei\u00df\" src=\"https:\/\/webshop.annemiekoenen.com\/wp-content\/uploads\/sites\/2\/2021\/05\/Borduurgarens-Zijdeperle-nr.-2-24-Smoke-met-veel-wit-scaled-e1619864721654.jpg\" width=\"38\" height=\"50\" \/><\/div><\/li><li aria-checked=\"false\" tabindex=\"0\" data-attribute_name=\"attribute_pa_zijdeperle-nr-2\" data-wvstooltip=\"Summer\" class=\"variable-item image-variable-item image-variable-item-summer-de \" title=\"Summer\" data-title=\"Summer\" data-value=\"summer-de\" role=\"radio\" tabindex=\"0\"><div class=\"variable-item-contents\"><img loading=\"lazy\" decoding=\"async\" class=\"variable-item-image\"  aria-hidden=\"true\" alt=\"Summer\" src=\"https:\/\/webshop.annemiekoenen.com\/wp-content\/uploads\/sites\/2\/2021\/03\/Borduurgaren-Zijdeperle-nr.-2-06-Summer-scaled-e1615359476646.jpg\" width=\"37\" height=\"50\" \/><\/div><\/li><li aria-checked=\"false\" tabindex=\"0\" data-attribute_name=\"attribute_pa_zijdeperle-nr-2\" data-wvstooltip=\"Sunshine\" class=\"variable-item image-variable-item image-variable-item-sunshine-de \" title=\"Sunshine\" data-title=\"Sunshine\" data-value=\"sunshine-de\" role=\"radio\" tabindex=\"0\"><div class=\"variable-item-contents\"><img loading=\"lazy\" decoding=\"async\" class=\"variable-item-image\"  aria-hidden=\"true\" alt=\"Sunshine\" src=\"https:\/\/webshop.annemiekoenen.com\/wp-content\/uploads\/sites\/2\/2021\/03\/Borduurgaren-Zijdeperle-nr.-2-01-Sunshine-scaled-e1615358600428.jpg\" width=\"38\" height=\"50\" \/><\/div><\/li><li aria-checked=\"false\" tabindex=\"0\" data-attribute_name=\"attribute_pa_zijdeperle-nr-2\" data-wvstooltip=\"Turmalin\" class=\"variable-item image-variable-item image-variable-item-turmalin-de \" title=\"Turmalin\" data-title=\"Turmalin\" data-value=\"turmalin-de\" role=\"radio\" tabindex=\"0\"><div class=\"variable-item-contents\"><img loading=\"lazy\" decoding=\"async\" class=\"variable-item-image\"  aria-hidden=\"true\" alt=\"Turmalin\" src=\"https:\/\/webshop.annemiekoenen.com\/wp-content\/uploads\/sites\/2\/2021\/03\/Borduurgaren-Zijdeperle-nr.-2-12-Turmalin-scaled-e1615359960300.jpg\" width=\"38\" height=\"50\" \/><\/div><\/li><li aria-checked=\"false\" tabindex=\"0\" data-attribute_name=\"attribute_pa_zijdeperle-nr-2\" data-wvstooltip=\"Violett\" class=\"variable-item image-variable-item image-variable-item-violett \" title=\"Violett\" data-title=\"Violett\" data-value=\"violett\" role=\"radio\" tabindex=\"0\"><div class=\"variable-item-contents\"><img loading=\"lazy\" decoding=\"async\" class=\"variable-item-image\"  aria-hidden=\"true\" alt=\"Violett\" src=\"https:\/\/webshop.annemiekoenen.com\/wp-content\/uploads\/sites\/2\/2021\/03\/Borduurgaren-Zijdeperle-nr.-2-08-Violet-scaled-e1615359681883.jpg\" width=\"38\" height=\"50\" \/><\/div><\/li><li aria-checked=\"false\" tabindex=\"0\" data-attribute_name=\"attribute_pa_zijdeperle-nr-2\" data-wvstooltip=\"Wei\u00df\" class=\"variable-item image-variable-item image-variable-item-weis \" title=\"Wei\u00df\" data-title=\"Wei\u00df\" data-value=\"weis\" role=\"radio\" tabindex=\"0\"><div class=\"variable-item-contents\"><img loading=\"lazy\" decoding=\"async\" class=\"variable-item-image\"  aria-hidden=\"true\" alt=\"Wei\u00df\" src=\"https:\/\/webshop.annemiekoenen.com\/wp-content\/uploads\/sites\/2\/2021\/03\/Borduurgaren-Zijdeperle-nr.-2-25-Wit-scaled-e1615361227292.jpg\" width=\"38\" height=\"50\" \/><\/div><\/li><\/ul><a class=\"reset_variations\" href=\"#\" aria-label=\"Optionen l\u00f6schen\">Zur\u00fccksetzen<\/a>\t\t\t\t\t\t<\/td>\n\t\t\t\t\t<\/tr>\n\t\t\t\t\t\t\t<\/tbody>\n\t\t<\/table>\n\t\t<div class=\"reset_variations_alert screen-reader-text\" role=\"alert\" aria-live=\"polite\" aria-relevant=\"all\"><\/div>\n\t\t\t\t\n\t\t<div class=\"single_variation_wrap\">\n\t\t\t<div class=\"woocommerce-variation single_variation\" role=\"alert\" aria-relevant=\"additions\"><\/div><div class=\"woocommerce-variation-add-to-cart variations_button\">\n\t\n\t<div class=\"quantity\">\n\t\t<label class=\"screen-reader-text\" for=\"quantity_6a960a911c803\">Seidenperl\u00e9 Nr. 2 Menge<\/label>\n\t<input\n\t\ttype=\"number\"\n\t\t\t\tid=\"quantity_6a960a911c803\"\n\t\tclass=\"input-text qty text\"\n\t\tname=\"quantity\"\n\t\tvalue=\"1\"\n\t\taria-label=\"Produktmenge\"\n\t\t\t\tmin=\"1\"\n\t\t\t\t\t\t\tstep=\"1\"\n\t\t\tplaceholder=\"\"\n\t\t\tinputmode=\"numeric\"\n\t\t\tautocomplete=\"off\"\n\t\t\t\/>\n\t<\/div>\n\n\t<button type=\"submit\" class=\"single_add_to_cart_button button alt\">In den Warenkorb<\/button>\n\n\t\n\t<input type=\"hidden\" name=\"add-to-cart\" value=\"4027\" \/>\n\t<input type=\"hidden\" name=\"product_id\" value=\"4027\" \/>\n\t<input type=\"hidden\" name=\"variation_id\" class=\"variation_id\" value=\"0\" \/>\n<\/div>\n\t\t<\/div>\n\t\n\t<\/div><\/form>\n\n<div class=\"product_meta\">\n\n\t\n\t\n\t\t<span class=\"sku_wrapper\">Artikelnummer: <span class=\"sku\">n.\u00a0v.<\/span><\/span>\n\n\t\n\t<span class=\"posted_in\">Kategorien: <a href=\"https:\/\/webshop.annemiekoenen.com\/de\/produkt-kategorie\/farbkuche\/\" rel=\"tag\">Farbk\u00fcche<\/a>, <a href=\"https:\/\/webshop.annemiekoenen.com\/de\/produkt-kategorie\/farbkuche\/stickgarn\/\" rel=\"tag\">Stickgarn<\/a><\/span>\n\t\n\t\n<\/div>\n\t<\/div>\n\n\t\n\t<div class=\"woocommerce-tabs wc-tabs-wrapper\">\n\t\t<ul class=\"tabs wc-tabs\" role=\"tablist\">\n\t\t\t\t\t\t\t<li role=\"presentation\" class=\"additional_information_tab\" id=\"tab-title-additional_information\">\n\t\t\t\t\t<a href=\"#tab-additional_information\" role=\"tab\" aria-controls=\"tab-additional_information\">\n\t\t\t\t\t\tZus\u00e4tzliche Informationen\t\t\t\t\t<\/a>\n\t\t\t\t<\/li>\n\t\t\t\t\t<\/ul>\n\t\t\t\t\t<div class=\"woocommerce-Tabs-panel woocommerce-Tabs-panel--additional_information panel entry-content wc-tab\" id=\"tab-additional_information\" role=\"tabpanel\" aria-labelledby=\"tab-title-additional_information\">\n\t\t\t\t\n\t<h2>Zus\u00e4tzliche Informationen<\/h2>\n\n<table class=\"woocommerce-product-attributes shop_attributes\" aria-label=\"Produktdetails\">\n\t\t\t<tr class=\"woocommerce-product-attributes-item woocommerce-product-attributes-item--weight\">\n\t\t\t<th class=\"woocommerce-product-attributes-item__label\" scope=\"row\">Gewicht<\/th>\n\t\t\t<td class=\"woocommerce-product-attributes-item__value\">3 g<\/td>\n\t\t<\/tr>\n\t\t\t<tr class=\"woocommerce-product-attributes-item woocommerce-product-attributes-item--dimensions\">\n\t\t\t<th class=\"woocommerce-product-attributes-item__label\" scope=\"row\">Ma\u00dfe<\/th>\n\t\t\t<td class=\"woocommerce-product-attributes-item__value\">n.\u00a0v.<\/td>\n\t\t<\/tr>\n\t\t\t<tr class=\"woocommerce-product-attributes-item woocommerce-product-attributes-item--attribute_pa_zijdeperle-nr-2\">\n\t\t\t<th class=\"woocommerce-product-attributes-item__label\" scope=\"row\">Zijdeperl\u00e9 nr. 2<\/th>\n\t\t\t<td class=\"woocommerce-product-attributes-item__value\"><p>Baby blau, Baby rosa, Blue green, Blue ocean, Denim, Fire, Flames, Forest, Fuchsie, Genesis, Limette, Louise, Magic, Ocean, Ocker, Petrol, Rotraud, Ruby, Schwarz, Smoke, Smoke mit viel Wei\u00df, Summer, Sunshine, Turmalin, Violett, Wei\u00df<\/p>\n<\/td>\n\t\t<\/tr>\n\t<\/table>\n\t\t\t<\/div>\n\t\t\n\t\t\t<\/div>\n\n\n\t<section class=\"related products\">\n\n\t\t\t\t\t<h2>\u00c4hnliche Produkte<\/h2>\n\t\t\t\t<ul class=\"products columns-3\">\n\n\t\t\t\n\t\t\t\t\t<li class=\"product type-product post-9368 status-publish first instock product_cat-diy-filz-pakete product_cat-farbkuche has-post-thumbnail taxable shipping-taxable purchasable product-type-variable\">\n\t<a href=\"https:\/\/webshop.annemiekoenen.com\/de\/laden\/farbkuche\/diy-filz-pakete\/armband-starterpaket\/\" class=\"woocommerce-LoopProduct-link woocommerce-loop-product__link\"><img loading=\"lazy\" decoding=\"async\" width=\"324\" height=\"324\" src=\"https:\/\/webshop.annemiekoenen.com\/wp-content\/uploads\/sites\/2\/2023\/04\/2023-04-06_21.42.44-324x324.jpg\" class=\"attachment-woocommerce_thumbnail size-woocommerce_thumbnail\" alt=\"Armbandpaket\" srcset=\"https:\/\/webshop.annemiekoenen.com\/wp-content\/uploads\/sites\/2\/2023\/04\/2023-04-06_21.42.44-324x324.jpg 324w, https:\/\/webshop.annemiekoenen.com\/wp-content\/uploads\/sites\/2\/2023\/04\/2023-04-06_21.42.44-300x300.jpg 300w, https:\/\/webshop.annemiekoenen.com\/wp-content\/uploads\/sites\/2\/2023\/04\/2023-04-06_21.42.44-1024x1024.jpg 1024w, https:\/\/webshop.annemiekoenen.com\/wp-content\/uploads\/sites\/2\/2023\/04\/2023-04-06_21.42.44-150x150.jpg 150w, https:\/\/webshop.annemiekoenen.com\/wp-content\/uploads\/sites\/2\/2023\/04\/2023-04-06_21.42.44-768x768.jpg 768w, https:\/\/webshop.annemiekoenen.com\/wp-content\/uploads\/sites\/2\/2023\/04\/2023-04-06_21.42.44-416x416.jpg 416w, https:\/\/webshop.annemiekoenen.com\/wp-content\/uploads\/sites\/2\/2023\/04\/2023-04-06_21.42.44-100x100.jpg 100w, https:\/\/webshop.annemiekoenen.com\/wp-content\/uploads\/sites\/2\/2023\/04\/2023-04-06_21.42.44-50x50.jpg 50w, https:\/\/webshop.annemiekoenen.com\/wp-content\/uploads\/sites\/2\/2023\/04\/2023-04-06_21.42.44.jpg 1080w\" sizes=\"(max-width: 324px) 100vw, 324px\" \/><h2 class=\"woocommerce-loop-product__title\">Armbandpaket<\/h2>\n\t<span class=\"price\"><span class=\"woocommerce-Price-amount amount\"><bdi><span class=\"woocommerce-Price-currencySymbol\" translate=\"no\">&euro;<\/span>9.95<\/bdi><\/span><\/span>\n<\/a><a href=\"https:\/\/webshop.annemiekoenen.com\/de\/laden\/farbkuche\/diy-filz-pakete\/armband-starterpaket\/\" aria-describedby=\"woocommerce_loop_add_to_cart_link_describedby_9368\" data-quantity=\"1\" class=\"button product_type_variable add_to_cart_button\" data-product_id=\"9368\" data-product_sku=\"\" aria-label=\"W\u00e4hle Optionen f\u00fcr \u201eArmbandpaket\u201c\" rel=\"nofollow\">Ausf\u00fchrung w\u00e4hlen<\/a>\t<span id=\"woocommerce_loop_add_to_cart_link_describedby_9368\" class=\"screen-reader-text\">\n\t\tDieses Produkt weist mehrere Varianten auf. Die Optionen k\u00f6nnen auf der Produktseite gew\u00e4hlt werden\t<\/span>\n<\/li>\n\n\t\t\t\n\t\t\t\t\t<li class=\"product type-product post-3610 status-publish instock product_cat-farbkuche product_cat-stickgarn has-post-thumbnail taxable shipping-taxable purchasable product-type-variable\">\n\t<a href=\"https:\/\/webshop.annemiekoenen.com\/de\/laden\/farbkuche\/stickgarn\/wolle\/\" class=\"woocommerce-LoopProduct-link woocommerce-loop-product__link\"><img loading=\"lazy\" decoding=\"async\" width=\"324\" height=\"324\" src=\"https:\/\/webshop.annemiekoenen.com\/wp-content\/uploads\/sites\/2\/2021\/03\/Borduurgaren-Kleurenspectrum-Wol-scaled-e1615384834974-324x324.jpg\" class=\"attachment-woocommerce_thumbnail size-woocommerce_thumbnail\" alt=\"Wolle\" srcset=\"https:\/\/webshop.annemiekoenen.com\/wp-content\/uploads\/sites\/2\/2021\/03\/Borduurgaren-Kleurenspectrum-Wol-scaled-e1615384834974-324x324.jpg 324w, https:\/\/webshop.annemiekoenen.com\/wp-content\/uploads\/sites\/2\/2021\/03\/Borduurgaren-Kleurenspectrum-Wol-scaled-e1615384834974-150x150.jpg 150w, https:\/\/webshop.annemiekoenen.com\/wp-content\/uploads\/sites\/2\/2021\/03\/Borduurgaren-Kleurenspectrum-Wol-scaled-e1615384834974-100x100.jpg 100w, https:\/\/webshop.annemiekoenen.com\/wp-content\/uploads\/sites\/2\/2021\/03\/Borduurgaren-Kleurenspectrum-Wol-scaled-e1615384834974-300x300.jpg 300w\" sizes=\"(max-width: 324px) 100vw, 324px\" \/><h2 class=\"woocommerce-loop-product__title\">Wolle<\/h2>\n\t<span class=\"price\"><span class=\"woocommerce-Price-amount amount\"><bdi><span class=\"woocommerce-Price-currencySymbol\" translate=\"no\">&euro;<\/span>2.65<\/bdi><\/span><\/span>\n<\/a><a href=\"https:\/\/webshop.annemiekoenen.com\/de\/laden\/farbkuche\/stickgarn\/wolle\/\" aria-describedby=\"woocommerce_loop_add_to_cart_link_describedby_3610\" data-quantity=\"1\" class=\"button product_type_variable add_to_cart_button\" data-product_id=\"3610\" data-product_sku=\"\" aria-label=\"W\u00e4hle Optionen f\u00fcr \u201eWolle\u201c\" rel=\"nofollow\">Ausf\u00fchrung w\u00e4hlen<\/a>\t<span id=\"woocommerce_loop_add_to_cart_link_describedby_3610\" class=\"screen-reader-text\">\n\t\tDieses Produkt weist mehrere Varianten auf. Die Optionen k\u00f6nnen auf der Produktseite gew\u00e4hlt werden\t<\/span>\n<\/li>\n\n\t\t\t\n\t\t\t\t\t<li class=\"product type-product post-3657 status-publish last instock product_cat-farbkuche product_cat-stickgarn has-post-thumbnail taxable shipping-taxable purchasable product-type-variable\">\n\t<a href=\"https:\/\/webshop.annemiekoenen.com\/de\/laden\/farbkuche\/stickgarn\/seide-spaltgarn\/\" class=\"woocommerce-LoopProduct-link woocommerce-loop-product__link\"><img loading=\"lazy\" decoding=\"async\" width=\"324\" height=\"324\" src=\"https:\/\/webshop.annemiekoenen.com\/wp-content\/uploads\/sites\/2\/2021\/03\/Borduurgaren-Kleurenspectrum-Zijde-splijtgaren-scaled-e1615308607345-324x324.jpg\" class=\"attachment-woocommerce_thumbnail size-woocommerce_thumbnail\" alt=\"Seidenspaltgarn\" srcset=\"https:\/\/webshop.annemiekoenen.com\/wp-content\/uploads\/sites\/2\/2021\/03\/Borduurgaren-Kleurenspectrum-Zijde-splijtgaren-scaled-e1615308607345-324x324.jpg 324w, https:\/\/webshop.annemiekoenen.com\/wp-content\/uploads\/sites\/2\/2021\/03\/Borduurgaren-Kleurenspectrum-Zijde-splijtgaren-scaled-e1615308607345-150x150.jpg 150w, https:\/\/webshop.annemiekoenen.com\/wp-content\/uploads\/sites\/2\/2021\/03\/Borduurgaren-Kleurenspectrum-Zijde-splijtgaren-scaled-e1615308607345-100x100.jpg 100w, https:\/\/webshop.annemiekoenen.com\/wp-content\/uploads\/sites\/2\/2021\/03\/Borduurgaren-Kleurenspectrum-Zijde-splijtgaren-scaled-e1615308607345-300x300.jpg 300w\" sizes=\"(max-width: 324px) 100vw, 324px\" \/><h2 class=\"woocommerce-loop-product__title\">Seidenspaltgarn<\/h2>\n\t<span class=\"price\"><span class=\"woocommerce-Price-amount amount\"><bdi><span class=\"woocommerce-Price-currencySymbol\" translate=\"no\">&euro;<\/span>3.45<\/bdi><\/span><\/span>\n<\/a><a href=\"https:\/\/webshop.annemiekoenen.com\/de\/laden\/farbkuche\/stickgarn\/seide-spaltgarn\/\" aria-describedby=\"woocommerce_loop_add_to_cart_link_describedby_3657\" data-quantity=\"1\" class=\"button product_type_variable add_to_cart_button\" data-product_id=\"3657\" data-product_sku=\"\" aria-label=\"W\u00e4hle Optionen f\u00fcr \u201eSeidenspaltgarn\u201c\" rel=\"nofollow\">Ausf\u00fchrung w\u00e4hlen<\/a>\t<span id=\"woocommerce_loop_add_to_cart_link_describedby_3657\" class=\"screen-reader-text\">\n\t\tDieses Produkt weist mehrere Varianten auf. Die Optionen k\u00f6nnen auf der Produktseite gew\u00e4hlt werden\t<\/span>\n<\/li>\n\n\t\t\t\n\t\t<\/ul>\n\n\t<\/section>\n\t\t\t<nav class=\"storefront-product-pagination\" aria-label=\"Mehr Produkte\">\n\t\t\t\t\t\t\t<a href=\"https:\/\/webshop.annemiekoenen.com\/de\/laden\/farbkuche\/stickgarn\/seidenperle\/\" rel=\"prev\">\n\t\t\t\t\t<img loading=\"lazy\" decoding=\"async\" width=\"324\" height=\"324\" src=\"https:\/\/webshop.annemiekoenen.com\/wp-content\/uploads\/sites\/2\/2021\/03\/Borduurgaren-Kleurenspectrum-Zijdeperle-3-scaled-e1615313723450-324x324.jpg\" class=\"attachment-woocommerce_thumbnail size-woocommerce_thumbnail\" alt=\"Seidenperl\u00e9\" \/>\t\t\t\t\t<span class=\"storefront-product-pagination__title\">Seidenperl\u00e9<\/span>\n\t\t\t\t<\/a>\n\t\t\t\n\t\t\t\t\t\t\t<a href=\"https:\/\/webshop.annemiekoenen.com\/de\/laden\/farbkuche\/stickgarn\/wolle\/\" rel=\"next\">\n\t\t\t\t\t<img loading=\"lazy\" decoding=\"async\" width=\"324\" height=\"324\" src=\"https:\/\/webshop.annemiekoenen.com\/wp-content\/uploads\/sites\/2\/2021\/03\/Borduurgaren-Kleurenspectrum-Wol-scaled-e1615384834974-324x324.jpg\" class=\"attachment-woocommerce_thumbnail size-woocommerce_thumbnail\" alt=\"Wolle\" \/>\t\t\t\t\t<span class=\"storefront-product-pagination__title\">Wolle<\/span>\n\t\t\t\t<\/a>\n\t\t\t\t\t<\/nav><!-- .storefront-product-pagination -->\n\t\t<\/div>\n\n\t\t\t<\/div>\n\t\t\t<\/div><\/p>\n\n<p class=\"has-text-align-center has-vivid-green-cyan-background-color has-background wp-block-paragraph\"><strong><strong><strong><strong>Stickgarne<\/strong><\/strong><\/strong><\/strong> <strong><strong>nach Belieben<\/strong><\/strong><br \/>Seide Nopp\u00e9<\/p>\n\n<p class=\"wp-block-paragraph\"><div class=\"woocommerce\">\t\t\t<div class=\"single-product\" data-product-page-preselected-id=\"0\">\n\t\t\t\t<div class=\"woocommerce-notices-wrapper\"><\/div><div id=\"product-3869\" class=\"product type-product post-3869 status-publish first instock product_cat-farbkuche product_cat-stickgarn has-post-thumbnail taxable shipping-taxable purchasable product-type-variable\">\n\n\t<div class=\"woocommerce-product-gallery woocommerce-product-gallery--with-images woocommerce-product-gallery--columns-5 images\" data-columns=\"5\" style=\"opacity: 0; transition: opacity .25s ease-in-out;\">\n\t<div class=\"woocommerce-product-gallery__wrapper\">\n\t\t<div data-thumb=\"https:\/\/webshop.annemiekoenen.com\/wp-content\/uploads\/sites\/2\/2021\/03\/Borduurgaren-Kleurenspectrum-Zijdenoppe-scaled-e1614951285662-100x100.jpg\" data-thumb-alt=\"Seide Nopp\u00e9\" data-thumb-srcset=\"https:\/\/webshop.annemiekoenen.com\/wp-content\/uploads\/sites\/2\/2021\/03\/Borduurgaren-Kleurenspectrum-Zijdenoppe-scaled-e1614951285662-100x100.jpg 100w, https:\/\/webshop.annemiekoenen.com\/wp-content\/uploads\/sites\/2\/2021\/03\/Borduurgaren-Kleurenspectrum-Zijdenoppe-scaled-e1614951285662-150x150.jpg 150w, https:\/\/webshop.annemiekoenen.com\/wp-content\/uploads\/sites\/2\/2021\/03\/Borduurgaren-Kleurenspectrum-Zijdenoppe-scaled-e1614951285662-324x324.jpg 324w, https:\/\/webshop.annemiekoenen.com\/wp-content\/uploads\/sites\/2\/2021\/03\/Borduurgaren-Kleurenspectrum-Zijdenoppe-scaled-e1614951285662-300x300.jpg 300w\"  data-thumb-sizes=\"(max-width: 100px) 100vw, 100px\" class=\"woocommerce-product-gallery__image\"><a href=\"https:\/\/webshop.annemiekoenen.com\/wp-content\/uploads\/sites\/2\/2021\/03\/Borduurgaren-Kleurenspectrum-Zijdenoppe-scaled-e1614951285662.jpg\"><img loading=\"lazy\" decoding=\"async\" width=\"416\" height=\"312\" src=\"https:\/\/webshop.annemiekoenen.com\/wp-content\/uploads\/sites\/2\/2021\/03\/Borduurgaren-Kleurenspectrum-Zijdenoppe-scaled-e1614951285662-600x450.jpg\" class=\"wp-post-image\" alt=\"Seide Nopp\u00e9\" data-caption=\"\" data-src=\"https:\/\/webshop.annemiekoenen.com\/wp-content\/uploads\/sites\/2\/2021\/03\/Borduurgaren-Kleurenspectrum-Zijdenoppe-scaled-e1614951285662.jpg\" data-large_image=\"https:\/\/webshop.annemiekoenen.com\/wp-content\/uploads\/sites\/2\/2021\/03\/Borduurgaren-Kleurenspectrum-Zijdenoppe-scaled-e1614951285662.jpg\" data-large_image_width=\"1766\" data-large_image_height=\"1324\" srcset=\"https:\/\/webshop.annemiekoenen.com\/wp-content\/uploads\/sites\/2\/2021\/03\/Borduurgaren-Kleurenspectrum-Zijdenoppe-scaled-e1614951285662-600x450.jpg 600w, https:\/\/webshop.annemiekoenen.com\/wp-content\/uploads\/sites\/2\/2021\/03\/Borduurgaren-Kleurenspectrum-Zijdenoppe-scaled-e1614951285662-300x225.jpg 300w, https:\/\/webshop.annemiekoenen.com\/wp-content\/uploads\/sites\/2\/2021\/03\/Borduurgaren-Kleurenspectrum-Zijdenoppe-scaled-e1614951285662-1024x768.jpg 1024w, https:\/\/webshop.annemiekoenen.com\/wp-content\/uploads\/sites\/2\/2021\/03\/Borduurgaren-Kleurenspectrum-Zijdenoppe-scaled-e1614951285662-768x576.jpg 768w, https:\/\/webshop.annemiekoenen.com\/wp-content\/uploads\/sites\/2\/2021\/03\/Borduurgaren-Kleurenspectrum-Zijdenoppe-scaled-e1614951285662-1536x1152.jpg 1536w, https:\/\/webshop.annemiekoenen.com\/wp-content\/uploads\/sites\/2\/2021\/03\/Borduurgaren-Kleurenspectrum-Zijdenoppe-scaled-e1614951285662.jpg 1766w\" sizes=\"(max-width: 416px) 100vw, 416px\" \/><\/a><\/div>\t<\/div>\n<\/div>\n\n\t<div class=\"summary entry-summary\">\n\t\t<h1 class=\"product_title entry-title\">Seide Nopp\u00e9<\/h1><p class=\"price\"><span class=\"woocommerce-Price-amount amount\"><bdi><span class=\"woocommerce-Price-currencySymbol\" translate=\"no\">&euro;<\/span>2.45<\/bdi><\/span><\/p>\n<div class=\"woocommerce-product-details__short-description\">\n\t<p>10 Meter<\/p>\n<\/div>\n\n<form class=\"variations_form cart\" action=\"\" method=\"post\" enctype='multipart\/form-data' data-product_id=\"3869\" data-product_variations=\"[{&quot;attributes&quot;:{&quot;attribute_pa_zijdenoppe&quot;:&quot;sunshine-de&quot;},&quot;availability_html&quot;:&quot;&lt;p class=\\&quot;stock in-stock\\&quot;&gt;10 vorr\\u00e4tig (kann nachbestellt werden)&lt;\\\/p&gt;\\n&quot;,&quot;backorders_allowed&quot;:true,&quot;dimensions&quot;:{&quot;length&quot;:&quot;1000&quot;,&quot;width&quot;:&quot;&quot;,&quot;height&quot;:&quot;&quot;},&quot;dimensions_html&quot;:&quot;1000 cm&quot;,&quot;display_price&quot;:2.45,&quot;display_regular_price&quot;:2.45,&quot;gallery_image_ids&quot;:[],&quot;gallery_images_html&quot;:&quot;&quot;,&quot;image&quot;:{&quot;title&quot;:&quot;Borduurgaren Zijdenopp\\u00e9 - 01 Sunshine&quot;,&quot;caption&quot;:&quot;&quot;,&quot;url&quot;:&quot;https:\\\/\\\/webshop.annemiekoenen.com\\\/wp-content\\\/uploads\\\/sites\\\/2\\\/2021\\\/03\\\/Borduurgaren-Zijdenoppe-01-Sunshine-scaled-e1614946181861.jpg&quot;,&quot;alt&quot;:&quot;Borduurgaren Zijdenopp\\u00e9 - 01 Sunshine&quot;,&quot;src&quot;:&quot;https:\\\/\\\/webshop.annemiekoenen.com\\\/wp-content\\\/uploads\\\/sites\\\/2\\\/2021\\\/03\\\/Borduurgaren-Zijdenoppe-01-Sunshine-scaled-e1614946181861-600x801.jpg&quot;,&quot;srcset&quot;:&quot;https:\\\/\\\/webshop.annemiekoenen.com\\\/wp-content\\\/uploads\\\/sites\\\/2\\\/2021\\\/03\\\/Borduurgaren-Zijdenoppe-01-Sunshine-scaled-e1614946181861-600x801.jpg 600w, https:\\\/\\\/webshop.annemiekoenen.com\\\/wp-content\\\/uploads\\\/sites\\\/2\\\/2021\\\/03\\\/Borduurgaren-Zijdenoppe-01-Sunshine-scaled-e1614946181861-225x300.jpg 225w, https:\\\/\\\/webshop.annemiekoenen.com\\\/wp-content\\\/uploads\\\/sites\\\/2\\\/2021\\\/03\\\/Borduurgaren-Zijdenoppe-01-Sunshine-scaled-e1614946181861-767x1024.jpg 767w, https:\\\/\\\/webshop.annemiekoenen.com\\\/wp-content\\\/uploads\\\/sites\\\/2\\\/2021\\\/03\\\/Borduurgaren-Zijdenoppe-01-Sunshine-scaled-e1614946181861-768x1025.jpg 768w, https:\\\/\\\/webshop.annemiekoenen.com\\\/wp-content\\\/uploads\\\/sites\\\/2\\\/2021\\\/03\\\/Borduurgaren-Zijdenoppe-01-Sunshine-scaled-e1614946181861-1150x1536.jpg 1150w, https:\\\/\\\/webshop.annemiekoenen.com\\\/wp-content\\\/uploads\\\/sites\\\/2\\\/2021\\\/03\\\/Borduurgaren-Zijdenoppe-01-Sunshine-scaled-e1614946181861.jpg 1510w&quot;,&quot;sizes&quot;:&quot;(max-width: 416px) 100vw, 416px&quot;,&quot;full_src&quot;:&quot;https:\\\/\\\/webshop.annemiekoenen.com\\\/wp-content\\\/uploads\\\/sites\\\/2\\\/2021\\\/03\\\/Borduurgaren-Zijdenoppe-01-Sunshine-scaled-e1614946181861.jpg&quot;,&quot;full_src_w&quot;:1510,&quot;full_src_h&quot;:2016,&quot;gallery_thumbnail_src&quot;:&quot;https:\\\/\\\/webshop.annemiekoenen.com\\\/wp-content\\\/uploads\\\/sites\\\/2\\\/2021\\\/03\\\/Borduurgaren-Zijdenoppe-01-Sunshine-scaled-e1614946181861-100x100.jpg&quot;,&quot;gallery_thumbnail_src_w&quot;:100,&quot;gallery_thumbnail_src_h&quot;:100,&quot;thumb_src&quot;:&quot;https:\\\/\\\/webshop.annemiekoenen.com\\\/wp-content\\\/uploads\\\/sites\\\/2\\\/2021\\\/03\\\/Borduurgaren-Zijdenoppe-01-Sunshine-scaled-e1614946181861-324x324.jpg&quot;,&quot;thumb_src_w&quot;:324,&quot;thumb_src_h&quot;:324,&quot;src_w&quot;:416,&quot;src_h&quot;:555},&quot;image_id&quot;:443,&quot;is_downloadable&quot;:false,&quot;is_in_stock&quot;:true,&quot;is_purchasable&quot;:true,&quot;is_sold_individually&quot;:&quot;no&quot;,&quot;is_virtual&quot;:false,&quot;max_qty&quot;:&quot;&quot;,&quot;min_qty&quot;:1,&quot;price_html&quot;:&quot;&quot;,&quot;sku&quot;:&quot;41BG01&quot;,&quot;variation_description&quot;:&quot;&quot;,&quot;variation_id&quot;:3870,&quot;variation_is_active&quot;:true,&quot;variation_is_visible&quot;:true,&quot;weight&quot;:&quot;4&quot;,&quot;weight_html&quot;:&quot;4 g&quot;},{&quot;attributes&quot;:{&quot;attribute_pa_zijdenoppe&quot;:&quot;ocker&quot;},&quot;availability_html&quot;:&quot;&lt;p class=\\&quot;stock in-stock\\&quot;&gt;7 vorr\\u00e4tig (kann nachbestellt werden)&lt;\\\/p&gt;\\n&quot;,&quot;backorders_allowed&quot;:true,&quot;dimensions&quot;:{&quot;length&quot;:&quot;1000&quot;,&quot;width&quot;:&quot;&quot;,&quot;height&quot;:&quot;&quot;},&quot;dimensions_html&quot;:&quot;1000 cm&quot;,&quot;display_price&quot;:2.45,&quot;display_regular_price&quot;:2.45,&quot;gallery_image_ids&quot;:[],&quot;gallery_images_html&quot;:&quot;&quot;,&quot;image&quot;:{&quot;title&quot;:&quot;Borduurgaren Zijdenopp\\u00e9 - 02 Oker&quot;,&quot;caption&quot;:&quot;&quot;,&quot;url&quot;:&quot;https:\\\/\\\/webshop.annemiekoenen.com\\\/wp-content\\\/uploads\\\/sites\\\/2\\\/2021\\\/03\\\/Borduurgaren-Zijdenoppe-02-Oker-scaled-e1614946449404.jpg&quot;,&quot;alt&quot;:&quot;Borduurgaren Zijdenopp\\u00e9 - 02 Oker&quot;,&quot;src&quot;:&quot;https:\\\/\\\/webshop.annemiekoenen.com\\\/wp-content\\\/uploads\\\/sites\\\/2\\\/2021\\\/03\\\/Borduurgaren-Zijdenoppe-02-Oker-scaled-e1614946449404-600x799.jpg&quot;,&quot;srcset&quot;:&quot;https:\\\/\\\/webshop.annemiekoenen.com\\\/wp-content\\\/uploads\\\/sites\\\/2\\\/2021\\\/03\\\/Borduurgaren-Zijdenoppe-02-Oker-scaled-e1614946449404-600x799.jpg 600w, https:\\\/\\\/webshop.annemiekoenen.com\\\/wp-content\\\/uploads\\\/sites\\\/2\\\/2021\\\/03\\\/Borduurgaren-Zijdenoppe-02-Oker-scaled-e1614946449404-225x300.jpg 225w, https:\\\/\\\/webshop.annemiekoenen.com\\\/wp-content\\\/uploads\\\/sites\\\/2\\\/2021\\\/03\\\/Borduurgaren-Zijdenoppe-02-Oker-scaled-e1614946449404-769x1024.jpg 769w, https:\\\/\\\/webshop.annemiekoenen.com\\\/wp-content\\\/uploads\\\/sites\\\/2\\\/2021\\\/03\\\/Borduurgaren-Zijdenoppe-02-Oker-scaled-e1614946449404-768x1023.jpg 768w, https:\\\/\\\/webshop.annemiekoenen.com\\\/wp-content\\\/uploads\\\/sites\\\/2\\\/2021\\\/03\\\/Borduurgaren-Zijdenoppe-02-Oker-scaled-e1614946449404-1153x1536.jpg 1153w, https:\\\/\\\/webshop.annemiekoenen.com\\\/wp-content\\\/uploads\\\/sites\\\/2\\\/2021\\\/03\\\/Borduurgaren-Zijdenoppe-02-Oker-scaled-e1614946449404-1538x2048.jpg 1538w, https:\\\/\\\/webshop.annemiekoenen.com\\\/wp-content\\\/uploads\\\/sites\\\/2\\\/2021\\\/03\\\/Borduurgaren-Zijdenoppe-02-Oker-scaled-e1614946449404.jpg 1600w&quot;,&quot;sizes&quot;:&quot;(max-width: 416px) 100vw, 416px&quot;,&quot;full_src&quot;:&quot;https:\\\/\\\/webshop.annemiekoenen.com\\\/wp-content\\\/uploads\\\/sites\\\/2\\\/2021\\\/03\\\/Borduurgaren-Zijdenoppe-02-Oker-scaled-e1614946449404.jpg&quot;,&quot;full_src_w&quot;:1600,&quot;full_src_h&quot;:2131,&quot;gallery_thumbnail_src&quot;:&quot;https:\\\/\\\/webshop.annemiekoenen.com\\\/wp-content\\\/uploads\\\/sites\\\/2\\\/2021\\\/03\\\/Borduurgaren-Zijdenoppe-02-Oker-scaled-e1614946449404-100x100.jpg&quot;,&quot;gallery_thumbnail_src_w&quot;:100,&quot;gallery_thumbnail_src_h&quot;:100,&quot;thumb_src&quot;:&quot;https:\\\/\\\/webshop.annemiekoenen.com\\\/wp-content\\\/uploads\\\/sites\\\/2\\\/2021\\\/03\\\/Borduurgaren-Zijdenoppe-02-Oker-scaled-e1614946449404-324x324.jpg&quot;,&quot;thumb_src_w&quot;:324,&quot;thumb_src_h&quot;:324,&quot;src_w&quot;:416,&quot;src_h&quot;:554},&quot;image_id&quot;:448,&quot;is_downloadable&quot;:false,&quot;is_in_stock&quot;:true,&quot;is_purchasable&quot;:true,&quot;is_sold_individually&quot;:&quot;no&quot;,&quot;is_virtual&quot;:false,&quot;max_qty&quot;:&quot;&quot;,&quot;min_qty&quot;:1,&quot;price_html&quot;:&quot;&quot;,&quot;sku&quot;:&quot;41BG02&quot;,&quot;variation_description&quot;:&quot;&quot;,&quot;variation_id&quot;:3871,&quot;variation_is_active&quot;:true,&quot;variation_is_visible&quot;:true,&quot;weight&quot;:&quot;4&quot;,&quot;weight_html&quot;:&quot;4 g&quot;},{&quot;attributes&quot;:{&quot;attribute_pa_zijdenoppe&quot;:&quot;flames-de&quot;},&quot;availability_html&quot;:&quot;&lt;p class=\\&quot;stock in-stock\\&quot;&gt;7 vorr\\u00e4tig (kann nachbestellt werden)&lt;\\\/p&gt;\\n&quot;,&quot;backorders_allowed&quot;:true,&quot;dimensions&quot;:{&quot;length&quot;:&quot;1000&quot;,&quot;width&quot;:&quot;&quot;,&quot;height&quot;:&quot;&quot;},&quot;dimensions_html&quot;:&quot;1000 cm&quot;,&quot;display_price&quot;:2.45,&quot;display_regular_price&quot;:2.45,&quot;gallery_image_ids&quot;:[],&quot;gallery_images_html&quot;:&quot;&quot;,&quot;image&quot;:{&quot;title&quot;:&quot;Borduurgaren Zijdenopp\\u00e9 - 03 Flames&quot;,&quot;caption&quot;:&quot;&quot;,&quot;url&quot;:&quot;https:\\\/\\\/webshop.annemiekoenen.com\\\/wp-content\\\/uploads\\\/sites\\\/2\\\/2021\\\/03\\\/Borduurgaren-Zijdenoppe-03-Flames-scaled-e1614946546365.jpg&quot;,&quot;alt&quot;:&quot;Borduurgaren Zijdenopp\\u00e9 - 03 Flames&quot;,&quot;src&quot;:&quot;https:\\\/\\\/webshop.annemiekoenen.com\\\/wp-content\\\/uploads\\\/sites\\\/2\\\/2021\\\/03\\\/Borduurgaren-Zijdenoppe-03-Flames-scaled-e1614946546365-600x799.jpg&quot;,&quot;srcset&quot;:&quot;https:\\\/\\\/webshop.annemiekoenen.com\\\/wp-content\\\/uploads\\\/sites\\\/2\\\/2021\\\/03\\\/Borduurgaren-Zijdenoppe-03-Flames-scaled-e1614946546365-600x799.jpg 600w, https:\\\/\\\/webshop.annemiekoenen.com\\\/wp-content\\\/uploads\\\/sites\\\/2\\\/2021\\\/03\\\/Borduurgaren-Zijdenoppe-03-Flames-scaled-e1614946546365-225x300.jpg 225w, https:\\\/\\\/webshop.annemiekoenen.com\\\/wp-content\\\/uploads\\\/sites\\\/2\\\/2021\\\/03\\\/Borduurgaren-Zijdenoppe-03-Flames-scaled-e1614946546365-769x1024.jpg 769w, https:\\\/\\\/webshop.annemiekoenen.com\\\/wp-content\\\/uploads\\\/sites\\\/2\\\/2021\\\/03\\\/Borduurgaren-Zijdenoppe-03-Flames-scaled-e1614946546365-768x1023.jpg 768w, https:\\\/\\\/webshop.annemiekoenen.com\\\/wp-content\\\/uploads\\\/sites\\\/2\\\/2021\\\/03\\\/Borduurgaren-Zijdenoppe-03-Flames-scaled-e1614946546365-1153x1536.jpg 1153w, https:\\\/\\\/webshop.annemiekoenen.com\\\/wp-content\\\/uploads\\\/sites\\\/2\\\/2021\\\/03\\\/Borduurgaren-Zijdenoppe-03-Flames-scaled-e1614946546365-1537x2048.jpg 1537w, https:\\\/\\\/webshop.annemiekoenen.com\\\/wp-content\\\/uploads\\\/sites\\\/2\\\/2021\\\/03\\\/Borduurgaren-Zijdenoppe-03-Flames-scaled-e1614946546365.jpg 1676w&quot;,&quot;sizes&quot;:&quot;(max-width: 416px) 100vw, 416px&quot;,&quot;full_src&quot;:&quot;https:\\\/\\\/webshop.annemiekoenen.com\\\/wp-content\\\/uploads\\\/sites\\\/2\\\/2021\\\/03\\\/Borduurgaren-Zijdenoppe-03-Flames-scaled-e1614946546365.jpg&quot;,&quot;full_src_w&quot;:1676,&quot;full_src_h&quot;:2233,&quot;gallery_thumbnail_src&quot;:&quot;https:\\\/\\\/webshop.annemiekoenen.com\\\/wp-content\\\/uploads\\\/sites\\\/2\\\/2021\\\/03\\\/Borduurgaren-Zijdenoppe-03-Flames-scaled-e1614946546365-100x100.jpg&quot;,&quot;gallery_thumbnail_src_w&quot;:100,&quot;gallery_thumbnail_src_h&quot;:100,&quot;thumb_src&quot;:&quot;https:\\\/\\\/webshop.annemiekoenen.com\\\/wp-content\\\/uploads\\\/sites\\\/2\\\/2021\\\/03\\\/Borduurgaren-Zijdenoppe-03-Flames-scaled-e1614946546365-324x324.jpg&quot;,&quot;thumb_src_w&quot;:324,&quot;thumb_src_h&quot;:324,&quot;src_w&quot;:416,&quot;src_h&quot;:554},&quot;image_id&quot;:451,&quot;is_downloadable&quot;:false,&quot;is_in_stock&quot;:true,&quot;is_purchasable&quot;:true,&quot;is_sold_individually&quot;:&quot;no&quot;,&quot;is_virtual&quot;:false,&quot;max_qty&quot;:&quot;&quot;,&quot;min_qty&quot;:1,&quot;price_html&quot;:&quot;&quot;,&quot;sku&quot;:&quot;41BG03&quot;,&quot;variation_description&quot;:&quot;&quot;,&quot;variation_id&quot;:3872,&quot;variation_is_active&quot;:true,&quot;variation_is_visible&quot;:true,&quot;weight&quot;:&quot;4&quot;,&quot;weight_html&quot;:&quot;4 g&quot;},{&quot;attributes&quot;:{&quot;attribute_pa_zijdenoppe&quot;:&quot;ruby-de&quot;},&quot;availability_html&quot;:&quot;&lt;p class=\\&quot;stock in-stock\\&quot;&gt;7 vorr\\u00e4tig (kann nachbestellt werden)&lt;\\\/p&gt;\\n&quot;,&quot;backorders_allowed&quot;:true,&quot;dimensions&quot;:{&quot;length&quot;:&quot;1000&quot;,&quot;width&quot;:&quot;&quot;,&quot;height&quot;:&quot;&quot;},&quot;dimensions_html&quot;:&quot;1000 cm&quot;,&quot;display_price&quot;:2.45,&quot;display_regular_price&quot;:2.45,&quot;gallery_image_ids&quot;:[],&quot;gallery_images_html&quot;:&quot;&quot;,&quot;image&quot;:{&quot;title&quot;:&quot;20220907_144622_copy_312x312&quot;,&quot;caption&quot;:&quot;&quot;,&quot;url&quot;:&quot;https:\\\/\\\/webshop.annemiekoenen.com\\\/wp-content\\\/uploads\\\/sites\\\/2\\\/2022\\\/09\\\/20220907_144622_copy_312x312.jpg&quot;,&quot;alt&quot;:&quot;20220907_144622_copy_312x312&quot;,&quot;src&quot;:&quot;https:\\\/\\\/webshop.annemiekoenen.com\\\/wp-content\\\/uploads\\\/sites\\\/2\\\/2022\\\/09\\\/20220907_144622_copy_312x312.jpg&quot;,&quot;srcset&quot;:&quot;https:\\\/\\\/webshop.annemiekoenen.com\\\/wp-content\\\/uploads\\\/sites\\\/2\\\/2022\\\/09\\\/20220907_144622_copy_312x312.jpg 312w, https:\\\/\\\/webshop.annemiekoenen.com\\\/wp-content\\\/uploads\\\/sites\\\/2\\\/2022\\\/09\\\/20220907_144622_copy_312x312-300x300.jpg 300w, https:\\\/\\\/webshop.annemiekoenen.com\\\/wp-content\\\/uploads\\\/sites\\\/2\\\/2022\\\/09\\\/20220907_144622_copy_312x312-150x150.jpg 150w, https:\\\/\\\/webshop.annemiekoenen.com\\\/wp-content\\\/uploads\\\/sites\\\/2\\\/2022\\\/09\\\/20220907_144622_copy_312x312-100x100.jpg 100w, https:\\\/\\\/webshop.annemiekoenen.com\\\/wp-content\\\/uploads\\\/sites\\\/2\\\/2022\\\/09\\\/20220907_144622_copy_312x312-50x50.jpg 50w&quot;,&quot;sizes&quot;:&quot;(max-width: 312px) 100vw, 312px&quot;,&quot;full_src&quot;:&quot;https:\\\/\\\/webshop.annemiekoenen.com\\\/wp-content\\\/uploads\\\/sites\\\/2\\\/2022\\\/09\\\/20220907_144622_copy_312x312.jpg&quot;,&quot;full_src_w&quot;:312,&quot;full_src_h&quot;:312,&quot;gallery_thumbnail_src&quot;:&quot;https:\\\/\\\/webshop.annemiekoenen.com\\\/wp-content\\\/uploads\\\/sites\\\/2\\\/2022\\\/09\\\/20220907_144622_copy_312x312-100x100.jpg&quot;,&quot;gallery_thumbnail_src_w&quot;:100,&quot;gallery_thumbnail_src_h&quot;:100,&quot;thumb_src&quot;:&quot;https:\\\/\\\/webshop.annemiekoenen.com\\\/wp-content\\\/uploads\\\/sites\\\/2\\\/2022\\\/09\\\/20220907_144622_copy_312x312.jpg&quot;,&quot;thumb_src_w&quot;:312,&quot;thumb_src_h&quot;:312,&quot;src_w&quot;:312,&quot;src_h&quot;:312},&quot;image_id&quot;:7194,&quot;is_downloadable&quot;:false,&quot;is_in_stock&quot;:true,&quot;is_purchasable&quot;:true,&quot;is_sold_individually&quot;:&quot;no&quot;,&quot;is_virtual&quot;:false,&quot;max_qty&quot;:&quot;&quot;,&quot;min_qty&quot;:1,&quot;price_html&quot;:&quot;&quot;,&quot;sku&quot;:&quot;41BG04&quot;,&quot;variation_description&quot;:&quot;&quot;,&quot;variation_id&quot;:3873,&quot;variation_is_active&quot;:true,&quot;variation_is_visible&quot;:true,&quot;weight&quot;:&quot;4&quot;,&quot;weight_html&quot;:&quot;4 g&quot;},{&quot;attributes&quot;:{&quot;attribute_pa_zijdenoppe&quot;:&quot;fire-de&quot;},&quot;availability_html&quot;:&quot;&lt;p class=\\&quot;stock in-stock\\&quot;&gt;7 vorr\\u00e4tig (kann nachbestellt werden)&lt;\\\/p&gt;\\n&quot;,&quot;backorders_allowed&quot;:true,&quot;dimensions&quot;:{&quot;length&quot;:&quot;1000&quot;,&quot;width&quot;:&quot;&quot;,&quot;height&quot;:&quot;&quot;},&quot;dimensions_html&quot;:&quot;1000 cm&quot;,&quot;display_price&quot;:2.45,&quot;display_regular_price&quot;:2.45,&quot;gallery_image_ids&quot;:[],&quot;gallery_images_html&quot;:&quot;&quot;,&quot;image&quot;:{&quot;title&quot;:&quot;20220907_144616_copy_302x302&quot;,&quot;caption&quot;:&quot;&quot;,&quot;url&quot;:&quot;https:\\\/\\\/webshop.annemiekoenen.com\\\/wp-content\\\/uploads\\\/sites\\\/2\\\/2022\\\/09\\\/20220907_144616_copy_302x302.jpg&quot;,&quot;alt&quot;:&quot;20220907_144616_copy_302x302&quot;,&quot;src&quot;:&quot;https:\\\/\\\/webshop.annemiekoenen.com\\\/wp-content\\\/uploads\\\/sites\\\/2\\\/2022\\\/09\\\/20220907_144616_copy_302x302.jpg&quot;,&quot;srcset&quot;:&quot;https:\\\/\\\/webshop.annemiekoenen.com\\\/wp-content\\\/uploads\\\/sites\\\/2\\\/2022\\\/09\\\/20220907_144616_copy_302x302.jpg 302w, https:\\\/\\\/webshop.annemiekoenen.com\\\/wp-content\\\/uploads\\\/sites\\\/2\\\/2022\\\/09\\\/20220907_144616_copy_302x302-300x300.jpg 300w, https:\\\/\\\/webshop.annemiekoenen.com\\\/wp-content\\\/uploads\\\/sites\\\/2\\\/2022\\\/09\\\/20220907_144616_copy_302x302-150x150.jpg 150w, https:\\\/\\\/webshop.annemiekoenen.com\\\/wp-content\\\/uploads\\\/sites\\\/2\\\/2022\\\/09\\\/20220907_144616_copy_302x302-100x100.jpg 100w, https:\\\/\\\/webshop.annemiekoenen.com\\\/wp-content\\\/uploads\\\/sites\\\/2\\\/2022\\\/09\\\/20220907_144616_copy_302x302-50x50.jpg 50w&quot;,&quot;sizes&quot;:&quot;(max-width: 302px) 100vw, 302px&quot;,&quot;full_src&quot;:&quot;https:\\\/\\\/webshop.annemiekoenen.com\\\/wp-content\\\/uploads\\\/sites\\\/2\\\/2022\\\/09\\\/20220907_144616_copy_302x302.jpg&quot;,&quot;full_src_w&quot;:302,&quot;full_src_h&quot;:302,&quot;gallery_thumbnail_src&quot;:&quot;https:\\\/\\\/webshop.annemiekoenen.com\\\/wp-content\\\/uploads\\\/sites\\\/2\\\/2022\\\/09\\\/20220907_144616_copy_302x302-100x100.jpg&quot;,&quot;gallery_thumbnail_src_w&quot;:100,&quot;gallery_thumbnail_src_h&quot;:100,&quot;thumb_src&quot;:&quot;https:\\\/\\\/webshop.annemiekoenen.com\\\/wp-content\\\/uploads\\\/sites\\\/2\\\/2022\\\/09\\\/20220907_144616_copy_302x302.jpg&quot;,&quot;thumb_src_w&quot;:302,&quot;thumb_src_h&quot;:302,&quot;src_w&quot;:302,&quot;src_h&quot;:302},&quot;image_id&quot;:7191,&quot;is_downloadable&quot;:false,&quot;is_in_stock&quot;:true,&quot;is_purchasable&quot;:true,&quot;is_sold_individually&quot;:&quot;no&quot;,&quot;is_virtual&quot;:false,&quot;max_qty&quot;:&quot;&quot;,&quot;min_qty&quot;:1,&quot;price_html&quot;:&quot;&quot;,&quot;sku&quot;:&quot;41BG05&quot;,&quot;variation_description&quot;:&quot;&quot;,&quot;variation_id&quot;:3874,&quot;variation_is_active&quot;:true,&quot;variation_is_visible&quot;:true,&quot;weight&quot;:&quot;4&quot;,&quot;weight_html&quot;:&quot;4 g&quot;},{&quot;attributes&quot;:{&quot;attribute_pa_zijdenoppe&quot;:&quot;summer-de&quot;},&quot;availability_html&quot;:&quot;&lt;p class=\\&quot;stock in-stock\\&quot;&gt;7 vorr\\u00e4tig (kann nachbestellt werden)&lt;\\\/p&gt;\\n&quot;,&quot;backorders_allowed&quot;:true,&quot;dimensions&quot;:{&quot;length&quot;:&quot;1000&quot;,&quot;width&quot;:&quot;&quot;,&quot;height&quot;:&quot;&quot;},&quot;dimensions_html&quot;:&quot;1000 cm&quot;,&quot;display_price&quot;:2.45,&quot;display_regular_price&quot;:2.45,&quot;gallery_image_ids&quot;:[],&quot;gallery_images_html&quot;:&quot;&quot;,&quot;image&quot;:{&quot;title&quot;:&quot;Borduurgaren Zijdenopp\\u00e9 - 06 Summer&quot;,&quot;caption&quot;:&quot;&quot;,&quot;url&quot;:&quot;https:\\\/\\\/webshop.annemiekoenen.com\\\/wp-content\\\/uploads\\\/sites\\\/2\\\/2021\\\/03\\\/Borduurgaren-Zijdenoppe-06-Summer-scaled-e1614951500705.jpg&quot;,&quot;alt&quot;:&quot;Borduurgaren Zijdenopp\\u00e9 - 06 Summer&quot;,&quot;src&quot;:&quot;https:\\\/\\\/webshop.annemiekoenen.com\\\/wp-content\\\/uploads\\\/sites\\\/2\\\/2021\\\/03\\\/Borduurgaren-Zijdenoppe-06-Summer-scaled-e1614951500705-600x842.jpg&quot;,&quot;srcset&quot;:&quot;https:\\\/\\\/webshop.annemiekoenen.com\\\/wp-content\\\/uploads\\\/sites\\\/2\\\/2021\\\/03\\\/Borduurgaren-Zijdenoppe-06-Summer-scaled-e1614951500705-600x842.jpg 600w, https:\\\/\\\/webshop.annemiekoenen.com\\\/wp-content\\\/uploads\\\/sites\\\/2\\\/2021\\\/03\\\/Borduurgaren-Zijdenoppe-06-Summer-scaled-e1614951500705-214x300.jpg 214w, https:\\\/\\\/webshop.annemiekoenen.com\\\/wp-content\\\/uploads\\\/sites\\\/2\\\/2021\\\/03\\\/Borduurgaren-Zijdenoppe-06-Summer-scaled-e1614951500705-730x1024.jpg 730w, https:\\\/\\\/webshop.annemiekoenen.com\\\/wp-content\\\/uploads\\\/sites\\\/2\\\/2021\\\/03\\\/Borduurgaren-Zijdenoppe-06-Summer-scaled-e1614951500705-768x1077.jpg 768w, https:\\\/\\\/webshop.annemiekoenen.com\\\/wp-content\\\/uploads\\\/sites\\\/2\\\/2021\\\/03\\\/Borduurgaren-Zijdenoppe-06-Summer-scaled-e1614951500705-1095x1536.jpg 1095w, https:\\\/\\\/webshop.annemiekoenen.com\\\/wp-content\\\/uploads\\\/sites\\\/2\\\/2021\\\/03\\\/Borduurgaren-Zijdenoppe-06-Summer-scaled-e1614951500705-1460x2048.jpg 1460w, https:\\\/\\\/webshop.annemiekoenen.com\\\/wp-content\\\/uploads\\\/sites\\\/2\\\/2021\\\/03\\\/Borduurgaren-Zijdenoppe-06-Summer-scaled-e1614951500705.jpg 1651w&quot;,&quot;sizes&quot;:&quot;(max-width: 416px) 100vw, 416px&quot;,&quot;full_src&quot;:&quot;https:\\\/\\\/webshop.annemiekoenen.com\\\/wp-content\\\/uploads\\\/sites\\\/2\\\/2021\\\/03\\\/Borduurgaren-Zijdenoppe-06-Summer-scaled-e1614951500705.jpg&quot;,&quot;full_src_w&quot;:1651,&quot;full_src_h&quot;:2316,&quot;gallery_thumbnail_src&quot;:&quot;https:\\\/\\\/webshop.annemiekoenen.com\\\/wp-content\\\/uploads\\\/sites\\\/2\\\/2021\\\/03\\\/Borduurgaren-Zijdenoppe-06-Summer-scaled-e1614951500705-100x100.jpg&quot;,&quot;gallery_thumbnail_src_w&quot;:100,&quot;gallery_thumbnail_src_h&quot;:100,&quot;thumb_src&quot;:&quot;https:\\\/\\\/webshop.annemiekoenen.com\\\/wp-content\\\/uploads\\\/sites\\\/2\\\/2021\\\/03\\\/Borduurgaren-Zijdenoppe-06-Summer-scaled-e1614951500705-324x324.jpg&quot;,&quot;thumb_src_w&quot;:324,&quot;thumb_src_h&quot;:324,&quot;src_w&quot;:416,&quot;src_h&quot;:584},&quot;image_id&quot;:460,&quot;is_downloadable&quot;:false,&quot;is_in_stock&quot;:true,&quot;is_purchasable&quot;:true,&quot;is_sold_individually&quot;:&quot;no&quot;,&quot;is_virtual&quot;:false,&quot;max_qty&quot;:&quot;&quot;,&quot;min_qty&quot;:1,&quot;price_html&quot;:&quot;&quot;,&quot;sku&quot;:&quot;41BG06&quot;,&quot;variation_description&quot;:&quot;&quot;,&quot;variation_id&quot;:3875,&quot;variation_is_active&quot;:true,&quot;variation_is_visible&quot;:true,&quot;weight&quot;:&quot;4&quot;,&quot;weight_html&quot;:&quot;4 g&quot;},{&quot;attributes&quot;:{&quot;attribute_pa_zijdenoppe&quot;:&quot;louise-de&quot;},&quot;availability_html&quot;:&quot;&lt;p class=\\&quot;stock in-stock\\&quot;&gt;7 vorr\\u00e4tig (kann nachbestellt werden)&lt;\\\/p&gt;\\n&quot;,&quot;backorders_allowed&quot;:true,&quot;dimensions&quot;:{&quot;length&quot;:&quot;1000&quot;,&quot;width&quot;:&quot;&quot;,&quot;height&quot;:&quot;&quot;},&quot;dimensions_html&quot;:&quot;1000 cm&quot;,&quot;display_price&quot;:2.45,&quot;display_regular_price&quot;:2.45,&quot;gallery_image_ids&quot;:[],&quot;gallery_images_html&quot;:&quot;&quot;,&quot;image&quot;:{&quot;title&quot;:&quot;Borduurgaren Zijdenopp\\u00e9 - 07 Louise&quot;,&quot;caption&quot;:&quot;&quot;,&quot;url&quot;:&quot;https:\\\/\\\/webshop.annemiekoenen.com\\\/wp-content\\\/uploads\\\/sites\\\/2\\\/2021\\\/03\\\/Borduurgaren-Zijdenoppe-07-Louise-scaled-e1614951626168.jpg&quot;,&quot;alt&quot;:&quot;Borduurgaren Zijdenopp\\u00e9 - 07 Louise&quot;,&quot;src&quot;:&quot;https:\\\/\\\/webshop.annemiekoenen.com\\\/wp-content\\\/uploads\\\/sites\\\/2\\\/2021\\\/03\\\/Borduurgaren-Zijdenoppe-07-Louise-scaled-e1614951626168-600x802.jpg&quot;,&quot;srcset&quot;:&quot;https:\\\/\\\/webshop.annemiekoenen.com\\\/wp-content\\\/uploads\\\/sites\\\/2\\\/2021\\\/03\\\/Borduurgaren-Zijdenoppe-07-Louise-scaled-e1614951626168-600x802.jpg 600w, https:\\\/\\\/webshop.annemiekoenen.com\\\/wp-content\\\/uploads\\\/sites\\\/2\\\/2021\\\/03\\\/Borduurgaren-Zijdenoppe-07-Louise-scaled-e1614951626168-225x300.jpg 225w, https:\\\/\\\/webshop.annemiekoenen.com\\\/wp-content\\\/uploads\\\/sites\\\/2\\\/2021\\\/03\\\/Borduurgaren-Zijdenoppe-07-Louise-scaled-e1614951626168-767x1024.jpg 767w, https:\\\/\\\/webshop.annemiekoenen.com\\\/wp-content\\\/uploads\\\/sites\\\/2\\\/2021\\\/03\\\/Borduurgaren-Zijdenoppe-07-Louise-scaled-e1614951626168-768x1026.jpg 768w, https:\\\/\\\/webshop.annemiekoenen.com\\\/wp-content\\\/uploads\\\/sites\\\/2\\\/2021\\\/03\\\/Borduurgaren-Zijdenoppe-07-Louise-scaled-e1614951626168-1150x1536.jpg 1150w, https:\\\/\\\/webshop.annemiekoenen.com\\\/wp-content\\\/uploads\\\/sites\\\/2\\\/2021\\\/03\\\/Borduurgaren-Zijdenoppe-07-Louise-scaled-e1614951626168-1533x2048.jpg 1533w, https:\\\/\\\/webshop.annemiekoenen.com\\\/wp-content\\\/uploads\\\/sites\\\/2\\\/2021\\\/03\\\/Borduurgaren-Zijdenoppe-07-Louise-scaled-e1614951626168.jpg 1715w&quot;,&quot;sizes&quot;:&quot;(max-width: 416px) 100vw, 416px&quot;,&quot;full_src&quot;:&quot;https:\\\/\\\/webshop.annemiekoenen.com\\\/wp-content\\\/uploads\\\/sites\\\/2\\\/2021\\\/03\\\/Borduurgaren-Zijdenoppe-07-Louise-scaled-e1614951626168.jpg&quot;,&quot;full_src_w&quot;:1715,&quot;full_src_h&quot;:2291,&quot;gallery_thumbnail_src&quot;:&quot;https:\\\/\\\/webshop.annemiekoenen.com\\\/wp-content\\\/uploads\\\/sites\\\/2\\\/2021\\\/03\\\/Borduurgaren-Zijdenoppe-07-Louise-scaled-e1614951626168-100x100.jpg&quot;,&quot;gallery_thumbnail_src_w&quot;:100,&quot;gallery_thumbnail_src_h&quot;:100,&quot;thumb_src&quot;:&quot;https:\\\/\\\/webshop.annemiekoenen.com\\\/wp-content\\\/uploads\\\/sites\\\/2\\\/2021\\\/03\\\/Borduurgaren-Zijdenoppe-07-Louise-scaled-e1614951626168-324x324.jpg&quot;,&quot;thumb_src_w&quot;:324,&quot;thumb_src_h&quot;:324,&quot;src_w&quot;:416,&quot;src_h&quot;:556},&quot;image_id&quot;:463,&quot;is_downloadable&quot;:false,&quot;is_in_stock&quot;:true,&quot;is_purchasable&quot;:true,&quot;is_sold_individually&quot;:&quot;no&quot;,&quot;is_virtual&quot;:false,&quot;max_qty&quot;:&quot;&quot;,&quot;min_qty&quot;:1,&quot;price_html&quot;:&quot;&quot;,&quot;sku&quot;:&quot;41BG07&quot;,&quot;variation_description&quot;:&quot;&quot;,&quot;variation_id&quot;:3876,&quot;variation_is_active&quot;:true,&quot;variation_is_visible&quot;:true,&quot;weight&quot;:&quot;4&quot;,&quot;weight_html&quot;:&quot;4 g&quot;},{&quot;attributes&quot;:{&quot;attribute_pa_zijdenoppe&quot;:&quot;violett&quot;},&quot;availability_html&quot;:&quot;&lt;p class=\\&quot;stock in-stock\\&quot;&gt;7 vorr\\u00e4tig (kann nachbestellt werden)&lt;\\\/p&gt;\\n&quot;,&quot;backorders_allowed&quot;:true,&quot;dimensions&quot;:{&quot;length&quot;:&quot;1000&quot;,&quot;width&quot;:&quot;&quot;,&quot;height&quot;:&quot;&quot;},&quot;dimensions_html&quot;:&quot;1000 cm&quot;,&quot;display_price&quot;:2.45,&quot;display_regular_price&quot;:2.45,&quot;gallery_image_ids&quot;:[],&quot;gallery_images_html&quot;:&quot;&quot;,&quot;image&quot;:{&quot;title&quot;:&quot;Borduurgaren Zijdenopp\\u00e9 - 08 Violet&quot;,&quot;caption&quot;:&quot;&quot;,&quot;url&quot;:&quot;https:\\\/\\\/webshop.annemiekoenen.com\\\/wp-content\\\/uploads\\\/sites\\\/2\\\/2021\\\/03\\\/Borduurgaren-Zijdenoppe-08-Violet-scaled-e1614951774279.jpg&quot;,&quot;alt&quot;:&quot;Borduurgaren Zijdenopp\\u00e9 - 08 Violet&quot;,&quot;src&quot;:&quot;https:\\\/\\\/webshop.annemiekoenen.com\\\/wp-content\\\/uploads\\\/sites\\\/2\\\/2021\\\/03\\\/Borduurgaren-Zijdenoppe-08-Violet-scaled-e1614951774279-600x799.jpg&quot;,&quot;srcset&quot;:&quot;https:\\\/\\\/webshop.annemiekoenen.com\\\/wp-content\\\/uploads\\\/sites\\\/2\\\/2021\\\/03\\\/Borduurgaren-Zijdenoppe-08-Violet-scaled-e1614951774279-600x799.jpg 600w, https:\\\/\\\/webshop.annemiekoenen.com\\\/wp-content\\\/uploads\\\/sites\\\/2\\\/2021\\\/03\\\/Borduurgaren-Zijdenoppe-08-Violet-scaled-e1614951774279-225x300.jpg 225w, https:\\\/\\\/webshop.annemiekoenen.com\\\/wp-content\\\/uploads\\\/sites\\\/2\\\/2021\\\/03\\\/Borduurgaren-Zijdenoppe-08-Violet-scaled-e1614951774279-769x1024.jpg 769w, https:\\\/\\\/webshop.annemiekoenen.com\\\/wp-content\\\/uploads\\\/sites\\\/2\\\/2021\\\/03\\\/Borduurgaren-Zijdenoppe-08-Violet-scaled-e1614951774279-768x1023.jpg 768w, https:\\\/\\\/webshop.annemiekoenen.com\\\/wp-content\\\/uploads\\\/sites\\\/2\\\/2021\\\/03\\\/Borduurgaren-Zijdenoppe-08-Violet-scaled-e1614951774279-1154x1536.jpg 1154w, https:\\\/\\\/webshop.annemiekoenen.com\\\/wp-content\\\/uploads\\\/sites\\\/2\\\/2021\\\/03\\\/Borduurgaren-Zijdenoppe-08-Violet-scaled-e1614951774279.jpg 1427w&quot;,&quot;sizes&quot;:&quot;(max-width: 416px) 100vw, 416px&quot;,&quot;full_src&quot;:&quot;https:\\\/\\\/webshop.annemiekoenen.com\\\/wp-content\\\/uploads\\\/sites\\\/2\\\/2021\\\/03\\\/Borduurgaren-Zijdenoppe-08-Violet-scaled-e1614951774279.jpg&quot;,&quot;full_src_w&quot;:1427,&quot;full_src_h&quot;:1900,&quot;gallery_thumbnail_src&quot;:&quot;https:\\\/\\\/webshop.annemiekoenen.com\\\/wp-content\\\/uploads\\\/sites\\\/2\\\/2021\\\/03\\\/Borduurgaren-Zijdenoppe-08-Violet-scaled-e1614951774279-100x100.jpg&quot;,&quot;gallery_thumbnail_src_w&quot;:100,&quot;gallery_thumbnail_src_h&quot;:100,&quot;thumb_src&quot;:&quot;https:\\\/\\\/webshop.annemiekoenen.com\\\/wp-content\\\/uploads\\\/sites\\\/2\\\/2021\\\/03\\\/Borduurgaren-Zijdenoppe-08-Violet-scaled-e1614951774279-324x324.jpg&quot;,&quot;thumb_src_w&quot;:324,&quot;thumb_src_h&quot;:324,&quot;src_w&quot;:416,&quot;src_h&quot;:554},&quot;image_id&quot;:466,&quot;is_downloadable&quot;:false,&quot;is_in_stock&quot;:true,&quot;is_purchasable&quot;:true,&quot;is_sold_individually&quot;:&quot;no&quot;,&quot;is_virtual&quot;:false,&quot;max_qty&quot;:&quot;&quot;,&quot;min_qty&quot;:1,&quot;price_html&quot;:&quot;&quot;,&quot;sku&quot;:&quot;41BG08&quot;,&quot;variation_description&quot;:&quot;&quot;,&quot;variation_id&quot;:3877,&quot;variation_is_active&quot;:true,&quot;variation_is_visible&quot;:true,&quot;weight&quot;:&quot;4&quot;,&quot;weight_html&quot;:&quot;4 g&quot;},{&quot;attributes&quot;:{&quot;attribute_pa_zijdenoppe&quot;:&quot;fuchsie&quot;},&quot;availability_html&quot;:&quot;&lt;p class=\\&quot;stock in-stock\\&quot;&gt;10 vorr\\u00e4tig (kann nachbestellt werden)&lt;\\\/p&gt;\\n&quot;,&quot;backorders_allowed&quot;:true,&quot;dimensions&quot;:{&quot;length&quot;:&quot;1000&quot;,&quot;width&quot;:&quot;&quot;,&quot;height&quot;:&quot;&quot;},&quot;dimensions_html&quot;:&quot;1000 cm&quot;,&quot;display_price&quot;:2.45,&quot;display_regular_price&quot;:2.45,&quot;gallery_image_ids&quot;:[],&quot;gallery_images_html&quot;:&quot;&quot;,&quot;image&quot;:{&quot;title&quot;:&quot;Borduurgaren Zijdenopp\\u00e8 - 10 Fuchsia&quot;,&quot;caption&quot;:&quot;&quot;,&quot;url&quot;:&quot;https:\\\/\\\/webshop.annemiekoenen.com\\\/wp-content\\\/uploads\\\/sites\\\/2\\\/2021\\\/03\\\/Borduurgaren-Zijdenoppe-10-Fuchsia-scaled-e1614952188567.jpg&quot;,&quot;alt&quot;:&quot;Borduurgaren Zijdenopp\\u00e8 - 10 Fuchsia&quot;,&quot;src&quot;:&quot;https:\\\/\\\/webshop.annemiekoenen.com\\\/wp-content\\\/uploads\\\/sites\\\/2\\\/2021\\\/03\\\/Borduurgaren-Zijdenoppe-10-Fuchsia-scaled-e1614952188567-600x801.jpg&quot;,&quot;srcset&quot;:&quot;https:\\\/\\\/webshop.annemiekoenen.com\\\/wp-content\\\/uploads\\\/sites\\\/2\\\/2021\\\/03\\\/Borduurgaren-Zijdenoppe-10-Fuchsia-scaled-e1614952188567-600x801.jpg 600w, https:\\\/\\\/webshop.annemiekoenen.com\\\/wp-content\\\/uploads\\\/sites\\\/2\\\/2021\\\/03\\\/Borduurgaren-Zijdenoppe-10-Fuchsia-scaled-e1614952188567-225x300.jpg 225w, https:\\\/\\\/webshop.annemiekoenen.com\\\/wp-content\\\/uploads\\\/sites\\\/2\\\/2021\\\/03\\\/Borduurgaren-Zijdenoppe-10-Fuchsia-scaled-e1614952188567-767x1024.jpg 767w, https:\\\/\\\/webshop.annemiekoenen.com\\\/wp-content\\\/uploads\\\/sites\\\/2\\\/2021\\\/03\\\/Borduurgaren-Zijdenoppe-10-Fuchsia-scaled-e1614952188567-768x1025.jpg 768w, https:\\\/\\\/webshop.annemiekoenen.com\\\/wp-content\\\/uploads\\\/sites\\\/2\\\/2021\\\/03\\\/Borduurgaren-Zijdenoppe-10-Fuchsia-scaled-e1614952188567-1151x1536.jpg 1151w, https:\\\/\\\/webshop.annemiekoenen.com\\\/wp-content\\\/uploads\\\/sites\\\/2\\\/2021\\\/03\\\/Borduurgaren-Zijdenoppe-10-Fuchsia-scaled-e1614952188567-1534x2048.jpg 1534w, https:\\\/\\\/webshop.annemiekoenen.com\\\/wp-content\\\/uploads\\\/sites\\\/2\\\/2021\\\/03\\\/Borduurgaren-Zijdenoppe-10-Fuchsia-scaled-e1614952188567.jpg 1702w&quot;,&quot;sizes&quot;:&quot;(max-width: 416px) 100vw, 416px&quot;,&quot;full_src&quot;:&quot;https:\\\/\\\/webshop.annemiekoenen.com\\\/wp-content\\\/uploads\\\/sites\\\/2\\\/2021\\\/03\\\/Borduurgaren-Zijdenoppe-10-Fuchsia-scaled-e1614952188567.jpg&quot;,&quot;full_src_w&quot;:1702,&quot;full_src_h&quot;:2272,&quot;gallery_thumbnail_src&quot;:&quot;https:\\\/\\\/webshop.annemiekoenen.com\\\/wp-content\\\/uploads\\\/sites\\\/2\\\/2021\\\/03\\\/Borduurgaren-Zijdenoppe-10-Fuchsia-scaled-e1614952188567-100x100.jpg&quot;,&quot;gallery_thumbnail_src_w&quot;:100,&quot;gallery_thumbnail_src_h&quot;:100,&quot;thumb_src&quot;:&quot;https:\\\/\\\/webshop.annemiekoenen.com\\\/wp-content\\\/uploads\\\/sites\\\/2\\\/2021\\\/03\\\/Borduurgaren-Zijdenoppe-10-Fuchsia-scaled-e1614952188567-324x324.jpg&quot;,&quot;thumb_src_w&quot;:324,&quot;thumb_src_h&quot;:324,&quot;src_w&quot;:416,&quot;src_h&quot;:555},&quot;image_id&quot;:469,&quot;is_downloadable&quot;:false,&quot;is_in_stock&quot;:true,&quot;is_purchasable&quot;:true,&quot;is_sold_individually&quot;:&quot;no&quot;,&quot;is_virtual&quot;:false,&quot;max_qty&quot;:&quot;&quot;,&quot;min_qty&quot;:1,&quot;price_html&quot;:&quot;&quot;,&quot;sku&quot;:&quot;41BG10&quot;,&quot;variation_description&quot;:&quot;&quot;,&quot;variation_id&quot;:3878,&quot;variation_is_active&quot;:true,&quot;variation_is_visible&quot;:true,&quot;weight&quot;:&quot;4&quot;,&quot;weight_html&quot;:&quot;4 g&quot;},{&quot;attributes&quot;:{&quot;attribute_pa_zijdenoppe&quot;:&quot;magic-de&quot;},&quot;availability_html&quot;:&quot;&lt;p class=\\&quot;stock in-stock\\&quot;&gt;7 vorr\\u00e4tig (kann nachbestellt werden)&lt;\\\/p&gt;\\n&quot;,&quot;backorders_allowed&quot;:true,&quot;dimensions&quot;:{&quot;length&quot;:&quot;1000&quot;,&quot;width&quot;:&quot;&quot;,&quot;height&quot;:&quot;&quot;},&quot;dimensions_html&quot;:&quot;1000 cm&quot;,&quot;display_price&quot;:2.45,&quot;display_regular_price&quot;:2.45,&quot;gallery_image_ids&quot;:[],&quot;gallery_images_html&quot;:&quot;&quot;,&quot;image&quot;:{&quot;title&quot;:&quot;Borduurgaren Zijdenopp\\u00e9 - 11 Magic&quot;,&quot;caption&quot;:&quot;&quot;,&quot;url&quot;:&quot;https:\\\/\\\/webshop.annemiekoenen.com\\\/wp-content\\\/uploads\\\/sites\\\/2\\\/2021\\\/03\\\/Borduurgaren-Zijdenoppe-11-Magic-scaled-e1614952422612.jpg&quot;,&quot;alt&quot;:&quot;Borduurgaren Zijdenopp\\u00e9 - 11 Magic&quot;,&quot;src&quot;:&quot;https:\\\/\\\/webshop.annemiekoenen.com\\\/wp-content\\\/uploads\\\/sites\\\/2\\\/2021\\\/03\\\/Borduurgaren-Zijdenoppe-11-Magic-scaled-e1614952422612-600x800.jpg&quot;,&quot;srcset&quot;:&quot;https:\\\/\\\/webshop.annemiekoenen.com\\\/wp-content\\\/uploads\\\/sites\\\/2\\\/2021\\\/03\\\/Borduurgaren-Zijdenoppe-11-Magic-scaled-e1614952422612-600x800.jpg 600w, https:\\\/\\\/webshop.annemiekoenen.com\\\/wp-content\\\/uploads\\\/sites\\\/2\\\/2021\\\/03\\\/Borduurgaren-Zijdenoppe-11-Magic-scaled-e1614952422612-225x300.jpg 225w, https:\\\/\\\/webshop.annemiekoenen.com\\\/wp-content\\\/uploads\\\/sites\\\/2\\\/2021\\\/03\\\/Borduurgaren-Zijdenoppe-11-Magic-scaled-e1614952422612-768x1024.jpg 768w, https:\\\/\\\/webshop.annemiekoenen.com\\\/wp-content\\\/uploads\\\/sites\\\/2\\\/2021\\\/03\\\/Borduurgaren-Zijdenoppe-11-Magic-scaled-e1614952422612-1152x1536.jpg 1152w, https:\\\/\\\/webshop.annemiekoenen.com\\\/wp-content\\\/uploads\\\/sites\\\/2\\\/2021\\\/03\\\/Borduurgaren-Zijdenoppe-11-Magic-scaled-e1614952422612-1536x2048.jpg 1536w, https:\\\/\\\/webshop.annemiekoenen.com\\\/wp-content\\\/uploads\\\/sites\\\/2\\\/2021\\\/03\\\/Borduurgaren-Zijdenoppe-11-Magic-scaled-e1614952422612.jpg 1593w&quot;,&quot;sizes&quot;:&quot;(max-width: 416px) 100vw, 416px&quot;,&quot;full_src&quot;:&quot;https:\\\/\\\/webshop.annemiekoenen.com\\\/wp-content\\\/uploads\\\/sites\\\/2\\\/2021\\\/03\\\/Borduurgaren-Zijdenoppe-11-Magic-scaled-e1614952422612.jpg&quot;,&quot;full_src_w&quot;:1593,&quot;full_src_h&quot;:2124,&quot;gallery_thumbnail_src&quot;:&quot;https:\\\/\\\/webshop.annemiekoenen.com\\\/wp-content\\\/uploads\\\/sites\\\/2\\\/2021\\\/03\\\/Borduurgaren-Zijdenoppe-11-Magic-scaled-e1614952422612-100x100.jpg&quot;,&quot;gallery_thumbnail_src_w&quot;:100,&quot;gallery_thumbnail_src_h&quot;:100,&quot;thumb_src&quot;:&quot;https:\\\/\\\/webshop.annemiekoenen.com\\\/wp-content\\\/uploads\\\/sites\\\/2\\\/2021\\\/03\\\/Borduurgaren-Zijdenoppe-11-Magic-scaled-e1614952422612-324x324.jpg&quot;,&quot;thumb_src_w&quot;:324,&quot;thumb_src_h&quot;:324,&quot;src_w&quot;:416,&quot;src_h&quot;:555},&quot;image_id&quot;:472,&quot;is_downloadable&quot;:false,&quot;is_in_stock&quot;:true,&quot;is_purchasable&quot;:true,&quot;is_sold_individually&quot;:&quot;no&quot;,&quot;is_virtual&quot;:false,&quot;max_qty&quot;:&quot;&quot;,&quot;min_qty&quot;:1,&quot;price_html&quot;:&quot;&quot;,&quot;sku&quot;:&quot;41BG11&quot;,&quot;variation_description&quot;:&quot;&quot;,&quot;variation_id&quot;:3879,&quot;variation_is_active&quot;:true,&quot;variation_is_visible&quot;:true,&quot;weight&quot;:&quot;4&quot;,&quot;weight_html&quot;:&quot;4 g&quot;},{&quot;attributes&quot;:{&quot;attribute_pa_zijdenoppe&quot;:&quot;turmalin-de&quot;},&quot;availability_html&quot;:&quot;&lt;p class=\\&quot;stock in-stock\\&quot;&gt;7 vorr\\u00e4tig (kann nachbestellt werden)&lt;\\\/p&gt;\\n&quot;,&quot;backorders_allowed&quot;:true,&quot;dimensions&quot;:{&quot;length&quot;:&quot;1000&quot;,&quot;width&quot;:&quot;&quot;,&quot;height&quot;:&quot;&quot;},&quot;dimensions_html&quot;:&quot;1000 cm&quot;,&quot;display_price&quot;:2.45,&quot;display_regular_price&quot;:2.45,&quot;gallery_image_ids&quot;:[],&quot;gallery_images_html&quot;:&quot;&quot;,&quot;image&quot;:{&quot;title&quot;:&quot;Borduurgaren Zijdenopp\\u00e9 - 12 Turmalin&quot;,&quot;caption&quot;:&quot;&quot;,&quot;url&quot;:&quot;https:\\\/\\\/webshop.annemiekoenen.com\\\/wp-content\\\/uploads\\\/sites\\\/2\\\/2021\\\/03\\\/Borduurgaren-Zijdenoppe-12-Turmalin-scaled-e1614952521586.jpg&quot;,&quot;alt&quot;:&quot;Borduurgaren Zijdenopp\\u00e9 - 12 Turmalin&quot;,&quot;src&quot;:&quot;https:\\\/\\\/webshop.annemiekoenen.com\\\/wp-content\\\/uploads\\\/sites\\\/2\\\/2021\\\/03\\\/Borduurgaren-Zijdenoppe-12-Turmalin-scaled-e1614952521586-600x788.jpg&quot;,&quot;srcset&quot;:&quot;https:\\\/\\\/webshop.annemiekoenen.com\\\/wp-content\\\/uploads\\\/sites\\\/2\\\/2021\\\/03\\\/Borduurgaren-Zijdenoppe-12-Turmalin-scaled-e1614952521586-600x788.jpg 600w, https:\\\/\\\/webshop.annemiekoenen.com\\\/wp-content\\\/uploads\\\/sites\\\/2\\\/2021\\\/03\\\/Borduurgaren-Zijdenoppe-12-Turmalin-scaled-e1614952521586-228x300.jpg 228w, https:\\\/\\\/webshop.annemiekoenen.com\\\/wp-content\\\/uploads\\\/sites\\\/2\\\/2021\\\/03\\\/Borduurgaren-Zijdenoppe-12-Turmalin-scaled-e1614952521586-779x1024.jpg 779w, https:\\\/\\\/webshop.annemiekoenen.com\\\/wp-content\\\/uploads\\\/sites\\\/2\\\/2021\\\/03\\\/Borduurgaren-Zijdenoppe-12-Turmalin-scaled-e1614952521586-768x1009.jpg 768w, https:\\\/\\\/webshop.annemiekoenen.com\\\/wp-content\\\/uploads\\\/sites\\\/2\\\/2021\\\/03\\\/Borduurgaren-Zijdenoppe-12-Turmalin-scaled-e1614952521586-1169x1536.jpg 1169w, https:\\\/\\\/webshop.annemiekoenen.com\\\/wp-content\\\/uploads\\\/sites\\\/2\\\/2021\\\/03\\\/Borduurgaren-Zijdenoppe-12-Turmalin-scaled-e1614952521586-1559x2048.jpg 1559w, https:\\\/\\\/webshop.annemiekoenen.com\\\/wp-content\\\/uploads\\\/sites\\\/2\\\/2021\\\/03\\\/Borduurgaren-Zijdenoppe-12-Turmalin-scaled-e1614952521586.jpg 1651w&quot;,&quot;sizes&quot;:&quot;(max-width: 416px) 100vw, 416px&quot;,&quot;full_src&quot;:&quot;https:\\\/\\\/webshop.annemiekoenen.com\\\/wp-content\\\/uploads\\\/sites\\\/2\\\/2021\\\/03\\\/Borduurgaren-Zijdenoppe-12-Turmalin-scaled-e1614952521586.jpg&quot;,&quot;full_src_w&quot;:1651,&quot;full_src_h&quot;:2169,&quot;gallery_thumbnail_src&quot;:&quot;https:\\\/\\\/webshop.annemiekoenen.com\\\/wp-content\\\/uploads\\\/sites\\\/2\\\/2021\\\/03\\\/Borduurgaren-Zijdenoppe-12-Turmalin-scaled-e1614952521586-100x100.jpg&quot;,&quot;gallery_thumbnail_src_w&quot;:100,&quot;gallery_thumbnail_src_h&quot;:100,&quot;thumb_src&quot;:&quot;https:\\\/\\\/webshop.annemiekoenen.com\\\/wp-content\\\/uploads\\\/sites\\\/2\\\/2021\\\/03\\\/Borduurgaren-Zijdenoppe-12-Turmalin-scaled-e1614952521586-324x324.jpg&quot;,&quot;thumb_src_w&quot;:324,&quot;thumb_src_h&quot;:324,&quot;src_w&quot;:416,&quot;src_h&quot;:546},&quot;image_id&quot;:475,&quot;is_downloadable&quot;:false,&quot;is_in_stock&quot;:true,&quot;is_purchasable&quot;:true,&quot;is_sold_individually&quot;:&quot;no&quot;,&quot;is_virtual&quot;:false,&quot;max_qty&quot;:&quot;&quot;,&quot;min_qty&quot;:1,&quot;price_html&quot;:&quot;&quot;,&quot;sku&quot;:&quot;41BG12&quot;,&quot;variation_description&quot;:&quot;&quot;,&quot;variation_id&quot;:3880,&quot;variation_is_active&quot;:true,&quot;variation_is_visible&quot;:true,&quot;weight&quot;:&quot;4&quot;,&quot;weight_html&quot;:&quot;4 g&quot;},{&quot;attributes&quot;:{&quot;attribute_pa_zijdenoppe&quot;:&quot;limette&quot;},&quot;availability_html&quot;:&quot;&lt;p class=\\&quot;stock in-stock\\&quot;&gt;10 vorr\\u00e4tig (kann nachbestellt werden)&lt;\\\/p&gt;\\n&quot;,&quot;backorders_allowed&quot;:true,&quot;dimensions&quot;:{&quot;length&quot;:&quot;1000&quot;,&quot;width&quot;:&quot;&quot;,&quot;height&quot;:&quot;&quot;},&quot;dimensions_html&quot;:&quot;1000 cm&quot;,&quot;display_price&quot;:2.45,&quot;display_regular_price&quot;:2.45,&quot;gallery_image_ids&quot;:[],&quot;gallery_images_html&quot;:&quot;&quot;,&quot;image&quot;:{&quot;title&quot;:&quot;Borduurgaren Zijdenopp\\u00e9 - 13 Lime&quot;,&quot;caption&quot;:&quot;&quot;,&quot;url&quot;:&quot;https:\\\/\\\/webshop.annemiekoenen.com\\\/wp-content\\\/uploads\\\/sites\\\/2\\\/2021\\\/03\\\/Borduurgaren-Zijdenoppe-13-Lime-scaled-e1614952606335.jpg&quot;,&quot;alt&quot;:&quot;Borduurgaren Zijdenopp\\u00e9 - 13 Lime&quot;,&quot;src&quot;:&quot;https:\\\/\\\/webshop.annemiekoenen.com\\\/wp-content\\\/uploads\\\/sites\\\/2\\\/2021\\\/03\\\/Borduurgaren-Zijdenoppe-13-Lime-scaled-e1614952606335-600x801.jpg&quot;,&quot;srcset&quot;:&quot;https:\\\/\\\/webshop.annemiekoenen.com\\\/wp-content\\\/uploads\\\/sites\\\/2\\\/2021\\\/03\\\/Borduurgaren-Zijdenoppe-13-Lime-scaled-e1614952606335-600x801.jpg 600w, https:\\\/\\\/webshop.annemiekoenen.com\\\/wp-content\\\/uploads\\\/sites\\\/2\\\/2021\\\/03\\\/Borduurgaren-Zijdenoppe-13-Lime-scaled-e1614952606335-225x300.jpg 225w, https:\\\/\\\/webshop.annemiekoenen.com\\\/wp-content\\\/uploads\\\/sites\\\/2\\\/2021\\\/03\\\/Borduurgaren-Zijdenoppe-13-Lime-scaled-e1614952606335-767x1024.jpg 767w, https:\\\/\\\/webshop.annemiekoenen.com\\\/wp-content\\\/uploads\\\/sites\\\/2\\\/2021\\\/03\\\/Borduurgaren-Zijdenoppe-13-Lime-scaled-e1614952606335-768x1026.jpg 768w, https:\\\/\\\/webshop.annemiekoenen.com\\\/wp-content\\\/uploads\\\/sites\\\/2\\\/2021\\\/03\\\/Borduurgaren-Zijdenoppe-13-Lime-scaled-e1614952606335-1150x1536.jpg 1150w, https:\\\/\\\/webshop.annemiekoenen.com\\\/wp-content\\\/uploads\\\/sites\\\/2\\\/2021\\\/03\\\/Borduurgaren-Zijdenoppe-13-Lime-scaled-e1614952606335-1533x2048.jpg 1533w, https:\\\/\\\/webshop.annemiekoenen.com\\\/wp-content\\\/uploads\\\/sites\\\/2\\\/2021\\\/03\\\/Borduurgaren-Zijdenoppe-13-Lime-scaled-e1614952606335.jpg 1600w&quot;,&quot;sizes&quot;:&quot;(max-width: 416px) 100vw, 416px&quot;,&quot;full_src&quot;:&quot;https:\\\/\\\/webshop.annemiekoenen.com\\\/wp-content\\\/uploads\\\/sites\\\/2\\\/2021\\\/03\\\/Borduurgaren-Zijdenoppe-13-Lime-scaled-e1614952606335.jpg&quot;,&quot;full_src_w&quot;:1600,&quot;full_src_h&quot;:2137,&quot;gallery_thumbnail_src&quot;:&quot;https:\\\/\\\/webshop.annemiekoenen.com\\\/wp-content\\\/uploads\\\/sites\\\/2\\\/2021\\\/03\\\/Borduurgaren-Zijdenoppe-13-Lime-scaled-e1614952606335-100x100.jpg&quot;,&quot;gallery_thumbnail_src_w&quot;:100,&quot;gallery_thumbnail_src_h&quot;:100,&quot;thumb_src&quot;:&quot;https:\\\/\\\/webshop.annemiekoenen.com\\\/wp-content\\\/uploads\\\/sites\\\/2\\\/2021\\\/03\\\/Borduurgaren-Zijdenoppe-13-Lime-scaled-e1614952606335-324x324.jpg&quot;,&quot;thumb_src_w&quot;:324,&quot;thumb_src_h&quot;:324,&quot;src_w&quot;:416,&quot;src_h&quot;:555},&quot;image_id&quot;:478,&quot;is_downloadable&quot;:false,&quot;is_in_stock&quot;:true,&quot;is_purchasable&quot;:true,&quot;is_sold_individually&quot;:&quot;no&quot;,&quot;is_virtual&quot;:false,&quot;max_qty&quot;:&quot;&quot;,&quot;min_qty&quot;:1,&quot;price_html&quot;:&quot;&quot;,&quot;sku&quot;:&quot;41BG13&quot;,&quot;variation_description&quot;:&quot;&quot;,&quot;variation_id&quot;:3881,&quot;variation_is_active&quot;:true,&quot;variation_is_visible&quot;:true,&quot;weight&quot;:&quot;4&quot;,&quot;weight_html&quot;:&quot;4 g&quot;},{&quot;attributes&quot;:{&quot;attribute_pa_zijdenoppe&quot;:&quot;rotraud-de&quot;},&quot;availability_html&quot;:&quot;&lt;p class=\\&quot;stock in-stock\\&quot;&gt;7 vorr\\u00e4tig (kann nachbestellt werden)&lt;\\\/p&gt;\\n&quot;,&quot;backorders_allowed&quot;:true,&quot;dimensions&quot;:{&quot;length&quot;:&quot;1000&quot;,&quot;width&quot;:&quot;&quot;,&quot;height&quot;:&quot;&quot;},&quot;dimensions_html&quot;:&quot;1000 cm&quot;,&quot;display_price&quot;:2.45,&quot;display_regular_price&quot;:2.45,&quot;gallery_image_ids&quot;:[],&quot;gallery_images_html&quot;:&quot;&quot;,&quot;image&quot;:{&quot;title&quot;:&quot;Borduurgaren Zijdenopp\\u00e9 - 14 Rotraud&quot;,&quot;caption&quot;:&quot;&quot;,&quot;url&quot;:&quot;https:\\\/\\\/webshop.annemiekoenen.com\\\/wp-content\\\/uploads\\\/sites\\\/2\\\/2021\\\/03\\\/Borduurgaren-Zijdenoppe-14-Rotraud-scaled-e1614952682885.jpg&quot;,&quot;alt&quot;:&quot;Borduurgaren Zijdenopp\\u00e9 - 14 Rotraud&quot;,&quot;src&quot;:&quot;https:\\\/\\\/webshop.annemiekoenen.com\\\/wp-content\\\/uploads\\\/sites\\\/2\\\/2021\\\/03\\\/Borduurgaren-Zijdenoppe-14-Rotraud-scaled-e1614952682885-600x801.jpg&quot;,&quot;srcset&quot;:&quot;https:\\\/\\\/webshop.annemiekoenen.com\\\/wp-content\\\/uploads\\\/sites\\\/2\\\/2021\\\/03\\\/Borduurgaren-Zijdenoppe-14-Rotraud-scaled-e1614952682885-600x801.jpg 600w, https:\\\/\\\/webshop.annemiekoenen.com\\\/wp-content\\\/uploads\\\/sites\\\/2\\\/2021\\\/03\\\/Borduurgaren-Zijdenoppe-14-Rotraud-scaled-e1614952682885-225x300.jpg 225w, https:\\\/\\\/webshop.annemiekoenen.com\\\/wp-content\\\/uploads\\\/sites\\\/2\\\/2021\\\/03\\\/Borduurgaren-Zijdenoppe-14-Rotraud-scaled-e1614952682885-767x1024.jpg 767w, https:\\\/\\\/webshop.annemiekoenen.com\\\/wp-content\\\/uploads\\\/sites\\\/2\\\/2021\\\/03\\\/Borduurgaren-Zijdenoppe-14-Rotraud-scaled-e1614952682885-768x1026.jpg 768w, https:\\\/\\\/webshop.annemiekoenen.com\\\/wp-content\\\/uploads\\\/sites\\\/2\\\/2021\\\/03\\\/Borduurgaren-Zijdenoppe-14-Rotraud-scaled-e1614952682885-1150x1536.jpg 1150w, https:\\\/\\\/webshop.annemiekoenen.com\\\/wp-content\\\/uploads\\\/sites\\\/2\\\/2021\\\/03\\\/Borduurgaren-Zijdenoppe-14-Rotraud-scaled-e1614952682885-1534x2048.jpg 1534w, https:\\\/\\\/webshop.annemiekoenen.com\\\/wp-content\\\/uploads\\\/sites\\\/2\\\/2021\\\/03\\\/Borduurgaren-Zijdenoppe-14-Rotraud-scaled-e1614952682885.jpg 1696w&quot;,&quot;sizes&quot;:&quot;(max-width: 416px) 100vw, 416px&quot;,&quot;full_src&quot;:&quot;https:\\\/\\\/webshop.annemiekoenen.com\\\/wp-content\\\/uploads\\\/sites\\\/2\\\/2021\\\/03\\\/Borduurgaren-Zijdenoppe-14-Rotraud-scaled-e1614952682885.jpg&quot;,&quot;full_src_w&quot;:1696,&quot;full_src_h&quot;:2265,&quot;gallery_thumbnail_src&quot;:&quot;https:\\\/\\\/webshop.annemiekoenen.com\\\/wp-content\\\/uploads\\\/sites\\\/2\\\/2021\\\/03\\\/Borduurgaren-Zijdenoppe-14-Rotraud-scaled-e1614952682885-100x100.jpg&quot;,&quot;gallery_thumbnail_src_w&quot;:100,&quot;gallery_thumbnail_src_h&quot;:100,&quot;thumb_src&quot;:&quot;https:\\\/\\\/webshop.annemiekoenen.com\\\/wp-content\\\/uploads\\\/sites\\\/2\\\/2021\\\/03\\\/Borduurgaren-Zijdenoppe-14-Rotraud-scaled-e1614952682885-324x324.jpg&quot;,&quot;thumb_src_w&quot;:324,&quot;thumb_src_h&quot;:324,&quot;src_w&quot;:416,&quot;src_h&quot;:555},&quot;image_id&quot;:481,&quot;is_downloadable&quot;:false,&quot;is_in_stock&quot;:true,&quot;is_purchasable&quot;:true,&quot;is_sold_individually&quot;:&quot;no&quot;,&quot;is_virtual&quot;:false,&quot;max_qty&quot;:&quot;&quot;,&quot;min_qty&quot;:1,&quot;price_html&quot;:&quot;&quot;,&quot;sku&quot;:&quot;41BG14&quot;,&quot;variation_description&quot;:&quot;&quot;,&quot;variation_id&quot;:3882,&quot;variation_is_active&quot;:true,&quot;variation_is_visible&quot;:true,&quot;weight&quot;:&quot;4&quot;,&quot;weight_html&quot;:&quot;4 g&quot;},{&quot;attributes&quot;:{&quot;attribute_pa_zijdenoppe&quot;:&quot;forest-de&quot;},&quot;availability_html&quot;:&quot;&lt;p class=\\&quot;stock in-stock\\&quot;&gt;8 vorr\\u00e4tig (kann nachbestellt werden)&lt;\\\/p&gt;\\n&quot;,&quot;backorders_allowed&quot;:true,&quot;dimensions&quot;:{&quot;length&quot;:&quot;1000&quot;,&quot;width&quot;:&quot;&quot;,&quot;height&quot;:&quot;&quot;},&quot;dimensions_html&quot;:&quot;1000 cm&quot;,&quot;display_price&quot;:2.45,&quot;display_regular_price&quot;:2.45,&quot;gallery_image_ids&quot;:[],&quot;gallery_images_html&quot;:&quot;&quot;,&quot;image&quot;:{&quot;title&quot;:&quot;Borduurgaren Zijdenopp\\u00e9 - 15 Forest&quot;,&quot;caption&quot;:&quot;&quot;,&quot;url&quot;:&quot;https:\\\/\\\/webshop.annemiekoenen.com\\\/wp-content\\\/uploads\\\/sites\\\/2\\\/2021\\\/03\\\/Borduurgaren-Zijdenoppe-15-Forest-scaled-e1614952772244.jpg&quot;,&quot;alt&quot;:&quot;Borduurgaren Zijdenopp\\u00e9 - 15 Forest&quot;,&quot;src&quot;:&quot;https:\\\/\\\/webshop.annemiekoenen.com\\\/wp-content\\\/uploads\\\/sites\\\/2\\\/2021\\\/03\\\/Borduurgaren-Zijdenoppe-15-Forest-scaled-e1614952772244-600x799.jpg&quot;,&quot;srcset&quot;:&quot;https:\\\/\\\/webshop.annemiekoenen.com\\\/wp-content\\\/uploads\\\/sites\\\/2\\\/2021\\\/03\\\/Borduurgaren-Zijdenoppe-15-Forest-scaled-e1614952772244-600x799.jpg 600w, https:\\\/\\\/webshop.annemiekoenen.com\\\/wp-content\\\/uploads\\\/sites\\\/2\\\/2021\\\/03\\\/Borduurgaren-Zijdenoppe-15-Forest-scaled-e1614952772244-225x300.jpg 225w, https:\\\/\\\/webshop.annemiekoenen.com\\\/wp-content\\\/uploads\\\/sites\\\/2\\\/2021\\\/03\\\/Borduurgaren-Zijdenoppe-15-Forest-scaled-e1614952772244-769x1024.jpg 769w, https:\\\/\\\/webshop.annemiekoenen.com\\\/wp-content\\\/uploads\\\/sites\\\/2\\\/2021\\\/03\\\/Borduurgaren-Zijdenoppe-15-Forest-scaled-e1614952772244-768x1023.jpg 768w, https:\\\/\\\/webshop.annemiekoenen.com\\\/wp-content\\\/uploads\\\/sites\\\/2\\\/2021\\\/03\\\/Borduurgaren-Zijdenoppe-15-Forest-scaled-e1614952772244-1153x1536.jpg 1153w, https:\\\/\\\/webshop.annemiekoenen.com\\\/wp-content\\\/uploads\\\/sites\\\/2\\\/2021\\\/03\\\/Borduurgaren-Zijdenoppe-15-Forest-scaled-e1614952772244-1537x2048.jpg 1537w, https:\\\/\\\/webshop.annemiekoenen.com\\\/wp-content\\\/uploads\\\/sites\\\/2\\\/2021\\\/03\\\/Borduurgaren-Zijdenoppe-15-Forest-scaled-e1614952772244.jpg 1638w&quot;,&quot;sizes&quot;:&quot;(max-width: 416px) 100vw, 416px&quot;,&quot;full_src&quot;:&quot;https:\\\/\\\/webshop.annemiekoenen.com\\\/wp-content\\\/uploads\\\/sites\\\/2\\\/2021\\\/03\\\/Borduurgaren-Zijdenoppe-15-Forest-scaled-e1614952772244.jpg&quot;,&quot;full_src_w&quot;:1638,&quot;full_src_h&quot;:2182,&quot;gallery_thumbnail_src&quot;:&quot;https:\\\/\\\/webshop.annemiekoenen.com\\\/wp-content\\\/uploads\\\/sites\\\/2\\\/2021\\\/03\\\/Borduurgaren-Zijdenoppe-15-Forest-scaled-e1614952772244-100x100.jpg&quot;,&quot;gallery_thumbnail_src_w&quot;:100,&quot;gallery_thumbnail_src_h&quot;:100,&quot;thumb_src&quot;:&quot;https:\\\/\\\/webshop.annemiekoenen.com\\\/wp-content\\\/uploads\\\/sites\\\/2\\\/2021\\\/03\\\/Borduurgaren-Zijdenoppe-15-Forest-scaled-e1614952772244-324x324.jpg&quot;,&quot;thumb_src_w&quot;:324,&quot;thumb_src_h&quot;:324,&quot;src_w&quot;:416,&quot;src_h&quot;:554},&quot;image_id&quot;:484,&quot;is_downloadable&quot;:false,&quot;is_in_stock&quot;:true,&quot;is_purchasable&quot;:true,&quot;is_sold_individually&quot;:&quot;no&quot;,&quot;is_virtual&quot;:false,&quot;max_qty&quot;:&quot;&quot;,&quot;min_qty&quot;:1,&quot;price_html&quot;:&quot;&quot;,&quot;sku&quot;:&quot;41BG15&quot;,&quot;variation_description&quot;:&quot;&quot;,&quot;variation_id&quot;:3883,&quot;variation_is_active&quot;:true,&quot;variation_is_visible&quot;:true,&quot;weight&quot;:&quot;4&quot;,&quot;weight_html&quot;:&quot;4 g&quot;},{&quot;attributes&quot;:{&quot;attribute_pa_zijdenoppe&quot;:&quot;ocean-de&quot;},&quot;availability_html&quot;:&quot;&lt;p class=\\&quot;stock in-stock\\&quot;&gt;7 vorr\\u00e4tig (kann nachbestellt werden)&lt;\\\/p&gt;\\n&quot;,&quot;backorders_allowed&quot;:true,&quot;dimensions&quot;:{&quot;length&quot;:&quot;1000&quot;,&quot;width&quot;:&quot;&quot;,&quot;height&quot;:&quot;&quot;},&quot;dimensions_html&quot;:&quot;1000 cm&quot;,&quot;display_price&quot;:2.45,&quot;display_regular_price&quot;:2.45,&quot;gallery_image_ids&quot;:[],&quot;gallery_images_html&quot;:&quot;&quot;,&quot;image&quot;:{&quot;title&quot;:&quot;Borduurgaren Zijdenopp\\u00e9 - 17 Ocean&quot;,&quot;caption&quot;:&quot;&quot;,&quot;url&quot;:&quot;https:\\\/\\\/webshop.annemiekoenen.com\\\/wp-content\\\/uploads\\\/sites\\\/2\\\/2021\\\/03\\\/Borduurgaren-Zijdenoppe-17-Ocean-scaled-e1614952895305.jpg&quot;,&quot;alt&quot;:&quot;Borduurgaren Zijdenopp\\u00e9 - 17 Ocean&quot;,&quot;src&quot;:&quot;https:\\\/\\\/webshop.annemiekoenen.com\\\/wp-content\\\/uploads\\\/sites\\\/2\\\/2021\\\/03\\\/Borduurgaren-Zijdenoppe-17-Ocean-scaled-e1614952895305-600x805.jpg&quot;,&quot;srcset&quot;:&quot;https:\\\/\\\/webshop.annemiekoenen.com\\\/wp-content\\\/uploads\\\/sites\\\/2\\\/2021\\\/03\\\/Borduurgaren-Zijdenoppe-17-Ocean-scaled-e1614952895305-600x805.jpg 600w, https:\\\/\\\/webshop.annemiekoenen.com\\\/wp-content\\\/uploads\\\/sites\\\/2\\\/2021\\\/03\\\/Borduurgaren-Zijdenoppe-17-Ocean-scaled-e1614952895305-224x300.jpg 224w, https:\\\/\\\/webshop.annemiekoenen.com\\\/wp-content\\\/uploads\\\/sites\\\/2\\\/2021\\\/03\\\/Borduurgaren-Zijdenoppe-17-Ocean-scaled-e1614952895305-764x1024.jpg 764w, https:\\\/\\\/webshop.annemiekoenen.com\\\/wp-content\\\/uploads\\\/sites\\\/2\\\/2021\\\/03\\\/Borduurgaren-Zijdenoppe-17-Ocean-scaled-e1614952895305-768x1030.jpg 768w, https:\\\/\\\/webshop.annemiekoenen.com\\\/wp-content\\\/uploads\\\/sites\\\/2\\\/2021\\\/03\\\/Borduurgaren-Zijdenoppe-17-Ocean-scaled-e1614952895305-1145x1536.jpg 1145w, https:\\\/\\\/webshop.annemiekoenen.com\\\/wp-content\\\/uploads\\\/sites\\\/2\\\/2021\\\/03\\\/Borduurgaren-Zijdenoppe-17-Ocean-scaled-e1614952895305-1527x2048.jpg 1527w, https:\\\/\\\/webshop.annemiekoenen.com\\\/wp-content\\\/uploads\\\/sites\\\/2\\\/2021\\\/03\\\/Borduurgaren-Zijdenoppe-17-Ocean-scaled-e1614952895305.jpg 1536w&quot;,&quot;sizes&quot;:&quot;(max-width: 416px) 100vw, 416px&quot;,&quot;full_src&quot;:&quot;https:\\\/\\\/webshop.annemiekoenen.com\\\/wp-content\\\/uploads\\\/sites\\\/2\\\/2021\\\/03\\\/Borduurgaren-Zijdenoppe-17-Ocean-scaled-e1614952895305.jpg&quot;,&quot;full_src_w&quot;:1536,&quot;full_src_h&quot;:2060,&quot;gallery_thumbnail_src&quot;:&quot;https:\\\/\\\/webshop.annemiekoenen.com\\\/wp-content\\\/uploads\\\/sites\\\/2\\\/2021\\\/03\\\/Borduurgaren-Zijdenoppe-17-Ocean-scaled-e1614952895305-100x100.jpg&quot;,&quot;gallery_thumbnail_src_w&quot;:100,&quot;gallery_thumbnail_src_h&quot;:100,&quot;thumb_src&quot;:&quot;https:\\\/\\\/webshop.annemiekoenen.com\\\/wp-content\\\/uploads\\\/sites\\\/2\\\/2021\\\/03\\\/Borduurgaren-Zijdenoppe-17-Ocean-scaled-e1614952895305-324x324.jpg&quot;,&quot;thumb_src_w&quot;:324,&quot;thumb_src_h&quot;:324,&quot;src_w&quot;:416,&quot;src_h&quot;:558},&quot;image_id&quot;:487,&quot;is_downloadable&quot;:false,&quot;is_in_stock&quot;:true,&quot;is_purchasable&quot;:true,&quot;is_sold_individually&quot;:&quot;no&quot;,&quot;is_virtual&quot;:false,&quot;max_qty&quot;:&quot;&quot;,&quot;min_qty&quot;:1,&quot;price_html&quot;:&quot;&quot;,&quot;sku&quot;:&quot;41BG17&quot;,&quot;variation_description&quot;:&quot;&quot;,&quot;variation_id&quot;:3884,&quot;variation_is_active&quot;:true,&quot;variation_is_visible&quot;:true,&quot;weight&quot;:&quot;4&quot;,&quot;weight_html&quot;:&quot;4 g&quot;},{&quot;attributes&quot;:{&quot;attribute_pa_zijdenoppe&quot;:&quot;blue-ocean-de&quot;},&quot;availability_html&quot;:&quot;&lt;p class=\\&quot;stock in-stock\\&quot;&gt;5 vorr\\u00e4tig (kann nachbestellt werden)&lt;\\\/p&gt;\\n&quot;,&quot;backorders_allowed&quot;:true,&quot;dimensions&quot;:{&quot;length&quot;:&quot;1000&quot;,&quot;width&quot;:&quot;&quot;,&quot;height&quot;:&quot;&quot;},&quot;dimensions_html&quot;:&quot;1000 cm&quot;,&quot;display_price&quot;:2.45,&quot;display_regular_price&quot;:2.45,&quot;gallery_image_ids&quot;:[],&quot;gallery_images_html&quot;:&quot;&quot;,&quot;image&quot;:{&quot;title&quot;:&quot;Borduurgaren Zijdenopp\\u00e9 - 18 Blue ocean&quot;,&quot;caption&quot;:&quot;&quot;,&quot;url&quot;:&quot;https:\\\/\\\/webshop.annemiekoenen.com\\\/wp-content\\\/uploads\\\/sites\\\/2\\\/2021\\\/03\\\/Borduurgaren-Zijdenoppe-18-Blue-ocean-scaled-e1614953020492.jpg&quot;,&quot;alt&quot;:&quot;Borduurgaren Zijdenopp\\u00e9 - 18 Blue ocean&quot;,&quot;src&quot;:&quot;https:\\\/\\\/webshop.annemiekoenen.com\\\/wp-content\\\/uploads\\\/sites\\\/2\\\/2021\\\/03\\\/Borduurgaren-Zijdenoppe-18-Blue-ocean-scaled-e1614953020492-600x800.jpg&quot;,&quot;srcset&quot;:&quot;https:\\\/\\\/webshop.annemiekoenen.com\\\/wp-content\\\/uploads\\\/sites\\\/2\\\/2021\\\/03\\\/Borduurgaren-Zijdenoppe-18-Blue-ocean-scaled-e1614953020492-600x800.jpg 600w, https:\\\/\\\/webshop.annemiekoenen.com\\\/wp-content\\\/uploads\\\/sites\\\/2\\\/2021\\\/03\\\/Borduurgaren-Zijdenoppe-18-Blue-ocean-scaled-e1614953020492-225x300.jpg 225w, https:\\\/\\\/webshop.annemiekoenen.com\\\/wp-content\\\/uploads\\\/sites\\\/2\\\/2021\\\/03\\\/Borduurgaren-Zijdenoppe-18-Blue-ocean-scaled-e1614953020492-768x1023.jpg 768w, https:\\\/\\\/webshop.annemiekoenen.com\\\/wp-content\\\/uploads\\\/sites\\\/2\\\/2021\\\/03\\\/Borduurgaren-Zijdenoppe-18-Blue-ocean-scaled-e1614953020492-1153x1536.jpg 1153w, https:\\\/\\\/webshop.annemiekoenen.com\\\/wp-content\\\/uploads\\\/sites\\\/2\\\/2021\\\/03\\\/Borduurgaren-Zijdenoppe-18-Blue-ocean-scaled-e1614953020492-1537x2048.jpg 1537w, https:\\\/\\\/webshop.annemiekoenen.com\\\/wp-content\\\/uploads\\\/sites\\\/2\\\/2021\\\/03\\\/Borduurgaren-Zijdenoppe-18-Blue-ocean-scaled-e1614953020492.jpg 1657w&quot;,&quot;sizes&quot;:&quot;(max-width: 416px) 100vw, 416px&quot;,&quot;full_src&quot;:&quot;https:\\\/\\\/webshop.annemiekoenen.com\\\/wp-content\\\/uploads\\\/sites\\\/2\\\/2021\\\/03\\\/Borduurgaren-Zijdenoppe-18-Blue-ocean-scaled-e1614953020492.jpg&quot;,&quot;full_src_w&quot;:1657,&quot;full_src_h&quot;:2208,&quot;gallery_thumbnail_src&quot;:&quot;https:\\\/\\\/webshop.annemiekoenen.com\\\/wp-content\\\/uploads\\\/sites\\\/2\\\/2021\\\/03\\\/Borduurgaren-Zijdenoppe-18-Blue-ocean-scaled-e1614953020492-100x100.jpg&quot;,&quot;gallery_thumbnail_src_w&quot;:100,&quot;gallery_thumbnail_src_h&quot;:100,&quot;thumb_src&quot;:&quot;https:\\\/\\\/webshop.annemiekoenen.com\\\/wp-content\\\/uploads\\\/sites\\\/2\\\/2021\\\/03\\\/Borduurgaren-Zijdenoppe-18-Blue-ocean-scaled-e1614953020492-324x324.jpg&quot;,&quot;thumb_src_w&quot;:324,&quot;thumb_src_h&quot;:324,&quot;src_w&quot;:416,&quot;src_h&quot;:555},&quot;image_id&quot;:490,&quot;is_downloadable&quot;:false,&quot;is_in_stock&quot;:true,&quot;is_purchasable&quot;:true,&quot;is_sold_individually&quot;:&quot;no&quot;,&quot;is_virtual&quot;:false,&quot;max_qty&quot;:&quot;&quot;,&quot;min_qty&quot;:1,&quot;price_html&quot;:&quot;&quot;,&quot;sku&quot;:&quot;41BG18&quot;,&quot;variation_description&quot;:&quot;&quot;,&quot;variation_id&quot;:3885,&quot;variation_is_active&quot;:true,&quot;variation_is_visible&quot;:true,&quot;weight&quot;:&quot;4&quot;,&quot;weight_html&quot;:&quot;4 g&quot;},{&quot;attributes&quot;:{&quot;attribute_pa_zijdenoppe&quot;:&quot;denim-de&quot;},&quot;availability_html&quot;:&quot;&lt;p class=\\&quot;stock in-stock\\&quot;&gt;5 vorr\\u00e4tig (kann nachbestellt werden)&lt;\\\/p&gt;\\n&quot;,&quot;backorders_allowed&quot;:true,&quot;dimensions&quot;:{&quot;length&quot;:&quot;1000&quot;,&quot;width&quot;:&quot;&quot;,&quot;height&quot;:&quot;&quot;},&quot;dimensions_html&quot;:&quot;1000 cm&quot;,&quot;display_price&quot;:2.45,&quot;display_regular_price&quot;:2.45,&quot;gallery_image_ids&quot;:[],&quot;gallery_images_html&quot;:&quot;&quot;,&quot;image&quot;:{&quot;title&quot;:&quot;Borduurgaren Zijdenopp\\u00e9 - 21 Denim&quot;,&quot;caption&quot;:&quot;&quot;,&quot;url&quot;:&quot;https:\\\/\\\/webshop.annemiekoenen.com\\\/wp-content\\\/uploads\\\/sites\\\/2\\\/2021\\\/03\\\/Borduurgaren-Zijdenoppe-21-Denim-scaled-e1614953196548.jpg&quot;,&quot;alt&quot;:&quot;Borduurgaren Zijdenopp\\u00e9 - 21 Denim&quot;,&quot;src&quot;:&quot;https:\\\/\\\/webshop.annemiekoenen.com\\\/wp-content\\\/uploads\\\/sites\\\/2\\\/2021\\\/03\\\/Borduurgaren-Zijdenoppe-21-Denim-scaled-e1614953196548-600x800.jpg&quot;,&quot;srcset&quot;:&quot;https:\\\/\\\/webshop.annemiekoenen.com\\\/wp-content\\\/uploads\\\/sites\\\/2\\\/2021\\\/03\\\/Borduurgaren-Zijdenoppe-21-Denim-scaled-e1614953196548-600x800.jpg 600w, https:\\\/\\\/webshop.annemiekoenen.com\\\/wp-content\\\/uploads\\\/sites\\\/2\\\/2021\\\/03\\\/Borduurgaren-Zijdenoppe-21-Denim-scaled-e1614953196548-225x300.jpg 225w, https:\\\/\\\/webshop.annemiekoenen.com\\\/wp-content\\\/uploads\\\/sites\\\/2\\\/2021\\\/03\\\/Borduurgaren-Zijdenoppe-21-Denim-scaled-e1614953196548-768x1025.jpg 768w, https:\\\/\\\/webshop.annemiekoenen.com\\\/wp-content\\\/uploads\\\/sites\\\/2\\\/2021\\\/03\\\/Borduurgaren-Zijdenoppe-21-Denim-scaled-e1614953196548-1151x1536.jpg 1151w, https:\\\/\\\/webshop.annemiekoenen.com\\\/wp-content\\\/uploads\\\/sites\\\/2\\\/2021\\\/03\\\/Borduurgaren-Zijdenoppe-21-Denim-scaled-e1614953196548-1535x2048.jpg 1535w, https:\\\/\\\/webshop.annemiekoenen.com\\\/wp-content\\\/uploads\\\/sites\\\/2\\\/2021\\\/03\\\/Borduurgaren-Zijdenoppe-21-Denim-scaled-e1614953196548.jpg 1664w&quot;,&quot;sizes&quot;:&quot;(max-width: 416px) 100vw, 416px&quot;,&quot;full_src&quot;:&quot;https:\\\/\\\/webshop.annemiekoenen.com\\\/wp-content\\\/uploads\\\/sites\\\/2\\\/2021\\\/03\\\/Borduurgaren-Zijdenoppe-21-Denim-scaled-e1614953196548.jpg&quot;,&quot;full_src_w&quot;:1664,&quot;full_src_h&quot;:2220,&quot;gallery_thumbnail_src&quot;:&quot;https:\\\/\\\/webshop.annemiekoenen.com\\\/wp-content\\\/uploads\\\/sites\\\/2\\\/2021\\\/03\\\/Borduurgaren-Zijdenoppe-21-Denim-scaled-e1614953196548-100x100.jpg&quot;,&quot;gallery_thumbnail_src_w&quot;:100,&quot;gallery_thumbnail_src_h&quot;:100,&quot;thumb_src&quot;:&quot;https:\\\/\\\/webshop.annemiekoenen.com\\\/wp-content\\\/uploads\\\/sites\\\/2\\\/2021\\\/03\\\/Borduurgaren-Zijdenoppe-21-Denim-scaled-e1614953196548-324x324.jpg&quot;,&quot;thumb_src_w&quot;:324,&quot;thumb_src_h&quot;:324,&quot;src_w&quot;:416,&quot;src_h&quot;:555},&quot;image_id&quot;:496,&quot;is_downloadable&quot;:false,&quot;is_in_stock&quot;:true,&quot;is_purchasable&quot;:true,&quot;is_sold_individually&quot;:&quot;no&quot;,&quot;is_virtual&quot;:false,&quot;max_qty&quot;:&quot;&quot;,&quot;min_qty&quot;:1,&quot;price_html&quot;:&quot;&quot;,&quot;sku&quot;:&quot;41BG21&quot;,&quot;variation_description&quot;:&quot;&quot;,&quot;variation_id&quot;:3887,&quot;variation_is_active&quot;:true,&quot;variation_is_visible&quot;:true,&quot;weight&quot;:&quot;4&quot;,&quot;weight_html&quot;:&quot;4 g&quot;},{&quot;attributes&quot;:{&quot;attribute_pa_zijdenoppe&quot;:&quot;smoke-de&quot;},&quot;availability_html&quot;:&quot;&lt;p class=\\&quot;stock in-stock\\&quot;&gt;6 vorr\\u00e4tig (kann nachbestellt werden)&lt;\\\/p&gt;\\n&quot;,&quot;backorders_allowed&quot;:true,&quot;dimensions&quot;:{&quot;length&quot;:&quot;1000&quot;,&quot;width&quot;:&quot;&quot;,&quot;height&quot;:&quot;&quot;},&quot;dimensions_html&quot;:&quot;1000 cm&quot;,&quot;display_price&quot;:2.45,&quot;display_regular_price&quot;:2.45,&quot;gallery_image_ids&quot;:[],&quot;gallery_images_html&quot;:&quot;&quot;,&quot;image&quot;:{&quot;title&quot;:&quot;Stickgarn Farbspektrum Seide Nopp\\u00e9&quot;,&quot;caption&quot;:&quot;&quot;,&quot;url&quot;:&quot;https:\\\/\\\/webshop.annemiekoenen.com\\\/wp-content\\\/uploads\\\/sites\\\/2\\\/2021\\\/03\\\/Borduurgaren-Kleurenspectrum-Zijdenoppe-scaled-e1614951285662.jpg&quot;,&quot;alt&quot;:&quot;Stickgarn Farbspektrum Seide Nopp\\u00e9&quot;,&quot;src&quot;:&quot;https:\\\/\\\/webshop.annemiekoenen.com\\\/wp-content\\\/uploads\\\/sites\\\/2\\\/2021\\\/03\\\/Borduurgaren-Kleurenspectrum-Zijdenoppe-scaled-e1614951285662-600x450.jpg&quot;,&quot;srcset&quot;:&quot;https:\\\/\\\/webshop.annemiekoenen.com\\\/wp-content\\\/uploads\\\/sites\\\/2\\\/2021\\\/03\\\/Borduurgaren-Kleurenspectrum-Zijdenoppe-scaled-e1614951285662-600x450.jpg 600w, https:\\\/\\\/webshop.annemiekoenen.com\\\/wp-content\\\/uploads\\\/sites\\\/2\\\/2021\\\/03\\\/Borduurgaren-Kleurenspectrum-Zijdenoppe-scaled-e1614951285662-300x225.jpg 300w, https:\\\/\\\/webshop.annemiekoenen.com\\\/wp-content\\\/uploads\\\/sites\\\/2\\\/2021\\\/03\\\/Borduurgaren-Kleurenspectrum-Zijdenoppe-scaled-e1614951285662-1024x768.jpg 1024w, https:\\\/\\\/webshop.annemiekoenen.com\\\/wp-content\\\/uploads\\\/sites\\\/2\\\/2021\\\/03\\\/Borduurgaren-Kleurenspectrum-Zijdenoppe-scaled-e1614951285662-768x576.jpg 768w, https:\\\/\\\/webshop.annemiekoenen.com\\\/wp-content\\\/uploads\\\/sites\\\/2\\\/2021\\\/03\\\/Borduurgaren-Kleurenspectrum-Zijdenoppe-scaled-e1614951285662-1536x1152.jpg 1536w, https:\\\/\\\/webshop.annemiekoenen.com\\\/wp-content\\\/uploads\\\/sites\\\/2\\\/2021\\\/03\\\/Borduurgaren-Kleurenspectrum-Zijdenoppe-scaled-e1614951285662.jpg 1766w&quot;,&quot;sizes&quot;:&quot;(max-width: 416px) 100vw, 416px&quot;,&quot;full_src&quot;:&quot;https:\\\/\\\/webshop.annemiekoenen.com\\\/wp-content\\\/uploads\\\/sites\\\/2\\\/2021\\\/03\\\/Borduurgaren-Kleurenspectrum-Zijdenoppe-scaled-e1614951285662.jpg&quot;,&quot;full_src_w&quot;:1766,&quot;full_src_h&quot;:1324,&quot;gallery_thumbnail_src&quot;:&quot;https:\\\/\\\/webshop.annemiekoenen.com\\\/wp-content\\\/uploads\\\/sites\\\/2\\\/2021\\\/03\\\/Borduurgaren-Kleurenspectrum-Zijdenoppe-scaled-e1614951285662-100x100.jpg&quot;,&quot;gallery_thumbnail_src_w&quot;:100,&quot;gallery_thumbnail_src_h&quot;:100,&quot;thumb_src&quot;:&quot;https:\\\/\\\/webshop.annemiekoenen.com\\\/wp-content\\\/uploads\\\/sites\\\/2\\\/2021\\\/03\\\/Borduurgaren-Kleurenspectrum-Zijdenoppe-scaled-e1614951285662-324x324.jpg&quot;,&quot;thumb_src_w&quot;:324,&quot;thumb_src_h&quot;:324,&quot;src_w&quot;:416,&quot;src_h&quot;:312},&quot;image_id&quot;:457,&quot;is_downloadable&quot;:false,&quot;is_in_stock&quot;:true,&quot;is_purchasable&quot;:true,&quot;is_sold_individually&quot;:&quot;no&quot;,&quot;is_virtual&quot;:false,&quot;max_qty&quot;:&quot;&quot;,&quot;min_qty&quot;:1,&quot;price_html&quot;:&quot;&quot;,&quot;sku&quot;:&quot;41BG23&quot;,&quot;variation_description&quot;:&quot;&quot;,&quot;variation_id&quot;:3889,&quot;variation_is_active&quot;:true,&quot;variation_is_visible&quot;:true,&quot;weight&quot;:&quot;4&quot;,&quot;weight_html&quot;:&quot;4 g&quot;},{&quot;attributes&quot;:{&quot;attribute_pa_zijdenoppe&quot;:&quot;smoke-mit-viel-weis&quot;},&quot;availability_html&quot;:&quot;&lt;p class=\\&quot;stock in-stock\\&quot;&gt;7 vorr\\u00e4tig (kann nachbestellt werden)&lt;\\\/p&gt;\\n&quot;,&quot;backorders_allowed&quot;:true,&quot;dimensions&quot;:{&quot;length&quot;:&quot;1000&quot;,&quot;width&quot;:&quot;&quot;,&quot;height&quot;:&quot;&quot;},&quot;dimensions_html&quot;:&quot;1000 cm&quot;,&quot;display_price&quot;:2.45,&quot;display_regular_price&quot;:2.45,&quot;gallery_image_ids&quot;:[],&quot;gallery_images_html&quot;:&quot;&quot;,&quot;image&quot;:{&quot;title&quot;:&quot;Borduurgarens Zijdenopp\\u00e9 - 24 Smoke met veel wit&quot;,&quot;caption&quot;:&quot;&quot;,&quot;url&quot;:&quot;https:\\\/\\\/webshop.annemiekoenen.com\\\/wp-content\\\/uploads\\\/sites\\\/2\\\/2021\\\/04\\\/Borduurgarens-Zijdenoppe-24-Smoke-met-veel-wit-scaled-e1617547273816.jpg&quot;,&quot;alt&quot;:&quot;Borduurgarens Zijdenopp\\u00e9 - 24 Smoke met veel wit&quot;,&quot;src&quot;:&quot;https:\\\/\\\/webshop.annemiekoenen.com\\\/wp-content\\\/uploads\\\/sites\\\/2\\\/2021\\\/04\\\/Borduurgarens-Zijdenoppe-24-Smoke-met-veel-wit-scaled-e1617547273816-600x801.jpg&quot;,&quot;srcset&quot;:&quot;https:\\\/\\\/webshop.annemiekoenen.com\\\/wp-content\\\/uploads\\\/sites\\\/2\\\/2021\\\/04\\\/Borduurgarens-Zijdenoppe-24-Smoke-met-veel-wit-scaled-e1617547273816-600x801.jpg 600w, https:\\\/\\\/webshop.annemiekoenen.com\\\/wp-content\\\/uploads\\\/sites\\\/2\\\/2021\\\/04\\\/Borduurgarens-Zijdenoppe-24-Smoke-met-veel-wit-scaled-e1617547273816-225x300.jpg 225w, https:\\\/\\\/webshop.annemiekoenen.com\\\/wp-content\\\/uploads\\\/sites\\\/2\\\/2021\\\/04\\\/Borduurgarens-Zijdenoppe-24-Smoke-met-veel-wit-scaled-e1617547273816-767x1024.jpg 767w, https:\\\/\\\/webshop.annemiekoenen.com\\\/wp-content\\\/uploads\\\/sites\\\/2\\\/2021\\\/04\\\/Borduurgarens-Zijdenoppe-24-Smoke-met-veel-wit-scaled-e1617547273816-768x1025.jpg 768w, https:\\\/\\\/webshop.annemiekoenen.com\\\/wp-content\\\/uploads\\\/sites\\\/2\\\/2021\\\/04\\\/Borduurgarens-Zijdenoppe-24-Smoke-met-veel-wit-scaled-e1617547273816-1150x1536.jpg 1150w, https:\\\/\\\/webshop.annemiekoenen.com\\\/wp-content\\\/uploads\\\/sites\\\/2\\\/2021\\\/04\\\/Borduurgarens-Zijdenoppe-24-Smoke-met-veel-wit-scaled-e1617547273816-1534x2048.jpg 1534w, https:\\\/\\\/webshop.annemiekoenen.com\\\/wp-content\\\/uploads\\\/sites\\\/2\\\/2021\\\/04\\\/Borduurgarens-Zijdenoppe-24-Smoke-met-veel-wit-scaled-e1617547273816.jpg 1548w&quot;,&quot;sizes&quot;:&quot;(max-width: 416px) 100vw, 416px&quot;,&quot;full_src&quot;:&quot;https:\\\/\\\/webshop.annemiekoenen.com\\\/wp-content\\\/uploads\\\/sites\\\/2\\\/2021\\\/04\\\/Borduurgarens-Zijdenoppe-24-Smoke-met-veel-wit-scaled-e1617547273816.jpg&quot;,&quot;full_src_w&quot;:1548,&quot;full_src_h&quot;:2067,&quot;gallery_thumbnail_src&quot;:&quot;https:\\\/\\\/webshop.annemiekoenen.com\\\/wp-content\\\/uploads\\\/sites\\\/2\\\/2021\\\/04\\\/Borduurgarens-Zijdenoppe-24-Smoke-met-veel-wit-scaled-e1617547273816-100x100.jpg&quot;,&quot;gallery_thumbnail_src_w&quot;:100,&quot;gallery_thumbnail_src_h&quot;:100,&quot;thumb_src&quot;:&quot;https:\\\/\\\/webshop.annemiekoenen.com\\\/wp-content\\\/uploads\\\/sites\\\/2\\\/2021\\\/04\\\/Borduurgarens-Zijdenoppe-24-Smoke-met-veel-wit-scaled-e1617547273816-324x324.jpg&quot;,&quot;thumb_src_w&quot;:324,&quot;thumb_src_h&quot;:324,&quot;src_w&quot;:416,&quot;src_h&quot;:555},&quot;image_id&quot;:2226,&quot;is_downloadable&quot;:false,&quot;is_in_stock&quot;:true,&quot;is_purchasable&quot;:true,&quot;is_sold_individually&quot;:&quot;no&quot;,&quot;is_virtual&quot;:false,&quot;max_qty&quot;:&quot;&quot;,&quot;min_qty&quot;:1,&quot;price_html&quot;:&quot;&quot;,&quot;sku&quot;:&quot;41BG24&quot;,&quot;variation_description&quot;:&quot;&quot;,&quot;variation_id&quot;:3890,&quot;variation_is_active&quot;:true,&quot;variation_is_visible&quot;:true,&quot;weight&quot;:&quot;4&quot;,&quot;weight_html&quot;:&quot;4 g&quot;},{&quot;attributes&quot;:{&quot;attribute_pa_zijdenoppe&quot;:&quot;schwarz&quot;},&quot;availability_html&quot;:&quot;&lt;p class=\\&quot;stock in-stock\\&quot;&gt;9 vorr\\u00e4tig (kann nachbestellt werden)&lt;\\\/p&gt;\\n&quot;,&quot;backorders_allowed&quot;:true,&quot;dimensions&quot;:{&quot;length&quot;:&quot;1000&quot;,&quot;width&quot;:&quot;&quot;,&quot;height&quot;:&quot;&quot;},&quot;dimensions_html&quot;:&quot;1000 cm&quot;,&quot;display_price&quot;:2.45,&quot;display_regular_price&quot;:2.45,&quot;gallery_image_ids&quot;:[],&quot;gallery_images_html&quot;:&quot;&quot;,&quot;image&quot;:{&quot;title&quot;:&quot;Borduurgarens Zijdenopp\\u00e9 - 26 Zwart&quot;,&quot;caption&quot;:&quot;&quot;,&quot;url&quot;:&quot;https:\\\/\\\/webshop.annemiekoenen.com\\\/wp-content\\\/uploads\\\/sites\\\/2\\\/2021\\\/04\\\/Borduurgarens-Zijdenoppe-26-Zwart-scaled-e1617547365911.jpg&quot;,&quot;alt&quot;:&quot;Borduurgarens Zijdenopp\\u00e9 - 26 Zwart&quot;,&quot;src&quot;:&quot;https:\\\/\\\/webshop.annemiekoenen.com\\\/wp-content\\\/uploads\\\/sites\\\/2\\\/2021\\\/04\\\/Borduurgarens-Zijdenoppe-26-Zwart-scaled-e1617547365911-600x799.jpg&quot;,&quot;srcset&quot;:&quot;https:\\\/\\\/webshop.annemiekoenen.com\\\/wp-content\\\/uploads\\\/sites\\\/2\\\/2021\\\/04\\\/Borduurgarens-Zijdenoppe-26-Zwart-scaled-e1617547365911-600x799.jpg 600w, https:\\\/\\\/webshop.annemiekoenen.com\\\/wp-content\\\/uploads\\\/sites\\\/2\\\/2021\\\/04\\\/Borduurgarens-Zijdenoppe-26-Zwart-scaled-e1617547365911-225x300.jpg 225w, https:\\\/\\\/webshop.annemiekoenen.com\\\/wp-content\\\/uploads\\\/sites\\\/2\\\/2021\\\/04\\\/Borduurgarens-Zijdenoppe-26-Zwart-scaled-e1617547365911-769x1024.jpg 769w, https:\\\/\\\/webshop.annemiekoenen.com\\\/wp-content\\\/uploads\\\/sites\\\/2\\\/2021\\\/04\\\/Borduurgarens-Zijdenoppe-26-Zwart-scaled-e1617547365911-768x1023.jpg 768w, https:\\\/\\\/webshop.annemiekoenen.com\\\/wp-content\\\/uploads\\\/sites\\\/2\\\/2021\\\/04\\\/Borduurgarens-Zijdenoppe-26-Zwart-scaled-e1617547365911-1153x1536.jpg 1153w, https:\\\/\\\/webshop.annemiekoenen.com\\\/wp-content\\\/uploads\\\/sites\\\/2\\\/2021\\\/04\\\/Borduurgarens-Zijdenoppe-26-Zwart-scaled-e1617547365911-1537x2048.jpg 1537w, https:\\\/\\\/webshop.annemiekoenen.com\\\/wp-content\\\/uploads\\\/sites\\\/2\\\/2021\\\/04\\\/Borduurgarens-Zijdenoppe-26-Zwart-scaled-e1617547365911.jpg 1580w&quot;,&quot;sizes&quot;:&quot;(max-width: 416px) 100vw, 416px&quot;,&quot;full_src&quot;:&quot;https:\\\/\\\/webshop.annemiekoenen.com\\\/wp-content\\\/uploads\\\/sites\\\/2\\\/2021\\\/04\\\/Borduurgarens-Zijdenoppe-26-Zwart-scaled-e1617547365911.jpg&quot;,&quot;full_src_w&quot;:1580,&quot;full_src_h&quot;:2105,&quot;gallery_thumbnail_src&quot;:&quot;https:\\\/\\\/webshop.annemiekoenen.com\\\/wp-content\\\/uploads\\\/sites\\\/2\\\/2021\\\/04\\\/Borduurgarens-Zijdenoppe-26-Zwart-scaled-e1617547365911-100x100.jpg&quot;,&quot;gallery_thumbnail_src_w&quot;:100,&quot;gallery_thumbnail_src_h&quot;:100,&quot;thumb_src&quot;:&quot;https:\\\/\\\/webshop.annemiekoenen.com\\\/wp-content\\\/uploads\\\/sites\\\/2\\\/2021\\\/04\\\/Borduurgarens-Zijdenoppe-26-Zwart-scaled-e1617547365911-324x324.jpg&quot;,&quot;thumb_src_w&quot;:324,&quot;thumb_src_h&quot;:324,&quot;src_w&quot;:416,&quot;src_h&quot;:554},&quot;image_id&quot;:2229,&quot;is_downloadable&quot;:false,&quot;is_in_stock&quot;:true,&quot;is_purchasable&quot;:true,&quot;is_sold_individually&quot;:&quot;no&quot;,&quot;is_virtual&quot;:false,&quot;max_qty&quot;:&quot;&quot;,&quot;min_qty&quot;:1,&quot;price_html&quot;:&quot;&quot;,&quot;sku&quot;:&quot;41BG26&quot;,&quot;variation_description&quot;:&quot;&quot;,&quot;variation_id&quot;:3892,&quot;variation_is_active&quot;:true,&quot;variation_is_visible&quot;:true,&quot;weight&quot;:&quot;4&quot;,&quot;weight_html&quot;:&quot;4 g&quot;},{&quot;attributes&quot;:{&quot;attribute_pa_zijdenoppe&quot;:&quot;weis&quot;},&quot;availability_html&quot;:&quot;&lt;p class=\\&quot;stock in-stock\\&quot;&gt;5 vorr\\u00e4tig (kann nachbestellt werden)&lt;\\\/p&gt;\\n&quot;,&quot;backorders_allowed&quot;:true,&quot;dimensions&quot;:{&quot;length&quot;:&quot;1000&quot;,&quot;width&quot;:&quot;&quot;,&quot;height&quot;:&quot;&quot;},&quot;dimensions_html&quot;:&quot;1000 cm&quot;,&quot;display_price&quot;:2.45,&quot;display_regular_price&quot;:2.45,&quot;gallery_image_ids&quot;:[],&quot;gallery_images_html&quot;:&quot;&quot;,&quot;image&quot;:{&quot;title&quot;:&quot;Borduurgaren Zijdenopp\\u00e9 - 25 Wit&quot;,&quot;caption&quot;:&quot;&quot;,&quot;url&quot;:&quot;https:\\\/\\\/webshop.annemiekoenen.com\\\/wp-content\\\/uploads\\\/sites\\\/2\\\/2021\\\/03\\\/Borduurgaren-Zijdenoppe-25-Wit-scaled-e1614953346519.jpg&quot;,&quot;alt&quot;:&quot;Borduurgaren Zijdenopp\\u00e9 - 25 Wit&quot;,&quot;src&quot;:&quot;https:\\\/\\\/webshop.annemiekoenen.com\\\/wp-content\\\/uploads\\\/sites\\\/2\\\/2021\\\/03\\\/Borduurgaren-Zijdenoppe-25-Wit-scaled-e1614953346519-600x800.jpg&quot;,&quot;srcset&quot;:&quot;https:\\\/\\\/webshop.annemiekoenen.com\\\/wp-content\\\/uploads\\\/sites\\\/2\\\/2021\\\/03\\\/Borduurgaren-Zijdenoppe-25-Wit-scaled-e1614953346519-600x800.jpg 600w, https:\\\/\\\/webshop.annemiekoenen.com\\\/wp-content\\\/uploads\\\/sites\\\/2\\\/2021\\\/03\\\/Borduurgaren-Zijdenoppe-25-Wit-scaled-e1614953346519-225x300.jpg 225w, https:\\\/\\\/webshop.annemiekoenen.com\\\/wp-content\\\/uploads\\\/sites\\\/2\\\/2021\\\/03\\\/Borduurgaren-Zijdenoppe-25-Wit-scaled-e1614953346519-768x1025.jpg 768w, https:\\\/\\\/webshop.annemiekoenen.com\\\/wp-content\\\/uploads\\\/sites\\\/2\\\/2021\\\/03\\\/Borduurgaren-Zijdenoppe-25-Wit-scaled-e1614953346519-1151x1536.jpg 1151w, https:\\\/\\\/webshop.annemiekoenen.com\\\/wp-content\\\/uploads\\\/sites\\\/2\\\/2021\\\/03\\\/Borduurgaren-Zijdenoppe-25-Wit-scaled-e1614953346519-1535x2048.jpg 1535w, https:\\\/\\\/webshop.annemiekoenen.com\\\/wp-content\\\/uploads\\\/sites\\\/2\\\/2021\\\/03\\\/Borduurgaren-Zijdenoppe-25-Wit-scaled-e1614953346519.jpg 1760w&quot;,&quot;sizes&quot;:&quot;(max-width: 416px) 100vw, 416px&quot;,&quot;full_src&quot;:&quot;https:\\\/\\\/webshop.annemiekoenen.com\\\/wp-content\\\/uploads\\\/sites\\\/2\\\/2021\\\/03\\\/Borduurgaren-Zijdenoppe-25-Wit-scaled-e1614953346519.jpg&quot;,&quot;full_src_w&quot;:1760,&quot;full_src_h&quot;:2348,&quot;gallery_thumbnail_src&quot;:&quot;https:\\\/\\\/webshop.annemiekoenen.com\\\/wp-content\\\/uploads\\\/sites\\\/2\\\/2021\\\/03\\\/Borduurgaren-Zijdenoppe-25-Wit-scaled-e1614953346519-100x100.jpg&quot;,&quot;gallery_thumbnail_src_w&quot;:100,&quot;gallery_thumbnail_src_h&quot;:100,&quot;thumb_src&quot;:&quot;https:\\\/\\\/webshop.annemiekoenen.com\\\/wp-content\\\/uploads\\\/sites\\\/2\\\/2021\\\/03\\\/Borduurgaren-Zijdenoppe-25-Wit-scaled-e1614953346519-324x324.jpg&quot;,&quot;thumb_src_w&quot;:324,&quot;thumb_src_h&quot;:324,&quot;src_w&quot;:416,&quot;src_h&quot;:555},&quot;image_id&quot;:499,&quot;is_downloadable&quot;:false,&quot;is_in_stock&quot;:true,&quot;is_purchasable&quot;:true,&quot;is_sold_individually&quot;:&quot;no&quot;,&quot;is_virtual&quot;:false,&quot;max_qty&quot;:&quot;&quot;,&quot;min_qty&quot;:1,&quot;price_html&quot;:&quot;&quot;,&quot;sku&quot;:&quot;41BG25&quot;,&quot;variation_description&quot;:&quot;&quot;,&quot;variation_id&quot;:3891,&quot;variation_is_active&quot;:true,&quot;variation_is_visible&quot;:true,&quot;weight&quot;:&quot;4&quot;,&quot;weight_html&quot;:&quot;4 g&quot;},{&quot;attributes&quot;:{&quot;attribute_pa_zijdenoppe&quot;:&quot;baby-rosa&quot;},&quot;availability_html&quot;:&quot;&lt;p class=\\&quot;stock in-stock\\&quot;&gt;9 vorr\\u00e4tig (kann nachbestellt werden)&lt;\\\/p&gt;\\n&quot;,&quot;backorders_allowed&quot;:true,&quot;dimensions&quot;:{&quot;length&quot;:&quot;1000&quot;,&quot;width&quot;:&quot;&quot;,&quot;height&quot;:&quot;&quot;},&quot;dimensions_html&quot;:&quot;1000 cm&quot;,&quot;display_price&quot;:2.45,&quot;display_regular_price&quot;:2.45,&quot;gallery_image_ids&quot;:[],&quot;gallery_images_html&quot;:&quot;&quot;,&quot;image&quot;:{&quot;title&quot;:&quot;Borduurgarens Zijdenopp\\u00e9 - 27 Baby rose&quot;,&quot;caption&quot;:&quot;&quot;,&quot;url&quot;:&quot;https:\\\/\\\/webshop.annemiekoenen.com\\\/wp-content\\\/uploads\\\/sites\\\/2\\\/2021\\\/04\\\/Borduurgarens-Zijdenoppe-27-Baby-rose-scaled-e1617547450363.jpg&quot;,&quot;alt&quot;:&quot;Borduurgarens Zijdenopp\\u00e9 - 27 Baby rose&quot;,&quot;src&quot;:&quot;https:\\\/\\\/webshop.annemiekoenen.com\\\/wp-content\\\/uploads\\\/sites\\\/2\\\/2021\\\/04\\\/Borduurgarens-Zijdenoppe-27-Baby-rose-scaled-e1617547450363-600x801.jpg&quot;,&quot;srcset&quot;:&quot;https:\\\/\\\/webshop.annemiekoenen.com\\\/wp-content\\\/uploads\\\/sites\\\/2\\\/2021\\\/04\\\/Borduurgarens-Zijdenoppe-27-Baby-rose-scaled-e1617547450363-600x801.jpg 600w, https:\\\/\\\/webshop.annemiekoenen.com\\\/wp-content\\\/uploads\\\/sites\\\/2\\\/2021\\\/04\\\/Borduurgarens-Zijdenoppe-27-Baby-rose-scaled-e1617547450363-225x300.jpg 225w, https:\\\/\\\/webshop.annemiekoenen.com\\\/wp-content\\\/uploads\\\/sites\\\/2\\\/2021\\\/04\\\/Borduurgarens-Zijdenoppe-27-Baby-rose-scaled-e1617547450363-767x1024.jpg 767w, https:\\\/\\\/webshop.annemiekoenen.com\\\/wp-content\\\/uploads\\\/sites\\\/2\\\/2021\\\/04\\\/Borduurgarens-Zijdenoppe-27-Baby-rose-scaled-e1617547450363-768x1025.jpg 768w, https:\\\/\\\/webshop.annemiekoenen.com\\\/wp-content\\\/uploads\\\/sites\\\/2\\\/2021\\\/04\\\/Borduurgarens-Zijdenoppe-27-Baby-rose-scaled-e1617547450363-1151x1536.jpg 1151w, https:\\\/\\\/webshop.annemiekoenen.com\\\/wp-content\\\/uploads\\\/sites\\\/2\\\/2021\\\/04\\\/Borduurgarens-Zijdenoppe-27-Baby-rose-scaled-e1617547450363-1534x2048.jpg 1534w, https:\\\/\\\/webshop.annemiekoenen.com\\\/wp-content\\\/uploads\\\/sites\\\/2\\\/2021\\\/04\\\/Borduurgarens-Zijdenoppe-27-Baby-rose-scaled-e1617547450363.jpg 1606w&quot;,&quot;sizes&quot;:&quot;(max-width: 416px) 100vw, 416px&quot;,&quot;full_src&quot;:&quot;https:\\\/\\\/webshop.annemiekoenen.com\\\/wp-content\\\/uploads\\\/sites\\\/2\\\/2021\\\/04\\\/Borduurgarens-Zijdenoppe-27-Baby-rose-scaled-e1617547450363.jpg&quot;,&quot;full_src_w&quot;:1606,&quot;full_src_h&quot;:2144,&quot;gallery_thumbnail_src&quot;:&quot;https:\\\/\\\/webshop.annemiekoenen.com\\\/wp-content\\\/uploads\\\/sites\\\/2\\\/2021\\\/04\\\/Borduurgarens-Zijdenoppe-27-Baby-rose-scaled-e1617547450363-100x100.jpg&quot;,&quot;gallery_thumbnail_src_w&quot;:100,&quot;gallery_thumbnail_src_h&quot;:100,&quot;thumb_src&quot;:&quot;https:\\\/\\\/webshop.annemiekoenen.com\\\/wp-content\\\/uploads\\\/sites\\\/2\\\/2021\\\/04\\\/Borduurgarens-Zijdenoppe-27-Baby-rose-scaled-e1617547450363-324x324.jpg&quot;,&quot;thumb_src_w&quot;:324,&quot;thumb_src_h&quot;:324,&quot;src_w&quot;:416,&quot;src_h&quot;:555},&quot;image_id&quot;:2232,&quot;is_downloadable&quot;:false,&quot;is_in_stock&quot;:true,&quot;is_purchasable&quot;:true,&quot;is_sold_individually&quot;:&quot;no&quot;,&quot;is_virtual&quot;:false,&quot;max_qty&quot;:&quot;&quot;,&quot;min_qty&quot;:1,&quot;price_html&quot;:&quot;&quot;,&quot;sku&quot;:&quot;41BG27&quot;,&quot;variation_description&quot;:&quot;&quot;,&quot;variation_id&quot;:3893,&quot;variation_is_active&quot;:true,&quot;variation_is_visible&quot;:true,&quot;weight&quot;:&quot;4&quot;,&quot;weight_html&quot;:&quot;4 g&quot;},{&quot;attributes&quot;:{&quot;attribute_pa_zijdenoppe&quot;:&quot;baby-blau&quot;},&quot;availability_html&quot;:&quot;&lt;p class=\\&quot;stock in-stock\\&quot;&gt;7 vorr\\u00e4tig (kann nachbestellt werden)&lt;\\\/p&gt;\\n&quot;,&quot;backorders_allowed&quot;:true,&quot;dimensions&quot;:{&quot;length&quot;:&quot;1000&quot;,&quot;width&quot;:&quot;&quot;,&quot;height&quot;:&quot;&quot;},&quot;dimensions_html&quot;:&quot;1000 cm&quot;,&quot;display_price&quot;:2.45,&quot;display_regular_price&quot;:2.45,&quot;gallery_image_ids&quot;:[],&quot;gallery_images_html&quot;:&quot;&quot;,&quot;image&quot;:{&quot;title&quot;:&quot;Borduurgarens Zijdenopp\\u00e9 - 28 Baby blauw&quot;,&quot;caption&quot;:&quot;&quot;,&quot;url&quot;:&quot;https:\\\/\\\/webshop.annemiekoenen.com\\\/wp-content\\\/uploads\\\/sites\\\/2\\\/2021\\\/04\\\/Borduurgarens-Zijdenoppe-28-Baby-blauw-scaled-e1617547536499.jpg&quot;,&quot;alt&quot;:&quot;Borduurgarens Zijdenopp\\u00e9 - 28 Baby blauw&quot;,&quot;src&quot;:&quot;https:\\\/\\\/webshop.annemiekoenen.com\\\/wp-content\\\/uploads\\\/sites\\\/2\\\/2021\\\/04\\\/Borduurgarens-Zijdenoppe-28-Baby-blauw-scaled-e1617547536499-600x799.jpg&quot;,&quot;srcset&quot;:&quot;https:\\\/\\\/webshop.annemiekoenen.com\\\/wp-content\\\/uploads\\\/sites\\\/2\\\/2021\\\/04\\\/Borduurgarens-Zijdenoppe-28-Baby-blauw-scaled-e1617547536499-600x799.jpg 600w, https:\\\/\\\/webshop.annemiekoenen.com\\\/wp-content\\\/uploads\\\/sites\\\/2\\\/2021\\\/04\\\/Borduurgarens-Zijdenoppe-28-Baby-blauw-scaled-e1617547536499-225x300.jpg 225w, https:\\\/\\\/webshop.annemiekoenen.com\\\/wp-content\\\/uploads\\\/sites\\\/2\\\/2021\\\/04\\\/Borduurgarens-Zijdenoppe-28-Baby-blauw-scaled-e1617547536499-769x1024.jpg 769w, https:\\\/\\\/webshop.annemiekoenen.com\\\/wp-content\\\/uploads\\\/sites\\\/2\\\/2021\\\/04\\\/Borduurgarens-Zijdenoppe-28-Baby-blauw-scaled-e1617547536499-768x1023.jpg 768w, https:\\\/\\\/webshop.annemiekoenen.com\\\/wp-content\\\/uploads\\\/sites\\\/2\\\/2021\\\/04\\\/Borduurgarens-Zijdenoppe-28-Baby-blauw-scaled-e1617547536499-1153x1536.jpg 1153w, https:\\\/\\\/webshop.annemiekoenen.com\\\/wp-content\\\/uploads\\\/sites\\\/2\\\/2021\\\/04\\\/Borduurgarens-Zijdenoppe-28-Baby-blauw-scaled-e1617547536499-1537x2048.jpg 1537w, https:\\\/\\\/webshop.annemiekoenen.com\\\/wp-content\\\/uploads\\\/sites\\\/2\\\/2021\\\/04\\\/Borduurgarens-Zijdenoppe-28-Baby-blauw-scaled-e1617547536499.jpg 1580w&quot;,&quot;sizes&quot;:&quot;(max-width: 416px) 100vw, 416px&quot;,&quot;full_src&quot;:&quot;https:\\\/\\\/webshop.annemiekoenen.com\\\/wp-content\\\/uploads\\\/sites\\\/2\\\/2021\\\/04\\\/Borduurgarens-Zijdenoppe-28-Baby-blauw-scaled-e1617547536499.jpg&quot;,&quot;full_src_w&quot;:1580,&quot;full_src_h&quot;:2105,&quot;gallery_thumbnail_src&quot;:&quot;https:\\\/\\\/webshop.annemiekoenen.com\\\/wp-content\\\/uploads\\\/sites\\\/2\\\/2021\\\/04\\\/Borduurgarens-Zijdenoppe-28-Baby-blauw-scaled-e1617547536499-100x100.jpg&quot;,&quot;gallery_thumbnail_src_w&quot;:100,&quot;gallery_thumbnail_src_h&quot;:100,&quot;thumb_src&quot;:&quot;https:\\\/\\\/webshop.annemiekoenen.com\\\/wp-content\\\/uploads\\\/sites\\\/2\\\/2021\\\/04\\\/Borduurgarens-Zijdenoppe-28-Baby-blauw-scaled-e1617547536499-324x324.jpg&quot;,&quot;thumb_src_w&quot;:324,&quot;thumb_src_h&quot;:324,&quot;src_w&quot;:416,&quot;src_h&quot;:554},&quot;image_id&quot;:2235,&quot;is_downloadable&quot;:false,&quot;is_in_stock&quot;:true,&quot;is_purchasable&quot;:true,&quot;is_sold_individually&quot;:&quot;no&quot;,&quot;is_virtual&quot;:false,&quot;max_qty&quot;:&quot;&quot;,&quot;min_qty&quot;:1,&quot;price_html&quot;:&quot;&quot;,&quot;sku&quot;:&quot;41BG28&quot;,&quot;variation_description&quot;:&quot;&quot;,&quot;variation_id&quot;:3894,&quot;variation_is_active&quot;:true,&quot;variation_is_visible&quot;:true,&quot;weight&quot;:&quot;4&quot;,&quot;weight_html&quot;:&quot;4 g&quot;}]\">\n\t<div data-product_id=\"3869\" data-threshold_min=\"30\" data-threshold_max=\"100\" data-total=\"23\">\n\t\t\t<table class=\"variations\" cellspacing=\"0\" role=\"presentation\">\n\t\t\t<tbody>\n\t\t\t\t\t\t\t\t\t<tr>\n\t\t\t\t\t\t<th class=\"label\"><label for=\"pa_zijdenoppe\">Zijdenopp\u00e9<\/label><\/th>\n\t\t\t\t\t\t<td class=\"value\">\n\t\t\t\t\t\t\t<select style=\"display:none\" id=\"pa_zijdenoppe\" class=\" woo-variation-raw-select\" name=\"attribute_pa_zijdenoppe\" data-attribute_name=\"attribute_pa_zijdenoppe\" data-show_option_none=\"yes\"><option value=\"\">Option ausw\u00e4hlen<\/option><option value=\"baby-blau\" >Baby blau<\/option><option value=\"baby-rosa\" >Baby rosa<\/option><option value=\"blue-ocean-de\" >Blue ocean<\/option><option value=\"denim-de\" >Denim<\/option><option value=\"fire-de\" >Fire<\/option><option value=\"flames-de\" >Flames<\/option><option value=\"forest-de\" >Forest<\/option><option value=\"fuchsie\" >Fuchsie<\/option><option value=\"limette\" >Limette<\/option><option value=\"louise-de\" >Louise<\/option><option value=\"magic-de\" >Magic<\/option><option value=\"ocean-de\" >Ocean<\/option><option value=\"ocker\" >Ocker<\/option><option value=\"rotraud-de\" >Rotraud<\/option><option value=\"ruby-de\" >Ruby<\/option><option value=\"schwarz\" >Schwarz<\/option><option value=\"smoke-de\" >Smoke<\/option><option value=\"smoke-mit-viel-weis\" >Smoke mit viel Wei\u00df<\/option><option value=\"summer-de\" >Summer<\/option><option value=\"sunshine-de\" >Sunshine<\/option><option value=\"turmalin-de\" >Turmalin<\/option><option value=\"violett\" >Violett<\/option><option value=\"weis\" >Wei\u00df<\/option><\/select><ul role=\"radiogroup\" aria-label=\"Zijdenopp\u00e9\" class=\"variable-items-wrapper image-variable-items-wrapper wvs-style-squared\" data-attribute_name=\"attribute_pa_zijdenoppe\" data-attribute_values=\"[&quot;sunshine-de&quot;,&quot;ocker&quot;,&quot;flames-de&quot;,&quot;ruby-de&quot;,&quot;fire-de&quot;,&quot;summer-de&quot;,&quot;louise-de&quot;,&quot;violett&quot;,&quot;fuchsie&quot;,&quot;magic-de&quot;,&quot;turmalin-de&quot;,&quot;limette&quot;,&quot;rotraud-de&quot;,&quot;forest-de&quot;,&quot;ocean-de&quot;,&quot;blue-ocean-de&quot;,&quot;denim-de&quot;,&quot;smoke-de&quot;,&quot;smoke-mit-viel-weis&quot;,&quot;weis&quot;,&quot;schwarz&quot;,&quot;baby-rosa&quot;,&quot;baby-blau&quot;]\"><li aria-checked=\"false\" tabindex=\"0\" data-attribute_name=\"attribute_pa_zijdenoppe\" data-wvstooltip=\"Baby blau\" class=\"variable-item image-variable-item image-variable-item-baby-blau \" title=\"Baby blau\" data-title=\"Baby blau\" data-value=\"baby-blau\" role=\"radio\" tabindex=\"0\"><div class=\"variable-item-contents\"><img loading=\"lazy\" decoding=\"async\" class=\"variable-item-image\"  aria-hidden=\"true\" alt=\"Baby blau\" src=\"https:\/\/webshop.annemiekoenen.com\/wp-content\/uploads\/sites\/2\/2021\/04\/Borduurgarens-Zijdenoppe-28-Baby-blauw-scaled-e1617547536499.jpg\" width=\"38\" height=\"50\" \/><\/div><\/li><li aria-checked=\"false\" tabindex=\"0\" data-attribute_name=\"attribute_pa_zijdenoppe\" data-wvstooltip=\"Baby rosa\" class=\"variable-item image-variable-item image-variable-item-baby-rosa \" title=\"Baby rosa\" data-title=\"Baby rosa\" data-value=\"baby-rosa\" role=\"radio\" tabindex=\"0\"><div class=\"variable-item-contents\"><img loading=\"lazy\" decoding=\"async\" class=\"variable-item-image\"  aria-hidden=\"true\" alt=\"Baby rosa\" src=\"https:\/\/webshop.annemiekoenen.com\/wp-content\/uploads\/sites\/2\/2021\/04\/Borduurgarens-Zijdenoppe-27-Baby-rose-scaled-e1617547450363.jpg\" width=\"37\" height=\"50\" \/><\/div><\/li><li aria-checked=\"false\" tabindex=\"0\" data-attribute_name=\"attribute_pa_zijdenoppe\" data-wvstooltip=\"Blue ocean\" class=\"variable-item image-variable-item image-variable-item-blue-ocean-de \" title=\"Blue ocean\" data-title=\"Blue ocean\" data-value=\"blue-ocean-de\" role=\"radio\" tabindex=\"0\"><div class=\"variable-item-contents\"><img loading=\"lazy\" decoding=\"async\" class=\"variable-item-image\"  aria-hidden=\"true\" alt=\"Blue ocean\" src=\"https:\/\/webshop.annemiekoenen.com\/wp-content\/uploads\/sites\/2\/2021\/03\/Borduurgaren-Zijdenoppe-18-Blue-ocean-scaled-e1614953020492.jpg\" width=\"38\" height=\"50\" \/><\/div><\/li><li aria-checked=\"false\" tabindex=\"0\" data-attribute_name=\"attribute_pa_zijdenoppe\" data-wvstooltip=\"Denim\" class=\"variable-item image-variable-item image-variable-item-denim-de \" title=\"Denim\" data-title=\"Denim\" data-value=\"denim-de\" role=\"radio\" tabindex=\"0\"><div class=\"variable-item-contents\"><img loading=\"lazy\" decoding=\"async\" class=\"variable-item-image\"  aria-hidden=\"true\" alt=\"Denim\" src=\"https:\/\/webshop.annemiekoenen.com\/wp-content\/uploads\/sites\/2\/2021\/03\/Borduurgaren-Zijdenoppe-21-Denim-scaled-e1614953196548.jpg\" width=\"37\" height=\"50\" \/><\/div><\/li><li aria-checked=\"false\" tabindex=\"0\" data-attribute_name=\"attribute_pa_zijdenoppe\" data-wvstooltip=\"Fire\" class=\"variable-item image-variable-item image-variable-item-fire-de \" title=\"Fire\" data-title=\"Fire\" data-value=\"fire-de\" role=\"radio\" tabindex=\"0\"><div class=\"variable-item-contents\"><img loading=\"lazy\" decoding=\"async\" class=\"variable-item-image\"  aria-hidden=\"true\" alt=\"Fire\" src=\"https:\/\/webshop.annemiekoenen.com\/wp-content\/uploads\/sites\/2\/2021\/03\/Borduurgaren-Zijdenoppe-05-Fire-scaled-e1615822869819.jpg\" width=\"37\" height=\"50\" \/><\/div><\/li><li aria-checked=\"false\" tabindex=\"0\" data-attribute_name=\"attribute_pa_zijdenoppe\" data-wvstooltip=\"Flames\" class=\"variable-item image-variable-item image-variable-item-flames-de \" title=\"Flames\" data-title=\"Flames\" data-value=\"flames-de\" role=\"radio\" tabindex=\"0\"><div class=\"variable-item-contents\"><img loading=\"lazy\" decoding=\"async\" class=\"variable-item-image\"  aria-hidden=\"true\" alt=\"Flames\" src=\"https:\/\/webshop.annemiekoenen.com\/wp-content\/uploads\/sites\/2\/2021\/03\/Borduurgaren-Zijdenoppe-03-Flames-scaled-e1614946546365.jpg\" width=\"38\" height=\"50\" \/><\/div><\/li><li aria-checked=\"false\" tabindex=\"0\" data-attribute_name=\"attribute_pa_zijdenoppe\" data-wvstooltip=\"Forest\" class=\"variable-item image-variable-item image-variable-item-forest-de \" title=\"Forest\" data-title=\"Forest\" data-value=\"forest-de\" role=\"radio\" tabindex=\"0\"><div class=\"variable-item-contents\"><img loading=\"lazy\" decoding=\"async\" class=\"variable-item-image\"  aria-hidden=\"true\" alt=\"Forest\" src=\"https:\/\/webshop.annemiekoenen.com\/wp-content\/uploads\/sites\/2\/2021\/03\/Borduurgaren-Zijdenoppe-15-Forest-scaled-e1614952772244.jpg\" width=\"38\" height=\"50\" \/><\/div><\/li><li aria-checked=\"false\" tabindex=\"0\" data-attribute_name=\"attribute_pa_zijdenoppe\" data-wvstooltip=\"Fuchsie\" class=\"variable-item image-variable-item image-variable-item-fuchsie \" title=\"Fuchsie\" data-title=\"Fuchsie\" data-value=\"fuchsie\" role=\"radio\" tabindex=\"0\"><div class=\"variable-item-contents\"><img loading=\"lazy\" decoding=\"async\" class=\"variable-item-image\"  aria-hidden=\"true\" alt=\"Fuchsie\" src=\"https:\/\/webshop.annemiekoenen.com\/wp-content\/uploads\/sites\/2\/2021\/03\/Borduurgaren-Zijdenoppe-10-Fuchsia-scaled-e1614952188567.jpg\" width=\"37\" height=\"50\" \/><\/div><\/li><li aria-checked=\"false\" tabindex=\"0\" data-attribute_name=\"attribute_pa_zijdenoppe\" data-wvstooltip=\"Limette\" class=\"variable-item image-variable-item image-variable-item-limette \" title=\"Limette\" data-title=\"Limette\" data-value=\"limette\" role=\"radio\" tabindex=\"0\"><div class=\"variable-item-contents\"><img loading=\"lazy\" decoding=\"async\" class=\"variable-item-image\"  aria-hidden=\"true\" alt=\"Limette\" src=\"https:\/\/webshop.annemiekoenen.com\/wp-content\/uploads\/sites\/2\/2021\/03\/Borduurgaren-Zijdenoppe-13-Lime-scaled-e1614952606335.jpg\" width=\"37\" height=\"50\" \/><\/div><\/li><li aria-checked=\"false\" tabindex=\"0\" data-attribute_name=\"attribute_pa_zijdenoppe\" data-wvstooltip=\"Louise\" class=\"variable-item image-variable-item image-variable-item-louise-de \" title=\"Louise\" data-title=\"Louise\" data-value=\"louise-de\" role=\"radio\" tabindex=\"0\"><div class=\"variable-item-contents\"><img loading=\"lazy\" decoding=\"async\" class=\"variable-item-image\"  aria-hidden=\"true\" alt=\"Louise\" src=\"https:\/\/webshop.annemiekoenen.com\/wp-content\/uploads\/sites\/2\/2021\/03\/Borduurgaren-Zijdenoppe-07-Louise-scaled-e1614951626168.jpg\" width=\"37\" height=\"50\" \/><\/div><\/li><li aria-checked=\"false\" tabindex=\"0\" data-attribute_name=\"attribute_pa_zijdenoppe\" data-wvstooltip=\"Magic\" class=\"variable-item image-variable-item image-variable-item-magic-de \" title=\"Magic\" data-title=\"Magic\" data-value=\"magic-de\" role=\"radio\" tabindex=\"0\"><div class=\"variable-item-contents\"><img loading=\"lazy\" decoding=\"async\" class=\"variable-item-image\"  aria-hidden=\"true\" alt=\"Magic\" src=\"https:\/\/webshop.annemiekoenen.com\/wp-content\/uploads\/sites\/2\/2021\/03\/Borduurgaren-Zijdenoppe-11-Magic-scaled-e1614952422612.jpg\" width=\"38\" height=\"50\" \/><\/div><\/li><li aria-checked=\"false\" tabindex=\"0\" data-attribute_name=\"attribute_pa_zijdenoppe\" data-wvstooltip=\"Ocean\" class=\"variable-item image-variable-item image-variable-item-ocean-de \" title=\"Ocean\" data-title=\"Ocean\" data-value=\"ocean-de\" role=\"radio\" tabindex=\"0\"><div class=\"variable-item-contents\"><img loading=\"lazy\" decoding=\"async\" class=\"variable-item-image\"  aria-hidden=\"true\" alt=\"Ocean\" src=\"https:\/\/webshop.annemiekoenen.com\/wp-content\/uploads\/sites\/2\/2021\/03\/Borduurgaren-Zijdenoppe-17-Ocean-scaled-e1614952895305.jpg\" width=\"37\" height=\"50\" \/><\/div><\/li><li aria-checked=\"false\" tabindex=\"0\" data-attribute_name=\"attribute_pa_zijdenoppe\" data-wvstooltip=\"Ocker\" class=\"variable-item image-variable-item image-variable-item-ocker \" title=\"Ocker\" data-title=\"Ocker\" data-value=\"ocker\" role=\"radio\" tabindex=\"0\"><div class=\"variable-item-contents\"><img loading=\"lazy\" decoding=\"async\" class=\"variable-item-image\"  aria-hidden=\"true\" alt=\"Ocker\" src=\"https:\/\/webshop.annemiekoenen.com\/wp-content\/uploads\/sites\/2\/2021\/03\/Borduurgaren-Zijdenoppe-02-Oker-scaled-e1614946449404.jpg\" width=\"38\" height=\"50\" \/><\/div><\/li><li aria-checked=\"false\" tabindex=\"0\" data-attribute_name=\"attribute_pa_zijdenoppe\" data-wvstooltip=\"Rotraud\" class=\"variable-item image-variable-item image-variable-item-rotraud-de \" title=\"Rotraud\" data-title=\"Rotraud\" data-value=\"rotraud-de\" role=\"radio\" tabindex=\"0\"><div class=\"variable-item-contents\"><img loading=\"lazy\" decoding=\"async\" class=\"variable-item-image\"  aria-hidden=\"true\" alt=\"Rotraud\" src=\"https:\/\/webshop.annemiekoenen.com\/wp-content\/uploads\/sites\/2\/2021\/03\/Borduurgaren-Zijdenoppe-14-Rotraud-scaled-e1614952682885.jpg\" width=\"37\" height=\"50\" \/><\/div><\/li><li aria-checked=\"false\" tabindex=\"0\" data-attribute_name=\"attribute_pa_zijdenoppe\" data-wvstooltip=\"Ruby\" class=\"variable-item image-variable-item image-variable-item-ruby-de \" title=\"Ruby\" data-title=\"Ruby\" data-value=\"ruby-de\" role=\"radio\" tabindex=\"0\"><div class=\"variable-item-contents\"><img loading=\"lazy\" decoding=\"async\" class=\"variable-item-image\"  aria-hidden=\"true\" alt=\"Ruby\" src=\"https:\/\/webshop.annemiekoenen.com\/wp-content\/uploads\/sites\/2\/2021\/03\/Borduurgaren-Zijdenoppe-04-Ruby-scaled-e1614951145161.jpg\" width=\"36\" height=\"50\" \/><\/div><\/li><li aria-checked=\"false\" tabindex=\"0\" data-attribute_name=\"attribute_pa_zijdenoppe\" data-wvstooltip=\"Schwarz\" class=\"variable-item image-variable-item image-variable-item-schwarz \" title=\"Schwarz\" data-title=\"Schwarz\" data-value=\"schwarz\" role=\"radio\" tabindex=\"0\"><div class=\"variable-item-contents\"><img loading=\"lazy\" decoding=\"async\" class=\"variable-item-image\"  aria-hidden=\"true\" alt=\"Schwarz\" src=\"https:\/\/webshop.annemiekoenen.com\/wp-content\/uploads\/sites\/2\/2021\/04\/Borduurgarens-Zijdenoppe-26-Zwart-scaled-e1617547365911.jpg\" width=\"38\" height=\"50\" \/><\/div><\/li><li aria-checked=\"false\" tabindex=\"0\" data-attribute_name=\"attribute_pa_zijdenoppe\" data-wvstooltip=\"Smoke\" class=\"variable-item image-variable-item image-variable-item-smoke-de \" title=\"Smoke\" data-title=\"Smoke\" data-value=\"smoke-de\" role=\"radio\" tabindex=\"0\"><div class=\"variable-item-contents\"><img loading=\"lazy\" decoding=\"async\" class=\"variable-item-image\"  aria-hidden=\"true\" alt=\"Smoke\" src=\"https:\/\/webshop.annemiekoenen.com\/wp-content\/uploads\/sites\/2\/2021\/03\/Borduurgaren-Kleurenspectrum-Zijdenoppe-scaled-e1614951285662.jpg\" width=\"50\" height=\"37\" \/><\/div><\/li><li aria-checked=\"false\" tabindex=\"0\" data-attribute_name=\"attribute_pa_zijdenoppe\" data-wvstooltip=\"Smoke mit viel Wei\u00df\" class=\"variable-item image-variable-item image-variable-item-smoke-mit-viel-weis \" title=\"Smoke mit viel Wei\u00df\" data-title=\"Smoke mit viel Wei\u00df\" data-value=\"smoke-mit-viel-weis\" role=\"radio\" tabindex=\"0\"><div class=\"variable-item-contents\"><img loading=\"lazy\" decoding=\"async\" class=\"variable-item-image\"  aria-hidden=\"true\" alt=\"Smoke mit viel Wei\u00df\" src=\"https:\/\/webshop.annemiekoenen.com\/wp-content\/uploads\/sites\/2\/2021\/04\/Borduurgarens-Zijdenoppe-24-Smoke-met-veel-wit-scaled-e1617547273816.jpg\" width=\"37\" height=\"50\" \/><\/div><\/li><li aria-checked=\"false\" tabindex=\"0\" data-attribute_name=\"attribute_pa_zijdenoppe\" data-wvstooltip=\"Summer\" class=\"variable-item image-variable-item image-variable-item-summer-de \" title=\"Summer\" data-title=\"Summer\" data-value=\"summer-de\" role=\"radio\" tabindex=\"0\"><div class=\"variable-item-contents\"><img loading=\"lazy\" decoding=\"async\" class=\"variable-item-image\"  aria-hidden=\"true\" alt=\"Summer\" src=\"https:\/\/webshop.annemiekoenen.com\/wp-content\/uploads\/sites\/2\/2021\/03\/Borduurgaren-Zijdenoppe-06-Summer-scaled-e1614951500705.jpg\" width=\"36\" height=\"50\" \/><\/div><\/li><li aria-checked=\"false\" tabindex=\"0\" data-attribute_name=\"attribute_pa_zijdenoppe\" data-wvstooltip=\"Sunshine\" class=\"variable-item image-variable-item image-variable-item-sunshine-de \" title=\"Sunshine\" data-title=\"Sunshine\" data-value=\"sunshine-de\" role=\"radio\" tabindex=\"0\"><div class=\"variable-item-contents\"><img loading=\"lazy\" decoding=\"async\" class=\"variable-item-image\"  aria-hidden=\"true\" alt=\"Sunshine\" src=\"https:\/\/webshop.annemiekoenen.com\/wp-content\/uploads\/sites\/2\/2021\/03\/Borduurgaren-Zijdenoppe-01-Sunshine-scaled-e1614946181861.jpg\" width=\"37\" height=\"50\" \/><\/div><\/li><li aria-checked=\"false\" tabindex=\"0\" data-attribute_name=\"attribute_pa_zijdenoppe\" data-wvstooltip=\"Turmalin\" class=\"variable-item image-variable-item image-variable-item-turmalin-de \" title=\"Turmalin\" data-title=\"Turmalin\" data-value=\"turmalin-de\" role=\"radio\" tabindex=\"0\"><div class=\"variable-item-contents\"><img loading=\"lazy\" decoding=\"async\" class=\"variable-item-image\"  aria-hidden=\"true\" alt=\"Turmalin\" src=\"https:\/\/webshop.annemiekoenen.com\/wp-content\/uploads\/sites\/2\/2021\/03\/Borduurgaren-Zijdenoppe-12-Turmalin-scaled-e1614952521586.jpg\" width=\"38\" height=\"50\" \/><\/div><\/li><li aria-checked=\"false\" tabindex=\"0\" data-attribute_name=\"attribute_pa_zijdenoppe\" data-wvstooltip=\"Violett\" class=\"variable-item image-variable-item image-variable-item-violett \" title=\"Violett\" data-title=\"Violett\" data-value=\"violett\" role=\"radio\" tabindex=\"0\"><div class=\"variable-item-contents\"><img loading=\"lazy\" decoding=\"async\" class=\"variable-item-image\"  aria-hidden=\"true\" alt=\"Violett\" src=\"https:\/\/webshop.annemiekoenen.com\/wp-content\/uploads\/sites\/2\/2021\/03\/Borduurgaren-Zijdenoppe-08-Violet-scaled-e1614951774279.jpg\" width=\"38\" height=\"50\" \/><\/div><\/li><li aria-checked=\"false\" tabindex=\"0\" data-attribute_name=\"attribute_pa_zijdenoppe\" data-wvstooltip=\"Wei\u00df\" class=\"variable-item image-variable-item image-variable-item-weis \" title=\"Wei\u00df\" data-title=\"Wei\u00df\" data-value=\"weis\" role=\"radio\" tabindex=\"0\"><div class=\"variable-item-contents\"><img loading=\"lazy\" decoding=\"async\" class=\"variable-item-image\"  aria-hidden=\"true\" alt=\"Wei\u00df\" src=\"https:\/\/webshop.annemiekoenen.com\/wp-content\/uploads\/sites\/2\/2021\/03\/Borduurgaren-Zijdenoppe-25-Wit-scaled-e1614953346519.jpg\" width=\"37\" height=\"50\" \/><\/div><\/li><\/ul><a class=\"reset_variations\" href=\"#\" aria-label=\"Optionen l\u00f6schen\">Zur\u00fccksetzen<\/a>\t\t\t\t\t\t<\/td>\n\t\t\t\t\t<\/tr>\n\t\t\t\t\t\t\t<\/tbody>\n\t\t<\/table>\n\t\t<div class=\"reset_variations_alert screen-reader-text\" role=\"alert\" aria-live=\"polite\" aria-relevant=\"all\"><\/div>\n\t\t\t\t\n\t\t<div class=\"single_variation_wrap\">\n\t\t\t<div class=\"woocommerce-variation single_variation\" role=\"alert\" aria-relevant=\"additions\"><\/div><div class=\"woocommerce-variation-add-to-cart variations_button\">\n\t\n\t<div class=\"quantity\">\n\t\t<label class=\"screen-reader-text\" for=\"quantity_6a960a916b019\">Seide Nopp\u00e9 Menge<\/label>\n\t<input\n\t\ttype=\"number\"\n\t\t\t\tid=\"quantity_6a960a916b019\"\n\t\tclass=\"input-text qty text\"\n\t\tname=\"quantity\"\n\t\tvalue=\"1\"\n\t\taria-label=\"Produktmenge\"\n\t\t\t\tmin=\"1\"\n\t\t\t\t\t\t\tstep=\"1\"\n\t\t\tplaceholder=\"\"\n\t\t\tinputmode=\"numeric\"\n\t\t\tautocomplete=\"off\"\n\t\t\t\/>\n\t<\/div>\n\n\t<button type=\"submit\" class=\"single_add_to_cart_button button alt\">In den Warenkorb<\/button>\n\n\t\n\t<input type=\"hidden\" name=\"add-to-cart\" value=\"3869\" \/>\n\t<input type=\"hidden\" name=\"product_id\" value=\"3869\" \/>\n\t<input type=\"hidden\" name=\"variation_id\" class=\"variation_id\" value=\"0\" \/>\n<\/div>\n\t\t<\/div>\n\t\n\t<\/div><\/form>\n\n<div class=\"product_meta\">\n\n\t\n\t\n\t\t<span class=\"sku_wrapper\">Artikelnummer: <span class=\"sku\">n.\u00a0v.<\/span><\/span>\n\n\t\n\t<span class=\"posted_in\">Kategorien: <a href=\"https:\/\/webshop.annemiekoenen.com\/de\/produkt-kategorie\/farbkuche\/\" rel=\"tag\">Farbk\u00fcche<\/a>, <a href=\"https:\/\/webshop.annemiekoenen.com\/de\/produkt-kategorie\/farbkuche\/stickgarn\/\" rel=\"tag\">Stickgarn<\/a><\/span>\n\t\n\t\n<\/div>\n\t<\/div>\n\n\t\n\t<div class=\"woocommerce-tabs wc-tabs-wrapper\">\n\t\t<ul class=\"tabs wc-tabs\" role=\"tablist\">\n\t\t\t\t\t\t\t<li role=\"presentation\" class=\"additional_information_tab\" id=\"tab-title-additional_information\">\n\t\t\t\t\t<a href=\"#tab-additional_information\" role=\"tab\" aria-controls=\"tab-additional_information\">\n\t\t\t\t\t\tZus\u00e4tzliche Informationen\t\t\t\t\t<\/a>\n\t\t\t\t<\/li>\n\t\t\t\t\t<\/ul>\n\t\t\t\t\t<div class=\"woocommerce-Tabs-panel woocommerce-Tabs-panel--additional_information panel entry-content wc-tab\" id=\"tab-additional_information\" role=\"tabpanel\" aria-labelledby=\"tab-title-additional_information\">\n\t\t\t\t\n\t<h2>Zus\u00e4tzliche Informationen<\/h2>\n\n<table class=\"woocommerce-product-attributes shop_attributes\" aria-label=\"Produktdetails\">\n\t\t\t<tr class=\"woocommerce-product-attributes-item woocommerce-product-attributes-item--weight\">\n\t\t\t<th class=\"woocommerce-product-attributes-item__label\" scope=\"row\">Gewicht<\/th>\n\t\t\t<td class=\"woocommerce-product-attributes-item__value\">4 g<\/td>\n\t\t<\/tr>\n\t\t\t<tr class=\"woocommerce-product-attributes-item woocommerce-product-attributes-item--dimensions\">\n\t\t\t<th class=\"woocommerce-product-attributes-item__label\" scope=\"row\">Ma\u00dfe<\/th>\n\t\t\t<td class=\"woocommerce-product-attributes-item__value\">1000 cm<\/td>\n\t\t<\/tr>\n\t\t\t<tr class=\"woocommerce-product-attributes-item woocommerce-product-attributes-item--attribute_pa_zijdenoppe\">\n\t\t\t<th class=\"woocommerce-product-attributes-item__label\" scope=\"row\">Zijdenopp\u00e9<\/th>\n\t\t\t<td class=\"woocommerce-product-attributes-item__value\"><p>Baby blau, Baby rosa, Blue green, Blue ocean, Denim, Fire, Flames, Forest, Fuchsie, Genesis, Limette, Louise, Magic, Ocean, Ocker, Rotraud, Ruby, Schwarz, Smoke, Smoke mit viel Wei\u00df, Summer, Sunshine, Turmalin, Violett, Wei\u00df<\/p>\n<\/td>\n\t\t<\/tr>\n\t<\/table>\n\t\t\t<\/div>\n\t\t\n\t\t\t<\/div>\n\n\n\t<section class=\"related products\">\n\n\t\t\t\t\t<h2>\u00c4hnliche Produkte<\/h2>\n\t\t\t\t<ul class=\"products columns-3\">\n\n\t\t\t\n\t\t\t\t\t<li class=\"product type-product post-4093 status-publish first instock product_cat-farbkuche product_cat-filzbare-materialien has-post-thumbnail taxable shipping-taxable purchasable product-type-variable\">\n\t<a href=\"https:\/\/webshop.annemiekoenen.com\/de\/laden\/farbkuche\/filzbare-materialien\/throwsters\/\" class=\"woocommerce-LoopProduct-link woocommerce-loop-product__link\"><img loading=\"lazy\" decoding=\"async\" width=\"324\" height=\"324\" src=\"https:\/\/webshop.annemiekoenen.com\/wp-content\/uploads\/sites\/2\/2021\/03\/Throwsters-Spectrum-scaled-e1614611275462-324x324.jpg\" class=\"attachment-woocommerce_thumbnail size-woocommerce_thumbnail\" alt=\"Throwsters\" srcset=\"https:\/\/webshop.annemiekoenen.com\/wp-content\/uploads\/sites\/2\/2021\/03\/Throwsters-Spectrum-scaled-e1614611275462-324x324.jpg 324w, https:\/\/webshop.annemiekoenen.com\/wp-content\/uploads\/sites\/2\/2021\/03\/Throwsters-Spectrum-scaled-e1614611275462-150x150.jpg 150w, https:\/\/webshop.annemiekoenen.com\/wp-content\/uploads\/sites\/2\/2021\/03\/Throwsters-Spectrum-scaled-e1614611275462-100x100.jpg 100w, https:\/\/webshop.annemiekoenen.com\/wp-content\/uploads\/sites\/2\/2021\/03\/Throwsters-Spectrum-scaled-e1614611275462-300x300.jpg 300w\" sizes=\"(max-width: 324px) 100vw, 324px\" \/><h2 class=\"woocommerce-loop-product__title\">Throwsters<\/h2>\n\t<span class=\"price\"><span class=\"woocommerce-Price-amount amount\"><bdi><span class=\"woocommerce-Price-currencySymbol\" translate=\"no\">&euro;<\/span>3.75<\/bdi><\/span><\/span>\n<\/a><a href=\"https:\/\/webshop.annemiekoenen.com\/de\/laden\/farbkuche\/filzbare-materialien\/throwsters\/\" aria-describedby=\"woocommerce_loop_add_to_cart_link_describedby_4093\" data-quantity=\"1\" class=\"button product_type_variable add_to_cart_button\" data-product_id=\"4093\" data-product_sku=\"\" aria-label=\"W\u00e4hle Optionen f\u00fcr \u201eThrowsters\u201c\" rel=\"nofollow\">Ausf\u00fchrung w\u00e4hlen<\/a>\t<span id=\"woocommerce_loop_add_to_cart_link_describedby_4093\" class=\"screen-reader-text\">\n\t\tDieses Produkt weist mehrere Varianten auf. Die Optionen k\u00f6nnen auf der Produktseite gew\u00e4hlt werden\t<\/span>\n<\/li>\n\n\t\t\t\n\t\t\t\t\t<li class=\"product type-product post-3559 status-publish instock product_cat-farbkuche product_cat-wolle has-post-thumbnail taxable shipping-taxable purchasable product-type-variable\">\n\t<a href=\"https:\/\/webshop.annemiekoenen.com\/de\/laden\/farbkuche\/wolle\/regenbogenfarbe-wolle\/\" class=\"woocommerce-LoopProduct-link woocommerce-loop-product__link\"><img loading=\"lazy\" decoding=\"async\" width=\"324\" height=\"324\" src=\"https:\/\/webshop.annemiekoenen.com\/wp-content\/uploads\/sites\/2\/2021\/02\/Regenboog-Spectrum-scaled-e1614593437993-324x324.jpg\" class=\"attachment-woocommerce_thumbnail size-woocommerce_thumbnail\" alt=\"Regenboog gef\u00e4rbte Australische Merino (70%) und Maulbeer Seide (30%)\" srcset=\"https:\/\/webshop.annemiekoenen.com\/wp-content\/uploads\/sites\/2\/2021\/02\/Regenboog-Spectrum-scaled-e1614593437993-324x324.jpg 324w, https:\/\/webshop.annemiekoenen.com\/wp-content\/uploads\/sites\/2\/2021\/02\/Regenboog-Spectrum-scaled-e1614593437993-150x150.jpg 150w, https:\/\/webshop.annemiekoenen.com\/wp-content\/uploads\/sites\/2\/2021\/02\/Regenboog-Spectrum-scaled-e1614593437993-100x100.jpg 100w, https:\/\/webshop.annemiekoenen.com\/wp-content\/uploads\/sites\/2\/2021\/02\/Regenboog-Spectrum-scaled-e1614593437993-300x300.jpg 300w\" sizes=\"(max-width: 324px) 100vw, 324px\" \/><h2 class=\"woocommerce-loop-product__title\">Regenboog gef\u00e4rbte Australische Merino (70%) und Maulbeer Seide (30%)<\/h2>\n\t<span class=\"price\"><span class=\"woocommerce-Price-amount amount\"><bdi><span class=\"woocommerce-Price-currencySymbol\" translate=\"no\">&euro;<\/span>9.75<\/bdi><\/span><\/span>\n<\/a><a href=\"https:\/\/webshop.annemiekoenen.com\/de\/laden\/farbkuche\/wolle\/regenbogenfarbe-wolle\/\" aria-describedby=\"woocommerce_loop_add_to_cart_link_describedby_3559\" data-quantity=\"1\" class=\"button product_type_variable add_to_cart_button\" data-product_id=\"3559\" data-product_sku=\"\" aria-label=\"W\u00e4hle Optionen f\u00fcr \u201eRegenboog gef\u00e4rbte Australische Merino (70%) und Maulbeer Seide (30%)\u201c\" rel=\"nofollow\">Ausf\u00fchrung w\u00e4hlen<\/a>\t<span id=\"woocommerce_loop_add_to_cart_link_describedby_3559\" class=\"screen-reader-text\">\n\t\tDieses Produkt weist mehrere Varianten auf. Die Optionen k\u00f6nnen auf der Produktseite gew\u00e4hlt werden\t<\/span>\n<\/li>\n\n\t\t\t\n\t\t\t\t\t<li class=\"product type-product post-3657 status-publish last instock product_cat-farbkuche product_cat-stickgarn has-post-thumbnail taxable shipping-taxable purchasable product-type-variable\">\n\t<a href=\"https:\/\/webshop.annemiekoenen.com\/de\/laden\/farbkuche\/stickgarn\/seide-spaltgarn\/\" class=\"woocommerce-LoopProduct-link woocommerce-loop-product__link\"><img loading=\"lazy\" decoding=\"async\" width=\"324\" height=\"324\" src=\"https:\/\/webshop.annemiekoenen.com\/wp-content\/uploads\/sites\/2\/2021\/03\/Borduurgaren-Kleurenspectrum-Zijde-splijtgaren-scaled-e1615308607345-324x324.jpg\" class=\"attachment-woocommerce_thumbnail size-woocommerce_thumbnail\" alt=\"Seidenspaltgarn\" srcset=\"https:\/\/webshop.annemiekoenen.com\/wp-content\/uploads\/sites\/2\/2021\/03\/Borduurgaren-Kleurenspectrum-Zijde-splijtgaren-scaled-e1615308607345-324x324.jpg 324w, https:\/\/webshop.annemiekoenen.com\/wp-content\/uploads\/sites\/2\/2021\/03\/Borduurgaren-Kleurenspectrum-Zijde-splijtgaren-scaled-e1615308607345-150x150.jpg 150w, https:\/\/webshop.annemiekoenen.com\/wp-content\/uploads\/sites\/2\/2021\/03\/Borduurgaren-Kleurenspectrum-Zijde-splijtgaren-scaled-e1615308607345-100x100.jpg 100w, https:\/\/webshop.annemiekoenen.com\/wp-content\/uploads\/sites\/2\/2021\/03\/Borduurgaren-Kleurenspectrum-Zijde-splijtgaren-scaled-e1615308607345-300x300.jpg 300w\" sizes=\"(max-width: 324px) 100vw, 324px\" \/><h2 class=\"woocommerce-loop-product__title\">Seidenspaltgarn<\/h2>\n\t<span class=\"price\"><span class=\"woocommerce-Price-amount amount\"><bdi><span class=\"woocommerce-Price-currencySymbol\" translate=\"no\">&euro;<\/span>3.45<\/bdi><\/span><\/span>\n<\/a><a href=\"https:\/\/webshop.annemiekoenen.com\/de\/laden\/farbkuche\/stickgarn\/seide-spaltgarn\/\" aria-describedby=\"woocommerce_loop_add_to_cart_link_describedby_3657\" data-quantity=\"1\" class=\"button product_type_variable add_to_cart_button\" data-product_id=\"3657\" data-product_sku=\"\" aria-label=\"W\u00e4hle Optionen f\u00fcr \u201eSeidenspaltgarn\u201c\" rel=\"nofollow\">Ausf\u00fchrung w\u00e4hlen<\/a>\t<span id=\"woocommerce_loop_add_to_cart_link_describedby_3657\" class=\"screen-reader-text\">\n\t\tDieses Produkt weist mehrere Varianten auf. Die Optionen k\u00f6nnen auf der Produktseite gew\u00e4hlt werden\t<\/span>\n<\/li>\n\n\t\t\t\n\t\t<\/ul>\n\n\t<\/section>\n\t\t\t<nav class=\"storefront-product-pagination\" aria-label=\"Mehr Produkte\">\n\t\t\t\t\t\t\t<a href=\"https:\/\/webshop.annemiekoenen.com\/de\/laden\/farbkuche\/filzbare-materialien\/soie-bouclette\/\" rel=\"prev\">\n\t\t\t\t\t<img loading=\"lazy\" decoding=\"async\" width=\"324\" height=\"324\" src=\"https:\/\/webshop.annemiekoenen.com\/wp-content\/uploads\/sites\/2\/2021\/03\/Borduurgaren-Kleurenspectrum-Soie-bouclette-scaled-e1614943002714-324x324.jpg\" class=\"attachment-woocommerce_thumbnail size-woocommerce_thumbnail\" alt=\"Soie Bouclette\" \/>\t\t\t\t\t<span class=\"storefront-product-pagination__title\">Soie Bouclette<\/span>\n\t\t\t\t<\/a>\n\t\t\t\n\t\t\t\t\t\t\t<a href=\"https:\/\/webshop.annemiekoenen.com\/de\/laden\/farbkuche\/stickgarn\/seide-spaltgarn\/\" rel=\"next\">\n\t\t\t\t\t<img loading=\"lazy\" decoding=\"async\" width=\"324\" height=\"324\" src=\"https:\/\/webshop.annemiekoenen.com\/wp-content\/uploads\/sites\/2\/2021\/03\/Borduurgaren-Kleurenspectrum-Zijde-splijtgaren-scaled-e1615308607345-324x324.jpg\" class=\"attachment-woocommerce_thumbnail size-woocommerce_thumbnail\" alt=\"Seidenspaltgarn\" \/>\t\t\t\t\t<span class=\"storefront-product-pagination__title\">Seidenspaltgarn<\/span>\n\t\t\t\t<\/a>\n\t\t\t\t\t<\/nav><!-- .storefront-product-pagination -->\n\t\t<\/div>\n\n\t\t\t<\/div>\n\t\t\t<\/div><\/p>\n\n<p class=\"has-text-align-center has-vivid-green-cyan-background-color has-background wp-block-paragraph\"><strong><strong><strong>Stickgarne<\/strong><\/strong><\/strong> <strong>nach Belieben<\/strong><br \/>Wolle<\/p>\n\n<p class=\"wp-block-paragraph\"><div class=\"woocommerce\">\t\t\t<div class=\"single-product\" data-product-page-preselected-id=\"0\">\n\t\t\t\t<div class=\"woocommerce-notices-wrapper\"><\/div><div id=\"product-3610\" class=\"product type-product post-3610 status-publish first instock product_cat-farbkuche product_cat-stickgarn has-post-thumbnail taxable shipping-taxable purchasable product-type-variable\">\n\n\t<div class=\"woocommerce-product-gallery woocommerce-product-gallery--with-images woocommerce-product-gallery--columns-5 images\" data-columns=\"5\" style=\"opacity: 0; transition: opacity .25s ease-in-out;\">\n\t<div class=\"woocommerce-product-gallery__wrapper\">\n\t\t<div data-thumb=\"https:\/\/webshop.annemiekoenen.com\/wp-content\/uploads\/sites\/2\/2021\/03\/Borduurgaren-Kleurenspectrum-Wol-scaled-e1615384834974-100x100.jpg\" data-thumb-alt=\"Wolle\" data-thumb-srcset=\"https:\/\/webshop.annemiekoenen.com\/wp-content\/uploads\/sites\/2\/2021\/03\/Borduurgaren-Kleurenspectrum-Wol-scaled-e1615384834974-100x100.jpg 100w, https:\/\/webshop.annemiekoenen.com\/wp-content\/uploads\/sites\/2\/2021\/03\/Borduurgaren-Kleurenspectrum-Wol-scaled-e1615384834974-150x150.jpg 150w, https:\/\/webshop.annemiekoenen.com\/wp-content\/uploads\/sites\/2\/2021\/03\/Borduurgaren-Kleurenspectrum-Wol-scaled-e1615384834974-324x324.jpg 324w, https:\/\/webshop.annemiekoenen.com\/wp-content\/uploads\/sites\/2\/2021\/03\/Borduurgaren-Kleurenspectrum-Wol-scaled-e1615384834974-300x300.jpg 300w\"  data-thumb-sizes=\"(max-width: 100px) 100vw, 100px\" class=\"woocommerce-product-gallery__image\"><a href=\"https:\/\/webshop.annemiekoenen.com\/wp-content\/uploads\/sites\/2\/2021\/03\/Borduurgaren-Kleurenspectrum-Wol-scaled-e1615384834974.jpg\"><img loading=\"lazy\" decoding=\"async\" width=\"416\" height=\"311\" src=\"https:\/\/webshop.annemiekoenen.com\/wp-content\/uploads\/sites\/2\/2021\/03\/Borduurgaren-Kleurenspectrum-Wol-scaled-e1615384834974-600x448.jpg\" class=\"wp-post-image\" alt=\"Wolle\" data-caption=\"\" data-src=\"https:\/\/webshop.annemiekoenen.com\/wp-content\/uploads\/sites\/2\/2021\/03\/Borduurgaren-Kleurenspectrum-Wol-scaled-e1615384834974.jpg\" data-large_image=\"https:\/\/webshop.annemiekoenen.com\/wp-content\/uploads\/sites\/2\/2021\/03\/Borduurgaren-Kleurenspectrum-Wol-scaled-e1615384834974.jpg\" data-large_image_width=\"2432\" data-large_image_height=\"1817\" srcset=\"https:\/\/webshop.annemiekoenen.com\/wp-content\/uploads\/sites\/2\/2021\/03\/Borduurgaren-Kleurenspectrum-Wol-scaled-e1615384834974-600x448.jpg 600w, https:\/\/webshop.annemiekoenen.com\/wp-content\/uploads\/sites\/2\/2021\/03\/Borduurgaren-Kleurenspectrum-Wol-scaled-e1615384834974-300x224.jpg 300w, https:\/\/webshop.annemiekoenen.com\/wp-content\/uploads\/sites\/2\/2021\/03\/Borduurgaren-Kleurenspectrum-Wol-scaled-e1615384834974-1024x765.jpg 1024w, https:\/\/webshop.annemiekoenen.com\/wp-content\/uploads\/sites\/2\/2021\/03\/Borduurgaren-Kleurenspectrum-Wol-scaled-e1615384834974-768x574.jpg 768w, https:\/\/webshop.annemiekoenen.com\/wp-content\/uploads\/sites\/2\/2021\/03\/Borduurgaren-Kleurenspectrum-Wol-scaled-e1615384834974-1536x1148.jpg 1536w, https:\/\/webshop.annemiekoenen.com\/wp-content\/uploads\/sites\/2\/2021\/03\/Borduurgaren-Kleurenspectrum-Wol-scaled-e1615384834974-2048x1530.jpg 2048w\" sizes=\"(max-width: 416px) 100vw, 416px\" \/><\/a><\/div>\t<\/div>\n<\/div>\n\n\t<div class=\"summary entry-summary\">\n\t\t<h1 class=\"product_title entry-title\">Wolle<\/h1><p class=\"price\"><span class=\"woocommerce-Price-amount amount\"><bdi><span class=\"woocommerce-Price-currencySymbol\" translate=\"no\">&euro;<\/span>2.65<\/bdi><\/span><\/p>\n<div class=\"woocommerce-product-details__short-description\">\n\t<p><strong>Weg ist weg!<\/strong><\/p>\n<p>Dieses Produkt verschwindet leider aus dem Sortiment<\/p>\n<p>15 Meter<\/p>\n<\/div>\n\n<form class=\"variations_form cart\" action=\"\" method=\"post\" enctype='multipart\/form-data' data-product_id=\"3610\" data-product_variations=\"[{&quot;attributes&quot;:{&quot;attribute_pa_wol&quot;:&quot;violett&quot;},&quot;availability_html&quot;:&quot;&lt;p class=\\&quot;stock in-stock\\&quot;&gt;2 vorr\\u00e4tig&lt;\\\/p&gt;\\n&quot;,&quot;backorders_allowed&quot;:false,&quot;dimensions&quot;:{&quot;length&quot;:&quot;1500&quot;,&quot;width&quot;:&quot;&quot;,&quot;height&quot;:&quot;&quot;},&quot;dimensions_html&quot;:&quot;1500 cm&quot;,&quot;display_price&quot;:2.65,&quot;display_regular_price&quot;:2.65,&quot;gallery_image_ids&quot;:[],&quot;gallery_images_html&quot;:&quot;&quot;,&quot;image&quot;:{&quot;title&quot;:&quot;Borduurgaren Wol - 08 Violet&quot;,&quot;caption&quot;:&quot;&quot;,&quot;url&quot;:&quot;https:\\\/\\\/webshop.annemiekoenen.com\\\/wp-content\\\/uploads\\\/sites\\\/2\\\/2021\\\/03\\\/Borduurgaren-Wol-08-Violet-scaled-e1615383540954.jpg&quot;,&quot;alt&quot;:&quot;Borduurgaren Wol - 08 Violet&quot;,&quot;src&quot;:&quot;https:\\\/\\\/webshop.annemiekoenen.com\\\/wp-content\\\/uploads\\\/sites\\\/2\\\/2021\\\/03\\\/Borduurgaren-Wol-08-Violet-scaled-e1615383540954-600x799.jpg&quot;,&quot;srcset&quot;:&quot;https:\\\/\\\/webshop.annemiekoenen.com\\\/wp-content\\\/uploads\\\/sites\\\/2\\\/2021\\\/03\\\/Borduurgaren-Wol-08-Violet-scaled-e1615383540954-600x799.jpg 600w, https:\\\/\\\/webshop.annemiekoenen.com\\\/wp-content\\\/uploads\\\/sites\\\/2\\\/2021\\\/03\\\/Borduurgaren-Wol-08-Violet-scaled-e1615383540954-225x300.jpg 225w, https:\\\/\\\/webshop.annemiekoenen.com\\\/wp-content\\\/uploads\\\/sites\\\/2\\\/2021\\\/03\\\/Borduurgaren-Wol-08-Violet-scaled-e1615383540954-769x1024.jpg 769w, https:\\\/\\\/webshop.annemiekoenen.com\\\/wp-content\\\/uploads\\\/sites\\\/2\\\/2021\\\/03\\\/Borduurgaren-Wol-08-Violet-scaled-e1615383540954-768x1022.jpg 768w, https:\\\/\\\/webshop.annemiekoenen.com\\\/wp-content\\\/uploads\\\/sites\\\/2\\\/2021\\\/03\\\/Borduurgaren-Wol-08-Violet-scaled-e1615383540954-1154x1536.jpg 1154w, https:\\\/\\\/webshop.annemiekoenen.com\\\/wp-content\\\/uploads\\\/sites\\\/2\\\/2021\\\/03\\\/Borduurgaren-Wol-08-Violet-scaled-e1615383540954.jpg 1529w&quot;,&quot;sizes&quot;:&quot;(max-width: 416px) 100vw, 416px&quot;,&quot;full_src&quot;:&quot;https:\\\/\\\/webshop.annemiekoenen.com\\\/wp-content\\\/uploads\\\/sites\\\/2\\\/2021\\\/03\\\/Borduurgaren-Wol-08-Violet-scaled-e1615383540954.jpg&quot;,&quot;full_src_w&quot;:1529,&quot;full_src_h&quot;:2035,&quot;gallery_thumbnail_src&quot;:&quot;https:\\\/\\\/webshop.annemiekoenen.com\\\/wp-content\\\/uploads\\\/sites\\\/2\\\/2021\\\/03\\\/Borduurgaren-Wol-08-Violet-scaled-e1615383540954-100x100.jpg&quot;,&quot;gallery_thumbnail_src_w&quot;:100,&quot;gallery_thumbnail_src_h&quot;:100,&quot;thumb_src&quot;:&quot;https:\\\/\\\/webshop.annemiekoenen.com\\\/wp-content\\\/uploads\\\/sites\\\/2\\\/2021\\\/03\\\/Borduurgaren-Wol-08-Violet-scaled-e1615383540954-324x324.jpg&quot;,&quot;thumb_src_w&quot;:324,&quot;thumb_src_h&quot;:324,&quot;src_w&quot;:416,&quot;src_h&quot;:554},&quot;image_id&quot;:1141,&quot;is_downloadable&quot;:false,&quot;is_in_stock&quot;:true,&quot;is_purchasable&quot;:true,&quot;is_sold_individually&quot;:&quot;no&quot;,&quot;is_virtual&quot;:false,&quot;max_qty&quot;:2,&quot;min_qty&quot;:1,&quot;price_html&quot;:&quot;&quot;,&quot;sku&quot;:&quot;48BG08&quot;,&quot;variation_description&quot;:&quot;&quot;,&quot;variation_id&quot;:3613,&quot;variation_is_active&quot;:true,&quot;variation_is_visible&quot;:true,&quot;weight&quot;:&quot;6&quot;,&quot;weight_html&quot;:&quot;6 g&quot;},{&quot;attributes&quot;:{&quot;attribute_pa_wol&quot;:&quot;leichtes-limette&quot;},&quot;availability_html&quot;:&quot;&lt;p class=\\&quot;stock in-stock\\&quot;&gt;3 vorr\\u00e4tig&lt;\\\/p&gt;\\n&quot;,&quot;backorders_allowed&quot;:false,&quot;dimensions&quot;:{&quot;length&quot;:&quot;1500&quot;,&quot;width&quot;:&quot;&quot;,&quot;height&quot;:&quot;&quot;},&quot;dimensions_html&quot;:&quot;1500 cm&quot;,&quot;display_price&quot;:2.65,&quot;display_regular_price&quot;:2.65,&quot;gallery_image_ids&quot;:[],&quot;gallery_images_html&quot;:&quot;&quot;,&quot;image&quot;:{&quot;title&quot;:&quot;Borduurgaren Wol - 31 Licht lime&quot;,&quot;caption&quot;:&quot;&quot;,&quot;url&quot;:&quot;https:\\\/\\\/webshop.annemiekoenen.com\\\/wp-content\\\/uploads\\\/sites\\\/2\\\/2021\\\/03\\\/Borduurgaren-Wol-31-Licht-lime-scaled-e1615384114512.jpg&quot;,&quot;alt&quot;:&quot;Borduurgaren Wol - 31 Licht lime&quot;,&quot;src&quot;:&quot;https:\\\/\\\/webshop.annemiekoenen.com\\\/wp-content\\\/uploads\\\/sites\\\/2\\\/2021\\\/03\\\/Borduurgaren-Wol-31-Licht-lime-scaled-e1615384114512-600x847.jpg&quot;,&quot;srcset&quot;:&quot;https:\\\/\\\/webshop.annemiekoenen.com\\\/wp-content\\\/uploads\\\/sites\\\/2\\\/2021\\\/03\\\/Borduurgaren-Wol-31-Licht-lime-scaled-e1615384114512-600x847.jpg 600w, https:\\\/\\\/webshop.annemiekoenen.com\\\/wp-content\\\/uploads\\\/sites\\\/2\\\/2021\\\/03\\\/Borduurgaren-Wol-31-Licht-lime-scaled-e1615384114512-212x300.jpg 212w, https:\\\/\\\/webshop.annemiekoenen.com\\\/wp-content\\\/uploads\\\/sites\\\/2\\\/2021\\\/03\\\/Borduurgaren-Wol-31-Licht-lime-scaled-e1615384114512-725x1024.jpg 725w, https:\\\/\\\/webshop.annemiekoenen.com\\\/wp-content\\\/uploads\\\/sites\\\/2\\\/2021\\\/03\\\/Borduurgaren-Wol-31-Licht-lime-scaled-e1615384114512-768x1085.jpg 768w, https:\\\/\\\/webshop.annemiekoenen.com\\\/wp-content\\\/uploads\\\/sites\\\/2\\\/2021\\\/03\\\/Borduurgaren-Wol-31-Licht-lime-scaled-e1615384114512-1088x1536.jpg 1088w, https:\\\/\\\/webshop.annemiekoenen.com\\\/wp-content\\\/uploads\\\/sites\\\/2\\\/2021\\\/03\\\/Borduurgaren-Wol-31-Licht-lime-scaled-e1615384114512-1450x2048.jpg 1450w, https:\\\/\\\/webshop.annemiekoenen.com\\\/wp-content\\\/uploads\\\/sites\\\/2\\\/2021\\\/03\\\/Borduurgaren-Wol-31-Licht-lime-scaled-e1615384114512.jpg 1504w&quot;,&quot;sizes&quot;:&quot;(max-width: 416px) 100vw, 416px&quot;,&quot;full_src&quot;:&quot;https:\\\/\\\/webshop.annemiekoenen.com\\\/wp-content\\\/uploads\\\/sites\\\/2\\\/2021\\\/03\\\/Borduurgaren-Wol-31-Licht-lime-scaled-e1615384114512.jpg&quot;,&quot;full_src_w&quot;:1504,&quot;full_src_h&quot;:2124,&quot;gallery_thumbnail_src&quot;:&quot;https:\\\/\\\/webshop.annemiekoenen.com\\\/wp-content\\\/uploads\\\/sites\\\/2\\\/2021\\\/03\\\/Borduurgaren-Wol-31-Licht-lime-scaled-e1615384114512-100x100.jpg&quot;,&quot;gallery_thumbnail_src_w&quot;:100,&quot;gallery_thumbnail_src_h&quot;:100,&quot;thumb_src&quot;:&quot;https:\\\/\\\/webshop.annemiekoenen.com\\\/wp-content\\\/uploads\\\/sites\\\/2\\\/2021\\\/03\\\/Borduurgaren-Wol-31-Licht-lime-scaled-e1615384114512-324x324.jpg&quot;,&quot;thumb_src_w&quot;:324,&quot;thumb_src_h&quot;:324,&quot;src_w&quot;:416,&quot;src_h&quot;:587},&quot;image_id&quot;:1162,&quot;is_downloadable&quot;:false,&quot;is_in_stock&quot;:true,&quot;is_purchasable&quot;:true,&quot;is_sold_individually&quot;:&quot;no&quot;,&quot;is_virtual&quot;:false,&quot;max_qty&quot;:3,&quot;min_qty&quot;:1,&quot;price_html&quot;:&quot;&quot;,&quot;sku&quot;:&quot;48BG31&quot;,&quot;variation_description&quot;:&quot;&quot;,&quot;variation_id&quot;:3621,&quot;variation_is_active&quot;:true,&quot;variation_is_visible&quot;:true,&quot;weight&quot;:&quot;6&quot;,&quot;weight_html&quot;:&quot;6 g&quot;},{&quot;attributes&quot;:{&quot;attribute_pa_wol&quot;:&quot;hellblau&quot;},&quot;availability_html&quot;:&quot;&lt;p class=\\&quot;stock in-stock\\&quot;&gt;1 vorr\\u00e4tig&lt;\\\/p&gt;\\n&quot;,&quot;backorders_allowed&quot;:false,&quot;dimensions&quot;:{&quot;length&quot;:&quot;1500&quot;,&quot;width&quot;:&quot;&quot;,&quot;height&quot;:&quot;&quot;},&quot;dimensions_html&quot;:&quot;1500 cm&quot;,&quot;display_price&quot;:2.65,&quot;display_regular_price&quot;:2.65,&quot;gallery_image_ids&quot;:[],&quot;gallery_images_html&quot;:&quot;&quot;,&quot;image&quot;:{&quot;title&quot;:&quot;Borduurgaren Wol - 32 Licht blauw&quot;,&quot;caption&quot;:&quot;&quot;,&quot;url&quot;:&quot;https:\\\/\\\/webshop.annemiekoenen.com\\\/wp-content\\\/uploads\\\/sites\\\/2\\\/2021\\\/03\\\/Borduurgaren-Wol-32-Licht-blauw-scaled-e1615384219697.jpg&quot;,&quot;alt&quot;:&quot;Borduurgaren Wol - 32 Licht blauw&quot;,&quot;src&quot;:&quot;https:\\\/\\\/webshop.annemiekoenen.com\\\/wp-content\\\/uploads\\\/sites\\\/2\\\/2021\\\/03\\\/Borduurgaren-Wol-32-Licht-blauw-scaled-e1615384219697-600x800.jpg&quot;,&quot;srcset&quot;:&quot;https:\\\/\\\/webshop.annemiekoenen.com\\\/wp-content\\\/uploads\\\/sites\\\/2\\\/2021\\\/03\\\/Borduurgaren-Wol-32-Licht-blauw-scaled-e1615384219697-600x800.jpg 600w, https:\\\/\\\/webshop.annemiekoenen.com\\\/wp-content\\\/uploads\\\/sites\\\/2\\\/2021\\\/03\\\/Borduurgaren-Wol-32-Licht-blauw-scaled-e1615384219697-225x300.jpg 225w, https:\\\/\\\/webshop.annemiekoenen.com\\\/wp-content\\\/uploads\\\/sites\\\/2\\\/2021\\\/03\\\/Borduurgaren-Wol-32-Licht-blauw-scaled-e1615384219697-768x1024.jpg 768w, https:\\\/\\\/webshop.annemiekoenen.com\\\/wp-content\\\/uploads\\\/sites\\\/2\\\/2021\\\/03\\\/Borduurgaren-Wol-32-Licht-blauw-scaled-e1615384219697-1152x1536.jpg 1152w, https:\\\/\\\/webshop.annemiekoenen.com\\\/wp-content\\\/uploads\\\/sites\\\/2\\\/2021\\\/03\\\/Borduurgaren-Wol-32-Licht-blauw-scaled-e1615384219697-1536x2048.jpg 1536w, https:\\\/\\\/webshop.annemiekoenen.com\\\/wp-content\\\/uploads\\\/sites\\\/2\\\/2021\\\/03\\\/Borduurgaren-Wol-32-Licht-blauw-scaled-e1615384219697.jpg 1670w&quot;,&quot;sizes&quot;:&quot;(max-width: 416px) 100vw, 416px&quot;,&quot;full_src&quot;:&quot;https:\\\/\\\/webshop.annemiekoenen.com\\\/wp-content\\\/uploads\\\/sites\\\/2\\\/2021\\\/03\\\/Borduurgaren-Wol-32-Licht-blauw-scaled-e1615384219697.jpg&quot;,&quot;full_src_w&quot;:1670,&quot;full_src_h&quot;:2227,&quot;gallery_thumbnail_src&quot;:&quot;https:\\\/\\\/webshop.annemiekoenen.com\\\/wp-content\\\/uploads\\\/sites\\\/2\\\/2021\\\/03\\\/Borduurgaren-Wol-32-Licht-blauw-scaled-e1615384219697-100x100.jpg&quot;,&quot;gallery_thumbnail_src_w&quot;:100,&quot;gallery_thumbnail_src_h&quot;:100,&quot;thumb_src&quot;:&quot;https:\\\/\\\/webshop.annemiekoenen.com\\\/wp-content\\\/uploads\\\/sites\\\/2\\\/2021\\\/03\\\/Borduurgaren-Wol-32-Licht-blauw-scaled-e1615384219697-324x324.jpg&quot;,&quot;thumb_src_w&quot;:324,&quot;thumb_src_h&quot;:324,&quot;src_w&quot;:416,&quot;src_h&quot;:555},&quot;image_id&quot;:1165,&quot;is_downloadable&quot;:false,&quot;is_in_stock&quot;:true,&quot;is_purchasable&quot;:true,&quot;is_sold_individually&quot;:&quot;no&quot;,&quot;is_virtual&quot;:false,&quot;max_qty&quot;:1,&quot;min_qty&quot;:1,&quot;price_html&quot;:&quot;&quot;,&quot;sku&quot;:&quot;48BG32&quot;,&quot;variation_description&quot;:&quot;&quot;,&quot;variation_id&quot;:3622,&quot;variation_is_active&quot;:true,&quot;variation_is_visible&quot;:true,&quot;weight&quot;:&quot;6&quot;,&quot;weight_html&quot;:&quot;6 g&quot;},{&quot;attributes&quot;:{&quot;attribute_pa_wol&quot;:&quot;hellbraun&quot;},&quot;availability_html&quot;:&quot;&lt;p class=\\&quot;stock in-stock\\&quot;&gt;13 vorr\\u00e4tig&lt;\\\/p&gt;\\n&quot;,&quot;backorders_allowed&quot;:false,&quot;dimensions&quot;:{&quot;length&quot;:&quot;1500&quot;,&quot;width&quot;:&quot;&quot;,&quot;height&quot;:&quot;&quot;},&quot;dimensions_html&quot;:&quot;1500 cm&quot;,&quot;display_price&quot;:2.65,&quot;display_regular_price&quot;:2.65,&quot;gallery_image_ids&quot;:[],&quot;gallery_images_html&quot;:&quot;&quot;,&quot;image&quot;:{&quot;title&quot;:&quot;Borduurgaren Wol - 35 Lichtbruin&quot;,&quot;caption&quot;:&quot;&quot;,&quot;url&quot;:&quot;https:\\\/\\\/webshop.annemiekoenen.com\\\/wp-content\\\/uploads\\\/sites\\\/2\\\/2021\\\/03\\\/Borduurgaren-Wol-35-Lichtbruin-scaled-e1615385950499.jpg&quot;,&quot;alt&quot;:&quot;Borduurgaren Wol - 35 Lichtbruin&quot;,&quot;src&quot;:&quot;https:\\\/\\\/webshop.annemiekoenen.com\\\/wp-content\\\/uploads\\\/sites\\\/2\\\/2021\\\/03\\\/Borduurgaren-Wol-35-Lichtbruin-scaled-e1615385950499-600x800.jpg&quot;,&quot;srcset&quot;:&quot;https:\\\/\\\/webshop.annemiekoenen.com\\\/wp-content\\\/uploads\\\/sites\\\/2\\\/2021\\\/03\\\/Borduurgaren-Wol-35-Lichtbruin-scaled-e1615385950499-600x800.jpg 600w, https:\\\/\\\/webshop.annemiekoenen.com\\\/wp-content\\\/uploads\\\/sites\\\/2\\\/2021\\\/03\\\/Borduurgaren-Wol-35-Lichtbruin-scaled-e1615385950499-225x300.jpg 225w, https:\\\/\\\/webshop.annemiekoenen.com\\\/wp-content\\\/uploads\\\/sites\\\/2\\\/2021\\\/03\\\/Borduurgaren-Wol-35-Lichtbruin-scaled-e1615385950499-768x1024.jpg 768w, https:\\\/\\\/webshop.annemiekoenen.com\\\/wp-content\\\/uploads\\\/sites\\\/2\\\/2021\\\/03\\\/Borduurgaren-Wol-35-Lichtbruin-scaled-e1615385950499-1152x1536.jpg 1152w, https:\\\/\\\/webshop.annemiekoenen.com\\\/wp-content\\\/uploads\\\/sites\\\/2\\\/2021\\\/03\\\/Borduurgaren-Wol-35-Lichtbruin-scaled-e1615385950499-1536x2048.jpg 1536w, https:\\\/\\\/webshop.annemiekoenen.com\\\/wp-content\\\/uploads\\\/sites\\\/2\\\/2021\\\/03\\\/Borduurgaren-Wol-35-Lichtbruin-scaled-e1615385950499.jpg 1804w&quot;,&quot;sizes&quot;:&quot;(max-width: 416px) 100vw, 416px&quot;,&quot;full_src&quot;:&quot;https:\\\/\\\/webshop.annemiekoenen.com\\\/wp-content\\\/uploads\\\/sites\\\/2\\\/2021\\\/03\\\/Borduurgaren-Wol-35-Lichtbruin-scaled-e1615385950499.jpg&quot;,&quot;full_src_w&quot;:1804,&quot;full_src_h&quot;:2406,&quot;gallery_thumbnail_src&quot;:&quot;https:\\\/\\\/webshop.annemiekoenen.com\\\/wp-content\\\/uploads\\\/sites\\\/2\\\/2021\\\/03\\\/Borduurgaren-Wol-35-Lichtbruin-scaled-e1615385950499-100x100.jpg&quot;,&quot;gallery_thumbnail_src_w&quot;:100,&quot;gallery_thumbnail_src_h&quot;:100,&quot;thumb_src&quot;:&quot;https:\\\/\\\/webshop.annemiekoenen.com\\\/wp-content\\\/uploads\\\/sites\\\/2\\\/2021\\\/03\\\/Borduurgaren-Wol-35-Lichtbruin-scaled-e1615385950499-324x324.jpg&quot;,&quot;thumb_src_w&quot;:324,&quot;thumb_src_h&quot;:324,&quot;src_w&quot;:416,&quot;src_h&quot;:555},&quot;image_id&quot;:1205,&quot;is_downloadable&quot;:false,&quot;is_in_stock&quot;:true,&quot;is_purchasable&quot;:true,&quot;is_sold_individually&quot;:&quot;no&quot;,&quot;is_virtual&quot;:false,&quot;max_qty&quot;:13,&quot;min_qty&quot;:1,&quot;price_html&quot;:&quot;&quot;,&quot;sku&quot;:&quot;48BG35&quot;,&quot;variation_description&quot;:&quot;&quot;,&quot;variation_id&quot;:3625,&quot;variation_is_active&quot;:true,&quot;variation_is_visible&quot;:true,&quot;weight&quot;:&quot;6&quot;,&quot;weight_html&quot;:&quot;6 g&quot;}]\">\n\t<div data-product_id=\"3610\" data-threshold_min=\"30\" data-threshold_max=\"100\" data-total=\"4\">\n\t\t\t<table class=\"variations\" cellspacing=\"0\" role=\"presentation\">\n\t\t\t<tbody>\n\t\t\t\t\t\t\t\t\t<tr>\n\t\t\t\t\t\t<th class=\"label\"><label for=\"pa_wol\">Wol<\/label><\/th>\n\t\t\t\t\t\t<td class=\"value\">\n\t\t\t\t\t\t\t<select style=\"display:none\" id=\"pa_wol\" class=\" woo-variation-raw-select\" name=\"attribute_pa_wol\" data-attribute_name=\"attribute_pa_wol\" data-show_option_none=\"yes\"><option value=\"\">Option ausw\u00e4hlen<\/option><option value=\"hellblau\" >Hellblau<\/option><option value=\"hellbraun\" >Hellbraun<\/option><option value=\"leichtes-limette\" >Leichtes Limette<\/option><option value=\"violett\" >Violett<\/option><\/select><ul role=\"radiogroup\" aria-label=\"Wol\" class=\"variable-items-wrapper image-variable-items-wrapper wvs-style-squared\" data-attribute_name=\"attribute_pa_wol\" data-attribute_values=\"[&quot;violett&quot;,&quot;leichtes-limette&quot;,&quot;hellblau&quot;,&quot;hellbraun&quot;]\"><li aria-checked=\"false\" tabindex=\"0\" data-attribute_name=\"attribute_pa_wol\" data-wvstooltip=\"Hellblau\" class=\"variable-item image-variable-item image-variable-item-hellblau \" title=\"Hellblau\" data-title=\"Hellblau\" data-value=\"hellblau\" role=\"radio\" tabindex=\"0\"><div class=\"variable-item-contents\"><img loading=\"lazy\" decoding=\"async\" class=\"variable-item-image\"  aria-hidden=\"true\" alt=\"Hellblau\" src=\"https:\/\/webshop.annemiekoenen.com\/wp-content\/uploads\/sites\/2\/2021\/03\/Borduurgaren-Wol-32-Licht-blauw-scaled-e1615384219697.jpg\" width=\"37\" height=\"50\" \/><\/div><\/li><li aria-checked=\"false\" tabindex=\"0\" data-attribute_name=\"attribute_pa_wol\" data-wvstooltip=\"Hellbraun\" class=\"variable-item image-variable-item image-variable-item-hellbraun \" title=\"Hellbraun\" data-title=\"Hellbraun\" data-value=\"hellbraun\" role=\"radio\" tabindex=\"0\"><div class=\"variable-item-contents\"><img loading=\"lazy\" decoding=\"async\" class=\"variable-item-image\"  aria-hidden=\"true\" alt=\"Hellbraun\" src=\"https:\/\/webshop.annemiekoenen.com\/wp-content\/uploads\/sites\/2\/2021\/03\/Borduurgaren-Wol-35-Lichtbruin-scaled-e1615385950499.jpg\" width=\"38\" height=\"50\" \/><\/div><\/li><li aria-checked=\"false\" tabindex=\"0\" data-attribute_name=\"attribute_pa_wol\" data-wvstooltip=\"Leichtes Limette\" class=\"variable-item image-variable-item image-variable-item-leichtes-limette \" title=\"Leichtes Limette\" data-title=\"Leichtes Limette\" data-value=\"leichtes-limette\" role=\"radio\" tabindex=\"0\"><div class=\"variable-item-contents\"><img loading=\"lazy\" decoding=\"async\" class=\"variable-item-image\"  aria-hidden=\"true\" alt=\"Leichtes Limette\" src=\"https:\/\/webshop.annemiekoenen.com\/wp-content\/uploads\/sites\/2\/2021\/03\/Borduurgaren-Wol-31-Licht-lime-scaled-e1615384114512.jpg\" width=\"35\" height=\"50\" \/><\/div><\/li><li aria-checked=\"false\" tabindex=\"0\" data-attribute_name=\"attribute_pa_wol\" data-wvstooltip=\"Violett\" class=\"variable-item image-variable-item image-variable-item-violett \" title=\"Violett\" data-title=\"Violett\" data-value=\"violett\" role=\"radio\" tabindex=\"0\"><div class=\"variable-item-contents\"><img loading=\"lazy\" decoding=\"async\" class=\"variable-item-image\"  aria-hidden=\"true\" alt=\"Violett\" src=\"https:\/\/webshop.annemiekoenen.com\/wp-content\/uploads\/sites\/2\/2021\/03\/Borduurgaren-Wol-08-Violet-scaled-e1615383540954.jpg\" width=\"38\" height=\"50\" \/><\/div><\/li><\/ul><a class=\"reset_variations\" href=\"#\" aria-label=\"Optionen l\u00f6schen\">Zur\u00fccksetzen<\/a>\t\t\t\t\t\t<\/td>\n\t\t\t\t\t<\/tr>\n\t\t\t\t\t\t\t<\/tbody>\n\t\t<\/table>\n\t\t<div class=\"reset_variations_alert screen-reader-text\" role=\"alert\" aria-live=\"polite\" aria-relevant=\"all\"><\/div>\n\t\t\t\t\n\t\t<div class=\"single_variation_wrap\">\n\t\t\t<div class=\"woocommerce-variation single_variation\" role=\"alert\" aria-relevant=\"additions\"><\/div><div class=\"woocommerce-variation-add-to-cart variations_button\">\n\t\n\t<div class=\"quantity\">\n\t\t<label class=\"screen-reader-text\" for=\"quantity_6a960a9184f1d\">Wolle Menge<\/label>\n\t<input\n\t\ttype=\"number\"\n\t\t\t\tid=\"quantity_6a960a9184f1d\"\n\t\tclass=\"input-text qty text\"\n\t\tname=\"quantity\"\n\t\tvalue=\"1\"\n\t\taria-label=\"Produktmenge\"\n\t\t\t\tmin=\"1\"\n\t\t\t\t\t\t\tstep=\"1\"\n\t\t\tplaceholder=\"\"\n\t\t\tinputmode=\"numeric\"\n\t\t\tautocomplete=\"off\"\n\t\t\t\/>\n\t<\/div>\n\n\t<button type=\"submit\" class=\"single_add_to_cart_button button alt\">In den Warenkorb<\/button>\n\n\t\n\t<input type=\"hidden\" name=\"add-to-cart\" value=\"3610\" \/>\n\t<input type=\"hidden\" name=\"product_id\" value=\"3610\" \/>\n\t<input type=\"hidden\" name=\"variation_id\" class=\"variation_id\" value=\"0\" \/>\n<\/div>\n\t\t<\/div>\n\t\n\t<\/div><\/form>\n\n<div class=\"product_meta\">\n\n\t\n\t\n\t\t<span class=\"sku_wrapper\">Artikelnummer: <span class=\"sku\">n.\u00a0v.<\/span><\/span>\n\n\t\n\t<span class=\"posted_in\">Kategorien: <a href=\"https:\/\/webshop.annemiekoenen.com\/de\/produkt-kategorie\/farbkuche\/\" rel=\"tag\">Farbk\u00fcche<\/a>, <a href=\"https:\/\/webshop.annemiekoenen.com\/de\/produkt-kategorie\/farbkuche\/stickgarn\/\" rel=\"tag\">Stickgarn<\/a><\/span>\n\t\n\t\n<\/div>\n\t<\/div>\n\n\t\n\t<div class=\"woocommerce-tabs wc-tabs-wrapper\">\n\t\t<ul class=\"tabs wc-tabs\" role=\"tablist\">\n\t\t\t\t\t\t\t<li role=\"presentation\" class=\"additional_information_tab\" id=\"tab-title-additional_information\">\n\t\t\t\t\t<a href=\"#tab-additional_information\" role=\"tab\" aria-controls=\"tab-additional_information\">\n\t\t\t\t\t\tZus\u00e4tzliche Informationen\t\t\t\t\t<\/a>\n\t\t\t\t<\/li>\n\t\t\t\t\t<\/ul>\n\t\t\t\t\t<div class=\"woocommerce-Tabs-panel woocommerce-Tabs-panel--additional_information panel entry-content wc-tab\" id=\"tab-additional_information\" role=\"tabpanel\" aria-labelledby=\"tab-title-additional_information\">\n\t\t\t\t\n\t<h2>Zus\u00e4tzliche Informationen<\/h2>\n\n<table class=\"woocommerce-product-attributes shop_attributes\" aria-label=\"Produktdetails\">\n\t\t\t<tr class=\"woocommerce-product-attributes-item woocommerce-product-attributes-item--weight\">\n\t\t\t<th class=\"woocommerce-product-attributes-item__label\" scope=\"row\">Gewicht<\/th>\n\t\t\t<td class=\"woocommerce-product-attributes-item__value\">6 g<\/td>\n\t\t<\/tr>\n\t\t\t<tr class=\"woocommerce-product-attributes-item woocommerce-product-attributes-item--dimensions\">\n\t\t\t<th class=\"woocommerce-product-attributes-item__label\" scope=\"row\">Ma\u00dfe<\/th>\n\t\t\t<td class=\"woocommerce-product-attributes-item__value\">1500 cm<\/td>\n\t\t<\/tr>\n\t\t\t<tr class=\"woocommerce-product-attributes-item woocommerce-product-attributes-item--attribute_pa_wol\">\n\t\t\t<th class=\"woocommerce-product-attributes-item__label\" scope=\"row\">Wol<\/th>\n\t\t\t<td class=\"woocommerce-product-attributes-item__value\"><p>Aubergine, Beige, Blue green, Blue ocean, Dunkelbraun, Fuchsie, Hellblau, Hellbraun, Himmlisches Blau, Leichtes Limette, Limette, Louise, Mittel braun, Ocean, Ruby, Schwarz, Sunshine, Violett<\/p>\n<\/td>\n\t\t<\/tr>\n\t<\/table>\n\t\t\t<\/div>\n\t\t\n\t\t\t<\/div>\n\n\n\t<section class=\"related products\">\n\n\t\t\t\t\t<h2>\u00c4hnliche Produkte<\/h2>\n\t\t\t\t<ul class=\"products columns-3\">\n\n\t\t\t\n\t\t\t\t\t<li class=\"product type-product post-3948 status-publish first instock product_cat-farbkuche product_cat-stickgarn has-post-thumbnail taxable shipping-taxable purchasable product-type-variable\">\n\t<a href=\"https:\/\/webshop.annemiekoenen.com\/de\/laden\/farbkuche\/stickgarn\/seidenperle\/\" class=\"woocommerce-LoopProduct-link woocommerce-loop-product__link\"><img loading=\"lazy\" decoding=\"async\" width=\"324\" height=\"324\" src=\"https:\/\/webshop.annemiekoenen.com\/wp-content\/uploads\/sites\/2\/2021\/03\/Borduurgaren-Kleurenspectrum-Zijdeperle-3-scaled-e1615313723450-324x324.jpg\" class=\"attachment-woocommerce_thumbnail size-woocommerce_thumbnail\" alt=\"Seidenperl\u00e9\" srcset=\"https:\/\/webshop.annemiekoenen.com\/wp-content\/uploads\/sites\/2\/2021\/03\/Borduurgaren-Kleurenspectrum-Zijdeperle-3-scaled-e1615313723450-324x324.jpg 324w, https:\/\/webshop.annemiekoenen.com\/wp-content\/uploads\/sites\/2\/2021\/03\/Borduurgaren-Kleurenspectrum-Zijdeperle-3-scaled-e1615313723450-150x150.jpg 150w, https:\/\/webshop.annemiekoenen.com\/wp-content\/uploads\/sites\/2\/2021\/03\/Borduurgaren-Kleurenspectrum-Zijdeperle-3-scaled-e1615313723450-100x100.jpg 100w, https:\/\/webshop.annemiekoenen.com\/wp-content\/uploads\/sites\/2\/2021\/03\/Borduurgaren-Kleurenspectrum-Zijdeperle-3-scaled-e1615313723450-300x300.jpg 300w\" sizes=\"(max-width: 324px) 100vw, 324px\" \/><h2 class=\"woocommerce-loop-product__title\">Seidenperl\u00e9<\/h2>\n\t<span class=\"price\"><span class=\"woocommerce-Price-amount amount\"><bdi><span class=\"woocommerce-Price-currencySymbol\" translate=\"no\">&euro;<\/span>2.35<\/bdi><\/span><\/span>\n<\/a><a href=\"https:\/\/webshop.annemiekoenen.com\/de\/laden\/farbkuche\/stickgarn\/seidenperle\/\" aria-describedby=\"woocommerce_loop_add_to_cart_link_describedby_3948\" data-quantity=\"1\" class=\"button product_type_variable add_to_cart_button\" data-product_id=\"3948\" data-product_sku=\"\" aria-label=\"W\u00e4hle Optionen f\u00fcr \u201eSeidenperl\u00e9\u201c\" rel=\"nofollow\">Ausf\u00fchrung w\u00e4hlen<\/a>\t<span id=\"woocommerce_loop_add_to_cart_link_describedby_3948\" class=\"screen-reader-text\">\n\t\tDieses Produkt weist mehrere Varianten auf. Die Optionen k\u00f6nnen auf der Produktseite gew\u00e4hlt werden\t<\/span>\n<\/li>\n\n\t\t\t\n\t\t\t\t\t<li class=\"product type-product post-3559 status-publish instock product_cat-farbkuche product_cat-wolle has-post-thumbnail taxable shipping-taxable purchasable product-type-variable\">\n\t<a href=\"https:\/\/webshop.annemiekoenen.com\/de\/laden\/farbkuche\/wolle\/regenbogenfarbe-wolle\/\" class=\"woocommerce-LoopProduct-link woocommerce-loop-product__link\"><img loading=\"lazy\" decoding=\"async\" width=\"324\" height=\"324\" src=\"https:\/\/webshop.annemiekoenen.com\/wp-content\/uploads\/sites\/2\/2021\/02\/Regenboog-Spectrum-scaled-e1614593437993-324x324.jpg\" class=\"attachment-woocommerce_thumbnail size-woocommerce_thumbnail\" alt=\"Regenboog gef\u00e4rbte Australische Merino (70%) und Maulbeer Seide (30%)\" srcset=\"https:\/\/webshop.annemiekoenen.com\/wp-content\/uploads\/sites\/2\/2021\/02\/Regenboog-Spectrum-scaled-e1614593437993-324x324.jpg 324w, https:\/\/webshop.annemiekoenen.com\/wp-content\/uploads\/sites\/2\/2021\/02\/Regenboog-Spectrum-scaled-e1614593437993-150x150.jpg 150w, https:\/\/webshop.annemiekoenen.com\/wp-content\/uploads\/sites\/2\/2021\/02\/Regenboog-Spectrum-scaled-e1614593437993-100x100.jpg 100w, https:\/\/webshop.annemiekoenen.com\/wp-content\/uploads\/sites\/2\/2021\/02\/Regenboog-Spectrum-scaled-e1614593437993-300x300.jpg 300w\" sizes=\"(max-width: 324px) 100vw, 324px\" \/><h2 class=\"woocommerce-loop-product__title\">Regenboog gef\u00e4rbte Australische Merino (70%) und Maulbeer Seide (30%)<\/h2>\n\t<span class=\"price\"><span class=\"woocommerce-Price-amount amount\"><bdi><span class=\"woocommerce-Price-currencySymbol\" translate=\"no\">&euro;<\/span>9.75<\/bdi><\/span><\/span>\n<\/a><a href=\"https:\/\/webshop.annemiekoenen.com\/de\/laden\/farbkuche\/wolle\/regenbogenfarbe-wolle\/\" aria-describedby=\"woocommerce_loop_add_to_cart_link_describedby_3559\" data-quantity=\"1\" class=\"button product_type_variable add_to_cart_button\" data-product_id=\"3559\" data-product_sku=\"\" aria-label=\"W\u00e4hle Optionen f\u00fcr \u201eRegenboog gef\u00e4rbte Australische Merino (70%) und Maulbeer Seide (30%)\u201c\" rel=\"nofollow\">Ausf\u00fchrung w\u00e4hlen<\/a>\t<span id=\"woocommerce_loop_add_to_cart_link_describedby_3559\" class=\"screen-reader-text\">\n\t\tDieses Produkt weist mehrere Varianten auf. Die Optionen k\u00f6nnen auf der Produktseite gew\u00e4hlt werden\t<\/span>\n<\/li>\n\n\t\t\t\n\t\t\t\t\t<li class=\"product type-product post-9368 status-publish last instock product_cat-diy-filz-pakete product_cat-farbkuche has-post-thumbnail taxable shipping-taxable purchasable product-type-variable\">\n\t<a href=\"https:\/\/webshop.annemiekoenen.com\/de\/laden\/farbkuche\/diy-filz-pakete\/armband-starterpaket\/\" class=\"woocommerce-LoopProduct-link woocommerce-loop-product__link\"><img loading=\"lazy\" decoding=\"async\" width=\"324\" height=\"324\" src=\"https:\/\/webshop.annemiekoenen.com\/wp-content\/uploads\/sites\/2\/2023\/04\/2023-04-06_21.42.44-324x324.jpg\" class=\"attachment-woocommerce_thumbnail size-woocommerce_thumbnail\" alt=\"Armbandpaket\" srcset=\"https:\/\/webshop.annemiekoenen.com\/wp-content\/uploads\/sites\/2\/2023\/04\/2023-04-06_21.42.44-324x324.jpg 324w, https:\/\/webshop.annemiekoenen.com\/wp-content\/uploads\/sites\/2\/2023\/04\/2023-04-06_21.42.44-300x300.jpg 300w, https:\/\/webshop.annemiekoenen.com\/wp-content\/uploads\/sites\/2\/2023\/04\/2023-04-06_21.42.44-1024x1024.jpg 1024w, https:\/\/webshop.annemiekoenen.com\/wp-content\/uploads\/sites\/2\/2023\/04\/2023-04-06_21.42.44-150x150.jpg 150w, https:\/\/webshop.annemiekoenen.com\/wp-content\/uploads\/sites\/2\/2023\/04\/2023-04-06_21.42.44-768x768.jpg 768w, https:\/\/webshop.annemiekoenen.com\/wp-content\/uploads\/sites\/2\/2023\/04\/2023-04-06_21.42.44-416x416.jpg 416w, https:\/\/webshop.annemiekoenen.com\/wp-content\/uploads\/sites\/2\/2023\/04\/2023-04-06_21.42.44-100x100.jpg 100w, https:\/\/webshop.annemiekoenen.com\/wp-content\/uploads\/sites\/2\/2023\/04\/2023-04-06_21.42.44-50x50.jpg 50w, https:\/\/webshop.annemiekoenen.com\/wp-content\/uploads\/sites\/2\/2023\/04\/2023-04-06_21.42.44.jpg 1080w\" sizes=\"(max-width: 324px) 100vw, 324px\" \/><h2 class=\"woocommerce-loop-product__title\">Armbandpaket<\/h2>\n\t<span class=\"price\"><span class=\"woocommerce-Price-amount amount\"><bdi><span class=\"woocommerce-Price-currencySymbol\" translate=\"no\">&euro;<\/span>9.95<\/bdi><\/span><\/span>\n<\/a><a href=\"https:\/\/webshop.annemiekoenen.com\/de\/laden\/farbkuche\/diy-filz-pakete\/armband-starterpaket\/\" aria-describedby=\"woocommerce_loop_add_to_cart_link_describedby_9368\" data-quantity=\"1\" class=\"button product_type_variable add_to_cart_button\" data-product_id=\"9368\" data-product_sku=\"\" aria-label=\"W\u00e4hle Optionen f\u00fcr \u201eArmbandpaket\u201c\" rel=\"nofollow\">Ausf\u00fchrung w\u00e4hlen<\/a>\t<span id=\"woocommerce_loop_add_to_cart_link_describedby_9368\" class=\"screen-reader-text\">\n\t\tDieses Produkt weist mehrere Varianten auf. Die Optionen k\u00f6nnen auf der Produktseite gew\u00e4hlt werden\t<\/span>\n<\/li>\n\n\t\t\t\n\t\t<\/ul>\n\n\t<\/section>\n\t\t\t<nav class=\"storefront-product-pagination\" aria-label=\"Mehr Produkte\">\n\t\t\t\t\t\t\t<a href=\"https:\/\/webshop.annemiekoenen.com\/de\/laden\/farbkuche\/stickgarn\/seidenperle-nr-2\/\" rel=\"prev\">\n\t\t\t\t\t<img loading=\"lazy\" decoding=\"async\" width=\"324\" height=\"324\" src=\"https:\/\/webshop.annemiekoenen.com\/wp-content\/uploads\/sites\/2\/2021\/03\/Borduurgaren-Kleurenspectrum-Zijdeperle-nr.-2-scaled-e1615358959766-324x324.jpg\" class=\"attachment-woocommerce_thumbnail size-woocommerce_thumbnail\" alt=\"Seidenperl\u00e9 Nr. 2\" \/>\t\t\t\t\t<span class=\"storefront-product-pagination__title\">Seidenperl\u00e9 Nr. 2<\/span>\n\t\t\t\t<\/a>\n\t\t\t\n\t\t\t\t\t\t\t<a href=\"https:\/\/webshop.annemiekoenen.com\/de\/laden\/verfkeuken\/wol\/regenbogen-specials\/\" rel=\"next\">\n\t\t\t\t\t<img loading=\"lazy\" decoding=\"async\" width=\"324\" height=\"324\" src=\"https:\/\/webshop.annemiekoenen.com\/wp-content\/uploads\/sites\/2\/2021\/03\/Specials-spectrum-scaled-324x324.jpg\" class=\"attachment-woocommerce_thumbnail size-woocommerce_thumbnail\" alt=\"Regenbogen specials - Regenboog gef\u00e4rbte Australische Merino (70%) und Maulbeer Seide (30%)\" \/>\t\t\t\t\t<span class=\"storefront-product-pagination__title\">Regenbogen specials - Regenboog gef\u00e4rbte Australische Merino (70%) und Maulbeer Seide (30%)<\/span>\n\t\t\t\t<\/a>\n\t\t\t\t\t<\/nav><!-- .storefront-product-pagination -->\n\t\t<\/div>\n\n\t\t\t<\/div>\n\t\t\t<\/div><\/p>\n\n<p class=\"wp-block-paragraph\"><\/p>\n","protected":false},"excerpt":{"rendered":"<p>F\u00fcr diesen Kurs ben\u00f6tigte Materialien Die folgende Liste enth\u00e4lt alle Materialien, die Sie zur Teilnahme am Kurs ben\u00f6tigen.Einige Materialien werden Sie schon zu Hause haben, einige m\u00fcssen Sie kaufen.Sie k\u00f6nnen die fett gedruckten Materialien in meinem Webshop erhalten und sie \u00fcber den unten stehenden Link zu Ihrer Bestellung hinzuf\u00fcgen. Wenn Sie bestimmte Materialien nicht finden [&hellip;]<\/p>\n","protected":false},"author":4,"featured_media":0,"parent":0,"menu_order":0,"comment_status":"closed","ping_status":"closed","template":"","meta":{"footnotes":""},"class_list":["post-5949","page","type-page","status-publish","hentry"],"aioseo_notices":[],"aioseo_head":"\n\t\t<!-- All in One SEO 5.0.1.1 - aioseo.com -->\n\t<meta name=\"description\" content=\"Weg ist weg! Dieses Produkt verschwindet leider aus dem Sortiment 15 Meter\" \/>\n\t<meta name=\"robots\" content=\"max-image-preview:large\" \/>\n\t<meta name=\"google-site-verification\" content=\"ToBRBXl-7m_Xsx_RHNecs5jkYQ7lxu1dsoZ8VHpLz0I\" \/>\n\t<link rel=\"canonical\" href=\"https:\/\/webshop.annemiekoenen.com\/de\/laden\/farbkuche\/stickgarn\/wolle\/\" \/>\n\t<meta name=\"generator\" content=\"All in One SEO (AIOSEO) 5.0.1.1\" \/>\n\t\t<meta property=\"og:locale\" content=\"de_DE\" \/>\n\t\t<meta property=\"og:site_name\" content=\"Annemie Koenen Webshop - Vilt op 1001 manieren gebruikt en bewerkt, je vind het allemaal hier.\" \/>\n\t\t<meta property=\"og:type\" content=\"article\" \/>\n\t\t<meta property=\"og:title\" content=\"Wolle - Annemie Koenen Webshop\" \/>\n\t\t<meta property=\"og:description\" content=\"Weg ist weg! Dieses Produkt verschwindet leider aus dem Sortiment 15 Meter\" \/>\n\t\t<meta property=\"og:url\" content=\"https:\/\/webshop.annemiekoenen.com\/de\/laden\/farbkuche\/stickgarn\/wolle\/\" \/>\n\t\t<meta property=\"og:image\" content=\"https:\/\/webshop.annemiekoenen.com\/wp-content\/uploads\/sites\/2\/2021\/02\/cropped-cropped-annemiekoenen-logo-nieuw-2.png\" \/>\n\t\t<meta property=\"og:image:secure_url\" content=\"https:\/\/webshop.annemiekoenen.com\/wp-content\/uploads\/sites\/2\/2021\/02\/cropped-cropped-annemiekoenen-logo-nieuw-2.png\" \/>\n\t\t<meta property=\"article:published_time\" content=\"2021-05-07T13:32:37+00:00\" \/>\n\t\t<meta property=\"article:modified_time\" content=\"2025-01-28T15:27:30+00:00\" \/>\n\t\t<meta name=\"twitter:card\" content=\"summary\" \/>\n\t\t<meta name=\"twitter:title\" content=\"Wolle - Annemie Koenen Webshop\" \/>\n\t\t<meta name=\"twitter:description\" content=\"Weg ist weg! Dieses Produkt verschwindet leider aus dem Sortiment 15 Meter\" \/>\n\t\t<meta name=\"twitter:image\" content=\"https:\/\/webshop.annemiekoenen.com\/wp-content\/uploads\/sites\/2\/2021\/02\/cropped-cropped-annemiekoenen-logo-nieuw-2.png\" \/>\n\t\t<script type=\"application\/ld+json\" class=\"aioseo-schema\">\n\t\t\t{\"@context\":\"https:\\\/\\\/schema.org\",\"@graph\":[{\"@type\":\"BreadcrumbList\",\"@id\":\"https:\\\/\\\/webshop.annemiekoenen.com\\\/de\\\/laden\\\/farbkuche\\\/stickgarn\\\/wolle\\\/#breadcrumblist\",\"itemListElement\":[{\"@type\":\"ListItem\",\"@id\":\"https:\\\/\\\/webshop.annemiekoenen.com\\\/de\\\/#listItem\",\"position\":1,\"name\":\"Home\",\"item\":\"https:\\\/\\\/webshop.annemiekoenen.com\\\/de\\\/\",\"nextItem\":{\"@type\":\"ListItem\",\"@id\":\"https:\\\/\\\/webshop.annemiekoenen.com\\\/de\\\/filzzubehoer-bestickte-jurtentaschen-aus-filz\\\/#listItem\",\"name\":\"Filzzubeh\\u00f6r: Bestickte Jurtentaschen aus Filz\"}},{\"@type\":\"ListItem\",\"@id\":\"https:\\\/\\\/webshop.annemiekoenen.com\\\/de\\\/filzzubehoer-bestickte-jurtentaschen-aus-filz\\\/#listItem\",\"position\":2,\"name\":\"Filzzubeh\\u00f6r: Bestickte Jurtentaschen aus Filz\",\"previousItem\":{\"@type\":\"ListItem\",\"@id\":\"https:\\\/\\\/webshop.annemiekoenen.com\\\/de\\\/#listItem\",\"name\":\"Home\"}}]},{\"@type\":\"ItemPage\",\"@id\":\"https:\\\/\\\/webshop.annemiekoenen.com\\\/de\\\/laden\\\/farbkuche\\\/stickgarn\\\/wolle\\\/#itempage\",\"url\":\"https:\\\/\\\/webshop.annemiekoenen.com\\\/de\\\/laden\\\/farbkuche\\\/stickgarn\\\/wolle\\\/\",\"name\":\"Wolle - Annemie Koenen Webshop\",\"description\":\"Weg ist weg! Dieses Produkt verschwindet leider aus dem Sortiment 15 Meter\",\"inLanguage\":\"de-DE\",\"isPartOf\":{\"@id\":\"https:\\\/\\\/webshop.annemiekoenen.com\\\/de\\\/#website\"},\"breadcrumb\":{\"@id\":\"https:\\\/\\\/webshop.annemiekoenen.com\\\/de\\\/laden\\\/farbkuche\\\/stickgarn\\\/wolle\\\/#breadcrumblist\"},\"image\":{\"@type\":\"ImageObject\",\"url\":\"https:\\\/\\\/webshop.annemiekoenen.com\\\/wp-content\\\/uploads\\\/sites\\\/2\\\/2021\\\/03\\\/Borduurgaren-Kleurenspectrum-Wol-scaled-e1615384834974.jpg\",\"@id\":\"https:\\\/\\\/webshop.annemiekoenen.com\\\/de\\\/laden\\\/farbkuche\\\/stickgarn\\\/wolle\\\/#mainImage\",\"width\":2432,\"height\":1817},\"primaryImageOfPage\":{\"@id\":\"https:\\\/\\\/webshop.annemiekoenen.com\\\/de\\\/laden\\\/farbkuche\\\/stickgarn\\\/wolle\\\/#mainImage\"},\"datePublished\":\"2021-03-10T14:05:08+01:00\",\"dateModified\":\"2025-01-28T16:27:30+01:00\"},{\"@type\":\"Organization\",\"@id\":\"https:\\\/\\\/webshop.annemiekoenen.com\\\/de\\\/#organization\",\"name\":\"Annemie Koenen Webshop\",\"description\":\"Vilt op 1001 manieren gebruikt en bewerkt, je vind het allemaal hier.\",\"url\":\"https:\\\/\\\/webshop.annemiekoenen.com\\\/de\\\/\",\"logo\":{\"@type\":\"ImageObject\",\"url\":\"https:\\\/\\\/webshop.annemiekoenen.com\\\/wp-content\\\/uploads\\\/sites\\\/2\\\/2021\\\/02\\\/cropped-cropped-annemiekoenen-logo-nieuw-2.png\",\"@id\":\"https:\\\/\\\/webshop.annemiekoenen.com\\\/de\\\/laden\\\/farbkuche\\\/stickgarn\\\/wolle\\\/#organizationLogo\",\"width\":508,\"height\":176},\"image\":{\"@id\":\"https:\\\/\\\/webshop.annemiekoenen.com\\\/de\\\/laden\\\/farbkuche\\\/stickgarn\\\/wolle\\\/#organizationLogo\"}},{\"@type\":\"WebSite\",\"@id\":\"https:\\\/\\\/webshop.annemiekoenen.com\\\/de\\\/#website\",\"url\":\"https:\\\/\\\/webshop.annemiekoenen.com\\\/de\\\/\",\"name\":\"Annemie Koenen Webshop\",\"description\":\"Vilt op 1001 manieren gebruikt en bewerkt, je vind het allemaal hier.\",\"inLanguage\":\"de-DE\",\"publisher\":{\"@id\":\"https:\\\/\\\/webshop.annemiekoenen.com\\\/de\\\/#organization\"}}]}\n\t\t<\/script>\n\t\t<!-- All in One SEO -->\n\n","aioseo_head_json":{"title":"Wolle - Annemie Koenen Webshop","description":"Weg ist weg! Dieses Produkt verschwindet leider aus dem Sortiment 15 Meter","canonical_url":"https:\/\/webshop.annemiekoenen.com\/de\/laden\/farbkuche\/stickgarn\/wolle\/","robots":"max-image-preview:large","keywords":"","webmasterTools":{"google-site-verification":"ToBRBXl-7m_Xsx_RHNecs5jkYQ7lxu1dsoZ8VHpLz0I","miscellaneous":""},"schema":{"@context":"https:\/\/schema.org","@graph":[{"@type":"BreadcrumbList","@id":"https:\/\/webshop.annemiekoenen.com\/de\/laden\/farbkuche\/stickgarn\/wolle\/#breadcrumblist","itemListElement":[{"@type":"ListItem","@id":"https:\/\/webshop.annemiekoenen.com\/de\/#listItem","position":1,"name":"Home","item":"https:\/\/webshop.annemiekoenen.com\/de\/","nextItem":{"@type":"ListItem","@id":"https:\/\/webshop.annemiekoenen.com\/de\/filzzubehoer-bestickte-jurtentaschen-aus-filz\/#listItem","name":"Filzzubeh\u00f6r: Bestickte Jurtentaschen aus Filz"}},{"@type":"ListItem","@id":"https:\/\/webshop.annemiekoenen.com\/de\/filzzubehoer-bestickte-jurtentaschen-aus-filz\/#listItem","position":2,"name":"Filzzubeh\u00f6r: Bestickte Jurtentaschen aus Filz","previousItem":{"@type":"ListItem","@id":"https:\/\/webshop.annemiekoenen.com\/de\/#listItem","name":"Home"}}]},{"@type":"ItemPage","@id":"https:\/\/webshop.annemiekoenen.com\/de\/laden\/farbkuche\/stickgarn\/wolle\/#itempage","url":"https:\/\/webshop.annemiekoenen.com\/de\/laden\/farbkuche\/stickgarn\/wolle\/","name":"Wolle - Annemie Koenen Webshop","description":"Weg ist weg! Dieses Produkt verschwindet leider aus dem Sortiment 15 Meter","inLanguage":"de-DE","isPartOf":{"@id":"https:\/\/webshop.annemiekoenen.com\/de\/#website"},"breadcrumb":{"@id":"https:\/\/webshop.annemiekoenen.com\/de\/laden\/farbkuche\/stickgarn\/wolle\/#breadcrumblist"},"image":{"@type":"ImageObject","url":"https:\/\/webshop.annemiekoenen.com\/wp-content\/uploads\/sites\/2\/2021\/03\/Borduurgaren-Kleurenspectrum-Wol-scaled-e1615384834974.jpg","@id":"https:\/\/webshop.annemiekoenen.com\/de\/laden\/farbkuche\/stickgarn\/wolle\/#mainImage","width":2432,"height":1817},"primaryImageOfPage":{"@id":"https:\/\/webshop.annemiekoenen.com\/de\/laden\/farbkuche\/stickgarn\/wolle\/#mainImage"},"datePublished":"2021-03-10T14:05:08+01:00","dateModified":"2025-01-28T16:27:30+01:00"},{"@type":"Organization","@id":"https:\/\/webshop.annemiekoenen.com\/de\/#organization","name":"Annemie Koenen Webshop","description":"Vilt op 1001 manieren gebruikt en bewerkt, je vind het allemaal hier.","url":"https:\/\/webshop.annemiekoenen.com\/de\/","logo":{"@type":"ImageObject","url":"https:\/\/webshop.annemiekoenen.com\/wp-content\/uploads\/sites\/2\/2021\/02\/cropped-cropped-annemiekoenen-logo-nieuw-2.png","@id":"https:\/\/webshop.annemiekoenen.com\/de\/laden\/farbkuche\/stickgarn\/wolle\/#organizationLogo","width":508,"height":176},"image":{"@id":"https:\/\/webshop.annemiekoenen.com\/de\/laden\/farbkuche\/stickgarn\/wolle\/#organizationLogo"}},{"@type":"WebSite","@id":"https:\/\/webshop.annemiekoenen.com\/de\/#website","url":"https:\/\/webshop.annemiekoenen.com\/de\/","name":"Annemie Koenen Webshop","description":"Vilt op 1001 manieren gebruikt en bewerkt, je vind het allemaal hier.","inLanguage":"de-DE","publisher":{"@id":"https:\/\/webshop.annemiekoenen.com\/de\/#organization"}}]},"og:locale":"de_DE","og:site_name":"Annemie Koenen Webshop - Vilt op 1001 manieren gebruikt en bewerkt, je vind het allemaal hier.","og:type":"article","og:title":"Wolle - Annemie Koenen Webshop","og:description":"Weg ist weg! Dieses Produkt verschwindet leider aus dem Sortiment 15 Meter","og:url":"https:\/\/webshop.annemiekoenen.com\/de\/laden\/farbkuche\/stickgarn\/wolle\/","og:image":"https:\/\/webshop.annemiekoenen.com\/wp-content\/uploads\/sites\/2\/2021\/02\/cropped-cropped-annemiekoenen-logo-nieuw-2.png","og:image:secure_url":"https:\/\/webshop.annemiekoenen.com\/wp-content\/uploads\/sites\/2\/2021\/02\/cropped-cropped-annemiekoenen-logo-nieuw-2.png","article:published_time":"2021-05-07T13:32:37+00:00","article:modified_time":"2025-01-28T15:27:30+00:00","twitter:card":"summary","twitter:title":"Wolle - Annemie Koenen Webshop","twitter:description":"Weg ist weg! Dieses Produkt verschwindet leider aus dem Sortiment 15 Meter","twitter:image":"https:\/\/webshop.annemiekoenen.com\/wp-content\/uploads\/sites\/2\/2021\/02\/cropped-cropped-annemiekoenen-logo-nieuw-2.png"},"aioseo_meta_data":{"post_id":"5949","title":null,"description":null,"keywords":null,"keyphrases":null,"primary_term":null,"canonical_url":null,"og_title":null,"og_description":null,"og_object_type":"default","og_image_type":"default","og_image_url":null,"og_image_width":null,"og_image_height":null,"og_image_custom_url":null,"og_image_custom_fields":null,"og_video":null,"og_custom_url":null,"og_article_section":null,"og_article_tags":null,"twitter_use_og":false,"twitter_card":"default","twitter_image_type":"default","twitter_image_url":null,"twitter_image_custom_url":null,"twitter_image_custom_fields":null,"twitter_title":null,"twitter_description":null,"schema":{"blockGraphs":[],"customGraphs":[],"default":{"data":{"Article":[],"Course":[],"Dataset":[],"FAQPage":[],"Movie":[],"Person":[],"Product":[],"ProductReview":[],"Car":[],"Recipe":[],"Service":[],"SoftwareApplication":[],"WebPage":[]},"graphName":"","isEnabled":true},"graphs":[],"defaultGraph":"","defaultPostTypeGraph":""},"schema_type":"default","schema_type_options":null,"pillar_content":false,"robots_default":true,"robots_noindex":false,"robots_noarchive":false,"robots_nosnippet":false,"robots_nofollow":false,"robots_noimageindex":false,"robots_noodp":false,"robots_notranslate":false,"robots_max_snippet":null,"robots_max_videopreview":null,"robots_max_imagepreview":"large","priority":null,"frequency":null,"local_seo":null,"breadcrumb_settings":null,"limit_modified_date":false,"ai":null,"created":"2022-06-07 11:43:20","updated":"2025-07-16 14:19:17","focus_keyword":null,"additional_keywords":null,"truseo_locale":null,"seo_analyzer_scan_date":null},"aioseo_breadcrumb":"<div class=\"aioseo-breadcrumbs\"><span class=\"aioseo-breadcrumb\">\n\t\t\t<a href=\"https:\/\/webshop.annemiekoenen.com\/de\/\" title=\"Home\">Home<\/a>\n\t\t<\/span><span class=\"aioseo-breadcrumb-separator\">&raquo;<\/span><span class=\"aioseo-breadcrumb\">\n\t\t\tFilzzubeh\u00f6r: Bestickte Jurtentaschen aus Filz\n\t\t<\/span><\/div>","aioseo_breadcrumb_json":[{"label":"Home","link":"https:\/\/webshop.annemiekoenen.com\/de\/"},{"label":"Filzzubeh\u00f6r: Bestickte Jurtentaschen aus Filz","link":"https:\/\/webshop.annemiekoenen.com\/de\/filzzubehoer-bestickte-jurtentaschen-aus-filz\/"}],"_links":{"self":[{"href":"https:\/\/webshop.annemiekoenen.com\/de\/wp-json\/wp\/v2\/pages\/5949","targetHints":{"allow":["GET"]}}],"collection":[{"href":"https:\/\/webshop.annemiekoenen.com\/de\/wp-json\/wp\/v2\/pages"}],"about":[{"href":"https:\/\/webshop.annemiekoenen.com\/de\/wp-json\/wp\/v2\/types\/page"}],"author":[{"embeddable":true,"href":"https:\/\/webshop.annemiekoenen.com\/de\/wp-json\/wp\/v2\/users\/4"}],"replies":[{"embeddable":true,"href":"https:\/\/webshop.annemiekoenen.com\/de\/wp-json\/wp\/v2\/comments?post=5949"}],"version-history":[{"count":2,"href":"https:\/\/webshop.annemiekoenen.com\/de\/wp-json\/wp\/v2\/pages\/5949\/revisions"}],"predecessor-version":[{"id":5951,"href":"https:\/\/webshop.annemiekoenen.com\/de\/wp-json\/wp\/v2\/pages\/5949\/revisions\/5951"}],"wp:attachment":[{"href":"https:\/\/webshop.annemiekoenen.com\/de\/wp-json\/wp\/v2\/media?parent=5949"}],"curies":[{"name":"wp","href":"https:\/\/api.w.org\/{rel}","templated":true}]}}